{"id":10005735,"date":"2021-07-27T14:54:04","date_gmt":"2021-07-27T12:54:04","guid":{"rendered":"https:\/\/cultura.santjosep.org\/agenda\/contes-intantils-japonesos-kamishibai\/"},"modified":"2021-08-03T11:53:01","modified_gmt":"2021-08-03T09:53:01","slug":"contes-intantils-japonesos-kamishibai","status":"publish","type":"tribe_events","link":"https:\/\/cultura.santjosep.org\/es\/agenda\/contes-intantils-japonesos-kamishibai\/2021-08-14\/","title":{"rendered":"Contes infantils japonesos Kamishibai"},"content":{"rendered":"<p>Contes japonesos a c\u00e0rrec de l&#8217;associaci\u00f3 cultural WabizaSui. Una cita que et captivar\u00e0 i en la qual es contaran contes tradicionals del pa\u00eds nip\u00f3 amb el teatrillo de fusta Kamishibai.<\/p>\n<p>Dissabtes 31 de juliol i 7 i 14 d&#8217;agost. A partir de les 20 hrs<br \/>\nEntrada lliure. P\u00fablic intantil i familiar<\/p>\n<p>&nbsp;<\/p>\n<p><img loading=\"lazy\" decoding=\"async\" class=\"alignnone wp-image-7492 size-full\" src=\"https:\/\/cultura.santjosep.org\/wp-content\/uploads\/2021\/07\/CONTES-JAPONESOS-A-CALO\u0301-DE-SOLI-correccio20.jpg\" alt=\"\" width=\"842\" height=\"1191\" srcset=\"https:\/\/cultura.santjosep.org\/wp-content\/uploads\/2021\/07\/CONTES-JAPONESOS-A-CALO\u0301-DE-SOLI-correccio20.jpg 842w, https:\/\/cultura.santjosep.org\/wp-content\/uploads\/2021\/07\/CONTES-JAPONESOS-A-CALO\u0301-DE-SOLI-correccio20-212x300.jpg 212w, https:\/\/cultura.santjosep.org\/wp-content\/uploads\/2021\/07\/CONTES-JAPONESOS-A-CALO\u0301-DE-SOLI-correccio20-724x1024.jpg 724w, https:\/\/cultura.santjosep.org\/wp-content\/uploads\/2021\/07\/CONTES-JAPONESOS-A-CALO\u0301-DE-SOLI-correccio20-768x1086.jpg 768w\" sizes=\"auto, (max-width: 842px) 100vw, 842px\" \/><\/p>\n","protected":false},"excerpt":{"rendered":"<p>Contes japonesos a c\u00e0rrec de l&#8217;associaci\u00f3 cultural WabizaSui. Una cita que et captivar\u00e0 i en la qual es contaran contes tradicionals del pa\u00eds nip\u00f3 amb el teatrillo de fusta Kamishibai. &hellip; <\/p>\n<p class=\"link-more\"><a href=\"https:\/\/cultura.santjosep.org\/es\/agenda\/contes-intantils-japonesos-kamishibai\/2021-08-14\/\" class=\"more-link\">Seguir leyendo<span class=\"screen-reader-text\"> \u00abContes infantils japonesos Kamishibai\u00bb<\/span><\/a><\/p>\n","protected":false},"author":1,"featured_media":7419,"template":"","meta":{"_tribe_events_status":"","_tribe_events_status_reason":"","_tribe_events_is_hybrid":"","_tribe_events_is_virtual":"","_tribe_events_virtual_video_source":"","_tribe_events_virtual_embed_video":"","_tribe_events_virtual_linked_button_text":"","_tribe_events_virtual_linked_button":"","_tribe_events_virtual_show_embed_at":"","_tribe_events_virtual_show_embed_to":[],"_tribe_events_virtual_show_on_event":"","_tribe_events_virtual_show_on_views":"","_tribe_events_virtual_url":"","footnotes":""},"tags":[],"tribe_events_cat":[92],"class_list":["post-10005735","tribe_events","type-tribe_events","status-publish","has-post-thumbnail","hentry","tribe_events_cat-infantil-es","cat_infantil-es","tribe-recurring-event","tribe-recurring-event-parent","entry"],"yoast_head":"<!-- This site is optimized with the Yoast SEO plugin v26.6 - https:\/\/yoast.com\/wordpress\/plugins\/seo\/ -->\n<title>Contes infantils japonesos Kamishibai - Cultura a Sant Josep de sa Talaia<\/title>\n<meta name=\"robots\" content=\"index, follow, max-snippet:-1, max-image-preview:large, max-video-preview:-1\" \/>\n<link rel=\"canonical\" href=\"https:\/\/cultura.santjosep.org\/es\/agenda\/contes-intantils-japonesos-kamishibai\/2021-08-14\/\" \/>\n<meta property=\"og:locale\" content=\"es_ES\" \/>\n<meta property=\"og:type\" content=\"article\" \/>\n<meta property=\"og:title\" content=\"Contes infantils japonesos Kamishibai - Cultura a Sant Josep de sa Talaia\" \/>\n<meta property=\"og:description\" content=\"Contes japonesos a c\u00e0rrec de l&#8217;associaci\u00f3 cultural WabizaSui. Una cita que et captivar\u00e0 i en la qual es contaran contes tradicionals del pa\u00eds nip\u00f3 amb el teatrillo de fusta Kamishibai. &hellip; Seguir leyendo \u00abContes infantils japonesos Kamishibai\u00bb\" \/>\n<meta property=\"og:url\" content=\"https:\/\/cultura.santjosep.org\/es\/agenda\/contes-intantils-japonesos-kamishibai\/2021-08-14\/\" \/>\n<meta property=\"og:site_name\" content=\"Cultura a Sant Josep de sa Talaia\" \/>\n<meta property=\"article:publisher\" content=\"https:\/\/www.facebook.com\/Ajuntament-de-Sant-Josep-de-sa-Talaia-197541666931354\/\" \/>\n<meta property=\"article:modified_time\" content=\"2021-08-03T09:53:01+00:00\" \/>\n<meta property=\"og:image\" content=\"https:\/\/cultura.santjosep.org\/wp-content\/uploads\/2021\/07\/Auditori-calo\u0301-de-soli-1024x767.png\" \/>\n\t<meta property=\"og:image:width\" content=\"1024\" \/>\n\t<meta property=\"og:image:height\" content=\"767\" \/>\n\t<meta property=\"og:image:type\" content=\"image\/png\" \/>\n<meta name=\"twitter:card\" content=\"summary_large_image\" \/>\n<meta name=\"twitter:site\" content=\"@DeTalaia\" \/>\n<script type=\"application\/ld+json\" class=\"yoast-schema-graph\">{\"@context\":\"https:\/\/schema.org\",\"@graph\":[{\"@type\":\"WebPage\",\"@id\":\"https:\/\/cultura.santjosep.org\/es\/agenda\/contes-intantils-japonesos-kamishibai\/2021-08-14\/\",\"url\":\"https:\/\/cultura.santjosep.org\/es\/agenda\/contes-intantils-japonesos-kamishibai\/2021-08-14\/\",\"name\":\"Contes infantils japonesos Kamishibai - Cultura a Sant Josep de sa Talaia\",\"isPartOf\":{\"@id\":\"https:\/\/cultura.santjosep.org\/es\/#website\"},\"primaryImageOfPage\":{\"@id\":\"https:\/\/cultura.santjosep.org\/es\/agenda\/contes-intantils-japonesos-kamishibai\/2021-08-14\/#primaryimage\"},\"image\":{\"@id\":\"https:\/\/cultura.santjosep.org\/es\/agenda\/contes-intantils-japonesos-kamishibai\/2021-08-14\/#primaryimage\"},\"thumbnailUrl\":\"https:\/\/cultura.santjosep.org\/wp-content\/uploads\/2021\/07\/Auditori-calo\u0301-de-soli.png\",\"datePublished\":\"2021-07-27T12:54:04+00:00\",\"dateModified\":\"2021-08-03T09:53:01+00:00\",\"breadcrumb\":{\"@id\":\"https:\/\/cultura.santjosep.org\/es\/agenda\/contes-intantils-japonesos-kamishibai\/2021-08-14\/#breadcrumb\"},\"inLanguage\":\"es\",\"potentialAction\":[{\"@type\":\"ReadAction\",\"target\":[\"https:\/\/cultura.santjosep.org\/es\/agenda\/contes-intantils-japonesos-kamishibai\/2021-08-14\/\"]}]},{\"@type\":\"ImageObject\",\"inLanguage\":\"es\",\"@id\":\"https:\/\/cultura.santjosep.org\/es\/agenda\/contes-intantils-japonesos-kamishibai\/2021-08-14\/#primaryimage\",\"url\":\"https:\/\/cultura.santjosep.org\/wp-content\/uploads\/2021\/07\/Auditori-calo\u0301-de-soli.png\",\"contentUrl\":\"https:\/\/cultura.santjosep.org\/wp-content\/uploads\/2021\/07\/Auditori-calo\u0301-de-soli.png\",\"width\":2430,\"height\":1820},{\"@type\":\"BreadcrumbList\",\"@id\":\"https:\/\/cultura.santjosep.org\/es\/agenda\/contes-intantils-japonesos-kamishibai\/2021-08-14\/#breadcrumb\",\"itemListElement\":[{\"@type\":\"ListItem\",\"position\":1,\"name\":\"Portada\",\"item\":\"https:\/\/cultura.santjosep.org\/es\/\"},{\"@type\":\"ListItem\",\"position\":2,\"name\":\"Eventos\",\"item\":\"https:\/\/cultura.santjosep.org\/agenda\/\"},{\"@type\":\"ListItem\",\"position\":3,\"name\":\"Contes infantils japonesos Kamishibai\"}]},{\"@type\":\"WebSite\",\"@id\":\"https:\/\/cultura.santjosep.org\/es\/#website\",\"url\":\"https:\/\/cultura.santjosep.org\/es\/\",\"name\":\"Cultura a Sant Josep de sa Talaia\",\"description\":\"\",\"publisher\":{\"@id\":\"https:\/\/cultura.santjosep.org\/es\/#organization\"},\"potentialAction\":[{\"@type\":\"SearchAction\",\"target\":{\"@type\":\"EntryPoint\",\"urlTemplate\":\"https:\/\/cultura.santjosep.org\/es\/?s={search_term_string}\"},\"query-input\":{\"@type\":\"PropertyValueSpecification\",\"valueRequired\":true,\"valueName\":\"search_term_string\"}}],\"inLanguage\":\"es\"},{\"@type\":\"Organization\",\"@id\":\"https:\/\/cultura.santjosep.org\/es\/#organization\",\"name\":\"Ajuntament de Sant Josep de sa Talaia\",\"url\":\"https:\/\/cultura.santjosep.org\/es\/\",\"logo\":{\"@type\":\"ImageObject\",\"inLanguage\":\"es\",\"@id\":\"https:\/\/cultura.santjosep.org\/es\/#\/schema\/logo\/image\/\",\"url\":\"https:\/\/cultura.santjosep.org\/wp-content\/uploads\/2020\/10\/logocolor.jpg\",\"contentUrl\":\"https:\/\/cultura.santjosep.org\/wp-content\/uploads\/2020\/10\/logocolor.jpg\",\"width\":250,\"height\":98,\"caption\":\"Ajuntament de Sant Josep de sa Talaia\"},\"image\":{\"@id\":\"https:\/\/cultura.santjosep.org\/es\/#\/schema\/logo\/image\/\"},\"sameAs\":[\"https:\/\/www.facebook.com\/Ajuntament-de-Sant-Josep-de-sa-Talaia-197541666931354\/\",\"https:\/\/x.com\/DeTalaia\",\"https:\/\/www.instagram.com\/sant_josep_de_sa_talaia\/\"]}]}<\/script>\n<!-- \/ Yoast SEO plugin. -->","yoast_head_json":{"title":"Contes infantils japonesos Kamishibai - Cultura a Sant Josep de sa Talaia","robots":{"index":"index","follow":"follow","max-snippet":"max-snippet:-1","max-image-preview":"max-image-preview:large","max-video-preview":"max-video-preview:-1"},"canonical":"https:\/\/cultura.santjosep.org\/es\/agenda\/contes-intantils-japonesos-kamishibai\/2021-08-14\/","og_locale":"es_ES","og_type":"article","og_title":"Contes infantils japonesos Kamishibai - Cultura a Sant Josep de sa Talaia","og_description":"Contes japonesos a c\u00e0rrec de l&#8217;associaci\u00f3 cultural WabizaSui. Una cita que et captivar\u00e0 i en la qual es contaran contes tradicionals del pa\u00eds nip\u00f3 amb el teatrillo de fusta Kamishibai. &hellip; Seguir leyendo \u00abContes infantils japonesos Kamishibai\u00bb","og_url":"https:\/\/cultura.santjosep.org\/es\/agenda\/contes-intantils-japonesos-kamishibai\/2021-08-14\/","og_site_name":"Cultura a Sant Josep de sa Talaia","article_publisher":"https:\/\/www.facebook.com\/Ajuntament-de-Sant-Josep-de-sa-Talaia-197541666931354\/","article_modified_time":"2021-08-03T09:53:01+00:00","og_image":[{"width":1024,"height":767,"url":"https:\/\/cultura.santjosep.org\/wp-content\/uploads\/2021\/07\/Auditori-calo\u0301-de-soli-1024x767.png","type":"image\/png"}],"twitter_card":"summary_large_image","twitter_site":"@DeTalaia","schema":{"@context":"https:\/\/schema.org","@graph":[{"@type":"WebPage","@id":"https:\/\/cultura.santjosep.org\/es\/agenda\/contes-intantils-japonesos-kamishibai\/2021-08-14\/","url":"https:\/\/cultura.santjosep.org\/es\/agenda\/contes-intantils-japonesos-kamishibai\/2021-08-14\/","name":"Contes infantils japonesos Kamishibai - Cultura a Sant Josep de sa Talaia","isPartOf":{"@id":"https:\/\/cultura.santjosep.org\/es\/#website"},"primaryImageOfPage":{"@id":"https:\/\/cultura.santjosep.org\/es\/agenda\/contes-intantils-japonesos-kamishibai\/2021-08-14\/#primaryimage"},"image":{"@id":"https:\/\/cultura.santjosep.org\/es\/agenda\/contes-intantils-japonesos-kamishibai\/2021-08-14\/#primaryimage"},"thumbnailUrl":"https:\/\/cultura.santjosep.org\/wp-content\/uploads\/2021\/07\/Auditori-calo\u0301-de-soli.png","datePublished":"2021-07-27T12:54:04+00:00","dateModified":"2021-08-03T09:53:01+00:00","breadcrumb":{"@id":"https:\/\/cultura.santjosep.org\/es\/agenda\/contes-intantils-japonesos-kamishibai\/2021-08-14\/#breadcrumb"},"inLanguage":"es","potentialAction":[{"@type":"ReadAction","target":["https:\/\/cultura.santjosep.org\/es\/agenda\/contes-intantils-japonesos-kamishibai\/2021-08-14\/"]}]},{"@type":"ImageObject","inLanguage":"es","@id":"https:\/\/cultura.santjosep.org\/es\/agenda\/contes-intantils-japonesos-kamishibai\/2021-08-14\/#primaryimage","url":"https:\/\/cultura.santjosep.org\/wp-content\/uploads\/2021\/07\/Auditori-calo\u0301-de-soli.png","contentUrl":"https:\/\/cultura.santjosep.org\/wp-content\/uploads\/2021\/07\/Auditori-calo\u0301-de-soli.png","width":2430,"height":1820},{"@type":"BreadcrumbList","@id":"https:\/\/cultura.santjosep.org\/es\/agenda\/contes-intantils-japonesos-kamishibai\/2021-08-14\/#breadcrumb","itemListElement":[{"@type":"ListItem","position":1,"name":"Portada","item":"https:\/\/cultura.santjosep.org\/es\/"},{"@type":"ListItem","position":2,"name":"Eventos","item":"https:\/\/cultura.santjosep.org\/agenda\/"},{"@type":"ListItem","position":3,"name":"Contes infantils japonesos Kamishibai"}]},{"@type":"WebSite","@id":"https:\/\/cultura.santjosep.org\/es\/#website","url":"https:\/\/cultura.santjosep.org\/es\/","name":"Cultura a Sant Josep de sa Talaia","description":"","publisher":{"@id":"https:\/\/cultura.santjosep.org\/es\/#organization"},"potentialAction":[{"@type":"SearchAction","target":{"@type":"EntryPoint","urlTemplate":"https:\/\/cultura.santjosep.org\/es\/?s={search_term_string}"},"query-input":{"@type":"PropertyValueSpecification","valueRequired":true,"valueName":"search_term_string"}}],"inLanguage":"es"},{"@type":"Organization","@id":"https:\/\/cultura.santjosep.org\/es\/#organization","name":"Ajuntament de Sant Josep de sa Talaia","url":"https:\/\/cultura.santjosep.org\/es\/","logo":{"@type":"ImageObject","inLanguage":"es","@id":"https:\/\/cultura.santjosep.org\/es\/#\/schema\/logo\/image\/","url":"https:\/\/cultura.santjosep.org\/wp-content\/uploads\/2020\/10\/logocolor.jpg","contentUrl":"https:\/\/cultura.santjosep.org\/wp-content\/uploads\/2020\/10\/logocolor.jpg","width":250,"height":98,"caption":"Ajuntament de Sant Josep de sa Talaia"},"image":{"@id":"https:\/\/cultura.santjosep.org\/es\/#\/schema\/logo\/image\/"},"sameAs":["https:\/\/www.facebook.com\/Ajuntament-de-Sant-Josep-de-sa-Talaia-197541666931354\/","https:\/\/x.com\/DeTalaia","https:\/\/www.instagram.com\/sant_josep_de_sa_talaia\/"]}]}},"_links":{"self":[{"href":"https:\/\/cultura.santjosep.org\/es\/wp-json\/wp\/v2\/tribe_events\/10005735","targetHints":{"allow":["GET"]}}],"collection":[{"href":"https:\/\/cultura.santjosep.org\/es\/wp-json\/wp\/v2\/tribe_events"}],"about":[{"href":"https:\/\/cultura.santjosep.org\/es\/wp-json\/wp\/v2\/types\/tribe_events"}],"author":[{"embeddable":true,"href":"https:\/\/cultura.santjosep.org\/es\/wp-json\/wp\/v2\/users\/1"}],"version-history":[{"count":0,"href":"https:\/\/cultura.santjosep.org\/es\/wp-json\/wp\/v2\/tribe_events\/10005735\/revisions"}],"wp:featuredmedia":[{"embeddable":true,"href":"https:\/\/cultura.santjosep.org\/es\/wp-json\/wp\/v2\/media\/7419"}],"wp:attachment":[{"href":"https:\/\/cultura.santjosep.org\/es\/wp-json\/wp\/v2\/media?parent=10005735"}],"wp:term":[{"taxonomy":"post_tag","embeddable":true,"href":"https:\/\/cultura.santjosep.org\/es\/wp-json\/wp\/v2\/tags?post=10005735"},{"taxonomy":"tribe_events_cat","embeddable":true,"href":"https:\/\/cultura.santjosep.org\/es\/wp-json\/wp\/v2\/tribe_events_cat?post=10005735"}],"curies":[{"name":"wp","href":"https:\/\/api.w.org\/{rel}","templated":true}]}}