{"id":10008495,"date":"2023-03-02T16:24:01","date_gmt":"2023-03-02T15:24:01","guid":{"rendered":"https:\/\/cultura.santjosep.org\/?post_type=tribe_events&#038;p=17242"},"modified":"2023-03-02T16:43:15","modified_gmt":"2023-03-02T15:43:15","slug":"vii-congres-de-fotografia-de-natura-dafonib-a-eivissa","status":"publish","type":"tribe_events","link":"https:\/\/cultura.santjosep.org\/es\/agenda\/vii-congres-de-fotografia-de-natura-dafonib-a-eivissa\/2023-03-04\/","title":{"rendered":"VII Congr\u00e9s de Fotografia de Natura d\u2019Afonib a Eivissa"},"content":{"rendered":"<p><strong>DIVENDRES<\/strong><\/p>\n<p>\u00b7 17:00 Presentaci\u00f3 del Congr\u00e9s i inauguraci\u00f3 de l\u2019exposici\u00f3 del XVI MEMORIAL CLIMENT PICORNELL DE FOTOGRAFIA DE NATURA.(Centre de Cultura Can Jeroni)<br \/>\n\u00b7 18:00 Sortida fotogr\u00e0fica posta de sol. Platges de Comte<\/p>\n<p><strong>DISSSABTE<\/strong><br \/>\n\u00b7 6:30 Sortida fotogr\u00e0fica sortida de sol. (Cala d&#8217;Hort- Es Vedr\u00e0)<br \/>\n\u00b7 9:30 Presentaci\u00f3<br \/>\n\u00b7 9:45 \u201cLlum natural i llum continua: fotografiar bolets\u201d Alex Alonso<br \/>\n\u00b7 11:30 \u201cNacida para volar\u201d Cristina Amanda Tur i \u00d3liver Martinez<br \/>\n\u00b7 12 a 13:30 \u201cFotograf\u00eda de fauna: t\u00e9cnica\u201d Jos\u00e9 Benito Ruiz<br \/>\n\u00b7 16:30 Sortida fotogr\u00e0fica d&#8217;Aus Marines<\/p>\n<p><strong>DIUMENGE<\/strong><br \/>\n\u00b7 6:30 Sortida fotogr\u00e0fica sortida de sol.(A determinar)<br \/>\n\u00b7 9:30 \u201cExpedici\u00f3n Chad\u201d i \u201cMis Fotos Curiosas 2\u201d Javier Herranz<br \/>\n\u00b7 0:15 \u201cHacia una fotograf\u00eda m\u00e1s personal. Pasi\u00f3n por el color\u201d F\u00e9lix Gil<br \/>\n\u00b7 11:30 \u201cSant Miquel, un port de vida\u201d Joan Costa<br \/>\n\u00b7 12:00 \u201cIslandia, m\u00e1s all\u00e1 de lo conocido\u201d Juan Carlos Fajardo<br \/>\n\u00b7 12:30 \u201cFotograf\u00eda de fauna: composici\u00f3n\u201dJos\u00e9 Benito Ruiz<\/p>\n","protected":false},"excerpt":{"rendered":"<p>DIVENDRES \u00b7 17:00 Presentaci\u00f3 del Congr\u00e9s i inauguraci\u00f3 de l\u2019exposici\u00f3 del XVI MEMORIAL CLIMENT PICORNELL DE FOTOGRAFIA DE NATURA.(Centre de Cultura Can Jeroni) \u00b7 18:00 Sortida fotogr\u00e0fica posta de sol. &hellip; <\/p>\n<p class=\"link-more\"><a href=\"https:\/\/cultura.santjosep.org\/es\/agenda\/vii-congres-de-fotografia-de-natura-dafonib-a-eivissa\/2023-03-04\/\" class=\"more-link\">Seguir leyendo<span class=\"screen-reader-text\"> \u00abVII Congr\u00e9s de Fotografia de Natura d\u2019Afonib a Eivissa\u00bb<\/span><\/a><\/p>\n","protected":false},"author":1,"featured_media":17243,"template":"","meta":{"_tribe_events_status":"","_tribe_events_status_reason":"","_tribe_events_is_hybrid":"","_tribe_events_is_virtual":"","_tribe_events_virtual_video_source":"","_tribe_events_virtual_embed_video":"","_tribe_events_virtual_linked_button_text":"","_tribe_events_virtual_linked_button":"","_tribe_events_virtual_show_embed_at":"","_tribe_events_virtual_show_embed_to":[],"_tribe_events_virtual_show_on_event":"","_tribe_events_virtual_show_on_views":"","_tribe_events_virtual_url":"","footnotes":""},"tags":[],"tribe_events_cat":[161,61],"class_list":["post-10008495","tribe_events","type-tribe_events","status-publish","has-post-thumbnail","hentry","tribe_events_cat-festes-sant-josep-2023-es","tribe_events_cat-otros","cat_festes-sant-josep-2023-es","cat_otros","tribe-recurring-event","tribe-recurring-event-parent","entry"],"yoast_head":"<!-- This site is optimized with the Yoast SEO plugin v26.6 - https:\/\/yoast.com\/wordpress\/plugins\/seo\/ -->\n<title>VII Congr\u00e9s de Fotografia de Natura d\u2019Afonib a Eivissa - Cultura a Sant Josep de sa Talaia<\/title>\n<meta name=\"robots\" content=\"index, follow, max-snippet:-1, max-image-preview:large, max-video-preview:-1\" \/>\n<link rel=\"canonical\" href=\"https:\/\/cultura.santjosep.org\/es\/agenda\/vii-congres-de-fotografia-de-natura-dafonib-a-eivissa\/2023-03-04\/\" \/>\n<meta property=\"og:locale\" content=\"es_ES\" \/>\n<meta property=\"og:type\" content=\"article\" \/>\n<meta property=\"og:title\" content=\"VII Congr\u00e9s de Fotografia de Natura d\u2019Afonib a Eivissa - Cultura a Sant Josep de sa Talaia\" \/>\n<meta property=\"og:description\" content=\"DIVENDRES \u00b7 17:00 Presentaci\u00f3 del Congr\u00e9s i inauguraci\u00f3 de l\u2019exposici\u00f3 del XVI MEMORIAL CLIMENT PICORNELL DE FOTOGRAFIA DE NATURA.(Centre de Cultura Can Jeroni) \u00b7 18:00 Sortida fotogr\u00e0fica posta de sol. &hellip; Seguir leyendo \u00abVII Congr\u00e9s de Fotografia de Natura d\u2019Afonib a Eivissa\u00bb\" \/>\n<meta property=\"og:url\" content=\"https:\/\/cultura.santjosep.org\/es\/agenda\/vii-congres-de-fotografia-de-natura-dafonib-a-eivissa\/2023-03-04\/\" \/>\n<meta property=\"og:site_name\" content=\"Cultura a Sant Josep de sa Talaia\" \/>\n<meta property=\"article:publisher\" content=\"https:\/\/www.facebook.com\/Ajuntament-de-Sant-Josep-de-sa-Talaia-197541666931354\/\" \/>\n<meta property=\"article:modified_time\" content=\"2023-03-02T15:43:15+00:00\" \/>\n<meta property=\"og:image\" content=\"https:\/\/cultura.santjosep.org\/wp-content\/uploads\/2023\/03\/poster-congres-2.jpg\" \/>\n\t<meta property=\"og:image:width\" content=\"1280\" \/>\n\t<meta property=\"og:image:height\" content=\"960\" \/>\n\t<meta property=\"og:image:type\" content=\"image\/jpeg\" \/>\n<meta name=\"twitter:card\" content=\"summary_large_image\" \/>\n<meta name=\"twitter:site\" content=\"@DeTalaia\" \/>\n<meta name=\"twitter:label1\" content=\"Tiempo de lectura\" \/>\n\t<meta name=\"twitter:data1\" content=\"1 minuto\" \/>\n<script type=\"application\/ld+json\" class=\"yoast-schema-graph\">{\"@context\":\"https:\/\/schema.org\",\"@graph\":[{\"@type\":\"WebPage\",\"@id\":\"https:\/\/cultura.santjosep.org\/es\/agenda\/vii-congres-de-fotografia-de-natura-dafonib-a-eivissa\/2023-03-04\/\",\"url\":\"https:\/\/cultura.santjosep.org\/es\/agenda\/vii-congres-de-fotografia-de-natura-dafonib-a-eivissa\/2023-03-04\/\",\"name\":\"VII Congr\u00e9s de Fotografia de Natura d\u2019Afonib a Eivissa - Cultura a Sant Josep de sa Talaia\",\"isPartOf\":{\"@id\":\"https:\/\/cultura.santjosep.org\/es\/#website\"},\"primaryImageOfPage\":{\"@id\":\"https:\/\/cultura.santjosep.org\/es\/agenda\/vii-congres-de-fotografia-de-natura-dafonib-a-eivissa\/2023-03-04\/#primaryimage\"},\"image\":{\"@id\":\"https:\/\/cultura.santjosep.org\/es\/agenda\/vii-congres-de-fotografia-de-natura-dafonib-a-eivissa\/2023-03-04\/#primaryimage\"},\"thumbnailUrl\":\"https:\/\/cultura.santjosep.org\/wp-content\/uploads\/2023\/03\/poster-congres-2.jpg\",\"datePublished\":\"2023-03-02T15:24:01+00:00\",\"dateModified\":\"2023-03-02T15:43:15+00:00\",\"breadcrumb\":{\"@id\":\"https:\/\/cultura.santjosep.org\/es\/agenda\/vii-congres-de-fotografia-de-natura-dafonib-a-eivissa\/2023-03-04\/#breadcrumb\"},\"inLanguage\":\"es\",\"potentialAction\":[{\"@type\":\"ReadAction\",\"target\":[\"https:\/\/cultura.santjosep.org\/es\/agenda\/vii-congres-de-fotografia-de-natura-dafonib-a-eivissa\/2023-03-04\/\"]}]},{\"@type\":\"ImageObject\",\"inLanguage\":\"es\",\"@id\":\"https:\/\/cultura.santjosep.org\/es\/agenda\/vii-congres-de-fotografia-de-natura-dafonib-a-eivissa\/2023-03-04\/#primaryimage\",\"url\":\"https:\/\/cultura.santjosep.org\/wp-content\/uploads\/2023\/03\/poster-congres-2.jpg\",\"contentUrl\":\"https:\/\/cultura.santjosep.org\/wp-content\/uploads\/2023\/03\/poster-congres-2.jpg\",\"width\":1280,\"height\":960},{\"@type\":\"BreadcrumbList\",\"@id\":\"https:\/\/cultura.santjosep.org\/es\/agenda\/vii-congres-de-fotografia-de-natura-dafonib-a-eivissa\/2023-03-04\/#breadcrumb\",\"itemListElement\":[{\"@type\":\"ListItem\",\"position\":1,\"name\":\"Portada\",\"item\":\"https:\/\/cultura.santjosep.org\/es\/\"},{\"@type\":\"ListItem\",\"position\":2,\"name\":\"Eventos\",\"item\":\"https:\/\/cultura.santjosep.org\/agenda\/\"},{\"@type\":\"ListItem\",\"position\":3,\"name\":\"VII Congr\u00e9s de Fotografia de Natura d\u2019Afonib a Eivissa\"}]},{\"@type\":\"WebSite\",\"@id\":\"https:\/\/cultura.santjosep.org\/es\/#website\",\"url\":\"https:\/\/cultura.santjosep.org\/es\/\",\"name\":\"Cultura a Sant Josep de sa Talaia\",\"description\":\"\",\"publisher\":{\"@id\":\"https:\/\/cultura.santjosep.org\/es\/#organization\"},\"potentialAction\":[{\"@type\":\"SearchAction\",\"target\":{\"@type\":\"EntryPoint\",\"urlTemplate\":\"https:\/\/cultura.santjosep.org\/es\/?s={search_term_string}\"},\"query-input\":{\"@type\":\"PropertyValueSpecification\",\"valueRequired\":true,\"valueName\":\"search_term_string\"}}],\"inLanguage\":\"es\"},{\"@type\":\"Organization\",\"@id\":\"https:\/\/cultura.santjosep.org\/es\/#organization\",\"name\":\"Ajuntament de Sant Josep de sa Talaia\",\"url\":\"https:\/\/cultura.santjosep.org\/es\/\",\"logo\":{\"@type\":\"ImageObject\",\"inLanguage\":\"es\",\"@id\":\"https:\/\/cultura.santjosep.org\/es\/#\/schema\/logo\/image\/\",\"url\":\"https:\/\/cultura.santjosep.org\/wp-content\/uploads\/2020\/10\/logocolor.jpg\",\"contentUrl\":\"https:\/\/cultura.santjosep.org\/wp-content\/uploads\/2020\/10\/logocolor.jpg\",\"width\":250,\"height\":98,\"caption\":\"Ajuntament de Sant Josep de sa Talaia\"},\"image\":{\"@id\":\"https:\/\/cultura.santjosep.org\/es\/#\/schema\/logo\/image\/\"},\"sameAs\":[\"https:\/\/www.facebook.com\/Ajuntament-de-Sant-Josep-de-sa-Talaia-197541666931354\/\",\"https:\/\/x.com\/DeTalaia\",\"https:\/\/www.instagram.com\/sant_josep_de_sa_talaia\/\"]}]}<\/script>\n<!-- \/ Yoast SEO plugin. -->","yoast_head_json":{"title":"VII Congr\u00e9s de Fotografia de Natura d\u2019Afonib a Eivissa - Cultura a Sant Josep de sa Talaia","robots":{"index":"index","follow":"follow","max-snippet":"max-snippet:-1","max-image-preview":"max-image-preview:large","max-video-preview":"max-video-preview:-1"},"canonical":"https:\/\/cultura.santjosep.org\/es\/agenda\/vii-congres-de-fotografia-de-natura-dafonib-a-eivissa\/2023-03-04\/","og_locale":"es_ES","og_type":"article","og_title":"VII Congr\u00e9s de Fotografia de Natura d\u2019Afonib a Eivissa - Cultura a Sant Josep de sa Talaia","og_description":"DIVENDRES \u00b7 17:00 Presentaci\u00f3 del Congr\u00e9s i inauguraci\u00f3 de l\u2019exposici\u00f3 del XVI MEMORIAL CLIMENT PICORNELL DE FOTOGRAFIA DE NATURA.(Centre de Cultura Can Jeroni) \u00b7 18:00 Sortida fotogr\u00e0fica posta de sol. &hellip; Seguir leyendo \u00abVII Congr\u00e9s de Fotografia de Natura d\u2019Afonib a Eivissa\u00bb","og_url":"https:\/\/cultura.santjosep.org\/es\/agenda\/vii-congres-de-fotografia-de-natura-dafonib-a-eivissa\/2023-03-04\/","og_site_name":"Cultura a Sant Josep de sa Talaia","article_publisher":"https:\/\/www.facebook.com\/Ajuntament-de-Sant-Josep-de-sa-Talaia-197541666931354\/","article_modified_time":"2023-03-02T15:43:15+00:00","og_image":[{"width":1280,"height":960,"url":"https:\/\/cultura.santjosep.org\/wp-content\/uploads\/2023\/03\/poster-congres-2.jpg","type":"image\/jpeg"}],"twitter_card":"summary_large_image","twitter_site":"@DeTalaia","twitter_misc":{"Tiempo de lectura":"1 minuto"},"schema":{"@context":"https:\/\/schema.org","@graph":[{"@type":"WebPage","@id":"https:\/\/cultura.santjosep.org\/es\/agenda\/vii-congres-de-fotografia-de-natura-dafonib-a-eivissa\/2023-03-04\/","url":"https:\/\/cultura.santjosep.org\/es\/agenda\/vii-congres-de-fotografia-de-natura-dafonib-a-eivissa\/2023-03-04\/","name":"VII Congr\u00e9s de Fotografia de Natura d\u2019Afonib a Eivissa - Cultura a Sant Josep de sa Talaia","isPartOf":{"@id":"https:\/\/cultura.santjosep.org\/es\/#website"},"primaryImageOfPage":{"@id":"https:\/\/cultura.santjosep.org\/es\/agenda\/vii-congres-de-fotografia-de-natura-dafonib-a-eivissa\/2023-03-04\/#primaryimage"},"image":{"@id":"https:\/\/cultura.santjosep.org\/es\/agenda\/vii-congres-de-fotografia-de-natura-dafonib-a-eivissa\/2023-03-04\/#primaryimage"},"thumbnailUrl":"https:\/\/cultura.santjosep.org\/wp-content\/uploads\/2023\/03\/poster-congres-2.jpg","datePublished":"2023-03-02T15:24:01+00:00","dateModified":"2023-03-02T15:43:15+00:00","breadcrumb":{"@id":"https:\/\/cultura.santjosep.org\/es\/agenda\/vii-congres-de-fotografia-de-natura-dafonib-a-eivissa\/2023-03-04\/#breadcrumb"},"inLanguage":"es","potentialAction":[{"@type":"ReadAction","target":["https:\/\/cultura.santjosep.org\/es\/agenda\/vii-congres-de-fotografia-de-natura-dafonib-a-eivissa\/2023-03-04\/"]}]},{"@type":"ImageObject","inLanguage":"es","@id":"https:\/\/cultura.santjosep.org\/es\/agenda\/vii-congres-de-fotografia-de-natura-dafonib-a-eivissa\/2023-03-04\/#primaryimage","url":"https:\/\/cultura.santjosep.org\/wp-content\/uploads\/2023\/03\/poster-congres-2.jpg","contentUrl":"https:\/\/cultura.santjosep.org\/wp-content\/uploads\/2023\/03\/poster-congres-2.jpg","width":1280,"height":960},{"@type":"BreadcrumbList","@id":"https:\/\/cultura.santjosep.org\/es\/agenda\/vii-congres-de-fotografia-de-natura-dafonib-a-eivissa\/2023-03-04\/#breadcrumb","itemListElement":[{"@type":"ListItem","position":1,"name":"Portada","item":"https:\/\/cultura.santjosep.org\/es\/"},{"@type":"ListItem","position":2,"name":"Eventos","item":"https:\/\/cultura.santjosep.org\/agenda\/"},{"@type":"ListItem","position":3,"name":"VII Congr\u00e9s de Fotografia de Natura d\u2019Afonib a Eivissa"}]},{"@type":"WebSite","@id":"https:\/\/cultura.santjosep.org\/es\/#website","url":"https:\/\/cultura.santjosep.org\/es\/","name":"Cultura a Sant Josep de sa Talaia","description":"","publisher":{"@id":"https:\/\/cultura.santjosep.org\/es\/#organization"},"potentialAction":[{"@type":"SearchAction","target":{"@type":"EntryPoint","urlTemplate":"https:\/\/cultura.santjosep.org\/es\/?s={search_term_string}"},"query-input":{"@type":"PropertyValueSpecification","valueRequired":true,"valueName":"search_term_string"}}],"inLanguage":"es"},{"@type":"Organization","@id":"https:\/\/cultura.santjosep.org\/es\/#organization","name":"Ajuntament de Sant Josep de sa Talaia","url":"https:\/\/cultura.santjosep.org\/es\/","logo":{"@type":"ImageObject","inLanguage":"es","@id":"https:\/\/cultura.santjosep.org\/es\/#\/schema\/logo\/image\/","url":"https:\/\/cultura.santjosep.org\/wp-content\/uploads\/2020\/10\/logocolor.jpg","contentUrl":"https:\/\/cultura.santjosep.org\/wp-content\/uploads\/2020\/10\/logocolor.jpg","width":250,"height":98,"caption":"Ajuntament de Sant Josep de sa Talaia"},"image":{"@id":"https:\/\/cultura.santjosep.org\/es\/#\/schema\/logo\/image\/"},"sameAs":["https:\/\/www.facebook.com\/Ajuntament-de-Sant-Josep-de-sa-Talaia-197541666931354\/","https:\/\/x.com\/DeTalaia","https:\/\/www.instagram.com\/sant_josep_de_sa_talaia\/"]}]}},"_links":{"self":[{"href":"https:\/\/cultura.santjosep.org\/es\/wp-json\/wp\/v2\/tribe_events\/10008495","targetHints":{"allow":["GET"]}}],"collection":[{"href":"https:\/\/cultura.santjosep.org\/es\/wp-json\/wp\/v2\/tribe_events"}],"about":[{"href":"https:\/\/cultura.santjosep.org\/es\/wp-json\/wp\/v2\/types\/tribe_events"}],"author":[{"embeddable":true,"href":"https:\/\/cultura.santjosep.org\/es\/wp-json\/wp\/v2\/users\/1"}],"version-history":[{"count":0,"href":"https:\/\/cultura.santjosep.org\/es\/wp-json\/wp\/v2\/tribe_events\/10008495\/revisions"}],"wp:featuredmedia":[{"embeddable":true,"href":"https:\/\/cultura.santjosep.org\/es\/wp-json\/wp\/v2\/media\/17243"}],"wp:attachment":[{"href":"https:\/\/cultura.santjosep.org\/es\/wp-json\/wp\/v2\/media?parent=10008495"}],"wp:term":[{"taxonomy":"post_tag","embeddable":true,"href":"https:\/\/cultura.santjosep.org\/es\/wp-json\/wp\/v2\/tags?post=10008495"},{"taxonomy":"tribe_events_cat","embeddable":true,"href":"https:\/\/cultura.santjosep.org\/es\/wp-json\/wp\/v2\/tribe_events_cat?post=10008495"}],"curies":[{"name":"wp","href":"https:\/\/api.w.org\/{rel}","templated":true}]}}