{"id":10794,"date":"2022-02-23T12:25:11","date_gmt":"2022-02-23T11:25:11","guid":{"rendered":"https:\/\/cultura.santjosep.org\/agenda\/iv-mostra-de-curtmetratges-dia-de-les-illes-balears\/"},"modified":"2022-02-23T12:25:11","modified_gmt":"2022-02-23T11:25:11","slug":"iv-mostra-de-curtmetratges-dia-de-les-illes-balears","status":"publish","type":"tribe_events","link":"https:\/\/cultura.santjosep.org\/es\/agenda\/iv-mostra-de-curtmetratges-dia-de-les-illes-balears\/","title":{"rendered":"IV mostra de curtmetratges dia de les Illes Balears"},"content":{"rendered":"<div class=\"wpb-content-wrapper\"><p>[vc_row][vc_column width=\u00bb1\/3&#8243;][vc_single_image image=\u00bb10759&#8243; img_size=\u00bbfull\u00bb alignment=\u00bbcenter\u00bb css=\u00bb.vc_custom_1645614768140{padding-top: 20px !important;}\u00bb][\/vc_column][vc_column width=\u00bb2\/3&#8243;][vc_column_text]T\u00edtol: <strong>Can Lluqu\u00ed<\/strong><br \/>\nAny de producci\u00f3: <strong>2018<\/strong><br \/>\nG\u00e8nere: <strong>Documental<\/strong><br \/>\nIlla\/ Idioma: <strong>Eivissa \/ catal\u00e0<\/strong><br \/>\nDuraci\u00f3: <strong>7 min<\/strong><br \/>\nDirector: <strong>Cristina Ramon<\/strong><br \/>\nGui\u00f3: <strong>Cristina Ramon<\/strong><br \/>\nInt\u00e8rprets: <strong>Cristina Ramon (veu en off).<\/strong><br \/>\nSinopsi: <strong>Can Lluqu\u00ed \u00e9s el nom de la casa on va n\u00e9ixer na Maria Serra. Seran els seus familiars els qui ens contaran la seva hist\u00f2ria. Un curtmetratge documental que ens permetr\u00e0 cone\u0300ixer me\u0301s de prop la cultura popular eivissenca.<\/strong>[\/vc_column_text][\/vc_column][\/vc_row][vc_row css=\u00bb.vc_custom_1645614855677{margin-top: 20px !important;border-top-width: 1px !important;padding-top: 20px !important;border-top-color: #000000 !important;border-top-style: solid !important;}\u00bb][vc_column width=\u00bb1\/3&#8243;][vc_single_image image=\u00bb10768&#8243; img_size=\u00bbfull\u00bb alignment=\u00bbcenter\u00bb css=\u00bb.vc_custom_1645614820873{padding-top: 20px !important;}\u00bb][\/vc_column][vc_column width=\u00bb2\/3&#8243;][vc_column_text]T\u00edtol: <strong>5 horas, 39 minutos, 25 segundos <\/strong><br \/>\nAny de producci\u00f3: <strong>2019<\/strong><br \/>\nG\u00e9nere: <strong>Drama<\/strong><br \/>\nIlla\/ Idioma: <strong>Eivissa \/ castell\u00e0<\/strong><br \/>\nDuraci\u00f3: <strong>23 min<\/strong><br \/>\nDirectora: <strong>Tom\u00e1s Rojo i Santiago Rindel<\/strong><br \/>\nGui\u00f3: <strong>Tom\u00e1s Rojo<\/strong><br \/>\nInt\u00e8rprets: <strong>Mikel Arostegui, Cristina Bravo, B\u00e1rbara de Lema. <\/strong><br \/>\nSinopsi: <strong>Quan Dami\u00e1n arriba al m\u00f3n, la seva salut \u00e9s molt delicada. Seguint la seva intu\u00efci\u00f3, una infermera decideix col\u00b7locar un altre nad\u00f3 al seu costat i la seva millora \u00e9s instant\u00e0nia. Vint-i-cinc anys despr\u00e9s, Dami\u00e1n va a buscar aquesta infermera.<\/strong>[\/vc_column_text][\/vc_column][\/vc_row][vc_row css=\u00bb.vc_custom_1645614855677{margin-top: 20px !important;border-top-width: 1px !important;padding-top: 20px !important;border-top-color: #000000 !important;border-top-style: solid !important;}\u00bb][vc_column width=\u00bb1\/3&#8243;][vc_single_image image=\u00bb10773&#8243; img_size=\u00bbfull\u00bb alignment=\u00bbcenter\u00bb css=\u00bb.vc_custom_1645614879938{padding-top: 20px !important;}\u00bb][\/vc_column][vc_column width=\u00bb2\/3&#8243;][vc_column_text]Ti\u0301tol: <strong>Avistament 1978<\/strong><br \/>\nAny de producci\u00f3: <strong>2020<\/strong><br \/>\nG\u00e8nere: <strong>Fals documental<\/strong><br \/>\nIlla\/ Idioma: <strong>Mallorca \/ catal\u00e0 <\/strong><br \/>\nDuraci\u00f3: <strong>8 min<\/strong><br \/>\nDirectora:<strong> Guillem Mir\u00f3<\/strong><br \/>\nGui\u00f3: <strong>Guillem Mir\u00f3<\/strong><br \/>\nInt\u00e8rprets: <strong>Guillem Mir\u00f3.<\/strong><br \/>\nSinopsi: <strong>Un jove mallorqu\u00ed confinat a Barcelona disminueix la seva nost\u00e0lgia visitant el seu poble amb Google Maps. No tardar\u00e0 a descobrir que all\u00ed s\u2019estan produint una s\u00e8rie de successos paranormals.<\/strong>[\/vc_column_text][\/vc_column][\/vc_row][vc_row css=\u00bb.vc_custom_1645614855677{margin-top: 20px !important;border-top-width: 1px !important;padding-top: 20px !important;border-top-color: #000000 !important;border-top-style: solid !important;}\u00bb][vc_column width=\u00bb1\/3&#8243;][vc_single_image image=\u00bb10776&#8243; img_size=\u00bbfull\u00bb alignment=\u00bbcenter\u00bb css=\u00bb.vc_custom_1645614916203{padding-top: 20px !important;}\u00bb][\/vc_column][vc_column width=\u00bb2\/3&#8243;][vc_column_text]Titol: <strong>Sol sol<\/strong><br \/>\nAny de producci\u00f3: <strong>2021<\/strong><br \/>\nG\u00e8nere: <strong>Drama<\/strong><br \/>\nIlla\/ Idioma: <strong>Menorca \/ catal\u00e0<\/strong><br \/>\nDuraci\u00f3: <strong>11 min<\/strong><br \/>\nDirector: <strong>\u00c0lex Arroyo<\/strong><br \/>\nGui\u00f3: <strong>Miquel Gomila<\/strong><br \/>\nInt\u00e8rprets: <strong>Oriol Enrich, Ferran Sim\u00f3n, Blanca Noguera.<\/strong><br \/>\nSinopsi: <strong>Xavier \u00e9s un adolescent menorqu\u00ed que no se sent c\u00f2mode a casa. Quan un turista catal\u00e0 visita l&#8217;illa, Xavier intentar\u00e0 resoldre els seus problemes explorant la seva sexualitat.<\/strong>[\/vc_column_text][\/vc_column][\/vc_row][vc_row css=\u00bb.vc_custom_1645614855677{margin-top: 20px !important;border-top-width: 1px !important;padding-top: 20px !important;border-top-color: #000000 !important;border-top-style: solid !important;}\u00bb][vc_column width=\u00bb1\/3&#8243;][vc_single_image image=\u00bb10778&#8243; img_size=\u00bbfull\u00bb alignment=\u00bbcenter\u00bb css=\u00bb.vc_custom_1645614941409{padding-top: 20px !important;}\u00bb][\/vc_column][vc_column width=\u00bb2\/3&#8243;][vc_column_text]T\u00edtol: <strong>Ulisses<\/strong><br \/>\nAny de produccio: <strong>2020<\/strong><br \/>\nGe\u0300nere: <strong>Documental<\/strong><br \/>\nIlla\/ Idioma: <strong>Mallorca\/ Catal\u00e0, castell\u00e0, angl\u00e8s<\/strong><br \/>\nDuraci\u00f3: <strong>21 min<\/strong><br \/>\nDirector: <strong>Joan Bover<\/strong><br \/>\nGui\u00f3: <strong>Joan Bover, Javier G. Leri\u0301n<\/strong><br \/>\nInt\u00e8rprets: <strong>Albert L\u00f3pez, Orca Ulisses.<\/strong><br \/>\nSinopsi: <strong>El 19 de novembre de 1980, una cria d&#8217;orca va ser capturada en aig\u00fces d&#8217;Isl\u00e0ndia. La van batejar com Ulisses i, amb els anys, es va convertir en una de les estrelles del Zoo de Barcelona. Aquesta \u00e9s la hist\u00f2ria de la seva odissea.<\/strong>[\/vc_column_text][\/vc_column][\/vc_row][vc_row css=\u00bb.vc_custom_1645614855677{margin-top: 20px !important;border-top-width: 1px !important;padding-top: 20px !important;border-top-color: #000000 !important;border-top-style: solid !important;}\u00bb][vc_column][vc_btn title=\u00bbDescarrega el programa\u00bb style=\u00bboutline\u00bb shape=\u00bbround\u00bb color=\u00bbdanger\u00bb i_icon_fontawesome=\u00bbfas fa-file-pdf\u00bb add_icon=\u00bbtrue\u00bb link=\u00bburl:https%3A%2F%2Fwww.santjosep.org%2Fwp-content%2Fuploads%2F2022%2F02%2FPrograma-MCDIB-A4-full-2022.pdf|target:_blank\u00bb][vc_single_image image=\u00bb10781&#8243; img_size=\u00bbfull\u00bb][\/vc_column][\/vc_row]<\/p>\n<\/div>","protected":false},"excerpt":{"rendered":"<p>Projecci\u00f3 de 5 curtmetratges. Can Lluqu\u00ed. 5 horas, 39 minutos, 25 segundos. Avistament 1978. Sol sol. Ulisses.<\/p>\n","protected":false},"author":1,"featured_media":61,"template":"","meta":{"_tribe_events_status":"","_tribe_events_status_reason":"","_tribe_events_is_hybrid":"","_tribe_events_is_virtual":"","_tribe_events_virtual_video_source":"","_tribe_events_virtual_embed_video":"","_tribe_events_virtual_linked_button_text":"","_tribe_events_virtual_linked_button":"","_tribe_events_virtual_show_embed_at":"","_tribe_events_virtual_show_embed_to":[],"_tribe_events_virtual_show_on_event":"","_tribe_events_virtual_show_on_views":"","_tribe_events_virtual_url":"","footnotes":""},"tags":[],"tribe_events_cat":[30],"class_list":["post-10794","tribe_events","type-tribe_events","status-publish","has-post-thumbnail","hentry","tribe_events_cat-cine","cat_cine","entry"],"yoast_head":"<!-- This site is optimized with the Yoast SEO plugin v26.6 - https:\/\/yoast.com\/wordpress\/plugins\/seo\/ -->\n<title>IV mostra de curtmetratges dia de les Illes Balears - Cultura a Sant Josep de sa Talaia<\/title>\n<meta name=\"robots\" content=\"index, follow, max-snippet:-1, max-image-preview:large, max-video-preview:-1\" \/>\n<link rel=\"canonical\" href=\"https:\/\/cultura.santjosep.org\/es\/agenda\/iv-mostra-de-curtmetratges-dia-de-les-illes-balears\/\" \/>\n<meta property=\"og:locale\" content=\"es_ES\" \/>\n<meta property=\"og:type\" content=\"article\" \/>\n<meta property=\"og:title\" content=\"IV mostra de curtmetratges dia de les Illes Balears - Cultura a Sant Josep de sa Talaia\" \/>\n<meta property=\"og:description\" content=\"Projecci\u00f3 de 5 curtmetratges. Can Lluqu\u00ed. 5 horas, 39 minutos, 25 segundos. Avistament 1978. Sol sol. Ulisses.\" \/>\n<meta property=\"og:url\" content=\"https:\/\/cultura.santjosep.org\/es\/agenda\/iv-mostra-de-curtmetratges-dia-de-les-illes-balears\/\" \/>\n<meta property=\"og:site_name\" content=\"Cultura a Sant Josep de sa Talaia\" \/>\n<meta property=\"article:publisher\" content=\"https:\/\/www.facebook.com\/Ajuntament-de-Sant-Josep-de-sa-Talaia-197541666931354\/\" \/>\n<meta name=\"twitter:card\" content=\"summary_large_image\" \/>\n<meta name=\"twitter:site\" content=\"@DeTalaia\" \/>\n<meta name=\"twitter:label1\" content=\"Tiempo de lectura\" \/>\n\t<meta name=\"twitter:data1\" content=\"3 minutos\" \/>\n<script type=\"application\/ld+json\" class=\"yoast-schema-graph\">{\"@context\":\"https:\/\/schema.org\",\"@graph\":[{\"@type\":\"WebPage\",\"@id\":\"https:\/\/cultura.santjosep.org\/es\/agenda\/iv-mostra-de-curtmetratges-dia-de-les-illes-balears\/\",\"url\":\"https:\/\/cultura.santjosep.org\/es\/agenda\/iv-mostra-de-curtmetratges-dia-de-les-illes-balears\/\",\"name\":\"IV mostra de curtmetratges dia de les Illes Balears - Cultura a Sant Josep de sa Talaia\",\"isPartOf\":{\"@id\":\"https:\/\/cultura.santjosep.org\/es\/#website\"},\"primaryImageOfPage\":{\"@id\":\"https:\/\/cultura.santjosep.org\/es\/agenda\/iv-mostra-de-curtmetratges-dia-de-les-illes-balears\/#primaryimage\"},\"image\":{\"@id\":\"https:\/\/cultura.santjosep.org\/es\/agenda\/iv-mostra-de-curtmetratges-dia-de-les-illes-balears\/#primaryimage\"},\"thumbnailUrl\":\"https:\/\/cultura.santjosep.org\/wp-content\/uploads\/2020\/10\/can-jeroni-fachada-trasera-scaled.jpg\",\"datePublished\":\"2022-02-23T11:25:11+00:00\",\"breadcrumb\":{\"@id\":\"https:\/\/cultura.santjosep.org\/es\/agenda\/iv-mostra-de-curtmetratges-dia-de-les-illes-balears\/#breadcrumb\"},\"inLanguage\":\"es\",\"potentialAction\":[{\"@type\":\"ReadAction\",\"target\":[\"https:\/\/cultura.santjosep.org\/es\/agenda\/iv-mostra-de-curtmetratges-dia-de-les-illes-balears\/\"]}]},{\"@type\":\"ImageObject\",\"inLanguage\":\"es\",\"@id\":\"https:\/\/cultura.santjosep.org\/es\/agenda\/iv-mostra-de-curtmetratges-dia-de-les-illes-balears\/#primaryimage\",\"url\":\"https:\/\/cultura.santjosep.org\/wp-content\/uploads\/2020\/10\/can-jeroni-fachada-trasera-scaled.jpg\",\"contentUrl\":\"https:\/\/cultura.santjosep.org\/wp-content\/uploads\/2020\/10\/can-jeroni-fachada-trasera-scaled.jpg\",\"width\":2560,\"height\":1707},{\"@type\":\"BreadcrumbList\",\"@id\":\"https:\/\/cultura.santjosep.org\/es\/agenda\/iv-mostra-de-curtmetratges-dia-de-les-illes-balears\/#breadcrumb\",\"itemListElement\":[{\"@type\":\"ListItem\",\"position\":1,\"name\":\"Portada\",\"item\":\"https:\/\/cultura.santjosep.org\/es\/\"},{\"@type\":\"ListItem\",\"position\":2,\"name\":\"Eventos\",\"item\":\"https:\/\/cultura.santjosep.org\/agenda\/\"},{\"@type\":\"ListItem\",\"position\":3,\"name\":\"IV mostra de curtmetratges dia de les Illes Balears\"}]},{\"@type\":\"WebSite\",\"@id\":\"https:\/\/cultura.santjosep.org\/es\/#website\",\"url\":\"https:\/\/cultura.santjosep.org\/es\/\",\"name\":\"Cultura a Sant Josep de sa Talaia\",\"description\":\"\",\"publisher\":{\"@id\":\"https:\/\/cultura.santjosep.org\/es\/#organization\"},\"potentialAction\":[{\"@type\":\"SearchAction\",\"target\":{\"@type\":\"EntryPoint\",\"urlTemplate\":\"https:\/\/cultura.santjosep.org\/es\/?s={search_term_string}\"},\"query-input\":{\"@type\":\"PropertyValueSpecification\",\"valueRequired\":true,\"valueName\":\"search_term_string\"}}],\"inLanguage\":\"es\"},{\"@type\":\"Organization\",\"@id\":\"https:\/\/cultura.santjosep.org\/es\/#organization\",\"name\":\"Ajuntament de Sant Josep de sa Talaia\",\"url\":\"https:\/\/cultura.santjosep.org\/es\/\",\"logo\":{\"@type\":\"ImageObject\",\"inLanguage\":\"es\",\"@id\":\"https:\/\/cultura.santjosep.org\/es\/#\/schema\/logo\/image\/\",\"url\":\"https:\/\/cultura.santjosep.org\/wp-content\/uploads\/2020\/10\/logocolor.jpg\",\"contentUrl\":\"https:\/\/cultura.santjosep.org\/wp-content\/uploads\/2020\/10\/logocolor.jpg\",\"width\":250,\"height\":98,\"caption\":\"Ajuntament de Sant Josep de sa Talaia\"},\"image\":{\"@id\":\"https:\/\/cultura.santjosep.org\/es\/#\/schema\/logo\/image\/\"},\"sameAs\":[\"https:\/\/www.facebook.com\/Ajuntament-de-Sant-Josep-de-sa-Talaia-197541666931354\/\",\"https:\/\/x.com\/DeTalaia\",\"https:\/\/www.instagram.com\/sant_josep_de_sa_talaia\/\"]}]}<\/script>\n<!-- \/ Yoast SEO plugin. -->","yoast_head_json":{"title":"IV mostra de curtmetratges dia de les Illes Balears - Cultura a Sant Josep de sa Talaia","robots":{"index":"index","follow":"follow","max-snippet":"max-snippet:-1","max-image-preview":"max-image-preview:large","max-video-preview":"max-video-preview:-1"},"canonical":"https:\/\/cultura.santjosep.org\/es\/agenda\/iv-mostra-de-curtmetratges-dia-de-les-illes-balears\/","og_locale":"es_ES","og_type":"article","og_title":"IV mostra de curtmetratges dia de les Illes Balears - Cultura a Sant Josep de sa Talaia","og_description":"Projecci\u00f3 de 5 curtmetratges. Can Lluqu\u00ed. 5 horas, 39 minutos, 25 segundos. Avistament 1978. Sol sol. Ulisses.","og_url":"https:\/\/cultura.santjosep.org\/es\/agenda\/iv-mostra-de-curtmetratges-dia-de-les-illes-balears\/","og_site_name":"Cultura a Sant Josep de sa Talaia","article_publisher":"https:\/\/www.facebook.com\/Ajuntament-de-Sant-Josep-de-sa-Talaia-197541666931354\/","twitter_card":"summary_large_image","twitter_site":"@DeTalaia","twitter_misc":{"Tiempo de lectura":"3 minutos"},"schema":{"@context":"https:\/\/schema.org","@graph":[{"@type":"WebPage","@id":"https:\/\/cultura.santjosep.org\/es\/agenda\/iv-mostra-de-curtmetratges-dia-de-les-illes-balears\/","url":"https:\/\/cultura.santjosep.org\/es\/agenda\/iv-mostra-de-curtmetratges-dia-de-les-illes-balears\/","name":"IV mostra de curtmetratges dia de les Illes Balears - Cultura a Sant Josep de sa Talaia","isPartOf":{"@id":"https:\/\/cultura.santjosep.org\/es\/#website"},"primaryImageOfPage":{"@id":"https:\/\/cultura.santjosep.org\/es\/agenda\/iv-mostra-de-curtmetratges-dia-de-les-illes-balears\/#primaryimage"},"image":{"@id":"https:\/\/cultura.santjosep.org\/es\/agenda\/iv-mostra-de-curtmetratges-dia-de-les-illes-balears\/#primaryimage"},"thumbnailUrl":"https:\/\/cultura.santjosep.org\/wp-content\/uploads\/2020\/10\/can-jeroni-fachada-trasera-scaled.jpg","datePublished":"2022-02-23T11:25:11+00:00","breadcrumb":{"@id":"https:\/\/cultura.santjosep.org\/es\/agenda\/iv-mostra-de-curtmetratges-dia-de-les-illes-balears\/#breadcrumb"},"inLanguage":"es","potentialAction":[{"@type":"ReadAction","target":["https:\/\/cultura.santjosep.org\/es\/agenda\/iv-mostra-de-curtmetratges-dia-de-les-illes-balears\/"]}]},{"@type":"ImageObject","inLanguage":"es","@id":"https:\/\/cultura.santjosep.org\/es\/agenda\/iv-mostra-de-curtmetratges-dia-de-les-illes-balears\/#primaryimage","url":"https:\/\/cultura.santjosep.org\/wp-content\/uploads\/2020\/10\/can-jeroni-fachada-trasera-scaled.jpg","contentUrl":"https:\/\/cultura.santjosep.org\/wp-content\/uploads\/2020\/10\/can-jeroni-fachada-trasera-scaled.jpg","width":2560,"height":1707},{"@type":"BreadcrumbList","@id":"https:\/\/cultura.santjosep.org\/es\/agenda\/iv-mostra-de-curtmetratges-dia-de-les-illes-balears\/#breadcrumb","itemListElement":[{"@type":"ListItem","position":1,"name":"Portada","item":"https:\/\/cultura.santjosep.org\/es\/"},{"@type":"ListItem","position":2,"name":"Eventos","item":"https:\/\/cultura.santjosep.org\/agenda\/"},{"@type":"ListItem","position":3,"name":"IV mostra de curtmetratges dia de les Illes Balears"}]},{"@type":"WebSite","@id":"https:\/\/cultura.santjosep.org\/es\/#website","url":"https:\/\/cultura.santjosep.org\/es\/","name":"Cultura a Sant Josep de sa Talaia","description":"","publisher":{"@id":"https:\/\/cultura.santjosep.org\/es\/#organization"},"potentialAction":[{"@type":"SearchAction","target":{"@type":"EntryPoint","urlTemplate":"https:\/\/cultura.santjosep.org\/es\/?s={search_term_string}"},"query-input":{"@type":"PropertyValueSpecification","valueRequired":true,"valueName":"search_term_string"}}],"inLanguage":"es"},{"@type":"Organization","@id":"https:\/\/cultura.santjosep.org\/es\/#organization","name":"Ajuntament de Sant Josep de sa Talaia","url":"https:\/\/cultura.santjosep.org\/es\/","logo":{"@type":"ImageObject","inLanguage":"es","@id":"https:\/\/cultura.santjosep.org\/es\/#\/schema\/logo\/image\/","url":"https:\/\/cultura.santjosep.org\/wp-content\/uploads\/2020\/10\/logocolor.jpg","contentUrl":"https:\/\/cultura.santjosep.org\/wp-content\/uploads\/2020\/10\/logocolor.jpg","width":250,"height":98,"caption":"Ajuntament de Sant Josep de sa Talaia"},"image":{"@id":"https:\/\/cultura.santjosep.org\/es\/#\/schema\/logo\/image\/"},"sameAs":["https:\/\/www.facebook.com\/Ajuntament-de-Sant-Josep-de-sa-Talaia-197541666931354\/","https:\/\/x.com\/DeTalaia","https:\/\/www.instagram.com\/sant_josep_de_sa_talaia\/"]}]}},"_links":{"self":[{"href":"https:\/\/cultura.santjosep.org\/es\/wp-json\/wp\/v2\/tribe_events\/10794","targetHints":{"allow":["GET"]}}],"collection":[{"href":"https:\/\/cultura.santjosep.org\/es\/wp-json\/wp\/v2\/tribe_events"}],"about":[{"href":"https:\/\/cultura.santjosep.org\/es\/wp-json\/wp\/v2\/types\/tribe_events"}],"author":[{"embeddable":true,"href":"https:\/\/cultura.santjosep.org\/es\/wp-json\/wp\/v2\/users\/1"}],"version-history":[{"count":0,"href":"https:\/\/cultura.santjosep.org\/es\/wp-json\/wp\/v2\/tribe_events\/10794\/revisions"}],"wp:featuredmedia":[{"embeddable":true,"href":"https:\/\/cultura.santjosep.org\/es\/wp-json\/wp\/v2\/media\/61"}],"wp:attachment":[{"href":"https:\/\/cultura.santjosep.org\/es\/wp-json\/wp\/v2\/media?parent=10794"}],"wp:term":[{"taxonomy":"post_tag","embeddable":true,"href":"https:\/\/cultura.santjosep.org\/es\/wp-json\/wp\/v2\/tags?post=10794"},{"taxonomy":"tribe_events_cat","embeddable":true,"href":"https:\/\/cultura.santjosep.org\/es\/wp-json\/wp\/v2\/tribe_events_cat?post=10794"}],"curies":[{"name":"wp","href":"https:\/\/api.w.org\/{rel}","templated":true}]}}