{"id":12174,"date":"2022-05-05T16:24:16","date_gmt":"2022-05-05T14:24:16","guid":{"rendered":"https:\/\/cultura.santjosep.org\/agenda\/divendres-de-cina-a-can-jeoroni-saint-frances\/"},"modified":"2022-05-19T16:10:16","modified_gmt":"2022-05-19T14:10:16","slug":"divendres-de-cine-a-can-jeoroni-saint-frances","status":"publish","type":"tribe_events","link":"https:\/\/cultura.santjosep.org\/es\/agenda\/divendres-de-cine-a-can-jeoroni-saint-frances\/","title":{"rendered":"Divendres de cine a Can Jeroni &#8211; &#8216;Saint Frances&#8217;"},"content":{"rendered":"<p><strong>&#8216;Saint Frances &#8216;| VOSE | 2019 |<\/strong><\/p>\n<p><strong>Duraci\u00f3n:<\/strong> 106 min. Estados Unidos<br \/>\n<strong>Direcci\u00f3n:<\/strong> Clara Roquet<br \/>\n<strong>Sinopsis: <\/strong>Bridget (Kelly O&#8217;Sullivan) decide abortar al comienzo del verano justo cuando consigue obtener un trabajo en un suburbio de Chicago tras pasar varios meses desesperada por encontrar uno. Su tarea consiste en cuidar de Frances, un ni\u00f1o de seis a\u00f1os. Sin apenas tiempo para recuperarse, pronto se ve teniendo problemas constantes con el peque\u00f1o y especialmente con su madre. Sin embargo, y a medida que pasa el tiempo, Bridget comienza a sentir que forma parte de una familia, y que gran parte de los problemas por los que atraviesa est\u00e1n relacionados precisamente con este hecho. (<br \/>\n<strong><br \/>\nEntrada libre hasta completar aforo<\/strong><\/p>\n","protected":false},"excerpt":{"rendered":"<p>&#8216;Saint Frances &#8216;| VOSE | 2019 | Duraci\u00f3n: 106 min. Estados Unidos Direcci\u00f3n: Clara Roquet Sinopsis: Bridget (Kelly O&#8217;Sullivan) decide abortar al comienzo del verano justo cuando consigue obtener un &hellip; <\/p>\n<p class=\"link-more\"><a href=\"https:\/\/cultura.santjosep.org\/es\/agenda\/divendres-de-cine-a-can-jeoroni-saint-frances\/\" class=\"more-link\">Seguir leyendo<span class=\"screen-reader-text\"> \u00abDivendres de cine a Can Jeroni &#8211; &#8216;Saint Frances&#8217;\u00bb<\/span><\/a><\/p>\n","protected":false},"author":1,"featured_media":12172,"template":"","meta":{"_tribe_events_status":"","_tribe_events_status_reason":"","_tribe_events_is_hybrid":"","_tribe_events_is_virtual":"","_tribe_events_virtual_video_source":"","_tribe_events_virtual_embed_video":"","_tribe_events_virtual_linked_button_text":"","_tribe_events_virtual_linked_button":"","_tribe_events_virtual_show_embed_at":"","_tribe_events_virtual_show_embed_to":[],"_tribe_events_virtual_show_on_event":"","_tribe_events_virtual_show_on_views":"","_tribe_events_virtual_url":"","footnotes":""},"tags":[],"tribe_events_cat":[30],"class_list":["post-12174","tribe_events","type-tribe_events","status-publish","has-post-thumbnail","hentry","tribe_events_cat-cine","cat_cine","entry"],"yoast_head":"<!-- This site is optimized with the Yoast SEO plugin v26.6 - https:\/\/yoast.com\/wordpress\/plugins\/seo\/ -->\n<title>Divendres de cine a Can Jeroni - &#039;Saint Frances&#039; - Cultura a Sant Josep de sa Talaia<\/title>\n<meta name=\"robots\" content=\"index, follow, max-snippet:-1, max-image-preview:large, max-video-preview:-1\" \/>\n<link rel=\"canonical\" href=\"https:\/\/cultura.santjosep.org\/es\/agenda\/divendres-de-cine-a-can-jeoroni-saint-frances\/\" \/>\n<meta property=\"og:locale\" content=\"es_ES\" \/>\n<meta property=\"og:type\" content=\"article\" \/>\n<meta property=\"og:title\" content=\"Divendres de cine a Can Jeroni - &#039;Saint Frances&#039; - Cultura a Sant Josep de sa Talaia\" \/>\n<meta property=\"og:description\" content=\"&#8216;Saint Frances &#8216;| VOSE | 2019 | Duraci\u00f3n: 106 min. Estados Unidos Direcci\u00f3n: Clara Roquet Sinopsis: Bridget (Kelly O&#8217;Sullivan) decide abortar al comienzo del verano justo cuando consigue obtener un &hellip; Seguir leyendo \u00abDivendres de cine a Can Jeroni &#8211; &#8216;Saint Frances&#8217;\u00bb\" \/>\n<meta property=\"og:url\" content=\"https:\/\/cultura.santjosep.org\/es\/agenda\/divendres-de-cine-a-can-jeoroni-saint-frances\/\" \/>\n<meta property=\"og:site_name\" content=\"Cultura a Sant Josep de sa Talaia\" \/>\n<meta property=\"article:publisher\" content=\"https:\/\/www.facebook.com\/Ajuntament-de-Sant-Josep-de-sa-Talaia-197541666931354\/\" \/>\n<meta property=\"article:modified_time\" content=\"2022-05-19T14:10:16+00:00\" \/>\n<meta property=\"og:image\" content=\"https:\/\/cultura.santjosep.org\/wp-content\/uploads\/2022\/05\/saint_frances-798102606-large.jpg\" \/>\n\t<meta property=\"og:image:width\" content=\"814\" \/>\n\t<meta property=\"og:image:height\" content=\"1200\" \/>\n\t<meta property=\"og:image:type\" content=\"image\/jpeg\" \/>\n<meta name=\"twitter:card\" content=\"summary_large_image\" \/>\n<meta name=\"twitter:site\" content=\"@DeTalaia\" \/>\n<meta name=\"twitter:label1\" content=\"Tiempo de lectura\" \/>\n\t<meta name=\"twitter:data1\" content=\"1 minuto\" \/>\n<script type=\"application\/ld+json\" class=\"yoast-schema-graph\">{\"@context\":\"https:\/\/schema.org\",\"@graph\":[{\"@type\":\"WebPage\",\"@id\":\"https:\/\/cultura.santjosep.org\/es\/agenda\/divendres-de-cine-a-can-jeoroni-saint-frances\/\",\"url\":\"https:\/\/cultura.santjosep.org\/es\/agenda\/divendres-de-cine-a-can-jeoroni-saint-frances\/\",\"name\":\"Divendres de cine a Can Jeroni - 'Saint Frances' - Cultura a Sant Josep de sa Talaia\",\"isPartOf\":{\"@id\":\"https:\/\/cultura.santjosep.org\/es\/#website\"},\"primaryImageOfPage\":{\"@id\":\"https:\/\/cultura.santjosep.org\/es\/agenda\/divendres-de-cine-a-can-jeoroni-saint-frances\/#primaryimage\"},\"image\":{\"@id\":\"https:\/\/cultura.santjosep.org\/es\/agenda\/divendres-de-cine-a-can-jeoroni-saint-frances\/#primaryimage\"},\"thumbnailUrl\":\"https:\/\/cultura.santjosep.org\/wp-content\/uploads\/2022\/05\/saint_frances-798102606-large.jpg\",\"datePublished\":\"2022-05-05T14:24:16+00:00\",\"dateModified\":\"2022-05-19T14:10:16+00:00\",\"breadcrumb\":{\"@id\":\"https:\/\/cultura.santjosep.org\/es\/agenda\/divendres-de-cine-a-can-jeoroni-saint-frances\/#breadcrumb\"},\"inLanguage\":\"es\",\"potentialAction\":[{\"@type\":\"ReadAction\",\"target\":[\"https:\/\/cultura.santjosep.org\/es\/agenda\/divendres-de-cine-a-can-jeoroni-saint-frances\/\"]}]},{\"@type\":\"ImageObject\",\"inLanguage\":\"es\",\"@id\":\"https:\/\/cultura.santjosep.org\/es\/agenda\/divendres-de-cine-a-can-jeoroni-saint-frances\/#primaryimage\",\"url\":\"https:\/\/cultura.santjosep.org\/wp-content\/uploads\/2022\/05\/saint_frances-798102606-large.jpg\",\"contentUrl\":\"https:\/\/cultura.santjosep.org\/wp-content\/uploads\/2022\/05\/saint_frances-798102606-large.jpg\",\"width\":814,\"height\":1200},{\"@type\":\"BreadcrumbList\",\"@id\":\"https:\/\/cultura.santjosep.org\/es\/agenda\/divendres-de-cine-a-can-jeoroni-saint-frances\/#breadcrumb\",\"itemListElement\":[{\"@type\":\"ListItem\",\"position\":1,\"name\":\"Portada\",\"item\":\"https:\/\/cultura.santjosep.org\/es\/\"},{\"@type\":\"ListItem\",\"position\":2,\"name\":\"Eventos\",\"item\":\"https:\/\/cultura.santjosep.org\/agenda\/\"},{\"@type\":\"ListItem\",\"position\":3,\"name\":\"Divendres de cine a Can Jeroni &#8211; &#8216;Saint Frances&#8217;\"}]},{\"@type\":\"WebSite\",\"@id\":\"https:\/\/cultura.santjosep.org\/es\/#website\",\"url\":\"https:\/\/cultura.santjosep.org\/es\/\",\"name\":\"Cultura a Sant Josep de sa Talaia\",\"description\":\"\",\"publisher\":{\"@id\":\"https:\/\/cultura.santjosep.org\/es\/#organization\"},\"potentialAction\":[{\"@type\":\"SearchAction\",\"target\":{\"@type\":\"EntryPoint\",\"urlTemplate\":\"https:\/\/cultura.santjosep.org\/es\/?s={search_term_string}\"},\"query-input\":{\"@type\":\"PropertyValueSpecification\",\"valueRequired\":true,\"valueName\":\"search_term_string\"}}],\"inLanguage\":\"es\"},{\"@type\":\"Organization\",\"@id\":\"https:\/\/cultura.santjosep.org\/es\/#organization\",\"name\":\"Ajuntament de Sant Josep de sa Talaia\",\"url\":\"https:\/\/cultura.santjosep.org\/es\/\",\"logo\":{\"@type\":\"ImageObject\",\"inLanguage\":\"es\",\"@id\":\"https:\/\/cultura.santjosep.org\/es\/#\/schema\/logo\/image\/\",\"url\":\"https:\/\/cultura.santjosep.org\/wp-content\/uploads\/2020\/10\/logocolor.jpg\",\"contentUrl\":\"https:\/\/cultura.santjosep.org\/wp-content\/uploads\/2020\/10\/logocolor.jpg\",\"width\":250,\"height\":98,\"caption\":\"Ajuntament de Sant Josep de sa Talaia\"},\"image\":{\"@id\":\"https:\/\/cultura.santjosep.org\/es\/#\/schema\/logo\/image\/\"},\"sameAs\":[\"https:\/\/www.facebook.com\/Ajuntament-de-Sant-Josep-de-sa-Talaia-197541666931354\/\",\"https:\/\/x.com\/DeTalaia\",\"https:\/\/www.instagram.com\/sant_josep_de_sa_talaia\/\"]}]}<\/script>\n<!-- \/ Yoast SEO plugin. -->","yoast_head_json":{"title":"Divendres de cine a Can Jeroni - 'Saint Frances' - Cultura a Sant Josep de sa Talaia","robots":{"index":"index","follow":"follow","max-snippet":"max-snippet:-1","max-image-preview":"max-image-preview:large","max-video-preview":"max-video-preview:-1"},"canonical":"https:\/\/cultura.santjosep.org\/es\/agenda\/divendres-de-cine-a-can-jeoroni-saint-frances\/","og_locale":"es_ES","og_type":"article","og_title":"Divendres de cine a Can Jeroni - 'Saint Frances' - Cultura a Sant Josep de sa Talaia","og_description":"&#8216;Saint Frances &#8216;| VOSE | 2019 | Duraci\u00f3n: 106 min. Estados Unidos Direcci\u00f3n: Clara Roquet Sinopsis: Bridget (Kelly O&#8217;Sullivan) decide abortar al comienzo del verano justo cuando consigue obtener un &hellip; Seguir leyendo \u00abDivendres de cine a Can Jeroni &#8211; &#8216;Saint Frances&#8217;\u00bb","og_url":"https:\/\/cultura.santjosep.org\/es\/agenda\/divendres-de-cine-a-can-jeoroni-saint-frances\/","og_site_name":"Cultura a Sant Josep de sa Talaia","article_publisher":"https:\/\/www.facebook.com\/Ajuntament-de-Sant-Josep-de-sa-Talaia-197541666931354\/","article_modified_time":"2022-05-19T14:10:16+00:00","og_image":[{"width":814,"height":1200,"url":"https:\/\/cultura.santjosep.org\/wp-content\/uploads\/2022\/05\/saint_frances-798102606-large.jpg","type":"image\/jpeg"}],"twitter_card":"summary_large_image","twitter_site":"@DeTalaia","twitter_misc":{"Tiempo de lectura":"1 minuto"},"schema":{"@context":"https:\/\/schema.org","@graph":[{"@type":"WebPage","@id":"https:\/\/cultura.santjosep.org\/es\/agenda\/divendres-de-cine-a-can-jeoroni-saint-frances\/","url":"https:\/\/cultura.santjosep.org\/es\/agenda\/divendres-de-cine-a-can-jeoroni-saint-frances\/","name":"Divendres de cine a Can Jeroni - 'Saint Frances' - Cultura a Sant Josep de sa Talaia","isPartOf":{"@id":"https:\/\/cultura.santjosep.org\/es\/#website"},"primaryImageOfPage":{"@id":"https:\/\/cultura.santjosep.org\/es\/agenda\/divendres-de-cine-a-can-jeoroni-saint-frances\/#primaryimage"},"image":{"@id":"https:\/\/cultura.santjosep.org\/es\/agenda\/divendres-de-cine-a-can-jeoroni-saint-frances\/#primaryimage"},"thumbnailUrl":"https:\/\/cultura.santjosep.org\/wp-content\/uploads\/2022\/05\/saint_frances-798102606-large.jpg","datePublished":"2022-05-05T14:24:16+00:00","dateModified":"2022-05-19T14:10:16+00:00","breadcrumb":{"@id":"https:\/\/cultura.santjosep.org\/es\/agenda\/divendres-de-cine-a-can-jeoroni-saint-frances\/#breadcrumb"},"inLanguage":"es","potentialAction":[{"@type":"ReadAction","target":["https:\/\/cultura.santjosep.org\/es\/agenda\/divendres-de-cine-a-can-jeoroni-saint-frances\/"]}]},{"@type":"ImageObject","inLanguage":"es","@id":"https:\/\/cultura.santjosep.org\/es\/agenda\/divendres-de-cine-a-can-jeoroni-saint-frances\/#primaryimage","url":"https:\/\/cultura.santjosep.org\/wp-content\/uploads\/2022\/05\/saint_frances-798102606-large.jpg","contentUrl":"https:\/\/cultura.santjosep.org\/wp-content\/uploads\/2022\/05\/saint_frances-798102606-large.jpg","width":814,"height":1200},{"@type":"BreadcrumbList","@id":"https:\/\/cultura.santjosep.org\/es\/agenda\/divendres-de-cine-a-can-jeoroni-saint-frances\/#breadcrumb","itemListElement":[{"@type":"ListItem","position":1,"name":"Portada","item":"https:\/\/cultura.santjosep.org\/es\/"},{"@type":"ListItem","position":2,"name":"Eventos","item":"https:\/\/cultura.santjosep.org\/agenda\/"},{"@type":"ListItem","position":3,"name":"Divendres de cine a Can Jeroni &#8211; &#8216;Saint Frances&#8217;"}]},{"@type":"WebSite","@id":"https:\/\/cultura.santjosep.org\/es\/#website","url":"https:\/\/cultura.santjosep.org\/es\/","name":"Cultura a Sant Josep de sa Talaia","description":"","publisher":{"@id":"https:\/\/cultura.santjosep.org\/es\/#organization"},"potentialAction":[{"@type":"SearchAction","target":{"@type":"EntryPoint","urlTemplate":"https:\/\/cultura.santjosep.org\/es\/?s={search_term_string}"},"query-input":{"@type":"PropertyValueSpecification","valueRequired":true,"valueName":"search_term_string"}}],"inLanguage":"es"},{"@type":"Organization","@id":"https:\/\/cultura.santjosep.org\/es\/#organization","name":"Ajuntament de Sant Josep de sa Talaia","url":"https:\/\/cultura.santjosep.org\/es\/","logo":{"@type":"ImageObject","inLanguage":"es","@id":"https:\/\/cultura.santjosep.org\/es\/#\/schema\/logo\/image\/","url":"https:\/\/cultura.santjosep.org\/wp-content\/uploads\/2020\/10\/logocolor.jpg","contentUrl":"https:\/\/cultura.santjosep.org\/wp-content\/uploads\/2020\/10\/logocolor.jpg","width":250,"height":98,"caption":"Ajuntament de Sant Josep de sa Talaia"},"image":{"@id":"https:\/\/cultura.santjosep.org\/es\/#\/schema\/logo\/image\/"},"sameAs":["https:\/\/www.facebook.com\/Ajuntament-de-Sant-Josep-de-sa-Talaia-197541666931354\/","https:\/\/x.com\/DeTalaia","https:\/\/www.instagram.com\/sant_josep_de_sa_talaia\/"]}]}},"_links":{"self":[{"href":"https:\/\/cultura.santjosep.org\/es\/wp-json\/wp\/v2\/tribe_events\/12174","targetHints":{"allow":["GET"]}}],"collection":[{"href":"https:\/\/cultura.santjosep.org\/es\/wp-json\/wp\/v2\/tribe_events"}],"about":[{"href":"https:\/\/cultura.santjosep.org\/es\/wp-json\/wp\/v2\/types\/tribe_events"}],"author":[{"embeddable":true,"href":"https:\/\/cultura.santjosep.org\/es\/wp-json\/wp\/v2\/users\/1"}],"version-history":[{"count":0,"href":"https:\/\/cultura.santjosep.org\/es\/wp-json\/wp\/v2\/tribe_events\/12174\/revisions"}],"wp:featuredmedia":[{"embeddable":true,"href":"https:\/\/cultura.santjosep.org\/es\/wp-json\/wp\/v2\/media\/12172"}],"wp:attachment":[{"href":"https:\/\/cultura.santjosep.org\/es\/wp-json\/wp\/v2\/media?parent=12174"}],"wp:term":[{"taxonomy":"post_tag","embeddable":true,"href":"https:\/\/cultura.santjosep.org\/es\/wp-json\/wp\/v2\/tags?post=12174"},{"taxonomy":"tribe_events_cat","embeddable":true,"href":"https:\/\/cultura.santjosep.org\/es\/wp-json\/wp\/v2\/tribe_events_cat?post=12174"}],"curies":[{"name":"wp","href":"https:\/\/api.w.org\/{rel}","templated":true}]}}