{"id":12407,"date":"2022-05-26T11:02:54","date_gmt":"2022-05-26T09:02:54","guid":{"rendered":"https:\/\/cultura.santjosep.org\/agenda\/dance-is-my-heroine-de-cristina-gomez\/"},"modified":"2022-05-26T11:04:30","modified_gmt":"2022-05-26T09:04:30","slug":"dance-is-my-heroine-de-cristina-gomez","status":"publish","type":"tribe_events","link":"https:\/\/cultura.santjosep.org\/es\/agenda\/dance-is-my-heroine-de-cristina-gomez\/","title":{"rendered":"&#8216;Dance is my Heroine&#8217; de Cristina G\u00f3mez"},"content":{"rendered":"<div class=\"wpb-content-wrapper\"><p>[vc_row][vc_column][vc_column_text]<strong>&#8216;Dance is my heroine&#8217; \u00b7 Espect\u00e1culo de danza contempor\u00e1nea <\/strong><br \/>\n5 junio 19:00 h \u00b7 Auditorio Cal\u00f3 de s&#8217;Oli<\/p>\n<p><strong>Sinopsis: <\/strong>Desear no ser t\u00fa y acabar siendo m\u00e1s t\u00fa que nunca. Dance is my heroine habla de identidad -digital-, de likes, de atreverse a ser, de permitirse fracasar, de desconectarse un rato y devolverle al cuerpo el poder para experienciar la vida \u00abreal\u00bb. Tambi\u00e9n es un tributo a tres mujeres que han marcado la historia de la danza: Yvonne Rainer, Deborah Hay y Pina Bausch. Una propuesta esc\u00e9nica multidisciplinar cargada de humor que combina danza, texto y v\u00eddeo.<\/p>\n<p><strong>Proyecto apoyado por:<\/strong> AECID, Centro de Residencias Art\u00edsticas Matadero (Madrid), Sala Carme Teatre (Valencia), L Estruch F\u00e1brica de Creaci\u00f3n (Sabadell-Barcelona), Arropaineko Arragua (Euskadi) y Hammana Artist House (Libano).<\/p>\n<p><strong>Direcci\u00f3n, coreografia, interpretaci\u00f3n, dramaturgia, iluminacion, seleccion musical, texto, v\u00eddeo y vestuario: <\/strong>Cristina G\u00f3mez (Albacete, 1979).<\/p>\n<p>Creadora esc\u00e9nica, bailarina y profesora de danza, afincada en Valencia desde 2010. Licenciada en Periodismo por la Universidad Pontificia de Salamanca y en Danza Contempor\u00e1nea por la London Contemporary Dance School (2003-06)). Dirige la plataforma En\u00c1mbar Danza desde la que produce sus trabajos. Ha colaborado con otros artistas y compa\u00f1\u00edas como Spanish Brass, SHADEseasons, La Lola Boreal, Sebasti\u00e1n G. Ferro, Sol Pic\u00f3. Entiende la escena y el cuerpo como un espacio l\u00fadico que genera reflexi\u00f3n, encuentro y transformaci\u00f3n. En sus piezas, adem\u00e1s de movimiento, suele incluir v\u00eddeo, texto y humor. Para cada proyecto cuenta con un equipo art\u00edstico espec\u00edfico. Anhel y Dance is my heroine son sus \u00faltimas propuestas esc\u00e9nicas. Desde hace cinco a\u00f1os es profesora invitada de la Formaci\u00f3n Intensiva de Danza Contempor\u00e1nea que ofrece EBCD (Eva Bertomeu Centro de Danza, Valencia).<\/p>\n<p>[\/vc_column_text][vc_video link=\u00bbhttps:\/\/vimeo.com\/379712188&#8243;][\/vc_column][\/vc_row]<\/p>\n<\/div>","protected":false},"excerpt":{"rendered":"<p>[vc_row][vc_column][vc_column_text]&#8216;Dance is my heroine&#8217; \u00b7 Espect\u00e1culo de danza contempor\u00e1nea 5 junio 19:00 h \u00b7 Auditorio Cal\u00f3 de s&#8217;Oli Sinopsis: Desear no ser t\u00fa y acabar siendo m\u00e1s t\u00fa que nunca. &hellip; <\/p>\n<p class=\"link-more\"><a href=\"https:\/\/cultura.santjosep.org\/es\/agenda\/dance-is-my-heroine-de-cristina-gomez\/\" class=\"more-link\">Seguir leyendo<span class=\"screen-reader-text\"> \u00ab&#8216;Dance is my Heroine&#8217; de Cristina G\u00f3mez\u00bb<\/span><\/a><\/p>\n","protected":false},"author":1,"featured_media":12404,"template":"","meta":{"_tribe_events_status":"","_tribe_events_status_reason":"","_tribe_events_is_hybrid":"","_tribe_events_is_virtual":"","_tribe_events_virtual_video_source":"","_tribe_events_virtual_embed_video":"","_tribe_events_virtual_linked_button_text":"","_tribe_events_virtual_linked_button":"","_tribe_events_virtual_show_embed_at":"","_tribe_events_virtual_show_embed_to":[],"_tribe_events_virtual_show_on_event":"","_tribe_events_virtual_show_on_views":"","_tribe_events_virtual_url":"","footnotes":""},"tags":[],"tribe_events_cat":[63],"class_list":["post-12407","tribe_events","type-tribe_events","status-publish","has-post-thumbnail","hentry","tribe_events_cat-espectaculos","cat_espectaculos","entry"],"yoast_head":"<!-- This site is optimized with the Yoast SEO plugin v26.6 - https:\/\/yoast.com\/wordpress\/plugins\/seo\/ -->\n<title>&#039;Dance is my Heroine&#039; de Cristina G\u00f3mez - Cultura a Sant Josep de sa Talaia<\/title>\n<meta name=\"robots\" content=\"index, follow, max-snippet:-1, max-image-preview:large, max-video-preview:-1\" \/>\n<link rel=\"canonical\" href=\"https:\/\/cultura.santjosep.org\/es\/agenda\/dance-is-my-heroine-de-cristina-gomez\/\" \/>\n<meta property=\"og:locale\" content=\"es_ES\" \/>\n<meta property=\"og:type\" content=\"article\" \/>\n<meta property=\"og:title\" content=\"&#039;Dance is my Heroine&#039; de Cristina G\u00f3mez - Cultura a Sant Josep de sa Talaia\" \/>\n<meta property=\"og:description\" content=\"[vc_row][vc_column][vc_column_text]&#8216;Dance is my heroine&#8217; \u00b7 Espect\u00e1culo de danza contempor\u00e1nea 5 junio 19:00 h \u00b7 Auditorio Cal\u00f3 de s&#8217;Oli Sinopsis: Desear no ser t\u00fa y acabar siendo m\u00e1s t\u00fa que nunca. &hellip; Seguir leyendo \u00ab&#8216;Dance is my Heroine&#8217; de Cristina G\u00f3mez\u00bb\" \/>\n<meta property=\"og:url\" content=\"https:\/\/cultura.santjosep.org\/es\/agenda\/dance-is-my-heroine-de-cristina-gomez\/\" \/>\n<meta property=\"og:site_name\" content=\"Cultura a Sant Josep de sa Talaia\" \/>\n<meta property=\"article:publisher\" content=\"https:\/\/www.facebook.com\/Ajuntament-de-Sant-Josep-de-sa-Talaia-197541666931354\/\" \/>\n<meta property=\"article:modified_time\" content=\"2022-05-26T09:04:30+00:00\" \/>\n<meta property=\"og:image\" content=\"https:\/\/cultura.santjosep.org\/wp-content\/uploads\/2022\/05\/salto-funny-expo.jpg\" \/>\n\t<meta property=\"og:image:width\" content=\"1280\" \/>\n\t<meta property=\"og:image:height\" content=\"914\" \/>\n\t<meta property=\"og:image:type\" content=\"image\/jpeg\" \/>\n<meta name=\"twitter:card\" content=\"summary_large_image\" \/>\n<meta name=\"twitter:site\" content=\"@DeTalaia\" \/>\n<meta name=\"twitter:label1\" content=\"Tiempo de lectura\" \/>\n\t<meta name=\"twitter:data1\" content=\"2 minutos\" \/>\n<script type=\"application\/ld+json\" class=\"yoast-schema-graph\">{\"@context\":\"https:\/\/schema.org\",\"@graph\":[{\"@type\":\"WebPage\",\"@id\":\"https:\/\/cultura.santjosep.org\/es\/agenda\/dance-is-my-heroine-de-cristina-gomez\/\",\"url\":\"https:\/\/cultura.santjosep.org\/es\/agenda\/dance-is-my-heroine-de-cristina-gomez\/\",\"name\":\"'Dance is my Heroine' de Cristina G\u00f3mez - Cultura a Sant Josep de sa Talaia\",\"isPartOf\":{\"@id\":\"https:\/\/cultura.santjosep.org\/es\/#website\"},\"primaryImageOfPage\":{\"@id\":\"https:\/\/cultura.santjosep.org\/es\/agenda\/dance-is-my-heroine-de-cristina-gomez\/#primaryimage\"},\"image\":{\"@id\":\"https:\/\/cultura.santjosep.org\/es\/agenda\/dance-is-my-heroine-de-cristina-gomez\/#primaryimage\"},\"thumbnailUrl\":\"https:\/\/cultura.santjosep.org\/wp-content\/uploads\/2022\/05\/salto-funny-expo.jpg\",\"datePublished\":\"2022-05-26T09:02:54+00:00\",\"dateModified\":\"2022-05-26T09:04:30+00:00\",\"breadcrumb\":{\"@id\":\"https:\/\/cultura.santjosep.org\/es\/agenda\/dance-is-my-heroine-de-cristina-gomez\/#breadcrumb\"},\"inLanguage\":\"es\",\"potentialAction\":[{\"@type\":\"ReadAction\",\"target\":[\"https:\/\/cultura.santjosep.org\/es\/agenda\/dance-is-my-heroine-de-cristina-gomez\/\"]}]},{\"@type\":\"ImageObject\",\"inLanguage\":\"es\",\"@id\":\"https:\/\/cultura.santjosep.org\/es\/agenda\/dance-is-my-heroine-de-cristina-gomez\/#primaryimage\",\"url\":\"https:\/\/cultura.santjosep.org\/wp-content\/uploads\/2022\/05\/salto-funny-expo.jpg\",\"contentUrl\":\"https:\/\/cultura.santjosep.org\/wp-content\/uploads\/2022\/05\/salto-funny-expo.jpg\",\"width\":1280,\"height\":914},{\"@type\":\"BreadcrumbList\",\"@id\":\"https:\/\/cultura.santjosep.org\/es\/agenda\/dance-is-my-heroine-de-cristina-gomez\/#breadcrumb\",\"itemListElement\":[{\"@type\":\"ListItem\",\"position\":1,\"name\":\"Portada\",\"item\":\"https:\/\/cultura.santjosep.org\/es\/\"},{\"@type\":\"ListItem\",\"position\":2,\"name\":\"Eventos\",\"item\":\"https:\/\/cultura.santjosep.org\/agenda\/\"},{\"@type\":\"ListItem\",\"position\":3,\"name\":\"&#8216;Dance is my Heroine&#8217; de Cristina G\u00f3mez\"}]},{\"@type\":\"WebSite\",\"@id\":\"https:\/\/cultura.santjosep.org\/es\/#website\",\"url\":\"https:\/\/cultura.santjosep.org\/es\/\",\"name\":\"Cultura a Sant Josep de sa Talaia\",\"description\":\"\",\"publisher\":{\"@id\":\"https:\/\/cultura.santjosep.org\/es\/#organization\"},\"potentialAction\":[{\"@type\":\"SearchAction\",\"target\":{\"@type\":\"EntryPoint\",\"urlTemplate\":\"https:\/\/cultura.santjosep.org\/es\/?s={search_term_string}\"},\"query-input\":{\"@type\":\"PropertyValueSpecification\",\"valueRequired\":true,\"valueName\":\"search_term_string\"}}],\"inLanguage\":\"es\"},{\"@type\":\"Organization\",\"@id\":\"https:\/\/cultura.santjosep.org\/es\/#organization\",\"name\":\"Ajuntament de Sant Josep de sa Talaia\",\"url\":\"https:\/\/cultura.santjosep.org\/es\/\",\"logo\":{\"@type\":\"ImageObject\",\"inLanguage\":\"es\",\"@id\":\"https:\/\/cultura.santjosep.org\/es\/#\/schema\/logo\/image\/\",\"url\":\"https:\/\/cultura.santjosep.org\/wp-content\/uploads\/2020\/10\/logocolor.jpg\",\"contentUrl\":\"https:\/\/cultura.santjosep.org\/wp-content\/uploads\/2020\/10\/logocolor.jpg\",\"width\":250,\"height\":98,\"caption\":\"Ajuntament de Sant Josep de sa Talaia\"},\"image\":{\"@id\":\"https:\/\/cultura.santjosep.org\/es\/#\/schema\/logo\/image\/\"},\"sameAs\":[\"https:\/\/www.facebook.com\/Ajuntament-de-Sant-Josep-de-sa-Talaia-197541666931354\/\",\"https:\/\/x.com\/DeTalaia\",\"https:\/\/www.instagram.com\/sant_josep_de_sa_talaia\/\"]}]}<\/script>\n<!-- \/ Yoast SEO plugin. -->","yoast_head_json":{"title":"'Dance is my Heroine' de Cristina G\u00f3mez - Cultura a Sant Josep de sa Talaia","robots":{"index":"index","follow":"follow","max-snippet":"max-snippet:-1","max-image-preview":"max-image-preview:large","max-video-preview":"max-video-preview:-1"},"canonical":"https:\/\/cultura.santjosep.org\/es\/agenda\/dance-is-my-heroine-de-cristina-gomez\/","og_locale":"es_ES","og_type":"article","og_title":"'Dance is my Heroine' de Cristina G\u00f3mez - Cultura a Sant Josep de sa Talaia","og_description":"[vc_row][vc_column][vc_column_text]&#8216;Dance is my heroine&#8217; \u00b7 Espect\u00e1culo de danza contempor\u00e1nea 5 junio 19:00 h \u00b7 Auditorio Cal\u00f3 de s&#8217;Oli Sinopsis: Desear no ser t\u00fa y acabar siendo m\u00e1s t\u00fa que nunca. &hellip; Seguir leyendo \u00ab&#8216;Dance is my Heroine&#8217; de Cristina G\u00f3mez\u00bb","og_url":"https:\/\/cultura.santjosep.org\/es\/agenda\/dance-is-my-heroine-de-cristina-gomez\/","og_site_name":"Cultura a Sant Josep de sa Talaia","article_publisher":"https:\/\/www.facebook.com\/Ajuntament-de-Sant-Josep-de-sa-Talaia-197541666931354\/","article_modified_time":"2022-05-26T09:04:30+00:00","og_image":[{"width":1280,"height":914,"url":"https:\/\/cultura.santjosep.org\/wp-content\/uploads\/2022\/05\/salto-funny-expo.jpg","type":"image\/jpeg"}],"twitter_card":"summary_large_image","twitter_site":"@DeTalaia","twitter_misc":{"Tiempo de lectura":"2 minutos"},"schema":{"@context":"https:\/\/schema.org","@graph":[{"@type":"WebPage","@id":"https:\/\/cultura.santjosep.org\/es\/agenda\/dance-is-my-heroine-de-cristina-gomez\/","url":"https:\/\/cultura.santjosep.org\/es\/agenda\/dance-is-my-heroine-de-cristina-gomez\/","name":"'Dance is my Heroine' de Cristina G\u00f3mez - Cultura a Sant Josep de sa Talaia","isPartOf":{"@id":"https:\/\/cultura.santjosep.org\/es\/#website"},"primaryImageOfPage":{"@id":"https:\/\/cultura.santjosep.org\/es\/agenda\/dance-is-my-heroine-de-cristina-gomez\/#primaryimage"},"image":{"@id":"https:\/\/cultura.santjosep.org\/es\/agenda\/dance-is-my-heroine-de-cristina-gomez\/#primaryimage"},"thumbnailUrl":"https:\/\/cultura.santjosep.org\/wp-content\/uploads\/2022\/05\/salto-funny-expo.jpg","datePublished":"2022-05-26T09:02:54+00:00","dateModified":"2022-05-26T09:04:30+00:00","breadcrumb":{"@id":"https:\/\/cultura.santjosep.org\/es\/agenda\/dance-is-my-heroine-de-cristina-gomez\/#breadcrumb"},"inLanguage":"es","potentialAction":[{"@type":"ReadAction","target":["https:\/\/cultura.santjosep.org\/es\/agenda\/dance-is-my-heroine-de-cristina-gomez\/"]}]},{"@type":"ImageObject","inLanguage":"es","@id":"https:\/\/cultura.santjosep.org\/es\/agenda\/dance-is-my-heroine-de-cristina-gomez\/#primaryimage","url":"https:\/\/cultura.santjosep.org\/wp-content\/uploads\/2022\/05\/salto-funny-expo.jpg","contentUrl":"https:\/\/cultura.santjosep.org\/wp-content\/uploads\/2022\/05\/salto-funny-expo.jpg","width":1280,"height":914},{"@type":"BreadcrumbList","@id":"https:\/\/cultura.santjosep.org\/es\/agenda\/dance-is-my-heroine-de-cristina-gomez\/#breadcrumb","itemListElement":[{"@type":"ListItem","position":1,"name":"Portada","item":"https:\/\/cultura.santjosep.org\/es\/"},{"@type":"ListItem","position":2,"name":"Eventos","item":"https:\/\/cultura.santjosep.org\/agenda\/"},{"@type":"ListItem","position":3,"name":"&#8216;Dance is my Heroine&#8217; de Cristina G\u00f3mez"}]},{"@type":"WebSite","@id":"https:\/\/cultura.santjosep.org\/es\/#website","url":"https:\/\/cultura.santjosep.org\/es\/","name":"Cultura a Sant Josep de sa Talaia","description":"","publisher":{"@id":"https:\/\/cultura.santjosep.org\/es\/#organization"},"potentialAction":[{"@type":"SearchAction","target":{"@type":"EntryPoint","urlTemplate":"https:\/\/cultura.santjosep.org\/es\/?s={search_term_string}"},"query-input":{"@type":"PropertyValueSpecification","valueRequired":true,"valueName":"search_term_string"}}],"inLanguage":"es"},{"@type":"Organization","@id":"https:\/\/cultura.santjosep.org\/es\/#organization","name":"Ajuntament de Sant Josep de sa Talaia","url":"https:\/\/cultura.santjosep.org\/es\/","logo":{"@type":"ImageObject","inLanguage":"es","@id":"https:\/\/cultura.santjosep.org\/es\/#\/schema\/logo\/image\/","url":"https:\/\/cultura.santjosep.org\/wp-content\/uploads\/2020\/10\/logocolor.jpg","contentUrl":"https:\/\/cultura.santjosep.org\/wp-content\/uploads\/2020\/10\/logocolor.jpg","width":250,"height":98,"caption":"Ajuntament de Sant Josep de sa Talaia"},"image":{"@id":"https:\/\/cultura.santjosep.org\/es\/#\/schema\/logo\/image\/"},"sameAs":["https:\/\/www.facebook.com\/Ajuntament-de-Sant-Josep-de-sa-Talaia-197541666931354\/","https:\/\/x.com\/DeTalaia","https:\/\/www.instagram.com\/sant_josep_de_sa_talaia\/"]}]}},"_links":{"self":[{"href":"https:\/\/cultura.santjosep.org\/es\/wp-json\/wp\/v2\/tribe_events\/12407","targetHints":{"allow":["GET"]}}],"collection":[{"href":"https:\/\/cultura.santjosep.org\/es\/wp-json\/wp\/v2\/tribe_events"}],"about":[{"href":"https:\/\/cultura.santjosep.org\/es\/wp-json\/wp\/v2\/types\/tribe_events"}],"author":[{"embeddable":true,"href":"https:\/\/cultura.santjosep.org\/es\/wp-json\/wp\/v2\/users\/1"}],"version-history":[{"count":0,"href":"https:\/\/cultura.santjosep.org\/es\/wp-json\/wp\/v2\/tribe_events\/12407\/revisions"}],"wp:featuredmedia":[{"embeddable":true,"href":"https:\/\/cultura.santjosep.org\/es\/wp-json\/wp\/v2\/media\/12404"}],"wp:attachment":[{"href":"https:\/\/cultura.santjosep.org\/es\/wp-json\/wp\/v2\/media?parent=12407"}],"wp:term":[{"taxonomy":"post_tag","embeddable":true,"href":"https:\/\/cultura.santjosep.org\/es\/wp-json\/wp\/v2\/tags?post=12407"},{"taxonomy":"tribe_events_cat","embeddable":true,"href":"https:\/\/cultura.santjosep.org\/es\/wp-json\/wp\/v2\/tribe_events_cat?post=12407"}],"curies":[{"name":"wp","href":"https:\/\/api.w.org\/{rel}","templated":true}]}}