{"id":12632,"date":"2022-06-01T15:00:34","date_gmt":"2022-06-01T13:00:34","guid":{"rendered":"https:\/\/cultura.santjosep.org\/?post_type=tribe_events&#038;p=12632"},"modified":"2022-06-09T15:10:31","modified_gmt":"2022-06-09T13:10:31","slug":"exposicio-20-anys-espacio-micus-a-can-jeroni","status":"publish","type":"tribe_events","link":"https:\/\/cultura.santjosep.org\/es\/agenda\/exposicio-20-anys-espacio-micus-a-can-jeroni\/","title":{"rendered":"Exposici\u00f3 &#8217;20 anys Espacio Micus&#8217; a Can Jeroni"},"content":{"rendered":"<p><strong>Exposici\u00f3 &#8217;20 anys Espacio Micus&#8217; a Can Jeroni | 10 de juny \u2014 17 de juliol 2022<\/strong><\/p>\n<p><strong>Inauguraci\u00f3<\/strong>: 10 juny a les 19:30 h.<\/p>\n<p><strong>Horari de visites:<\/strong><br \/>\nMATINS: de dimarts a diumenge d\u201910.30 h a 13.30 h.<br \/>\nTARDES: de dijous a dissabte de 18.30 h a 21.00 h.<br \/>\nDilluns tancat.<\/p>\n<p>Parlar de l\u2019Espacio Micus \u00e9s parlar de l\u2019artista Eduard Micus (H\u00f6xter, 1925-Eivissa, 2000), per\u00f2 de Katja Micus (Stuttgart, 1956), la seua filla, tamb\u00e9. \u00c9s parlar de m\u00e9s de trenta anys apostant incondicionalment per l\u2019art.<\/p>\n<p>Superats els vint anys i el confinament, l\u2019Ajuntament de Sant Josep li agraeix la implicaci\u00f3 en el m\u00f3n de l\u2019art amb aquesta exposici\u00f3 homenatge a Can Jeroni. Vint-i-dos anys d\u2019art, inter\u00e8s i afecte, no nom\u00e9s pel llegat de son pare, sin\u00f3 tamb\u00e9 pel des &#8211; envolupament cultural d\u2019aquesta illa, per crear ponts en aquest arxip\u00e8lag art\u00edstic que \u00e9s Eivissa. Les seues inauguracions s\u00f3n una festa internacional que fan una radiografia a la salut cultural de ca nostra. Eivissa \u00e9s una terra de mestissatge i aix\u00ed s\u00f3n les seues celebracions.<\/p>\n<p>\u00c9s aquesta una exposici\u00f3 esperada. Una festa imprescindible: celebrar el llegat de Micus sempre \u00e9s una necessitat.<\/p>\n<p>Per a saber-ne m\u00e9s: <a href=\"http:\/\/www.espacio-micus.com\">www.espacio-micus.com<\/a><\/p>\n<p><a style=\"color: red;\" href=\"https:\/\/cultura.santjosep.org\/wp-content\/uploads\/2022\/06\/Expo-20-Aniv.-Espacio-Micus-Can-Jeroni-2022_IMPRENTA_compressed.pdf\" target=\"_blank\" rel=\"noopener\">Desc\u00e0rrega el programa de l&#8217;exposici\u00f3<\/a><\/p>\n","protected":false},"excerpt":{"rendered":"<p>Exposici\u00f3 &#8217;20 anys Espacio Micus&#8217; a Can Jeroni | 10 de juny \u2014 17 de juliol 2022 Inauguraci\u00f3: 10 juny a les 19:30 h. Horari de visites: MATINS: de dimarts &hellip; <\/p>\n<p class=\"link-more\"><a href=\"https:\/\/cultura.santjosep.org\/es\/agenda\/exposicio-20-anys-espacio-micus-a-can-jeroni\/\" class=\"more-link\">Seguir leyendo<span class=\"screen-reader-text\"> \u00abExposici\u00f3 &#8217;20 anys Espacio Micus&#8217; a Can Jeroni\u00bb<\/span><\/a><\/p>\n","protected":false},"author":1,"featured_media":12633,"template":"","meta":{"_tribe_events_status":"","_tribe_events_status_reason":"","_tribe_events_is_hybrid":"","_tribe_events_is_virtual":"","_tribe_events_virtual_video_source":"","_tribe_events_virtual_embed_video":"","_tribe_events_virtual_linked_button_text":"","_tribe_events_virtual_linked_button":"","_tribe_events_virtual_show_embed_at":"","_tribe_events_virtual_show_embed_to":[],"_tribe_events_virtual_show_on_event":"","_tribe_events_virtual_show_on_views":"","_tribe_events_virtual_url":"","footnotes":""},"tags":[],"tribe_events_cat":[33],"class_list":["post-12632","tribe_events","type-tribe_events","status-publish","has-post-thumbnail","hentry","tribe_events_cat-exposiciones","cat_exposiciones","entry"],"yoast_head":"<!-- This site is optimized with the Yoast SEO plugin v26.6 - https:\/\/yoast.com\/wordpress\/plugins\/seo\/ -->\n<title>Exposici\u00f3 &#039;20 anys Espacio Micus&#039; a Can Jeroni - Cultura a Sant Josep de sa Talaia<\/title>\n<meta name=\"robots\" content=\"index, follow, max-snippet:-1, max-image-preview:large, max-video-preview:-1\" \/>\n<link rel=\"canonical\" href=\"https:\/\/cultura.santjosep.org\/es\/agenda\/exposicio-20-anys-espacio-micus-a-can-jeroni\/\" \/>\n<meta property=\"og:locale\" content=\"es_ES\" \/>\n<meta property=\"og:type\" content=\"article\" \/>\n<meta property=\"og:title\" content=\"Exposici\u00f3 &#039;20 anys Espacio Micus&#039; a Can Jeroni - Cultura a Sant Josep de sa Talaia\" \/>\n<meta property=\"og:description\" content=\"Exposici\u00f3 &#8217;20 anys Espacio Micus&#8217; a Can Jeroni | 10 de juny \u2014 17 de juliol 2022 Inauguraci\u00f3: 10 juny a les 19:30 h. Horari de visites: MATINS: de dimarts &hellip; Seguir leyendo \u00abExposici\u00f3 &#8217;20 anys Espacio Micus&#8217; a Can Jeroni\u00bb\" \/>\n<meta property=\"og:url\" content=\"https:\/\/cultura.santjosep.org\/es\/agenda\/exposicio-20-anys-espacio-micus-a-can-jeroni\/\" \/>\n<meta property=\"og:site_name\" content=\"Cultura a Sant Josep de sa Talaia\" \/>\n<meta property=\"article:publisher\" content=\"https:\/\/www.facebook.com\/Ajuntament-de-Sant-Josep-de-sa-Talaia-197541666931354\/\" \/>\n<meta property=\"article:modified_time\" content=\"2022-06-09T13:10:31+00:00\" \/>\n<meta property=\"og:image\" content=\"https:\/\/cultura.santjosep.org\/wp-content\/uploads\/2022\/06\/espacio-micus.jpg\" \/>\n\t<meta property=\"og:image:width\" content=\"1700\" \/>\n\t<meta property=\"og:image:height\" content=\"1202\" \/>\n\t<meta property=\"og:image:type\" content=\"image\/jpeg\" \/>\n<meta name=\"twitter:card\" content=\"summary_large_image\" \/>\n<meta name=\"twitter:site\" content=\"@DeTalaia\" \/>\n<meta name=\"twitter:label1\" content=\"Tiempo de lectura\" \/>\n\t<meta name=\"twitter:data1\" content=\"1 minuto\" \/>\n<script type=\"application\/ld+json\" class=\"yoast-schema-graph\">{\"@context\":\"https:\/\/schema.org\",\"@graph\":[{\"@type\":\"WebPage\",\"@id\":\"https:\/\/cultura.santjosep.org\/es\/agenda\/exposicio-20-anys-espacio-micus-a-can-jeroni\/\",\"url\":\"https:\/\/cultura.santjosep.org\/es\/agenda\/exposicio-20-anys-espacio-micus-a-can-jeroni\/\",\"name\":\"Exposici\u00f3 '20 anys Espacio Micus' a Can Jeroni - Cultura a Sant Josep de sa Talaia\",\"isPartOf\":{\"@id\":\"https:\/\/cultura.santjosep.org\/es\/#website\"},\"primaryImageOfPage\":{\"@id\":\"https:\/\/cultura.santjosep.org\/es\/agenda\/exposicio-20-anys-espacio-micus-a-can-jeroni\/#primaryimage\"},\"image\":{\"@id\":\"https:\/\/cultura.santjosep.org\/es\/agenda\/exposicio-20-anys-espacio-micus-a-can-jeroni\/#primaryimage\"},\"thumbnailUrl\":\"https:\/\/cultura.santjosep.org\/wp-content\/uploads\/2022\/06\/espacio-micus.jpg\",\"datePublished\":\"2022-06-01T13:00:34+00:00\",\"dateModified\":\"2022-06-09T13:10:31+00:00\",\"breadcrumb\":{\"@id\":\"https:\/\/cultura.santjosep.org\/es\/agenda\/exposicio-20-anys-espacio-micus-a-can-jeroni\/#breadcrumb\"},\"inLanguage\":\"es\",\"potentialAction\":[{\"@type\":\"ReadAction\",\"target\":[\"https:\/\/cultura.santjosep.org\/es\/agenda\/exposicio-20-anys-espacio-micus-a-can-jeroni\/\"]}]},{\"@type\":\"ImageObject\",\"inLanguage\":\"es\",\"@id\":\"https:\/\/cultura.santjosep.org\/es\/agenda\/exposicio-20-anys-espacio-micus-a-can-jeroni\/#primaryimage\",\"url\":\"https:\/\/cultura.santjosep.org\/wp-content\/uploads\/2022\/06\/espacio-micus.jpg\",\"contentUrl\":\"https:\/\/cultura.santjosep.org\/wp-content\/uploads\/2022\/06\/espacio-micus.jpg\",\"width\":1700,\"height\":1202},{\"@type\":\"BreadcrumbList\",\"@id\":\"https:\/\/cultura.santjosep.org\/es\/agenda\/exposicio-20-anys-espacio-micus-a-can-jeroni\/#breadcrumb\",\"itemListElement\":[{\"@type\":\"ListItem\",\"position\":1,\"name\":\"Portada\",\"item\":\"https:\/\/cultura.santjosep.org\/es\/\"},{\"@type\":\"ListItem\",\"position\":2,\"name\":\"Eventos\",\"item\":\"https:\/\/cultura.santjosep.org\/agenda\/\"},{\"@type\":\"ListItem\",\"position\":3,\"name\":\"Exposici\u00f3 &#8217;20 anys Espacio Micus&#8217; a Can Jeroni\"}]},{\"@type\":\"WebSite\",\"@id\":\"https:\/\/cultura.santjosep.org\/es\/#website\",\"url\":\"https:\/\/cultura.santjosep.org\/es\/\",\"name\":\"Cultura a Sant Josep de sa Talaia\",\"description\":\"\",\"publisher\":{\"@id\":\"https:\/\/cultura.santjosep.org\/es\/#organization\"},\"potentialAction\":[{\"@type\":\"SearchAction\",\"target\":{\"@type\":\"EntryPoint\",\"urlTemplate\":\"https:\/\/cultura.santjosep.org\/es\/?s={search_term_string}\"},\"query-input\":{\"@type\":\"PropertyValueSpecification\",\"valueRequired\":true,\"valueName\":\"search_term_string\"}}],\"inLanguage\":\"es\"},{\"@type\":\"Organization\",\"@id\":\"https:\/\/cultura.santjosep.org\/es\/#organization\",\"name\":\"Ajuntament de Sant Josep de sa Talaia\",\"url\":\"https:\/\/cultura.santjosep.org\/es\/\",\"logo\":{\"@type\":\"ImageObject\",\"inLanguage\":\"es\",\"@id\":\"https:\/\/cultura.santjosep.org\/es\/#\/schema\/logo\/image\/\",\"url\":\"https:\/\/cultura.santjosep.org\/wp-content\/uploads\/2020\/10\/logocolor.jpg\",\"contentUrl\":\"https:\/\/cultura.santjosep.org\/wp-content\/uploads\/2020\/10\/logocolor.jpg\",\"width\":250,\"height\":98,\"caption\":\"Ajuntament de Sant Josep de sa Talaia\"},\"image\":{\"@id\":\"https:\/\/cultura.santjosep.org\/es\/#\/schema\/logo\/image\/\"},\"sameAs\":[\"https:\/\/www.facebook.com\/Ajuntament-de-Sant-Josep-de-sa-Talaia-197541666931354\/\",\"https:\/\/x.com\/DeTalaia\",\"https:\/\/www.instagram.com\/sant_josep_de_sa_talaia\/\"]}]}<\/script>\n<!-- \/ Yoast SEO plugin. -->","yoast_head_json":{"title":"Exposici\u00f3 '20 anys Espacio Micus' a Can Jeroni - Cultura a Sant Josep de sa Talaia","robots":{"index":"index","follow":"follow","max-snippet":"max-snippet:-1","max-image-preview":"max-image-preview:large","max-video-preview":"max-video-preview:-1"},"canonical":"https:\/\/cultura.santjosep.org\/es\/agenda\/exposicio-20-anys-espacio-micus-a-can-jeroni\/","og_locale":"es_ES","og_type":"article","og_title":"Exposici\u00f3 '20 anys Espacio Micus' a Can Jeroni - Cultura a Sant Josep de sa Talaia","og_description":"Exposici\u00f3 &#8217;20 anys Espacio Micus&#8217; a Can Jeroni | 10 de juny \u2014 17 de juliol 2022 Inauguraci\u00f3: 10 juny a les 19:30 h. Horari de visites: MATINS: de dimarts &hellip; Seguir leyendo \u00abExposici\u00f3 &#8217;20 anys Espacio Micus&#8217; a Can Jeroni\u00bb","og_url":"https:\/\/cultura.santjosep.org\/es\/agenda\/exposicio-20-anys-espacio-micus-a-can-jeroni\/","og_site_name":"Cultura a Sant Josep de sa Talaia","article_publisher":"https:\/\/www.facebook.com\/Ajuntament-de-Sant-Josep-de-sa-Talaia-197541666931354\/","article_modified_time":"2022-06-09T13:10:31+00:00","og_image":[{"width":1700,"height":1202,"url":"https:\/\/cultura.santjosep.org\/wp-content\/uploads\/2022\/06\/espacio-micus.jpg","type":"image\/jpeg"}],"twitter_card":"summary_large_image","twitter_site":"@DeTalaia","twitter_misc":{"Tiempo de lectura":"1 minuto"},"schema":{"@context":"https:\/\/schema.org","@graph":[{"@type":"WebPage","@id":"https:\/\/cultura.santjosep.org\/es\/agenda\/exposicio-20-anys-espacio-micus-a-can-jeroni\/","url":"https:\/\/cultura.santjosep.org\/es\/agenda\/exposicio-20-anys-espacio-micus-a-can-jeroni\/","name":"Exposici\u00f3 '20 anys Espacio Micus' a Can Jeroni - Cultura a Sant Josep de sa Talaia","isPartOf":{"@id":"https:\/\/cultura.santjosep.org\/es\/#website"},"primaryImageOfPage":{"@id":"https:\/\/cultura.santjosep.org\/es\/agenda\/exposicio-20-anys-espacio-micus-a-can-jeroni\/#primaryimage"},"image":{"@id":"https:\/\/cultura.santjosep.org\/es\/agenda\/exposicio-20-anys-espacio-micus-a-can-jeroni\/#primaryimage"},"thumbnailUrl":"https:\/\/cultura.santjosep.org\/wp-content\/uploads\/2022\/06\/espacio-micus.jpg","datePublished":"2022-06-01T13:00:34+00:00","dateModified":"2022-06-09T13:10:31+00:00","breadcrumb":{"@id":"https:\/\/cultura.santjosep.org\/es\/agenda\/exposicio-20-anys-espacio-micus-a-can-jeroni\/#breadcrumb"},"inLanguage":"es","potentialAction":[{"@type":"ReadAction","target":["https:\/\/cultura.santjosep.org\/es\/agenda\/exposicio-20-anys-espacio-micus-a-can-jeroni\/"]}]},{"@type":"ImageObject","inLanguage":"es","@id":"https:\/\/cultura.santjosep.org\/es\/agenda\/exposicio-20-anys-espacio-micus-a-can-jeroni\/#primaryimage","url":"https:\/\/cultura.santjosep.org\/wp-content\/uploads\/2022\/06\/espacio-micus.jpg","contentUrl":"https:\/\/cultura.santjosep.org\/wp-content\/uploads\/2022\/06\/espacio-micus.jpg","width":1700,"height":1202},{"@type":"BreadcrumbList","@id":"https:\/\/cultura.santjosep.org\/es\/agenda\/exposicio-20-anys-espacio-micus-a-can-jeroni\/#breadcrumb","itemListElement":[{"@type":"ListItem","position":1,"name":"Portada","item":"https:\/\/cultura.santjosep.org\/es\/"},{"@type":"ListItem","position":2,"name":"Eventos","item":"https:\/\/cultura.santjosep.org\/agenda\/"},{"@type":"ListItem","position":3,"name":"Exposici\u00f3 &#8217;20 anys Espacio Micus&#8217; a Can Jeroni"}]},{"@type":"WebSite","@id":"https:\/\/cultura.santjosep.org\/es\/#website","url":"https:\/\/cultura.santjosep.org\/es\/","name":"Cultura a Sant Josep de sa Talaia","description":"","publisher":{"@id":"https:\/\/cultura.santjosep.org\/es\/#organization"},"potentialAction":[{"@type":"SearchAction","target":{"@type":"EntryPoint","urlTemplate":"https:\/\/cultura.santjosep.org\/es\/?s={search_term_string}"},"query-input":{"@type":"PropertyValueSpecification","valueRequired":true,"valueName":"search_term_string"}}],"inLanguage":"es"},{"@type":"Organization","@id":"https:\/\/cultura.santjosep.org\/es\/#organization","name":"Ajuntament de Sant Josep de sa Talaia","url":"https:\/\/cultura.santjosep.org\/es\/","logo":{"@type":"ImageObject","inLanguage":"es","@id":"https:\/\/cultura.santjosep.org\/es\/#\/schema\/logo\/image\/","url":"https:\/\/cultura.santjosep.org\/wp-content\/uploads\/2020\/10\/logocolor.jpg","contentUrl":"https:\/\/cultura.santjosep.org\/wp-content\/uploads\/2020\/10\/logocolor.jpg","width":250,"height":98,"caption":"Ajuntament de Sant Josep de sa Talaia"},"image":{"@id":"https:\/\/cultura.santjosep.org\/es\/#\/schema\/logo\/image\/"},"sameAs":["https:\/\/www.facebook.com\/Ajuntament-de-Sant-Josep-de-sa-Talaia-197541666931354\/","https:\/\/x.com\/DeTalaia","https:\/\/www.instagram.com\/sant_josep_de_sa_talaia\/"]}]}},"_links":{"self":[{"href":"https:\/\/cultura.santjosep.org\/es\/wp-json\/wp\/v2\/tribe_events\/12632","targetHints":{"allow":["GET"]}}],"collection":[{"href":"https:\/\/cultura.santjosep.org\/es\/wp-json\/wp\/v2\/tribe_events"}],"about":[{"href":"https:\/\/cultura.santjosep.org\/es\/wp-json\/wp\/v2\/types\/tribe_events"}],"author":[{"embeddable":true,"href":"https:\/\/cultura.santjosep.org\/es\/wp-json\/wp\/v2\/users\/1"}],"version-history":[{"count":0,"href":"https:\/\/cultura.santjosep.org\/es\/wp-json\/wp\/v2\/tribe_events\/12632\/revisions"}],"wp:featuredmedia":[{"embeddable":true,"href":"https:\/\/cultura.santjosep.org\/es\/wp-json\/wp\/v2\/media\/12633"}],"wp:attachment":[{"href":"https:\/\/cultura.santjosep.org\/es\/wp-json\/wp\/v2\/media?parent=12632"}],"wp:term":[{"taxonomy":"post_tag","embeddable":true,"href":"https:\/\/cultura.santjosep.org\/es\/wp-json\/wp\/v2\/tags?post=12632"},{"taxonomy":"tribe_events_cat","embeddable":true,"href":"https:\/\/cultura.santjosep.org\/es\/wp-json\/wp\/v2\/tribe_events_cat?post=12632"}],"curies":[{"name":"wp","href":"https:\/\/api.w.org\/{rel}","templated":true}]}}