{"id":12672,"date":"2022-06-02T11:49:58","date_gmt":"2022-06-02T09:49:58","guid":{"rendered":"https:\/\/cultura.santjosep.org\/agenda\/sesio-de-curtmetratges-cine-africa-astel-vou-mudar-a-cozinha\/"},"modified":"2022-06-17T12:41:04","modified_gmt":"2022-06-17T10:41:04","slug":"sesion-de-cortos-cine-africano-astel-vou-mudar-a-cozinha","status":"publish","type":"tribe_events","link":"https:\/\/cultura.santjosep.org\/es\/agenda\/sesion-de-cortos-cine-africano-astel-vou-mudar-a-cozinha\/","title":{"rendered":"Sesi\u00f3n de cortos cine africano &#8211; &#8216;Astel&#8217; + &#8216;Vou Mudar a Cozinha&#8217;"},"content":{"rendered":"<p><strong>VIII Muestra de Cine Africano | Astel | VOSE | 2021<\/strong><\/p>\n<p><strong>Duraci\u00f3n:<\/strong> 24min.<br \/>\n<strong>Pa\u00eds:<\/strong> Francia<br \/>\n<strong>Direcci\u00f3n:<\/strong> Ramata &#8211; Toulaye Sy<br \/>\n<strong>G\u00e9nero:<\/strong> Drama | Corto<\/p>\n<p><strong>Sinopsis: <\/strong>Mientras ayuda a su familia a manejar las vacas en la regi\u00f3n norte de Senegal, una ni\u00f1a de 13 a\u00f1os tendr\u00e1 que lidiar con los cambios que amenazan su relaci\u00f3n con su padre.<\/p>\n<p><strong>Entrada gratuita hasta completar aforo<\/strong><br \/>\n<img loading=\"lazy\" decoding=\"async\" class=\"alignnone wp-image-12662 size-full\" src=\"https:\/\/cultura.santjosep.org\/wp-content\/uploads\/2022\/06\/astel-940996302-mmed.jpg\" alt=\"\" width=\"300\" height=\"375\" srcset=\"https:\/\/cultura.santjosep.org\/wp-content\/uploads\/2022\/06\/astel-940996302-mmed.jpg 300w, https:\/\/cultura.santjosep.org\/wp-content\/uploads\/2022\/06\/astel-940996302-mmed-240x300.jpg 240w\" sizes=\"auto, (max-width: 300px) 100vw, 300px\" \/><\/p>\n<hr \/>\n<p><strong>VIII Muestra de Cine Africano | Precious Hair and Beauty | VOSE | 2021<\/strong><\/p>\n<p><strong>Duraci\u00f3n:<\/strong> 11min.<br \/>\n<strong>Pa\u00eds:<\/strong> Reino Unido<br \/>\n<strong>Direcci\u00f3n:<\/strong> <span class=\"nb\">John Ogunmuyiwa<\/span><br \/>\n<strong>G\u00e9nero:<\/strong> Drama | Corto<\/p>\n<p><strong>Sinopsis: <\/strong><br \/>\nUna oda a lo mundano y a la locura de la calle principal, contada a trav\u00e9s del escaparate de una peluquer\u00eda africana.<\/p>\n<p><strong>Entrada gratuita hasta completar aforo<\/strong><br \/>\n<img loading=\"lazy\" decoding=\"async\" class=\"alignnone wp-image-12666\" src=\"https:\/\/cultura.santjosep.org\/wp-content\/uploads\/2022\/06\/precious_hair_beauty-594540635-large-240x300.jpg\" alt=\"\" width=\"300\" height=\"375\" srcset=\"https:\/\/cultura.santjosep.org\/wp-content\/uploads\/2022\/06\/precious_hair_beauty-594540635-large-240x300.jpg 240w, https:\/\/cultura.santjosep.org\/wp-content\/uploads\/2022\/06\/precious_hair_beauty-594540635-large-819x1024.jpg 819w, https:\/\/cultura.santjosep.org\/wp-content\/uploads\/2022\/06\/precious_hair_beauty-594540635-large-768x960.jpg 768w, https:\/\/cultura.santjosep.org\/wp-content\/uploads\/2022\/06\/precious_hair_beauty-594540635-large.jpg 960w\" sizes=\"auto, (max-width: 300px) 100vw, 300px\" \/><\/p>\n<hr \/>\n<p><strong>VIII Muestra de Cine Africano | Vou Mudar a Cozinha | VOSE | 2022<\/strong><\/p>\n<p><strong>Duraci\u00f3n:<\/strong> 30min.<br \/>\n<strong>Pa\u00eds:<\/strong> Angola<br \/>\n<strong>Direcci\u00f3n:<\/strong> <span class=\"nb\">Ondjaki<\/span><br \/>\n<strong>G\u00e9nero:<\/strong> Drama | Curtmetratge<\/p>\n<p><strong>Sinopsis: <\/strong><br \/>\nEn una noche lluviosa, una mujer reflexiona sobre su pasado, presente y futuro. Entre recuerdos de familia, marido y guerra, hay una reflexi\u00f3n sobre la condici\u00f3n de la mujer africana. Tambi\u00e9n es una mirada simb\u00f3lica a la vida durante y despu\u00e9s de los d\u00edas de guerra. \u00bfQu\u00e9 recuerdos no podemos borrar? \u00bfQu\u00e9 voces se repiten en torno a la culpa, el dolor y el malestar? \u00bfY cu\u00e1ntos amaneceres hay en una noche?<\/p>\n<p><strong>Entrada gratuita hasta completar aforo<\/strong><\/p>\n<p><strong><img loading=\"lazy\" decoding=\"async\" class=\"alignnone size-full wp-image-12664\" src=\"https:\/\/cultura.santjosep.org\/wp-content\/uploads\/2022\/06\/vou_mudar_a_cozinha-783402037-mmed.jpg\" alt=\"\" width=\"300\" height=\"429\" srcset=\"https:\/\/cultura.santjosep.org\/wp-content\/uploads\/2022\/06\/vou_mudar_a_cozinha-783402037-mmed.jpg 300w, https:\/\/cultura.santjosep.org\/wp-content\/uploads\/2022\/06\/vou_mudar_a_cozinha-783402037-mmed-210x300.jpg 210w\" sizes=\"auto, (max-width: 300px) 100vw, 300px\" \/><\/strong><\/p>\n<hr \/>\n<p><strong>VIII Muestra de Cine Africano | Microbus | VOSE | 2021<\/strong><\/p>\n<p><strong>Duraci\u00f3n:<\/strong> 9 min.<br \/>\n<strong>Pa\u00eds:<\/strong> EE.UU., Egipto<br \/>\n<strong>Direcci\u00f3n:<\/strong> Maggie Kamal<br \/>\n<strong>G\u00e9nero:<\/strong> Ficci\u00f3n<\/p>\n<p><strong>Sinopsis: <\/strong><br \/>\nUn d\u00eda como cualquiera en El Cairo, Nour, de 18 a\u00f1os, recibe una llamada de su hermano que le comunica que no puede recogerla. Para no llegar tarde al trabajo, Nour tiene que coger un microb\u00fas, sin saber que este viaje le cambiar\u00e1 para siempre.<\/p>\n<p><strong>Entrada gratuita hasta completar aforo<\/strong><\/p>\n<p><img loading=\"lazy\" decoding=\"async\" src=\"https:\/\/cultura.santjosep.org\/wp-content\/uploads\/2022\/06\/MICROBUS.jpg\" alt=\"\" width=\"500\" height=\"250\" class=\"alignnone size-full wp-image-12785\" srcset=\"https:\/\/cultura.santjosep.org\/wp-content\/uploads\/2022\/06\/MICROBUS.jpg 500w, https:\/\/cultura.santjosep.org\/wp-content\/uploads\/2022\/06\/MICROBUS-300x150.jpg 300w\" sizes=\"auto, (max-width: 500px) 100vw, 500px\" \/><\/p>\n","protected":false},"excerpt":{"rendered":"<p>VIII Muestra de Cine Africano | Astel | VOSE | 2021 Duraci\u00f3n: 24min. Pa\u00eds: Francia Direcci\u00f3n: Ramata &#8211; Toulaye Sy G\u00e9nero: Drama | Corto Sinopsis: Mientras ayuda a su familia &hellip; <\/p>\n<p class=\"link-more\"><a href=\"https:\/\/cultura.santjosep.org\/es\/agenda\/sesion-de-cortos-cine-africano-astel-vou-mudar-a-cozinha\/\" class=\"more-link\">Seguir leyendo<span class=\"screen-reader-text\"> \u00abSesi\u00f3n de cortos cine africano &#8211; &#8216;Astel&#8217; + &#8216;Vou Mudar a Cozinha&#8217;\u00bb<\/span><\/a><\/p>\n","protected":false},"author":1,"featured_media":12669,"template":"","meta":{"_tribe_events_status":"","_tribe_events_status_reason":"","_tribe_events_is_hybrid":"","_tribe_events_is_virtual":"","_tribe_events_virtual_video_source":"","_tribe_events_virtual_embed_video":"","_tribe_events_virtual_linked_button_text":"","_tribe_events_virtual_linked_button":"","_tribe_events_virtual_show_embed_at":"","_tribe_events_virtual_show_embed_to":[],"_tribe_events_virtual_show_on_event":"","_tribe_events_virtual_show_on_views":"","_tribe_events_virtual_url":"","footnotes":""},"tags":[],"tribe_events_cat":[129],"class_list":["post-12672","tribe_events","type-tribe_events","status-publish","has-post-thumbnail","hentry","tribe_events_cat-mostra-de-cine-africa-es","cat_mostra-de-cine-africa-es","entry"],"yoast_head":"<!-- This site is optimized with the Yoast SEO plugin v26.6 - https:\/\/yoast.com\/wordpress\/plugins\/seo\/ -->\n<title>Sesi\u00f3n de cortos cine africano - &#039;Astel&#039; + &#039;Vou Mudar a Cozinha&#039; - Cultura a Sant Josep de sa Talaia<\/title>\n<meta name=\"robots\" content=\"index, follow, max-snippet:-1, max-image-preview:large, max-video-preview:-1\" \/>\n<link rel=\"canonical\" href=\"https:\/\/cultura.santjosep.org\/es\/agenda\/sesion-de-cortos-cine-africano-astel-vou-mudar-a-cozinha\/\" \/>\n<meta property=\"og:locale\" content=\"es_ES\" \/>\n<meta property=\"og:type\" content=\"article\" \/>\n<meta property=\"og:title\" content=\"Sesi\u00f3n de cortos cine africano - &#039;Astel&#039; + &#039;Vou Mudar a Cozinha&#039; - Cultura a Sant Josep de sa Talaia\" \/>\n<meta property=\"og:description\" content=\"VIII Muestra de Cine Africano | Astel | VOSE | 2021 Duraci\u00f3n: 24min. Pa\u00eds: Francia Direcci\u00f3n: Ramata &#8211; Toulaye Sy G\u00e9nero: Drama | Corto Sinopsis: Mientras ayuda a su familia &hellip; Seguir leyendo \u00abSesi\u00f3n de cortos cine africano &#8211; &#8216;Astel&#8217; + &#8216;Vou Mudar a Cozinha&#8217;\u00bb\" \/>\n<meta property=\"og:url\" content=\"https:\/\/cultura.santjosep.org\/es\/agenda\/sesion-de-cortos-cine-africano-astel-vou-mudar-a-cozinha\/\" \/>\n<meta property=\"og:site_name\" content=\"Cultura a Sant Josep de sa Talaia\" \/>\n<meta property=\"article:publisher\" content=\"https:\/\/www.facebook.com\/Ajuntament-de-Sant-Josep-de-sa-Talaia-197541666931354\/\" \/>\n<meta property=\"article:modified_time\" content=\"2022-06-17T10:41:04+00:00\" \/>\n<meta property=\"og:image\" content=\"https:\/\/cultura.santjosep.org\/wp-content\/uploads\/2022\/06\/Mesa-de-trabajo-2-copia2.png\" \/>\n\t<meta property=\"og:image:width\" content=\"951\" \/>\n\t<meta property=\"og:image:height\" content=\"794\" \/>\n\t<meta property=\"og:image:type\" content=\"image\/png\" \/>\n<meta name=\"twitter:card\" content=\"summary_large_image\" \/>\n<meta name=\"twitter:site\" content=\"@DeTalaia\" \/>\n<meta name=\"twitter:label1\" content=\"Tiempo de lectura\" \/>\n\t<meta name=\"twitter:data1\" content=\"2 minutos\" \/>\n<script type=\"application\/ld+json\" class=\"yoast-schema-graph\">{\"@context\":\"https:\/\/schema.org\",\"@graph\":[{\"@type\":\"WebPage\",\"@id\":\"https:\/\/cultura.santjosep.org\/es\/agenda\/sesion-de-cortos-cine-africano-astel-vou-mudar-a-cozinha\/\",\"url\":\"https:\/\/cultura.santjosep.org\/es\/agenda\/sesion-de-cortos-cine-africano-astel-vou-mudar-a-cozinha\/\",\"name\":\"Sesi\u00f3n de cortos cine africano - 'Astel' + 'Vou Mudar a Cozinha' - Cultura a Sant Josep de sa Talaia\",\"isPartOf\":{\"@id\":\"https:\/\/cultura.santjosep.org\/es\/#website\"},\"primaryImageOfPage\":{\"@id\":\"https:\/\/cultura.santjosep.org\/es\/agenda\/sesion-de-cortos-cine-africano-astel-vou-mudar-a-cozinha\/#primaryimage\"},\"image\":{\"@id\":\"https:\/\/cultura.santjosep.org\/es\/agenda\/sesion-de-cortos-cine-africano-astel-vou-mudar-a-cozinha\/#primaryimage\"},\"thumbnailUrl\":\"https:\/\/cultura.santjosep.org\/wp-content\/uploads\/2022\/06\/Mesa-de-trabajo-2-copia2.png\",\"datePublished\":\"2022-06-02T09:49:58+00:00\",\"dateModified\":\"2022-06-17T10:41:04+00:00\",\"breadcrumb\":{\"@id\":\"https:\/\/cultura.santjosep.org\/es\/agenda\/sesion-de-cortos-cine-africano-astel-vou-mudar-a-cozinha\/#breadcrumb\"},\"inLanguage\":\"es\",\"potentialAction\":[{\"@type\":\"ReadAction\",\"target\":[\"https:\/\/cultura.santjosep.org\/es\/agenda\/sesion-de-cortos-cine-africano-astel-vou-mudar-a-cozinha\/\"]}]},{\"@type\":\"ImageObject\",\"inLanguage\":\"es\",\"@id\":\"https:\/\/cultura.santjosep.org\/es\/agenda\/sesion-de-cortos-cine-africano-astel-vou-mudar-a-cozinha\/#primaryimage\",\"url\":\"https:\/\/cultura.santjosep.org\/wp-content\/uploads\/2022\/06\/Mesa-de-trabajo-2-copia2.png\",\"contentUrl\":\"https:\/\/cultura.santjosep.org\/wp-content\/uploads\/2022\/06\/Mesa-de-trabajo-2-copia2.png\",\"width\":951,\"height\":794},{\"@type\":\"BreadcrumbList\",\"@id\":\"https:\/\/cultura.santjosep.org\/es\/agenda\/sesion-de-cortos-cine-africano-astel-vou-mudar-a-cozinha\/#breadcrumb\",\"itemListElement\":[{\"@type\":\"ListItem\",\"position\":1,\"name\":\"Portada\",\"item\":\"https:\/\/cultura.santjosep.org\/es\/\"},{\"@type\":\"ListItem\",\"position\":2,\"name\":\"Eventos\",\"item\":\"https:\/\/cultura.santjosep.org\/agenda\/\"},{\"@type\":\"ListItem\",\"position\":3,\"name\":\"Sesi\u00f3n de cortos cine africano &#8211; &#8216;Astel&#8217; + &#8216;Vou Mudar a Cozinha&#8217;\"}]},{\"@type\":\"WebSite\",\"@id\":\"https:\/\/cultura.santjosep.org\/es\/#website\",\"url\":\"https:\/\/cultura.santjosep.org\/es\/\",\"name\":\"Cultura a Sant Josep de sa Talaia\",\"description\":\"\",\"publisher\":{\"@id\":\"https:\/\/cultura.santjosep.org\/es\/#organization\"},\"potentialAction\":[{\"@type\":\"SearchAction\",\"target\":{\"@type\":\"EntryPoint\",\"urlTemplate\":\"https:\/\/cultura.santjosep.org\/es\/?s={search_term_string}\"},\"query-input\":{\"@type\":\"PropertyValueSpecification\",\"valueRequired\":true,\"valueName\":\"search_term_string\"}}],\"inLanguage\":\"es\"},{\"@type\":\"Organization\",\"@id\":\"https:\/\/cultura.santjosep.org\/es\/#organization\",\"name\":\"Ajuntament de Sant Josep de sa Talaia\",\"url\":\"https:\/\/cultura.santjosep.org\/es\/\",\"logo\":{\"@type\":\"ImageObject\",\"inLanguage\":\"es\",\"@id\":\"https:\/\/cultura.santjosep.org\/es\/#\/schema\/logo\/image\/\",\"url\":\"https:\/\/cultura.santjosep.org\/wp-content\/uploads\/2020\/10\/logocolor.jpg\",\"contentUrl\":\"https:\/\/cultura.santjosep.org\/wp-content\/uploads\/2020\/10\/logocolor.jpg\",\"width\":250,\"height\":98,\"caption\":\"Ajuntament de Sant Josep de sa Talaia\"},\"image\":{\"@id\":\"https:\/\/cultura.santjosep.org\/es\/#\/schema\/logo\/image\/\"},\"sameAs\":[\"https:\/\/www.facebook.com\/Ajuntament-de-Sant-Josep-de-sa-Talaia-197541666931354\/\",\"https:\/\/x.com\/DeTalaia\",\"https:\/\/www.instagram.com\/sant_josep_de_sa_talaia\/\"]}]}<\/script>\n<!-- \/ Yoast SEO plugin. -->","yoast_head_json":{"title":"Sesi\u00f3n de cortos cine africano - 'Astel' + 'Vou Mudar a Cozinha' - Cultura a Sant Josep de sa Talaia","robots":{"index":"index","follow":"follow","max-snippet":"max-snippet:-1","max-image-preview":"max-image-preview:large","max-video-preview":"max-video-preview:-1"},"canonical":"https:\/\/cultura.santjosep.org\/es\/agenda\/sesion-de-cortos-cine-africano-astel-vou-mudar-a-cozinha\/","og_locale":"es_ES","og_type":"article","og_title":"Sesi\u00f3n de cortos cine africano - 'Astel' + 'Vou Mudar a Cozinha' - Cultura a Sant Josep de sa Talaia","og_description":"VIII Muestra de Cine Africano | Astel | VOSE | 2021 Duraci\u00f3n: 24min. Pa\u00eds: Francia Direcci\u00f3n: Ramata &#8211; Toulaye Sy G\u00e9nero: Drama | Corto Sinopsis: Mientras ayuda a su familia &hellip; Seguir leyendo \u00abSesi\u00f3n de cortos cine africano &#8211; &#8216;Astel&#8217; + &#8216;Vou Mudar a Cozinha&#8217;\u00bb","og_url":"https:\/\/cultura.santjosep.org\/es\/agenda\/sesion-de-cortos-cine-africano-astel-vou-mudar-a-cozinha\/","og_site_name":"Cultura a Sant Josep de sa Talaia","article_publisher":"https:\/\/www.facebook.com\/Ajuntament-de-Sant-Josep-de-sa-Talaia-197541666931354\/","article_modified_time":"2022-06-17T10:41:04+00:00","og_image":[{"width":951,"height":794,"url":"https:\/\/cultura.santjosep.org\/wp-content\/uploads\/2022\/06\/Mesa-de-trabajo-2-copia2.png","type":"image\/png"}],"twitter_card":"summary_large_image","twitter_site":"@DeTalaia","twitter_misc":{"Tiempo de lectura":"2 minutos"},"schema":{"@context":"https:\/\/schema.org","@graph":[{"@type":"WebPage","@id":"https:\/\/cultura.santjosep.org\/es\/agenda\/sesion-de-cortos-cine-africano-astel-vou-mudar-a-cozinha\/","url":"https:\/\/cultura.santjosep.org\/es\/agenda\/sesion-de-cortos-cine-africano-astel-vou-mudar-a-cozinha\/","name":"Sesi\u00f3n de cortos cine africano - 'Astel' + 'Vou Mudar a Cozinha' - Cultura a Sant Josep de sa Talaia","isPartOf":{"@id":"https:\/\/cultura.santjosep.org\/es\/#website"},"primaryImageOfPage":{"@id":"https:\/\/cultura.santjosep.org\/es\/agenda\/sesion-de-cortos-cine-africano-astel-vou-mudar-a-cozinha\/#primaryimage"},"image":{"@id":"https:\/\/cultura.santjosep.org\/es\/agenda\/sesion-de-cortos-cine-africano-astel-vou-mudar-a-cozinha\/#primaryimage"},"thumbnailUrl":"https:\/\/cultura.santjosep.org\/wp-content\/uploads\/2022\/06\/Mesa-de-trabajo-2-copia2.png","datePublished":"2022-06-02T09:49:58+00:00","dateModified":"2022-06-17T10:41:04+00:00","breadcrumb":{"@id":"https:\/\/cultura.santjosep.org\/es\/agenda\/sesion-de-cortos-cine-africano-astel-vou-mudar-a-cozinha\/#breadcrumb"},"inLanguage":"es","potentialAction":[{"@type":"ReadAction","target":["https:\/\/cultura.santjosep.org\/es\/agenda\/sesion-de-cortos-cine-africano-astel-vou-mudar-a-cozinha\/"]}]},{"@type":"ImageObject","inLanguage":"es","@id":"https:\/\/cultura.santjosep.org\/es\/agenda\/sesion-de-cortos-cine-africano-astel-vou-mudar-a-cozinha\/#primaryimage","url":"https:\/\/cultura.santjosep.org\/wp-content\/uploads\/2022\/06\/Mesa-de-trabajo-2-copia2.png","contentUrl":"https:\/\/cultura.santjosep.org\/wp-content\/uploads\/2022\/06\/Mesa-de-trabajo-2-copia2.png","width":951,"height":794},{"@type":"BreadcrumbList","@id":"https:\/\/cultura.santjosep.org\/es\/agenda\/sesion-de-cortos-cine-africano-astel-vou-mudar-a-cozinha\/#breadcrumb","itemListElement":[{"@type":"ListItem","position":1,"name":"Portada","item":"https:\/\/cultura.santjosep.org\/es\/"},{"@type":"ListItem","position":2,"name":"Eventos","item":"https:\/\/cultura.santjosep.org\/agenda\/"},{"@type":"ListItem","position":3,"name":"Sesi\u00f3n de cortos cine africano &#8211; &#8216;Astel&#8217; + &#8216;Vou Mudar a Cozinha&#8217;"}]},{"@type":"WebSite","@id":"https:\/\/cultura.santjosep.org\/es\/#website","url":"https:\/\/cultura.santjosep.org\/es\/","name":"Cultura a Sant Josep de sa Talaia","description":"","publisher":{"@id":"https:\/\/cultura.santjosep.org\/es\/#organization"},"potentialAction":[{"@type":"SearchAction","target":{"@type":"EntryPoint","urlTemplate":"https:\/\/cultura.santjosep.org\/es\/?s={search_term_string}"},"query-input":{"@type":"PropertyValueSpecification","valueRequired":true,"valueName":"search_term_string"}}],"inLanguage":"es"},{"@type":"Organization","@id":"https:\/\/cultura.santjosep.org\/es\/#organization","name":"Ajuntament de Sant Josep de sa Talaia","url":"https:\/\/cultura.santjosep.org\/es\/","logo":{"@type":"ImageObject","inLanguage":"es","@id":"https:\/\/cultura.santjosep.org\/es\/#\/schema\/logo\/image\/","url":"https:\/\/cultura.santjosep.org\/wp-content\/uploads\/2020\/10\/logocolor.jpg","contentUrl":"https:\/\/cultura.santjosep.org\/wp-content\/uploads\/2020\/10\/logocolor.jpg","width":250,"height":98,"caption":"Ajuntament de Sant Josep de sa Talaia"},"image":{"@id":"https:\/\/cultura.santjosep.org\/es\/#\/schema\/logo\/image\/"},"sameAs":["https:\/\/www.facebook.com\/Ajuntament-de-Sant-Josep-de-sa-Talaia-197541666931354\/","https:\/\/x.com\/DeTalaia","https:\/\/www.instagram.com\/sant_josep_de_sa_talaia\/"]}]}},"_links":{"self":[{"href":"https:\/\/cultura.santjosep.org\/es\/wp-json\/wp\/v2\/tribe_events\/12672","targetHints":{"allow":["GET"]}}],"collection":[{"href":"https:\/\/cultura.santjosep.org\/es\/wp-json\/wp\/v2\/tribe_events"}],"about":[{"href":"https:\/\/cultura.santjosep.org\/es\/wp-json\/wp\/v2\/types\/tribe_events"}],"author":[{"embeddable":true,"href":"https:\/\/cultura.santjosep.org\/es\/wp-json\/wp\/v2\/users\/1"}],"version-history":[{"count":0,"href":"https:\/\/cultura.santjosep.org\/es\/wp-json\/wp\/v2\/tribe_events\/12672\/revisions"}],"wp:featuredmedia":[{"embeddable":true,"href":"https:\/\/cultura.santjosep.org\/es\/wp-json\/wp\/v2\/media\/12669"}],"wp:attachment":[{"href":"https:\/\/cultura.santjosep.org\/es\/wp-json\/wp\/v2\/media?parent=12672"}],"wp:term":[{"taxonomy":"post_tag","embeddable":true,"href":"https:\/\/cultura.santjosep.org\/es\/wp-json\/wp\/v2\/tags?post=12672"},{"taxonomy":"tribe_events_cat","embeddable":true,"href":"https:\/\/cultura.santjosep.org\/es\/wp-json\/wp\/v2\/tribe_events_cat?post=12672"}],"curies":[{"name":"wp","href":"https:\/\/api.w.org\/{rel}","templated":true}]}}