{"id":12795,"date":"2022-06-20T10:32:43","date_gmt":"2022-06-20T08:32:43","guid":{"rendered":"https:\/\/cultura.santjosep.org\/agenda\/obra-de-teatre-planeta-b-n\/"},"modified":"2022-06-21T14:25:37","modified_gmt":"2022-06-21T12:25:37","slug":"el-festin-festival-de-teatro-infantil-24-06","status":"publish","type":"tribe_events","link":"https:\/\/cultura.santjosep.org\/es\/agenda\/el-festin-festival-de-teatro-infantil-24-06\/","title":{"rendered":"El Fest\u00edn &#8211; Festival de Teatro Infantil 24\/06"},"content":{"rendered":"<div class=\"wpb-content-wrapper\"><p>[vc_row][vc_column][vc_column_text]19h | <strong>&#8216;Planeta B\/N&#8217;<\/strong> &#8211; Grupo de teatro j\u00fanior des Cubells<\/p>\n<p>Teatro &#8211; <strong>50 min<\/strong> &#8211; para todos los p\u00fablicos<\/p>\n<p>\u2018Planeta B\/N\u2019 &#8211; A\u00f1o 10.011 de la Era Primera.<\/p>\n<p><strong>Autora:<\/strong> Carme Planells<br \/>\n<strong>Dirigida por<\/strong> Esperan\u00e7a Tur, Esperan\u00e7a Llorens y Lourdes Ferrer<\/p>\n<p>El hallazgo de un objeto desconocido hasta ahora hace que los gobernantes de este planeta ordenen una nueva misi\u00f3n a las intr\u00e9pidas capitanas grises. \u00bfSer\u00e1n capaces de lograr ese nuevo prop\u00f3sito? \u00bfPodr\u00e1 su nave cruzar los espacios siderales? \u00bfCon qu\u00e9 peligros<br \/>\nse encontrar\u00e1n?<\/p>\n<p>Si desea saber la respuesta a todas estas preguntas no se pierdan la aventura que est\u00e1 a punto de empezar.[\/vc_column_text][vc_separator][\/vc_column][\/vc_row][vc_row][vc_column][vc_column_text]20h | <strong>&#8216;Freedom&#8217;<\/strong> &#8211; Grupo de teatro Eivissa Omega<\/p>\n<p>Clown y teatro &#8211; <strong>10 min<\/strong> &#8211; para todos los p\u00fablicos<\/p>\n<p>Un gui\u00f1o a la libertad de los animales de nuestro planeta.<br \/>\n<strong>Direcci\u00f3n:<\/strong> Desir\u00e9 S\u00e1nchez<\/p>\n<p>[\/vc_column_text][vc_separator][\/vc_column][\/vc_row][vc_row][vc_column][vc_column_text]20:30h | <strong>&#8216;Here we go!&#8217; &#8211;<\/strong> Cia. Guga &amp; S\u00edlvia<\/p>\n<p>Circo, acrobacias &#8211; <strong>40 min<\/strong> &#8211; para todos los p\u00fablicos<\/p>\n<p><strong>\u2018Here we go!\u2019<\/strong> es un espect\u00e1culo de circo, el mayor del mundo, donde encontrar\u00e1 los mejores acr\u00f3batas, equilibristas, trapecistas de la d\u00e9cada de los 90. Y como no podr\u00eda faltar en los mejores de los circos, \u00a1un sorteo!.<\/p>\n<p>Se caracteriza por mezclar circo, humor, elegancia, creatividad y tambi\u00e9n, todo hay que decir, el glamour que nunca ha mermado de la \u00e9poca dorada de estos peculiares personajes de circo old \u2013fashioned. Es un espect\u00e1culo para todos los p\u00fablicos, donde peque\u00f1os y mayores disfrutar\u00e1n.[\/vc_column_text][vc_separator][\/vc_column][\/vc_row][vc_row][vc_column][vc_column_text]21:30h | <strong>&#8216;El gran final&#8217; &#8211;<\/strong> Cia. Bucra\u00e1 Circus<\/p>\n<p>Clown y teatro de gestos &#8211; <strong>60 min<\/strong> &#8211; para todos los p\u00fablicos<\/p>\n<p>Un espect\u00e1culo de clown y teatro gestual que por su est\u00e9tica y su belleza po\u00e9tica, nos sumerge en un mundo pasado y particular, nos atrapa con la capacidad de juego e improvisaci\u00f3n de sus personajes. Una historia de amor y guerra, coronada con un \u201cgran final\u2019\u2019 que no se puede revelar, \u00a1se debe vivir!<\/p>\n<p><strong>\u2018El gran final\u2019<\/strong> es una tragicomedia que basa su esencia en el reencuentro de dos payasos, los cuales van a ver de separarse hace muchos a\u00f1os a consecuencia de el estallido de una guerra civil. Esta guerra les interrumpe la \u00faltima funci\u00f3n, justo antes de su acto final.<\/p>\n<p>El conflicto les obliga a tomar caminos separados o no tener nunca m\u00e1s contacto uno con otro. Ahora, despu\u00e9s de m\u00e1s de treinta a\u00f1os, infinitos pasos, una lucha diaria y constante por la supervivencia y un cuerpo envejecido, se reencuentran y deciden terminar su \u201cgran final\u201d.[\/vc_column_text][vc_separator][\/vc_column][\/vc_row][vc_row][vc_column][vc_btn title=\u00bbDESCARGA EL PROGRAMA COMPLETO\u00bb style=\u00bbcustom\u00bb custom_background=\u00bb#b32920&#8243; custom_text=\u00bb#ffffff\u00bb link=\u00bburl:https%3A%2F%2Fcultura.santjosep.org%2Fwp-content%2Fuploads%2F2022%2F06%2FPROGRAMA-ELFESTIN-2022.pdf|target:_blank\u00bb][\/vc_column][\/vc_row]<\/p>\n<\/div>","protected":false},"excerpt":{"rendered":"<p>[vc_row][vc_column][vc_column_text]19h | &#8216;Planeta B\/N&#8217; &#8211; Grupo de teatro j\u00fanior des Cubells Teatro &#8211; 50 min &#8211; para todos los p\u00fablicos \u2018Planeta B\/N\u2019 &#8211; A\u00f1o 10.011 de la Era Primera. Autora: &hellip; <\/p>\n<p class=\"link-more\"><a href=\"https:\/\/cultura.santjosep.org\/es\/agenda\/el-festin-festival-de-teatro-infantil-24-06\/\" class=\"more-link\">Seguir leyendo<span class=\"screen-reader-text\"> \u00abEl Fest\u00edn &#8211; Festival de Teatro Infantil 24\/06\u00bb<\/span><\/a><\/p>\n","protected":false},"author":1,"featured_media":12800,"template":"","meta":{"_tribe_events_status":"","_tribe_events_status_reason":"","_tribe_events_is_hybrid":"","_tribe_events_is_virtual":"","_tribe_events_virtual_video_source":"","_tribe_events_virtual_embed_video":"","_tribe_events_virtual_linked_button_text":"","_tribe_events_virtual_linked_button":"","_tribe_events_virtual_show_embed_at":"","_tribe_events_virtual_show_embed_to":[],"_tribe_events_virtual_show_on_event":"","_tribe_events_virtual_show_on_views":"","_tribe_events_virtual_url":"","footnotes":""},"tags":[],"tribe_events_cat":[131],"class_list":["post-12795","tribe_events","type-tribe_events","status-publish","has-post-thumbnail","hentry","tribe_events_cat-el-festin-festival-de-teatro-infantil","cat_el-festin-festival-de-teatro-infantil","entry"],"yoast_head":"<!-- This site is optimized with the Yoast SEO plugin v26.6 - https:\/\/yoast.com\/wordpress\/plugins\/seo\/ -->\n<title>El Fest\u00edn - Festival de Teatro Infantil 24\/06 - Cultura a Sant Josep de sa Talaia<\/title>\n<meta name=\"robots\" content=\"index, follow, max-snippet:-1, max-image-preview:large, max-video-preview:-1\" \/>\n<link rel=\"canonical\" href=\"https:\/\/cultura.santjosep.org\/es\/agenda\/el-festin-festival-de-teatro-infantil-24-06\/\" \/>\n<meta property=\"og:locale\" content=\"es_ES\" \/>\n<meta property=\"og:type\" content=\"article\" \/>\n<meta property=\"og:title\" content=\"El Fest\u00edn - Festival de Teatro Infantil 24\/06 - Cultura a Sant Josep de sa Talaia\" \/>\n<meta property=\"og:description\" content=\"[vc_row][vc_column][vc_column_text]19h | &#8216;Planeta B\/N&#8217; &#8211; Grupo de teatro j\u00fanior des Cubells Teatro &#8211; 50 min &#8211; para todos los p\u00fablicos \u2018Planeta B\/N\u2019 &#8211; A\u00f1o 10.011 de la Era Primera. Autora: &hellip; Seguir leyendo \u00abEl Fest\u00edn &#8211; Festival de Teatro Infantil 24\/06\u00bb\" \/>\n<meta property=\"og:url\" content=\"https:\/\/cultura.santjosep.org\/es\/agenda\/el-festin-festival-de-teatro-infantil-24-06\/\" \/>\n<meta property=\"og:site_name\" content=\"Cultura a Sant Josep de sa Talaia\" \/>\n<meta property=\"article:publisher\" content=\"https:\/\/www.facebook.com\/Ajuntament-de-Sant-Josep-de-sa-Talaia-197541666931354\/\" \/>\n<meta property=\"article:modified_time\" content=\"2022-06-21T12:25:37+00:00\" \/>\n<meta property=\"og:image\" content=\"https:\/\/cultura.santjosep.org\/wp-content\/uploads\/2022\/06\/elfestin.png\" \/>\n\t<meta property=\"og:image:width\" content=\"1768\" \/>\n\t<meta property=\"og:image:height\" content=\"1774\" \/>\n\t<meta property=\"og:image:type\" content=\"image\/png\" \/>\n<meta name=\"twitter:card\" content=\"summary_large_image\" \/>\n<meta name=\"twitter:site\" content=\"@DeTalaia\" \/>\n<meta name=\"twitter:label1\" content=\"Tiempo de lectura\" \/>\n\t<meta name=\"twitter:data1\" content=\"2 minutos\" \/>\n<script type=\"application\/ld+json\" class=\"yoast-schema-graph\">{\"@context\":\"https:\/\/schema.org\",\"@graph\":[{\"@type\":\"WebPage\",\"@id\":\"https:\/\/cultura.santjosep.org\/es\/agenda\/el-festin-festival-de-teatro-infantil-24-06\/\",\"url\":\"https:\/\/cultura.santjosep.org\/es\/agenda\/el-festin-festival-de-teatro-infantil-24-06\/\",\"name\":\"El Fest\u00edn - Festival de Teatro Infantil 24\/06 - Cultura a Sant Josep de sa Talaia\",\"isPartOf\":{\"@id\":\"https:\/\/cultura.santjosep.org\/es\/#website\"},\"primaryImageOfPage\":{\"@id\":\"https:\/\/cultura.santjosep.org\/es\/agenda\/el-festin-festival-de-teatro-infantil-24-06\/#primaryimage\"},\"image\":{\"@id\":\"https:\/\/cultura.santjosep.org\/es\/agenda\/el-festin-festival-de-teatro-infantil-24-06\/#primaryimage\"},\"thumbnailUrl\":\"https:\/\/cultura.santjosep.org\/wp-content\/uploads\/2022\/06\/elfestin.png\",\"datePublished\":\"2022-06-20T08:32:43+00:00\",\"dateModified\":\"2022-06-21T12:25:37+00:00\",\"breadcrumb\":{\"@id\":\"https:\/\/cultura.santjosep.org\/es\/agenda\/el-festin-festival-de-teatro-infantil-24-06\/#breadcrumb\"},\"inLanguage\":\"es\",\"potentialAction\":[{\"@type\":\"ReadAction\",\"target\":[\"https:\/\/cultura.santjosep.org\/es\/agenda\/el-festin-festival-de-teatro-infantil-24-06\/\"]}]},{\"@type\":\"ImageObject\",\"inLanguage\":\"es\",\"@id\":\"https:\/\/cultura.santjosep.org\/es\/agenda\/el-festin-festival-de-teatro-infantil-24-06\/#primaryimage\",\"url\":\"https:\/\/cultura.santjosep.org\/wp-content\/uploads\/2022\/06\/elfestin.png\",\"contentUrl\":\"https:\/\/cultura.santjosep.org\/wp-content\/uploads\/2022\/06\/elfestin.png\",\"width\":1768,\"height\":1774},{\"@type\":\"BreadcrumbList\",\"@id\":\"https:\/\/cultura.santjosep.org\/es\/agenda\/el-festin-festival-de-teatro-infantil-24-06\/#breadcrumb\",\"itemListElement\":[{\"@type\":\"ListItem\",\"position\":1,\"name\":\"Portada\",\"item\":\"https:\/\/cultura.santjosep.org\/es\/\"},{\"@type\":\"ListItem\",\"position\":2,\"name\":\"Eventos\",\"item\":\"https:\/\/cultura.santjosep.org\/agenda\/\"},{\"@type\":\"ListItem\",\"position\":3,\"name\":\"El Fest\u00edn &#8211; Festival de Teatro Infantil 24\/06\"}]},{\"@type\":\"WebSite\",\"@id\":\"https:\/\/cultura.santjosep.org\/es\/#website\",\"url\":\"https:\/\/cultura.santjosep.org\/es\/\",\"name\":\"Cultura a Sant Josep de sa Talaia\",\"description\":\"\",\"publisher\":{\"@id\":\"https:\/\/cultura.santjosep.org\/es\/#organization\"},\"potentialAction\":[{\"@type\":\"SearchAction\",\"target\":{\"@type\":\"EntryPoint\",\"urlTemplate\":\"https:\/\/cultura.santjosep.org\/es\/?s={search_term_string}\"},\"query-input\":{\"@type\":\"PropertyValueSpecification\",\"valueRequired\":true,\"valueName\":\"search_term_string\"}}],\"inLanguage\":\"es\"},{\"@type\":\"Organization\",\"@id\":\"https:\/\/cultura.santjosep.org\/es\/#organization\",\"name\":\"Ajuntament de Sant Josep de sa Talaia\",\"url\":\"https:\/\/cultura.santjosep.org\/es\/\",\"logo\":{\"@type\":\"ImageObject\",\"inLanguage\":\"es\",\"@id\":\"https:\/\/cultura.santjosep.org\/es\/#\/schema\/logo\/image\/\",\"url\":\"https:\/\/cultura.santjosep.org\/wp-content\/uploads\/2020\/10\/logocolor.jpg\",\"contentUrl\":\"https:\/\/cultura.santjosep.org\/wp-content\/uploads\/2020\/10\/logocolor.jpg\",\"width\":250,\"height\":98,\"caption\":\"Ajuntament de Sant Josep de sa Talaia\"},\"image\":{\"@id\":\"https:\/\/cultura.santjosep.org\/es\/#\/schema\/logo\/image\/\"},\"sameAs\":[\"https:\/\/www.facebook.com\/Ajuntament-de-Sant-Josep-de-sa-Talaia-197541666931354\/\",\"https:\/\/x.com\/DeTalaia\",\"https:\/\/www.instagram.com\/sant_josep_de_sa_talaia\/\"]}]}<\/script>\n<!-- \/ Yoast SEO plugin. -->","yoast_head_json":{"title":"El Fest\u00edn - Festival de Teatro Infantil 24\/06 - Cultura a Sant Josep de sa Talaia","robots":{"index":"index","follow":"follow","max-snippet":"max-snippet:-1","max-image-preview":"max-image-preview:large","max-video-preview":"max-video-preview:-1"},"canonical":"https:\/\/cultura.santjosep.org\/es\/agenda\/el-festin-festival-de-teatro-infantil-24-06\/","og_locale":"es_ES","og_type":"article","og_title":"El Fest\u00edn - Festival de Teatro Infantil 24\/06 - Cultura a Sant Josep de sa Talaia","og_description":"[vc_row][vc_column][vc_column_text]19h | &#8216;Planeta B\/N&#8217; &#8211; Grupo de teatro j\u00fanior des Cubells Teatro &#8211; 50 min &#8211; para todos los p\u00fablicos \u2018Planeta B\/N\u2019 &#8211; A\u00f1o 10.011 de la Era Primera. Autora: &hellip; Seguir leyendo \u00abEl Fest\u00edn &#8211; Festival de Teatro Infantil 24\/06\u00bb","og_url":"https:\/\/cultura.santjosep.org\/es\/agenda\/el-festin-festival-de-teatro-infantil-24-06\/","og_site_name":"Cultura a Sant Josep de sa Talaia","article_publisher":"https:\/\/www.facebook.com\/Ajuntament-de-Sant-Josep-de-sa-Talaia-197541666931354\/","article_modified_time":"2022-06-21T12:25:37+00:00","og_image":[{"width":1768,"height":1774,"url":"https:\/\/cultura.santjosep.org\/wp-content\/uploads\/2022\/06\/elfestin.png","type":"image\/png"}],"twitter_card":"summary_large_image","twitter_site":"@DeTalaia","twitter_misc":{"Tiempo de lectura":"2 minutos"},"schema":{"@context":"https:\/\/schema.org","@graph":[{"@type":"WebPage","@id":"https:\/\/cultura.santjosep.org\/es\/agenda\/el-festin-festival-de-teatro-infantil-24-06\/","url":"https:\/\/cultura.santjosep.org\/es\/agenda\/el-festin-festival-de-teatro-infantil-24-06\/","name":"El Fest\u00edn - Festival de Teatro Infantil 24\/06 - Cultura a Sant Josep de sa Talaia","isPartOf":{"@id":"https:\/\/cultura.santjosep.org\/es\/#website"},"primaryImageOfPage":{"@id":"https:\/\/cultura.santjosep.org\/es\/agenda\/el-festin-festival-de-teatro-infantil-24-06\/#primaryimage"},"image":{"@id":"https:\/\/cultura.santjosep.org\/es\/agenda\/el-festin-festival-de-teatro-infantil-24-06\/#primaryimage"},"thumbnailUrl":"https:\/\/cultura.santjosep.org\/wp-content\/uploads\/2022\/06\/elfestin.png","datePublished":"2022-06-20T08:32:43+00:00","dateModified":"2022-06-21T12:25:37+00:00","breadcrumb":{"@id":"https:\/\/cultura.santjosep.org\/es\/agenda\/el-festin-festival-de-teatro-infantil-24-06\/#breadcrumb"},"inLanguage":"es","potentialAction":[{"@type":"ReadAction","target":["https:\/\/cultura.santjosep.org\/es\/agenda\/el-festin-festival-de-teatro-infantil-24-06\/"]}]},{"@type":"ImageObject","inLanguage":"es","@id":"https:\/\/cultura.santjosep.org\/es\/agenda\/el-festin-festival-de-teatro-infantil-24-06\/#primaryimage","url":"https:\/\/cultura.santjosep.org\/wp-content\/uploads\/2022\/06\/elfestin.png","contentUrl":"https:\/\/cultura.santjosep.org\/wp-content\/uploads\/2022\/06\/elfestin.png","width":1768,"height":1774},{"@type":"BreadcrumbList","@id":"https:\/\/cultura.santjosep.org\/es\/agenda\/el-festin-festival-de-teatro-infantil-24-06\/#breadcrumb","itemListElement":[{"@type":"ListItem","position":1,"name":"Portada","item":"https:\/\/cultura.santjosep.org\/es\/"},{"@type":"ListItem","position":2,"name":"Eventos","item":"https:\/\/cultura.santjosep.org\/agenda\/"},{"@type":"ListItem","position":3,"name":"El Fest\u00edn &#8211; Festival de Teatro Infantil 24\/06"}]},{"@type":"WebSite","@id":"https:\/\/cultura.santjosep.org\/es\/#website","url":"https:\/\/cultura.santjosep.org\/es\/","name":"Cultura a Sant Josep de sa Talaia","description":"","publisher":{"@id":"https:\/\/cultura.santjosep.org\/es\/#organization"},"potentialAction":[{"@type":"SearchAction","target":{"@type":"EntryPoint","urlTemplate":"https:\/\/cultura.santjosep.org\/es\/?s={search_term_string}"},"query-input":{"@type":"PropertyValueSpecification","valueRequired":true,"valueName":"search_term_string"}}],"inLanguage":"es"},{"@type":"Organization","@id":"https:\/\/cultura.santjosep.org\/es\/#organization","name":"Ajuntament de Sant Josep de sa Talaia","url":"https:\/\/cultura.santjosep.org\/es\/","logo":{"@type":"ImageObject","inLanguage":"es","@id":"https:\/\/cultura.santjosep.org\/es\/#\/schema\/logo\/image\/","url":"https:\/\/cultura.santjosep.org\/wp-content\/uploads\/2020\/10\/logocolor.jpg","contentUrl":"https:\/\/cultura.santjosep.org\/wp-content\/uploads\/2020\/10\/logocolor.jpg","width":250,"height":98,"caption":"Ajuntament de Sant Josep de sa Talaia"},"image":{"@id":"https:\/\/cultura.santjosep.org\/es\/#\/schema\/logo\/image\/"},"sameAs":["https:\/\/www.facebook.com\/Ajuntament-de-Sant-Josep-de-sa-Talaia-197541666931354\/","https:\/\/x.com\/DeTalaia","https:\/\/www.instagram.com\/sant_josep_de_sa_talaia\/"]}]}},"_links":{"self":[{"href":"https:\/\/cultura.santjosep.org\/es\/wp-json\/wp\/v2\/tribe_events\/12795","targetHints":{"allow":["GET"]}}],"collection":[{"href":"https:\/\/cultura.santjosep.org\/es\/wp-json\/wp\/v2\/tribe_events"}],"about":[{"href":"https:\/\/cultura.santjosep.org\/es\/wp-json\/wp\/v2\/types\/tribe_events"}],"author":[{"embeddable":true,"href":"https:\/\/cultura.santjosep.org\/es\/wp-json\/wp\/v2\/users\/1"}],"version-history":[{"count":0,"href":"https:\/\/cultura.santjosep.org\/es\/wp-json\/wp\/v2\/tribe_events\/12795\/revisions"}],"wp:featuredmedia":[{"embeddable":true,"href":"https:\/\/cultura.santjosep.org\/es\/wp-json\/wp\/v2\/media\/12800"}],"wp:attachment":[{"href":"https:\/\/cultura.santjosep.org\/es\/wp-json\/wp\/v2\/media?parent=12795"}],"wp:term":[{"taxonomy":"post_tag","embeddable":true,"href":"https:\/\/cultura.santjosep.org\/es\/wp-json\/wp\/v2\/tags?post=12795"},{"taxonomy":"tribe_events_cat","embeddable":true,"href":"https:\/\/cultura.santjosep.org\/es\/wp-json\/wp\/v2\/tribe_events_cat?post=12795"}],"curies":[{"name":"wp","href":"https:\/\/api.w.org\/{rel}","templated":true}]}}