{"id":12823,"date":"2022-06-20T11:51:38","date_gmt":"2022-06-20T09:51:38","guid":{"rendered":"https:\/\/cultura.santjosep.org\/agenda\/el-festin-festival-de-teatre-infantil-26-06\/"},"modified":"2022-06-21T14:26:40","modified_gmt":"2022-06-21T12:26:40","slug":"el-festin-festival-de-teatro-infantil-26-06","status":"publish","type":"tribe_events","link":"https:\/\/cultura.santjosep.org\/es\/agenda\/el-festin-festival-de-teatro-infantil-26-06\/","title":{"rendered":"El Fest\u00edn &#8211; Festival de Teatro Infantil 26\/06"},"content":{"rendered":"<div class=\"wpb-content-wrapper\"><p>[vc_row][vc_column][vc_column_text]18h | <strong>&#8216;Desde el insti con amor&#8217; &#8211; <\/strong>Musicaldansa<\/p>\n<p>Teatro &#8211; <strong>40 min<\/strong> &#8211; para todos los p\u00fablicos<\/p>\n<p>En la selva que es el instituto sobrevivir cada d\u00eda sin salir magullado es casi imposible. Los leones siguen siendo los amos y se\u00f1ores reproduciendo un mundo en el que hay que seguir trabajando para que empiece a quedar obsoleto.[\/vc_column_text][vc_separator][\/vc_column][\/vc_row][vc_row][vc_column][vc_column_text]19h | <strong>&#8216;Somni circense&#8217; &#8211;\u00a0<\/strong>Circ Eivissa Omega<\/p>\n<p>Circo, equilibrios, acrobacia&#8230; &#8211; <strong>45 min<\/strong> &#8211; para todos los p\u00fablicos<\/p>\n<p>En este espect\u00e1culo veremos diferentes elementos y materiales de circo, equilibrios, acrobacia a\u00e9rea, malabares con coreograf\u00edas creadas por el alumnado&#8230; Se re\u00fanen las diferentes escuelas donde Eivissa Omega imparte clases de circo, el colegio Es Vedr\u00e0, Urgell, Can Raspalls, Sant Antoni, Cervantes, Can Coix.[\/vc_column_text][vc_separator][\/vc_column][\/vc_row][vc_row][vc_column][vc_column_text]20:30h | <strong>&#8216;Pim Pam, Clown&#8217; &#8211;\u00a0<\/strong>Musicaldansa<\/p>\n<p>Teatro &#8211; <strong>40 min<\/strong> &#8211; para todos los p\u00fablicos<\/p>\n<p>Una obra que, desde el humor y cierto surrealismo, nos hace dar cuenta de lo absurdas que son las guerras y todo lo que hay detr\u00e1s de cualquier tipo de conflicto armado. En fin, un cat\u00e1logo de sinsentidos b\u00e9licos, que a trav\u00e9s del humor pretende invocar a la tolerancia y a la soluci\u00f3n pac\u00edfica de los conflictos.[\/vc_column_text][vc_separator][\/vc_column][\/vc_row][vc_row][vc_column][vc_column_text]21:30h | <strong>&#8216;MiraT&#8217; &#8211;\u00a0<\/strong>Cia. Circ P\u00e0nic<\/p>\n<p>Circo, equilibrios&#8230; &#8211; <strong>45 min<\/strong> &#8211; para todos los p\u00fablicos<\/p>\n<p>Una gran balanza derecha en medio de la pista&#8230; un juego de miradas cruzadas. De \u00e9l hacia s\u00ed mismo, a la vez introspectiva y de apertura al otro. De ti hacia \u00e9l y de \u00e9l hacia ti. Mirarse, confrontarse con la propia soledad, tomar la decisi\u00f3n de realizar este viaje personal y transcribirlo a la pista.[\/vc_column_text][vc_separator][\/vc_column][\/vc_row][vc_row][vc_column][vc_btn title=\u00bbDESCARGA EL PROGRAMA COMPLETO\u00bb style=\u00bbcustom\u00bb custom_background=\u00bb#b32920&#8243; custom_text=\u00bb#ffffff\u00bb link=\u00bburl:https%3A%2F%2Fcultura.santjosep.org%2Fwp-content%2Fuploads%2F2022%2F06%2FPROGRAMA-ELFESTIN-2022.pdf|target:_blank\u00bb][\/vc_column][\/vc_row]<\/p>\n<\/div>","protected":false},"excerpt":{"rendered":"<p>[vc_row][vc_column][vc_column_text]18h | &#8216;Desde el insti con amor&#8217; &#8211; Musicaldansa Teatro &#8211; 40 min &#8211; para todos los p\u00fablicos En la selva que es el instituto sobrevivir cada d\u00eda sin salir &hellip; <\/p>\n<p class=\"link-more\"><a href=\"https:\/\/cultura.santjosep.org\/es\/agenda\/el-festin-festival-de-teatro-infantil-26-06\/\" class=\"more-link\">Seguir leyendo<span class=\"screen-reader-text\"> \u00abEl Fest\u00edn &#8211; Festival de Teatro Infantil 26\/06\u00bb<\/span><\/a><\/p>\n","protected":false},"author":1,"featured_media":12800,"template":"","meta":{"_tribe_events_status":"","_tribe_events_status_reason":"","_tribe_events_is_hybrid":"","_tribe_events_is_virtual":"","_tribe_events_virtual_video_source":"","_tribe_events_virtual_embed_video":"","_tribe_events_virtual_linked_button_text":"","_tribe_events_virtual_linked_button":"","_tribe_events_virtual_show_embed_at":"","_tribe_events_virtual_show_embed_to":[],"_tribe_events_virtual_show_on_event":"","_tribe_events_virtual_show_on_views":"","_tribe_events_virtual_url":"","footnotes":""},"tags":[],"tribe_events_cat":[131],"class_list":["post-12823","tribe_events","type-tribe_events","status-publish","has-post-thumbnail","hentry","tribe_events_cat-el-festin-festival-de-teatro-infantil","cat_el-festin-festival-de-teatro-infantil","entry"],"yoast_head":"<!-- This site is optimized with the Yoast SEO plugin v26.6 - https:\/\/yoast.com\/wordpress\/plugins\/seo\/ -->\n<title>El Fest\u00edn - Festival de Teatro Infantil 26\/06 - Cultura a Sant Josep de sa Talaia<\/title>\n<meta name=\"robots\" content=\"index, follow, max-snippet:-1, max-image-preview:large, max-video-preview:-1\" \/>\n<link rel=\"canonical\" href=\"https:\/\/cultura.santjosep.org\/es\/agenda\/el-festin-festival-de-teatro-infantil-26-06\/\" \/>\n<meta property=\"og:locale\" content=\"es_ES\" \/>\n<meta property=\"og:type\" content=\"article\" \/>\n<meta property=\"og:title\" content=\"El Fest\u00edn - Festival de Teatro Infantil 26\/06 - Cultura a Sant Josep de sa Talaia\" \/>\n<meta property=\"og:description\" content=\"[vc_row][vc_column][vc_column_text]18h | &#8216;Desde el insti con amor&#8217; &#8211; Musicaldansa Teatro &#8211; 40 min &#8211; para todos los p\u00fablicos En la selva que es el instituto sobrevivir cada d\u00eda sin salir &hellip; Seguir leyendo \u00abEl Fest\u00edn &#8211; Festival de Teatro Infantil 26\/06\u00bb\" \/>\n<meta property=\"og:url\" content=\"https:\/\/cultura.santjosep.org\/es\/agenda\/el-festin-festival-de-teatro-infantil-26-06\/\" \/>\n<meta property=\"og:site_name\" content=\"Cultura a Sant Josep de sa Talaia\" \/>\n<meta property=\"article:publisher\" content=\"https:\/\/www.facebook.com\/Ajuntament-de-Sant-Josep-de-sa-Talaia-197541666931354\/\" \/>\n<meta property=\"article:modified_time\" content=\"2022-06-21T12:26:40+00:00\" \/>\n<meta property=\"og:image\" content=\"https:\/\/cultura.santjosep.org\/wp-content\/uploads\/2022\/06\/elfestin.png\" \/>\n\t<meta property=\"og:image:width\" content=\"1768\" \/>\n\t<meta property=\"og:image:height\" content=\"1774\" \/>\n\t<meta property=\"og:image:type\" content=\"image\/png\" \/>\n<meta name=\"twitter:card\" content=\"summary_large_image\" \/>\n<meta name=\"twitter:site\" content=\"@DeTalaia\" \/>\n<meta name=\"twitter:label1\" content=\"Tiempo de lectura\" \/>\n\t<meta name=\"twitter:data1\" content=\"2 minutos\" \/>\n<script type=\"application\/ld+json\" class=\"yoast-schema-graph\">{\"@context\":\"https:\/\/schema.org\",\"@graph\":[{\"@type\":\"WebPage\",\"@id\":\"https:\/\/cultura.santjosep.org\/es\/agenda\/el-festin-festival-de-teatro-infantil-26-06\/\",\"url\":\"https:\/\/cultura.santjosep.org\/es\/agenda\/el-festin-festival-de-teatro-infantil-26-06\/\",\"name\":\"El Fest\u00edn - Festival de Teatro Infantil 26\/06 - Cultura a Sant Josep de sa Talaia\",\"isPartOf\":{\"@id\":\"https:\/\/cultura.santjosep.org\/es\/#website\"},\"primaryImageOfPage\":{\"@id\":\"https:\/\/cultura.santjosep.org\/es\/agenda\/el-festin-festival-de-teatro-infantil-26-06\/#primaryimage\"},\"image\":{\"@id\":\"https:\/\/cultura.santjosep.org\/es\/agenda\/el-festin-festival-de-teatro-infantil-26-06\/#primaryimage\"},\"thumbnailUrl\":\"https:\/\/cultura.santjosep.org\/wp-content\/uploads\/2022\/06\/elfestin.png\",\"datePublished\":\"2022-06-20T09:51:38+00:00\",\"dateModified\":\"2022-06-21T12:26:40+00:00\",\"breadcrumb\":{\"@id\":\"https:\/\/cultura.santjosep.org\/es\/agenda\/el-festin-festival-de-teatro-infantil-26-06\/#breadcrumb\"},\"inLanguage\":\"es\",\"potentialAction\":[{\"@type\":\"ReadAction\",\"target\":[\"https:\/\/cultura.santjosep.org\/es\/agenda\/el-festin-festival-de-teatro-infantil-26-06\/\"]}]},{\"@type\":\"ImageObject\",\"inLanguage\":\"es\",\"@id\":\"https:\/\/cultura.santjosep.org\/es\/agenda\/el-festin-festival-de-teatro-infantil-26-06\/#primaryimage\",\"url\":\"https:\/\/cultura.santjosep.org\/wp-content\/uploads\/2022\/06\/elfestin.png\",\"contentUrl\":\"https:\/\/cultura.santjosep.org\/wp-content\/uploads\/2022\/06\/elfestin.png\",\"width\":1768,\"height\":1774},{\"@type\":\"BreadcrumbList\",\"@id\":\"https:\/\/cultura.santjosep.org\/es\/agenda\/el-festin-festival-de-teatro-infantil-26-06\/#breadcrumb\",\"itemListElement\":[{\"@type\":\"ListItem\",\"position\":1,\"name\":\"Portada\",\"item\":\"https:\/\/cultura.santjosep.org\/es\/\"},{\"@type\":\"ListItem\",\"position\":2,\"name\":\"Eventos\",\"item\":\"https:\/\/cultura.santjosep.org\/agenda\/\"},{\"@type\":\"ListItem\",\"position\":3,\"name\":\"El Fest\u00edn &#8211; Festival de Teatro Infantil 26\/06\"}]},{\"@type\":\"WebSite\",\"@id\":\"https:\/\/cultura.santjosep.org\/es\/#website\",\"url\":\"https:\/\/cultura.santjosep.org\/es\/\",\"name\":\"Cultura a Sant Josep de sa Talaia\",\"description\":\"\",\"publisher\":{\"@id\":\"https:\/\/cultura.santjosep.org\/es\/#organization\"},\"potentialAction\":[{\"@type\":\"SearchAction\",\"target\":{\"@type\":\"EntryPoint\",\"urlTemplate\":\"https:\/\/cultura.santjosep.org\/es\/?s={search_term_string}\"},\"query-input\":{\"@type\":\"PropertyValueSpecification\",\"valueRequired\":true,\"valueName\":\"search_term_string\"}}],\"inLanguage\":\"es\"},{\"@type\":\"Organization\",\"@id\":\"https:\/\/cultura.santjosep.org\/es\/#organization\",\"name\":\"Ajuntament de Sant Josep de sa Talaia\",\"url\":\"https:\/\/cultura.santjosep.org\/es\/\",\"logo\":{\"@type\":\"ImageObject\",\"inLanguage\":\"es\",\"@id\":\"https:\/\/cultura.santjosep.org\/es\/#\/schema\/logo\/image\/\",\"url\":\"https:\/\/cultura.santjosep.org\/wp-content\/uploads\/2020\/10\/logocolor.jpg\",\"contentUrl\":\"https:\/\/cultura.santjosep.org\/wp-content\/uploads\/2020\/10\/logocolor.jpg\",\"width\":250,\"height\":98,\"caption\":\"Ajuntament de Sant Josep de sa Talaia\"},\"image\":{\"@id\":\"https:\/\/cultura.santjosep.org\/es\/#\/schema\/logo\/image\/\"},\"sameAs\":[\"https:\/\/www.facebook.com\/Ajuntament-de-Sant-Josep-de-sa-Talaia-197541666931354\/\",\"https:\/\/x.com\/DeTalaia\",\"https:\/\/www.instagram.com\/sant_josep_de_sa_talaia\/\"]}]}<\/script>\n<!-- \/ Yoast SEO plugin. -->","yoast_head_json":{"title":"El Fest\u00edn - Festival de Teatro Infantil 26\/06 - Cultura a Sant Josep de sa Talaia","robots":{"index":"index","follow":"follow","max-snippet":"max-snippet:-1","max-image-preview":"max-image-preview:large","max-video-preview":"max-video-preview:-1"},"canonical":"https:\/\/cultura.santjosep.org\/es\/agenda\/el-festin-festival-de-teatro-infantil-26-06\/","og_locale":"es_ES","og_type":"article","og_title":"El Fest\u00edn - Festival de Teatro Infantil 26\/06 - Cultura a Sant Josep de sa Talaia","og_description":"[vc_row][vc_column][vc_column_text]18h | &#8216;Desde el insti con amor&#8217; &#8211; Musicaldansa Teatro &#8211; 40 min &#8211; para todos los p\u00fablicos En la selva que es el instituto sobrevivir cada d\u00eda sin salir &hellip; Seguir leyendo \u00abEl Fest\u00edn &#8211; Festival de Teatro Infantil 26\/06\u00bb","og_url":"https:\/\/cultura.santjosep.org\/es\/agenda\/el-festin-festival-de-teatro-infantil-26-06\/","og_site_name":"Cultura a Sant Josep de sa Talaia","article_publisher":"https:\/\/www.facebook.com\/Ajuntament-de-Sant-Josep-de-sa-Talaia-197541666931354\/","article_modified_time":"2022-06-21T12:26:40+00:00","og_image":[{"width":1768,"height":1774,"url":"https:\/\/cultura.santjosep.org\/wp-content\/uploads\/2022\/06\/elfestin.png","type":"image\/png"}],"twitter_card":"summary_large_image","twitter_site":"@DeTalaia","twitter_misc":{"Tiempo de lectura":"2 minutos"},"schema":{"@context":"https:\/\/schema.org","@graph":[{"@type":"WebPage","@id":"https:\/\/cultura.santjosep.org\/es\/agenda\/el-festin-festival-de-teatro-infantil-26-06\/","url":"https:\/\/cultura.santjosep.org\/es\/agenda\/el-festin-festival-de-teatro-infantil-26-06\/","name":"El Fest\u00edn - Festival de Teatro Infantil 26\/06 - Cultura a Sant Josep de sa Talaia","isPartOf":{"@id":"https:\/\/cultura.santjosep.org\/es\/#website"},"primaryImageOfPage":{"@id":"https:\/\/cultura.santjosep.org\/es\/agenda\/el-festin-festival-de-teatro-infantil-26-06\/#primaryimage"},"image":{"@id":"https:\/\/cultura.santjosep.org\/es\/agenda\/el-festin-festival-de-teatro-infantil-26-06\/#primaryimage"},"thumbnailUrl":"https:\/\/cultura.santjosep.org\/wp-content\/uploads\/2022\/06\/elfestin.png","datePublished":"2022-06-20T09:51:38+00:00","dateModified":"2022-06-21T12:26:40+00:00","breadcrumb":{"@id":"https:\/\/cultura.santjosep.org\/es\/agenda\/el-festin-festival-de-teatro-infantil-26-06\/#breadcrumb"},"inLanguage":"es","potentialAction":[{"@type":"ReadAction","target":["https:\/\/cultura.santjosep.org\/es\/agenda\/el-festin-festival-de-teatro-infantil-26-06\/"]}]},{"@type":"ImageObject","inLanguage":"es","@id":"https:\/\/cultura.santjosep.org\/es\/agenda\/el-festin-festival-de-teatro-infantil-26-06\/#primaryimage","url":"https:\/\/cultura.santjosep.org\/wp-content\/uploads\/2022\/06\/elfestin.png","contentUrl":"https:\/\/cultura.santjosep.org\/wp-content\/uploads\/2022\/06\/elfestin.png","width":1768,"height":1774},{"@type":"BreadcrumbList","@id":"https:\/\/cultura.santjosep.org\/es\/agenda\/el-festin-festival-de-teatro-infantil-26-06\/#breadcrumb","itemListElement":[{"@type":"ListItem","position":1,"name":"Portada","item":"https:\/\/cultura.santjosep.org\/es\/"},{"@type":"ListItem","position":2,"name":"Eventos","item":"https:\/\/cultura.santjosep.org\/agenda\/"},{"@type":"ListItem","position":3,"name":"El Fest\u00edn &#8211; Festival de Teatro Infantil 26\/06"}]},{"@type":"WebSite","@id":"https:\/\/cultura.santjosep.org\/es\/#website","url":"https:\/\/cultura.santjosep.org\/es\/","name":"Cultura a Sant Josep de sa Talaia","description":"","publisher":{"@id":"https:\/\/cultura.santjosep.org\/es\/#organization"},"potentialAction":[{"@type":"SearchAction","target":{"@type":"EntryPoint","urlTemplate":"https:\/\/cultura.santjosep.org\/es\/?s={search_term_string}"},"query-input":{"@type":"PropertyValueSpecification","valueRequired":true,"valueName":"search_term_string"}}],"inLanguage":"es"},{"@type":"Organization","@id":"https:\/\/cultura.santjosep.org\/es\/#organization","name":"Ajuntament de Sant Josep de sa Talaia","url":"https:\/\/cultura.santjosep.org\/es\/","logo":{"@type":"ImageObject","inLanguage":"es","@id":"https:\/\/cultura.santjosep.org\/es\/#\/schema\/logo\/image\/","url":"https:\/\/cultura.santjosep.org\/wp-content\/uploads\/2020\/10\/logocolor.jpg","contentUrl":"https:\/\/cultura.santjosep.org\/wp-content\/uploads\/2020\/10\/logocolor.jpg","width":250,"height":98,"caption":"Ajuntament de Sant Josep de sa Talaia"},"image":{"@id":"https:\/\/cultura.santjosep.org\/es\/#\/schema\/logo\/image\/"},"sameAs":["https:\/\/www.facebook.com\/Ajuntament-de-Sant-Josep-de-sa-Talaia-197541666931354\/","https:\/\/x.com\/DeTalaia","https:\/\/www.instagram.com\/sant_josep_de_sa_talaia\/"]}]}},"_links":{"self":[{"href":"https:\/\/cultura.santjosep.org\/es\/wp-json\/wp\/v2\/tribe_events\/12823","targetHints":{"allow":["GET"]}}],"collection":[{"href":"https:\/\/cultura.santjosep.org\/es\/wp-json\/wp\/v2\/tribe_events"}],"about":[{"href":"https:\/\/cultura.santjosep.org\/es\/wp-json\/wp\/v2\/types\/tribe_events"}],"author":[{"embeddable":true,"href":"https:\/\/cultura.santjosep.org\/es\/wp-json\/wp\/v2\/users\/1"}],"version-history":[{"count":0,"href":"https:\/\/cultura.santjosep.org\/es\/wp-json\/wp\/v2\/tribe_events\/12823\/revisions"}],"wp:featuredmedia":[{"embeddable":true,"href":"https:\/\/cultura.santjosep.org\/es\/wp-json\/wp\/v2\/media\/12800"}],"wp:attachment":[{"href":"https:\/\/cultura.santjosep.org\/es\/wp-json\/wp\/v2\/media?parent=12823"}],"wp:term":[{"taxonomy":"post_tag","embeddable":true,"href":"https:\/\/cultura.santjosep.org\/es\/wp-json\/wp\/v2\/tags?post=12823"},{"taxonomy":"tribe_events_cat","embeddable":true,"href":"https:\/\/cultura.santjosep.org\/es\/wp-json\/wp\/v2\/tribe_events_cat?post=12823"}],"curies":[{"name":"wp","href":"https:\/\/api.w.org\/{rel}","templated":true}]}}