{"id":12826,"date":"2022-06-20T12:04:26","date_gmt":"2022-06-20T10:04:26","guid":{"rendered":"https:\/\/cultura.santjosep.org\/?post_type=tribe_events&#038;p=12826"},"modified":"2022-06-21T14:26:52","modified_gmt":"2022-06-21T12:26:52","slug":"el-festin-festival-de-teatro-infantil-01-07","status":"publish","type":"tribe_events","link":"https:\/\/cultura.santjosep.org\/es\/agenda\/el-festin-festival-de-teatro-infantil-01-07\/","title":{"rendered":"El Fest\u00edn &#8211; Festival de Teatro Infantil 01\/07"},"content":{"rendered":"<div class=\"wpb-content-wrapper\"><p>[vc_row][vc_column][vc_column_text]20h | <strong>&#8216;Tots iguals per\u00f2 diferents&#8217;<\/strong> &#8211; David &amp; Monma<\/p>\n<p>Cuentacuentos, humor &#8211; <strong>45 min<\/strong> &#8211; para todos los p\u00fablicos<\/p>\n<p>Es la nueva propuesta de David &amp; Monma. Un espect\u00e1culo de narraci\u00f3n oral donde el humor y la m\u00fasica acompa\u00f1an a las m\u00e1gicas palabras de \u201chab\u00eda una vez&#8230;\u201d para dibujar historias que nos hablan de igualdad, empat\u00eda y respeto.[\/vc_column_text][vc_separator][\/vc_column][\/vc_row][vc_row][vc_column][vc_column_text]21h | <strong>&#8216;You Gur&#8217;<\/strong> &#8211; Carlo M\u00f4<\/p>\n<p>Humor gestual&#8230; &#8211; <strong>40 min<\/strong> &#8211; para todos los p\u00fablicos<\/p>\n<p>Carlo M\u00f4 aparece cargando un muro a sus espaldas&#8230; y sin objetivo aparente. Pero todo cambia cuando a su paso quiere ir cargando todo lo que encuentra, con la extra\u00f1a y \u00fanica inutilidad de almacenarlo todo porque&#8230; si m\u00e1s no es m\u00e1s&#8230; \u00a1\u00a1\u00a1\u00bfcuanto m\u00e1s ser\u00e1 m\u00e1s?!!![\/vc_column_text][vc_separator][\/vc_column][\/vc_row][vc_row][vc_column][vc_column_text]22h | <strong>&#8216;The Troupers&#8217;<\/strong> &#8211; La Finestra Nou Circ<\/p>\n<p>Teatro, circo&#8230; &#8211; <strong>60 min<\/strong> &#8211; para todos los p\u00fablicos<\/p>\n<p>Cuatro entra\u00f1ables artistas de un circo cl\u00e1sico deber\u00e1n encontrar su nuevo lugar en el mundo. Malabares, acrobacias, equilibrios, clown, magia y trucos sin complejos. Tras a\u00f1os de \u00e9xitos con su espect\u00e1culo, el Gran Circo B\u00e1mbola cerr\u00f3 sus puertas. Ya no est\u00e1n la carpa, los elefantes, los domadores, el lanzador de cuchillos, las lentejuelas, las partenaires. Pero quedan ellos,<strong> \u2018The Troupers\u2019,<\/strong> tres artistas de aquel circo cl\u00e1sico y aquella peculiar vendedora de palomitas que siempre quiso ser artista.<\/p>\n<p><strong>\u2018The Troupers\u2019<\/strong> son cl\u00e1sicos actuales, malabaristas sin miedo al error, acr\u00f3batas intr\u00e9pidos, trapecistas con miedo a las alturas, magos sin truco, payasos sin maquillaje, domadores sin animales, artistas sin complejos. Los cuatro juntos vuelven dispuestos a realizar su propio espect\u00e1culo, a reinventarse, a desempolvar la pista de circo y a buscar su hueco en el circo actual. Conseguir\u00e1n hacer suyos todos aquellos n\u00fameros cl\u00e1sicos de una manera divertida, elegante y con una pizca de locura.[\/vc_column_text][vc_separator][\/vc_column][\/vc_row][vc_row][vc_column][vc_btn title=\u00bbDESCARGA EL PROGRAMA COMPLETO\u00bb style=\u00bbcustom\u00bb custom_background=\u00bb#b32920&#8243; custom_text=\u00bb#ffffff\u00bb link=\u00bburl:https%3A%2F%2Fcultura.santjosep.org%2Fwp-content%2Fuploads%2F2022%2F06%2FPROGRAMA-ELFESTIN-2022.pdf|target:_blank\u00bb][\/vc_column][\/vc_row]<\/p>\n<\/div>","protected":false},"excerpt":{"rendered":"<p>[vc_row][vc_column][vc_column_text]20h | &#8216;Tots iguals per\u00f2 diferents&#8217; &#8211; David &amp; Monma Cuentacuentos, humor &#8211; 45 min &#8211; para todos los p\u00fablicos Es la nueva propuesta de David &amp; Monma. Un espect\u00e1culo &hellip; <\/p>\n<p class=\"link-more\"><a href=\"https:\/\/cultura.santjosep.org\/es\/agenda\/el-festin-festival-de-teatro-infantil-01-07\/\" class=\"more-link\">Seguir leyendo<span class=\"screen-reader-text\"> \u00abEl Fest\u00edn &#8211; Festival de Teatro Infantil 01\/07\u00bb<\/span><\/a><\/p>\n","protected":false},"author":1,"featured_media":12800,"template":"","meta":{"_tribe_events_status":"","_tribe_events_status_reason":"","_tribe_events_is_hybrid":"","_tribe_events_is_virtual":"","_tribe_events_virtual_video_source":"","_tribe_events_virtual_embed_video":"","_tribe_events_virtual_linked_button_text":"","_tribe_events_virtual_linked_button":"","_tribe_events_virtual_show_embed_at":"","_tribe_events_virtual_show_embed_to":[],"_tribe_events_virtual_show_on_event":"","_tribe_events_virtual_show_on_views":"","_tribe_events_virtual_url":"","footnotes":""},"tags":[],"tribe_events_cat":[131],"class_list":["post-12826","tribe_events","type-tribe_events","status-publish","has-post-thumbnail","hentry","tribe_events_cat-el-festin-festival-de-teatro-infantil","cat_el-festin-festival-de-teatro-infantil","entry"],"yoast_head":"<!-- This site is optimized with the Yoast SEO plugin v26.6 - https:\/\/yoast.com\/wordpress\/plugins\/seo\/ -->\n<title>El Fest\u00edn - Festival de Teatro Infantil 01\/07 - Cultura a Sant Josep de sa Talaia<\/title>\n<meta name=\"robots\" content=\"index, follow, max-snippet:-1, max-image-preview:large, max-video-preview:-1\" \/>\n<link rel=\"canonical\" href=\"https:\/\/cultura.santjosep.org\/es\/agenda\/el-festin-festival-de-teatro-infantil-01-07\/\" \/>\n<meta property=\"og:locale\" content=\"es_ES\" \/>\n<meta property=\"og:type\" content=\"article\" \/>\n<meta property=\"og:title\" content=\"El Fest\u00edn - Festival de Teatro Infantil 01\/07 - Cultura a Sant Josep de sa Talaia\" \/>\n<meta property=\"og:description\" content=\"[vc_row][vc_column][vc_column_text]20h | &#8216;Tots iguals per\u00f2 diferents&#8217; &#8211; David &amp; Monma Cuentacuentos, humor &#8211; 45 min &#8211; para todos los p\u00fablicos Es la nueva propuesta de David &amp; Monma. Un espect\u00e1culo &hellip; Seguir leyendo \u00abEl Fest\u00edn &#8211; Festival de Teatro Infantil 01\/07\u00bb\" \/>\n<meta property=\"og:url\" content=\"https:\/\/cultura.santjosep.org\/es\/agenda\/el-festin-festival-de-teatro-infantil-01-07\/\" \/>\n<meta property=\"og:site_name\" content=\"Cultura a Sant Josep de sa Talaia\" \/>\n<meta property=\"article:publisher\" content=\"https:\/\/www.facebook.com\/Ajuntament-de-Sant-Josep-de-sa-Talaia-197541666931354\/\" \/>\n<meta property=\"article:modified_time\" content=\"2022-06-21T12:26:52+00:00\" \/>\n<meta property=\"og:image\" content=\"https:\/\/cultura.santjosep.org\/wp-content\/uploads\/2022\/06\/elfestin.png\" \/>\n\t<meta property=\"og:image:width\" content=\"1768\" \/>\n\t<meta property=\"og:image:height\" content=\"1774\" \/>\n\t<meta property=\"og:image:type\" content=\"image\/png\" \/>\n<meta name=\"twitter:card\" content=\"summary_large_image\" \/>\n<meta name=\"twitter:site\" content=\"@DeTalaia\" \/>\n<meta name=\"twitter:label1\" content=\"Tiempo de lectura\" \/>\n\t<meta name=\"twitter:data1\" content=\"2 minutos\" \/>\n<script type=\"application\/ld+json\" class=\"yoast-schema-graph\">{\"@context\":\"https:\/\/schema.org\",\"@graph\":[{\"@type\":\"WebPage\",\"@id\":\"https:\/\/cultura.santjosep.org\/es\/agenda\/el-festin-festival-de-teatro-infantil-01-07\/\",\"url\":\"https:\/\/cultura.santjosep.org\/es\/agenda\/el-festin-festival-de-teatro-infantil-01-07\/\",\"name\":\"El Fest\u00edn - Festival de Teatro Infantil 01\/07 - Cultura a Sant Josep de sa Talaia\",\"isPartOf\":{\"@id\":\"https:\/\/cultura.santjosep.org\/es\/#website\"},\"primaryImageOfPage\":{\"@id\":\"https:\/\/cultura.santjosep.org\/es\/agenda\/el-festin-festival-de-teatro-infantil-01-07\/#primaryimage\"},\"image\":{\"@id\":\"https:\/\/cultura.santjosep.org\/es\/agenda\/el-festin-festival-de-teatro-infantil-01-07\/#primaryimage\"},\"thumbnailUrl\":\"https:\/\/cultura.santjosep.org\/wp-content\/uploads\/2022\/06\/elfestin.png\",\"datePublished\":\"2022-06-20T10:04:26+00:00\",\"dateModified\":\"2022-06-21T12:26:52+00:00\",\"breadcrumb\":{\"@id\":\"https:\/\/cultura.santjosep.org\/es\/agenda\/el-festin-festival-de-teatro-infantil-01-07\/#breadcrumb\"},\"inLanguage\":\"es\",\"potentialAction\":[{\"@type\":\"ReadAction\",\"target\":[\"https:\/\/cultura.santjosep.org\/es\/agenda\/el-festin-festival-de-teatro-infantil-01-07\/\"]}]},{\"@type\":\"ImageObject\",\"inLanguage\":\"es\",\"@id\":\"https:\/\/cultura.santjosep.org\/es\/agenda\/el-festin-festival-de-teatro-infantil-01-07\/#primaryimage\",\"url\":\"https:\/\/cultura.santjosep.org\/wp-content\/uploads\/2022\/06\/elfestin.png\",\"contentUrl\":\"https:\/\/cultura.santjosep.org\/wp-content\/uploads\/2022\/06\/elfestin.png\",\"width\":1768,\"height\":1774},{\"@type\":\"BreadcrumbList\",\"@id\":\"https:\/\/cultura.santjosep.org\/es\/agenda\/el-festin-festival-de-teatro-infantil-01-07\/#breadcrumb\",\"itemListElement\":[{\"@type\":\"ListItem\",\"position\":1,\"name\":\"Portada\",\"item\":\"https:\/\/cultura.santjosep.org\/es\/\"},{\"@type\":\"ListItem\",\"position\":2,\"name\":\"Eventos\",\"item\":\"https:\/\/cultura.santjosep.org\/agenda\/\"},{\"@type\":\"ListItem\",\"position\":3,\"name\":\"El Fest\u00edn &#8211; Festival de Teatro Infantil 01\/07\"}]},{\"@type\":\"WebSite\",\"@id\":\"https:\/\/cultura.santjosep.org\/es\/#website\",\"url\":\"https:\/\/cultura.santjosep.org\/es\/\",\"name\":\"Cultura a Sant Josep de sa Talaia\",\"description\":\"\",\"publisher\":{\"@id\":\"https:\/\/cultura.santjosep.org\/es\/#organization\"},\"potentialAction\":[{\"@type\":\"SearchAction\",\"target\":{\"@type\":\"EntryPoint\",\"urlTemplate\":\"https:\/\/cultura.santjosep.org\/es\/?s={search_term_string}\"},\"query-input\":{\"@type\":\"PropertyValueSpecification\",\"valueRequired\":true,\"valueName\":\"search_term_string\"}}],\"inLanguage\":\"es\"},{\"@type\":\"Organization\",\"@id\":\"https:\/\/cultura.santjosep.org\/es\/#organization\",\"name\":\"Ajuntament de Sant Josep de sa Talaia\",\"url\":\"https:\/\/cultura.santjosep.org\/es\/\",\"logo\":{\"@type\":\"ImageObject\",\"inLanguage\":\"es\",\"@id\":\"https:\/\/cultura.santjosep.org\/es\/#\/schema\/logo\/image\/\",\"url\":\"https:\/\/cultura.santjosep.org\/wp-content\/uploads\/2020\/10\/logocolor.jpg\",\"contentUrl\":\"https:\/\/cultura.santjosep.org\/wp-content\/uploads\/2020\/10\/logocolor.jpg\",\"width\":250,\"height\":98,\"caption\":\"Ajuntament de Sant Josep de sa Talaia\"},\"image\":{\"@id\":\"https:\/\/cultura.santjosep.org\/es\/#\/schema\/logo\/image\/\"},\"sameAs\":[\"https:\/\/www.facebook.com\/Ajuntament-de-Sant-Josep-de-sa-Talaia-197541666931354\/\",\"https:\/\/x.com\/DeTalaia\",\"https:\/\/www.instagram.com\/sant_josep_de_sa_talaia\/\"]}]}<\/script>\n<!-- \/ Yoast SEO plugin. -->","yoast_head_json":{"title":"El Fest\u00edn - Festival de Teatro Infantil 01\/07 - Cultura a Sant Josep de sa Talaia","robots":{"index":"index","follow":"follow","max-snippet":"max-snippet:-1","max-image-preview":"max-image-preview:large","max-video-preview":"max-video-preview:-1"},"canonical":"https:\/\/cultura.santjosep.org\/es\/agenda\/el-festin-festival-de-teatro-infantil-01-07\/","og_locale":"es_ES","og_type":"article","og_title":"El Fest\u00edn - Festival de Teatro Infantil 01\/07 - Cultura a Sant Josep de sa Talaia","og_description":"[vc_row][vc_column][vc_column_text]20h | &#8216;Tots iguals per\u00f2 diferents&#8217; &#8211; David &amp; Monma Cuentacuentos, humor &#8211; 45 min &#8211; para todos los p\u00fablicos Es la nueva propuesta de David &amp; Monma. Un espect\u00e1culo &hellip; Seguir leyendo \u00abEl Fest\u00edn &#8211; Festival de Teatro Infantil 01\/07\u00bb","og_url":"https:\/\/cultura.santjosep.org\/es\/agenda\/el-festin-festival-de-teatro-infantil-01-07\/","og_site_name":"Cultura a Sant Josep de sa Talaia","article_publisher":"https:\/\/www.facebook.com\/Ajuntament-de-Sant-Josep-de-sa-Talaia-197541666931354\/","article_modified_time":"2022-06-21T12:26:52+00:00","og_image":[{"width":1768,"height":1774,"url":"https:\/\/cultura.santjosep.org\/wp-content\/uploads\/2022\/06\/elfestin.png","type":"image\/png"}],"twitter_card":"summary_large_image","twitter_site":"@DeTalaia","twitter_misc":{"Tiempo de lectura":"2 minutos"},"schema":{"@context":"https:\/\/schema.org","@graph":[{"@type":"WebPage","@id":"https:\/\/cultura.santjosep.org\/es\/agenda\/el-festin-festival-de-teatro-infantil-01-07\/","url":"https:\/\/cultura.santjosep.org\/es\/agenda\/el-festin-festival-de-teatro-infantil-01-07\/","name":"El Fest\u00edn - Festival de Teatro Infantil 01\/07 - Cultura a Sant Josep de sa Talaia","isPartOf":{"@id":"https:\/\/cultura.santjosep.org\/es\/#website"},"primaryImageOfPage":{"@id":"https:\/\/cultura.santjosep.org\/es\/agenda\/el-festin-festival-de-teatro-infantil-01-07\/#primaryimage"},"image":{"@id":"https:\/\/cultura.santjosep.org\/es\/agenda\/el-festin-festival-de-teatro-infantil-01-07\/#primaryimage"},"thumbnailUrl":"https:\/\/cultura.santjosep.org\/wp-content\/uploads\/2022\/06\/elfestin.png","datePublished":"2022-06-20T10:04:26+00:00","dateModified":"2022-06-21T12:26:52+00:00","breadcrumb":{"@id":"https:\/\/cultura.santjosep.org\/es\/agenda\/el-festin-festival-de-teatro-infantil-01-07\/#breadcrumb"},"inLanguage":"es","potentialAction":[{"@type":"ReadAction","target":["https:\/\/cultura.santjosep.org\/es\/agenda\/el-festin-festival-de-teatro-infantil-01-07\/"]}]},{"@type":"ImageObject","inLanguage":"es","@id":"https:\/\/cultura.santjosep.org\/es\/agenda\/el-festin-festival-de-teatro-infantil-01-07\/#primaryimage","url":"https:\/\/cultura.santjosep.org\/wp-content\/uploads\/2022\/06\/elfestin.png","contentUrl":"https:\/\/cultura.santjosep.org\/wp-content\/uploads\/2022\/06\/elfestin.png","width":1768,"height":1774},{"@type":"BreadcrumbList","@id":"https:\/\/cultura.santjosep.org\/es\/agenda\/el-festin-festival-de-teatro-infantil-01-07\/#breadcrumb","itemListElement":[{"@type":"ListItem","position":1,"name":"Portada","item":"https:\/\/cultura.santjosep.org\/es\/"},{"@type":"ListItem","position":2,"name":"Eventos","item":"https:\/\/cultura.santjosep.org\/agenda\/"},{"@type":"ListItem","position":3,"name":"El Fest\u00edn &#8211; Festival de Teatro Infantil 01\/07"}]},{"@type":"WebSite","@id":"https:\/\/cultura.santjosep.org\/es\/#website","url":"https:\/\/cultura.santjosep.org\/es\/","name":"Cultura a Sant Josep de sa Talaia","description":"","publisher":{"@id":"https:\/\/cultura.santjosep.org\/es\/#organization"},"potentialAction":[{"@type":"SearchAction","target":{"@type":"EntryPoint","urlTemplate":"https:\/\/cultura.santjosep.org\/es\/?s={search_term_string}"},"query-input":{"@type":"PropertyValueSpecification","valueRequired":true,"valueName":"search_term_string"}}],"inLanguage":"es"},{"@type":"Organization","@id":"https:\/\/cultura.santjosep.org\/es\/#organization","name":"Ajuntament de Sant Josep de sa Talaia","url":"https:\/\/cultura.santjosep.org\/es\/","logo":{"@type":"ImageObject","inLanguage":"es","@id":"https:\/\/cultura.santjosep.org\/es\/#\/schema\/logo\/image\/","url":"https:\/\/cultura.santjosep.org\/wp-content\/uploads\/2020\/10\/logocolor.jpg","contentUrl":"https:\/\/cultura.santjosep.org\/wp-content\/uploads\/2020\/10\/logocolor.jpg","width":250,"height":98,"caption":"Ajuntament de Sant Josep de sa Talaia"},"image":{"@id":"https:\/\/cultura.santjosep.org\/es\/#\/schema\/logo\/image\/"},"sameAs":["https:\/\/www.facebook.com\/Ajuntament-de-Sant-Josep-de-sa-Talaia-197541666931354\/","https:\/\/x.com\/DeTalaia","https:\/\/www.instagram.com\/sant_josep_de_sa_talaia\/"]}]}},"_links":{"self":[{"href":"https:\/\/cultura.santjosep.org\/es\/wp-json\/wp\/v2\/tribe_events\/12826","targetHints":{"allow":["GET"]}}],"collection":[{"href":"https:\/\/cultura.santjosep.org\/es\/wp-json\/wp\/v2\/tribe_events"}],"about":[{"href":"https:\/\/cultura.santjosep.org\/es\/wp-json\/wp\/v2\/types\/tribe_events"}],"author":[{"embeddable":true,"href":"https:\/\/cultura.santjosep.org\/es\/wp-json\/wp\/v2\/users\/1"}],"version-history":[{"count":0,"href":"https:\/\/cultura.santjosep.org\/es\/wp-json\/wp\/v2\/tribe_events\/12826\/revisions"}],"wp:featuredmedia":[{"embeddable":true,"href":"https:\/\/cultura.santjosep.org\/es\/wp-json\/wp\/v2\/media\/12800"}],"wp:attachment":[{"href":"https:\/\/cultura.santjosep.org\/es\/wp-json\/wp\/v2\/media?parent=12826"}],"wp:term":[{"taxonomy":"post_tag","embeddable":true,"href":"https:\/\/cultura.santjosep.org\/es\/wp-json\/wp\/v2\/tags?post=12826"},{"taxonomy":"tribe_events_cat","embeddable":true,"href":"https:\/\/cultura.santjosep.org\/es\/wp-json\/wp\/v2\/tribe_events_cat?post=12826"}],"curies":[{"name":"wp","href":"https:\/\/api.w.org\/{rel}","templated":true}]}}