{"id":12837,"date":"2022-06-20T12:47:39","date_gmt":"2022-06-20T10:47:39","guid":{"rendered":"https:\/\/cultura.santjosep.org\/?post_type=tribe_events&#038;p=12837"},"modified":"2022-06-21T14:27:19","modified_gmt":"2022-06-21T12:27:19","slug":"el-festin-festival-de-teatro-infantil-03-07","status":"publish","type":"tribe_events","link":"https:\/\/cultura.santjosep.org\/es\/agenda\/el-festin-festival-de-teatro-infantil-03-07\/","title":{"rendered":"El Fest\u00edn &#8211; Festival de Teatro Infantil 03\/07"},"content":{"rendered":"<div class=\"wpb-content-wrapper\"><p>[vc_row][vc_column][vc_column_text]19 h |<strong> &#8216;El ascensor&#8217; &#8211; <\/strong>Grupo de Teatro Att\u00edpico<\/p>\n<p>Teatro &#8211; <strong>50 min<\/strong> &#8211; para todos los p\u00fablicos<\/p>\n<p>Historias cotidianas de un edificio de diferentes plantas, los personajes esperan el ascensor y van surgiendo las historias, con un toque de humor.[\/vc_column_text][vc_separator][\/vc_column][\/vc_row][vc_row][vc_column][vc_column_text]20:30 h |<strong> &#8216;Insomni&#8217; &#8211;\u00a0<\/strong>Dudu &amp; Cia<\/p>\n<p>Clown, mimo&#8230;. &#8211; <strong>40 min<\/strong> &#8211; para todos los p\u00fablicos<\/p>\n<p>Una plaza con una cama antigua, un payaso preparado para dormir. Pero gente, ruidos, sorpresas y otrasadversidades no le dejar\u00e1n descansar y le llevar\u00e1n al insomnio, desde donde iniciar\u00e1 un viaje po\u00e9tico,entra\u00f1able y lleno de situaciones surrealistas.[\/vc_column_text][vc_separator][\/vc_column][\/vc_row][vc_row][vc_column][vc_column_text]21:30 h |<strong> &#8216;Esencial&#8217; &#8211; <\/strong>C\u00eda Vaiv\u00e9n<\/p>\n<p>Circo, acrobacias &#8211; <strong>55 min<\/strong> &#8211; para todos los p\u00fablicos<\/p>\n<p>Es un espect\u00e1culo que habla de transiciones. Cinco personajes que juegan, que sue\u00f1an, un viaje de aventuras que nos llevar\u00e1 a sitios rec\u00f3nditos donde la decisi\u00f3n vital ser\u00e1 tomar el camino m\u00e1s simple.<\/p>\n<p>Puesta en escena inspirada en el arco\u00edris de Waldorf, un juguete compuesto por pilares y arcos que propician una espectacular escenograf\u00eda. Estamos ante una arquitectura cambiante y capaz de reinventarse, como el propio ser humano hace en busca de su progreso.<\/p>\n<p>Una escenograf\u00eda con tintes po\u00e9ticos, id\u00f3nea para crear un ambiente m\u00e1gico en el que trabajar con el equilibrio, con diferencias sutiles que pueden propiciar que se pase del caos a la armon\u00eda en unos segundos.[\/vc_column_text][vc_separator][\/vc_column][\/vc_row][vc_row][vc_column][vc_btn title=\u00bbDESCARGA EL PROGRAMA COMPLETO\u00bb style=\u00bbcustom\u00bb custom_background=\u00bb#b32920&#8243; custom_text=\u00bb#ffffff\u00bb link=\u00bburl:https%3A%2F%2Fcultura.santjosep.org%2Fwp-content%2Fuploads%2F2022%2F06%2FPROGRAMA-ELFESTIN-2022.pdf|target:_blank\u00bb][\/vc_column][\/vc_row]<\/p>\n<\/div>","protected":false},"excerpt":{"rendered":"<p>[vc_row][vc_column][vc_column_text]19 h | &#8216;El ascensor&#8217; &#8211; Grupo de Teatro Att\u00edpico Teatro &#8211; 50 min &#8211; para todos los p\u00fablicos Historias cotidianas de un edificio de diferentes plantas, los personajes esperan &hellip; <\/p>\n<p class=\"link-more\"><a href=\"https:\/\/cultura.santjosep.org\/es\/agenda\/el-festin-festival-de-teatro-infantil-03-07\/\" class=\"more-link\">Seguir leyendo<span class=\"screen-reader-text\"> \u00abEl Fest\u00edn &#8211; Festival de Teatro Infantil 03\/07\u00bb<\/span><\/a><\/p>\n","protected":false},"author":1,"featured_media":12800,"template":"","meta":{"_tribe_events_status":"","_tribe_events_status_reason":"","_tribe_events_is_hybrid":"","_tribe_events_is_virtual":"","_tribe_events_virtual_video_source":"","_tribe_events_virtual_embed_video":"","_tribe_events_virtual_linked_button_text":"","_tribe_events_virtual_linked_button":"","_tribe_events_virtual_show_embed_at":"","_tribe_events_virtual_show_embed_to":[],"_tribe_events_virtual_show_on_event":"","_tribe_events_virtual_show_on_views":"","_tribe_events_virtual_url":"","footnotes":""},"tags":[],"tribe_events_cat":[131],"class_list":["post-12837","tribe_events","type-tribe_events","status-publish","has-post-thumbnail","hentry","tribe_events_cat-el-festin-festival-de-teatro-infantil","cat_el-festin-festival-de-teatro-infantil","entry"],"yoast_head":"<!-- This site is optimized with the Yoast SEO plugin v26.6 - https:\/\/yoast.com\/wordpress\/plugins\/seo\/ -->\n<title>El Fest\u00edn - Festival de Teatro Infantil 03\/07 - Cultura a Sant Josep de sa Talaia<\/title>\n<meta name=\"robots\" content=\"index, follow, max-snippet:-1, max-image-preview:large, max-video-preview:-1\" \/>\n<link rel=\"canonical\" href=\"https:\/\/cultura.santjosep.org\/es\/agenda\/el-festin-festival-de-teatro-infantil-03-07\/\" \/>\n<meta property=\"og:locale\" content=\"es_ES\" \/>\n<meta property=\"og:type\" content=\"article\" \/>\n<meta property=\"og:title\" content=\"El Fest\u00edn - Festival de Teatro Infantil 03\/07 - Cultura a Sant Josep de sa Talaia\" \/>\n<meta property=\"og:description\" content=\"[vc_row][vc_column][vc_column_text]19 h | &#8216;El ascensor&#8217; &#8211; Grupo de Teatro Att\u00edpico Teatro &#8211; 50 min &#8211; para todos los p\u00fablicos Historias cotidianas de un edificio de diferentes plantas, los personajes esperan &hellip; Seguir leyendo \u00abEl Fest\u00edn &#8211; Festival de Teatro Infantil 03\/07\u00bb\" \/>\n<meta property=\"og:url\" content=\"https:\/\/cultura.santjosep.org\/es\/agenda\/el-festin-festival-de-teatro-infantil-03-07\/\" \/>\n<meta property=\"og:site_name\" content=\"Cultura a Sant Josep de sa Talaia\" \/>\n<meta property=\"article:publisher\" content=\"https:\/\/www.facebook.com\/Ajuntament-de-Sant-Josep-de-sa-Talaia-197541666931354\/\" \/>\n<meta property=\"article:modified_time\" content=\"2022-06-21T12:27:19+00:00\" \/>\n<meta property=\"og:image\" content=\"https:\/\/cultura.santjosep.org\/wp-content\/uploads\/2022\/06\/elfestin.png\" \/>\n\t<meta property=\"og:image:width\" content=\"1768\" \/>\n\t<meta property=\"og:image:height\" content=\"1774\" \/>\n\t<meta property=\"og:image:type\" content=\"image\/png\" \/>\n<meta name=\"twitter:card\" content=\"summary_large_image\" \/>\n<meta name=\"twitter:site\" content=\"@DeTalaia\" \/>\n<meta name=\"twitter:label1\" content=\"Tiempo de lectura\" \/>\n\t<meta name=\"twitter:data1\" content=\"2 minutos\" \/>\n<script type=\"application\/ld+json\" class=\"yoast-schema-graph\">{\"@context\":\"https:\/\/schema.org\",\"@graph\":[{\"@type\":\"WebPage\",\"@id\":\"https:\/\/cultura.santjosep.org\/es\/agenda\/el-festin-festival-de-teatro-infantil-03-07\/\",\"url\":\"https:\/\/cultura.santjosep.org\/es\/agenda\/el-festin-festival-de-teatro-infantil-03-07\/\",\"name\":\"El Fest\u00edn - Festival de Teatro Infantil 03\/07 - Cultura a Sant Josep de sa Talaia\",\"isPartOf\":{\"@id\":\"https:\/\/cultura.santjosep.org\/es\/#website\"},\"primaryImageOfPage\":{\"@id\":\"https:\/\/cultura.santjosep.org\/es\/agenda\/el-festin-festival-de-teatro-infantil-03-07\/#primaryimage\"},\"image\":{\"@id\":\"https:\/\/cultura.santjosep.org\/es\/agenda\/el-festin-festival-de-teatro-infantil-03-07\/#primaryimage\"},\"thumbnailUrl\":\"https:\/\/cultura.santjosep.org\/wp-content\/uploads\/2022\/06\/elfestin.png\",\"datePublished\":\"2022-06-20T10:47:39+00:00\",\"dateModified\":\"2022-06-21T12:27:19+00:00\",\"breadcrumb\":{\"@id\":\"https:\/\/cultura.santjosep.org\/es\/agenda\/el-festin-festival-de-teatro-infantil-03-07\/#breadcrumb\"},\"inLanguage\":\"es\",\"potentialAction\":[{\"@type\":\"ReadAction\",\"target\":[\"https:\/\/cultura.santjosep.org\/es\/agenda\/el-festin-festival-de-teatro-infantil-03-07\/\"]}]},{\"@type\":\"ImageObject\",\"inLanguage\":\"es\",\"@id\":\"https:\/\/cultura.santjosep.org\/es\/agenda\/el-festin-festival-de-teatro-infantil-03-07\/#primaryimage\",\"url\":\"https:\/\/cultura.santjosep.org\/wp-content\/uploads\/2022\/06\/elfestin.png\",\"contentUrl\":\"https:\/\/cultura.santjosep.org\/wp-content\/uploads\/2022\/06\/elfestin.png\",\"width\":1768,\"height\":1774},{\"@type\":\"BreadcrumbList\",\"@id\":\"https:\/\/cultura.santjosep.org\/es\/agenda\/el-festin-festival-de-teatro-infantil-03-07\/#breadcrumb\",\"itemListElement\":[{\"@type\":\"ListItem\",\"position\":1,\"name\":\"Portada\",\"item\":\"https:\/\/cultura.santjosep.org\/es\/\"},{\"@type\":\"ListItem\",\"position\":2,\"name\":\"Eventos\",\"item\":\"https:\/\/cultura.santjosep.org\/agenda\/\"},{\"@type\":\"ListItem\",\"position\":3,\"name\":\"El Fest\u00edn &#8211; Festival de Teatro Infantil 03\/07\"}]},{\"@type\":\"WebSite\",\"@id\":\"https:\/\/cultura.santjosep.org\/es\/#website\",\"url\":\"https:\/\/cultura.santjosep.org\/es\/\",\"name\":\"Cultura a Sant Josep de sa Talaia\",\"description\":\"\",\"publisher\":{\"@id\":\"https:\/\/cultura.santjosep.org\/es\/#organization\"},\"potentialAction\":[{\"@type\":\"SearchAction\",\"target\":{\"@type\":\"EntryPoint\",\"urlTemplate\":\"https:\/\/cultura.santjosep.org\/es\/?s={search_term_string}\"},\"query-input\":{\"@type\":\"PropertyValueSpecification\",\"valueRequired\":true,\"valueName\":\"search_term_string\"}}],\"inLanguage\":\"es\"},{\"@type\":\"Organization\",\"@id\":\"https:\/\/cultura.santjosep.org\/es\/#organization\",\"name\":\"Ajuntament de Sant Josep de sa Talaia\",\"url\":\"https:\/\/cultura.santjosep.org\/es\/\",\"logo\":{\"@type\":\"ImageObject\",\"inLanguage\":\"es\",\"@id\":\"https:\/\/cultura.santjosep.org\/es\/#\/schema\/logo\/image\/\",\"url\":\"https:\/\/cultura.santjosep.org\/wp-content\/uploads\/2020\/10\/logocolor.jpg\",\"contentUrl\":\"https:\/\/cultura.santjosep.org\/wp-content\/uploads\/2020\/10\/logocolor.jpg\",\"width\":250,\"height\":98,\"caption\":\"Ajuntament de Sant Josep de sa Talaia\"},\"image\":{\"@id\":\"https:\/\/cultura.santjosep.org\/es\/#\/schema\/logo\/image\/\"},\"sameAs\":[\"https:\/\/www.facebook.com\/Ajuntament-de-Sant-Josep-de-sa-Talaia-197541666931354\/\",\"https:\/\/x.com\/DeTalaia\",\"https:\/\/www.instagram.com\/sant_josep_de_sa_talaia\/\"]}]}<\/script>\n<!-- \/ Yoast SEO plugin. -->","yoast_head_json":{"title":"El Fest\u00edn - Festival de Teatro Infantil 03\/07 - Cultura a Sant Josep de sa Talaia","robots":{"index":"index","follow":"follow","max-snippet":"max-snippet:-1","max-image-preview":"max-image-preview:large","max-video-preview":"max-video-preview:-1"},"canonical":"https:\/\/cultura.santjosep.org\/es\/agenda\/el-festin-festival-de-teatro-infantil-03-07\/","og_locale":"es_ES","og_type":"article","og_title":"El Fest\u00edn - Festival de Teatro Infantil 03\/07 - Cultura a Sant Josep de sa Talaia","og_description":"[vc_row][vc_column][vc_column_text]19 h | &#8216;El ascensor&#8217; &#8211; Grupo de Teatro Att\u00edpico Teatro &#8211; 50 min &#8211; para todos los p\u00fablicos Historias cotidianas de un edificio de diferentes plantas, los personajes esperan &hellip; Seguir leyendo \u00abEl Fest\u00edn &#8211; Festival de Teatro Infantil 03\/07\u00bb","og_url":"https:\/\/cultura.santjosep.org\/es\/agenda\/el-festin-festival-de-teatro-infantil-03-07\/","og_site_name":"Cultura a Sant Josep de sa Talaia","article_publisher":"https:\/\/www.facebook.com\/Ajuntament-de-Sant-Josep-de-sa-Talaia-197541666931354\/","article_modified_time":"2022-06-21T12:27:19+00:00","og_image":[{"width":1768,"height":1774,"url":"https:\/\/cultura.santjosep.org\/wp-content\/uploads\/2022\/06\/elfestin.png","type":"image\/png"}],"twitter_card":"summary_large_image","twitter_site":"@DeTalaia","twitter_misc":{"Tiempo de lectura":"2 minutos"},"schema":{"@context":"https:\/\/schema.org","@graph":[{"@type":"WebPage","@id":"https:\/\/cultura.santjosep.org\/es\/agenda\/el-festin-festival-de-teatro-infantil-03-07\/","url":"https:\/\/cultura.santjosep.org\/es\/agenda\/el-festin-festival-de-teatro-infantil-03-07\/","name":"El Fest\u00edn - Festival de Teatro Infantil 03\/07 - Cultura a Sant Josep de sa Talaia","isPartOf":{"@id":"https:\/\/cultura.santjosep.org\/es\/#website"},"primaryImageOfPage":{"@id":"https:\/\/cultura.santjosep.org\/es\/agenda\/el-festin-festival-de-teatro-infantil-03-07\/#primaryimage"},"image":{"@id":"https:\/\/cultura.santjosep.org\/es\/agenda\/el-festin-festival-de-teatro-infantil-03-07\/#primaryimage"},"thumbnailUrl":"https:\/\/cultura.santjosep.org\/wp-content\/uploads\/2022\/06\/elfestin.png","datePublished":"2022-06-20T10:47:39+00:00","dateModified":"2022-06-21T12:27:19+00:00","breadcrumb":{"@id":"https:\/\/cultura.santjosep.org\/es\/agenda\/el-festin-festival-de-teatro-infantil-03-07\/#breadcrumb"},"inLanguage":"es","potentialAction":[{"@type":"ReadAction","target":["https:\/\/cultura.santjosep.org\/es\/agenda\/el-festin-festival-de-teatro-infantil-03-07\/"]}]},{"@type":"ImageObject","inLanguage":"es","@id":"https:\/\/cultura.santjosep.org\/es\/agenda\/el-festin-festival-de-teatro-infantil-03-07\/#primaryimage","url":"https:\/\/cultura.santjosep.org\/wp-content\/uploads\/2022\/06\/elfestin.png","contentUrl":"https:\/\/cultura.santjosep.org\/wp-content\/uploads\/2022\/06\/elfestin.png","width":1768,"height":1774},{"@type":"BreadcrumbList","@id":"https:\/\/cultura.santjosep.org\/es\/agenda\/el-festin-festival-de-teatro-infantil-03-07\/#breadcrumb","itemListElement":[{"@type":"ListItem","position":1,"name":"Portada","item":"https:\/\/cultura.santjosep.org\/es\/"},{"@type":"ListItem","position":2,"name":"Eventos","item":"https:\/\/cultura.santjosep.org\/agenda\/"},{"@type":"ListItem","position":3,"name":"El Fest\u00edn &#8211; Festival de Teatro Infantil 03\/07"}]},{"@type":"WebSite","@id":"https:\/\/cultura.santjosep.org\/es\/#website","url":"https:\/\/cultura.santjosep.org\/es\/","name":"Cultura a Sant Josep de sa Talaia","description":"","publisher":{"@id":"https:\/\/cultura.santjosep.org\/es\/#organization"},"potentialAction":[{"@type":"SearchAction","target":{"@type":"EntryPoint","urlTemplate":"https:\/\/cultura.santjosep.org\/es\/?s={search_term_string}"},"query-input":{"@type":"PropertyValueSpecification","valueRequired":true,"valueName":"search_term_string"}}],"inLanguage":"es"},{"@type":"Organization","@id":"https:\/\/cultura.santjosep.org\/es\/#organization","name":"Ajuntament de Sant Josep de sa Talaia","url":"https:\/\/cultura.santjosep.org\/es\/","logo":{"@type":"ImageObject","inLanguage":"es","@id":"https:\/\/cultura.santjosep.org\/es\/#\/schema\/logo\/image\/","url":"https:\/\/cultura.santjosep.org\/wp-content\/uploads\/2020\/10\/logocolor.jpg","contentUrl":"https:\/\/cultura.santjosep.org\/wp-content\/uploads\/2020\/10\/logocolor.jpg","width":250,"height":98,"caption":"Ajuntament de Sant Josep de sa Talaia"},"image":{"@id":"https:\/\/cultura.santjosep.org\/es\/#\/schema\/logo\/image\/"},"sameAs":["https:\/\/www.facebook.com\/Ajuntament-de-Sant-Josep-de-sa-Talaia-197541666931354\/","https:\/\/x.com\/DeTalaia","https:\/\/www.instagram.com\/sant_josep_de_sa_talaia\/"]}]}},"_links":{"self":[{"href":"https:\/\/cultura.santjosep.org\/es\/wp-json\/wp\/v2\/tribe_events\/12837","targetHints":{"allow":["GET"]}}],"collection":[{"href":"https:\/\/cultura.santjosep.org\/es\/wp-json\/wp\/v2\/tribe_events"}],"about":[{"href":"https:\/\/cultura.santjosep.org\/es\/wp-json\/wp\/v2\/types\/tribe_events"}],"author":[{"embeddable":true,"href":"https:\/\/cultura.santjosep.org\/es\/wp-json\/wp\/v2\/users\/1"}],"version-history":[{"count":0,"href":"https:\/\/cultura.santjosep.org\/es\/wp-json\/wp\/v2\/tribe_events\/12837\/revisions"}],"wp:featuredmedia":[{"embeddable":true,"href":"https:\/\/cultura.santjosep.org\/es\/wp-json\/wp\/v2\/media\/12800"}],"wp:attachment":[{"href":"https:\/\/cultura.santjosep.org\/es\/wp-json\/wp\/v2\/media?parent=12837"}],"wp:term":[{"taxonomy":"post_tag","embeddable":true,"href":"https:\/\/cultura.santjosep.org\/es\/wp-json\/wp\/v2\/tags?post=12837"},{"taxonomy":"tribe_events_cat","embeddable":true,"href":"https:\/\/cultura.santjosep.org\/es\/wp-json\/wp\/v2\/tribe_events_cat?post=12837"}],"curies":[{"name":"wp","href":"https:\/\/api.w.org\/{rel}","templated":true}]}}