{"id":12894,"date":"2022-06-21T11:36:37","date_gmt":"2022-06-21T09:36:37","guid":{"rendered":"https:\/\/cultura.santjosep.org\/?post_type=tribe_events&#038;p=12894"},"modified":"2022-06-21T11:45:29","modified_gmt":"2022-06-21T09:45:29","slug":"espectaculo-de-danza-flamenca-naufragio-universal-por-marco-vargas-chloe-brule","status":"publish","type":"tribe_events","link":"https:\/\/cultura.santjosep.org\/es\/agenda\/espectaculo-de-danza-flamenca-naufragio-universal-por-marco-vargas-chloe-brule\/","title":{"rendered":"Espect\u00e1culo de danza flamenca &#8211; &#8216;Naufragio Universal&#8217; por Marco Vargas &#038; Chlo\u00e9 Br\u00fbl\u00e9"},"content":{"rendered":"<p><strong>2 de julio 20:30 h. | Auditorio Cal\u00f3 de s&#8217;Oli | Espect\u00e1culo de danza flamenca &#8211; &#8216;Naufragio Universal&#8217; por Marcos Vargas y Chloe Br\u00fble<\/strong><\/p>\n<p><em>\u201c Si t\u00fa y yo somos la humanidad,<br \/>\nen una isla atrapados,<br \/>\ncon lo que tenemos y lo que somos,<br \/>\ncaminaremos sobre las aguas;<br \/>\nporque somos d\u00f3nde pisamos.\u201d<\/em><\/p>\n<p>Marco Vargas &#038; Chlo\u00e9 Br\u00fbl\u00e9 asumen nuevamente el reto de enfrentarse a una creaci\u00f3n para espacios singulares. En \u00e9sta ocasi\u00f3n se acercan a ideas como la individualidad y la solidaridad, las fronteras y la libertad, la inmovilidad frente a la creatividad o el caos frente a la armon\u00eda, siempre manteniendo el compromiso con el espacio y los v\u00ednculos que surgen en \u00e9l. Un naufragio ser\u00e1 el punto de partida. Seres humanos desubicados y abocados a relacionarse, a buscar una salida. La necesidad de moverse marcar\u00e1 las pautas en el trayecto y con la ayuda de simples elementos abrir\u00e1n caminos construyendo y conquistando espacios. NAUFRAGIO UNIVERSAL buscar\u00e1 revelar el esp\u00edritu \u00e9pico del hombre a trav\u00e9s de su fragilidad e instinto de supervivencia.<\/p>\n<p><strong>Entrada libre hasta completar aforo<\/strong><\/p>\n","protected":false},"excerpt":{"rendered":"<p>2 de julio 20:30 h. | Auditorio Cal\u00f3 de s&#8217;Oli | Espect\u00e1culo de danza flamenca &#8211; &#8216;Naufragio Universal&#8217; por Marcos Vargas y Chloe Br\u00fble \u201c Si t\u00fa y yo somos &hellip; <\/p>\n<p class=\"link-more\"><a href=\"https:\/\/cultura.santjosep.org\/es\/agenda\/espectaculo-de-danza-flamenca-naufragio-universal-por-marco-vargas-chloe-brule\/\" class=\"more-link\">Seguir leyendo<span class=\"screen-reader-text\"> \u00abEspect\u00e1culo de danza flamenca &#8211; &#8216;Naufragio Universal&#8217; por Marco Vargas &#038; Chlo\u00e9 Br\u00fbl\u00e9\u00bb<\/span><\/a><\/p>\n","protected":false},"author":1,"featured_media":12895,"template":"","meta":{"_tribe_events_status":"","_tribe_events_status_reason":"","_tribe_events_is_hybrid":"","_tribe_events_is_virtual":"","_tribe_events_virtual_video_source":"","_tribe_events_virtual_embed_video":"","_tribe_events_virtual_linked_button_text":"","_tribe_events_virtual_linked_button":"","_tribe_events_virtual_show_embed_at":"","_tribe_events_virtual_show_embed_to":[],"_tribe_events_virtual_show_on_event":"","_tribe_events_virtual_show_on_views":"","_tribe_events_virtual_url":"","footnotes":""},"tags":[],"tribe_events_cat":[132],"class_list":["post-12894","tribe_events","type-tribe_events","status-publish","has-post-thumbnail","hentry","tribe_events_cat-jornadas-flamencas","cat_jornadas-flamencas","entry"],"yoast_head":"<!-- This site is optimized with the Yoast SEO plugin v26.6 - https:\/\/yoast.com\/wordpress\/plugins\/seo\/ -->\n<title>Espect\u00e1culo de danza flamenca - &#039;Naufragio Universal&#039; por Marco Vargas &amp; Chlo\u00e9 Br\u00fbl\u00e9 - Cultura a Sant Josep de sa Talaia<\/title>\n<meta name=\"robots\" content=\"index, follow, max-snippet:-1, max-image-preview:large, max-video-preview:-1\" \/>\n<link rel=\"canonical\" href=\"https:\/\/cultura.santjosep.org\/es\/agenda\/espectaculo-de-danza-flamenca-naufragio-universal-por-marco-vargas-chloe-brule\/\" \/>\n<meta property=\"og:locale\" content=\"es_ES\" \/>\n<meta property=\"og:type\" content=\"article\" \/>\n<meta property=\"og:title\" content=\"Espect\u00e1culo de danza flamenca - &#039;Naufragio Universal&#039; por Marco Vargas &amp; Chlo\u00e9 Br\u00fbl\u00e9 - Cultura a Sant Josep de sa Talaia\" \/>\n<meta property=\"og:description\" content=\"2 de julio 20:30 h. | Auditorio Cal\u00f3 de s&#8217;Oli | Espect\u00e1culo de danza flamenca &#8211; &#8216;Naufragio Universal&#8217; por Marcos Vargas y Chloe Br\u00fble \u201c Si t\u00fa y yo somos &hellip; Seguir leyendo \u00abEspect\u00e1culo de danza flamenca &#8211; &#8216;Naufragio Universal&#8217; por Marco Vargas &#038; Chlo\u00e9 Br\u00fbl\u00e9\u00bb\" \/>\n<meta property=\"og:url\" content=\"https:\/\/cultura.santjosep.org\/es\/agenda\/espectaculo-de-danza-flamenca-naufragio-universal-por-marco-vargas-chloe-brule\/\" \/>\n<meta property=\"og:site_name\" content=\"Cultura a Sant Josep de sa Talaia\" \/>\n<meta property=\"article:publisher\" content=\"https:\/\/www.facebook.com\/Ajuntament-de-Sant-Josep-de-sa-Talaia-197541666931354\/\" \/>\n<meta property=\"article:modified_time\" content=\"2022-06-21T09:45:29+00:00\" \/>\n<meta property=\"og:image\" content=\"https:\/\/cultura.santjosep.org\/wp-content\/uploads\/2022\/06\/naufragio_universal.jpg\" \/>\n\t<meta property=\"og:image:width\" content=\"1336\" \/>\n\t<meta property=\"og:image:height\" content=\"1898\" \/>\n\t<meta property=\"og:image:type\" content=\"image\/jpeg\" \/>\n<meta name=\"twitter:card\" content=\"summary_large_image\" \/>\n<meta name=\"twitter:site\" content=\"@DeTalaia\" \/>\n<meta name=\"twitter:label1\" content=\"Tiempo de lectura\" \/>\n\t<meta name=\"twitter:data1\" content=\"1 minuto\" \/>\n<script type=\"application\/ld+json\" class=\"yoast-schema-graph\">{\"@context\":\"https:\/\/schema.org\",\"@graph\":[{\"@type\":\"WebPage\",\"@id\":\"https:\/\/cultura.santjosep.org\/es\/agenda\/espectaculo-de-danza-flamenca-naufragio-universal-por-marco-vargas-chloe-brule\/\",\"url\":\"https:\/\/cultura.santjosep.org\/es\/agenda\/espectaculo-de-danza-flamenca-naufragio-universal-por-marco-vargas-chloe-brule\/\",\"name\":\"Espect\u00e1culo de danza flamenca - 'Naufragio Universal' por Marco Vargas & Chlo\u00e9 Br\u00fbl\u00e9 - Cultura a Sant Josep de sa Talaia\",\"isPartOf\":{\"@id\":\"https:\/\/cultura.santjosep.org\/es\/#website\"},\"primaryImageOfPage\":{\"@id\":\"https:\/\/cultura.santjosep.org\/es\/agenda\/espectaculo-de-danza-flamenca-naufragio-universal-por-marco-vargas-chloe-brule\/#primaryimage\"},\"image\":{\"@id\":\"https:\/\/cultura.santjosep.org\/es\/agenda\/espectaculo-de-danza-flamenca-naufragio-universal-por-marco-vargas-chloe-brule\/#primaryimage\"},\"thumbnailUrl\":\"https:\/\/cultura.santjosep.org\/wp-content\/uploads\/2022\/06\/naufragio_universal.jpg\",\"datePublished\":\"2022-06-21T09:36:37+00:00\",\"dateModified\":\"2022-06-21T09:45:29+00:00\",\"breadcrumb\":{\"@id\":\"https:\/\/cultura.santjosep.org\/es\/agenda\/espectaculo-de-danza-flamenca-naufragio-universal-por-marco-vargas-chloe-brule\/#breadcrumb\"},\"inLanguage\":\"es\",\"potentialAction\":[{\"@type\":\"ReadAction\",\"target\":[\"https:\/\/cultura.santjosep.org\/es\/agenda\/espectaculo-de-danza-flamenca-naufragio-universal-por-marco-vargas-chloe-brule\/\"]}]},{\"@type\":\"ImageObject\",\"inLanguage\":\"es\",\"@id\":\"https:\/\/cultura.santjosep.org\/es\/agenda\/espectaculo-de-danza-flamenca-naufragio-universal-por-marco-vargas-chloe-brule\/#primaryimage\",\"url\":\"https:\/\/cultura.santjosep.org\/wp-content\/uploads\/2022\/06\/naufragio_universal.jpg\",\"contentUrl\":\"https:\/\/cultura.santjosep.org\/wp-content\/uploads\/2022\/06\/naufragio_universal.jpg\",\"width\":1336,\"height\":1898},{\"@type\":\"BreadcrumbList\",\"@id\":\"https:\/\/cultura.santjosep.org\/es\/agenda\/espectaculo-de-danza-flamenca-naufragio-universal-por-marco-vargas-chloe-brule\/#breadcrumb\",\"itemListElement\":[{\"@type\":\"ListItem\",\"position\":1,\"name\":\"Portada\",\"item\":\"https:\/\/cultura.santjosep.org\/es\/\"},{\"@type\":\"ListItem\",\"position\":2,\"name\":\"Eventos\",\"item\":\"https:\/\/cultura.santjosep.org\/agenda\/\"},{\"@type\":\"ListItem\",\"position\":3,\"name\":\"Espect\u00e1culo de danza flamenca &#8211; &#8216;Naufragio Universal&#8217; por Marco Vargas &#038; Chlo\u00e9 Br\u00fbl\u00e9\"}]},{\"@type\":\"WebSite\",\"@id\":\"https:\/\/cultura.santjosep.org\/es\/#website\",\"url\":\"https:\/\/cultura.santjosep.org\/es\/\",\"name\":\"Cultura a Sant Josep de sa Talaia\",\"description\":\"\",\"publisher\":{\"@id\":\"https:\/\/cultura.santjosep.org\/es\/#organization\"},\"potentialAction\":[{\"@type\":\"SearchAction\",\"target\":{\"@type\":\"EntryPoint\",\"urlTemplate\":\"https:\/\/cultura.santjosep.org\/es\/?s={search_term_string}\"},\"query-input\":{\"@type\":\"PropertyValueSpecification\",\"valueRequired\":true,\"valueName\":\"search_term_string\"}}],\"inLanguage\":\"es\"},{\"@type\":\"Organization\",\"@id\":\"https:\/\/cultura.santjosep.org\/es\/#organization\",\"name\":\"Ajuntament de Sant Josep de sa Talaia\",\"url\":\"https:\/\/cultura.santjosep.org\/es\/\",\"logo\":{\"@type\":\"ImageObject\",\"inLanguage\":\"es\",\"@id\":\"https:\/\/cultura.santjosep.org\/es\/#\/schema\/logo\/image\/\",\"url\":\"https:\/\/cultura.santjosep.org\/wp-content\/uploads\/2020\/10\/logocolor.jpg\",\"contentUrl\":\"https:\/\/cultura.santjosep.org\/wp-content\/uploads\/2020\/10\/logocolor.jpg\",\"width\":250,\"height\":98,\"caption\":\"Ajuntament de Sant Josep de sa Talaia\"},\"image\":{\"@id\":\"https:\/\/cultura.santjosep.org\/es\/#\/schema\/logo\/image\/\"},\"sameAs\":[\"https:\/\/www.facebook.com\/Ajuntament-de-Sant-Josep-de-sa-Talaia-197541666931354\/\",\"https:\/\/x.com\/DeTalaia\",\"https:\/\/www.instagram.com\/sant_josep_de_sa_talaia\/\"]}]}<\/script>\n<!-- \/ Yoast SEO plugin. -->","yoast_head_json":{"title":"Espect\u00e1culo de danza flamenca - 'Naufragio Universal' por Marco Vargas & Chlo\u00e9 Br\u00fbl\u00e9 - Cultura a Sant Josep de sa Talaia","robots":{"index":"index","follow":"follow","max-snippet":"max-snippet:-1","max-image-preview":"max-image-preview:large","max-video-preview":"max-video-preview:-1"},"canonical":"https:\/\/cultura.santjosep.org\/es\/agenda\/espectaculo-de-danza-flamenca-naufragio-universal-por-marco-vargas-chloe-brule\/","og_locale":"es_ES","og_type":"article","og_title":"Espect\u00e1culo de danza flamenca - 'Naufragio Universal' por Marco Vargas & Chlo\u00e9 Br\u00fbl\u00e9 - Cultura a Sant Josep de sa Talaia","og_description":"2 de julio 20:30 h. | Auditorio Cal\u00f3 de s&#8217;Oli | Espect\u00e1culo de danza flamenca &#8211; &#8216;Naufragio Universal&#8217; por Marcos Vargas y Chloe Br\u00fble \u201c Si t\u00fa y yo somos &hellip; Seguir leyendo \u00abEspect\u00e1culo de danza flamenca &#8211; &#8216;Naufragio Universal&#8217; por Marco Vargas &#038; Chlo\u00e9 Br\u00fbl\u00e9\u00bb","og_url":"https:\/\/cultura.santjosep.org\/es\/agenda\/espectaculo-de-danza-flamenca-naufragio-universal-por-marco-vargas-chloe-brule\/","og_site_name":"Cultura a Sant Josep de sa Talaia","article_publisher":"https:\/\/www.facebook.com\/Ajuntament-de-Sant-Josep-de-sa-Talaia-197541666931354\/","article_modified_time":"2022-06-21T09:45:29+00:00","og_image":[{"width":1336,"height":1898,"url":"https:\/\/cultura.santjosep.org\/wp-content\/uploads\/2022\/06\/naufragio_universal.jpg","type":"image\/jpeg"}],"twitter_card":"summary_large_image","twitter_site":"@DeTalaia","twitter_misc":{"Tiempo de lectura":"1 minuto"},"schema":{"@context":"https:\/\/schema.org","@graph":[{"@type":"WebPage","@id":"https:\/\/cultura.santjosep.org\/es\/agenda\/espectaculo-de-danza-flamenca-naufragio-universal-por-marco-vargas-chloe-brule\/","url":"https:\/\/cultura.santjosep.org\/es\/agenda\/espectaculo-de-danza-flamenca-naufragio-universal-por-marco-vargas-chloe-brule\/","name":"Espect\u00e1culo de danza flamenca - 'Naufragio Universal' por Marco Vargas & Chlo\u00e9 Br\u00fbl\u00e9 - Cultura a Sant Josep de sa Talaia","isPartOf":{"@id":"https:\/\/cultura.santjosep.org\/es\/#website"},"primaryImageOfPage":{"@id":"https:\/\/cultura.santjosep.org\/es\/agenda\/espectaculo-de-danza-flamenca-naufragio-universal-por-marco-vargas-chloe-brule\/#primaryimage"},"image":{"@id":"https:\/\/cultura.santjosep.org\/es\/agenda\/espectaculo-de-danza-flamenca-naufragio-universal-por-marco-vargas-chloe-brule\/#primaryimage"},"thumbnailUrl":"https:\/\/cultura.santjosep.org\/wp-content\/uploads\/2022\/06\/naufragio_universal.jpg","datePublished":"2022-06-21T09:36:37+00:00","dateModified":"2022-06-21T09:45:29+00:00","breadcrumb":{"@id":"https:\/\/cultura.santjosep.org\/es\/agenda\/espectaculo-de-danza-flamenca-naufragio-universal-por-marco-vargas-chloe-brule\/#breadcrumb"},"inLanguage":"es","potentialAction":[{"@type":"ReadAction","target":["https:\/\/cultura.santjosep.org\/es\/agenda\/espectaculo-de-danza-flamenca-naufragio-universal-por-marco-vargas-chloe-brule\/"]}]},{"@type":"ImageObject","inLanguage":"es","@id":"https:\/\/cultura.santjosep.org\/es\/agenda\/espectaculo-de-danza-flamenca-naufragio-universal-por-marco-vargas-chloe-brule\/#primaryimage","url":"https:\/\/cultura.santjosep.org\/wp-content\/uploads\/2022\/06\/naufragio_universal.jpg","contentUrl":"https:\/\/cultura.santjosep.org\/wp-content\/uploads\/2022\/06\/naufragio_universal.jpg","width":1336,"height":1898},{"@type":"BreadcrumbList","@id":"https:\/\/cultura.santjosep.org\/es\/agenda\/espectaculo-de-danza-flamenca-naufragio-universal-por-marco-vargas-chloe-brule\/#breadcrumb","itemListElement":[{"@type":"ListItem","position":1,"name":"Portada","item":"https:\/\/cultura.santjosep.org\/es\/"},{"@type":"ListItem","position":2,"name":"Eventos","item":"https:\/\/cultura.santjosep.org\/agenda\/"},{"@type":"ListItem","position":3,"name":"Espect\u00e1culo de danza flamenca &#8211; &#8216;Naufragio Universal&#8217; por Marco Vargas &#038; Chlo\u00e9 Br\u00fbl\u00e9"}]},{"@type":"WebSite","@id":"https:\/\/cultura.santjosep.org\/es\/#website","url":"https:\/\/cultura.santjosep.org\/es\/","name":"Cultura a Sant Josep de sa Talaia","description":"","publisher":{"@id":"https:\/\/cultura.santjosep.org\/es\/#organization"},"potentialAction":[{"@type":"SearchAction","target":{"@type":"EntryPoint","urlTemplate":"https:\/\/cultura.santjosep.org\/es\/?s={search_term_string}"},"query-input":{"@type":"PropertyValueSpecification","valueRequired":true,"valueName":"search_term_string"}}],"inLanguage":"es"},{"@type":"Organization","@id":"https:\/\/cultura.santjosep.org\/es\/#organization","name":"Ajuntament de Sant Josep de sa Talaia","url":"https:\/\/cultura.santjosep.org\/es\/","logo":{"@type":"ImageObject","inLanguage":"es","@id":"https:\/\/cultura.santjosep.org\/es\/#\/schema\/logo\/image\/","url":"https:\/\/cultura.santjosep.org\/wp-content\/uploads\/2020\/10\/logocolor.jpg","contentUrl":"https:\/\/cultura.santjosep.org\/wp-content\/uploads\/2020\/10\/logocolor.jpg","width":250,"height":98,"caption":"Ajuntament de Sant Josep de sa Talaia"},"image":{"@id":"https:\/\/cultura.santjosep.org\/es\/#\/schema\/logo\/image\/"},"sameAs":["https:\/\/www.facebook.com\/Ajuntament-de-Sant-Josep-de-sa-Talaia-197541666931354\/","https:\/\/x.com\/DeTalaia","https:\/\/www.instagram.com\/sant_josep_de_sa_talaia\/"]}]}},"_links":{"self":[{"href":"https:\/\/cultura.santjosep.org\/es\/wp-json\/wp\/v2\/tribe_events\/12894","targetHints":{"allow":["GET"]}}],"collection":[{"href":"https:\/\/cultura.santjosep.org\/es\/wp-json\/wp\/v2\/tribe_events"}],"about":[{"href":"https:\/\/cultura.santjosep.org\/es\/wp-json\/wp\/v2\/types\/tribe_events"}],"author":[{"embeddable":true,"href":"https:\/\/cultura.santjosep.org\/es\/wp-json\/wp\/v2\/users\/1"}],"version-history":[{"count":0,"href":"https:\/\/cultura.santjosep.org\/es\/wp-json\/wp\/v2\/tribe_events\/12894\/revisions"}],"wp:featuredmedia":[{"embeddable":true,"href":"https:\/\/cultura.santjosep.org\/es\/wp-json\/wp\/v2\/media\/12895"}],"wp:attachment":[{"href":"https:\/\/cultura.santjosep.org\/es\/wp-json\/wp\/v2\/media?parent=12894"}],"wp:term":[{"taxonomy":"post_tag","embeddable":true,"href":"https:\/\/cultura.santjosep.org\/es\/wp-json\/wp\/v2\/tags?post=12894"},{"taxonomy":"tribe_events_cat","embeddable":true,"href":"https:\/\/cultura.santjosep.org\/es\/wp-json\/wp\/v2\/tribe_events_cat?post=12894"}],"curies":[{"name":"wp","href":"https:\/\/api.w.org\/{rel}","templated":true}]}}