{"id":12899,"date":"2022-06-21T11:41:09","date_gmt":"2022-06-21T09:41:09","guid":{"rendered":"https:\/\/cultura.santjosep.org\/?post_type=tribe_events&#038;p=12899"},"modified":"2022-06-21T14:54:14","modified_gmt":"2022-06-21T12:54:14","slug":"espectaculo-flamenco-travesia-por-martirio-raul-rodriguez","status":"publish","type":"tribe_events","link":"https:\/\/cultura.santjosep.org\/es\/agenda\/espectaculo-flamenco-travesia-por-martirio-raul-rodriguez\/","title":{"rendered":"Espect\u00e1culo flamenco &#8211; &#8216;Traves\u00eda&#8217; por Martirio &#038; Ra\u00fal Rodriguez"},"content":{"rendered":"<p><strong>2 de julio 21:30 h. | Auditorio Cal\u00f3 de s\u2019Oli | Espect\u00e1culo flamenco &#8211; &#8216;Traves\u00eda&#8217; por Martirio &amp; Ra\u00fal Rodriguez<\/strong><\/p>\n<p>Martirio ofrece junto al genial guitarrista Ra\u00fal Rodr\u00edguez un concierto en el que recorrer\u00e1n las canciones que han formado parte de su vida art\u00edstica, que con los arreglos de Ra\u00fal Rodr\u00edguez adquieren una nueva dimensi\u00f3n.<br \/>\n<strong><br \/>\nImprescindible reserva de entrada para acceder al espect\u00e1culo. <\/strong><\/p>\n","protected":false},"excerpt":{"rendered":"<p>2 de julio 21:30 h. | Auditorio Cal\u00f3 de s\u2019Oli | Espect\u00e1culo flamenco &#8211; &#8216;Traves\u00eda&#8217; por Martirio &amp; Ra\u00fal Rodriguez Martirio ofrece junto al genial guitarrista Ra\u00fal Rodr\u00edguez un concierto &hellip; <\/p>\n<p class=\"link-more\"><a href=\"https:\/\/cultura.santjosep.org\/es\/agenda\/espectaculo-flamenco-travesia-por-martirio-raul-rodriguez\/\" class=\"more-link\">Seguir leyendo<span class=\"screen-reader-text\"> \u00abEspect\u00e1culo flamenco &#8211; &#8216;Traves\u00eda&#8217; por Martirio &#038; Ra\u00fal Rodriguez\u00bb<\/span><\/a><\/p>\n","protected":false},"author":1,"featured_media":12900,"template":"","meta":{"_tribe_events_status":"","_tribe_events_status_reason":"","_tribe_events_is_hybrid":"","_tribe_events_is_virtual":"","_tribe_events_virtual_video_source":"","_tribe_events_virtual_embed_video":"","_tribe_events_virtual_linked_button_text":"","_tribe_events_virtual_linked_button":"","_tribe_events_virtual_show_embed_at":"","_tribe_events_virtual_show_embed_to":[],"_tribe_events_virtual_show_on_event":"","_tribe_events_virtual_show_on_views":"","_tribe_events_virtual_url":"","footnotes":""},"tags":[],"tribe_events_cat":[132],"class_list":["post-12899","tribe_events","type-tribe_events","status-publish","has-post-thumbnail","hentry","tribe_events_cat-jornadas-flamencas","cat_jornadas-flamencas","entry"],"yoast_head":"<!-- This site is optimized with the Yoast SEO plugin v26.6 - https:\/\/yoast.com\/wordpress\/plugins\/seo\/ -->\n<title>Espect\u00e1culo flamenco - &#039;Traves\u00eda&#039; por Martirio &amp; Ra\u00fal Rodriguez - Cultura a Sant Josep de sa Talaia<\/title>\n<meta name=\"robots\" content=\"index, follow, max-snippet:-1, max-image-preview:large, max-video-preview:-1\" \/>\n<link rel=\"canonical\" href=\"https:\/\/cultura.santjosep.org\/es\/agenda\/espectaculo-flamenco-travesia-por-martirio-raul-rodriguez\/\" \/>\n<meta property=\"og:locale\" content=\"es_ES\" \/>\n<meta property=\"og:type\" content=\"article\" \/>\n<meta property=\"og:title\" content=\"Espect\u00e1culo flamenco - &#039;Traves\u00eda&#039; por Martirio &amp; Ra\u00fal Rodriguez - Cultura a Sant Josep de sa Talaia\" \/>\n<meta property=\"og:description\" content=\"2 de julio 21:30 h. | Auditorio Cal\u00f3 de s\u2019Oli | Espect\u00e1culo flamenco &#8211; &#8216;Traves\u00eda&#8217; por Martirio &amp; Ra\u00fal Rodriguez Martirio ofrece junto al genial guitarrista Ra\u00fal Rodr\u00edguez un concierto &hellip; Seguir leyendo \u00abEspect\u00e1culo flamenco &#8211; &#8216;Traves\u00eda&#8217; por Martirio &#038; Ra\u00fal Rodriguez\u00bb\" \/>\n<meta property=\"og:url\" content=\"https:\/\/cultura.santjosep.org\/es\/agenda\/espectaculo-flamenco-travesia-por-martirio-raul-rodriguez\/\" \/>\n<meta property=\"og:site_name\" content=\"Cultura a Sant Josep de sa Talaia\" \/>\n<meta property=\"article:publisher\" content=\"https:\/\/www.facebook.com\/Ajuntament-de-Sant-Josep-de-sa-Talaia-197541666931354\/\" \/>\n<meta property=\"article:modified_time\" content=\"2022-06-21T12:54:14+00:00\" \/>\n<meta property=\"og:image\" content=\"https:\/\/cultura.santjosep.org\/wp-content\/uploads\/2022\/06\/La-Martirio.jpg\" \/>\n\t<meta property=\"og:image:width\" content=\"1000\" \/>\n\t<meta property=\"og:image:height\" content=\"667\" \/>\n\t<meta property=\"og:image:type\" content=\"image\/jpeg\" \/>\n<meta name=\"twitter:card\" content=\"summary_large_image\" \/>\n<meta name=\"twitter:site\" content=\"@DeTalaia\" \/>\n<script type=\"application\/ld+json\" class=\"yoast-schema-graph\">{\"@context\":\"https:\/\/schema.org\",\"@graph\":[{\"@type\":\"WebPage\",\"@id\":\"https:\/\/cultura.santjosep.org\/es\/agenda\/espectaculo-flamenco-travesia-por-martirio-raul-rodriguez\/\",\"url\":\"https:\/\/cultura.santjosep.org\/es\/agenda\/espectaculo-flamenco-travesia-por-martirio-raul-rodriguez\/\",\"name\":\"Espect\u00e1culo flamenco - 'Traves\u00eda' por Martirio & Ra\u00fal Rodriguez - Cultura a Sant Josep de sa Talaia\",\"isPartOf\":{\"@id\":\"https:\/\/cultura.santjosep.org\/es\/#website\"},\"primaryImageOfPage\":{\"@id\":\"https:\/\/cultura.santjosep.org\/es\/agenda\/espectaculo-flamenco-travesia-por-martirio-raul-rodriguez\/#primaryimage\"},\"image\":{\"@id\":\"https:\/\/cultura.santjosep.org\/es\/agenda\/espectaculo-flamenco-travesia-por-martirio-raul-rodriguez\/#primaryimage\"},\"thumbnailUrl\":\"https:\/\/cultura.santjosep.org\/wp-content\/uploads\/2022\/06\/La-Martirio.jpg\",\"datePublished\":\"2022-06-21T09:41:09+00:00\",\"dateModified\":\"2022-06-21T12:54:14+00:00\",\"breadcrumb\":{\"@id\":\"https:\/\/cultura.santjosep.org\/es\/agenda\/espectaculo-flamenco-travesia-por-martirio-raul-rodriguez\/#breadcrumb\"},\"inLanguage\":\"es\",\"potentialAction\":[{\"@type\":\"ReadAction\",\"target\":[\"https:\/\/cultura.santjosep.org\/es\/agenda\/espectaculo-flamenco-travesia-por-martirio-raul-rodriguez\/\"]}]},{\"@type\":\"ImageObject\",\"inLanguage\":\"es\",\"@id\":\"https:\/\/cultura.santjosep.org\/es\/agenda\/espectaculo-flamenco-travesia-por-martirio-raul-rodriguez\/#primaryimage\",\"url\":\"https:\/\/cultura.santjosep.org\/wp-content\/uploads\/2022\/06\/La-Martirio.jpg\",\"contentUrl\":\"https:\/\/cultura.santjosep.org\/wp-content\/uploads\/2022\/06\/La-Martirio.jpg\",\"width\":1000,\"height\":667},{\"@type\":\"BreadcrumbList\",\"@id\":\"https:\/\/cultura.santjosep.org\/es\/agenda\/espectaculo-flamenco-travesia-por-martirio-raul-rodriguez\/#breadcrumb\",\"itemListElement\":[{\"@type\":\"ListItem\",\"position\":1,\"name\":\"Portada\",\"item\":\"https:\/\/cultura.santjosep.org\/es\/\"},{\"@type\":\"ListItem\",\"position\":2,\"name\":\"Eventos\",\"item\":\"https:\/\/cultura.santjosep.org\/agenda\/\"},{\"@type\":\"ListItem\",\"position\":3,\"name\":\"Espect\u00e1culo flamenco &#8211; &#8216;Traves\u00eda&#8217; por Martirio &#038; Ra\u00fal Rodriguez\"}]},{\"@type\":\"WebSite\",\"@id\":\"https:\/\/cultura.santjosep.org\/es\/#website\",\"url\":\"https:\/\/cultura.santjosep.org\/es\/\",\"name\":\"Cultura a Sant Josep de sa Talaia\",\"description\":\"\",\"publisher\":{\"@id\":\"https:\/\/cultura.santjosep.org\/es\/#organization\"},\"potentialAction\":[{\"@type\":\"SearchAction\",\"target\":{\"@type\":\"EntryPoint\",\"urlTemplate\":\"https:\/\/cultura.santjosep.org\/es\/?s={search_term_string}\"},\"query-input\":{\"@type\":\"PropertyValueSpecification\",\"valueRequired\":true,\"valueName\":\"search_term_string\"}}],\"inLanguage\":\"es\"},{\"@type\":\"Organization\",\"@id\":\"https:\/\/cultura.santjosep.org\/es\/#organization\",\"name\":\"Ajuntament de Sant Josep de sa Talaia\",\"url\":\"https:\/\/cultura.santjosep.org\/es\/\",\"logo\":{\"@type\":\"ImageObject\",\"inLanguage\":\"es\",\"@id\":\"https:\/\/cultura.santjosep.org\/es\/#\/schema\/logo\/image\/\",\"url\":\"https:\/\/cultura.santjosep.org\/wp-content\/uploads\/2020\/10\/logocolor.jpg\",\"contentUrl\":\"https:\/\/cultura.santjosep.org\/wp-content\/uploads\/2020\/10\/logocolor.jpg\",\"width\":250,\"height\":98,\"caption\":\"Ajuntament de Sant Josep de sa Talaia\"},\"image\":{\"@id\":\"https:\/\/cultura.santjosep.org\/es\/#\/schema\/logo\/image\/\"},\"sameAs\":[\"https:\/\/www.facebook.com\/Ajuntament-de-Sant-Josep-de-sa-Talaia-197541666931354\/\",\"https:\/\/x.com\/DeTalaia\",\"https:\/\/www.instagram.com\/sant_josep_de_sa_talaia\/\"]}]}<\/script>\n<!-- \/ Yoast SEO plugin. -->","yoast_head_json":{"title":"Espect\u00e1culo flamenco - 'Traves\u00eda' por Martirio & Ra\u00fal Rodriguez - Cultura a Sant Josep de sa Talaia","robots":{"index":"index","follow":"follow","max-snippet":"max-snippet:-1","max-image-preview":"max-image-preview:large","max-video-preview":"max-video-preview:-1"},"canonical":"https:\/\/cultura.santjosep.org\/es\/agenda\/espectaculo-flamenco-travesia-por-martirio-raul-rodriguez\/","og_locale":"es_ES","og_type":"article","og_title":"Espect\u00e1culo flamenco - 'Traves\u00eda' por Martirio & Ra\u00fal Rodriguez - Cultura a Sant Josep de sa Talaia","og_description":"2 de julio 21:30 h. | Auditorio Cal\u00f3 de s\u2019Oli | Espect\u00e1culo flamenco &#8211; &#8216;Traves\u00eda&#8217; por Martirio &amp; Ra\u00fal Rodriguez Martirio ofrece junto al genial guitarrista Ra\u00fal Rodr\u00edguez un concierto &hellip; Seguir leyendo \u00abEspect\u00e1culo flamenco &#8211; &#8216;Traves\u00eda&#8217; por Martirio &#038; Ra\u00fal Rodriguez\u00bb","og_url":"https:\/\/cultura.santjosep.org\/es\/agenda\/espectaculo-flamenco-travesia-por-martirio-raul-rodriguez\/","og_site_name":"Cultura a Sant Josep de sa Talaia","article_publisher":"https:\/\/www.facebook.com\/Ajuntament-de-Sant-Josep-de-sa-Talaia-197541666931354\/","article_modified_time":"2022-06-21T12:54:14+00:00","og_image":[{"width":1000,"height":667,"url":"https:\/\/cultura.santjosep.org\/wp-content\/uploads\/2022\/06\/La-Martirio.jpg","type":"image\/jpeg"}],"twitter_card":"summary_large_image","twitter_site":"@DeTalaia","schema":{"@context":"https:\/\/schema.org","@graph":[{"@type":"WebPage","@id":"https:\/\/cultura.santjosep.org\/es\/agenda\/espectaculo-flamenco-travesia-por-martirio-raul-rodriguez\/","url":"https:\/\/cultura.santjosep.org\/es\/agenda\/espectaculo-flamenco-travesia-por-martirio-raul-rodriguez\/","name":"Espect\u00e1culo flamenco - 'Traves\u00eda' por Martirio & Ra\u00fal Rodriguez - Cultura a Sant Josep de sa Talaia","isPartOf":{"@id":"https:\/\/cultura.santjosep.org\/es\/#website"},"primaryImageOfPage":{"@id":"https:\/\/cultura.santjosep.org\/es\/agenda\/espectaculo-flamenco-travesia-por-martirio-raul-rodriguez\/#primaryimage"},"image":{"@id":"https:\/\/cultura.santjosep.org\/es\/agenda\/espectaculo-flamenco-travesia-por-martirio-raul-rodriguez\/#primaryimage"},"thumbnailUrl":"https:\/\/cultura.santjosep.org\/wp-content\/uploads\/2022\/06\/La-Martirio.jpg","datePublished":"2022-06-21T09:41:09+00:00","dateModified":"2022-06-21T12:54:14+00:00","breadcrumb":{"@id":"https:\/\/cultura.santjosep.org\/es\/agenda\/espectaculo-flamenco-travesia-por-martirio-raul-rodriguez\/#breadcrumb"},"inLanguage":"es","potentialAction":[{"@type":"ReadAction","target":["https:\/\/cultura.santjosep.org\/es\/agenda\/espectaculo-flamenco-travesia-por-martirio-raul-rodriguez\/"]}]},{"@type":"ImageObject","inLanguage":"es","@id":"https:\/\/cultura.santjosep.org\/es\/agenda\/espectaculo-flamenco-travesia-por-martirio-raul-rodriguez\/#primaryimage","url":"https:\/\/cultura.santjosep.org\/wp-content\/uploads\/2022\/06\/La-Martirio.jpg","contentUrl":"https:\/\/cultura.santjosep.org\/wp-content\/uploads\/2022\/06\/La-Martirio.jpg","width":1000,"height":667},{"@type":"BreadcrumbList","@id":"https:\/\/cultura.santjosep.org\/es\/agenda\/espectaculo-flamenco-travesia-por-martirio-raul-rodriguez\/#breadcrumb","itemListElement":[{"@type":"ListItem","position":1,"name":"Portada","item":"https:\/\/cultura.santjosep.org\/es\/"},{"@type":"ListItem","position":2,"name":"Eventos","item":"https:\/\/cultura.santjosep.org\/agenda\/"},{"@type":"ListItem","position":3,"name":"Espect\u00e1culo flamenco &#8211; &#8216;Traves\u00eda&#8217; por Martirio &#038; Ra\u00fal Rodriguez"}]},{"@type":"WebSite","@id":"https:\/\/cultura.santjosep.org\/es\/#website","url":"https:\/\/cultura.santjosep.org\/es\/","name":"Cultura a Sant Josep de sa Talaia","description":"","publisher":{"@id":"https:\/\/cultura.santjosep.org\/es\/#organization"},"potentialAction":[{"@type":"SearchAction","target":{"@type":"EntryPoint","urlTemplate":"https:\/\/cultura.santjosep.org\/es\/?s={search_term_string}"},"query-input":{"@type":"PropertyValueSpecification","valueRequired":true,"valueName":"search_term_string"}}],"inLanguage":"es"},{"@type":"Organization","@id":"https:\/\/cultura.santjosep.org\/es\/#organization","name":"Ajuntament de Sant Josep de sa Talaia","url":"https:\/\/cultura.santjosep.org\/es\/","logo":{"@type":"ImageObject","inLanguage":"es","@id":"https:\/\/cultura.santjosep.org\/es\/#\/schema\/logo\/image\/","url":"https:\/\/cultura.santjosep.org\/wp-content\/uploads\/2020\/10\/logocolor.jpg","contentUrl":"https:\/\/cultura.santjosep.org\/wp-content\/uploads\/2020\/10\/logocolor.jpg","width":250,"height":98,"caption":"Ajuntament de Sant Josep de sa Talaia"},"image":{"@id":"https:\/\/cultura.santjosep.org\/es\/#\/schema\/logo\/image\/"},"sameAs":["https:\/\/www.facebook.com\/Ajuntament-de-Sant-Josep-de-sa-Talaia-197541666931354\/","https:\/\/x.com\/DeTalaia","https:\/\/www.instagram.com\/sant_josep_de_sa_talaia\/"]}]}},"_links":{"self":[{"href":"https:\/\/cultura.santjosep.org\/es\/wp-json\/wp\/v2\/tribe_events\/12899","targetHints":{"allow":["GET"]}}],"collection":[{"href":"https:\/\/cultura.santjosep.org\/es\/wp-json\/wp\/v2\/tribe_events"}],"about":[{"href":"https:\/\/cultura.santjosep.org\/es\/wp-json\/wp\/v2\/types\/tribe_events"}],"author":[{"embeddable":true,"href":"https:\/\/cultura.santjosep.org\/es\/wp-json\/wp\/v2\/users\/1"}],"version-history":[{"count":0,"href":"https:\/\/cultura.santjosep.org\/es\/wp-json\/wp\/v2\/tribe_events\/12899\/revisions"}],"wp:featuredmedia":[{"embeddable":true,"href":"https:\/\/cultura.santjosep.org\/es\/wp-json\/wp\/v2\/media\/12900"}],"wp:attachment":[{"href":"https:\/\/cultura.santjosep.org\/es\/wp-json\/wp\/v2\/media?parent=12899"}],"wp:term":[{"taxonomy":"post_tag","embeddable":true,"href":"https:\/\/cultura.santjosep.org\/es\/wp-json\/wp\/v2\/tags?post=12899"},{"taxonomy":"tribe_events_cat","embeddable":true,"href":"https:\/\/cultura.santjosep.org\/es\/wp-json\/wp\/v2\/tribe_events_cat?post=12899"}],"curies":[{"name":"wp","href":"https:\/\/api.w.org\/{rel}","templated":true}]}}