{"id":13218,"date":"2022-06-29T11:30:35","date_gmt":"2022-06-29T09:30:35","guid":{"rendered":"https:\/\/cultura.santjosep.org\/?post_type=tribe_events&#038;p=13218"},"modified":"2022-07-05T13:37:01","modified_gmt":"2022-07-05T11:37:01","slug":"espectacle-audiovisual-mar-nuestro","status":"publish","type":"tribe_events","link":"https:\/\/cultura.santjosep.org\/es\/agenda\/espectacle-audiovisual-mar-nuestro\/","title":{"rendered":"II Edici\u00f3 Festival Badia de Portmany : Espectacle audiovisual &#8211; &#8216;Mar Nuestro&#8217;"},"content":{"rendered":"<h4><span style=\"color: #ff0000;\">ESPECTACLE SUSP\u00c8S\u00a0 <\/span><\/h4>\n<p>Espectacle audiovisual &#8211; &#8216;<strong>Mar Nuestro&#8217;<\/strong><\/p>\n<p><span dir=\"ltr\" role=\"presentation\">Mar Nuestro \u00e9s un projecte multidisciplinari\u00a0 <\/span><span dir=\"ltr\" role=\"presentation\">sobre la crisi dels migrants en el Mediterrani\u00a0 <\/span><span dir=\"ltr\" role=\"presentation\">que parteix de la m\u00fasica, la dansa, la foto<\/span><span dir=\"ltr\" role=\"presentation\">grafia, la poesia o el documental per a <\/span><span dir=\"ltr\" role=\"presentation\">apel\u00b7lar a l&#8217;empatia de les societats d&#8217;acolli<\/span><span dir=\"ltr\" role=\"presentation\">ment.<\/span><\/p>\n<p>Tot el projecte est\u00e0 basat en una s\u00e8rie d&#8217;entrevistes a persones migrants. Descobreix m\u00e9s de cadascun dels protagonistes d&#8217;aquesta hist\u00f2ria.<\/p>\n<p>Amal, Yamila, Tour\u00e9, Abigail, Akram, Amine\u2026 a trav\u00e9s dels seus rostres, les seves mirades i les seves hist\u00f2ries volem apuntar-nos a la realitat migrat\u00f2ria que es viu actualment al Mediterrani&#8230;<\/p>\n<p>L&#8217;entrada ser\u00e0 lliure fins a completar cabuda.<\/p>\n<p>&nbsp;<\/p>\n<p>&nbsp;<\/p>\n","protected":false},"excerpt":{"rendered":"<p>ESPECTACLE SUSP\u00c8S\u00a0 Espectacle audiovisual &#8211; &#8216;Mar Nuestro&#8217; Mar Nuestro \u00e9s un projecte multidisciplinari\u00a0 sobre la crisi dels migrants en el Mediterrani\u00a0 que parteix de la m\u00fasica, la dansa, la fotografia, &hellip; <\/p>\n<p class=\"link-more\"><a href=\"https:\/\/cultura.santjosep.org\/es\/agenda\/espectacle-audiovisual-mar-nuestro\/\" class=\"more-link\">Seguir leyendo<span class=\"screen-reader-text\"> \u00abII Edici\u00f3 Festival Badia de Portmany : Espectacle audiovisual &#8211; &#8216;Mar Nuestro&#8217;\u00bb<\/span><\/a><\/p>\n","protected":false},"author":1,"featured_media":13645,"template":"","meta":{"_tribe_events_status":"","_tribe_events_status_reason":"","_tribe_events_is_hybrid":"","_tribe_events_is_virtual":"","_tribe_events_virtual_video_source":"","_tribe_events_virtual_embed_video":"","_tribe_events_virtual_linked_button_text":"","_tribe_events_virtual_linked_button":"","_tribe_events_virtual_show_embed_at":"","_tribe_events_virtual_show_embed_to":[],"_tribe_events_virtual_show_on_event":"","_tribe_events_virtual_show_on_views":"","_tribe_events_virtual_url":"","footnotes":""},"tags":[],"tribe_events_cat":[135],"class_list":["post-13218","tribe_events","type-tribe_events","status-publish","has-post-thumbnail","hentry","tribe_events_cat-ii-edicion-festival-badia-de-portmany","cat_ii-edicion-festival-badia-de-portmany","entry"],"yoast_head":"<!-- This site is optimized with the Yoast SEO plugin v26.6 - https:\/\/yoast.com\/wordpress\/plugins\/seo\/ -->\n<title>II Edici\u00f3 Festival Badia de Portmany : Espectacle audiovisual - &#039;Mar Nuestro&#039; - Cultura a Sant Josep de sa Talaia<\/title>\n<meta name=\"robots\" content=\"index, follow, max-snippet:-1, max-image-preview:large, max-video-preview:-1\" \/>\n<link rel=\"canonical\" href=\"https:\/\/cultura.santjosep.org\/es\/agenda\/espectacle-audiovisual-mar-nuestro\/\" \/>\n<meta property=\"og:locale\" content=\"es_ES\" \/>\n<meta property=\"og:type\" content=\"article\" \/>\n<meta property=\"og:title\" content=\"II Edici\u00f3 Festival Badia de Portmany : Espectacle audiovisual - &#039;Mar Nuestro&#039; - Cultura a Sant Josep de sa Talaia\" \/>\n<meta property=\"og:description\" content=\"ESPECTACLE SUSP\u00c8S\u00a0 Espectacle audiovisual &#8211; &#8216;Mar Nuestro&#8217; Mar Nuestro \u00e9s un projecte multidisciplinari\u00a0 sobre la crisi dels migrants en el Mediterrani\u00a0 que parteix de la m\u00fasica, la dansa, la fotografia, &hellip; Seguir leyendo \u00abII Edici\u00f3 Festival Badia de Portmany : Espectacle audiovisual &#8211; &#8216;Mar Nuestro&#8217;\u00bb\" \/>\n<meta property=\"og:url\" content=\"https:\/\/cultura.santjosep.org\/es\/agenda\/espectacle-audiovisual-mar-nuestro\/\" \/>\n<meta property=\"og:site_name\" content=\"Cultura a Sant Josep de sa Talaia\" \/>\n<meta property=\"article:publisher\" content=\"https:\/\/www.facebook.com\/Ajuntament-de-Sant-Josep-de-sa-Talaia-197541666931354\/\" \/>\n<meta property=\"article:modified_time\" content=\"2022-07-05T11:37:01+00:00\" \/>\n<meta property=\"og:image\" content=\"https:\/\/cultura.santjosep.org\/wp-content\/uploads\/2022\/06\/suspes.png\" \/>\n\t<meta property=\"og:image:width\" content=\"1350\" \/>\n\t<meta property=\"og:image:height\" content=\"1080\" \/>\n\t<meta property=\"og:image:type\" content=\"image\/png\" \/>\n<meta name=\"twitter:card\" content=\"summary_large_image\" \/>\n<meta name=\"twitter:site\" content=\"@DeTalaia\" \/>\n<meta name=\"twitter:label1\" content=\"Tiempo de lectura\" \/>\n\t<meta name=\"twitter:data1\" content=\"1 minuto\" \/>\n<script type=\"application\/ld+json\" class=\"yoast-schema-graph\">{\"@context\":\"https:\/\/schema.org\",\"@graph\":[{\"@type\":\"WebPage\",\"@id\":\"https:\/\/cultura.santjosep.org\/es\/agenda\/espectacle-audiovisual-mar-nuestro\/\",\"url\":\"https:\/\/cultura.santjosep.org\/es\/agenda\/espectacle-audiovisual-mar-nuestro\/\",\"name\":\"II Edici\u00f3 Festival Badia de Portmany : Espectacle audiovisual - 'Mar Nuestro' - Cultura a Sant Josep de sa Talaia\",\"isPartOf\":{\"@id\":\"https:\/\/cultura.santjosep.org\/es\/#website\"},\"primaryImageOfPage\":{\"@id\":\"https:\/\/cultura.santjosep.org\/es\/agenda\/espectacle-audiovisual-mar-nuestro\/#primaryimage\"},\"image\":{\"@id\":\"https:\/\/cultura.santjosep.org\/es\/agenda\/espectacle-audiovisual-mar-nuestro\/#primaryimage\"},\"thumbnailUrl\":\"https:\/\/cultura.santjosep.org\/wp-content\/uploads\/2022\/06\/suspes.png\",\"datePublished\":\"2022-06-29T09:30:35+00:00\",\"dateModified\":\"2022-07-05T11:37:01+00:00\",\"breadcrumb\":{\"@id\":\"https:\/\/cultura.santjosep.org\/es\/agenda\/espectacle-audiovisual-mar-nuestro\/#breadcrumb\"},\"inLanguage\":\"es\",\"potentialAction\":[{\"@type\":\"ReadAction\",\"target\":[\"https:\/\/cultura.santjosep.org\/es\/agenda\/espectacle-audiovisual-mar-nuestro\/\"]}]},{\"@type\":\"ImageObject\",\"inLanguage\":\"es\",\"@id\":\"https:\/\/cultura.santjosep.org\/es\/agenda\/espectacle-audiovisual-mar-nuestro\/#primaryimage\",\"url\":\"https:\/\/cultura.santjosep.org\/wp-content\/uploads\/2022\/06\/suspes.png\",\"contentUrl\":\"https:\/\/cultura.santjosep.org\/wp-content\/uploads\/2022\/06\/suspes.png\",\"width\":1350,\"height\":1080},{\"@type\":\"BreadcrumbList\",\"@id\":\"https:\/\/cultura.santjosep.org\/es\/agenda\/espectacle-audiovisual-mar-nuestro\/#breadcrumb\",\"itemListElement\":[{\"@type\":\"ListItem\",\"position\":1,\"name\":\"Portada\",\"item\":\"https:\/\/cultura.santjosep.org\/es\/\"},{\"@type\":\"ListItem\",\"position\":2,\"name\":\"Eventos\",\"item\":\"https:\/\/cultura.santjosep.org\/agenda\/\"},{\"@type\":\"ListItem\",\"position\":3,\"name\":\"II Edici\u00f3 Festival Badia de Portmany : Espectacle audiovisual &#8211; &#8216;Mar Nuestro&#8217;\"}]},{\"@type\":\"WebSite\",\"@id\":\"https:\/\/cultura.santjosep.org\/es\/#website\",\"url\":\"https:\/\/cultura.santjosep.org\/es\/\",\"name\":\"Cultura a Sant Josep de sa Talaia\",\"description\":\"\",\"publisher\":{\"@id\":\"https:\/\/cultura.santjosep.org\/es\/#organization\"},\"potentialAction\":[{\"@type\":\"SearchAction\",\"target\":{\"@type\":\"EntryPoint\",\"urlTemplate\":\"https:\/\/cultura.santjosep.org\/es\/?s={search_term_string}\"},\"query-input\":{\"@type\":\"PropertyValueSpecification\",\"valueRequired\":true,\"valueName\":\"search_term_string\"}}],\"inLanguage\":\"es\"},{\"@type\":\"Organization\",\"@id\":\"https:\/\/cultura.santjosep.org\/es\/#organization\",\"name\":\"Ajuntament de Sant Josep de sa Talaia\",\"url\":\"https:\/\/cultura.santjosep.org\/es\/\",\"logo\":{\"@type\":\"ImageObject\",\"inLanguage\":\"es\",\"@id\":\"https:\/\/cultura.santjosep.org\/es\/#\/schema\/logo\/image\/\",\"url\":\"https:\/\/cultura.santjosep.org\/wp-content\/uploads\/2020\/10\/logocolor.jpg\",\"contentUrl\":\"https:\/\/cultura.santjosep.org\/wp-content\/uploads\/2020\/10\/logocolor.jpg\",\"width\":250,\"height\":98,\"caption\":\"Ajuntament de Sant Josep de sa Talaia\"},\"image\":{\"@id\":\"https:\/\/cultura.santjosep.org\/es\/#\/schema\/logo\/image\/\"},\"sameAs\":[\"https:\/\/www.facebook.com\/Ajuntament-de-Sant-Josep-de-sa-Talaia-197541666931354\/\",\"https:\/\/x.com\/DeTalaia\",\"https:\/\/www.instagram.com\/sant_josep_de_sa_talaia\/\"]}]}<\/script>\n<!-- \/ Yoast SEO plugin. -->","yoast_head_json":{"title":"II Edici\u00f3 Festival Badia de Portmany : Espectacle audiovisual - 'Mar Nuestro' - Cultura a Sant Josep de sa Talaia","robots":{"index":"index","follow":"follow","max-snippet":"max-snippet:-1","max-image-preview":"max-image-preview:large","max-video-preview":"max-video-preview:-1"},"canonical":"https:\/\/cultura.santjosep.org\/es\/agenda\/espectacle-audiovisual-mar-nuestro\/","og_locale":"es_ES","og_type":"article","og_title":"II Edici\u00f3 Festival Badia de Portmany : Espectacle audiovisual - 'Mar Nuestro' - Cultura a Sant Josep de sa Talaia","og_description":"ESPECTACLE SUSP\u00c8S\u00a0 Espectacle audiovisual &#8211; &#8216;Mar Nuestro&#8217; Mar Nuestro \u00e9s un projecte multidisciplinari\u00a0 sobre la crisi dels migrants en el Mediterrani\u00a0 que parteix de la m\u00fasica, la dansa, la fotografia, &hellip; Seguir leyendo \u00abII Edici\u00f3 Festival Badia de Portmany : Espectacle audiovisual &#8211; &#8216;Mar Nuestro&#8217;\u00bb","og_url":"https:\/\/cultura.santjosep.org\/es\/agenda\/espectacle-audiovisual-mar-nuestro\/","og_site_name":"Cultura a Sant Josep de sa Talaia","article_publisher":"https:\/\/www.facebook.com\/Ajuntament-de-Sant-Josep-de-sa-Talaia-197541666931354\/","article_modified_time":"2022-07-05T11:37:01+00:00","og_image":[{"width":1350,"height":1080,"url":"https:\/\/cultura.santjosep.org\/wp-content\/uploads\/2022\/06\/suspes.png","type":"image\/png"}],"twitter_card":"summary_large_image","twitter_site":"@DeTalaia","twitter_misc":{"Tiempo de lectura":"1 minuto"},"schema":{"@context":"https:\/\/schema.org","@graph":[{"@type":"WebPage","@id":"https:\/\/cultura.santjosep.org\/es\/agenda\/espectacle-audiovisual-mar-nuestro\/","url":"https:\/\/cultura.santjosep.org\/es\/agenda\/espectacle-audiovisual-mar-nuestro\/","name":"II Edici\u00f3 Festival Badia de Portmany : Espectacle audiovisual - 'Mar Nuestro' - Cultura a Sant Josep de sa Talaia","isPartOf":{"@id":"https:\/\/cultura.santjosep.org\/es\/#website"},"primaryImageOfPage":{"@id":"https:\/\/cultura.santjosep.org\/es\/agenda\/espectacle-audiovisual-mar-nuestro\/#primaryimage"},"image":{"@id":"https:\/\/cultura.santjosep.org\/es\/agenda\/espectacle-audiovisual-mar-nuestro\/#primaryimage"},"thumbnailUrl":"https:\/\/cultura.santjosep.org\/wp-content\/uploads\/2022\/06\/suspes.png","datePublished":"2022-06-29T09:30:35+00:00","dateModified":"2022-07-05T11:37:01+00:00","breadcrumb":{"@id":"https:\/\/cultura.santjosep.org\/es\/agenda\/espectacle-audiovisual-mar-nuestro\/#breadcrumb"},"inLanguage":"es","potentialAction":[{"@type":"ReadAction","target":["https:\/\/cultura.santjosep.org\/es\/agenda\/espectacle-audiovisual-mar-nuestro\/"]}]},{"@type":"ImageObject","inLanguage":"es","@id":"https:\/\/cultura.santjosep.org\/es\/agenda\/espectacle-audiovisual-mar-nuestro\/#primaryimage","url":"https:\/\/cultura.santjosep.org\/wp-content\/uploads\/2022\/06\/suspes.png","contentUrl":"https:\/\/cultura.santjosep.org\/wp-content\/uploads\/2022\/06\/suspes.png","width":1350,"height":1080},{"@type":"BreadcrumbList","@id":"https:\/\/cultura.santjosep.org\/es\/agenda\/espectacle-audiovisual-mar-nuestro\/#breadcrumb","itemListElement":[{"@type":"ListItem","position":1,"name":"Portada","item":"https:\/\/cultura.santjosep.org\/es\/"},{"@type":"ListItem","position":2,"name":"Eventos","item":"https:\/\/cultura.santjosep.org\/agenda\/"},{"@type":"ListItem","position":3,"name":"II Edici\u00f3 Festival Badia de Portmany : Espectacle audiovisual &#8211; &#8216;Mar Nuestro&#8217;"}]},{"@type":"WebSite","@id":"https:\/\/cultura.santjosep.org\/es\/#website","url":"https:\/\/cultura.santjosep.org\/es\/","name":"Cultura a Sant Josep de sa Talaia","description":"","publisher":{"@id":"https:\/\/cultura.santjosep.org\/es\/#organization"},"potentialAction":[{"@type":"SearchAction","target":{"@type":"EntryPoint","urlTemplate":"https:\/\/cultura.santjosep.org\/es\/?s={search_term_string}"},"query-input":{"@type":"PropertyValueSpecification","valueRequired":true,"valueName":"search_term_string"}}],"inLanguage":"es"},{"@type":"Organization","@id":"https:\/\/cultura.santjosep.org\/es\/#organization","name":"Ajuntament de Sant Josep de sa Talaia","url":"https:\/\/cultura.santjosep.org\/es\/","logo":{"@type":"ImageObject","inLanguage":"es","@id":"https:\/\/cultura.santjosep.org\/es\/#\/schema\/logo\/image\/","url":"https:\/\/cultura.santjosep.org\/wp-content\/uploads\/2020\/10\/logocolor.jpg","contentUrl":"https:\/\/cultura.santjosep.org\/wp-content\/uploads\/2020\/10\/logocolor.jpg","width":250,"height":98,"caption":"Ajuntament de Sant Josep de sa Talaia"},"image":{"@id":"https:\/\/cultura.santjosep.org\/es\/#\/schema\/logo\/image\/"},"sameAs":["https:\/\/www.facebook.com\/Ajuntament-de-Sant-Josep-de-sa-Talaia-197541666931354\/","https:\/\/x.com\/DeTalaia","https:\/\/www.instagram.com\/sant_josep_de_sa_talaia\/"]}]}},"_links":{"self":[{"href":"https:\/\/cultura.santjosep.org\/es\/wp-json\/wp\/v2\/tribe_events\/13218","targetHints":{"allow":["GET"]}}],"collection":[{"href":"https:\/\/cultura.santjosep.org\/es\/wp-json\/wp\/v2\/tribe_events"}],"about":[{"href":"https:\/\/cultura.santjosep.org\/es\/wp-json\/wp\/v2\/types\/tribe_events"}],"author":[{"embeddable":true,"href":"https:\/\/cultura.santjosep.org\/es\/wp-json\/wp\/v2\/users\/1"}],"version-history":[{"count":0,"href":"https:\/\/cultura.santjosep.org\/es\/wp-json\/wp\/v2\/tribe_events\/13218\/revisions"}],"wp:featuredmedia":[{"embeddable":true,"href":"https:\/\/cultura.santjosep.org\/es\/wp-json\/wp\/v2\/media\/13645"}],"wp:attachment":[{"href":"https:\/\/cultura.santjosep.org\/es\/wp-json\/wp\/v2\/media?parent=13218"}],"wp:term":[{"taxonomy":"post_tag","embeddable":true,"href":"https:\/\/cultura.santjosep.org\/es\/wp-json\/wp\/v2\/tags?post=13218"},{"taxonomy":"tribe_events_cat","embeddable":true,"href":"https:\/\/cultura.santjosep.org\/es\/wp-json\/wp\/v2\/tribe_events_cat?post=13218"}],"curies":[{"name":"wp","href":"https:\/\/api.w.org\/{rel}","templated":true}]}}