{"id":13239,"date":"2022-06-29T11:30:41","date_gmt":"2022-06-29T09:30:41","guid":{"rendered":"https:\/\/cultura.santjosep.org\/?post_type=tribe_events&#038;p=13239"},"modified":"2022-08-09T08:39:25","modified_gmt":"2022-08-09T06:39:25","slug":"ii-edicion-festival-badia-de-portmany-concierto-mo-brandis-de-incognito-presents-kamobii","status":"publish","type":"tribe_events","link":"https:\/\/cultura.santjosep.org\/es\/agenda\/ii-edicion-festival-badia-de-portmany-concierto-mo-brandis-de-incognito-presents-kamobii\/","title":{"rendered":"II Edici\u00f3n Festival Badia de Portmany : Concierto &#8211; &#8216;Mo Brandis de Incognito presents KAMOBii&#8217;"},"content":{"rendered":"<p>21 h | Concierto &#8211; &#8216;<strong>Mo Brandys de Incognito presenta KAMOBii&#8217;<\/strong><\/p>\n<p>Mo Brandis, cantante y escritor de la banda INCOGNITO (Londres) presenta su nuevo duo KAMOBii y su banda The Experimental Kids.<\/p>\n<p>Con la puesta del sol detr\u00e1s del escenario, ven para disfrutar dos sets musicales con mucha variedad. Lo mejor del Soul &amp; Funk con los Experimental Kids y un viaje musical con ra\u00edces en el Soul y R&amp;B con KAMOBii, mezclando elementos de la m\u00fasica mundial con ritmos y sonidos electr\u00f3nicos. El concierto, que tendr\u00e1 momentos ac\u00fasticos tranquilos, ser\u00e1 impredecible de principio a fin.<\/p>\n<p>La entrada ser\u00e1 libre hasta completar aforo.<\/p>\n<p><img loading=\"lazy\" decoding=\"async\" class=\"alignnone size-full wp-image-13848\" src=\"https:\/\/cultura.santjosep.org\/wp-content\/uploads\/2022\/06\/mo-brandis-flyer.jpg\" alt=\"\" width=\"1080\" height=\"1492\" srcset=\"https:\/\/cultura.santjosep.org\/wp-content\/uploads\/2022\/06\/mo-brandis-flyer.jpg 1080w, https:\/\/cultura.santjosep.org\/wp-content\/uploads\/2022\/06\/mo-brandis-flyer-217x300.jpg 217w, https:\/\/cultura.santjosep.org\/wp-content\/uploads\/2022\/06\/mo-brandis-flyer-741x1024.jpg 741w, https:\/\/cultura.santjosep.org\/wp-content\/uploads\/2022\/06\/mo-brandis-flyer-768x1061.jpg 768w\" sizes=\"auto, (max-width: 1080px) 100vw, 1080px\" \/><\/p>\n","protected":false},"excerpt":{"rendered":"<p>21 h | Concierto &#8211; &#8216;Mo Brandys de Incognito presenta KAMOBii&#8217; Mo Brandis, cantante y escritor de la banda INCOGNITO (Londres) presenta su nuevo duo KAMOBii y su banda The &hellip; <\/p>\n<p class=\"link-more\"><a href=\"https:\/\/cultura.santjosep.org\/es\/agenda\/ii-edicion-festival-badia-de-portmany-concierto-mo-brandis-de-incognito-presents-kamobii\/\" class=\"more-link\">Seguir leyendo<span class=\"screen-reader-text\"> \u00abII Edici\u00f3n Festival Badia de Portmany : Concierto &#8211; &#8216;Mo Brandis de Incognito presents KAMOBii&#8217;\u00bb<\/span><\/a><\/p>\n","protected":false},"author":1,"featured_media":13237,"template":"","meta":{"_tribe_events_status":"","_tribe_events_status_reason":"","_tribe_events_is_hybrid":"","_tribe_events_is_virtual":"","_tribe_events_virtual_video_source":"","_tribe_events_virtual_embed_video":"","_tribe_events_virtual_linked_button_text":"","_tribe_events_virtual_linked_button":"","_tribe_events_virtual_show_embed_at":"","_tribe_events_virtual_show_embed_to":[],"_tribe_events_virtual_show_on_event":"","_tribe_events_virtual_show_on_views":"","_tribe_events_virtual_url":"","footnotes":""},"tags":[],"tribe_events_cat":[135],"class_list":["post-13239","tribe_events","type-tribe_events","status-publish","has-post-thumbnail","hentry","tribe_events_cat-ii-edicion-festival-badia-de-portmany","cat_ii-edicion-festival-badia-de-portmany","entry"],"yoast_head":"<!-- This site is optimized with the Yoast SEO plugin v26.6 - https:\/\/yoast.com\/wordpress\/plugins\/seo\/ -->\n<title>II Edici\u00f3n Festival Badia de Portmany : Concierto - &#039;Mo Brandis de Incognito presents KAMOBii&#039; - Cultura a Sant Josep de sa Talaia<\/title>\n<meta name=\"robots\" content=\"index, follow, max-snippet:-1, max-image-preview:large, max-video-preview:-1\" \/>\n<link rel=\"canonical\" href=\"https:\/\/cultura.santjosep.org\/es\/agenda\/ii-edicion-festival-badia-de-portmany-concierto-mo-brandis-de-incognito-presents-kamobii\/\" \/>\n<meta property=\"og:locale\" content=\"es_ES\" \/>\n<meta property=\"og:type\" content=\"article\" \/>\n<meta property=\"og:title\" content=\"II Edici\u00f3n Festival Badia de Portmany : Concierto - &#039;Mo Brandis de Incognito presents KAMOBii&#039; - Cultura a Sant Josep de sa Talaia\" \/>\n<meta property=\"og:description\" content=\"21 h | Concierto &#8211; &#8216;Mo Brandys de Incognito presenta KAMOBii&#8217; Mo Brandis, cantante y escritor de la banda INCOGNITO (Londres) presenta su nuevo duo KAMOBii y su banda The &hellip; Seguir leyendo \u00abII Edici\u00f3n Festival Badia de Portmany : Concierto &#8211; &#8216;Mo Brandis de Incognito presents KAMOBii&#8217;\u00bb\" \/>\n<meta property=\"og:url\" content=\"https:\/\/cultura.santjosep.org\/es\/agenda\/ii-edicion-festival-badia-de-portmany-concierto-mo-brandis-de-incognito-presents-kamobii\/\" \/>\n<meta property=\"og:site_name\" content=\"Cultura a Sant Josep de sa Talaia\" \/>\n<meta property=\"article:publisher\" content=\"https:\/\/www.facebook.com\/Ajuntament-de-Sant-Josep-de-sa-Talaia-197541666931354\/\" \/>\n<meta property=\"article:modified_time\" content=\"2022-08-09T06:39:25+00:00\" \/>\n<meta property=\"og:image\" content=\"https:\/\/cultura.santjosep.org\/wp-content\/uploads\/2022\/06\/KAMOBii-press-shot-6-scaled-1.jpg\" \/>\n\t<meta property=\"og:image:width\" content=\"1100\" \/>\n\t<meta property=\"og:image:height\" content=\"880\" \/>\n\t<meta property=\"og:image:type\" content=\"image\/jpeg\" \/>\n<meta name=\"twitter:card\" content=\"summary_large_image\" \/>\n<meta name=\"twitter:site\" content=\"@DeTalaia\" \/>\n<meta name=\"twitter:label1\" content=\"Tiempo de lectura\" \/>\n\t<meta name=\"twitter:data1\" content=\"1 minuto\" \/>\n<script type=\"application\/ld+json\" class=\"yoast-schema-graph\">{\"@context\":\"https:\/\/schema.org\",\"@graph\":[{\"@type\":\"WebPage\",\"@id\":\"https:\/\/cultura.santjosep.org\/es\/agenda\/ii-edicion-festival-badia-de-portmany-concierto-mo-brandis-de-incognito-presents-kamobii\/\",\"url\":\"https:\/\/cultura.santjosep.org\/es\/agenda\/ii-edicion-festival-badia-de-portmany-concierto-mo-brandis-de-incognito-presents-kamobii\/\",\"name\":\"II Edici\u00f3n Festival Badia de Portmany : Concierto - 'Mo Brandis de Incognito presents KAMOBii' - Cultura a Sant Josep de sa Talaia\",\"isPartOf\":{\"@id\":\"https:\/\/cultura.santjosep.org\/es\/#website\"},\"primaryImageOfPage\":{\"@id\":\"https:\/\/cultura.santjosep.org\/es\/agenda\/ii-edicion-festival-badia-de-portmany-concierto-mo-brandis-de-incognito-presents-kamobii\/#primaryimage\"},\"image\":{\"@id\":\"https:\/\/cultura.santjosep.org\/es\/agenda\/ii-edicion-festival-badia-de-portmany-concierto-mo-brandis-de-incognito-presents-kamobii\/#primaryimage\"},\"thumbnailUrl\":\"https:\/\/cultura.santjosep.org\/wp-content\/uploads\/2022\/06\/KAMOBii-press-shot-6-scaled-1.jpg\",\"datePublished\":\"2022-06-29T09:30:41+00:00\",\"dateModified\":\"2022-08-09T06:39:25+00:00\",\"breadcrumb\":{\"@id\":\"https:\/\/cultura.santjosep.org\/es\/agenda\/ii-edicion-festival-badia-de-portmany-concierto-mo-brandis-de-incognito-presents-kamobii\/#breadcrumb\"},\"inLanguage\":\"es\",\"potentialAction\":[{\"@type\":\"ReadAction\",\"target\":[\"https:\/\/cultura.santjosep.org\/es\/agenda\/ii-edicion-festival-badia-de-portmany-concierto-mo-brandis-de-incognito-presents-kamobii\/\"]}]},{\"@type\":\"ImageObject\",\"inLanguage\":\"es\",\"@id\":\"https:\/\/cultura.santjosep.org\/es\/agenda\/ii-edicion-festival-badia-de-portmany-concierto-mo-brandis-de-incognito-presents-kamobii\/#primaryimage\",\"url\":\"https:\/\/cultura.santjosep.org\/wp-content\/uploads\/2022\/06\/KAMOBii-press-shot-6-scaled-1.jpg\",\"contentUrl\":\"https:\/\/cultura.santjosep.org\/wp-content\/uploads\/2022\/06\/KAMOBii-press-shot-6-scaled-1.jpg\",\"width\":1100,\"height\":880},{\"@type\":\"BreadcrumbList\",\"@id\":\"https:\/\/cultura.santjosep.org\/es\/agenda\/ii-edicion-festival-badia-de-portmany-concierto-mo-brandis-de-incognito-presents-kamobii\/#breadcrumb\",\"itemListElement\":[{\"@type\":\"ListItem\",\"position\":1,\"name\":\"Portada\",\"item\":\"https:\/\/cultura.santjosep.org\/es\/\"},{\"@type\":\"ListItem\",\"position\":2,\"name\":\"Eventos\",\"item\":\"https:\/\/cultura.santjosep.org\/agenda\/\"},{\"@type\":\"ListItem\",\"position\":3,\"name\":\"II Edici\u00f3n Festival Badia de Portmany : Concierto &#8211; &#8216;Mo Brandis de Incognito presents KAMOBii&#8217;\"}]},{\"@type\":\"WebSite\",\"@id\":\"https:\/\/cultura.santjosep.org\/es\/#website\",\"url\":\"https:\/\/cultura.santjosep.org\/es\/\",\"name\":\"Cultura a Sant Josep de sa Talaia\",\"description\":\"\",\"publisher\":{\"@id\":\"https:\/\/cultura.santjosep.org\/es\/#organization\"},\"potentialAction\":[{\"@type\":\"SearchAction\",\"target\":{\"@type\":\"EntryPoint\",\"urlTemplate\":\"https:\/\/cultura.santjosep.org\/es\/?s={search_term_string}\"},\"query-input\":{\"@type\":\"PropertyValueSpecification\",\"valueRequired\":true,\"valueName\":\"search_term_string\"}}],\"inLanguage\":\"es\"},{\"@type\":\"Organization\",\"@id\":\"https:\/\/cultura.santjosep.org\/es\/#organization\",\"name\":\"Ajuntament de Sant Josep de sa Talaia\",\"url\":\"https:\/\/cultura.santjosep.org\/es\/\",\"logo\":{\"@type\":\"ImageObject\",\"inLanguage\":\"es\",\"@id\":\"https:\/\/cultura.santjosep.org\/es\/#\/schema\/logo\/image\/\",\"url\":\"https:\/\/cultura.santjosep.org\/wp-content\/uploads\/2020\/10\/logocolor.jpg\",\"contentUrl\":\"https:\/\/cultura.santjosep.org\/wp-content\/uploads\/2020\/10\/logocolor.jpg\",\"width\":250,\"height\":98,\"caption\":\"Ajuntament de Sant Josep de sa Talaia\"},\"image\":{\"@id\":\"https:\/\/cultura.santjosep.org\/es\/#\/schema\/logo\/image\/\"},\"sameAs\":[\"https:\/\/www.facebook.com\/Ajuntament-de-Sant-Josep-de-sa-Talaia-197541666931354\/\",\"https:\/\/x.com\/DeTalaia\",\"https:\/\/www.instagram.com\/sant_josep_de_sa_talaia\/\"]}]}<\/script>\n<!-- \/ Yoast SEO plugin. -->","yoast_head_json":{"title":"II Edici\u00f3n Festival Badia de Portmany : Concierto - 'Mo Brandis de Incognito presents KAMOBii' - Cultura a Sant Josep de sa Talaia","robots":{"index":"index","follow":"follow","max-snippet":"max-snippet:-1","max-image-preview":"max-image-preview:large","max-video-preview":"max-video-preview:-1"},"canonical":"https:\/\/cultura.santjosep.org\/es\/agenda\/ii-edicion-festival-badia-de-portmany-concierto-mo-brandis-de-incognito-presents-kamobii\/","og_locale":"es_ES","og_type":"article","og_title":"II Edici\u00f3n Festival Badia de Portmany : Concierto - 'Mo Brandis de Incognito presents KAMOBii' - Cultura a Sant Josep de sa Talaia","og_description":"21 h | Concierto &#8211; &#8216;Mo Brandys de Incognito presenta KAMOBii&#8217; Mo Brandis, cantante y escritor de la banda INCOGNITO (Londres) presenta su nuevo duo KAMOBii y su banda The &hellip; Seguir leyendo \u00abII Edici\u00f3n Festival Badia de Portmany : Concierto &#8211; &#8216;Mo Brandis de Incognito presents KAMOBii&#8217;\u00bb","og_url":"https:\/\/cultura.santjosep.org\/es\/agenda\/ii-edicion-festival-badia-de-portmany-concierto-mo-brandis-de-incognito-presents-kamobii\/","og_site_name":"Cultura a Sant Josep de sa Talaia","article_publisher":"https:\/\/www.facebook.com\/Ajuntament-de-Sant-Josep-de-sa-Talaia-197541666931354\/","article_modified_time":"2022-08-09T06:39:25+00:00","og_image":[{"width":1100,"height":880,"url":"https:\/\/cultura.santjosep.org\/wp-content\/uploads\/2022\/06\/KAMOBii-press-shot-6-scaled-1.jpg","type":"image\/jpeg"}],"twitter_card":"summary_large_image","twitter_site":"@DeTalaia","twitter_misc":{"Tiempo de lectura":"1 minuto"},"schema":{"@context":"https:\/\/schema.org","@graph":[{"@type":"WebPage","@id":"https:\/\/cultura.santjosep.org\/es\/agenda\/ii-edicion-festival-badia-de-portmany-concierto-mo-brandis-de-incognito-presents-kamobii\/","url":"https:\/\/cultura.santjosep.org\/es\/agenda\/ii-edicion-festival-badia-de-portmany-concierto-mo-brandis-de-incognito-presents-kamobii\/","name":"II Edici\u00f3n Festival Badia de Portmany : Concierto - 'Mo Brandis de Incognito presents KAMOBii' - Cultura a Sant Josep de sa Talaia","isPartOf":{"@id":"https:\/\/cultura.santjosep.org\/es\/#website"},"primaryImageOfPage":{"@id":"https:\/\/cultura.santjosep.org\/es\/agenda\/ii-edicion-festival-badia-de-portmany-concierto-mo-brandis-de-incognito-presents-kamobii\/#primaryimage"},"image":{"@id":"https:\/\/cultura.santjosep.org\/es\/agenda\/ii-edicion-festival-badia-de-portmany-concierto-mo-brandis-de-incognito-presents-kamobii\/#primaryimage"},"thumbnailUrl":"https:\/\/cultura.santjosep.org\/wp-content\/uploads\/2022\/06\/KAMOBii-press-shot-6-scaled-1.jpg","datePublished":"2022-06-29T09:30:41+00:00","dateModified":"2022-08-09T06:39:25+00:00","breadcrumb":{"@id":"https:\/\/cultura.santjosep.org\/es\/agenda\/ii-edicion-festival-badia-de-portmany-concierto-mo-brandis-de-incognito-presents-kamobii\/#breadcrumb"},"inLanguage":"es","potentialAction":[{"@type":"ReadAction","target":["https:\/\/cultura.santjosep.org\/es\/agenda\/ii-edicion-festival-badia-de-portmany-concierto-mo-brandis-de-incognito-presents-kamobii\/"]}]},{"@type":"ImageObject","inLanguage":"es","@id":"https:\/\/cultura.santjosep.org\/es\/agenda\/ii-edicion-festival-badia-de-portmany-concierto-mo-brandis-de-incognito-presents-kamobii\/#primaryimage","url":"https:\/\/cultura.santjosep.org\/wp-content\/uploads\/2022\/06\/KAMOBii-press-shot-6-scaled-1.jpg","contentUrl":"https:\/\/cultura.santjosep.org\/wp-content\/uploads\/2022\/06\/KAMOBii-press-shot-6-scaled-1.jpg","width":1100,"height":880},{"@type":"BreadcrumbList","@id":"https:\/\/cultura.santjosep.org\/es\/agenda\/ii-edicion-festival-badia-de-portmany-concierto-mo-brandis-de-incognito-presents-kamobii\/#breadcrumb","itemListElement":[{"@type":"ListItem","position":1,"name":"Portada","item":"https:\/\/cultura.santjosep.org\/es\/"},{"@type":"ListItem","position":2,"name":"Eventos","item":"https:\/\/cultura.santjosep.org\/agenda\/"},{"@type":"ListItem","position":3,"name":"II Edici\u00f3n Festival Badia de Portmany : Concierto &#8211; &#8216;Mo Brandis de Incognito presents KAMOBii&#8217;"}]},{"@type":"WebSite","@id":"https:\/\/cultura.santjosep.org\/es\/#website","url":"https:\/\/cultura.santjosep.org\/es\/","name":"Cultura a Sant Josep de sa Talaia","description":"","publisher":{"@id":"https:\/\/cultura.santjosep.org\/es\/#organization"},"potentialAction":[{"@type":"SearchAction","target":{"@type":"EntryPoint","urlTemplate":"https:\/\/cultura.santjosep.org\/es\/?s={search_term_string}"},"query-input":{"@type":"PropertyValueSpecification","valueRequired":true,"valueName":"search_term_string"}}],"inLanguage":"es"},{"@type":"Organization","@id":"https:\/\/cultura.santjosep.org\/es\/#organization","name":"Ajuntament de Sant Josep de sa Talaia","url":"https:\/\/cultura.santjosep.org\/es\/","logo":{"@type":"ImageObject","inLanguage":"es","@id":"https:\/\/cultura.santjosep.org\/es\/#\/schema\/logo\/image\/","url":"https:\/\/cultura.santjosep.org\/wp-content\/uploads\/2020\/10\/logocolor.jpg","contentUrl":"https:\/\/cultura.santjosep.org\/wp-content\/uploads\/2020\/10\/logocolor.jpg","width":250,"height":98,"caption":"Ajuntament de Sant Josep de sa Talaia"},"image":{"@id":"https:\/\/cultura.santjosep.org\/es\/#\/schema\/logo\/image\/"},"sameAs":["https:\/\/www.facebook.com\/Ajuntament-de-Sant-Josep-de-sa-Talaia-197541666931354\/","https:\/\/x.com\/DeTalaia","https:\/\/www.instagram.com\/sant_josep_de_sa_talaia\/"]}]}},"_links":{"self":[{"href":"https:\/\/cultura.santjosep.org\/es\/wp-json\/wp\/v2\/tribe_events\/13239","targetHints":{"allow":["GET"]}}],"collection":[{"href":"https:\/\/cultura.santjosep.org\/es\/wp-json\/wp\/v2\/tribe_events"}],"about":[{"href":"https:\/\/cultura.santjosep.org\/es\/wp-json\/wp\/v2\/types\/tribe_events"}],"author":[{"embeddable":true,"href":"https:\/\/cultura.santjosep.org\/es\/wp-json\/wp\/v2\/users\/1"}],"version-history":[{"count":0,"href":"https:\/\/cultura.santjosep.org\/es\/wp-json\/wp\/v2\/tribe_events\/13239\/revisions"}],"wp:featuredmedia":[{"embeddable":true,"href":"https:\/\/cultura.santjosep.org\/es\/wp-json\/wp\/v2\/media\/13237"}],"wp:attachment":[{"href":"https:\/\/cultura.santjosep.org\/es\/wp-json\/wp\/v2\/media?parent=13239"}],"wp:term":[{"taxonomy":"post_tag","embeddable":true,"href":"https:\/\/cultura.santjosep.org\/es\/wp-json\/wp\/v2\/tags?post=13239"},{"taxonomy":"tribe_events_cat","embeddable":true,"href":"https:\/\/cultura.santjosep.org\/es\/wp-json\/wp\/v2\/tribe_events_cat?post=13239"}],"curies":[{"name":"wp","href":"https:\/\/api.w.org\/{rel}","templated":true}]}}