{"id":13396,"date":"2022-07-01T13:09:11","date_gmt":"2022-07-01T11:09:11","guid":{"rendered":"https:\/\/cultura.santjosep.org\/?post_type=tribe_events&#038;p=13396"},"modified":"2022-07-06T13:01:56","modified_gmt":"2022-07-06T11:01:56","slug":"cine-a-la-fresca-el-secreto-de-sus-ojos-ciclo-ricardo-darin","status":"publish","type":"tribe_events","link":"https:\/\/cultura.santjosep.org\/es\/agenda\/cine-a-la-fresca-el-secreto-de-sus-ojos-ciclo-ricardo-darin\/","title":{"rendered":"Cine a la fresca &#8211; &#8216;El secreto de sus ojos&#8217; (Ciclo Ricardo Dar\u00edn)"},"content":{"rendered":"<p><strong>&#8216;El secreto de sus ojos &#8216; | 2009 | Ciclo Ricardo Dar\u00edn<\/strong><\/p>\n<p><strong>Duraci\u00f3n:<\/strong> 129 min. Argentina<br \/>\n<strong>Direcci\u00f3n:<\/strong> <span class=\"nb\">Juan Jos\u00e9 Campanella<\/span><br \/>\n<strong>Sinopsi:\u00a0<\/strong> Benjam\u00edn Esp\u00f3sito es oficial de un Juzgado de Instrucci\u00f3n de Buenos Aires reci\u00e9n retirado. Obsesionado por un brutal asesinato ocurrido veinticinco a\u00f1os antes, en 1974, decide escribir una novela sobre el caso, del cual fue testigo y protagonista. Reviviendo el pasado, viene tambi\u00e9n a su memoria el recuerdo de una mujer, a quien ha amado en silencio durante todos esos a\u00f1os<\/p>\n<p><strong>Entrada libre hasta completar aforo.<\/strong><\/p>\n<p><img loading=\"lazy\" decoding=\"async\" class=\"alignnone size-full wp-image-13397\" src=\"https:\/\/cultura.santjosep.org\/wp-content\/uploads\/2022\/06\/secretoojos2.jpeg\" alt=\"\" width=\"800\" height=\"1200\" srcset=\"https:\/\/cultura.santjosep.org\/wp-content\/uploads\/2022\/06\/secretoojos2.jpeg 800w, https:\/\/cultura.santjosep.org\/wp-content\/uploads\/2022\/06\/secretoojos2-200x300.jpeg 200w, https:\/\/cultura.santjosep.org\/wp-content\/uploads\/2022\/06\/secretoojos2-683x1024.jpeg 683w, https:\/\/cultura.santjosep.org\/wp-content\/uploads\/2022\/06\/secretoojos2-768x1152.jpeg 768w\" sizes=\"auto, (max-width: 800px) 100vw, 800px\" \/><\/p>\n","protected":false},"excerpt":{"rendered":"<p>&#8216;El secreto de sus ojos &#8216; | 2009 | Ciclo Ricardo Dar\u00edn Duraci\u00f3n: 129 min. Argentina Direcci\u00f3n: Juan Jos\u00e9 Campanella Sinopsi:\u00a0 Benjam\u00edn Esp\u00f3sito es oficial de un Juzgado de Instrucci\u00f3n &hellip; <\/p>\n<p class=\"link-more\"><a href=\"https:\/\/cultura.santjosep.org\/es\/agenda\/cine-a-la-fresca-el-secreto-de-sus-ojos-ciclo-ricardo-darin\/\" class=\"more-link\">Seguir leyendo<span class=\"screen-reader-text\"> \u00abCine a la fresca &#8211; &#8216;El secreto de sus ojos&#8217; (Ciclo Ricardo Dar\u00edn)\u00bb<\/span><\/a><\/p>\n","protected":false},"author":1,"featured_media":13399,"template":"","meta":{"_tribe_events_status":"","_tribe_events_status_reason":"","_tribe_events_is_hybrid":"","_tribe_events_is_virtual":"","_tribe_events_virtual_video_source":"","_tribe_events_virtual_embed_video":"","_tribe_events_virtual_linked_button_text":"","_tribe_events_virtual_linked_button":"","_tribe_events_virtual_show_embed_at":"","_tribe_events_virtual_show_embed_to":[],"_tribe_events_virtual_show_on_event":"","_tribe_events_virtual_show_on_views":"","_tribe_events_virtual_url":"","footnotes":""},"tags":[],"tribe_events_cat":[88],"class_list":["post-13396","tribe_events","type-tribe_events","status-publish","has-post-thumbnail","hentry","tribe_events_cat-cine-a-la-fresca-es","cat_cine-a-la-fresca-es","entry"],"yoast_head":"<!-- This site is optimized with the Yoast SEO plugin v26.6 - https:\/\/yoast.com\/wordpress\/plugins\/seo\/ -->\n<title>Cine a la fresca - &#039;El secreto de sus ojos&#039; (Ciclo Ricardo Dar\u00edn) - Cultura a Sant Josep de sa Talaia<\/title>\n<meta name=\"robots\" content=\"index, follow, max-snippet:-1, max-image-preview:large, max-video-preview:-1\" \/>\n<link rel=\"canonical\" href=\"https:\/\/cultura.santjosep.org\/es\/agenda\/cine-a-la-fresca-el-secreto-de-sus-ojos-ciclo-ricardo-darin\/\" \/>\n<meta property=\"og:locale\" content=\"es_ES\" \/>\n<meta property=\"og:type\" content=\"article\" \/>\n<meta property=\"og:title\" content=\"Cine a la fresca - &#039;El secreto de sus ojos&#039; (Ciclo Ricardo Dar\u00edn) - Cultura a Sant Josep de sa Talaia\" \/>\n<meta property=\"og:description\" content=\"&#8216;El secreto de sus ojos &#8216; | 2009 | Ciclo Ricardo Dar\u00edn Duraci\u00f3n: 129 min. Argentina Direcci\u00f3n: Juan Jos\u00e9 Campanella Sinopsi:\u00a0 Benjam\u00edn Esp\u00f3sito es oficial de un Juzgado de Instrucci\u00f3n &hellip; Seguir leyendo \u00abCine a la fresca &#8211; &#8216;El secreto de sus ojos&#8217; (Ciclo Ricardo Dar\u00edn)\u00bb\" \/>\n<meta property=\"og:url\" content=\"https:\/\/cultura.santjosep.org\/es\/agenda\/cine-a-la-fresca-el-secreto-de-sus-ojos-ciclo-ricardo-darin\/\" \/>\n<meta property=\"og:site_name\" content=\"Cultura a Sant Josep de sa Talaia\" \/>\n<meta property=\"article:publisher\" content=\"https:\/\/www.facebook.com\/Ajuntament-de-Sant-Josep-de-sa-Talaia-197541666931354\/\" \/>\n<meta property=\"article:modified_time\" content=\"2022-07-06T11:01:56+00:00\" \/>\n<meta property=\"og:image\" content=\"https:\/\/cultura.santjosep.org\/wp-content\/uploads\/2022\/06\/secretoojos1.jpeg\" \/>\n\t<meta property=\"og:image:width\" content=\"1984\" \/>\n\t<meta property=\"og:image:height\" content=\"1038\" \/>\n\t<meta property=\"og:image:type\" content=\"image\/jpeg\" \/>\n<meta name=\"twitter:card\" content=\"summary_large_image\" \/>\n<meta name=\"twitter:site\" content=\"@DeTalaia\" \/>\n<script type=\"application\/ld+json\" class=\"yoast-schema-graph\">{\"@context\":\"https:\/\/schema.org\",\"@graph\":[{\"@type\":\"WebPage\",\"@id\":\"https:\/\/cultura.santjosep.org\/es\/agenda\/cine-a-la-fresca-el-secreto-de-sus-ojos-ciclo-ricardo-darin\/\",\"url\":\"https:\/\/cultura.santjosep.org\/es\/agenda\/cine-a-la-fresca-el-secreto-de-sus-ojos-ciclo-ricardo-darin\/\",\"name\":\"Cine a la fresca - 'El secreto de sus ojos' (Ciclo Ricardo Dar\u00edn) - Cultura a Sant Josep de sa Talaia\",\"isPartOf\":{\"@id\":\"https:\/\/cultura.santjosep.org\/es\/#website\"},\"primaryImageOfPage\":{\"@id\":\"https:\/\/cultura.santjosep.org\/es\/agenda\/cine-a-la-fresca-el-secreto-de-sus-ojos-ciclo-ricardo-darin\/#primaryimage\"},\"image\":{\"@id\":\"https:\/\/cultura.santjosep.org\/es\/agenda\/cine-a-la-fresca-el-secreto-de-sus-ojos-ciclo-ricardo-darin\/#primaryimage\"},\"thumbnailUrl\":\"https:\/\/cultura.santjosep.org\/wp-content\/uploads\/2022\/06\/secretoojos1.jpeg\",\"datePublished\":\"2022-07-01T11:09:11+00:00\",\"dateModified\":\"2022-07-06T11:01:56+00:00\",\"breadcrumb\":{\"@id\":\"https:\/\/cultura.santjosep.org\/es\/agenda\/cine-a-la-fresca-el-secreto-de-sus-ojos-ciclo-ricardo-darin\/#breadcrumb\"},\"inLanguage\":\"es\",\"potentialAction\":[{\"@type\":\"ReadAction\",\"target\":[\"https:\/\/cultura.santjosep.org\/es\/agenda\/cine-a-la-fresca-el-secreto-de-sus-ojos-ciclo-ricardo-darin\/\"]}]},{\"@type\":\"ImageObject\",\"inLanguage\":\"es\",\"@id\":\"https:\/\/cultura.santjosep.org\/es\/agenda\/cine-a-la-fresca-el-secreto-de-sus-ojos-ciclo-ricardo-darin\/#primaryimage\",\"url\":\"https:\/\/cultura.santjosep.org\/wp-content\/uploads\/2022\/06\/secretoojos1.jpeg\",\"contentUrl\":\"https:\/\/cultura.santjosep.org\/wp-content\/uploads\/2022\/06\/secretoojos1.jpeg\",\"width\":1984,\"height\":1038},{\"@type\":\"BreadcrumbList\",\"@id\":\"https:\/\/cultura.santjosep.org\/es\/agenda\/cine-a-la-fresca-el-secreto-de-sus-ojos-ciclo-ricardo-darin\/#breadcrumb\",\"itemListElement\":[{\"@type\":\"ListItem\",\"position\":1,\"name\":\"Portada\",\"item\":\"https:\/\/cultura.santjosep.org\/es\/\"},{\"@type\":\"ListItem\",\"position\":2,\"name\":\"Eventos\",\"item\":\"https:\/\/cultura.santjosep.org\/agenda\/\"},{\"@type\":\"ListItem\",\"position\":3,\"name\":\"Cine a la fresca &#8211; &#8216;El secreto de sus ojos&#8217; (Ciclo Ricardo Dar\u00edn)\"}]},{\"@type\":\"WebSite\",\"@id\":\"https:\/\/cultura.santjosep.org\/es\/#website\",\"url\":\"https:\/\/cultura.santjosep.org\/es\/\",\"name\":\"Cultura a Sant Josep de sa Talaia\",\"description\":\"\",\"publisher\":{\"@id\":\"https:\/\/cultura.santjosep.org\/es\/#organization\"},\"potentialAction\":[{\"@type\":\"SearchAction\",\"target\":{\"@type\":\"EntryPoint\",\"urlTemplate\":\"https:\/\/cultura.santjosep.org\/es\/?s={search_term_string}\"},\"query-input\":{\"@type\":\"PropertyValueSpecification\",\"valueRequired\":true,\"valueName\":\"search_term_string\"}}],\"inLanguage\":\"es\"},{\"@type\":\"Organization\",\"@id\":\"https:\/\/cultura.santjosep.org\/es\/#organization\",\"name\":\"Ajuntament de Sant Josep de sa Talaia\",\"url\":\"https:\/\/cultura.santjosep.org\/es\/\",\"logo\":{\"@type\":\"ImageObject\",\"inLanguage\":\"es\",\"@id\":\"https:\/\/cultura.santjosep.org\/es\/#\/schema\/logo\/image\/\",\"url\":\"https:\/\/cultura.santjosep.org\/wp-content\/uploads\/2020\/10\/logocolor.jpg\",\"contentUrl\":\"https:\/\/cultura.santjosep.org\/wp-content\/uploads\/2020\/10\/logocolor.jpg\",\"width\":250,\"height\":98,\"caption\":\"Ajuntament de Sant Josep de sa Talaia\"},\"image\":{\"@id\":\"https:\/\/cultura.santjosep.org\/es\/#\/schema\/logo\/image\/\"},\"sameAs\":[\"https:\/\/www.facebook.com\/Ajuntament-de-Sant-Josep-de-sa-Talaia-197541666931354\/\",\"https:\/\/x.com\/DeTalaia\",\"https:\/\/www.instagram.com\/sant_josep_de_sa_talaia\/\"]}]}<\/script>\n<!-- \/ Yoast SEO plugin. -->","yoast_head_json":{"title":"Cine a la fresca - 'El secreto de sus ojos' (Ciclo Ricardo Dar\u00edn) - Cultura a Sant Josep de sa Talaia","robots":{"index":"index","follow":"follow","max-snippet":"max-snippet:-1","max-image-preview":"max-image-preview:large","max-video-preview":"max-video-preview:-1"},"canonical":"https:\/\/cultura.santjosep.org\/es\/agenda\/cine-a-la-fresca-el-secreto-de-sus-ojos-ciclo-ricardo-darin\/","og_locale":"es_ES","og_type":"article","og_title":"Cine a la fresca - 'El secreto de sus ojos' (Ciclo Ricardo Dar\u00edn) - Cultura a Sant Josep de sa Talaia","og_description":"&#8216;El secreto de sus ojos &#8216; | 2009 | Ciclo Ricardo Dar\u00edn Duraci\u00f3n: 129 min. Argentina Direcci\u00f3n: Juan Jos\u00e9 Campanella Sinopsi:\u00a0 Benjam\u00edn Esp\u00f3sito es oficial de un Juzgado de Instrucci\u00f3n &hellip; Seguir leyendo \u00abCine a la fresca &#8211; &#8216;El secreto de sus ojos&#8217; (Ciclo Ricardo Dar\u00edn)\u00bb","og_url":"https:\/\/cultura.santjosep.org\/es\/agenda\/cine-a-la-fresca-el-secreto-de-sus-ojos-ciclo-ricardo-darin\/","og_site_name":"Cultura a Sant Josep de sa Talaia","article_publisher":"https:\/\/www.facebook.com\/Ajuntament-de-Sant-Josep-de-sa-Talaia-197541666931354\/","article_modified_time":"2022-07-06T11:01:56+00:00","og_image":[{"width":1984,"height":1038,"url":"https:\/\/cultura.santjosep.org\/wp-content\/uploads\/2022\/06\/secretoojos1.jpeg","type":"image\/jpeg"}],"twitter_card":"summary_large_image","twitter_site":"@DeTalaia","schema":{"@context":"https:\/\/schema.org","@graph":[{"@type":"WebPage","@id":"https:\/\/cultura.santjosep.org\/es\/agenda\/cine-a-la-fresca-el-secreto-de-sus-ojos-ciclo-ricardo-darin\/","url":"https:\/\/cultura.santjosep.org\/es\/agenda\/cine-a-la-fresca-el-secreto-de-sus-ojos-ciclo-ricardo-darin\/","name":"Cine a la fresca - 'El secreto de sus ojos' (Ciclo Ricardo Dar\u00edn) - Cultura a Sant Josep de sa Talaia","isPartOf":{"@id":"https:\/\/cultura.santjosep.org\/es\/#website"},"primaryImageOfPage":{"@id":"https:\/\/cultura.santjosep.org\/es\/agenda\/cine-a-la-fresca-el-secreto-de-sus-ojos-ciclo-ricardo-darin\/#primaryimage"},"image":{"@id":"https:\/\/cultura.santjosep.org\/es\/agenda\/cine-a-la-fresca-el-secreto-de-sus-ojos-ciclo-ricardo-darin\/#primaryimage"},"thumbnailUrl":"https:\/\/cultura.santjosep.org\/wp-content\/uploads\/2022\/06\/secretoojos1.jpeg","datePublished":"2022-07-01T11:09:11+00:00","dateModified":"2022-07-06T11:01:56+00:00","breadcrumb":{"@id":"https:\/\/cultura.santjosep.org\/es\/agenda\/cine-a-la-fresca-el-secreto-de-sus-ojos-ciclo-ricardo-darin\/#breadcrumb"},"inLanguage":"es","potentialAction":[{"@type":"ReadAction","target":["https:\/\/cultura.santjosep.org\/es\/agenda\/cine-a-la-fresca-el-secreto-de-sus-ojos-ciclo-ricardo-darin\/"]}]},{"@type":"ImageObject","inLanguage":"es","@id":"https:\/\/cultura.santjosep.org\/es\/agenda\/cine-a-la-fresca-el-secreto-de-sus-ojos-ciclo-ricardo-darin\/#primaryimage","url":"https:\/\/cultura.santjosep.org\/wp-content\/uploads\/2022\/06\/secretoojos1.jpeg","contentUrl":"https:\/\/cultura.santjosep.org\/wp-content\/uploads\/2022\/06\/secretoojos1.jpeg","width":1984,"height":1038},{"@type":"BreadcrumbList","@id":"https:\/\/cultura.santjosep.org\/es\/agenda\/cine-a-la-fresca-el-secreto-de-sus-ojos-ciclo-ricardo-darin\/#breadcrumb","itemListElement":[{"@type":"ListItem","position":1,"name":"Portada","item":"https:\/\/cultura.santjosep.org\/es\/"},{"@type":"ListItem","position":2,"name":"Eventos","item":"https:\/\/cultura.santjosep.org\/agenda\/"},{"@type":"ListItem","position":3,"name":"Cine a la fresca &#8211; &#8216;El secreto de sus ojos&#8217; (Ciclo Ricardo Dar\u00edn)"}]},{"@type":"WebSite","@id":"https:\/\/cultura.santjosep.org\/es\/#website","url":"https:\/\/cultura.santjosep.org\/es\/","name":"Cultura a Sant Josep de sa Talaia","description":"","publisher":{"@id":"https:\/\/cultura.santjosep.org\/es\/#organization"},"potentialAction":[{"@type":"SearchAction","target":{"@type":"EntryPoint","urlTemplate":"https:\/\/cultura.santjosep.org\/es\/?s={search_term_string}"},"query-input":{"@type":"PropertyValueSpecification","valueRequired":true,"valueName":"search_term_string"}}],"inLanguage":"es"},{"@type":"Organization","@id":"https:\/\/cultura.santjosep.org\/es\/#organization","name":"Ajuntament de Sant Josep de sa Talaia","url":"https:\/\/cultura.santjosep.org\/es\/","logo":{"@type":"ImageObject","inLanguage":"es","@id":"https:\/\/cultura.santjosep.org\/es\/#\/schema\/logo\/image\/","url":"https:\/\/cultura.santjosep.org\/wp-content\/uploads\/2020\/10\/logocolor.jpg","contentUrl":"https:\/\/cultura.santjosep.org\/wp-content\/uploads\/2020\/10\/logocolor.jpg","width":250,"height":98,"caption":"Ajuntament de Sant Josep de sa Talaia"},"image":{"@id":"https:\/\/cultura.santjosep.org\/es\/#\/schema\/logo\/image\/"},"sameAs":["https:\/\/www.facebook.com\/Ajuntament-de-Sant-Josep-de-sa-Talaia-197541666931354\/","https:\/\/x.com\/DeTalaia","https:\/\/www.instagram.com\/sant_josep_de_sa_talaia\/"]}]}},"_links":{"self":[{"href":"https:\/\/cultura.santjosep.org\/es\/wp-json\/wp\/v2\/tribe_events\/13396","targetHints":{"allow":["GET"]}}],"collection":[{"href":"https:\/\/cultura.santjosep.org\/es\/wp-json\/wp\/v2\/tribe_events"}],"about":[{"href":"https:\/\/cultura.santjosep.org\/es\/wp-json\/wp\/v2\/types\/tribe_events"}],"author":[{"embeddable":true,"href":"https:\/\/cultura.santjosep.org\/es\/wp-json\/wp\/v2\/users\/1"}],"version-history":[{"count":0,"href":"https:\/\/cultura.santjosep.org\/es\/wp-json\/wp\/v2\/tribe_events\/13396\/revisions"}],"wp:featuredmedia":[{"embeddable":true,"href":"https:\/\/cultura.santjosep.org\/es\/wp-json\/wp\/v2\/media\/13399"}],"wp:attachment":[{"href":"https:\/\/cultura.santjosep.org\/es\/wp-json\/wp\/v2\/media?parent=13396"}],"wp:term":[{"taxonomy":"post_tag","embeddable":true,"href":"https:\/\/cultura.santjosep.org\/es\/wp-json\/wp\/v2\/tags?post=13396"},{"taxonomy":"tribe_events_cat","embeddable":true,"href":"https:\/\/cultura.santjosep.org\/es\/wp-json\/wp\/v2\/tribe_events_cat?post=13396"}],"curies":[{"name":"wp","href":"https:\/\/api.w.org\/{rel}","templated":true}]}}