{"id":13511,"date":"2022-07-01T13:09:07","date_gmt":"2022-07-01T11:09:07","guid":{"rendered":"https:\/\/cultura.santjosep.org\/?post_type=tribe_events&#038;p=13511"},"modified":"2023-02-01T11:12:46","modified_gmt":"2023-02-01T10:12:46","slug":"divendres-de-cine-pan-de-limon-y-semillas-de-amapola","status":"publish","type":"tribe_events","link":"https:\/\/cultura.santjosep.org\/es\/agenda\/divendres-de-cine-pan-de-limon-y-semillas-de-amapola\/","title":{"rendered":"Divendres de cine &#8211; &#8216;Pan de lim\u00f3n y semillas de amapola&#8217;"},"content":{"rendered":"<p><strong>&#8216;Pan de lim\u00f3n y semillas de amapola&#8217; | vose | 2021 |<\/strong><br \/>\n<em>Pel\u00edcula enmarcada dentro de las Jornadas contra el C\u00e1ncer<\/em><\/p>\n<p><strong>Duraci\u00f3n:<\/strong> 121 min. Espa\u00f1a<br \/>\n<strong>Direcci\u00f3n:<\/strong><span class=\"nb\"> Benito Zambrano<\/span><br \/>\n<strong>Sinopsis:\u00a0<\/strong>En Valldemossa, un peque\u00f1o pueblo del interior de Mallorca, Anna (Eva Mart\u00edn) y Marina (Elia Galera), dos hermanas que fueron separadas en su adolescencia, se encuentran de nuevo para vender una panader\u00eda que han heredado de una misteriosa mujer a la que creen no conocer. Las hermanas son dos mujeres con vidas muy diferentes. Anna apenas ha salido de la isla y sigue casada con un hombre al que ya no ama. Marina viaja por el mundo trabajando como doctora para una ONG. Mientras intentan descubrir los secretos que encierra su enigm\u00e1tica herencia, Anna y Marina tendr\u00e1n que hacer frente a viejos conflictos familiares e intentar recuperar los a\u00f1os perdidos.<\/p>\n<p><strong>Entrada libre hasta completar aforo<\/strong><\/p>\n<p><img loading=\"lazy\" decoding=\"async\" class=\"alignnone size-full wp-image-13512\" src=\"https:\/\/cultura.santjosep.org\/wp-content\/uploads\/2022\/06\/semi2.jpeg\" alt=\"\" width=\"832\" height=\"1200\" srcset=\"https:\/\/cultura.santjosep.org\/wp-content\/uploads\/2022\/06\/semi2.jpeg 832w, https:\/\/cultura.santjosep.org\/wp-content\/uploads\/2022\/06\/semi2-208x300.jpeg 208w, https:\/\/cultura.santjosep.org\/wp-content\/uploads\/2022\/06\/semi2-710x1024.jpeg 710w, https:\/\/cultura.santjosep.org\/wp-content\/uploads\/2022\/06\/semi2-768x1108.jpeg 768w\" sizes=\"auto, (max-width: 832px) 100vw, 832px\" \/><\/p>\n","protected":false},"excerpt":{"rendered":"<p>&#8216;Pan de lim\u00f3n y semillas de amapola&#8217; | vose | 2021 | Pel\u00edcula enmarcada dentro de las Jornadas contra el C\u00e1ncer Duraci\u00f3n: 121 min. Espa\u00f1a Direcci\u00f3n: Benito Zambrano Sinopsis:\u00a0En Valldemossa, &hellip; <\/p>\n<p class=\"link-more\"><a href=\"https:\/\/cultura.santjosep.org\/es\/agenda\/divendres-de-cine-pan-de-limon-y-semillas-de-amapola\/\" class=\"more-link\">Seguir leyendo<span class=\"screen-reader-text\"> \u00abDivendres de cine &#8211; &#8216;Pan de lim\u00f3n y semillas de amapola&#8217;\u00bb<\/span><\/a><\/p>\n","protected":false},"author":1,"featured_media":13514,"template":"","meta":{"_tribe_events_status":"","_tribe_events_status_reason":"","_tribe_events_is_hybrid":"","_tribe_events_is_virtual":"","_tribe_events_virtual_video_source":"","_tribe_events_virtual_embed_video":"","_tribe_events_virtual_linked_button_text":"","_tribe_events_virtual_linked_button":"","_tribe_events_virtual_show_embed_at":"","_tribe_events_virtual_show_embed_to":[],"_tribe_events_virtual_show_on_event":"","_tribe_events_virtual_show_on_views":"","_tribe_events_virtual_url":"","footnotes":""},"tags":[],"tribe_events_cat":[30],"class_list":["post-13511","tribe_events","type-tribe_events","status-publish","has-post-thumbnail","hentry","tribe_events_cat-cine","cat_cine","entry"],"yoast_head":"<!-- This site is optimized with the Yoast SEO plugin v26.6 - https:\/\/yoast.com\/wordpress\/plugins\/seo\/ -->\n<title>Divendres de cine - &#039;Pan de lim\u00f3n y semillas de amapola&#039; - Cultura a Sant Josep de sa Talaia<\/title>\n<meta name=\"robots\" content=\"index, follow, max-snippet:-1, max-image-preview:large, max-video-preview:-1\" \/>\n<link rel=\"canonical\" href=\"https:\/\/cultura.santjosep.org\/es\/agenda\/divendres-de-cine-pan-de-limon-y-semillas-de-amapola\/\" \/>\n<meta property=\"og:locale\" content=\"es_ES\" \/>\n<meta property=\"og:type\" content=\"article\" \/>\n<meta property=\"og:title\" content=\"Divendres de cine - &#039;Pan de lim\u00f3n y semillas de amapola&#039; - Cultura a Sant Josep de sa Talaia\" \/>\n<meta property=\"og:description\" content=\"&#8216;Pan de lim\u00f3n y semillas de amapola&#8217; | vose | 2021 | Pel\u00edcula enmarcada dentro de las Jornadas contra el C\u00e1ncer Duraci\u00f3n: 121 min. Espa\u00f1a Direcci\u00f3n: Benito Zambrano Sinopsis:\u00a0En Valldemossa, &hellip; Seguir leyendo \u00abDivendres de cine &#8211; &#8216;Pan de lim\u00f3n y semillas de amapola&#8217;\u00bb\" \/>\n<meta property=\"og:url\" content=\"https:\/\/cultura.santjosep.org\/es\/agenda\/divendres-de-cine-pan-de-limon-y-semillas-de-amapola\/\" \/>\n<meta property=\"og:site_name\" content=\"Cultura a Sant Josep de sa Talaia\" \/>\n<meta property=\"article:publisher\" content=\"https:\/\/www.facebook.com\/Ajuntament-de-Sant-Josep-de-sa-Talaia-197541666931354\/\" \/>\n<meta property=\"article:modified_time\" content=\"2023-02-01T10:12:46+00:00\" \/>\n<meta property=\"og:image\" content=\"https:\/\/cultura.santjosep.org\/wp-content\/uploads\/2022\/06\/semi1.jpeg\" \/>\n\t<meta property=\"og:image:width\" content=\"1000\" \/>\n\t<meta property=\"og:image:height\" content=\"702\" \/>\n\t<meta property=\"og:image:type\" content=\"image\/jpeg\" \/>\n<meta name=\"twitter:card\" content=\"summary_large_image\" \/>\n<meta name=\"twitter:site\" content=\"@DeTalaia\" \/>\n<meta name=\"twitter:label1\" content=\"Tiempo de lectura\" \/>\n\t<meta name=\"twitter:data1\" content=\"1 minuto\" \/>\n<script type=\"application\/ld+json\" class=\"yoast-schema-graph\">{\"@context\":\"https:\/\/schema.org\",\"@graph\":[{\"@type\":\"WebPage\",\"@id\":\"https:\/\/cultura.santjosep.org\/es\/agenda\/divendres-de-cine-pan-de-limon-y-semillas-de-amapola\/\",\"url\":\"https:\/\/cultura.santjosep.org\/es\/agenda\/divendres-de-cine-pan-de-limon-y-semillas-de-amapola\/\",\"name\":\"Divendres de cine - 'Pan de lim\u00f3n y semillas de amapola' - Cultura a Sant Josep de sa Talaia\",\"isPartOf\":{\"@id\":\"https:\/\/cultura.santjosep.org\/es\/#website\"},\"primaryImageOfPage\":{\"@id\":\"https:\/\/cultura.santjosep.org\/es\/agenda\/divendres-de-cine-pan-de-limon-y-semillas-de-amapola\/#primaryimage\"},\"image\":{\"@id\":\"https:\/\/cultura.santjosep.org\/es\/agenda\/divendres-de-cine-pan-de-limon-y-semillas-de-amapola\/#primaryimage\"},\"thumbnailUrl\":\"https:\/\/cultura.santjosep.org\/wp-content\/uploads\/2022\/06\/semi1.jpeg\",\"datePublished\":\"2022-07-01T11:09:07+00:00\",\"dateModified\":\"2023-02-01T10:12:46+00:00\",\"breadcrumb\":{\"@id\":\"https:\/\/cultura.santjosep.org\/es\/agenda\/divendres-de-cine-pan-de-limon-y-semillas-de-amapola\/#breadcrumb\"},\"inLanguage\":\"es\",\"potentialAction\":[{\"@type\":\"ReadAction\",\"target\":[\"https:\/\/cultura.santjosep.org\/es\/agenda\/divendres-de-cine-pan-de-limon-y-semillas-de-amapola\/\"]}]},{\"@type\":\"ImageObject\",\"inLanguage\":\"es\",\"@id\":\"https:\/\/cultura.santjosep.org\/es\/agenda\/divendres-de-cine-pan-de-limon-y-semillas-de-amapola\/#primaryimage\",\"url\":\"https:\/\/cultura.santjosep.org\/wp-content\/uploads\/2022\/06\/semi1.jpeg\",\"contentUrl\":\"https:\/\/cultura.santjosep.org\/wp-content\/uploads\/2022\/06\/semi1.jpeg\",\"width\":1000,\"height\":702},{\"@type\":\"BreadcrumbList\",\"@id\":\"https:\/\/cultura.santjosep.org\/es\/agenda\/divendres-de-cine-pan-de-limon-y-semillas-de-amapola\/#breadcrumb\",\"itemListElement\":[{\"@type\":\"ListItem\",\"position\":1,\"name\":\"Portada\",\"item\":\"https:\/\/cultura.santjosep.org\/es\/\"},{\"@type\":\"ListItem\",\"position\":2,\"name\":\"Eventos\",\"item\":\"https:\/\/cultura.santjosep.org\/agenda\/\"},{\"@type\":\"ListItem\",\"position\":3,\"name\":\"Divendres de cine &#8211; &#8216;Pan de lim\u00f3n y semillas de amapola&#8217;\"}]},{\"@type\":\"WebSite\",\"@id\":\"https:\/\/cultura.santjosep.org\/es\/#website\",\"url\":\"https:\/\/cultura.santjosep.org\/es\/\",\"name\":\"Cultura a Sant Josep de sa Talaia\",\"description\":\"\",\"publisher\":{\"@id\":\"https:\/\/cultura.santjosep.org\/es\/#organization\"},\"potentialAction\":[{\"@type\":\"SearchAction\",\"target\":{\"@type\":\"EntryPoint\",\"urlTemplate\":\"https:\/\/cultura.santjosep.org\/es\/?s={search_term_string}\"},\"query-input\":{\"@type\":\"PropertyValueSpecification\",\"valueRequired\":true,\"valueName\":\"search_term_string\"}}],\"inLanguage\":\"es\"},{\"@type\":\"Organization\",\"@id\":\"https:\/\/cultura.santjosep.org\/es\/#organization\",\"name\":\"Ajuntament de Sant Josep de sa Talaia\",\"url\":\"https:\/\/cultura.santjosep.org\/es\/\",\"logo\":{\"@type\":\"ImageObject\",\"inLanguage\":\"es\",\"@id\":\"https:\/\/cultura.santjosep.org\/es\/#\/schema\/logo\/image\/\",\"url\":\"https:\/\/cultura.santjosep.org\/wp-content\/uploads\/2020\/10\/logocolor.jpg\",\"contentUrl\":\"https:\/\/cultura.santjosep.org\/wp-content\/uploads\/2020\/10\/logocolor.jpg\",\"width\":250,\"height\":98,\"caption\":\"Ajuntament de Sant Josep de sa Talaia\"},\"image\":{\"@id\":\"https:\/\/cultura.santjosep.org\/es\/#\/schema\/logo\/image\/\"},\"sameAs\":[\"https:\/\/www.facebook.com\/Ajuntament-de-Sant-Josep-de-sa-Talaia-197541666931354\/\",\"https:\/\/x.com\/DeTalaia\",\"https:\/\/www.instagram.com\/sant_josep_de_sa_talaia\/\"]}]}<\/script>\n<!-- \/ Yoast SEO plugin. -->","yoast_head_json":{"title":"Divendres de cine - 'Pan de lim\u00f3n y semillas de amapola' - Cultura a Sant Josep de sa Talaia","robots":{"index":"index","follow":"follow","max-snippet":"max-snippet:-1","max-image-preview":"max-image-preview:large","max-video-preview":"max-video-preview:-1"},"canonical":"https:\/\/cultura.santjosep.org\/es\/agenda\/divendres-de-cine-pan-de-limon-y-semillas-de-amapola\/","og_locale":"es_ES","og_type":"article","og_title":"Divendres de cine - 'Pan de lim\u00f3n y semillas de amapola' - Cultura a Sant Josep de sa Talaia","og_description":"&#8216;Pan de lim\u00f3n y semillas de amapola&#8217; | vose | 2021 | Pel\u00edcula enmarcada dentro de las Jornadas contra el C\u00e1ncer Duraci\u00f3n: 121 min. Espa\u00f1a Direcci\u00f3n: Benito Zambrano Sinopsis:\u00a0En Valldemossa, &hellip; Seguir leyendo \u00abDivendres de cine &#8211; &#8216;Pan de lim\u00f3n y semillas de amapola&#8217;\u00bb","og_url":"https:\/\/cultura.santjosep.org\/es\/agenda\/divendres-de-cine-pan-de-limon-y-semillas-de-amapola\/","og_site_name":"Cultura a Sant Josep de sa Talaia","article_publisher":"https:\/\/www.facebook.com\/Ajuntament-de-Sant-Josep-de-sa-Talaia-197541666931354\/","article_modified_time":"2023-02-01T10:12:46+00:00","og_image":[{"width":1000,"height":702,"url":"https:\/\/cultura.santjosep.org\/wp-content\/uploads\/2022\/06\/semi1.jpeg","type":"image\/jpeg"}],"twitter_card":"summary_large_image","twitter_site":"@DeTalaia","twitter_misc":{"Tiempo de lectura":"1 minuto"},"schema":{"@context":"https:\/\/schema.org","@graph":[{"@type":"WebPage","@id":"https:\/\/cultura.santjosep.org\/es\/agenda\/divendres-de-cine-pan-de-limon-y-semillas-de-amapola\/","url":"https:\/\/cultura.santjosep.org\/es\/agenda\/divendres-de-cine-pan-de-limon-y-semillas-de-amapola\/","name":"Divendres de cine - 'Pan de lim\u00f3n y semillas de amapola' - Cultura a Sant Josep de sa Talaia","isPartOf":{"@id":"https:\/\/cultura.santjosep.org\/es\/#website"},"primaryImageOfPage":{"@id":"https:\/\/cultura.santjosep.org\/es\/agenda\/divendres-de-cine-pan-de-limon-y-semillas-de-amapola\/#primaryimage"},"image":{"@id":"https:\/\/cultura.santjosep.org\/es\/agenda\/divendres-de-cine-pan-de-limon-y-semillas-de-amapola\/#primaryimage"},"thumbnailUrl":"https:\/\/cultura.santjosep.org\/wp-content\/uploads\/2022\/06\/semi1.jpeg","datePublished":"2022-07-01T11:09:07+00:00","dateModified":"2023-02-01T10:12:46+00:00","breadcrumb":{"@id":"https:\/\/cultura.santjosep.org\/es\/agenda\/divendres-de-cine-pan-de-limon-y-semillas-de-amapola\/#breadcrumb"},"inLanguage":"es","potentialAction":[{"@type":"ReadAction","target":["https:\/\/cultura.santjosep.org\/es\/agenda\/divendres-de-cine-pan-de-limon-y-semillas-de-amapola\/"]}]},{"@type":"ImageObject","inLanguage":"es","@id":"https:\/\/cultura.santjosep.org\/es\/agenda\/divendres-de-cine-pan-de-limon-y-semillas-de-amapola\/#primaryimage","url":"https:\/\/cultura.santjosep.org\/wp-content\/uploads\/2022\/06\/semi1.jpeg","contentUrl":"https:\/\/cultura.santjosep.org\/wp-content\/uploads\/2022\/06\/semi1.jpeg","width":1000,"height":702},{"@type":"BreadcrumbList","@id":"https:\/\/cultura.santjosep.org\/es\/agenda\/divendres-de-cine-pan-de-limon-y-semillas-de-amapola\/#breadcrumb","itemListElement":[{"@type":"ListItem","position":1,"name":"Portada","item":"https:\/\/cultura.santjosep.org\/es\/"},{"@type":"ListItem","position":2,"name":"Eventos","item":"https:\/\/cultura.santjosep.org\/agenda\/"},{"@type":"ListItem","position":3,"name":"Divendres de cine &#8211; &#8216;Pan de lim\u00f3n y semillas de amapola&#8217;"}]},{"@type":"WebSite","@id":"https:\/\/cultura.santjosep.org\/es\/#website","url":"https:\/\/cultura.santjosep.org\/es\/","name":"Cultura a Sant Josep de sa Talaia","description":"","publisher":{"@id":"https:\/\/cultura.santjosep.org\/es\/#organization"},"potentialAction":[{"@type":"SearchAction","target":{"@type":"EntryPoint","urlTemplate":"https:\/\/cultura.santjosep.org\/es\/?s={search_term_string}"},"query-input":{"@type":"PropertyValueSpecification","valueRequired":true,"valueName":"search_term_string"}}],"inLanguage":"es"},{"@type":"Organization","@id":"https:\/\/cultura.santjosep.org\/es\/#organization","name":"Ajuntament de Sant Josep de sa Talaia","url":"https:\/\/cultura.santjosep.org\/es\/","logo":{"@type":"ImageObject","inLanguage":"es","@id":"https:\/\/cultura.santjosep.org\/es\/#\/schema\/logo\/image\/","url":"https:\/\/cultura.santjosep.org\/wp-content\/uploads\/2020\/10\/logocolor.jpg","contentUrl":"https:\/\/cultura.santjosep.org\/wp-content\/uploads\/2020\/10\/logocolor.jpg","width":250,"height":98,"caption":"Ajuntament de Sant Josep de sa Talaia"},"image":{"@id":"https:\/\/cultura.santjosep.org\/es\/#\/schema\/logo\/image\/"},"sameAs":["https:\/\/www.facebook.com\/Ajuntament-de-Sant-Josep-de-sa-Talaia-197541666931354\/","https:\/\/x.com\/DeTalaia","https:\/\/www.instagram.com\/sant_josep_de_sa_talaia\/"]}]}},"_links":{"self":[{"href":"https:\/\/cultura.santjosep.org\/es\/wp-json\/wp\/v2\/tribe_events\/13511","targetHints":{"allow":["GET"]}}],"collection":[{"href":"https:\/\/cultura.santjosep.org\/es\/wp-json\/wp\/v2\/tribe_events"}],"about":[{"href":"https:\/\/cultura.santjosep.org\/es\/wp-json\/wp\/v2\/types\/tribe_events"}],"author":[{"embeddable":true,"href":"https:\/\/cultura.santjosep.org\/es\/wp-json\/wp\/v2\/users\/1"}],"version-history":[{"count":0,"href":"https:\/\/cultura.santjosep.org\/es\/wp-json\/wp\/v2\/tribe_events\/13511\/revisions"}],"wp:featuredmedia":[{"embeddable":true,"href":"https:\/\/cultura.santjosep.org\/es\/wp-json\/wp\/v2\/media\/13514"}],"wp:attachment":[{"href":"https:\/\/cultura.santjosep.org\/es\/wp-json\/wp\/v2\/media?parent=13511"}],"wp:term":[{"taxonomy":"post_tag","embeddable":true,"href":"https:\/\/cultura.santjosep.org\/es\/wp-json\/wp\/v2\/tags?post=13511"},{"taxonomy":"tribe_events_cat","embeddable":true,"href":"https:\/\/cultura.santjosep.org\/es\/wp-json\/wp\/v2\/tribe_events_cat?post=13511"}],"curies":[{"name":"wp","href":"https:\/\/api.w.org\/{rel}","templated":true}]}}