{"id":13641,"date":"2022-07-04T13:53:57","date_gmt":"2022-07-04T11:53:57","guid":{"rendered":"https:\/\/cultura.santjosep.org\/agenda\/festes-del-carme-2022-teatre-planeta-b-n\/"},"modified":"2022-07-04T13:54:37","modified_gmt":"2022-07-04T11:54:37","slug":"festes-del-carme-2022-teatre-planeta-b-n","status":"publish","type":"tribe_events","link":"https:\/\/cultura.santjosep.org\/es\/agenda\/festes-del-carme-2022-teatre-planeta-b-n\/","title":{"rendered":"Festes del Carme 2022 &#8211; Teatre: &#8216;Planeta B\/N&#8217;"},"content":{"rendered":"<p><strong>21:30 h | Teatre <\/strong>as Tanc\u00f3<\/p>\n<p>El grup de <strong>Teatre J\u00fanior des Cubells<\/strong> representar\u00e0 l&#8217;obra <strong>&#8216;Planeta B\/N&#8217;, <\/strong>de l&#8217;autora<strong> Carmen Planells<\/strong>.<\/p>\n<p>Intermedis i final de festa amenitzats pel duo ac\u00fasctic <strong>Around &amp; Around.<\/strong><\/p>\n<p>Vine i gaudeix!<\/p>\n<p><img loading=\"lazy\" decoding=\"async\" class=\"alignnone size-full wp-image-13599\" src=\"https:\/\/cultura.santjosep.org\/wp-content\/uploads\/2022\/07\/FESTES-DEL-CARME-PosterA3_page-00011.jpg\" alt=\"\" width=\"1778\" height=\"2504\" srcset=\"https:\/\/cultura.santjosep.org\/wp-content\/uploads\/2022\/07\/FESTES-DEL-CARME-PosterA3_page-00011.jpg 1778w, https:\/\/cultura.santjosep.org\/wp-content\/uploads\/2022\/07\/FESTES-DEL-CARME-PosterA3_page-00011-213x300.jpg 213w, https:\/\/cultura.santjosep.org\/wp-content\/uploads\/2022\/07\/FESTES-DEL-CARME-PosterA3_page-00011-727x1024.jpg 727w, https:\/\/cultura.santjosep.org\/wp-content\/uploads\/2022\/07\/FESTES-DEL-CARME-PosterA3_page-00011-768x1082.jpg 768w, https:\/\/cultura.santjosep.org\/wp-content\/uploads\/2022\/07\/FESTES-DEL-CARME-PosterA3_page-00011-1091x1536.jpg 1091w, https:\/\/cultura.santjosep.org\/wp-content\/uploads\/2022\/07\/FESTES-DEL-CARME-PosterA3_page-00011-1454x2048.jpg 1454w, https:\/\/cultura.santjosep.org\/wp-content\/uploads\/2022\/07\/FESTES-DEL-CARME-PosterA3_page-00011-1568x2208.jpg 1568w, https:\/\/cultura.santjosep.org\/wp-content\/uploads\/2022\/07\/FESTES-DEL-CARME-PosterA3_page-00011-1320x1859.jpg 1320w\" sizes=\"auto, (max-width: 1778px) 100vw, 1778px\" \/><\/p>\n<p>&nbsp;<\/p>\n","protected":false},"excerpt":{"rendered":"<p>21:30 h | Teatre as Tanc\u00f3 El grup de Teatre J\u00fanior des Cubells representar\u00e0 l&#8217;obra &#8216;Planeta B\/N&#8217;, de l&#8217;autora Carmen Planells. Intermedis i final de festa amenitzats pel duo ac\u00fasctic &hellip; <\/p>\n<p class=\"link-more\"><a href=\"https:\/\/cultura.santjosep.org\/es\/agenda\/festes-del-carme-2022-teatre-planeta-b-n\/\" class=\"more-link\">Seguir leyendo<span class=\"screen-reader-text\"> \u00abFestes del Carme 2022 &#8211; Teatre: &#8216;Planeta B\/N&#8217;\u00bb<\/span><\/a><\/p>\n","protected":false},"author":1,"featured_media":13596,"template":"","meta":{"_tribe_events_status":"","_tribe_events_status_reason":"","_tribe_events_is_hybrid":"","_tribe_events_is_virtual":"","_tribe_events_virtual_video_source":"","_tribe_events_virtual_embed_video":"","_tribe_events_virtual_linked_button_text":"","_tribe_events_virtual_linked_button":"","_tribe_events_virtual_show_embed_at":"","_tribe_events_virtual_show_embed_to":[],"_tribe_events_virtual_show_on_event":"","_tribe_events_virtual_show_on_views":"","_tribe_events_virtual_url":"","footnotes":""},"tags":[],"tribe_events_cat":[138],"class_list":["post-13641","tribe_events","type-tribe_events","status-publish","has-post-thumbnail","hentry","tribe_events_cat-festes-del-carme","cat_festes-del-carme","entry"],"yoast_head":"<!-- This site is optimized with the Yoast SEO plugin v26.6 - https:\/\/yoast.com\/wordpress\/plugins\/seo\/ -->\n<title>Festes del Carme 2022 - Teatre: &#039;Planeta B\/N&#039; - Cultura a Sant Josep de sa Talaia<\/title>\n<meta name=\"robots\" content=\"index, follow, max-snippet:-1, max-image-preview:large, max-video-preview:-1\" \/>\n<link rel=\"canonical\" href=\"https:\/\/cultura.santjosep.org\/es\/agenda\/festes-del-carme-2022-teatre-planeta-b-n\/\" \/>\n<meta property=\"og:locale\" content=\"es_ES\" \/>\n<meta property=\"og:type\" content=\"article\" \/>\n<meta property=\"og:title\" content=\"Festes del Carme 2022 - Teatre: &#039;Planeta B\/N&#039; - Cultura a Sant Josep de sa Talaia\" \/>\n<meta property=\"og:description\" content=\"21:30 h | Teatre as Tanc\u00f3 El grup de Teatre J\u00fanior des Cubells representar\u00e0 l&#8217;obra &#8216;Planeta B\/N&#8217;, de l&#8217;autora Carmen Planells. Intermedis i final de festa amenitzats pel duo ac\u00fasctic &hellip; Seguir leyendo \u00abFestes del Carme 2022 &#8211; Teatre: &#8216;Planeta B\/N&#8217;\u00bb\" \/>\n<meta property=\"og:url\" content=\"https:\/\/cultura.santjosep.org\/es\/agenda\/festes-del-carme-2022-teatre-planeta-b-n\/\" \/>\n<meta property=\"og:site_name\" content=\"Cultura a Sant Josep de sa Talaia\" \/>\n<meta property=\"article:publisher\" content=\"https:\/\/www.facebook.com\/Ajuntament-de-Sant-Josep-de-sa-Talaia-197541666931354\/\" \/>\n<meta property=\"article:modified_time\" content=\"2022-07-04T11:54:37+00:00\" \/>\n<meta property=\"og:image\" content=\"https:\/\/cultura.santjosep.org\/wp-content\/uploads\/2022\/07\/escubells_DJI_0031-1.jpg\" \/>\n\t<meta property=\"og:image:width\" content=\"1900\" \/>\n\t<meta property=\"og:image:height\" content=\"1425\" \/>\n\t<meta property=\"og:image:type\" content=\"image\/jpeg\" \/>\n<meta name=\"twitter:card\" content=\"summary_large_image\" \/>\n<meta name=\"twitter:site\" content=\"@DeTalaia\" \/>\n<script type=\"application\/ld+json\" class=\"yoast-schema-graph\">{\"@context\":\"https:\/\/schema.org\",\"@graph\":[{\"@type\":\"WebPage\",\"@id\":\"https:\/\/cultura.santjosep.org\/es\/agenda\/festes-del-carme-2022-teatre-planeta-b-n\/\",\"url\":\"https:\/\/cultura.santjosep.org\/es\/agenda\/festes-del-carme-2022-teatre-planeta-b-n\/\",\"name\":\"Festes del Carme 2022 - Teatre: 'Planeta B\/N' - Cultura a Sant Josep de sa Talaia\",\"isPartOf\":{\"@id\":\"https:\/\/cultura.santjosep.org\/es\/#website\"},\"primaryImageOfPage\":{\"@id\":\"https:\/\/cultura.santjosep.org\/es\/agenda\/festes-del-carme-2022-teatre-planeta-b-n\/#primaryimage\"},\"image\":{\"@id\":\"https:\/\/cultura.santjosep.org\/es\/agenda\/festes-del-carme-2022-teatre-planeta-b-n\/#primaryimage\"},\"thumbnailUrl\":\"https:\/\/cultura.santjosep.org\/wp-content\/uploads\/2022\/07\/escubells_DJI_0031-1.jpg\",\"datePublished\":\"2022-07-04T11:53:57+00:00\",\"dateModified\":\"2022-07-04T11:54:37+00:00\",\"breadcrumb\":{\"@id\":\"https:\/\/cultura.santjosep.org\/es\/agenda\/festes-del-carme-2022-teatre-planeta-b-n\/#breadcrumb\"},\"inLanguage\":\"es\",\"potentialAction\":[{\"@type\":\"ReadAction\",\"target\":[\"https:\/\/cultura.santjosep.org\/es\/agenda\/festes-del-carme-2022-teatre-planeta-b-n\/\"]}]},{\"@type\":\"ImageObject\",\"inLanguage\":\"es\",\"@id\":\"https:\/\/cultura.santjosep.org\/es\/agenda\/festes-del-carme-2022-teatre-planeta-b-n\/#primaryimage\",\"url\":\"https:\/\/cultura.santjosep.org\/wp-content\/uploads\/2022\/07\/escubells_DJI_0031-1.jpg\",\"contentUrl\":\"https:\/\/cultura.santjosep.org\/wp-content\/uploads\/2022\/07\/escubells_DJI_0031-1.jpg\",\"width\":1900,\"height\":1425,\"caption\":\"DCIM100MEDIADJI_0031.JPG\"},{\"@type\":\"BreadcrumbList\",\"@id\":\"https:\/\/cultura.santjosep.org\/es\/agenda\/festes-del-carme-2022-teatre-planeta-b-n\/#breadcrumb\",\"itemListElement\":[{\"@type\":\"ListItem\",\"position\":1,\"name\":\"Portada\",\"item\":\"https:\/\/cultura.santjosep.org\/es\/\"},{\"@type\":\"ListItem\",\"position\":2,\"name\":\"Eventos\",\"item\":\"https:\/\/cultura.santjosep.org\/agenda\/\"},{\"@type\":\"ListItem\",\"position\":3,\"name\":\"Festes del Carme 2022 &#8211; Teatre: &#8216;Planeta B\/N&#8217;\"}]},{\"@type\":\"WebSite\",\"@id\":\"https:\/\/cultura.santjosep.org\/es\/#website\",\"url\":\"https:\/\/cultura.santjosep.org\/es\/\",\"name\":\"Cultura a Sant Josep de sa Talaia\",\"description\":\"\",\"publisher\":{\"@id\":\"https:\/\/cultura.santjosep.org\/es\/#organization\"},\"potentialAction\":[{\"@type\":\"SearchAction\",\"target\":{\"@type\":\"EntryPoint\",\"urlTemplate\":\"https:\/\/cultura.santjosep.org\/es\/?s={search_term_string}\"},\"query-input\":{\"@type\":\"PropertyValueSpecification\",\"valueRequired\":true,\"valueName\":\"search_term_string\"}}],\"inLanguage\":\"es\"},{\"@type\":\"Organization\",\"@id\":\"https:\/\/cultura.santjosep.org\/es\/#organization\",\"name\":\"Ajuntament de Sant Josep de sa Talaia\",\"url\":\"https:\/\/cultura.santjosep.org\/es\/\",\"logo\":{\"@type\":\"ImageObject\",\"inLanguage\":\"es\",\"@id\":\"https:\/\/cultura.santjosep.org\/es\/#\/schema\/logo\/image\/\",\"url\":\"https:\/\/cultura.santjosep.org\/wp-content\/uploads\/2020\/10\/logocolor.jpg\",\"contentUrl\":\"https:\/\/cultura.santjosep.org\/wp-content\/uploads\/2020\/10\/logocolor.jpg\",\"width\":250,\"height\":98,\"caption\":\"Ajuntament de Sant Josep de sa Talaia\"},\"image\":{\"@id\":\"https:\/\/cultura.santjosep.org\/es\/#\/schema\/logo\/image\/\"},\"sameAs\":[\"https:\/\/www.facebook.com\/Ajuntament-de-Sant-Josep-de-sa-Talaia-197541666931354\/\",\"https:\/\/x.com\/DeTalaia\",\"https:\/\/www.instagram.com\/sant_josep_de_sa_talaia\/\"]}]}<\/script>\n<!-- \/ Yoast SEO plugin. -->","yoast_head_json":{"title":"Festes del Carme 2022 - Teatre: 'Planeta B\/N' - Cultura a Sant Josep de sa Talaia","robots":{"index":"index","follow":"follow","max-snippet":"max-snippet:-1","max-image-preview":"max-image-preview:large","max-video-preview":"max-video-preview:-1"},"canonical":"https:\/\/cultura.santjosep.org\/es\/agenda\/festes-del-carme-2022-teatre-planeta-b-n\/","og_locale":"es_ES","og_type":"article","og_title":"Festes del Carme 2022 - Teatre: 'Planeta B\/N' - Cultura a Sant Josep de sa Talaia","og_description":"21:30 h | Teatre as Tanc\u00f3 El grup de Teatre J\u00fanior des Cubells representar\u00e0 l&#8217;obra &#8216;Planeta B\/N&#8217;, de l&#8217;autora Carmen Planells. Intermedis i final de festa amenitzats pel duo ac\u00fasctic &hellip; Seguir leyendo \u00abFestes del Carme 2022 &#8211; Teatre: &#8216;Planeta B\/N&#8217;\u00bb","og_url":"https:\/\/cultura.santjosep.org\/es\/agenda\/festes-del-carme-2022-teatre-planeta-b-n\/","og_site_name":"Cultura a Sant Josep de sa Talaia","article_publisher":"https:\/\/www.facebook.com\/Ajuntament-de-Sant-Josep-de-sa-Talaia-197541666931354\/","article_modified_time":"2022-07-04T11:54:37+00:00","og_image":[{"width":1900,"height":1425,"url":"https:\/\/cultura.santjosep.org\/wp-content\/uploads\/2022\/07\/escubells_DJI_0031-1.jpg","type":"image\/jpeg"}],"twitter_card":"summary_large_image","twitter_site":"@DeTalaia","schema":{"@context":"https:\/\/schema.org","@graph":[{"@type":"WebPage","@id":"https:\/\/cultura.santjosep.org\/es\/agenda\/festes-del-carme-2022-teatre-planeta-b-n\/","url":"https:\/\/cultura.santjosep.org\/es\/agenda\/festes-del-carme-2022-teatre-planeta-b-n\/","name":"Festes del Carme 2022 - Teatre: 'Planeta B\/N' - Cultura a Sant Josep de sa Talaia","isPartOf":{"@id":"https:\/\/cultura.santjosep.org\/es\/#website"},"primaryImageOfPage":{"@id":"https:\/\/cultura.santjosep.org\/es\/agenda\/festes-del-carme-2022-teatre-planeta-b-n\/#primaryimage"},"image":{"@id":"https:\/\/cultura.santjosep.org\/es\/agenda\/festes-del-carme-2022-teatre-planeta-b-n\/#primaryimage"},"thumbnailUrl":"https:\/\/cultura.santjosep.org\/wp-content\/uploads\/2022\/07\/escubells_DJI_0031-1.jpg","datePublished":"2022-07-04T11:53:57+00:00","dateModified":"2022-07-04T11:54:37+00:00","breadcrumb":{"@id":"https:\/\/cultura.santjosep.org\/es\/agenda\/festes-del-carme-2022-teatre-planeta-b-n\/#breadcrumb"},"inLanguage":"es","potentialAction":[{"@type":"ReadAction","target":["https:\/\/cultura.santjosep.org\/es\/agenda\/festes-del-carme-2022-teatre-planeta-b-n\/"]}]},{"@type":"ImageObject","inLanguage":"es","@id":"https:\/\/cultura.santjosep.org\/es\/agenda\/festes-del-carme-2022-teatre-planeta-b-n\/#primaryimage","url":"https:\/\/cultura.santjosep.org\/wp-content\/uploads\/2022\/07\/escubells_DJI_0031-1.jpg","contentUrl":"https:\/\/cultura.santjosep.org\/wp-content\/uploads\/2022\/07\/escubells_DJI_0031-1.jpg","width":1900,"height":1425,"caption":"DCIM100MEDIADJI_0031.JPG"},{"@type":"BreadcrumbList","@id":"https:\/\/cultura.santjosep.org\/es\/agenda\/festes-del-carme-2022-teatre-planeta-b-n\/#breadcrumb","itemListElement":[{"@type":"ListItem","position":1,"name":"Portada","item":"https:\/\/cultura.santjosep.org\/es\/"},{"@type":"ListItem","position":2,"name":"Eventos","item":"https:\/\/cultura.santjosep.org\/agenda\/"},{"@type":"ListItem","position":3,"name":"Festes del Carme 2022 &#8211; Teatre: &#8216;Planeta B\/N&#8217;"}]},{"@type":"WebSite","@id":"https:\/\/cultura.santjosep.org\/es\/#website","url":"https:\/\/cultura.santjosep.org\/es\/","name":"Cultura a Sant Josep de sa Talaia","description":"","publisher":{"@id":"https:\/\/cultura.santjosep.org\/es\/#organization"},"potentialAction":[{"@type":"SearchAction","target":{"@type":"EntryPoint","urlTemplate":"https:\/\/cultura.santjosep.org\/es\/?s={search_term_string}"},"query-input":{"@type":"PropertyValueSpecification","valueRequired":true,"valueName":"search_term_string"}}],"inLanguage":"es"},{"@type":"Organization","@id":"https:\/\/cultura.santjosep.org\/es\/#organization","name":"Ajuntament de Sant Josep de sa Talaia","url":"https:\/\/cultura.santjosep.org\/es\/","logo":{"@type":"ImageObject","inLanguage":"es","@id":"https:\/\/cultura.santjosep.org\/es\/#\/schema\/logo\/image\/","url":"https:\/\/cultura.santjosep.org\/wp-content\/uploads\/2020\/10\/logocolor.jpg","contentUrl":"https:\/\/cultura.santjosep.org\/wp-content\/uploads\/2020\/10\/logocolor.jpg","width":250,"height":98,"caption":"Ajuntament de Sant Josep de sa Talaia"},"image":{"@id":"https:\/\/cultura.santjosep.org\/es\/#\/schema\/logo\/image\/"},"sameAs":["https:\/\/www.facebook.com\/Ajuntament-de-Sant-Josep-de-sa-Talaia-197541666931354\/","https:\/\/x.com\/DeTalaia","https:\/\/www.instagram.com\/sant_josep_de_sa_talaia\/"]}]}},"_links":{"self":[{"href":"https:\/\/cultura.santjosep.org\/es\/wp-json\/wp\/v2\/tribe_events\/13641","targetHints":{"allow":["GET"]}}],"collection":[{"href":"https:\/\/cultura.santjosep.org\/es\/wp-json\/wp\/v2\/tribe_events"}],"about":[{"href":"https:\/\/cultura.santjosep.org\/es\/wp-json\/wp\/v2\/types\/tribe_events"}],"author":[{"embeddable":true,"href":"https:\/\/cultura.santjosep.org\/es\/wp-json\/wp\/v2\/users\/1"}],"version-history":[{"count":0,"href":"https:\/\/cultura.santjosep.org\/es\/wp-json\/wp\/v2\/tribe_events\/13641\/revisions"}],"wp:featuredmedia":[{"embeddable":true,"href":"https:\/\/cultura.santjosep.org\/es\/wp-json\/wp\/v2\/media\/13596"}],"wp:attachment":[{"href":"https:\/\/cultura.santjosep.org\/es\/wp-json\/wp\/v2\/media?parent=13641"}],"wp:term":[{"taxonomy":"post_tag","embeddable":true,"href":"https:\/\/cultura.santjosep.org\/es\/wp-json\/wp\/v2\/tags?post=13641"},{"taxonomy":"tribe_events_cat","embeddable":true,"href":"https:\/\/cultura.santjosep.org\/es\/wp-json\/wp\/v2\/tribe_events_cat?post=13641"}],"curies":[{"name":"wp","href":"https:\/\/api.w.org\/{rel}","templated":true}]}}