{"id":14211,"date":"2022-09-13T14:59:10","date_gmt":"2022-09-13T12:59:10","guid":{"rendered":"https:\/\/cultura.santjosep.org\/agenda\/titulo-xxiv-festival-mare-nostrum-ballada-a-sant-agusti\/"},"modified":"2022-09-13T15:17:00","modified_gmt":"2022-09-13T13:17:00","slug":"xxiv-festival-mare-nostrum-ballada-a-sant-agusti","status":"publish","type":"tribe_events","link":"https:\/\/cultura.santjosep.org\/es\/agenda\/xxiv-festival-mare-nostrum-ballada-a-sant-agusti\/","title":{"rendered":"XXIV Festival Mare Nostrum &#8211; Ballada a Sant Agust\u00ed"},"content":{"rendered":"<p><strong>11.00 h | Ballada del GRUP FOLKL\u00d2RIC SA COLLA DES VEDR\u00c0 i el GRUP FOLKL\u00d2RIC SANT ISISDRE (Menorca).<\/strong><\/p>\n<p>A la pla\u00e7a de Sant Agust\u00ed.<\/p>\n<p><img loading=\"lazy\" decoding=\"async\" class=\"alignnone size-full wp-image-14208\" src=\"https:\/\/cultura.santjosep.org\/wp-content\/uploads\/2022\/09\/CARTEL-MARE-NOSTRUM-2022-min.png\" alt=\"\" width=\"1328\" height=\"2058\" srcset=\"https:\/\/cultura.santjosep.org\/wp-content\/uploads\/2022\/09\/CARTEL-MARE-NOSTRUM-2022-min.png 1328w, https:\/\/cultura.santjosep.org\/wp-content\/uploads\/2022\/09\/CARTEL-MARE-NOSTRUM-2022-min-194x300.png 194w, https:\/\/cultura.santjosep.org\/wp-content\/uploads\/2022\/09\/CARTEL-MARE-NOSTRUM-2022-min-661x1024.png 661w, https:\/\/cultura.santjosep.org\/wp-content\/uploads\/2022\/09\/CARTEL-MARE-NOSTRUM-2022-min-768x1190.png 768w, https:\/\/cultura.santjosep.org\/wp-content\/uploads\/2022\/09\/CARTEL-MARE-NOSTRUM-2022-min-991x1536.png 991w, https:\/\/cultura.santjosep.org\/wp-content\/uploads\/2022\/09\/CARTEL-MARE-NOSTRUM-2022-min-1322x2048.png 1322w, https:\/\/cultura.santjosep.org\/wp-content\/uploads\/2022\/09\/CARTEL-MARE-NOSTRUM-2022-min-1320x2046.png 1320w\" sizes=\"auto, (max-width: 1328px) 100vw, 1328px\" \/><\/p>\n","protected":false},"excerpt":{"rendered":"<p>11.00 h | Ballada del GRUP FOLKL\u00d2RIC SA COLLA DES VEDR\u00c0 i el GRUP FOLKL\u00d2RIC SANT ISISDRE (Menorca). A la pla\u00e7a de Sant Agust\u00ed.<\/p>\n","protected":false},"author":1,"featured_media":14207,"template":"","meta":{"_tribe_events_status":"","_tribe_events_status_reason":"","_tribe_events_is_hybrid":"","_tribe_events_is_virtual":"","_tribe_events_virtual_video_source":"","_tribe_events_virtual_embed_video":"","_tribe_events_virtual_linked_button_text":"","_tribe_events_virtual_linked_button":"","_tribe_events_virtual_show_embed_at":"","_tribe_events_virtual_show_embed_to":[],"_tribe_events_virtual_show_on_event":"","_tribe_events_virtual_show_on_views":"","_tribe_events_virtual_url":"","footnotes":""},"tags":[],"tribe_events_cat":[61],"class_list":["post-14211","tribe_events","type-tribe_events","status-publish","has-post-thumbnail","hentry","tribe_events_cat-otros","cat_otros","entry"],"yoast_head":"<!-- This site is optimized with the Yoast SEO plugin v26.6 - https:\/\/yoast.com\/wordpress\/plugins\/seo\/ -->\n<title>XXIV Festival Mare Nostrum - Ballada a Sant Agust\u00ed - Cultura a Sant Josep de sa Talaia<\/title>\n<meta name=\"robots\" content=\"index, follow, max-snippet:-1, max-image-preview:large, max-video-preview:-1\" \/>\n<link rel=\"canonical\" href=\"https:\/\/cultura.santjosep.org\/es\/agenda\/xxiv-festival-mare-nostrum-ballada-a-sant-agusti\/\" \/>\n<meta property=\"og:locale\" content=\"es_ES\" \/>\n<meta property=\"og:type\" content=\"article\" \/>\n<meta property=\"og:title\" content=\"XXIV Festival Mare Nostrum - Ballada a Sant Agust\u00ed - Cultura a Sant Josep de sa Talaia\" \/>\n<meta property=\"og:description\" content=\"11.00 h | Ballada del GRUP FOLKL\u00d2RIC SA COLLA DES VEDR\u00c0 i el GRUP FOLKL\u00d2RIC SANT ISISDRE (Menorca). A la pla\u00e7a de Sant Agust\u00ed.\" \/>\n<meta property=\"og:url\" content=\"https:\/\/cultura.santjosep.org\/es\/agenda\/xxiv-festival-mare-nostrum-ballada-a-sant-agusti\/\" \/>\n<meta property=\"og:site_name\" content=\"Cultura a Sant Josep de sa Talaia\" \/>\n<meta property=\"article:publisher\" content=\"https:\/\/www.facebook.com\/Ajuntament-de-Sant-Josep-de-sa-Talaia-197541666931354\/\" \/>\n<meta property=\"article:modified_time\" content=\"2022-09-13T13:17:00+00:00\" \/>\n<meta property=\"og:image\" content=\"https:\/\/cultura.santjosep.org\/wp-content\/uploads\/2022\/09\/DSC09883.jpg\" \/>\n\t<meta property=\"og:image:width\" content=\"1500\" \/>\n\t<meta property=\"og:image:height\" content=\"1500\" \/>\n\t<meta property=\"og:image:type\" content=\"image\/jpeg\" \/>\n<meta name=\"twitter:card\" content=\"summary_large_image\" \/>\n<meta name=\"twitter:site\" content=\"@DeTalaia\" \/>\n<meta name=\"twitter:label1\" content=\"Tiempo de lectura\" \/>\n\t<meta name=\"twitter:data1\" content=\"1 minuto\" \/>\n<script type=\"application\/ld+json\" class=\"yoast-schema-graph\">{\"@context\":\"https:\/\/schema.org\",\"@graph\":[{\"@type\":\"WebPage\",\"@id\":\"https:\/\/cultura.santjosep.org\/es\/agenda\/xxiv-festival-mare-nostrum-ballada-a-sant-agusti\/\",\"url\":\"https:\/\/cultura.santjosep.org\/es\/agenda\/xxiv-festival-mare-nostrum-ballada-a-sant-agusti\/\",\"name\":\"XXIV Festival Mare Nostrum - Ballada a Sant Agust\u00ed - Cultura a Sant Josep de sa Talaia\",\"isPartOf\":{\"@id\":\"https:\/\/cultura.santjosep.org\/es\/#website\"},\"primaryImageOfPage\":{\"@id\":\"https:\/\/cultura.santjosep.org\/es\/agenda\/xxiv-festival-mare-nostrum-ballada-a-sant-agusti\/#primaryimage\"},\"image\":{\"@id\":\"https:\/\/cultura.santjosep.org\/es\/agenda\/xxiv-festival-mare-nostrum-ballada-a-sant-agusti\/#primaryimage\"},\"thumbnailUrl\":\"https:\/\/cultura.santjosep.org\/wp-content\/uploads\/2022\/09\/DSC09883.jpg\",\"datePublished\":\"2022-09-13T12:59:10+00:00\",\"dateModified\":\"2022-09-13T13:17:00+00:00\",\"breadcrumb\":{\"@id\":\"https:\/\/cultura.santjosep.org\/es\/agenda\/xxiv-festival-mare-nostrum-ballada-a-sant-agusti\/#breadcrumb\"},\"inLanguage\":\"es\",\"potentialAction\":[{\"@type\":\"ReadAction\",\"target\":[\"https:\/\/cultura.santjosep.org\/es\/agenda\/xxiv-festival-mare-nostrum-ballada-a-sant-agusti\/\"]}]},{\"@type\":\"ImageObject\",\"inLanguage\":\"es\",\"@id\":\"https:\/\/cultura.santjosep.org\/es\/agenda\/xxiv-festival-mare-nostrum-ballada-a-sant-agusti\/#primaryimage\",\"url\":\"https:\/\/cultura.santjosep.org\/wp-content\/uploads\/2022\/09\/DSC09883.jpg\",\"contentUrl\":\"https:\/\/cultura.santjosep.org\/wp-content\/uploads\/2022\/09\/DSC09883.jpg\",\"width\":1500,\"height\":1500},{\"@type\":\"BreadcrumbList\",\"@id\":\"https:\/\/cultura.santjosep.org\/es\/agenda\/xxiv-festival-mare-nostrum-ballada-a-sant-agusti\/#breadcrumb\",\"itemListElement\":[{\"@type\":\"ListItem\",\"position\":1,\"name\":\"Portada\",\"item\":\"https:\/\/cultura.santjosep.org\/es\/\"},{\"@type\":\"ListItem\",\"position\":2,\"name\":\"Eventos\",\"item\":\"https:\/\/cultura.santjosep.org\/agenda\/\"},{\"@type\":\"ListItem\",\"position\":3,\"name\":\"XXIV Festival Mare Nostrum &#8211; Ballada a Sant Agust\u00ed\"}]},{\"@type\":\"WebSite\",\"@id\":\"https:\/\/cultura.santjosep.org\/es\/#website\",\"url\":\"https:\/\/cultura.santjosep.org\/es\/\",\"name\":\"Cultura a Sant Josep de sa Talaia\",\"description\":\"\",\"publisher\":{\"@id\":\"https:\/\/cultura.santjosep.org\/es\/#organization\"},\"potentialAction\":[{\"@type\":\"SearchAction\",\"target\":{\"@type\":\"EntryPoint\",\"urlTemplate\":\"https:\/\/cultura.santjosep.org\/es\/?s={search_term_string}\"},\"query-input\":{\"@type\":\"PropertyValueSpecification\",\"valueRequired\":true,\"valueName\":\"search_term_string\"}}],\"inLanguage\":\"es\"},{\"@type\":\"Organization\",\"@id\":\"https:\/\/cultura.santjosep.org\/es\/#organization\",\"name\":\"Ajuntament de Sant Josep de sa Talaia\",\"url\":\"https:\/\/cultura.santjosep.org\/es\/\",\"logo\":{\"@type\":\"ImageObject\",\"inLanguage\":\"es\",\"@id\":\"https:\/\/cultura.santjosep.org\/es\/#\/schema\/logo\/image\/\",\"url\":\"https:\/\/cultura.santjosep.org\/wp-content\/uploads\/2020\/10\/logocolor.jpg\",\"contentUrl\":\"https:\/\/cultura.santjosep.org\/wp-content\/uploads\/2020\/10\/logocolor.jpg\",\"width\":250,\"height\":98,\"caption\":\"Ajuntament de Sant Josep de sa Talaia\"},\"image\":{\"@id\":\"https:\/\/cultura.santjosep.org\/es\/#\/schema\/logo\/image\/\"},\"sameAs\":[\"https:\/\/www.facebook.com\/Ajuntament-de-Sant-Josep-de-sa-Talaia-197541666931354\/\",\"https:\/\/x.com\/DeTalaia\",\"https:\/\/www.instagram.com\/sant_josep_de_sa_talaia\/\"]}]}<\/script>\n<!-- \/ Yoast SEO plugin. -->","yoast_head_json":{"title":"XXIV Festival Mare Nostrum - Ballada a Sant Agust\u00ed - Cultura a Sant Josep de sa Talaia","robots":{"index":"index","follow":"follow","max-snippet":"max-snippet:-1","max-image-preview":"max-image-preview:large","max-video-preview":"max-video-preview:-1"},"canonical":"https:\/\/cultura.santjosep.org\/es\/agenda\/xxiv-festival-mare-nostrum-ballada-a-sant-agusti\/","og_locale":"es_ES","og_type":"article","og_title":"XXIV Festival Mare Nostrum - Ballada a Sant Agust\u00ed - Cultura a Sant Josep de sa Talaia","og_description":"11.00 h | Ballada del GRUP FOLKL\u00d2RIC SA COLLA DES VEDR\u00c0 i el GRUP FOLKL\u00d2RIC SANT ISISDRE (Menorca). A la pla\u00e7a de Sant Agust\u00ed.","og_url":"https:\/\/cultura.santjosep.org\/es\/agenda\/xxiv-festival-mare-nostrum-ballada-a-sant-agusti\/","og_site_name":"Cultura a Sant Josep de sa Talaia","article_publisher":"https:\/\/www.facebook.com\/Ajuntament-de-Sant-Josep-de-sa-Talaia-197541666931354\/","article_modified_time":"2022-09-13T13:17:00+00:00","og_image":[{"width":1500,"height":1500,"url":"https:\/\/cultura.santjosep.org\/wp-content\/uploads\/2022\/09\/DSC09883.jpg","type":"image\/jpeg"}],"twitter_card":"summary_large_image","twitter_site":"@DeTalaia","twitter_misc":{"Tiempo de lectura":"1 minuto"},"schema":{"@context":"https:\/\/schema.org","@graph":[{"@type":"WebPage","@id":"https:\/\/cultura.santjosep.org\/es\/agenda\/xxiv-festival-mare-nostrum-ballada-a-sant-agusti\/","url":"https:\/\/cultura.santjosep.org\/es\/agenda\/xxiv-festival-mare-nostrum-ballada-a-sant-agusti\/","name":"XXIV Festival Mare Nostrum - Ballada a Sant Agust\u00ed - Cultura a Sant Josep de sa Talaia","isPartOf":{"@id":"https:\/\/cultura.santjosep.org\/es\/#website"},"primaryImageOfPage":{"@id":"https:\/\/cultura.santjosep.org\/es\/agenda\/xxiv-festival-mare-nostrum-ballada-a-sant-agusti\/#primaryimage"},"image":{"@id":"https:\/\/cultura.santjosep.org\/es\/agenda\/xxiv-festival-mare-nostrum-ballada-a-sant-agusti\/#primaryimage"},"thumbnailUrl":"https:\/\/cultura.santjosep.org\/wp-content\/uploads\/2022\/09\/DSC09883.jpg","datePublished":"2022-09-13T12:59:10+00:00","dateModified":"2022-09-13T13:17:00+00:00","breadcrumb":{"@id":"https:\/\/cultura.santjosep.org\/es\/agenda\/xxiv-festival-mare-nostrum-ballada-a-sant-agusti\/#breadcrumb"},"inLanguage":"es","potentialAction":[{"@type":"ReadAction","target":["https:\/\/cultura.santjosep.org\/es\/agenda\/xxiv-festival-mare-nostrum-ballada-a-sant-agusti\/"]}]},{"@type":"ImageObject","inLanguage":"es","@id":"https:\/\/cultura.santjosep.org\/es\/agenda\/xxiv-festival-mare-nostrum-ballada-a-sant-agusti\/#primaryimage","url":"https:\/\/cultura.santjosep.org\/wp-content\/uploads\/2022\/09\/DSC09883.jpg","contentUrl":"https:\/\/cultura.santjosep.org\/wp-content\/uploads\/2022\/09\/DSC09883.jpg","width":1500,"height":1500},{"@type":"BreadcrumbList","@id":"https:\/\/cultura.santjosep.org\/es\/agenda\/xxiv-festival-mare-nostrum-ballada-a-sant-agusti\/#breadcrumb","itemListElement":[{"@type":"ListItem","position":1,"name":"Portada","item":"https:\/\/cultura.santjosep.org\/es\/"},{"@type":"ListItem","position":2,"name":"Eventos","item":"https:\/\/cultura.santjosep.org\/agenda\/"},{"@type":"ListItem","position":3,"name":"XXIV Festival Mare Nostrum &#8211; Ballada a Sant Agust\u00ed"}]},{"@type":"WebSite","@id":"https:\/\/cultura.santjosep.org\/es\/#website","url":"https:\/\/cultura.santjosep.org\/es\/","name":"Cultura a Sant Josep de sa Talaia","description":"","publisher":{"@id":"https:\/\/cultura.santjosep.org\/es\/#organization"},"potentialAction":[{"@type":"SearchAction","target":{"@type":"EntryPoint","urlTemplate":"https:\/\/cultura.santjosep.org\/es\/?s={search_term_string}"},"query-input":{"@type":"PropertyValueSpecification","valueRequired":true,"valueName":"search_term_string"}}],"inLanguage":"es"},{"@type":"Organization","@id":"https:\/\/cultura.santjosep.org\/es\/#organization","name":"Ajuntament de Sant Josep de sa Talaia","url":"https:\/\/cultura.santjosep.org\/es\/","logo":{"@type":"ImageObject","inLanguage":"es","@id":"https:\/\/cultura.santjosep.org\/es\/#\/schema\/logo\/image\/","url":"https:\/\/cultura.santjosep.org\/wp-content\/uploads\/2020\/10\/logocolor.jpg","contentUrl":"https:\/\/cultura.santjosep.org\/wp-content\/uploads\/2020\/10\/logocolor.jpg","width":250,"height":98,"caption":"Ajuntament de Sant Josep de sa Talaia"},"image":{"@id":"https:\/\/cultura.santjosep.org\/es\/#\/schema\/logo\/image\/"},"sameAs":["https:\/\/www.facebook.com\/Ajuntament-de-Sant-Josep-de-sa-Talaia-197541666931354\/","https:\/\/x.com\/DeTalaia","https:\/\/www.instagram.com\/sant_josep_de_sa_talaia\/"]}]}},"_links":{"self":[{"href":"https:\/\/cultura.santjosep.org\/es\/wp-json\/wp\/v2\/tribe_events\/14211","targetHints":{"allow":["GET"]}}],"collection":[{"href":"https:\/\/cultura.santjosep.org\/es\/wp-json\/wp\/v2\/tribe_events"}],"about":[{"href":"https:\/\/cultura.santjosep.org\/es\/wp-json\/wp\/v2\/types\/tribe_events"}],"author":[{"embeddable":true,"href":"https:\/\/cultura.santjosep.org\/es\/wp-json\/wp\/v2\/users\/1"}],"version-history":[{"count":0,"href":"https:\/\/cultura.santjosep.org\/es\/wp-json\/wp\/v2\/tribe_events\/14211\/revisions"}],"wp:featuredmedia":[{"embeddable":true,"href":"https:\/\/cultura.santjosep.org\/es\/wp-json\/wp\/v2\/media\/14207"}],"wp:attachment":[{"href":"https:\/\/cultura.santjosep.org\/es\/wp-json\/wp\/v2\/media?parent=14211"}],"wp:term":[{"taxonomy":"post_tag","embeddable":true,"href":"https:\/\/cultura.santjosep.org\/es\/wp-json\/wp\/v2\/tags?post=14211"},{"taxonomy":"tribe_events_cat","embeddable":true,"href":"https:\/\/cultura.santjosep.org\/es\/wp-json\/wp\/v2\/tribe_events_cat?post=14211"}],"curies":[{"name":"wp","href":"https:\/\/api.w.org\/{rel}","templated":true}]}}