{"id":14228,"date":"2022-09-14T13:29:49","date_gmt":"2022-09-14T11:29:49","guid":{"rendered":"https:\/\/cultura.santjosep.org\/agenda\/festival-territori-inauguracio\/"},"modified":"2022-09-15T11:39:16","modified_gmt":"2022-09-15T09:39:16","slug":"festival-territori-inauguracion","status":"publish","type":"tribe_events","link":"https:\/\/cultura.santjosep.org\/es\/agenda\/festival-territori-inauguracion\/","title":{"rendered":"Festival Territori &#8211; Inauguraci\u00f3n"},"content":{"rendered":"<p><strong>DOCUMENTAL &#8211; \u201c100 MANERAS DE CRUZAR LA FRONTERA\u201d 84\u2019<\/strong><br \/>\nPresentaci\u00f3n especial<br \/>\nAmber Bemak y La Pocha Nostra &#8211; USA\/MX<br \/>\nDocumental auto-reflexivo sobre el extraordinario artista de performance mexicano\/chicano Guillermo G\u00f3mez-Pe\u00f1a y su compa\u00f1\u00eda La Pocha Nostra, con 40 a\u00f1os de carrera de pr\u00e1ctica art\u00edstica radical y trabajo en el desaf\u00edo y el quehacer de las fronteras geopol\u00edticas y culturales.<\/p>\n<p><img loading=\"lazy\" decoding=\"async\" class=\"alignnone wp-image-14221 size-large\" src=\"https:\/\/cultura.santjosep.org\/wp-content\/uploads\/2022\/09\/305812359_631073825099668_2629229399417096847_n-1024x1024.jpg\" alt=\"\" width=\"640\" height=\"640\" srcset=\"https:\/\/cultura.santjosep.org\/wp-content\/uploads\/2022\/09\/305812359_631073825099668_2629229399417096847_n-1024x1024.jpg 1024w, https:\/\/cultura.santjosep.org\/wp-content\/uploads\/2022\/09\/305812359_631073825099668_2629229399417096847_n-300x300.jpg 300w, https:\/\/cultura.santjosep.org\/wp-content\/uploads\/2022\/09\/305812359_631073825099668_2629229399417096847_n-150x150.jpg 150w, https:\/\/cultura.santjosep.org\/wp-content\/uploads\/2022\/09\/305812359_631073825099668_2629229399417096847_n-768x768.jpg 768w, https:\/\/cultura.santjosep.org\/wp-content\/uploads\/2022\/09\/305812359_631073825099668_2629229399417096847_n.jpg 1080w\" sizes=\"auto, (max-width: 640px) 100vw, 640px\" \/><\/p>\n<p><strong>LIVE SPOKEN WORD PERFORMANCE &#8211; \u201cOUTSIDE, INSIDE THE FOREST\u201d 5\u2019<\/strong><br \/>\nSarah Misselbrook &#8211; UK\/Espa\u00f1a<br \/>\nUna acci\u00f3n de palabra hablada en directo, que explora la idea de pertenecer o no y la ruptura de las fronteras. Centrada en el contraste entre lo humano y lo animal, la ubicaci\u00f3n y el aislamiento, la obra es una b\u00fasqueda de conexi\u00f3n con el entorno natural y el p\u00fablico. La obra cuestiona la identidad y la feminidad, as\u00ed como nuestra cercan\u00eda a los dem\u00e1s y a la naturaleza.<\/p>\n<p><img loading=\"lazy\" decoding=\"async\" class=\"alignnone wp-image-14217 size-large\" src=\"https:\/\/cultura.santjosep.org\/wp-content\/uploads\/2022\/09\/305204193_629012915305759_3195497143507070407_n-1024x1024.jpg\" alt=\"\" width=\"640\" height=\"640\" srcset=\"https:\/\/cultura.santjosep.org\/wp-content\/uploads\/2022\/09\/305204193_629012915305759_3195497143507070407_n-1024x1024.jpg 1024w, https:\/\/cultura.santjosep.org\/wp-content\/uploads\/2022\/09\/305204193_629012915305759_3195497143507070407_n-300x300.jpg 300w, https:\/\/cultura.santjosep.org\/wp-content\/uploads\/2022\/09\/305204193_629012915305759_3195497143507070407_n-150x150.jpg 150w, https:\/\/cultura.santjosep.org\/wp-content\/uploads\/2022\/09\/305204193_629012915305759_3195497143507070407_n-768x768.jpg 768w, https:\/\/cultura.santjosep.org\/wp-content\/uploads\/2022\/09\/305204193_629012915305759_3195497143507070407_n.jpg 1080w\" sizes=\"auto, (max-width: 640px) 100vw, 640px\" \/><\/p>\n<p><strong>PERFORMANCE ART &#8211; \u201cECO DE POSIDONIA\u201d 45\u2019<\/strong><br \/>\nXie Rong &#8211; China\/UK<br \/>\nMi nombre en ingl\u00e9s Echo proviene del mito griego, Posidonia tambi\u00e9n proviene del mito griego de Poseid\u00f3n, Dios del Mar. En esta actuaci\u00f3n cubrir\u00e9 mi cuerpo con un estampado de Posidonia.El Mar Mediterr\u00e1neo es uno de los mares m\u00e1s contaminados y sobreexplotados del planeta, a pesar de albergar uno de los llamados pulmones del oc\u00e9ano: la posidonia oce\u00e1nica. Esta pradera marina, que crece exclusivamente en el mar Mediterr\u00e1neo, captura el CO2 cincuenta veces m\u00e1s r\u00e1pido que las selvas tropicales. Sin embargo, el tesoro natural m\u00e1s valioso del mundo est\u00e1 actualmente en peligro debido al impacto humano.<br \/>\nAl encarnar un fr\u00e1gil cuerpo femenino como esta planta, emerge mi oscuro recuerdo de la infancia con esta especie en peligro de extinci\u00f3n. Un acto ecofeminista que reclama una mayor concienciaci\u00f3n y protecci\u00f3n de nuestro entorno.<\/p>\n<p><img loading=\"lazy\" decoding=\"async\" class=\"alignnone wp-image-14219 size-large\" src=\"https:\/\/cultura.santjosep.org\/wp-content\/uploads\/2022\/09\/305630777_630213415185709_8143397185184034508_n-1024x1024.jpg\" alt=\"\" width=\"640\" height=\"640\" srcset=\"https:\/\/cultura.santjosep.org\/wp-content\/uploads\/2022\/09\/305630777_630213415185709_8143397185184034508_n-1024x1024.jpg 1024w, https:\/\/cultura.santjosep.org\/wp-content\/uploads\/2022\/09\/305630777_630213415185709_8143397185184034508_n-300x300.jpg 300w, https:\/\/cultura.santjosep.org\/wp-content\/uploads\/2022\/09\/305630777_630213415185709_8143397185184034508_n-150x150.jpg 150w, https:\/\/cultura.santjosep.org\/wp-content\/uploads\/2022\/09\/305630777_630213415185709_8143397185184034508_n-768x768.jpg 768w, https:\/\/cultura.santjosep.org\/wp-content\/uploads\/2022\/09\/305630777_630213415185709_8143397185184034508_n.jpg 1080w\" sizes=\"auto, (max-width: 640px) 100vw, 640px\" \/><\/p>\n<p>Aqu\u00ed se puede consultar todo el <a style=\"color: #b32920;\" href=\"https:\/\/cultura.santjosep.org\/wp-content\/uploads\/2022\/09\/Territori22programa.pdf\" target=\"_blank\" rel=\"noopener\">programa del Festival<\/a><\/p>\n","protected":false},"excerpt":{"rendered":"<p>DOCUMENTAL &#8211; \u201c100 MANERAS DE CRUZAR LA FRONTERA\u201d 84\u2019 Presentaci\u00f3n especial Amber Bemak y La Pocha Nostra &#8211; USA\/MX Documental auto-reflexivo sobre el extraordinario artista de performance mexicano\/chicano Guillermo G\u00f3mez-Pe\u00f1a &hellip; <\/p>\n<p class=\"link-more\"><a href=\"https:\/\/cultura.santjosep.org\/es\/agenda\/festival-territori-inauguracion\/\" class=\"more-link\">Seguir leyendo<span class=\"screen-reader-text\"> \u00abFestival Territori &#8211; Inauguraci\u00f3n\u00bb<\/span><\/a><\/p>\n","protected":false},"author":1,"featured_media":14224,"template":"","meta":{"_tribe_events_status":"","_tribe_events_status_reason":"","_tribe_events_is_hybrid":"","_tribe_events_is_virtual":"","_tribe_events_virtual_video_source":"","_tribe_events_virtual_embed_video":"","_tribe_events_virtual_linked_button_text":"","_tribe_events_virtual_linked_button":"","_tribe_events_virtual_show_embed_at":"","_tribe_events_virtual_show_embed_to":[],"_tribe_events_virtual_show_on_event":"","_tribe_events_virtual_show_on_views":"","_tribe_events_virtual_url":"","footnotes":""},"tags":[],"tribe_events_cat":[145],"class_list":["post-14228","tribe_events","type-tribe_events","status-publish","has-post-thumbnail","hentry","tribe_events_cat-festival-territori-es","cat_festival-territori-es","entry"],"yoast_head":"<!-- This site is optimized with the Yoast SEO plugin v26.6 - https:\/\/yoast.com\/wordpress\/plugins\/seo\/ -->\n<title>Festival Territori - Inauguraci\u00f3n - Cultura a Sant Josep de sa Talaia<\/title>\n<meta name=\"robots\" content=\"index, follow, max-snippet:-1, max-image-preview:large, max-video-preview:-1\" \/>\n<link rel=\"canonical\" href=\"https:\/\/cultura.santjosep.org\/es\/agenda\/festival-territori-inauguracion\/\" \/>\n<meta property=\"og:locale\" content=\"es_ES\" \/>\n<meta property=\"og:type\" content=\"article\" \/>\n<meta property=\"og:title\" content=\"Festival Territori - Inauguraci\u00f3n - Cultura a Sant Josep de sa Talaia\" \/>\n<meta property=\"og:description\" content=\"DOCUMENTAL &#8211; \u201c100 MANERAS DE CRUZAR LA FRONTERA\u201d 84\u2019 Presentaci\u00f3n especial Amber Bemak y La Pocha Nostra &#8211; USA\/MX Documental auto-reflexivo sobre el extraordinario artista de performance mexicano\/chicano Guillermo G\u00f3mez-Pe\u00f1a &hellip; Seguir leyendo \u00abFestival Territori &#8211; Inauguraci\u00f3n\u00bb\" \/>\n<meta property=\"og:url\" content=\"https:\/\/cultura.santjosep.org\/es\/agenda\/festival-territori-inauguracion\/\" \/>\n<meta property=\"og:site_name\" content=\"Cultura a Sant Josep de sa Talaia\" \/>\n<meta property=\"article:publisher\" content=\"https:\/\/www.facebook.com\/Ajuntament-de-Sant-Josep-de-sa-Talaia-197541666931354\/\" \/>\n<meta property=\"article:modified_time\" content=\"2022-09-15T09:39:16+00:00\" \/>\n<meta property=\"og:image\" content=\"https:\/\/cultura.santjosep.org\/wp-content\/uploads\/2022\/09\/CARTELsubirWEB.jpg\" \/>\n\t<meta property=\"og:image:width\" content=\"2000\" \/>\n\t<meta property=\"og:image:height\" content=\"2436\" \/>\n\t<meta property=\"og:image:type\" content=\"image\/jpeg\" \/>\n<meta name=\"twitter:card\" content=\"summary_large_image\" \/>\n<meta name=\"twitter:site\" content=\"@DeTalaia\" \/>\n<meta name=\"twitter:label1\" content=\"Tiempo de lectura\" \/>\n\t<meta name=\"twitter:data1\" content=\"2 minutos\" \/>\n<script type=\"application\/ld+json\" class=\"yoast-schema-graph\">{\"@context\":\"https:\/\/schema.org\",\"@graph\":[{\"@type\":\"WebPage\",\"@id\":\"https:\/\/cultura.santjosep.org\/es\/agenda\/festival-territori-inauguracion\/\",\"url\":\"https:\/\/cultura.santjosep.org\/es\/agenda\/festival-territori-inauguracion\/\",\"name\":\"Festival Territori - Inauguraci\u00f3n - Cultura a Sant Josep de sa Talaia\",\"isPartOf\":{\"@id\":\"https:\/\/cultura.santjosep.org\/es\/#website\"},\"primaryImageOfPage\":{\"@id\":\"https:\/\/cultura.santjosep.org\/es\/agenda\/festival-territori-inauguracion\/#primaryimage\"},\"image\":{\"@id\":\"https:\/\/cultura.santjosep.org\/es\/agenda\/festival-territori-inauguracion\/#primaryimage\"},\"thumbnailUrl\":\"https:\/\/cultura.santjosep.org\/wp-content\/uploads\/2022\/09\/CARTELsubirWEB.jpg\",\"datePublished\":\"2022-09-14T11:29:49+00:00\",\"dateModified\":\"2022-09-15T09:39:16+00:00\",\"breadcrumb\":{\"@id\":\"https:\/\/cultura.santjosep.org\/es\/agenda\/festival-territori-inauguracion\/#breadcrumb\"},\"inLanguage\":\"es\",\"potentialAction\":[{\"@type\":\"ReadAction\",\"target\":[\"https:\/\/cultura.santjosep.org\/es\/agenda\/festival-territori-inauguracion\/\"]}]},{\"@type\":\"ImageObject\",\"inLanguage\":\"es\",\"@id\":\"https:\/\/cultura.santjosep.org\/es\/agenda\/festival-territori-inauguracion\/#primaryimage\",\"url\":\"https:\/\/cultura.santjosep.org\/wp-content\/uploads\/2022\/09\/CARTELsubirWEB.jpg\",\"contentUrl\":\"https:\/\/cultura.santjosep.org\/wp-content\/uploads\/2022\/09\/CARTELsubirWEB.jpg\",\"width\":2000,\"height\":2436},{\"@type\":\"BreadcrumbList\",\"@id\":\"https:\/\/cultura.santjosep.org\/es\/agenda\/festival-territori-inauguracion\/#breadcrumb\",\"itemListElement\":[{\"@type\":\"ListItem\",\"position\":1,\"name\":\"Portada\",\"item\":\"https:\/\/cultura.santjosep.org\/es\/\"},{\"@type\":\"ListItem\",\"position\":2,\"name\":\"Eventos\",\"item\":\"https:\/\/cultura.santjosep.org\/agenda\/\"},{\"@type\":\"ListItem\",\"position\":3,\"name\":\"Festival Territori &#8211; Inauguraci\u00f3n\"}]},{\"@type\":\"WebSite\",\"@id\":\"https:\/\/cultura.santjosep.org\/es\/#website\",\"url\":\"https:\/\/cultura.santjosep.org\/es\/\",\"name\":\"Cultura a Sant Josep de sa Talaia\",\"description\":\"\",\"publisher\":{\"@id\":\"https:\/\/cultura.santjosep.org\/es\/#organization\"},\"potentialAction\":[{\"@type\":\"SearchAction\",\"target\":{\"@type\":\"EntryPoint\",\"urlTemplate\":\"https:\/\/cultura.santjosep.org\/es\/?s={search_term_string}\"},\"query-input\":{\"@type\":\"PropertyValueSpecification\",\"valueRequired\":true,\"valueName\":\"search_term_string\"}}],\"inLanguage\":\"es\"},{\"@type\":\"Organization\",\"@id\":\"https:\/\/cultura.santjosep.org\/es\/#organization\",\"name\":\"Ajuntament de Sant Josep de sa Talaia\",\"url\":\"https:\/\/cultura.santjosep.org\/es\/\",\"logo\":{\"@type\":\"ImageObject\",\"inLanguage\":\"es\",\"@id\":\"https:\/\/cultura.santjosep.org\/es\/#\/schema\/logo\/image\/\",\"url\":\"https:\/\/cultura.santjosep.org\/wp-content\/uploads\/2020\/10\/logocolor.jpg\",\"contentUrl\":\"https:\/\/cultura.santjosep.org\/wp-content\/uploads\/2020\/10\/logocolor.jpg\",\"width\":250,\"height\":98,\"caption\":\"Ajuntament de Sant Josep de sa Talaia\"},\"image\":{\"@id\":\"https:\/\/cultura.santjosep.org\/es\/#\/schema\/logo\/image\/\"},\"sameAs\":[\"https:\/\/www.facebook.com\/Ajuntament-de-Sant-Josep-de-sa-Talaia-197541666931354\/\",\"https:\/\/x.com\/DeTalaia\",\"https:\/\/www.instagram.com\/sant_josep_de_sa_talaia\/\"]}]}<\/script>\n<!-- \/ Yoast SEO plugin. -->","yoast_head_json":{"title":"Festival Territori - Inauguraci\u00f3n - Cultura a Sant Josep de sa Talaia","robots":{"index":"index","follow":"follow","max-snippet":"max-snippet:-1","max-image-preview":"max-image-preview:large","max-video-preview":"max-video-preview:-1"},"canonical":"https:\/\/cultura.santjosep.org\/es\/agenda\/festival-territori-inauguracion\/","og_locale":"es_ES","og_type":"article","og_title":"Festival Territori - Inauguraci\u00f3n - Cultura a Sant Josep de sa Talaia","og_description":"DOCUMENTAL &#8211; \u201c100 MANERAS DE CRUZAR LA FRONTERA\u201d 84\u2019 Presentaci\u00f3n especial Amber Bemak y La Pocha Nostra &#8211; USA\/MX Documental auto-reflexivo sobre el extraordinario artista de performance mexicano\/chicano Guillermo G\u00f3mez-Pe\u00f1a &hellip; Seguir leyendo \u00abFestival Territori &#8211; Inauguraci\u00f3n\u00bb","og_url":"https:\/\/cultura.santjosep.org\/es\/agenda\/festival-territori-inauguracion\/","og_site_name":"Cultura a Sant Josep de sa Talaia","article_publisher":"https:\/\/www.facebook.com\/Ajuntament-de-Sant-Josep-de-sa-Talaia-197541666931354\/","article_modified_time":"2022-09-15T09:39:16+00:00","og_image":[{"width":2000,"height":2436,"url":"https:\/\/cultura.santjosep.org\/wp-content\/uploads\/2022\/09\/CARTELsubirWEB.jpg","type":"image\/jpeg"}],"twitter_card":"summary_large_image","twitter_site":"@DeTalaia","twitter_misc":{"Tiempo de lectura":"2 minutos"},"schema":{"@context":"https:\/\/schema.org","@graph":[{"@type":"WebPage","@id":"https:\/\/cultura.santjosep.org\/es\/agenda\/festival-territori-inauguracion\/","url":"https:\/\/cultura.santjosep.org\/es\/agenda\/festival-territori-inauguracion\/","name":"Festival Territori - Inauguraci\u00f3n - Cultura a Sant Josep de sa Talaia","isPartOf":{"@id":"https:\/\/cultura.santjosep.org\/es\/#website"},"primaryImageOfPage":{"@id":"https:\/\/cultura.santjosep.org\/es\/agenda\/festival-territori-inauguracion\/#primaryimage"},"image":{"@id":"https:\/\/cultura.santjosep.org\/es\/agenda\/festival-territori-inauguracion\/#primaryimage"},"thumbnailUrl":"https:\/\/cultura.santjosep.org\/wp-content\/uploads\/2022\/09\/CARTELsubirWEB.jpg","datePublished":"2022-09-14T11:29:49+00:00","dateModified":"2022-09-15T09:39:16+00:00","breadcrumb":{"@id":"https:\/\/cultura.santjosep.org\/es\/agenda\/festival-territori-inauguracion\/#breadcrumb"},"inLanguage":"es","potentialAction":[{"@type":"ReadAction","target":["https:\/\/cultura.santjosep.org\/es\/agenda\/festival-territori-inauguracion\/"]}]},{"@type":"ImageObject","inLanguage":"es","@id":"https:\/\/cultura.santjosep.org\/es\/agenda\/festival-territori-inauguracion\/#primaryimage","url":"https:\/\/cultura.santjosep.org\/wp-content\/uploads\/2022\/09\/CARTELsubirWEB.jpg","contentUrl":"https:\/\/cultura.santjosep.org\/wp-content\/uploads\/2022\/09\/CARTELsubirWEB.jpg","width":2000,"height":2436},{"@type":"BreadcrumbList","@id":"https:\/\/cultura.santjosep.org\/es\/agenda\/festival-territori-inauguracion\/#breadcrumb","itemListElement":[{"@type":"ListItem","position":1,"name":"Portada","item":"https:\/\/cultura.santjosep.org\/es\/"},{"@type":"ListItem","position":2,"name":"Eventos","item":"https:\/\/cultura.santjosep.org\/agenda\/"},{"@type":"ListItem","position":3,"name":"Festival Territori &#8211; Inauguraci\u00f3n"}]},{"@type":"WebSite","@id":"https:\/\/cultura.santjosep.org\/es\/#website","url":"https:\/\/cultura.santjosep.org\/es\/","name":"Cultura a Sant Josep de sa Talaia","description":"","publisher":{"@id":"https:\/\/cultura.santjosep.org\/es\/#organization"},"potentialAction":[{"@type":"SearchAction","target":{"@type":"EntryPoint","urlTemplate":"https:\/\/cultura.santjosep.org\/es\/?s={search_term_string}"},"query-input":{"@type":"PropertyValueSpecification","valueRequired":true,"valueName":"search_term_string"}}],"inLanguage":"es"},{"@type":"Organization","@id":"https:\/\/cultura.santjosep.org\/es\/#organization","name":"Ajuntament de Sant Josep de sa Talaia","url":"https:\/\/cultura.santjosep.org\/es\/","logo":{"@type":"ImageObject","inLanguage":"es","@id":"https:\/\/cultura.santjosep.org\/es\/#\/schema\/logo\/image\/","url":"https:\/\/cultura.santjosep.org\/wp-content\/uploads\/2020\/10\/logocolor.jpg","contentUrl":"https:\/\/cultura.santjosep.org\/wp-content\/uploads\/2020\/10\/logocolor.jpg","width":250,"height":98,"caption":"Ajuntament de Sant Josep de sa Talaia"},"image":{"@id":"https:\/\/cultura.santjosep.org\/es\/#\/schema\/logo\/image\/"},"sameAs":["https:\/\/www.facebook.com\/Ajuntament-de-Sant-Josep-de-sa-Talaia-197541666931354\/","https:\/\/x.com\/DeTalaia","https:\/\/www.instagram.com\/sant_josep_de_sa_talaia\/"]}]}},"_links":{"self":[{"href":"https:\/\/cultura.santjosep.org\/es\/wp-json\/wp\/v2\/tribe_events\/14228","targetHints":{"allow":["GET"]}}],"collection":[{"href":"https:\/\/cultura.santjosep.org\/es\/wp-json\/wp\/v2\/tribe_events"}],"about":[{"href":"https:\/\/cultura.santjosep.org\/es\/wp-json\/wp\/v2\/types\/tribe_events"}],"author":[{"embeddable":true,"href":"https:\/\/cultura.santjosep.org\/es\/wp-json\/wp\/v2\/users\/1"}],"version-history":[{"count":0,"href":"https:\/\/cultura.santjosep.org\/es\/wp-json\/wp\/v2\/tribe_events\/14228\/revisions"}],"wp:featuredmedia":[{"embeddable":true,"href":"https:\/\/cultura.santjosep.org\/es\/wp-json\/wp\/v2\/media\/14224"}],"wp:attachment":[{"href":"https:\/\/cultura.santjosep.org\/es\/wp-json\/wp\/v2\/media?parent=14228"}],"wp:term":[{"taxonomy":"post_tag","embeddable":true,"href":"https:\/\/cultura.santjosep.org\/es\/wp-json\/wp\/v2\/tags?post=14228"},{"taxonomy":"tribe_events_cat","embeddable":true,"href":"https:\/\/cultura.santjosep.org\/es\/wp-json\/wp\/v2\/tribe_events_cat?post=14228"}],"curies":[{"name":"wp","href":"https:\/\/api.w.org\/{rel}","templated":true}]}}