{"id":14438,"date":"2022-09-30T09:03:22","date_gmt":"2022-09-30T07:03:22","guid":{"rendered":"https:\/\/cultura.santjosep.org\/agenda\/divendres-de-cine-a-can-jeroni-belfast\/"},"modified":"2022-09-30T09:15:36","modified_gmt":"2022-09-30T07:15:36","slug":"divendres-de-cine-a-can-jeroni-belfast","status":"publish","type":"tribe_events","link":"https:\/\/cultura.santjosep.org\/es\/agenda\/divendres-de-cine-a-can-jeroni-belfast\/","title":{"rendered":"Divendres de cine a Can Jeroni \u2013 \u2018Belfast\u2019"},"content":{"rendered":"<p><strong>&#8216;Belfast&#8217;| VOSE | 2021 |<\/strong><\/p>\n<p><strong>Duraci\u00f3n:<\/strong> 98 min. Reino Unido<br \/>\n<strong>Direcci\u00f3n:<\/strong> Kenneth Branagh<br \/>\n<strong>Sinopsis: <\/strong>Drama ambientado en la tumultuosa Irlanda del Norte de finales de los a\u00f1os 60. Sigue al peque\u00f1o Buddy mientras crece en un ambiente de lucha obrera, cambios culturales, odio interreligioso y violencia sectaria. Buddy sue\u00f1a con un futuro que le aleje de los problemas, pero, mientras tanto, encuentra consuelo en su pasi\u00f3n por el cine, en la ni\u00f1a que le gusta de su clase, y en sus carism\u00e1ticos padres y abuelos.<br \/>\n<strong><br \/>\nEntrada libre hasta completar aforo<\/strong><\/p>\n<p><img loading=\"lazy\" decoding=\"async\" class=\"alignnone size-full wp-image-14435\" src=\"https:\/\/cultura.santjosep.org\/wp-content\/uploads\/2022\/09\/belfast-211713514-large.jpg\" alt=\"\" width=\"800\" height=\"1200\" srcset=\"https:\/\/cultura.santjosep.org\/wp-content\/uploads\/2022\/09\/belfast-211713514-large.jpg 800w, https:\/\/cultura.santjosep.org\/wp-content\/uploads\/2022\/09\/belfast-211713514-large-200x300.jpg 200w, https:\/\/cultura.santjosep.org\/wp-content\/uploads\/2022\/09\/belfast-211713514-large-683x1024.jpg 683w, https:\/\/cultura.santjosep.org\/wp-content\/uploads\/2022\/09\/belfast-211713514-large-768x1152.jpg 768w\" sizes=\"auto, (max-width: 800px) 100vw, 800px\" \/><\/p>\n","protected":false},"excerpt":{"rendered":"<p>&#8216;Belfast&#8217;| VOSE | 2021 | Duraci\u00f3n: 98 min. Reino Unido Direcci\u00f3n: Kenneth Branagh Sinopsis: Drama ambientado en la tumultuosa Irlanda del Norte de finales de los a\u00f1os 60. Sigue al &hellip; <\/p>\n<p class=\"link-more\"><a href=\"https:\/\/cultura.santjosep.org\/es\/agenda\/divendres-de-cine-a-can-jeroni-belfast\/\" class=\"more-link\">Seguir leyendo<span class=\"screen-reader-text\"> \u00abDivendres de cine a Can Jeroni \u2013 \u2018Belfast\u2019\u00bb<\/span><\/a><\/p>\n","protected":false},"author":1,"featured_media":14434,"template":"","meta":{"_tribe_events_status":"","_tribe_events_status_reason":"","_tribe_events_is_hybrid":"","_tribe_events_is_virtual":"","_tribe_events_virtual_video_source":"","_tribe_events_virtual_embed_video":"","_tribe_events_virtual_linked_button_text":"","_tribe_events_virtual_linked_button":"","_tribe_events_virtual_show_embed_at":"","_tribe_events_virtual_show_embed_to":[],"_tribe_events_virtual_show_on_event":"","_tribe_events_virtual_show_on_views":"","_tribe_events_virtual_url":"","footnotes":""},"tags":[],"tribe_events_cat":[30],"class_list":["post-14438","tribe_events","type-tribe_events","status-publish","has-post-thumbnail","hentry","tribe_events_cat-cine","cat_cine","entry"],"yoast_head":"<!-- This site is optimized with the Yoast SEO plugin v26.6 - https:\/\/yoast.com\/wordpress\/plugins\/seo\/ -->\n<title>Divendres de cine a Can Jeroni \u2013 \u2018Belfast\u2019 - Cultura a Sant Josep de sa Talaia<\/title>\n<meta name=\"robots\" content=\"index, follow, max-snippet:-1, max-image-preview:large, max-video-preview:-1\" \/>\n<link rel=\"canonical\" href=\"https:\/\/cultura.santjosep.org\/es\/agenda\/divendres-de-cine-a-can-jeroni-belfast\/\" \/>\n<meta property=\"og:locale\" content=\"es_ES\" \/>\n<meta property=\"og:type\" content=\"article\" \/>\n<meta property=\"og:title\" content=\"Divendres de cine a Can Jeroni \u2013 \u2018Belfast\u2019 - Cultura a Sant Josep de sa Talaia\" \/>\n<meta property=\"og:description\" content=\"&#8216;Belfast&#8217;| VOSE | 2021 | Duraci\u00f3n: 98 min. Reino Unido Direcci\u00f3n: Kenneth Branagh Sinopsis: Drama ambientado en la tumultuosa Irlanda del Norte de finales de los a\u00f1os 60. Sigue al &hellip; Seguir leyendo \u00abDivendres de cine a Can Jeroni \u2013 \u2018Belfast\u2019\u00bb\" \/>\n<meta property=\"og:url\" content=\"https:\/\/cultura.santjosep.org\/es\/agenda\/divendres-de-cine-a-can-jeroni-belfast\/\" \/>\n<meta property=\"og:site_name\" content=\"Cultura a Sant Josep de sa Talaia\" \/>\n<meta property=\"article:publisher\" content=\"https:\/\/www.facebook.com\/Ajuntament-de-Sant-Josep-de-sa-Talaia-197541666931354\/\" \/>\n<meta property=\"article:modified_time\" content=\"2022-09-30T07:15:36+00:00\" \/>\n<meta property=\"og:image\" content=\"https:\/\/cultura.santjosep.org\/wp-content\/uploads\/2022\/09\/Belfast-critica-adentro.jpeg\" \/>\n\t<meta property=\"og:image:width\" content=\"800\" \/>\n\t<meta property=\"og:image:height\" content=\"533\" \/>\n\t<meta property=\"og:image:type\" content=\"image\/jpeg\" \/>\n<meta name=\"twitter:card\" content=\"summary_large_image\" \/>\n<meta name=\"twitter:site\" content=\"@DeTalaia\" \/>\n<script type=\"application\/ld+json\" class=\"yoast-schema-graph\">{\"@context\":\"https:\/\/schema.org\",\"@graph\":[{\"@type\":\"WebPage\",\"@id\":\"https:\/\/cultura.santjosep.org\/es\/agenda\/divendres-de-cine-a-can-jeroni-belfast\/\",\"url\":\"https:\/\/cultura.santjosep.org\/es\/agenda\/divendres-de-cine-a-can-jeroni-belfast\/\",\"name\":\"Divendres de cine a Can Jeroni \u2013 \u2018Belfast\u2019 - Cultura a Sant Josep de sa Talaia\",\"isPartOf\":{\"@id\":\"https:\/\/cultura.santjosep.org\/es\/#website\"},\"primaryImageOfPage\":{\"@id\":\"https:\/\/cultura.santjosep.org\/es\/agenda\/divendres-de-cine-a-can-jeroni-belfast\/#primaryimage\"},\"image\":{\"@id\":\"https:\/\/cultura.santjosep.org\/es\/agenda\/divendres-de-cine-a-can-jeroni-belfast\/#primaryimage\"},\"thumbnailUrl\":\"https:\/\/cultura.santjosep.org\/wp-content\/uploads\/2022\/09\/Belfast-critica-adentro.jpeg\",\"datePublished\":\"2022-09-30T07:03:22+00:00\",\"dateModified\":\"2022-09-30T07:15:36+00:00\",\"breadcrumb\":{\"@id\":\"https:\/\/cultura.santjosep.org\/es\/agenda\/divendres-de-cine-a-can-jeroni-belfast\/#breadcrumb\"},\"inLanguage\":\"es\",\"potentialAction\":[{\"@type\":\"ReadAction\",\"target\":[\"https:\/\/cultura.santjosep.org\/es\/agenda\/divendres-de-cine-a-can-jeroni-belfast\/\"]}]},{\"@type\":\"ImageObject\",\"inLanguage\":\"es\",\"@id\":\"https:\/\/cultura.santjosep.org\/es\/agenda\/divendres-de-cine-a-can-jeroni-belfast\/#primaryimage\",\"url\":\"https:\/\/cultura.santjosep.org\/wp-content\/uploads\/2022\/09\/Belfast-critica-adentro.jpeg\",\"contentUrl\":\"https:\/\/cultura.santjosep.org\/wp-content\/uploads\/2022\/09\/Belfast-critica-adentro.jpeg\",\"width\":800,\"height\":533},{\"@type\":\"BreadcrumbList\",\"@id\":\"https:\/\/cultura.santjosep.org\/es\/agenda\/divendres-de-cine-a-can-jeroni-belfast\/#breadcrumb\",\"itemListElement\":[{\"@type\":\"ListItem\",\"position\":1,\"name\":\"Portada\",\"item\":\"https:\/\/cultura.santjosep.org\/es\/\"},{\"@type\":\"ListItem\",\"position\":2,\"name\":\"Eventos\",\"item\":\"https:\/\/cultura.santjosep.org\/agenda\/\"},{\"@type\":\"ListItem\",\"position\":3,\"name\":\"Divendres de cine a Can Jeroni \u2013 \u2018Belfast\u2019\"}]},{\"@type\":\"WebSite\",\"@id\":\"https:\/\/cultura.santjosep.org\/es\/#website\",\"url\":\"https:\/\/cultura.santjosep.org\/es\/\",\"name\":\"Cultura a Sant Josep de sa Talaia\",\"description\":\"\",\"publisher\":{\"@id\":\"https:\/\/cultura.santjosep.org\/es\/#organization\"},\"potentialAction\":[{\"@type\":\"SearchAction\",\"target\":{\"@type\":\"EntryPoint\",\"urlTemplate\":\"https:\/\/cultura.santjosep.org\/es\/?s={search_term_string}\"},\"query-input\":{\"@type\":\"PropertyValueSpecification\",\"valueRequired\":true,\"valueName\":\"search_term_string\"}}],\"inLanguage\":\"es\"},{\"@type\":\"Organization\",\"@id\":\"https:\/\/cultura.santjosep.org\/es\/#organization\",\"name\":\"Ajuntament de Sant Josep de sa Talaia\",\"url\":\"https:\/\/cultura.santjosep.org\/es\/\",\"logo\":{\"@type\":\"ImageObject\",\"inLanguage\":\"es\",\"@id\":\"https:\/\/cultura.santjosep.org\/es\/#\/schema\/logo\/image\/\",\"url\":\"https:\/\/cultura.santjosep.org\/wp-content\/uploads\/2020\/10\/logocolor.jpg\",\"contentUrl\":\"https:\/\/cultura.santjosep.org\/wp-content\/uploads\/2020\/10\/logocolor.jpg\",\"width\":250,\"height\":98,\"caption\":\"Ajuntament de Sant Josep de sa Talaia\"},\"image\":{\"@id\":\"https:\/\/cultura.santjosep.org\/es\/#\/schema\/logo\/image\/\"},\"sameAs\":[\"https:\/\/www.facebook.com\/Ajuntament-de-Sant-Josep-de-sa-Talaia-197541666931354\/\",\"https:\/\/x.com\/DeTalaia\",\"https:\/\/www.instagram.com\/sant_josep_de_sa_talaia\/\"]}]}<\/script>\n<!-- \/ Yoast SEO plugin. -->","yoast_head_json":{"title":"Divendres de cine a Can Jeroni \u2013 \u2018Belfast\u2019 - Cultura a Sant Josep de sa Talaia","robots":{"index":"index","follow":"follow","max-snippet":"max-snippet:-1","max-image-preview":"max-image-preview:large","max-video-preview":"max-video-preview:-1"},"canonical":"https:\/\/cultura.santjosep.org\/es\/agenda\/divendres-de-cine-a-can-jeroni-belfast\/","og_locale":"es_ES","og_type":"article","og_title":"Divendres de cine a Can Jeroni \u2013 \u2018Belfast\u2019 - Cultura a Sant Josep de sa Talaia","og_description":"&#8216;Belfast&#8217;| VOSE | 2021 | Duraci\u00f3n: 98 min. Reino Unido Direcci\u00f3n: Kenneth Branagh Sinopsis: Drama ambientado en la tumultuosa Irlanda del Norte de finales de los a\u00f1os 60. Sigue al &hellip; Seguir leyendo \u00abDivendres de cine a Can Jeroni \u2013 \u2018Belfast\u2019\u00bb","og_url":"https:\/\/cultura.santjosep.org\/es\/agenda\/divendres-de-cine-a-can-jeroni-belfast\/","og_site_name":"Cultura a Sant Josep de sa Talaia","article_publisher":"https:\/\/www.facebook.com\/Ajuntament-de-Sant-Josep-de-sa-Talaia-197541666931354\/","article_modified_time":"2022-09-30T07:15:36+00:00","og_image":[{"width":800,"height":533,"url":"https:\/\/cultura.santjosep.org\/wp-content\/uploads\/2022\/09\/Belfast-critica-adentro.jpeg","type":"image\/jpeg"}],"twitter_card":"summary_large_image","twitter_site":"@DeTalaia","schema":{"@context":"https:\/\/schema.org","@graph":[{"@type":"WebPage","@id":"https:\/\/cultura.santjosep.org\/es\/agenda\/divendres-de-cine-a-can-jeroni-belfast\/","url":"https:\/\/cultura.santjosep.org\/es\/agenda\/divendres-de-cine-a-can-jeroni-belfast\/","name":"Divendres de cine a Can Jeroni \u2013 \u2018Belfast\u2019 - Cultura a Sant Josep de sa Talaia","isPartOf":{"@id":"https:\/\/cultura.santjosep.org\/es\/#website"},"primaryImageOfPage":{"@id":"https:\/\/cultura.santjosep.org\/es\/agenda\/divendres-de-cine-a-can-jeroni-belfast\/#primaryimage"},"image":{"@id":"https:\/\/cultura.santjosep.org\/es\/agenda\/divendres-de-cine-a-can-jeroni-belfast\/#primaryimage"},"thumbnailUrl":"https:\/\/cultura.santjosep.org\/wp-content\/uploads\/2022\/09\/Belfast-critica-adentro.jpeg","datePublished":"2022-09-30T07:03:22+00:00","dateModified":"2022-09-30T07:15:36+00:00","breadcrumb":{"@id":"https:\/\/cultura.santjosep.org\/es\/agenda\/divendres-de-cine-a-can-jeroni-belfast\/#breadcrumb"},"inLanguage":"es","potentialAction":[{"@type":"ReadAction","target":["https:\/\/cultura.santjosep.org\/es\/agenda\/divendres-de-cine-a-can-jeroni-belfast\/"]}]},{"@type":"ImageObject","inLanguage":"es","@id":"https:\/\/cultura.santjosep.org\/es\/agenda\/divendres-de-cine-a-can-jeroni-belfast\/#primaryimage","url":"https:\/\/cultura.santjosep.org\/wp-content\/uploads\/2022\/09\/Belfast-critica-adentro.jpeg","contentUrl":"https:\/\/cultura.santjosep.org\/wp-content\/uploads\/2022\/09\/Belfast-critica-adentro.jpeg","width":800,"height":533},{"@type":"BreadcrumbList","@id":"https:\/\/cultura.santjosep.org\/es\/agenda\/divendres-de-cine-a-can-jeroni-belfast\/#breadcrumb","itemListElement":[{"@type":"ListItem","position":1,"name":"Portada","item":"https:\/\/cultura.santjosep.org\/es\/"},{"@type":"ListItem","position":2,"name":"Eventos","item":"https:\/\/cultura.santjosep.org\/agenda\/"},{"@type":"ListItem","position":3,"name":"Divendres de cine a Can Jeroni \u2013 \u2018Belfast\u2019"}]},{"@type":"WebSite","@id":"https:\/\/cultura.santjosep.org\/es\/#website","url":"https:\/\/cultura.santjosep.org\/es\/","name":"Cultura a Sant Josep de sa Talaia","description":"","publisher":{"@id":"https:\/\/cultura.santjosep.org\/es\/#organization"},"potentialAction":[{"@type":"SearchAction","target":{"@type":"EntryPoint","urlTemplate":"https:\/\/cultura.santjosep.org\/es\/?s={search_term_string}"},"query-input":{"@type":"PropertyValueSpecification","valueRequired":true,"valueName":"search_term_string"}}],"inLanguage":"es"},{"@type":"Organization","@id":"https:\/\/cultura.santjosep.org\/es\/#organization","name":"Ajuntament de Sant Josep de sa Talaia","url":"https:\/\/cultura.santjosep.org\/es\/","logo":{"@type":"ImageObject","inLanguage":"es","@id":"https:\/\/cultura.santjosep.org\/es\/#\/schema\/logo\/image\/","url":"https:\/\/cultura.santjosep.org\/wp-content\/uploads\/2020\/10\/logocolor.jpg","contentUrl":"https:\/\/cultura.santjosep.org\/wp-content\/uploads\/2020\/10\/logocolor.jpg","width":250,"height":98,"caption":"Ajuntament de Sant Josep de sa Talaia"},"image":{"@id":"https:\/\/cultura.santjosep.org\/es\/#\/schema\/logo\/image\/"},"sameAs":["https:\/\/www.facebook.com\/Ajuntament-de-Sant-Josep-de-sa-Talaia-197541666931354\/","https:\/\/x.com\/DeTalaia","https:\/\/www.instagram.com\/sant_josep_de_sa_talaia\/"]}]}},"_links":{"self":[{"href":"https:\/\/cultura.santjosep.org\/es\/wp-json\/wp\/v2\/tribe_events\/14438","targetHints":{"allow":["GET"]}}],"collection":[{"href":"https:\/\/cultura.santjosep.org\/es\/wp-json\/wp\/v2\/tribe_events"}],"about":[{"href":"https:\/\/cultura.santjosep.org\/es\/wp-json\/wp\/v2\/types\/tribe_events"}],"author":[{"embeddable":true,"href":"https:\/\/cultura.santjosep.org\/es\/wp-json\/wp\/v2\/users\/1"}],"version-history":[{"count":0,"href":"https:\/\/cultura.santjosep.org\/es\/wp-json\/wp\/v2\/tribe_events\/14438\/revisions"}],"wp:featuredmedia":[{"embeddable":true,"href":"https:\/\/cultura.santjosep.org\/es\/wp-json\/wp\/v2\/media\/14434"}],"wp:attachment":[{"href":"https:\/\/cultura.santjosep.org\/es\/wp-json\/wp\/v2\/media?parent=14438"}],"wp:term":[{"taxonomy":"post_tag","embeddable":true,"href":"https:\/\/cultura.santjosep.org\/es\/wp-json\/wp\/v2\/tags?post=14438"},{"taxonomy":"tribe_events_cat","embeddable":true,"href":"https:\/\/cultura.santjosep.org\/es\/wp-json\/wp\/v2\/tribe_events_cat?post=14438"}],"curies":[{"name":"wp","href":"https:\/\/api.w.org\/{rel}","templated":true}]}}