{"id":14582,"date":"2022-10-04T12:39:43","date_gmt":"2022-10-04T10:39:43","guid":{"rendered":"https:\/\/cultura.santjosep.org\/agenda\/exposicio-corredor-de-cetacis-del-mediterrani\/"},"modified":"2022-10-04T13:06:11","modified_gmt":"2022-10-04T11:06:11","slug":"exposicion-corredor-de-migracio-de-cetacis-del-mediterrani","status":"publish","type":"tribe_events","link":"https:\/\/cultura.santjosep.org\/es\/agenda\/exposicion-corredor-de-migracio-de-cetacis-del-mediterrani\/","title":{"rendered":"Exposici\u00f3n  &#8216;Corredor de Migraci\u00f3 de Cetacis del Mediterrani&#8217;"},"content":{"rendered":"<p>Entre las Islas Baleares, la costa de Catalu\u00f1a y la de la Comunidad Valenciana se encuentra una <strong>zona de gran importancia<\/strong> para el segundo animal m\u00e1s grande que existe en el planeta, <strong>el rorqual com\u00fan<\/strong>, una <strong>ballena de m\u00e1s de 20 metros de longitud<\/strong>. Pero, adem\u00e1s, en este \u00e1rea viven y se alimentan una gran diversidad de otros cet\u00e1ceos como el cachalote, el delf\u00edn mular, el delf\u00edn listado, el delf\u00edn com\u00fan y especies buceadoras de gran profundidad como el delf\u00edn cabeza de olla gris, el delf\u00edn cabeza de olla negro o la ballena con pico de Cuvier.<\/p>\n<p>El Auditorio Cal\u00f3 de s&#8217;Oli acoge una muestra que descubre todos los tesoros submarinos que guarda el Corredor de Cet\u00e1ceos del Mediterr\u00e1neo a partir de este s\u00e1bado, <strong>8 de octubre<\/strong>, con la <strong>inauguraci\u00f3n prevista a las 19 horas<\/strong>, y que se podr\u00e1 ver hasta el 23 de octubre.<\/p>\n<p><img loading=\"lazy\" decoding=\"async\" class=\"alignnone size-full wp-image-14606\" src=\"https:\/\/cultura.santjosep.org\/wp-content\/uploads\/2022\/10\/Xarxes-expo-Cetacis.jpg\" alt=\"\" width=\"1500\" height=\"1500\" srcset=\"https:\/\/cultura.santjosep.org\/wp-content\/uploads\/2022\/10\/Xarxes-expo-Cetacis.jpg 1500w, https:\/\/cultura.santjosep.org\/wp-content\/uploads\/2022\/10\/Xarxes-expo-Cetacis-300x300.jpg 300w, https:\/\/cultura.santjosep.org\/wp-content\/uploads\/2022\/10\/Xarxes-expo-Cetacis-1024x1024.jpg 1024w, https:\/\/cultura.santjosep.org\/wp-content\/uploads\/2022\/10\/Xarxes-expo-Cetacis-150x150.jpg 150w, https:\/\/cultura.santjosep.org\/wp-content\/uploads\/2022\/10\/Xarxes-expo-Cetacis-768x768.jpg 768w, https:\/\/cultura.santjosep.org\/wp-content\/uploads\/2022\/10\/Xarxes-expo-Cetacis-1320x1320.jpg 1320w\" sizes=\"auto, (max-width: 1500px) 100vw, 1500px\" \/><\/p>\n","protected":false},"excerpt":{"rendered":"<p>Entre las Islas Baleares, la costa de Catalu\u00f1a y la de la Comunidad Valenciana se encuentra una zona de gran importancia para el segundo animal m\u00e1s grande que existe en &hellip; <\/p>\n<p class=\"link-more\"><a href=\"https:\/\/cultura.santjosep.org\/es\/agenda\/exposicion-corredor-de-migracio-de-cetacis-del-mediterrani\/\" class=\"more-link\">Seguir leyendo<span class=\"screen-reader-text\"> \u00abExposici\u00f3n  &#8216;Corredor de Migraci\u00f3 de Cetacis del Mediterrani&#8217;\u00bb<\/span><\/a><\/p>\n","protected":false},"author":1,"featured_media":14586,"template":"","meta":{"_tribe_events_status":"","_tribe_events_status_reason":"","_tribe_events_is_hybrid":"","_tribe_events_is_virtual":"","_tribe_events_virtual_video_source":"","_tribe_events_virtual_embed_video":"","_tribe_events_virtual_linked_button_text":"","_tribe_events_virtual_linked_button":"","_tribe_events_virtual_show_embed_at":"","_tribe_events_virtual_show_embed_to":[],"_tribe_events_virtual_show_on_event":"","_tribe_events_virtual_show_on_views":"","_tribe_events_virtual_url":"","footnotes":""},"tags":[],"tribe_events_cat":[33],"class_list":["post-14582","tribe_events","type-tribe_events","status-publish","has-post-thumbnail","hentry","tribe_events_cat-exposiciones","cat_exposiciones","entry"],"yoast_head":"<!-- This site is optimized with the Yoast SEO plugin v26.6 - https:\/\/yoast.com\/wordpress\/plugins\/seo\/ -->\n<title>Exposici\u00f3n &#039;Corredor de Migraci\u00f3 de Cetacis del Mediterrani&#039; - Cultura a Sant Josep de sa Talaia<\/title>\n<meta name=\"robots\" content=\"index, follow, max-snippet:-1, max-image-preview:large, max-video-preview:-1\" \/>\n<link rel=\"canonical\" href=\"https:\/\/cultura.santjosep.org\/es\/agenda\/exposicion-corredor-de-migracio-de-cetacis-del-mediterrani\/\" \/>\n<meta property=\"og:locale\" content=\"es_ES\" \/>\n<meta property=\"og:type\" content=\"article\" \/>\n<meta property=\"og:title\" content=\"Exposici\u00f3n &#039;Corredor de Migraci\u00f3 de Cetacis del Mediterrani&#039; - Cultura a Sant Josep de sa Talaia\" \/>\n<meta property=\"og:description\" content=\"Entre las Islas Baleares, la costa de Catalu\u00f1a y la de la Comunidad Valenciana se encuentra una zona de gran importancia para el segundo animal m\u00e1s grande que existe en &hellip; Seguir leyendo \u00abExposici\u00f3n &#8216;Corredor de Migraci\u00f3 de Cetacis del Mediterrani&#8217;\u00bb\" \/>\n<meta property=\"og:url\" content=\"https:\/\/cultura.santjosep.org\/es\/agenda\/exposicion-corredor-de-migracio-de-cetacis-del-mediterrani\/\" \/>\n<meta property=\"og:site_name\" content=\"Cultura a Sant Josep de sa Talaia\" \/>\n<meta property=\"article:publisher\" content=\"https:\/\/www.facebook.com\/Ajuntament-de-Sant-Josep-de-sa-Talaia-197541666931354\/\" \/>\n<meta property=\"article:modified_time\" content=\"2022-10-04T11:06:11+00:00\" \/>\n<meta property=\"og:image\" content=\"https:\/\/cultura.santjosep.org\/wp-content\/uploads\/2022\/10\/cetaceos.jpg\" \/>\n\t<meta property=\"og:image:width\" content=\"1080\" \/>\n\t<meta property=\"og:image:height\" content=\"637\" \/>\n\t<meta property=\"og:image:type\" content=\"image\/jpeg\" \/>\n<meta name=\"twitter:card\" content=\"summary_large_image\" \/>\n<meta name=\"twitter:site\" content=\"@DeTalaia\" \/>\n<meta name=\"twitter:label1\" content=\"Tiempo de lectura\" \/>\n\t<meta name=\"twitter:data1\" content=\"1 minuto\" \/>\n<script type=\"application\/ld+json\" class=\"yoast-schema-graph\">{\"@context\":\"https:\/\/schema.org\",\"@graph\":[{\"@type\":\"WebPage\",\"@id\":\"https:\/\/cultura.santjosep.org\/es\/agenda\/exposicion-corredor-de-migracio-de-cetacis-del-mediterrani\/\",\"url\":\"https:\/\/cultura.santjosep.org\/es\/agenda\/exposicion-corredor-de-migracio-de-cetacis-del-mediterrani\/\",\"name\":\"Exposici\u00f3n 'Corredor de Migraci\u00f3 de Cetacis del Mediterrani' - Cultura a Sant Josep de sa Talaia\",\"isPartOf\":{\"@id\":\"https:\/\/cultura.santjosep.org\/es\/#website\"},\"primaryImageOfPage\":{\"@id\":\"https:\/\/cultura.santjosep.org\/es\/agenda\/exposicion-corredor-de-migracio-de-cetacis-del-mediterrani\/#primaryimage\"},\"image\":{\"@id\":\"https:\/\/cultura.santjosep.org\/es\/agenda\/exposicion-corredor-de-migracio-de-cetacis-del-mediterrani\/#primaryimage\"},\"thumbnailUrl\":\"https:\/\/cultura.santjosep.org\/wp-content\/uploads\/2022\/10\/cetaceos.jpg\",\"datePublished\":\"2022-10-04T10:39:43+00:00\",\"dateModified\":\"2022-10-04T11:06:11+00:00\",\"breadcrumb\":{\"@id\":\"https:\/\/cultura.santjosep.org\/es\/agenda\/exposicion-corredor-de-migracio-de-cetacis-del-mediterrani\/#breadcrumb\"},\"inLanguage\":\"es\",\"potentialAction\":[{\"@type\":\"ReadAction\",\"target\":[\"https:\/\/cultura.santjosep.org\/es\/agenda\/exposicion-corredor-de-migracio-de-cetacis-del-mediterrani\/\"]}]},{\"@type\":\"ImageObject\",\"inLanguage\":\"es\",\"@id\":\"https:\/\/cultura.santjosep.org\/es\/agenda\/exposicion-corredor-de-migracio-de-cetacis-del-mediterrani\/#primaryimage\",\"url\":\"https:\/\/cultura.santjosep.org\/wp-content\/uploads\/2022\/10\/cetaceos.jpg\",\"contentUrl\":\"https:\/\/cultura.santjosep.org\/wp-content\/uploads\/2022\/10\/cetaceos.jpg\",\"width\":1080,\"height\":637},{\"@type\":\"BreadcrumbList\",\"@id\":\"https:\/\/cultura.santjosep.org\/es\/agenda\/exposicion-corredor-de-migracio-de-cetacis-del-mediterrani\/#breadcrumb\",\"itemListElement\":[{\"@type\":\"ListItem\",\"position\":1,\"name\":\"Portada\",\"item\":\"https:\/\/cultura.santjosep.org\/es\/\"},{\"@type\":\"ListItem\",\"position\":2,\"name\":\"Eventos\",\"item\":\"https:\/\/cultura.santjosep.org\/agenda\/\"},{\"@type\":\"ListItem\",\"position\":3,\"name\":\"Exposici\u00f3n &#8216;Corredor de Migraci\u00f3 de Cetacis del Mediterrani&#8217;\"}]},{\"@type\":\"WebSite\",\"@id\":\"https:\/\/cultura.santjosep.org\/es\/#website\",\"url\":\"https:\/\/cultura.santjosep.org\/es\/\",\"name\":\"Cultura a Sant Josep de sa Talaia\",\"description\":\"\",\"publisher\":{\"@id\":\"https:\/\/cultura.santjosep.org\/es\/#organization\"},\"potentialAction\":[{\"@type\":\"SearchAction\",\"target\":{\"@type\":\"EntryPoint\",\"urlTemplate\":\"https:\/\/cultura.santjosep.org\/es\/?s={search_term_string}\"},\"query-input\":{\"@type\":\"PropertyValueSpecification\",\"valueRequired\":true,\"valueName\":\"search_term_string\"}}],\"inLanguage\":\"es\"},{\"@type\":\"Organization\",\"@id\":\"https:\/\/cultura.santjosep.org\/es\/#organization\",\"name\":\"Ajuntament de Sant Josep de sa Talaia\",\"url\":\"https:\/\/cultura.santjosep.org\/es\/\",\"logo\":{\"@type\":\"ImageObject\",\"inLanguage\":\"es\",\"@id\":\"https:\/\/cultura.santjosep.org\/es\/#\/schema\/logo\/image\/\",\"url\":\"https:\/\/cultura.santjosep.org\/wp-content\/uploads\/2020\/10\/logocolor.jpg\",\"contentUrl\":\"https:\/\/cultura.santjosep.org\/wp-content\/uploads\/2020\/10\/logocolor.jpg\",\"width\":250,\"height\":98,\"caption\":\"Ajuntament de Sant Josep de sa Talaia\"},\"image\":{\"@id\":\"https:\/\/cultura.santjosep.org\/es\/#\/schema\/logo\/image\/\"},\"sameAs\":[\"https:\/\/www.facebook.com\/Ajuntament-de-Sant-Josep-de-sa-Talaia-197541666931354\/\",\"https:\/\/x.com\/DeTalaia\",\"https:\/\/www.instagram.com\/sant_josep_de_sa_talaia\/\"]}]}<\/script>\n<!-- \/ Yoast SEO plugin. -->","yoast_head_json":{"title":"Exposici\u00f3n 'Corredor de Migraci\u00f3 de Cetacis del Mediterrani' - Cultura a Sant Josep de sa Talaia","robots":{"index":"index","follow":"follow","max-snippet":"max-snippet:-1","max-image-preview":"max-image-preview:large","max-video-preview":"max-video-preview:-1"},"canonical":"https:\/\/cultura.santjosep.org\/es\/agenda\/exposicion-corredor-de-migracio-de-cetacis-del-mediterrani\/","og_locale":"es_ES","og_type":"article","og_title":"Exposici\u00f3n 'Corredor de Migraci\u00f3 de Cetacis del Mediterrani' - Cultura a Sant Josep de sa Talaia","og_description":"Entre las Islas Baleares, la costa de Catalu\u00f1a y la de la Comunidad Valenciana se encuentra una zona de gran importancia para el segundo animal m\u00e1s grande que existe en &hellip; Seguir leyendo \u00abExposici\u00f3n &#8216;Corredor de Migraci\u00f3 de Cetacis del Mediterrani&#8217;\u00bb","og_url":"https:\/\/cultura.santjosep.org\/es\/agenda\/exposicion-corredor-de-migracio-de-cetacis-del-mediterrani\/","og_site_name":"Cultura a Sant Josep de sa Talaia","article_publisher":"https:\/\/www.facebook.com\/Ajuntament-de-Sant-Josep-de-sa-Talaia-197541666931354\/","article_modified_time":"2022-10-04T11:06:11+00:00","og_image":[{"width":1080,"height":637,"url":"https:\/\/cultura.santjosep.org\/wp-content\/uploads\/2022\/10\/cetaceos.jpg","type":"image\/jpeg"}],"twitter_card":"summary_large_image","twitter_site":"@DeTalaia","twitter_misc":{"Tiempo de lectura":"1 minuto"},"schema":{"@context":"https:\/\/schema.org","@graph":[{"@type":"WebPage","@id":"https:\/\/cultura.santjosep.org\/es\/agenda\/exposicion-corredor-de-migracio-de-cetacis-del-mediterrani\/","url":"https:\/\/cultura.santjosep.org\/es\/agenda\/exposicion-corredor-de-migracio-de-cetacis-del-mediterrani\/","name":"Exposici\u00f3n 'Corredor de Migraci\u00f3 de Cetacis del Mediterrani' - Cultura a Sant Josep de sa Talaia","isPartOf":{"@id":"https:\/\/cultura.santjosep.org\/es\/#website"},"primaryImageOfPage":{"@id":"https:\/\/cultura.santjosep.org\/es\/agenda\/exposicion-corredor-de-migracio-de-cetacis-del-mediterrani\/#primaryimage"},"image":{"@id":"https:\/\/cultura.santjosep.org\/es\/agenda\/exposicion-corredor-de-migracio-de-cetacis-del-mediterrani\/#primaryimage"},"thumbnailUrl":"https:\/\/cultura.santjosep.org\/wp-content\/uploads\/2022\/10\/cetaceos.jpg","datePublished":"2022-10-04T10:39:43+00:00","dateModified":"2022-10-04T11:06:11+00:00","breadcrumb":{"@id":"https:\/\/cultura.santjosep.org\/es\/agenda\/exposicion-corredor-de-migracio-de-cetacis-del-mediterrani\/#breadcrumb"},"inLanguage":"es","potentialAction":[{"@type":"ReadAction","target":["https:\/\/cultura.santjosep.org\/es\/agenda\/exposicion-corredor-de-migracio-de-cetacis-del-mediterrani\/"]}]},{"@type":"ImageObject","inLanguage":"es","@id":"https:\/\/cultura.santjosep.org\/es\/agenda\/exposicion-corredor-de-migracio-de-cetacis-del-mediterrani\/#primaryimage","url":"https:\/\/cultura.santjosep.org\/wp-content\/uploads\/2022\/10\/cetaceos.jpg","contentUrl":"https:\/\/cultura.santjosep.org\/wp-content\/uploads\/2022\/10\/cetaceos.jpg","width":1080,"height":637},{"@type":"BreadcrumbList","@id":"https:\/\/cultura.santjosep.org\/es\/agenda\/exposicion-corredor-de-migracio-de-cetacis-del-mediterrani\/#breadcrumb","itemListElement":[{"@type":"ListItem","position":1,"name":"Portada","item":"https:\/\/cultura.santjosep.org\/es\/"},{"@type":"ListItem","position":2,"name":"Eventos","item":"https:\/\/cultura.santjosep.org\/agenda\/"},{"@type":"ListItem","position":3,"name":"Exposici\u00f3n &#8216;Corredor de Migraci\u00f3 de Cetacis del Mediterrani&#8217;"}]},{"@type":"WebSite","@id":"https:\/\/cultura.santjosep.org\/es\/#website","url":"https:\/\/cultura.santjosep.org\/es\/","name":"Cultura a Sant Josep de sa Talaia","description":"","publisher":{"@id":"https:\/\/cultura.santjosep.org\/es\/#organization"},"potentialAction":[{"@type":"SearchAction","target":{"@type":"EntryPoint","urlTemplate":"https:\/\/cultura.santjosep.org\/es\/?s={search_term_string}"},"query-input":{"@type":"PropertyValueSpecification","valueRequired":true,"valueName":"search_term_string"}}],"inLanguage":"es"},{"@type":"Organization","@id":"https:\/\/cultura.santjosep.org\/es\/#organization","name":"Ajuntament de Sant Josep de sa Talaia","url":"https:\/\/cultura.santjosep.org\/es\/","logo":{"@type":"ImageObject","inLanguage":"es","@id":"https:\/\/cultura.santjosep.org\/es\/#\/schema\/logo\/image\/","url":"https:\/\/cultura.santjosep.org\/wp-content\/uploads\/2020\/10\/logocolor.jpg","contentUrl":"https:\/\/cultura.santjosep.org\/wp-content\/uploads\/2020\/10\/logocolor.jpg","width":250,"height":98,"caption":"Ajuntament de Sant Josep de sa Talaia"},"image":{"@id":"https:\/\/cultura.santjosep.org\/es\/#\/schema\/logo\/image\/"},"sameAs":["https:\/\/www.facebook.com\/Ajuntament-de-Sant-Josep-de-sa-Talaia-197541666931354\/","https:\/\/x.com\/DeTalaia","https:\/\/www.instagram.com\/sant_josep_de_sa_talaia\/"]}]}},"_links":{"self":[{"href":"https:\/\/cultura.santjosep.org\/es\/wp-json\/wp\/v2\/tribe_events\/14582","targetHints":{"allow":["GET"]}}],"collection":[{"href":"https:\/\/cultura.santjosep.org\/es\/wp-json\/wp\/v2\/tribe_events"}],"about":[{"href":"https:\/\/cultura.santjosep.org\/es\/wp-json\/wp\/v2\/types\/tribe_events"}],"author":[{"embeddable":true,"href":"https:\/\/cultura.santjosep.org\/es\/wp-json\/wp\/v2\/users\/1"}],"version-history":[{"count":0,"href":"https:\/\/cultura.santjosep.org\/es\/wp-json\/wp\/v2\/tribe_events\/14582\/revisions"}],"wp:featuredmedia":[{"embeddable":true,"href":"https:\/\/cultura.santjosep.org\/es\/wp-json\/wp\/v2\/media\/14586"}],"wp:attachment":[{"href":"https:\/\/cultura.santjosep.org\/es\/wp-json\/wp\/v2\/media?parent=14582"}],"wp:term":[{"taxonomy":"post_tag","embeddable":true,"href":"https:\/\/cultura.santjosep.org\/es\/wp-json\/wp\/v2\/tags?post=14582"},{"taxonomy":"tribe_events_cat","embeddable":true,"href":"https:\/\/cultura.santjosep.org\/es\/wp-json\/wp\/v2\/tribe_events_cat?post=14582"}],"curies":[{"name":"wp","href":"https:\/\/api.w.org\/{rel}","templated":true}]}}