{"id":15166,"date":"2022-10-26T09:39:09","date_gmt":"2022-10-26T07:39:09","guid":{"rendered":"https:\/\/cultura.santjosep.org\/?post_type=tribe_events&#038;p=15166"},"modified":"2022-10-27T11:24:45","modified_gmt":"2022-10-27T09:24:45","slug":"vi-fira-de-la-sal-2","status":"publish","type":"tribe_events","link":"https:\/\/cultura.santjosep.org\/es\/agenda\/vi-fira-de-la-sal-2\/","title":{"rendered":"VI Fira de la Sal"},"content":{"rendered":"<p><strong>\u00c1REA O. ERA DE L&#8217;ANTIC MUNT DE SAL DES PANTANO<\/strong><\/p>\n<p>12.00 h &#8211; Excursi\u00f3n guiada en bicicleta &#8216;Rula salinera&#8217;<br \/>\n&#8211; Punto de encuentro: munt de salt de Can Gorra<br \/>\n&#8211; Durada: 2,5 h<br \/>\n&#8211; Nivel de dificultad: Apto para todos los p\u00fablicos.<br \/>\n&#8211; Itinerario: punto de encuentro &#8211; so Canal &#8211; ses Salines &#8211; torre de ses Portes &#8211; es Cavallet &#8211; estanys de so Barqueta &#8211; punto de encuentro.<br \/>\n&#8211; Plazas limitadas, reserva tu bicicleta en el 971801627<\/p>\n<p><strong>\u00c1REA 1. CENTRE D&#8217;INTERPRETACI\u00d3 DE SES SALINES <\/strong><\/p>\n<p>10.00 a 14.00 h &#8211; CENTRO ABIERTO Y OBSERVACI\u00d3N DE AVES para conocer los valores naturales y culturales del Parque Natural de ses Salines.<\/p>\n<p><strong>\u00c1REA 3. TORRE DE SA SAL ROSSA <\/strong><\/p>\n<p>9.00 h &#8211; Excursi\u00f3n guiada en bicicleta &#8216;Ruta de sa Sal Rossa&#8217;<br \/>\n&#8211; Punto de encuentro:aparcament de l&#8217;hotel Palladium Grand Palace, platja d&#8217;en Bossa<br \/>\n&#8211; Duraci\u00f3n: 2,5 h<br \/>\n&#8211; Nivel de dificultad: apto para todos los p\u00fablicos<br \/>\n&#8211; Itinerario: punto de encuentro -cueva de Rafael Alberti -torre des Carregador -plaza de la Sal -la Xanga -Sant Francesc de s&#8217;Estany (centro de interpretaci\u00f3n) -punto de encuentro<br \/>\n&#8211; Plazas limitadas, reservas al 971801627<\/p>\n<p>10.00 h &#8211; Excursi\u00f3n guiada &#8216;L&#8217;origen de sa Salinera&#8217;<br \/>\n&#8211; Punto de encuentro: aparcamiento del Hotel Palladium, Platja d&#8217;en Bossa.<br \/>\n&#8211; Duraci\u00f3n: 2,5 h<br \/>\n&#8211; Nivel de dificultad: apto para todos los p\u00fablicos<br \/>\n&#8211; Itinerario: punto de encuentro-estanques de sa Sal Rossa -Sant Francesc de s&#8217;Estany (centro de interpretaci\u00f3n) -la Xanga &#8211; plaza de la Sal &#8211; torre des Carregador &#8211; cueva de Rafael Alberti &#8211; punto de encuentro<\/p>\n<p>11.00 h \/ 11.45 h \/ 12.30 h \/ 13.15 h \/ 16.00 h \/ 16.45 h<br \/>\n&#8211; Visitas teatralitzadas: &#8216;El valent vigilant de la torre&#8217;.<\/p>\n<p><strong>\u00c1REA 4. POU DES CARB\u00d3 <\/strong><\/p>\n<p>Pozo del siglo XVIII que prove\u00eda de agua las calderas del ferrocarril que transportaba la sal desde los estanques hasta la zona de carga.<\/p>\n<p><strong>\u00c1REA 5. SANT JORDI DE SES SALINES <\/strong><\/p>\n<p>10.00 a 18.00 h<br \/>\n&#8211; Mercado de artesan\u00eda.productos ecol\u00f3gicos y elaboradores de productos agroalimentarios de la isla como vinos, aceite de oliva y licores. Plaza de Sant Jordi de ses Salines.<br \/>\n&#8211; Talleres con sal arom\u00e1tica.<\/p>\n<p>10.00 a 22.00 h<br \/>\n&#8211; Exposici\u00f3n de los trabajos de los ni\u00f1os y ni\u00f1as participantes en el concurso &#8216;Una mirada a ses Salines&#8217;. Porches de la iglesia de Sant Jordi de ses Salines.<br \/>\n&#8211; Exposici\u00f3n sobre praderas de posidonia &#8216;El bosc del Mediterrani&#8217;, del fot\u00f3grafo Joan Costa y textos de F. Xavier Mas Ferro. Plaza de Sant Jordi de ses Salines.<\/p>\n<p>10.30 a 13.30 h y de 16.00 a 19.00 h &#8211; Exposici\u00f3n patrimonio y naturaleza &#8216;Ormejos&#8217;. Sala de actos de las Oficinas Muni\u00adcipales de Sant Jordi de ses Salines.<br \/>\n11.00 a 16.00 h &#8211; Talleres de actividades infantiles: taller de fondo marino, elaboraci\u00f3n de juguetes y animales con materiales reciclados y taller &#8216;Salam les paraules&#8217;. Plaza de Sant Jordi de ses Salines.<br \/>\n11.00 h &#8211; Taller demostrativo de salado de alimentos tradicionales: olivas, ossos y pescado seco.<br \/>\n11.30 a 13.30 h y de 16.30 a 18.30 h &#8211; Animaci\u00f3n pasacalles acrob\u00e1tico. Plaza de Sant Jordi de ses Salines.<br \/>\n12.00 a 15.00 h &#8211; Animaci\u00f3n musical a cargo de Swingin Tonic &amp; The Blue Kids. Plaza de Sant Jordi de ses Salines.<br \/>\n12.00 h &#8211; Showcooking saliner: Una cocina con el coraz\u00f3n de sal: ASAL. Presentado por \u00cd\u00f1igo Rodr\u00edguez.<br \/>\n13.30 h &#8211; Entrega de premios del concurso de dibujos &#8216;Una mirada a ses Salines&#8217;.<br \/>\n18.30 h &#8211; Salpassa: bendici\u00f3n de la sal y misa. Iglesia de Sant Jordi de ses Salines.<br \/>\n19.45 h &#8211; Ball pag\u00e8s a cargo del Grup folkloric Sant Jordi de ses Salines. Plaza de la iglesia de Sant Jordi de ses Salines.<br \/>\n20.30 a 21.30 h &#8211; Proyecci\u00f3n de im\u00e1genes sobre la fachada de la iglesia de Sant Jordi de ses Salines &#8216;D&#8217;on venim&#8217;, que mostrar\u00e1 la gente, tradiciones y trabajos en las salinas, con acompa\u00f1amiento musical con piano de cola a cargo de Bartomeu Mor\u00ed.<\/p>\n<p><span style=\"color: #b32920;\"><a style=\"color: #b32920;\" href=\"https:\/\/www.santjosep.net\/wp-content\/uploads\/2022\/10\/PROGRAMA-oct-2022_V2.pdf\" target=\"_blank\" rel=\"noopener\">Descarga el programa completo<\/a><\/span><\/p>\n","protected":false},"excerpt":{"rendered":"<p>\u00c1REA O. ERA DE L&#8217;ANTIC MUNT DE SAL DES PANTANO 12.00 h &#8211; Excursi\u00f3n guiada en bicicleta &#8216;Rula salinera&#8217; &#8211; Punto de encuentro: munt de salt de Can Gorra &#8211; &hellip; <\/p>\n<p class=\"link-more\"><a href=\"https:\/\/cultura.santjosep.org\/es\/agenda\/vi-fira-de-la-sal-2\/\" class=\"more-link\">Seguir leyendo<span class=\"screen-reader-text\"> \u00abVI Fira de la Sal\u00bb<\/span><\/a><\/p>\n","protected":false},"author":1,"featured_media":15167,"template":"","meta":{"_tribe_events_status":"","_tribe_events_status_reason":"","_tribe_events_is_hybrid":"","_tribe_events_is_virtual":"","_tribe_events_virtual_video_source":"","_tribe_events_virtual_embed_video":"","_tribe_events_virtual_linked_button_text":"","_tribe_events_virtual_linked_button":"","_tribe_events_virtual_show_embed_at":"","_tribe_events_virtual_show_embed_to":[],"_tribe_events_virtual_show_on_event":"","_tribe_events_virtual_show_on_views":"","_tribe_events_virtual_url":"","footnotes":""},"tags":[],"tribe_events_cat":[151],"class_list":["post-15166","tribe_events","type-tribe_events","status-publish","has-post-thumbnail","hentry","tribe_events_cat-fira-de-la-sal-es","cat_fira-de-la-sal-es","entry"],"yoast_head":"<!-- This site is optimized with the Yoast SEO plugin v26.6 - https:\/\/yoast.com\/wordpress\/plugins\/seo\/ -->\n<title>VI Fira de la Sal - Cultura a Sant Josep de sa Talaia<\/title>\n<meta name=\"robots\" content=\"index, follow, max-snippet:-1, max-image-preview:large, max-video-preview:-1\" \/>\n<link rel=\"canonical\" href=\"https:\/\/cultura.santjosep.org\/es\/agenda\/vi-fira-de-la-sal-2\/\" \/>\n<meta property=\"og:locale\" content=\"es_ES\" \/>\n<meta property=\"og:type\" content=\"article\" \/>\n<meta property=\"og:title\" content=\"VI Fira de la Sal - Cultura a Sant Josep de sa Talaia\" \/>\n<meta property=\"og:description\" content=\"\u00c1REA O. ERA DE L&#8217;ANTIC MUNT DE SAL DES PANTANO 12.00 h &#8211; Excursi\u00f3n guiada en bicicleta &#8216;Rula salinera&#8217; &#8211; Punto de encuentro: munt de salt de Can Gorra &#8211; &hellip; Seguir leyendo \u00abVI Fira de la Sal\u00bb\" \/>\n<meta property=\"og:url\" content=\"https:\/\/cultura.santjosep.org\/es\/agenda\/vi-fira-de-la-sal-2\/\" \/>\n<meta property=\"og:site_name\" content=\"Cultura a Sant Josep de sa Talaia\" \/>\n<meta property=\"article:publisher\" content=\"https:\/\/www.facebook.com\/Ajuntament-de-Sant-Josep-de-sa-Talaia-197541666931354\/\" \/>\n<meta property=\"article:modified_time\" content=\"2022-10-27T09:24:45+00:00\" \/>\n<meta property=\"og:image\" content=\"https:\/\/cultura.santjosep.org\/wp-content\/uploads\/2022\/10\/tallersalat.jpg\" \/>\n\t<meta property=\"og:image:width\" content=\"1500\" \/>\n\t<meta property=\"og:image:height\" content=\"1000\" \/>\n\t<meta property=\"og:image:type\" content=\"image\/jpeg\" \/>\n<meta name=\"twitter:card\" content=\"summary_large_image\" \/>\n<meta name=\"twitter:site\" content=\"@DeTalaia\" \/>\n<meta name=\"twitter:label1\" content=\"Tiempo de lectura\" \/>\n\t<meta name=\"twitter:data1\" content=\"3 minutos\" \/>\n<script type=\"application\/ld+json\" class=\"yoast-schema-graph\">{\"@context\":\"https:\/\/schema.org\",\"@graph\":[{\"@type\":\"WebPage\",\"@id\":\"https:\/\/cultura.santjosep.org\/es\/agenda\/vi-fira-de-la-sal-2\/\",\"url\":\"https:\/\/cultura.santjosep.org\/es\/agenda\/vi-fira-de-la-sal-2\/\",\"name\":\"VI Fira de la Sal - Cultura a Sant Josep de sa Talaia\",\"isPartOf\":{\"@id\":\"https:\/\/cultura.santjosep.org\/es\/#website\"},\"primaryImageOfPage\":{\"@id\":\"https:\/\/cultura.santjosep.org\/es\/agenda\/vi-fira-de-la-sal-2\/#primaryimage\"},\"image\":{\"@id\":\"https:\/\/cultura.santjosep.org\/es\/agenda\/vi-fira-de-la-sal-2\/#primaryimage\"},\"thumbnailUrl\":\"https:\/\/cultura.santjosep.org\/wp-content\/uploads\/2022\/10\/tallersalat.jpg\",\"datePublished\":\"2022-10-26T07:39:09+00:00\",\"dateModified\":\"2022-10-27T09:24:45+00:00\",\"breadcrumb\":{\"@id\":\"https:\/\/cultura.santjosep.org\/es\/agenda\/vi-fira-de-la-sal-2\/#breadcrumb\"},\"inLanguage\":\"es\",\"potentialAction\":[{\"@type\":\"ReadAction\",\"target\":[\"https:\/\/cultura.santjosep.org\/es\/agenda\/vi-fira-de-la-sal-2\/\"]}]},{\"@type\":\"ImageObject\",\"inLanguage\":\"es\",\"@id\":\"https:\/\/cultura.santjosep.org\/es\/agenda\/vi-fira-de-la-sal-2\/#primaryimage\",\"url\":\"https:\/\/cultura.santjosep.org\/wp-content\/uploads\/2022\/10\/tallersalat.jpg\",\"contentUrl\":\"https:\/\/cultura.santjosep.org\/wp-content\/uploads\/2022\/10\/tallersalat.jpg\",\"width\":1500,\"height\":1000,\"caption\":\"II Fira de la Sal, Ses Salines d'Eivissa. ?sSom un poble saliner'\"},{\"@type\":\"BreadcrumbList\",\"@id\":\"https:\/\/cultura.santjosep.org\/es\/agenda\/vi-fira-de-la-sal-2\/#breadcrumb\",\"itemListElement\":[{\"@type\":\"ListItem\",\"position\":1,\"name\":\"Portada\",\"item\":\"https:\/\/cultura.santjosep.org\/es\/\"},{\"@type\":\"ListItem\",\"position\":2,\"name\":\"Eventos\",\"item\":\"https:\/\/cultura.santjosep.org\/agenda\/\"},{\"@type\":\"ListItem\",\"position\":3,\"name\":\"VI Fira de la Sal\"}]},{\"@type\":\"WebSite\",\"@id\":\"https:\/\/cultura.santjosep.org\/es\/#website\",\"url\":\"https:\/\/cultura.santjosep.org\/es\/\",\"name\":\"Cultura a Sant Josep de sa Talaia\",\"description\":\"\",\"publisher\":{\"@id\":\"https:\/\/cultura.santjosep.org\/es\/#organization\"},\"potentialAction\":[{\"@type\":\"SearchAction\",\"target\":{\"@type\":\"EntryPoint\",\"urlTemplate\":\"https:\/\/cultura.santjosep.org\/es\/?s={search_term_string}\"},\"query-input\":{\"@type\":\"PropertyValueSpecification\",\"valueRequired\":true,\"valueName\":\"search_term_string\"}}],\"inLanguage\":\"es\"},{\"@type\":\"Organization\",\"@id\":\"https:\/\/cultura.santjosep.org\/es\/#organization\",\"name\":\"Ajuntament de Sant Josep de sa Talaia\",\"url\":\"https:\/\/cultura.santjosep.org\/es\/\",\"logo\":{\"@type\":\"ImageObject\",\"inLanguage\":\"es\",\"@id\":\"https:\/\/cultura.santjosep.org\/es\/#\/schema\/logo\/image\/\",\"url\":\"https:\/\/cultura.santjosep.org\/wp-content\/uploads\/2020\/10\/logocolor.jpg\",\"contentUrl\":\"https:\/\/cultura.santjosep.org\/wp-content\/uploads\/2020\/10\/logocolor.jpg\",\"width\":250,\"height\":98,\"caption\":\"Ajuntament de Sant Josep de sa Talaia\"},\"image\":{\"@id\":\"https:\/\/cultura.santjosep.org\/es\/#\/schema\/logo\/image\/\"},\"sameAs\":[\"https:\/\/www.facebook.com\/Ajuntament-de-Sant-Josep-de-sa-Talaia-197541666931354\/\",\"https:\/\/x.com\/DeTalaia\",\"https:\/\/www.instagram.com\/sant_josep_de_sa_talaia\/\"]}]}<\/script>\n<!-- \/ Yoast SEO plugin. -->","yoast_head_json":{"title":"VI Fira de la Sal - Cultura a Sant Josep de sa Talaia","robots":{"index":"index","follow":"follow","max-snippet":"max-snippet:-1","max-image-preview":"max-image-preview:large","max-video-preview":"max-video-preview:-1"},"canonical":"https:\/\/cultura.santjosep.org\/es\/agenda\/vi-fira-de-la-sal-2\/","og_locale":"es_ES","og_type":"article","og_title":"VI Fira de la Sal - Cultura a Sant Josep de sa Talaia","og_description":"\u00c1REA O. ERA DE L&#8217;ANTIC MUNT DE SAL DES PANTANO 12.00 h &#8211; Excursi\u00f3n guiada en bicicleta &#8216;Rula salinera&#8217; &#8211; Punto de encuentro: munt de salt de Can Gorra &#8211; &hellip; Seguir leyendo \u00abVI Fira de la Sal\u00bb","og_url":"https:\/\/cultura.santjosep.org\/es\/agenda\/vi-fira-de-la-sal-2\/","og_site_name":"Cultura a Sant Josep de sa Talaia","article_publisher":"https:\/\/www.facebook.com\/Ajuntament-de-Sant-Josep-de-sa-Talaia-197541666931354\/","article_modified_time":"2022-10-27T09:24:45+00:00","og_image":[{"width":1500,"height":1000,"url":"https:\/\/cultura.santjosep.org\/wp-content\/uploads\/2022\/10\/tallersalat.jpg","type":"image\/jpeg"}],"twitter_card":"summary_large_image","twitter_site":"@DeTalaia","twitter_misc":{"Tiempo de lectura":"3 minutos"},"schema":{"@context":"https:\/\/schema.org","@graph":[{"@type":"WebPage","@id":"https:\/\/cultura.santjosep.org\/es\/agenda\/vi-fira-de-la-sal-2\/","url":"https:\/\/cultura.santjosep.org\/es\/agenda\/vi-fira-de-la-sal-2\/","name":"VI Fira de la Sal - Cultura a Sant Josep de sa Talaia","isPartOf":{"@id":"https:\/\/cultura.santjosep.org\/es\/#website"},"primaryImageOfPage":{"@id":"https:\/\/cultura.santjosep.org\/es\/agenda\/vi-fira-de-la-sal-2\/#primaryimage"},"image":{"@id":"https:\/\/cultura.santjosep.org\/es\/agenda\/vi-fira-de-la-sal-2\/#primaryimage"},"thumbnailUrl":"https:\/\/cultura.santjosep.org\/wp-content\/uploads\/2022\/10\/tallersalat.jpg","datePublished":"2022-10-26T07:39:09+00:00","dateModified":"2022-10-27T09:24:45+00:00","breadcrumb":{"@id":"https:\/\/cultura.santjosep.org\/es\/agenda\/vi-fira-de-la-sal-2\/#breadcrumb"},"inLanguage":"es","potentialAction":[{"@type":"ReadAction","target":["https:\/\/cultura.santjosep.org\/es\/agenda\/vi-fira-de-la-sal-2\/"]}]},{"@type":"ImageObject","inLanguage":"es","@id":"https:\/\/cultura.santjosep.org\/es\/agenda\/vi-fira-de-la-sal-2\/#primaryimage","url":"https:\/\/cultura.santjosep.org\/wp-content\/uploads\/2022\/10\/tallersalat.jpg","contentUrl":"https:\/\/cultura.santjosep.org\/wp-content\/uploads\/2022\/10\/tallersalat.jpg","width":1500,"height":1000,"caption":"II Fira de la Sal, Ses Salines d'Eivissa. ?sSom un poble saliner'"},{"@type":"BreadcrumbList","@id":"https:\/\/cultura.santjosep.org\/es\/agenda\/vi-fira-de-la-sal-2\/#breadcrumb","itemListElement":[{"@type":"ListItem","position":1,"name":"Portada","item":"https:\/\/cultura.santjosep.org\/es\/"},{"@type":"ListItem","position":2,"name":"Eventos","item":"https:\/\/cultura.santjosep.org\/agenda\/"},{"@type":"ListItem","position":3,"name":"VI Fira de la Sal"}]},{"@type":"WebSite","@id":"https:\/\/cultura.santjosep.org\/es\/#website","url":"https:\/\/cultura.santjosep.org\/es\/","name":"Cultura a Sant Josep de sa Talaia","description":"","publisher":{"@id":"https:\/\/cultura.santjosep.org\/es\/#organization"},"potentialAction":[{"@type":"SearchAction","target":{"@type":"EntryPoint","urlTemplate":"https:\/\/cultura.santjosep.org\/es\/?s={search_term_string}"},"query-input":{"@type":"PropertyValueSpecification","valueRequired":true,"valueName":"search_term_string"}}],"inLanguage":"es"},{"@type":"Organization","@id":"https:\/\/cultura.santjosep.org\/es\/#organization","name":"Ajuntament de Sant Josep de sa Talaia","url":"https:\/\/cultura.santjosep.org\/es\/","logo":{"@type":"ImageObject","inLanguage":"es","@id":"https:\/\/cultura.santjosep.org\/es\/#\/schema\/logo\/image\/","url":"https:\/\/cultura.santjosep.org\/wp-content\/uploads\/2020\/10\/logocolor.jpg","contentUrl":"https:\/\/cultura.santjosep.org\/wp-content\/uploads\/2020\/10\/logocolor.jpg","width":250,"height":98,"caption":"Ajuntament de Sant Josep de sa Talaia"},"image":{"@id":"https:\/\/cultura.santjosep.org\/es\/#\/schema\/logo\/image\/"},"sameAs":["https:\/\/www.facebook.com\/Ajuntament-de-Sant-Josep-de-sa-Talaia-197541666931354\/","https:\/\/x.com\/DeTalaia","https:\/\/www.instagram.com\/sant_josep_de_sa_talaia\/"]}]}},"_links":{"self":[{"href":"https:\/\/cultura.santjosep.org\/es\/wp-json\/wp\/v2\/tribe_events\/15166","targetHints":{"allow":["GET"]}}],"collection":[{"href":"https:\/\/cultura.santjosep.org\/es\/wp-json\/wp\/v2\/tribe_events"}],"about":[{"href":"https:\/\/cultura.santjosep.org\/es\/wp-json\/wp\/v2\/types\/tribe_events"}],"author":[{"embeddable":true,"href":"https:\/\/cultura.santjosep.org\/es\/wp-json\/wp\/v2\/users\/1"}],"version-history":[{"count":0,"href":"https:\/\/cultura.santjosep.org\/es\/wp-json\/wp\/v2\/tribe_events\/15166\/revisions"}],"wp:featuredmedia":[{"embeddable":true,"href":"https:\/\/cultura.santjosep.org\/es\/wp-json\/wp\/v2\/media\/15167"}],"wp:attachment":[{"href":"https:\/\/cultura.santjosep.org\/es\/wp-json\/wp\/v2\/media?parent=15166"}],"wp:term":[{"taxonomy":"post_tag","embeddable":true,"href":"https:\/\/cultura.santjosep.org\/es\/wp-json\/wp\/v2\/tags?post=15166"},{"taxonomy":"tribe_events_cat","embeddable":true,"href":"https:\/\/cultura.santjosep.org\/es\/wp-json\/wp\/v2\/tribe_events_cat?post=15166"}],"curies":[{"name":"wp","href":"https:\/\/api.w.org\/{rel}","templated":true}]}}