{"id":15615,"date":"2022-12-05T09:39:10","date_gmt":"2022-12-05T08:39:10","guid":{"rendered":"https:\/\/cultura.santjosep.org\/?post_type=tribe_events&#038;p=15615"},"modified":"2022-12-05T09:39:10","modified_gmt":"2022-12-05T08:39:10","slug":"viernes-de-cine-en-can-jeroni-encanto","status":"publish","type":"tribe_events","link":"https:\/\/cultura.santjosep.org\/es\/agenda\/viernes-de-cine-en-can-jeroni-encanto\/","title":{"rendered":"Viernes de cine en Can Jeroni \u2013 \u2018Encanto\u2019"},"content":{"rendered":"<p><b>\u2018Encanto\u2019 | Catal\u00e1n | 2021 | <\/b><\/p>\n<p><b>Duraci\u00f3n:<\/b> 99 min. Estados Unidos<\/p>\n<p><b>Direcci\u00f3n: <\/b><span class=\"nb\">Jared Bush,<\/span> <span class=\"nb\">Byron Howard,<\/span> <span class=\"nb\">Charise Castro Smith<\/span><\/p>\n<p><b>Sinopsis:\u00a0<\/b>Cuenta la historia de una familia extraordinaria, los Madrigal, que viven escondidos en las monta\u00f1as de Colombia, en una casa m\u00e1gica situada en un enclave maravilloso llamado Encanto. La magia de Encanto ha dotado a todos los ni\u00f1os de la familia un don \u00fanico, desde la s\u00faper fuerza hasta el poder de curar&#8230; Pero se olvid\u00f3 de un miembro de la familia: Mirabel. Cuando \u00e9sta descubre que la magia que rodea Encanto est\u00e1 en peligro, decide que ella, la \u00fanica Madrigal normal, podr\u00eda ser la \u00faltima esperanza de su extraordinaria familia.<\/p>\n<p><strong>Reparto:<\/strong> Animaci\u00f3n<\/p>\n<p><b>Entrada libre hasta completar aforo.<\/b><\/p>\n<p><img loading=\"lazy\" decoding=\"async\" class=\"alignnone size-full wp-image-15618\" src=\"https:\/\/cultura.santjosep.org\/wp-content\/uploads\/2022\/12\/encanto-portada.jpg\" alt=\"\" width=\"800\" height=\"1200\" srcset=\"https:\/\/cultura.santjosep.org\/wp-content\/uploads\/2022\/12\/encanto-portada.jpg 800w, https:\/\/cultura.santjosep.org\/wp-content\/uploads\/2022\/12\/encanto-portada-200x300.jpg 200w, https:\/\/cultura.santjosep.org\/wp-content\/uploads\/2022\/12\/encanto-portada-683x1024.jpg 683w, https:\/\/cultura.santjosep.org\/wp-content\/uploads\/2022\/12\/encanto-portada-768x1152.jpg 768w\" sizes=\"auto, (max-width: 800px) 100vw, 800px\" \/><\/p>\n","protected":false},"excerpt":{"rendered":"<p>\u2018Encanto\u2019 | Catal\u00e1n | 2021 | Duraci\u00f3n: 99 min. Estados Unidos Direcci\u00f3n: Jared Bush, Byron Howard, Charise Castro Smith Sinopsis:\u00a0Cuenta la historia de una familia extraordinaria, los Madrigal, que viven &hellip; <\/p>\n<p class=\"link-more\"><a href=\"https:\/\/cultura.santjosep.org\/es\/agenda\/viernes-de-cine-en-can-jeroni-encanto\/\" class=\"more-link\">Seguir leyendo<span class=\"screen-reader-text\"> \u00abViernes de cine en Can Jeroni \u2013 \u2018Encanto\u2019\u00bb<\/span><\/a><\/p>\n","protected":false},"author":1,"featured_media":15616,"template":"","meta":{"_tribe_events_status":"","_tribe_events_status_reason":"","_tribe_events_is_hybrid":"","_tribe_events_is_virtual":"","_tribe_events_virtual_video_source":"","_tribe_events_virtual_embed_video":"","_tribe_events_virtual_linked_button_text":"","_tribe_events_virtual_linked_button":"","_tribe_events_virtual_show_embed_at":"","_tribe_events_virtual_show_embed_to":[],"_tribe_events_virtual_show_on_event":"","_tribe_events_virtual_show_on_views":"","_tribe_events_virtual_url":"","footnotes":""},"tags":[],"tribe_events_cat":[30],"class_list":["post-15615","tribe_events","type-tribe_events","status-publish","has-post-thumbnail","hentry","tribe_events_cat-cine","cat_cine","entry"],"yoast_head":"<!-- This site is optimized with the Yoast SEO plugin v26.6 - https:\/\/yoast.com\/wordpress\/plugins\/seo\/ -->\n<title>Viernes de cine en Can Jeroni \u2013 \u2018Encanto\u2019 - Cultura a Sant Josep de sa Talaia<\/title>\n<meta name=\"robots\" content=\"index, follow, max-snippet:-1, max-image-preview:large, max-video-preview:-1\" \/>\n<link rel=\"canonical\" href=\"https:\/\/cultura.santjosep.org\/es\/agenda\/viernes-de-cine-en-can-jeroni-encanto\/\" \/>\n<meta property=\"og:locale\" content=\"es_ES\" \/>\n<meta property=\"og:type\" content=\"article\" \/>\n<meta property=\"og:title\" content=\"Viernes de cine en Can Jeroni \u2013 \u2018Encanto\u2019 - Cultura a Sant Josep de sa Talaia\" \/>\n<meta property=\"og:description\" content=\"\u2018Encanto\u2019 | Catal\u00e1n | 2021 | Duraci\u00f3n: 99 min. Estados Unidos Direcci\u00f3n: Jared Bush, Byron Howard, Charise Castro Smith Sinopsis:\u00a0Cuenta la historia de una familia extraordinaria, los Madrigal, que viven &hellip; Seguir leyendo \u00abViernes de cine en Can Jeroni \u2013 \u2018Encanto\u2019\u00bb\" \/>\n<meta property=\"og:url\" content=\"https:\/\/cultura.santjosep.org\/es\/agenda\/viernes-de-cine-en-can-jeroni-encanto\/\" \/>\n<meta property=\"og:site_name\" content=\"Cultura a Sant Josep de sa Talaia\" \/>\n<meta property=\"article:publisher\" content=\"https:\/\/www.facebook.com\/Ajuntament-de-Sant-Josep-de-sa-Talaia-197541666931354\/\" \/>\n<meta property=\"og:image\" content=\"https:\/\/cultura.santjosep.org\/wp-content\/uploads\/2022\/12\/encanto-imgpeli.jpg\" \/>\n\t<meta property=\"og:image:width\" content=\"1280\" \/>\n\t<meta property=\"og:image:height\" content=\"683\" \/>\n\t<meta property=\"og:image:type\" content=\"image\/jpeg\" \/>\n<meta name=\"twitter:card\" content=\"summary_large_image\" \/>\n<meta name=\"twitter:site\" content=\"@DeTalaia\" \/>\n<meta name=\"twitter:label1\" content=\"Tiempo de lectura\" \/>\n\t<meta name=\"twitter:data1\" content=\"1 minuto\" \/>\n<script type=\"application\/ld+json\" class=\"yoast-schema-graph\">{\"@context\":\"https:\/\/schema.org\",\"@graph\":[{\"@type\":\"WebPage\",\"@id\":\"https:\/\/cultura.santjosep.org\/es\/agenda\/viernes-de-cine-en-can-jeroni-encanto\/\",\"url\":\"https:\/\/cultura.santjosep.org\/es\/agenda\/viernes-de-cine-en-can-jeroni-encanto\/\",\"name\":\"Viernes de cine en Can Jeroni \u2013 \u2018Encanto\u2019 - Cultura a Sant Josep de sa Talaia\",\"isPartOf\":{\"@id\":\"https:\/\/cultura.santjosep.org\/es\/#website\"},\"primaryImageOfPage\":{\"@id\":\"https:\/\/cultura.santjosep.org\/es\/agenda\/viernes-de-cine-en-can-jeroni-encanto\/#primaryimage\"},\"image\":{\"@id\":\"https:\/\/cultura.santjosep.org\/es\/agenda\/viernes-de-cine-en-can-jeroni-encanto\/#primaryimage\"},\"thumbnailUrl\":\"https:\/\/cultura.santjosep.org\/wp-content\/uploads\/2022\/12\/encanto-imgpeli.jpg\",\"datePublished\":\"2022-12-05T08:39:10+00:00\",\"breadcrumb\":{\"@id\":\"https:\/\/cultura.santjosep.org\/es\/agenda\/viernes-de-cine-en-can-jeroni-encanto\/#breadcrumb\"},\"inLanguage\":\"es\",\"potentialAction\":[{\"@type\":\"ReadAction\",\"target\":[\"https:\/\/cultura.santjosep.org\/es\/agenda\/viernes-de-cine-en-can-jeroni-encanto\/\"]}]},{\"@type\":\"ImageObject\",\"inLanguage\":\"es\",\"@id\":\"https:\/\/cultura.santjosep.org\/es\/agenda\/viernes-de-cine-en-can-jeroni-encanto\/#primaryimage\",\"url\":\"https:\/\/cultura.santjosep.org\/wp-content\/uploads\/2022\/12\/encanto-imgpeli.jpg\",\"contentUrl\":\"https:\/\/cultura.santjosep.org\/wp-content\/uploads\/2022\/12\/encanto-imgpeli.jpg\",\"width\":1280,\"height\":683},{\"@type\":\"BreadcrumbList\",\"@id\":\"https:\/\/cultura.santjosep.org\/es\/agenda\/viernes-de-cine-en-can-jeroni-encanto\/#breadcrumb\",\"itemListElement\":[{\"@type\":\"ListItem\",\"position\":1,\"name\":\"Portada\",\"item\":\"https:\/\/cultura.santjosep.org\/es\/\"},{\"@type\":\"ListItem\",\"position\":2,\"name\":\"Eventos\",\"item\":\"https:\/\/cultura.santjosep.org\/agenda\/\"},{\"@type\":\"ListItem\",\"position\":3,\"name\":\"Viernes de cine en Can Jeroni \u2013 \u2018Encanto\u2019\"}]},{\"@type\":\"WebSite\",\"@id\":\"https:\/\/cultura.santjosep.org\/es\/#website\",\"url\":\"https:\/\/cultura.santjosep.org\/es\/\",\"name\":\"Cultura a Sant Josep de sa Talaia\",\"description\":\"\",\"publisher\":{\"@id\":\"https:\/\/cultura.santjosep.org\/es\/#organization\"},\"potentialAction\":[{\"@type\":\"SearchAction\",\"target\":{\"@type\":\"EntryPoint\",\"urlTemplate\":\"https:\/\/cultura.santjosep.org\/es\/?s={search_term_string}\"},\"query-input\":{\"@type\":\"PropertyValueSpecification\",\"valueRequired\":true,\"valueName\":\"search_term_string\"}}],\"inLanguage\":\"es\"},{\"@type\":\"Organization\",\"@id\":\"https:\/\/cultura.santjosep.org\/es\/#organization\",\"name\":\"Ajuntament de Sant Josep de sa Talaia\",\"url\":\"https:\/\/cultura.santjosep.org\/es\/\",\"logo\":{\"@type\":\"ImageObject\",\"inLanguage\":\"es\",\"@id\":\"https:\/\/cultura.santjosep.org\/es\/#\/schema\/logo\/image\/\",\"url\":\"https:\/\/cultura.santjosep.org\/wp-content\/uploads\/2020\/10\/logocolor.jpg\",\"contentUrl\":\"https:\/\/cultura.santjosep.org\/wp-content\/uploads\/2020\/10\/logocolor.jpg\",\"width\":250,\"height\":98,\"caption\":\"Ajuntament de Sant Josep de sa Talaia\"},\"image\":{\"@id\":\"https:\/\/cultura.santjosep.org\/es\/#\/schema\/logo\/image\/\"},\"sameAs\":[\"https:\/\/www.facebook.com\/Ajuntament-de-Sant-Josep-de-sa-Talaia-197541666931354\/\",\"https:\/\/x.com\/DeTalaia\",\"https:\/\/www.instagram.com\/sant_josep_de_sa_talaia\/\"]}]}<\/script>\n<!-- \/ Yoast SEO plugin. -->","yoast_head_json":{"title":"Viernes de cine en Can Jeroni \u2013 \u2018Encanto\u2019 - Cultura a Sant Josep de sa Talaia","robots":{"index":"index","follow":"follow","max-snippet":"max-snippet:-1","max-image-preview":"max-image-preview:large","max-video-preview":"max-video-preview:-1"},"canonical":"https:\/\/cultura.santjosep.org\/es\/agenda\/viernes-de-cine-en-can-jeroni-encanto\/","og_locale":"es_ES","og_type":"article","og_title":"Viernes de cine en Can Jeroni \u2013 \u2018Encanto\u2019 - Cultura a Sant Josep de sa Talaia","og_description":"\u2018Encanto\u2019 | Catal\u00e1n | 2021 | Duraci\u00f3n: 99 min. Estados Unidos Direcci\u00f3n: Jared Bush, Byron Howard, Charise Castro Smith Sinopsis:\u00a0Cuenta la historia de una familia extraordinaria, los Madrigal, que viven &hellip; Seguir leyendo \u00abViernes de cine en Can Jeroni \u2013 \u2018Encanto\u2019\u00bb","og_url":"https:\/\/cultura.santjosep.org\/es\/agenda\/viernes-de-cine-en-can-jeroni-encanto\/","og_site_name":"Cultura a Sant Josep de sa Talaia","article_publisher":"https:\/\/www.facebook.com\/Ajuntament-de-Sant-Josep-de-sa-Talaia-197541666931354\/","og_image":[{"width":1280,"height":683,"url":"https:\/\/cultura.santjosep.org\/wp-content\/uploads\/2022\/12\/encanto-imgpeli.jpg","type":"image\/jpeg"}],"twitter_card":"summary_large_image","twitter_site":"@DeTalaia","twitter_misc":{"Tiempo de lectura":"1 minuto"},"schema":{"@context":"https:\/\/schema.org","@graph":[{"@type":"WebPage","@id":"https:\/\/cultura.santjosep.org\/es\/agenda\/viernes-de-cine-en-can-jeroni-encanto\/","url":"https:\/\/cultura.santjosep.org\/es\/agenda\/viernes-de-cine-en-can-jeroni-encanto\/","name":"Viernes de cine en Can Jeroni \u2013 \u2018Encanto\u2019 - Cultura a Sant Josep de sa Talaia","isPartOf":{"@id":"https:\/\/cultura.santjosep.org\/es\/#website"},"primaryImageOfPage":{"@id":"https:\/\/cultura.santjosep.org\/es\/agenda\/viernes-de-cine-en-can-jeroni-encanto\/#primaryimage"},"image":{"@id":"https:\/\/cultura.santjosep.org\/es\/agenda\/viernes-de-cine-en-can-jeroni-encanto\/#primaryimage"},"thumbnailUrl":"https:\/\/cultura.santjosep.org\/wp-content\/uploads\/2022\/12\/encanto-imgpeli.jpg","datePublished":"2022-12-05T08:39:10+00:00","breadcrumb":{"@id":"https:\/\/cultura.santjosep.org\/es\/agenda\/viernes-de-cine-en-can-jeroni-encanto\/#breadcrumb"},"inLanguage":"es","potentialAction":[{"@type":"ReadAction","target":["https:\/\/cultura.santjosep.org\/es\/agenda\/viernes-de-cine-en-can-jeroni-encanto\/"]}]},{"@type":"ImageObject","inLanguage":"es","@id":"https:\/\/cultura.santjosep.org\/es\/agenda\/viernes-de-cine-en-can-jeroni-encanto\/#primaryimage","url":"https:\/\/cultura.santjosep.org\/wp-content\/uploads\/2022\/12\/encanto-imgpeli.jpg","contentUrl":"https:\/\/cultura.santjosep.org\/wp-content\/uploads\/2022\/12\/encanto-imgpeli.jpg","width":1280,"height":683},{"@type":"BreadcrumbList","@id":"https:\/\/cultura.santjosep.org\/es\/agenda\/viernes-de-cine-en-can-jeroni-encanto\/#breadcrumb","itemListElement":[{"@type":"ListItem","position":1,"name":"Portada","item":"https:\/\/cultura.santjosep.org\/es\/"},{"@type":"ListItem","position":2,"name":"Eventos","item":"https:\/\/cultura.santjosep.org\/agenda\/"},{"@type":"ListItem","position":3,"name":"Viernes de cine en Can Jeroni \u2013 \u2018Encanto\u2019"}]},{"@type":"WebSite","@id":"https:\/\/cultura.santjosep.org\/es\/#website","url":"https:\/\/cultura.santjosep.org\/es\/","name":"Cultura a Sant Josep de sa Talaia","description":"","publisher":{"@id":"https:\/\/cultura.santjosep.org\/es\/#organization"},"potentialAction":[{"@type":"SearchAction","target":{"@type":"EntryPoint","urlTemplate":"https:\/\/cultura.santjosep.org\/es\/?s={search_term_string}"},"query-input":{"@type":"PropertyValueSpecification","valueRequired":true,"valueName":"search_term_string"}}],"inLanguage":"es"},{"@type":"Organization","@id":"https:\/\/cultura.santjosep.org\/es\/#organization","name":"Ajuntament de Sant Josep de sa Talaia","url":"https:\/\/cultura.santjosep.org\/es\/","logo":{"@type":"ImageObject","inLanguage":"es","@id":"https:\/\/cultura.santjosep.org\/es\/#\/schema\/logo\/image\/","url":"https:\/\/cultura.santjosep.org\/wp-content\/uploads\/2020\/10\/logocolor.jpg","contentUrl":"https:\/\/cultura.santjosep.org\/wp-content\/uploads\/2020\/10\/logocolor.jpg","width":250,"height":98,"caption":"Ajuntament de Sant Josep de sa Talaia"},"image":{"@id":"https:\/\/cultura.santjosep.org\/es\/#\/schema\/logo\/image\/"},"sameAs":["https:\/\/www.facebook.com\/Ajuntament-de-Sant-Josep-de-sa-Talaia-197541666931354\/","https:\/\/x.com\/DeTalaia","https:\/\/www.instagram.com\/sant_josep_de_sa_talaia\/"]}]}},"_links":{"self":[{"href":"https:\/\/cultura.santjosep.org\/es\/wp-json\/wp\/v2\/tribe_events\/15615","targetHints":{"allow":["GET"]}}],"collection":[{"href":"https:\/\/cultura.santjosep.org\/es\/wp-json\/wp\/v2\/tribe_events"}],"about":[{"href":"https:\/\/cultura.santjosep.org\/es\/wp-json\/wp\/v2\/types\/tribe_events"}],"author":[{"embeddable":true,"href":"https:\/\/cultura.santjosep.org\/es\/wp-json\/wp\/v2\/users\/1"}],"version-history":[{"count":0,"href":"https:\/\/cultura.santjosep.org\/es\/wp-json\/wp\/v2\/tribe_events\/15615\/revisions"}],"wp:featuredmedia":[{"embeddable":true,"href":"https:\/\/cultura.santjosep.org\/es\/wp-json\/wp\/v2\/media\/15616"}],"wp:attachment":[{"href":"https:\/\/cultura.santjosep.org\/es\/wp-json\/wp\/v2\/media?parent=15615"}],"wp:term":[{"taxonomy":"post_tag","embeddable":true,"href":"https:\/\/cultura.santjosep.org\/es\/wp-json\/wp\/v2\/tags?post=15615"},{"taxonomy":"tribe_events_cat","embeddable":true,"href":"https:\/\/cultura.santjosep.org\/es\/wp-json\/wp\/v2\/tribe_events_cat?post=15615"}],"curies":[{"name":"wp","href":"https:\/\/api.w.org\/{rel}","templated":true}]}}