{"id":15838,"date":"2022-12-09T09:18:48","date_gmt":"2022-12-09T08:18:48","guid":{"rendered":"https:\/\/cultura.santjosep.org\/agenda\/concert-mosaico\/"},"modified":"2022-12-22T08:14:26","modified_gmt":"2022-12-22T07:14:26","slug":"concert-mosaico","status":"publish","type":"tribe_events","link":"https:\/\/cultura.santjosep.org\/es\/agenda\/concert-mosaico\/","title":{"rendered":"Concert &#8211; &#8216;Mosaico&#8217;"},"content":{"rendered":"<p><strong>20:00 h | Concert &#8211; &#8216;Mosaico&#8217; del flautista Rafael Adobas Bayog.<\/strong><br \/>\n1r Premi del Concurs Internacional de Flauta de Kobe 2022 (Jap\u00f3).<\/p>\n<p>L\u2019Ajuntament de Sant Josep de sa Talaia organitza el recital del flautista eivissenc Rafael Adobas Bayog, un jove amb una traject\u00f2ria ascendent que ja ha guanyat, als 25 anys, cert\u00e0mens de tant prestigi com el Concurs Internacional de Flauta de Kobe, al jap\u00f3, i que est\u00e0 considerat el m\u00e9s important del m\u00f3n. De fet, Adobas \u00e9s el primer concertista espanyol que ho aconsegueix i d\u2019aqu\u00ed dos dies el p\u00fablic amant de la m\u00fasica tendr\u00e0 una ocasi\u00f3 \u00fanica per gaudir del seu talent al Centre de Cultura Can Jeroni a les 20 hores en un recital que porta per t\u00edtol \u2018Mosaico\u2019 i amb entrada gratu\u00efta.<\/p>\n<p>Entrada lliure fins a completar cabuda.<\/p>\n<p><a href=\"https:\/\/cultura.santjosep.org\/\/wp-content\/uploads\/2022\/12\/ProgramaFestesNadal.pdf\" target=\"_blank\" rel=\"noopener\"><strong><span style=\"color: #b32920;\">Descarrega el programa de festes de Nadal 2022\/23<\/span><\/strong><\/a><\/p>\n<p><img loading=\"lazy\" decoding=\"async\" class=\"alignnone wp-image-16433 size-full\" src=\"https:\/\/cultura.santjosep.org\/wp-content\/uploads\/2022\/12\/rafa1.jpg\" alt=\"\" width=\"1500\" height=\"1611\" srcset=\"https:\/\/cultura.santjosep.org\/wp-content\/uploads\/2022\/12\/rafa1.jpg 1500w, https:\/\/cultura.santjosep.org\/wp-content\/uploads\/2022\/12\/rafa1-279x300.jpg 279w, https:\/\/cultura.santjosep.org\/wp-content\/uploads\/2022\/12\/rafa1-953x1024.jpg 953w, https:\/\/cultura.santjosep.org\/wp-content\/uploads\/2022\/12\/rafa1-768x825.jpg 768w, https:\/\/cultura.santjosep.org\/wp-content\/uploads\/2022\/12\/rafa1-1430x1536.jpg 1430w, https:\/\/cultura.santjosep.org\/wp-content\/uploads\/2022\/12\/rafa1-1320x1418.jpg 1320w\" sizes=\"auto, (max-width: 1500px) 100vw, 1500px\" \/><\/p>\n<p>&nbsp;<\/p>\n","protected":false},"excerpt":{"rendered":"<p>20:00 h | Concert &#8211; &#8216;Mosaico&#8217; del flautista Rafael Adobas Bayog. 1r Premi del Concurs Internacional de Flauta de Kobe 2022 (Jap\u00f3). L\u2019Ajuntament de Sant Josep de sa Talaia organitza &hellip; <\/p>\n<p class=\"link-more\"><a href=\"https:\/\/cultura.santjosep.org\/es\/agenda\/concert-mosaico\/\" class=\"more-link\">Seguir leyendo<span class=\"screen-reader-text\"> \u00abConcert &#8211; &#8216;Mosaico&#8217;\u00bb<\/span><\/a><\/p>\n","protected":false},"author":1,"featured_media":15840,"template":"","meta":{"_tribe_events_status":"","_tribe_events_status_reason":"","_tribe_events_is_hybrid":"","_tribe_events_is_virtual":"","_tribe_events_virtual_video_source":"","_tribe_events_virtual_embed_video":"","_tribe_events_virtual_linked_button_text":"","_tribe_events_virtual_linked_button":"","_tribe_events_virtual_show_embed_at":"","_tribe_events_virtual_show_embed_to":[],"_tribe_events_virtual_show_on_event":"","_tribe_events_virtual_show_on_views":"","_tribe_events_virtual_url":"","footnotes":""},"tags":[],"tribe_events_cat":[157],"class_list":["post-15838","tribe_events","type-tribe_events","status-publish","has-post-thumbnail","hentry","tribe_events_cat-fiestas-de-navidad","cat_fiestas-de-navidad","entry"],"yoast_head":"<!-- This site is optimized with the Yoast SEO plugin v26.6 - https:\/\/yoast.com\/wordpress\/plugins\/seo\/ -->\n<title>Concert - &#039;Mosaico&#039; - Cultura a Sant Josep de sa Talaia<\/title>\n<meta name=\"robots\" content=\"index, follow, max-snippet:-1, max-image-preview:large, max-video-preview:-1\" \/>\n<link rel=\"canonical\" href=\"https:\/\/cultura.santjosep.org\/es\/agenda\/concert-mosaico\/\" \/>\n<meta property=\"og:locale\" content=\"es_ES\" \/>\n<meta property=\"og:type\" content=\"article\" \/>\n<meta property=\"og:title\" content=\"Concert - &#039;Mosaico&#039; - Cultura a Sant Josep de sa Talaia\" \/>\n<meta property=\"og:description\" content=\"20:00 h | Concert &#8211; &#8216;Mosaico&#8217; del flautista Rafael Adobas Bayog. 1r Premi del Concurs Internacional de Flauta de Kobe 2022 (Jap\u00f3). L\u2019Ajuntament de Sant Josep de sa Talaia organitza &hellip; Seguir leyendo \u00abConcert &#8211; &#8216;Mosaico&#8217;\u00bb\" \/>\n<meta property=\"og:url\" content=\"https:\/\/cultura.santjosep.org\/es\/agenda\/concert-mosaico\/\" \/>\n<meta property=\"og:site_name\" content=\"Cultura a Sant Josep de sa Talaia\" \/>\n<meta property=\"article:publisher\" content=\"https:\/\/www.facebook.com\/Ajuntament-de-Sant-Josep-de-sa-Talaia-197541666931354\/\" \/>\n<meta property=\"article:modified_time\" content=\"2022-12-22T07:14:26+00:00\" \/>\n<meta property=\"og:image\" content=\"https:\/\/cultura.santjosep.org\/wp-content\/uploads\/2022\/12\/rafael-adobas-bayog-rec.jpg\" \/>\n\t<meta property=\"og:image:width\" content=\"1400\" \/>\n\t<meta property=\"og:image:height\" content=\"933\" \/>\n\t<meta property=\"og:image:type\" content=\"image\/jpeg\" \/>\n<meta name=\"twitter:card\" content=\"summary_large_image\" \/>\n<meta name=\"twitter:site\" content=\"@DeTalaia\" \/>\n<meta name=\"twitter:label1\" content=\"Tiempo de lectura\" \/>\n\t<meta name=\"twitter:data1\" content=\"1 minuto\" \/>\n<script type=\"application\/ld+json\" class=\"yoast-schema-graph\">{\"@context\":\"https:\/\/schema.org\",\"@graph\":[{\"@type\":\"WebPage\",\"@id\":\"https:\/\/cultura.santjosep.org\/es\/agenda\/concert-mosaico\/\",\"url\":\"https:\/\/cultura.santjosep.org\/es\/agenda\/concert-mosaico\/\",\"name\":\"Concert - 'Mosaico' - Cultura a Sant Josep de sa Talaia\",\"isPartOf\":{\"@id\":\"https:\/\/cultura.santjosep.org\/es\/#website\"},\"primaryImageOfPage\":{\"@id\":\"https:\/\/cultura.santjosep.org\/es\/agenda\/concert-mosaico\/#primaryimage\"},\"image\":{\"@id\":\"https:\/\/cultura.santjosep.org\/es\/agenda\/concert-mosaico\/#primaryimage\"},\"thumbnailUrl\":\"https:\/\/cultura.santjosep.org\/wp-content\/uploads\/2022\/12\/rafael-adobas-bayog-rec.jpg\",\"datePublished\":\"2022-12-09T08:18:48+00:00\",\"dateModified\":\"2022-12-22T07:14:26+00:00\",\"breadcrumb\":{\"@id\":\"https:\/\/cultura.santjosep.org\/es\/agenda\/concert-mosaico\/#breadcrumb\"},\"inLanguage\":\"es\",\"potentialAction\":[{\"@type\":\"ReadAction\",\"target\":[\"https:\/\/cultura.santjosep.org\/es\/agenda\/concert-mosaico\/\"]}]},{\"@type\":\"ImageObject\",\"inLanguage\":\"es\",\"@id\":\"https:\/\/cultura.santjosep.org\/es\/agenda\/concert-mosaico\/#primaryimage\",\"url\":\"https:\/\/cultura.santjosep.org\/wp-content\/uploads\/2022\/12\/rafael-adobas-bayog-rec.jpg\",\"contentUrl\":\"https:\/\/cultura.santjosep.org\/wp-content\/uploads\/2022\/12\/rafael-adobas-bayog-rec.jpg\",\"width\":1400,\"height\":933},{\"@type\":\"BreadcrumbList\",\"@id\":\"https:\/\/cultura.santjosep.org\/es\/agenda\/concert-mosaico\/#breadcrumb\",\"itemListElement\":[{\"@type\":\"ListItem\",\"position\":1,\"name\":\"Portada\",\"item\":\"https:\/\/cultura.santjosep.org\/es\/\"},{\"@type\":\"ListItem\",\"position\":2,\"name\":\"Eventos\",\"item\":\"https:\/\/cultura.santjosep.org\/agenda\/\"},{\"@type\":\"ListItem\",\"position\":3,\"name\":\"Concert &#8211; &#8216;Mosaico&#8217;\"}]},{\"@type\":\"WebSite\",\"@id\":\"https:\/\/cultura.santjosep.org\/es\/#website\",\"url\":\"https:\/\/cultura.santjosep.org\/es\/\",\"name\":\"Cultura a Sant Josep de sa Talaia\",\"description\":\"\",\"publisher\":{\"@id\":\"https:\/\/cultura.santjosep.org\/es\/#organization\"},\"potentialAction\":[{\"@type\":\"SearchAction\",\"target\":{\"@type\":\"EntryPoint\",\"urlTemplate\":\"https:\/\/cultura.santjosep.org\/es\/?s={search_term_string}\"},\"query-input\":{\"@type\":\"PropertyValueSpecification\",\"valueRequired\":true,\"valueName\":\"search_term_string\"}}],\"inLanguage\":\"es\"},{\"@type\":\"Organization\",\"@id\":\"https:\/\/cultura.santjosep.org\/es\/#organization\",\"name\":\"Ajuntament de Sant Josep de sa Talaia\",\"url\":\"https:\/\/cultura.santjosep.org\/es\/\",\"logo\":{\"@type\":\"ImageObject\",\"inLanguage\":\"es\",\"@id\":\"https:\/\/cultura.santjosep.org\/es\/#\/schema\/logo\/image\/\",\"url\":\"https:\/\/cultura.santjosep.org\/wp-content\/uploads\/2020\/10\/logocolor.jpg\",\"contentUrl\":\"https:\/\/cultura.santjosep.org\/wp-content\/uploads\/2020\/10\/logocolor.jpg\",\"width\":250,\"height\":98,\"caption\":\"Ajuntament de Sant Josep de sa Talaia\"},\"image\":{\"@id\":\"https:\/\/cultura.santjosep.org\/es\/#\/schema\/logo\/image\/\"},\"sameAs\":[\"https:\/\/www.facebook.com\/Ajuntament-de-Sant-Josep-de-sa-Talaia-197541666931354\/\",\"https:\/\/x.com\/DeTalaia\",\"https:\/\/www.instagram.com\/sant_josep_de_sa_talaia\/\"]}]}<\/script>\n<!-- \/ Yoast SEO plugin. -->","yoast_head_json":{"title":"Concert - 'Mosaico' - Cultura a Sant Josep de sa Talaia","robots":{"index":"index","follow":"follow","max-snippet":"max-snippet:-1","max-image-preview":"max-image-preview:large","max-video-preview":"max-video-preview:-1"},"canonical":"https:\/\/cultura.santjosep.org\/es\/agenda\/concert-mosaico\/","og_locale":"es_ES","og_type":"article","og_title":"Concert - 'Mosaico' - Cultura a Sant Josep de sa Talaia","og_description":"20:00 h | Concert &#8211; &#8216;Mosaico&#8217; del flautista Rafael Adobas Bayog. 1r Premi del Concurs Internacional de Flauta de Kobe 2022 (Jap\u00f3). L\u2019Ajuntament de Sant Josep de sa Talaia organitza &hellip; Seguir leyendo \u00abConcert &#8211; &#8216;Mosaico&#8217;\u00bb","og_url":"https:\/\/cultura.santjosep.org\/es\/agenda\/concert-mosaico\/","og_site_name":"Cultura a Sant Josep de sa Talaia","article_publisher":"https:\/\/www.facebook.com\/Ajuntament-de-Sant-Josep-de-sa-Talaia-197541666931354\/","article_modified_time":"2022-12-22T07:14:26+00:00","og_image":[{"width":1400,"height":933,"url":"https:\/\/cultura.santjosep.org\/wp-content\/uploads\/2022\/12\/rafael-adobas-bayog-rec.jpg","type":"image\/jpeg"}],"twitter_card":"summary_large_image","twitter_site":"@DeTalaia","twitter_misc":{"Tiempo de lectura":"1 minuto"},"schema":{"@context":"https:\/\/schema.org","@graph":[{"@type":"WebPage","@id":"https:\/\/cultura.santjosep.org\/es\/agenda\/concert-mosaico\/","url":"https:\/\/cultura.santjosep.org\/es\/agenda\/concert-mosaico\/","name":"Concert - 'Mosaico' - Cultura a Sant Josep de sa Talaia","isPartOf":{"@id":"https:\/\/cultura.santjosep.org\/es\/#website"},"primaryImageOfPage":{"@id":"https:\/\/cultura.santjosep.org\/es\/agenda\/concert-mosaico\/#primaryimage"},"image":{"@id":"https:\/\/cultura.santjosep.org\/es\/agenda\/concert-mosaico\/#primaryimage"},"thumbnailUrl":"https:\/\/cultura.santjosep.org\/wp-content\/uploads\/2022\/12\/rafael-adobas-bayog-rec.jpg","datePublished":"2022-12-09T08:18:48+00:00","dateModified":"2022-12-22T07:14:26+00:00","breadcrumb":{"@id":"https:\/\/cultura.santjosep.org\/es\/agenda\/concert-mosaico\/#breadcrumb"},"inLanguage":"es","potentialAction":[{"@type":"ReadAction","target":["https:\/\/cultura.santjosep.org\/es\/agenda\/concert-mosaico\/"]}]},{"@type":"ImageObject","inLanguage":"es","@id":"https:\/\/cultura.santjosep.org\/es\/agenda\/concert-mosaico\/#primaryimage","url":"https:\/\/cultura.santjosep.org\/wp-content\/uploads\/2022\/12\/rafael-adobas-bayog-rec.jpg","contentUrl":"https:\/\/cultura.santjosep.org\/wp-content\/uploads\/2022\/12\/rafael-adobas-bayog-rec.jpg","width":1400,"height":933},{"@type":"BreadcrumbList","@id":"https:\/\/cultura.santjosep.org\/es\/agenda\/concert-mosaico\/#breadcrumb","itemListElement":[{"@type":"ListItem","position":1,"name":"Portada","item":"https:\/\/cultura.santjosep.org\/es\/"},{"@type":"ListItem","position":2,"name":"Eventos","item":"https:\/\/cultura.santjosep.org\/agenda\/"},{"@type":"ListItem","position":3,"name":"Concert &#8211; &#8216;Mosaico&#8217;"}]},{"@type":"WebSite","@id":"https:\/\/cultura.santjosep.org\/es\/#website","url":"https:\/\/cultura.santjosep.org\/es\/","name":"Cultura a Sant Josep de sa Talaia","description":"","publisher":{"@id":"https:\/\/cultura.santjosep.org\/es\/#organization"},"potentialAction":[{"@type":"SearchAction","target":{"@type":"EntryPoint","urlTemplate":"https:\/\/cultura.santjosep.org\/es\/?s={search_term_string}"},"query-input":{"@type":"PropertyValueSpecification","valueRequired":true,"valueName":"search_term_string"}}],"inLanguage":"es"},{"@type":"Organization","@id":"https:\/\/cultura.santjosep.org\/es\/#organization","name":"Ajuntament de Sant Josep de sa Talaia","url":"https:\/\/cultura.santjosep.org\/es\/","logo":{"@type":"ImageObject","inLanguage":"es","@id":"https:\/\/cultura.santjosep.org\/es\/#\/schema\/logo\/image\/","url":"https:\/\/cultura.santjosep.org\/wp-content\/uploads\/2020\/10\/logocolor.jpg","contentUrl":"https:\/\/cultura.santjosep.org\/wp-content\/uploads\/2020\/10\/logocolor.jpg","width":250,"height":98,"caption":"Ajuntament de Sant Josep de sa Talaia"},"image":{"@id":"https:\/\/cultura.santjosep.org\/es\/#\/schema\/logo\/image\/"},"sameAs":["https:\/\/www.facebook.com\/Ajuntament-de-Sant-Josep-de-sa-Talaia-197541666931354\/","https:\/\/x.com\/DeTalaia","https:\/\/www.instagram.com\/sant_josep_de_sa_talaia\/"]}]}},"_links":{"self":[{"href":"https:\/\/cultura.santjosep.org\/es\/wp-json\/wp\/v2\/tribe_events\/15838","targetHints":{"allow":["GET"]}}],"collection":[{"href":"https:\/\/cultura.santjosep.org\/es\/wp-json\/wp\/v2\/tribe_events"}],"about":[{"href":"https:\/\/cultura.santjosep.org\/es\/wp-json\/wp\/v2\/types\/tribe_events"}],"author":[{"embeddable":true,"href":"https:\/\/cultura.santjosep.org\/es\/wp-json\/wp\/v2\/users\/1"}],"version-history":[{"count":0,"href":"https:\/\/cultura.santjosep.org\/es\/wp-json\/wp\/v2\/tribe_events\/15838\/revisions"}],"wp:featuredmedia":[{"embeddable":true,"href":"https:\/\/cultura.santjosep.org\/es\/wp-json\/wp\/v2\/media\/15840"}],"wp:attachment":[{"href":"https:\/\/cultura.santjosep.org\/es\/wp-json\/wp\/v2\/media?parent=15838"}],"wp:term":[{"taxonomy":"post_tag","embeddable":true,"href":"https:\/\/cultura.santjosep.org\/es\/wp-json\/wp\/v2\/tags?post=15838"},{"taxonomy":"tribe_events_cat","embeddable":true,"href":"https:\/\/cultura.santjosep.org\/es\/wp-json\/wp\/v2\/tribe_events_cat?post=15838"}],"curies":[{"name":"wp","href":"https:\/\/api.w.org\/{rel}","templated":true}]}}