{"id":15981,"date":"2022-12-09T12:20:53","date_gmt":"2022-12-09T11:20:53","guid":{"rendered":"https:\/\/cultura.santjosep.org\/agenda\/musica-per-a-families-astronautes-estrellats\/"},"modified":"2022-12-13T11:29:15","modified_gmt":"2022-12-13T10:29:15","slug":"musica-per-a-families-astronautes-estrellats","status":"publish","type":"tribe_events","link":"https:\/\/cultura.santjosep.org\/es\/agenda\/musica-per-a-families-astronautes-estrellats\/","title":{"rendered":"M\u00fasica per a fam\u00edlies &#8211; &#8216;Astronautes Estrellats&#8217;"},"content":{"rendered":"<p><strong>12:00 h | M\u00fasica per a fam\u00edlies &#8211; &#8216;Astronautes Estrellats&#8217; <\/strong>(Mallorca),<\/p>\n<p>animaci\u00f3 infantil a l&#8217;Auditori de Cal\u00f3 de s&#8217;Oli.<\/p>\n<p>Hi col\u00b7labora la Direcci\u00f3 General de Pol\u00edtica Ling\u00fcistica del Govern de les Illes Balears.<\/p>\n<p><a href=\"https:\/\/cultura.santjosep.org\/\/wp-content\/uploads\/2022\/12\/ProgramaFestesNadal.pdf\" target=\"_blank\" rel=\"noopener\"><strong><span style=\"color: #b32920;\">Descarrega el programa de festes de Nadal 2022\/23<\/span><\/strong><\/a><\/p>\n<p><img loading=\"lazy\" decoding=\"async\" class=\"alignnone size-full wp-image-16382\" src=\"https:\/\/cultura.santjosep.org\/wp-content\/uploads\/2022\/12\/cartellgran.jpeg\" alt=\"\" width=\"900\" height=\"1600\" srcset=\"https:\/\/cultura.santjosep.org\/wp-content\/uploads\/2022\/12\/cartellgran.jpeg 900w, https:\/\/cultura.santjosep.org\/wp-content\/uploads\/2022\/12\/cartellgran-169x300.jpeg 169w, https:\/\/cultura.santjosep.org\/wp-content\/uploads\/2022\/12\/cartellgran-576x1024.jpeg 576w, https:\/\/cultura.santjosep.org\/wp-content\/uploads\/2022\/12\/cartellgran-768x1365.jpeg 768w, https:\/\/cultura.santjosep.org\/wp-content\/uploads\/2022\/12\/cartellgran-864x1536.jpeg 864w\" sizes=\"auto, (max-width: 900px) 100vw, 900px\" \/><\/p>\n<p>&nbsp;<\/p>\n","protected":false},"excerpt":{"rendered":"<p>12:00 h | M\u00fasica per a fam\u00edlies &#8211; &#8216;Astronautes Estrellats&#8217; (Mallorca), animaci\u00f3 infantil a l&#8217;Auditori de Cal\u00f3 de s&#8217;Oli. Hi col\u00b7labora la Direcci\u00f3 General de Pol\u00edtica Ling\u00fcistica del Govern de &hellip; <\/p>\n<p class=\"link-more\"><a href=\"https:\/\/cultura.santjosep.org\/es\/agenda\/musica-per-a-families-astronautes-estrellats\/\" class=\"more-link\">Seguir leyendo<span class=\"screen-reader-text\"> \u00abM\u00fasica per a fam\u00edlies &#8211; &#8216;Astronautes Estrellats&#8217;\u00bb<\/span><\/a><\/p>\n","protected":false},"author":1,"featured_media":16378,"template":"","meta":{"_tribe_events_status":"","_tribe_events_status_reason":"","_tribe_events_is_hybrid":"","_tribe_events_is_virtual":"","_tribe_events_virtual_video_source":"","_tribe_events_virtual_embed_video":"","_tribe_events_virtual_linked_button_text":"","_tribe_events_virtual_linked_button":"","_tribe_events_virtual_show_embed_at":"","_tribe_events_virtual_show_embed_to":[],"_tribe_events_virtual_show_on_event":"","_tribe_events_virtual_show_on_views":"","_tribe_events_virtual_url":"","footnotes":""},"tags":[],"tribe_events_cat":[31,157],"class_list":["post-15981","tribe_events","type-tribe_events","status-publish","has-post-thumbnail","hentry","tribe_events_cat-conciertos","tribe_events_cat-fiestas-de-navidad","cat_conciertos","cat_fiestas-de-navidad","entry"],"yoast_head":"<!-- This site is optimized with the Yoast SEO plugin v26.6 - https:\/\/yoast.com\/wordpress\/plugins\/seo\/ -->\n<title>M\u00fasica per a fam\u00edlies - &#039;Astronautes Estrellats&#039; - Cultura a Sant Josep de sa Talaia<\/title>\n<meta name=\"robots\" content=\"index, follow, max-snippet:-1, max-image-preview:large, max-video-preview:-1\" \/>\n<link rel=\"canonical\" href=\"https:\/\/cultura.santjosep.org\/es\/agenda\/musica-per-a-families-astronautes-estrellats\/\" \/>\n<meta property=\"og:locale\" content=\"es_ES\" \/>\n<meta property=\"og:type\" content=\"article\" \/>\n<meta property=\"og:title\" content=\"M\u00fasica per a fam\u00edlies - &#039;Astronautes Estrellats&#039; - Cultura a Sant Josep de sa Talaia\" \/>\n<meta property=\"og:description\" content=\"12:00 h | M\u00fasica per a fam\u00edlies &#8211; &#8216;Astronautes Estrellats&#8217; (Mallorca), animaci\u00f3 infantil a l&#8217;Auditori de Cal\u00f3 de s&#8217;Oli. Hi col\u00b7labora la Direcci\u00f3 General de Pol\u00edtica Ling\u00fcistica del Govern de &hellip; Seguir leyendo \u00abM\u00fasica per a fam\u00edlies &#8211; &#8216;Astronautes Estrellats&#8217;\u00bb\" \/>\n<meta property=\"og:url\" content=\"https:\/\/cultura.santjosep.org\/es\/agenda\/musica-per-a-families-astronautes-estrellats\/\" \/>\n<meta property=\"og:site_name\" content=\"Cultura a Sant Josep de sa Talaia\" \/>\n<meta property=\"article:publisher\" content=\"https:\/\/www.facebook.com\/Ajuntament-de-Sant-Josep-de-sa-Talaia-197541666931354\/\" \/>\n<meta property=\"article:modified_time\" content=\"2022-12-13T10:29:15+00:00\" \/>\n<meta property=\"og:image\" content=\"https:\/\/cultura.santjosep.org\/wp-content\/uploads\/2022\/12\/fotoconcertastronautas.jpeg\" \/>\n\t<meta property=\"og:image:width\" content=\"1080\" \/>\n\t<meta property=\"og:image:height\" content=\"1080\" \/>\n\t<meta property=\"og:image:type\" content=\"image\/jpeg\" \/>\n<meta name=\"twitter:card\" content=\"summary_large_image\" \/>\n<meta name=\"twitter:site\" content=\"@DeTalaia\" \/>\n<script type=\"application\/ld+json\" class=\"yoast-schema-graph\">{\"@context\":\"https:\/\/schema.org\",\"@graph\":[{\"@type\":\"WebPage\",\"@id\":\"https:\/\/cultura.santjosep.org\/es\/agenda\/musica-per-a-families-astronautes-estrellats\/\",\"url\":\"https:\/\/cultura.santjosep.org\/es\/agenda\/musica-per-a-families-astronautes-estrellats\/\",\"name\":\"M\u00fasica per a fam\u00edlies - 'Astronautes Estrellats' - Cultura a Sant Josep de sa Talaia\",\"isPartOf\":{\"@id\":\"https:\/\/cultura.santjosep.org\/es\/#website\"},\"primaryImageOfPage\":{\"@id\":\"https:\/\/cultura.santjosep.org\/es\/agenda\/musica-per-a-families-astronautes-estrellats\/#primaryimage\"},\"image\":{\"@id\":\"https:\/\/cultura.santjosep.org\/es\/agenda\/musica-per-a-families-astronautes-estrellats\/#primaryimage\"},\"thumbnailUrl\":\"https:\/\/cultura.santjosep.org\/wp-content\/uploads\/2022\/12\/fotoconcertastronautas.jpeg\",\"datePublished\":\"2022-12-09T11:20:53+00:00\",\"dateModified\":\"2022-12-13T10:29:15+00:00\",\"breadcrumb\":{\"@id\":\"https:\/\/cultura.santjosep.org\/es\/agenda\/musica-per-a-families-astronautes-estrellats\/#breadcrumb\"},\"inLanguage\":\"es\",\"potentialAction\":[{\"@type\":\"ReadAction\",\"target\":[\"https:\/\/cultura.santjosep.org\/es\/agenda\/musica-per-a-families-astronautes-estrellats\/\"]}]},{\"@type\":\"ImageObject\",\"inLanguage\":\"es\",\"@id\":\"https:\/\/cultura.santjosep.org\/es\/agenda\/musica-per-a-families-astronautes-estrellats\/#primaryimage\",\"url\":\"https:\/\/cultura.santjosep.org\/wp-content\/uploads\/2022\/12\/fotoconcertastronautas.jpeg\",\"contentUrl\":\"https:\/\/cultura.santjosep.org\/wp-content\/uploads\/2022\/12\/fotoconcertastronautas.jpeg\",\"width\":1080,\"height\":1080},{\"@type\":\"BreadcrumbList\",\"@id\":\"https:\/\/cultura.santjosep.org\/es\/agenda\/musica-per-a-families-astronautes-estrellats\/#breadcrumb\",\"itemListElement\":[{\"@type\":\"ListItem\",\"position\":1,\"name\":\"Portada\",\"item\":\"https:\/\/cultura.santjosep.org\/es\/\"},{\"@type\":\"ListItem\",\"position\":2,\"name\":\"Eventos\",\"item\":\"https:\/\/cultura.santjosep.org\/agenda\/\"},{\"@type\":\"ListItem\",\"position\":3,\"name\":\"M\u00fasica per a fam\u00edlies &#8211; &#8216;Astronautes Estrellats&#8217;\"}]},{\"@type\":\"WebSite\",\"@id\":\"https:\/\/cultura.santjosep.org\/es\/#website\",\"url\":\"https:\/\/cultura.santjosep.org\/es\/\",\"name\":\"Cultura a Sant Josep de sa Talaia\",\"description\":\"\",\"publisher\":{\"@id\":\"https:\/\/cultura.santjosep.org\/es\/#organization\"},\"potentialAction\":[{\"@type\":\"SearchAction\",\"target\":{\"@type\":\"EntryPoint\",\"urlTemplate\":\"https:\/\/cultura.santjosep.org\/es\/?s={search_term_string}\"},\"query-input\":{\"@type\":\"PropertyValueSpecification\",\"valueRequired\":true,\"valueName\":\"search_term_string\"}}],\"inLanguage\":\"es\"},{\"@type\":\"Organization\",\"@id\":\"https:\/\/cultura.santjosep.org\/es\/#organization\",\"name\":\"Ajuntament de Sant Josep de sa Talaia\",\"url\":\"https:\/\/cultura.santjosep.org\/es\/\",\"logo\":{\"@type\":\"ImageObject\",\"inLanguage\":\"es\",\"@id\":\"https:\/\/cultura.santjosep.org\/es\/#\/schema\/logo\/image\/\",\"url\":\"https:\/\/cultura.santjosep.org\/wp-content\/uploads\/2020\/10\/logocolor.jpg\",\"contentUrl\":\"https:\/\/cultura.santjosep.org\/wp-content\/uploads\/2020\/10\/logocolor.jpg\",\"width\":250,\"height\":98,\"caption\":\"Ajuntament de Sant Josep de sa Talaia\"},\"image\":{\"@id\":\"https:\/\/cultura.santjosep.org\/es\/#\/schema\/logo\/image\/\"},\"sameAs\":[\"https:\/\/www.facebook.com\/Ajuntament-de-Sant-Josep-de-sa-Talaia-197541666931354\/\",\"https:\/\/x.com\/DeTalaia\",\"https:\/\/www.instagram.com\/sant_josep_de_sa_talaia\/\"]}]}<\/script>\n<!-- \/ Yoast SEO plugin. -->","yoast_head_json":{"title":"M\u00fasica per a fam\u00edlies - 'Astronautes Estrellats' - Cultura a Sant Josep de sa Talaia","robots":{"index":"index","follow":"follow","max-snippet":"max-snippet:-1","max-image-preview":"max-image-preview:large","max-video-preview":"max-video-preview:-1"},"canonical":"https:\/\/cultura.santjosep.org\/es\/agenda\/musica-per-a-families-astronautes-estrellats\/","og_locale":"es_ES","og_type":"article","og_title":"M\u00fasica per a fam\u00edlies - 'Astronautes Estrellats' - Cultura a Sant Josep de sa Talaia","og_description":"12:00 h | M\u00fasica per a fam\u00edlies &#8211; &#8216;Astronautes Estrellats&#8217; (Mallorca), animaci\u00f3 infantil a l&#8217;Auditori de Cal\u00f3 de s&#8217;Oli. Hi col\u00b7labora la Direcci\u00f3 General de Pol\u00edtica Ling\u00fcistica del Govern de &hellip; Seguir leyendo \u00abM\u00fasica per a fam\u00edlies &#8211; &#8216;Astronautes Estrellats&#8217;\u00bb","og_url":"https:\/\/cultura.santjosep.org\/es\/agenda\/musica-per-a-families-astronautes-estrellats\/","og_site_name":"Cultura a Sant Josep de sa Talaia","article_publisher":"https:\/\/www.facebook.com\/Ajuntament-de-Sant-Josep-de-sa-Talaia-197541666931354\/","article_modified_time":"2022-12-13T10:29:15+00:00","og_image":[{"width":1080,"height":1080,"url":"https:\/\/cultura.santjosep.org\/wp-content\/uploads\/2022\/12\/fotoconcertastronautas.jpeg","type":"image\/jpeg"}],"twitter_card":"summary_large_image","twitter_site":"@DeTalaia","schema":{"@context":"https:\/\/schema.org","@graph":[{"@type":"WebPage","@id":"https:\/\/cultura.santjosep.org\/es\/agenda\/musica-per-a-families-astronautes-estrellats\/","url":"https:\/\/cultura.santjosep.org\/es\/agenda\/musica-per-a-families-astronautes-estrellats\/","name":"M\u00fasica per a fam\u00edlies - 'Astronautes Estrellats' - Cultura a Sant Josep de sa Talaia","isPartOf":{"@id":"https:\/\/cultura.santjosep.org\/es\/#website"},"primaryImageOfPage":{"@id":"https:\/\/cultura.santjosep.org\/es\/agenda\/musica-per-a-families-astronautes-estrellats\/#primaryimage"},"image":{"@id":"https:\/\/cultura.santjosep.org\/es\/agenda\/musica-per-a-families-astronautes-estrellats\/#primaryimage"},"thumbnailUrl":"https:\/\/cultura.santjosep.org\/wp-content\/uploads\/2022\/12\/fotoconcertastronautas.jpeg","datePublished":"2022-12-09T11:20:53+00:00","dateModified":"2022-12-13T10:29:15+00:00","breadcrumb":{"@id":"https:\/\/cultura.santjosep.org\/es\/agenda\/musica-per-a-families-astronautes-estrellats\/#breadcrumb"},"inLanguage":"es","potentialAction":[{"@type":"ReadAction","target":["https:\/\/cultura.santjosep.org\/es\/agenda\/musica-per-a-families-astronautes-estrellats\/"]}]},{"@type":"ImageObject","inLanguage":"es","@id":"https:\/\/cultura.santjosep.org\/es\/agenda\/musica-per-a-families-astronautes-estrellats\/#primaryimage","url":"https:\/\/cultura.santjosep.org\/wp-content\/uploads\/2022\/12\/fotoconcertastronautas.jpeg","contentUrl":"https:\/\/cultura.santjosep.org\/wp-content\/uploads\/2022\/12\/fotoconcertastronautas.jpeg","width":1080,"height":1080},{"@type":"BreadcrumbList","@id":"https:\/\/cultura.santjosep.org\/es\/agenda\/musica-per-a-families-astronautes-estrellats\/#breadcrumb","itemListElement":[{"@type":"ListItem","position":1,"name":"Portada","item":"https:\/\/cultura.santjosep.org\/es\/"},{"@type":"ListItem","position":2,"name":"Eventos","item":"https:\/\/cultura.santjosep.org\/agenda\/"},{"@type":"ListItem","position":3,"name":"M\u00fasica per a fam\u00edlies &#8211; &#8216;Astronautes Estrellats&#8217;"}]},{"@type":"WebSite","@id":"https:\/\/cultura.santjosep.org\/es\/#website","url":"https:\/\/cultura.santjosep.org\/es\/","name":"Cultura a Sant Josep de sa Talaia","description":"","publisher":{"@id":"https:\/\/cultura.santjosep.org\/es\/#organization"},"potentialAction":[{"@type":"SearchAction","target":{"@type":"EntryPoint","urlTemplate":"https:\/\/cultura.santjosep.org\/es\/?s={search_term_string}"},"query-input":{"@type":"PropertyValueSpecification","valueRequired":true,"valueName":"search_term_string"}}],"inLanguage":"es"},{"@type":"Organization","@id":"https:\/\/cultura.santjosep.org\/es\/#organization","name":"Ajuntament de Sant Josep de sa Talaia","url":"https:\/\/cultura.santjosep.org\/es\/","logo":{"@type":"ImageObject","inLanguage":"es","@id":"https:\/\/cultura.santjosep.org\/es\/#\/schema\/logo\/image\/","url":"https:\/\/cultura.santjosep.org\/wp-content\/uploads\/2020\/10\/logocolor.jpg","contentUrl":"https:\/\/cultura.santjosep.org\/wp-content\/uploads\/2020\/10\/logocolor.jpg","width":250,"height":98,"caption":"Ajuntament de Sant Josep de sa Talaia"},"image":{"@id":"https:\/\/cultura.santjosep.org\/es\/#\/schema\/logo\/image\/"},"sameAs":["https:\/\/www.facebook.com\/Ajuntament-de-Sant-Josep-de-sa-Talaia-197541666931354\/","https:\/\/x.com\/DeTalaia","https:\/\/www.instagram.com\/sant_josep_de_sa_talaia\/"]}]}},"_links":{"self":[{"href":"https:\/\/cultura.santjosep.org\/es\/wp-json\/wp\/v2\/tribe_events\/15981","targetHints":{"allow":["GET"]}}],"collection":[{"href":"https:\/\/cultura.santjosep.org\/es\/wp-json\/wp\/v2\/tribe_events"}],"about":[{"href":"https:\/\/cultura.santjosep.org\/es\/wp-json\/wp\/v2\/types\/tribe_events"}],"author":[{"embeddable":true,"href":"https:\/\/cultura.santjosep.org\/es\/wp-json\/wp\/v2\/users\/1"}],"version-history":[{"count":0,"href":"https:\/\/cultura.santjosep.org\/es\/wp-json\/wp\/v2\/tribe_events\/15981\/revisions"}],"wp:featuredmedia":[{"embeddable":true,"href":"https:\/\/cultura.santjosep.org\/es\/wp-json\/wp\/v2\/media\/16378"}],"wp:attachment":[{"href":"https:\/\/cultura.santjosep.org\/es\/wp-json\/wp\/v2\/media?parent=15981"}],"wp:term":[{"taxonomy":"post_tag","embeddable":true,"href":"https:\/\/cultura.santjosep.org\/es\/wp-json\/wp\/v2\/tags?post=15981"},{"taxonomy":"tribe_events_cat","embeddable":true,"href":"https:\/\/cultura.santjosep.org\/es\/wp-json\/wp\/v2\/tribe_events_cat?post=15981"}],"curies":[{"name":"wp","href":"https:\/\/api.w.org\/{rel}","templated":true}]}}