{"id":16291,"date":"2022-12-13T08:00:02","date_gmt":"2022-12-13T07:00:02","guid":{"rendered":"https:\/\/cultura.santjosep.org\/agenda\/iii-setmana-de-lesport-sant-josep-en-forma\/"},"modified":"2022-12-13T08:01:45","modified_gmt":"2022-12-13T07:01:45","slug":"iii-setmana-de-lesport-sant-josep-en-forma","status":"publish","type":"tribe_events","link":"https:\/\/cultura.santjosep.org\/es\/agenda\/iii-setmana-de-lesport-sant-josep-en-forma\/","title":{"rendered":"III Setmana de l&#8217;esport Sant Josep en Forma"},"content":{"rendered":"<p><strong>III Setmana de l&#8217;esport Sant Josep en Forma<\/strong><\/p>\n<p><strong>&#8211; Fins dimarts 13 de desembre<\/strong><br \/>\n\u00b7 I Concurs Fotogr\u00e0fic Sant Josep en Forma: Activitat F\u00edsica i Esport. Bases del concurs i m\u00e9s informaci\u00f3 al web de <a href=\"http:\/\/www.santjosep.org\/taulell-danuncis\/bases-del-concurs-fotografic-sant-josep-en-forma\/\" target=\"_blank\" rel=\"noopener\">Sant Josep.<\/a><\/p>\n<p><strong>&#8211; De dilluns 12 a divendres 16 de desembre<\/strong><br \/>\n\u00b7 17:00 h | Torneing d&#8217;Esports al Casal Xaire, a Sant Josep.<\/p>\n<p><strong>&#8211; Dimarts 13 de desembre<\/strong><br \/>\n\u00b7 11:00 h | Classe d&#8217;exhibici\u00f3 de gimn\u00e0stica amb el Club de Majors Sant Josep. A la pla\u00e7a de l&#8217;Esgl\u00e9sia de Sant Josep.<\/p>\n<p><strong>&#8211; Divendres 16 de desembre<\/strong><br \/>\n\u00b7 19:30 h | Gala de Premis Sant Josep en Forma 2022, per recon\u00e8ixer i fets rellevants de l&#8217;esport del municipi de la darrera temporada 2021\/22.<\/p>\n<p><strong>&#8211; Dissabte 17 de desembre<\/strong><br \/>\n\u00b7 9:00 h | En Forma a sa platja, a Cala Bassa. Jornada esportiva l\u00fadica i familiar amb activitats com ioga, pilates, travessia de nataci\u00f3, torneig de tennis.<\/p>\n","protected":false},"excerpt":{"rendered":"<p>III Setmana de l&#8217;esport Sant Josep en Forma &#8211; Fins dimarts 13 de desembre \u00b7 I Concurs Fotogr\u00e0fic Sant Josep en Forma: Activitat F\u00edsica i Esport. Bases del concurs i &hellip; <\/p>\n<p class=\"link-more\"><a href=\"https:\/\/cultura.santjosep.org\/es\/agenda\/iii-setmana-de-lesport-sant-josep-en-forma\/\" class=\"more-link\">Seguir leyendo<span class=\"screen-reader-text\"> \u00abIII Setmana de l&#8217;esport Sant Josep en Forma\u00bb<\/span><\/a><\/p>\n","protected":false},"author":1,"featured_media":15725,"template":"","meta":{"_tribe_events_status":"","_tribe_events_status_reason":"","_tribe_events_is_hybrid":"","_tribe_events_is_virtual":"","_tribe_events_virtual_video_source":"","_tribe_events_virtual_embed_video":"","_tribe_events_virtual_linked_button_text":"","_tribe_events_virtual_linked_button":"","_tribe_events_virtual_show_embed_at":"","_tribe_events_virtual_show_embed_to":[],"_tribe_events_virtual_show_on_event":"","_tribe_events_virtual_show_on_views":"","_tribe_events_virtual_url":"","footnotes":""},"tags":[],"tribe_events_cat":[67,157],"class_list":["post-16291","tribe_events","type-tribe_events","status-publish","has-post-thumbnail","hentry","tribe_events_cat-deportes","tribe_events_cat-fiestas-de-navidad","cat_deportes","cat_fiestas-de-navidad","entry"],"yoast_head":"<!-- This site is optimized with the Yoast SEO plugin v26.6 - https:\/\/yoast.com\/wordpress\/plugins\/seo\/ -->\n<title>III Setmana de l&#039;esport Sant Josep en Forma - Cultura a Sant Josep de sa Talaia<\/title>\n<meta name=\"robots\" content=\"index, follow, max-snippet:-1, max-image-preview:large, max-video-preview:-1\" \/>\n<link rel=\"canonical\" href=\"https:\/\/cultura.santjosep.org\/es\/agenda\/iii-setmana-de-lesport-sant-josep-en-forma\/\" \/>\n<meta property=\"og:locale\" content=\"es_ES\" \/>\n<meta property=\"og:type\" content=\"article\" \/>\n<meta property=\"og:title\" content=\"III Setmana de l&#039;esport Sant Josep en Forma - Cultura a Sant Josep de sa Talaia\" \/>\n<meta property=\"og:description\" content=\"III Setmana de l&#8217;esport Sant Josep en Forma &#8211; Fins dimarts 13 de desembre \u00b7 I Concurs Fotogr\u00e0fic Sant Josep en Forma: Activitat F\u00edsica i Esport. Bases del concurs i &hellip; Seguir leyendo \u00abIII Setmana de l&#8217;esport Sant Josep en Forma\u00bb\" \/>\n<meta property=\"og:url\" content=\"https:\/\/cultura.santjosep.org\/es\/agenda\/iii-setmana-de-lesport-sant-josep-en-forma\/\" \/>\n<meta property=\"og:site_name\" content=\"Cultura a Sant Josep de sa Talaia\" \/>\n<meta property=\"article:publisher\" content=\"https:\/\/www.facebook.com\/Ajuntament-de-Sant-Josep-de-sa-Talaia-197541666931354\/\" \/>\n<meta property=\"article:modified_time\" content=\"2022-12-13T07:01:45+00:00\" \/>\n<meta property=\"og:image\" content=\"https:\/\/cultura.santjosep.org\/wp-content\/uploads\/2022\/12\/ProgramaFestesNadal_page-0001.jpg\" \/>\n\t<meta property=\"og:image:width\" content=\"1063\" \/>\n\t<meta property=\"og:image:height\" content=\"857\" \/>\n\t<meta property=\"og:image:type\" content=\"image\/jpeg\" \/>\n<meta name=\"twitter:card\" content=\"summary_large_image\" \/>\n<meta name=\"twitter:site\" content=\"@DeTalaia\" \/>\n<meta name=\"twitter:label1\" content=\"Tiempo de lectura\" \/>\n\t<meta name=\"twitter:data1\" content=\"1 minuto\" \/>\n<script type=\"application\/ld+json\" class=\"yoast-schema-graph\">{\"@context\":\"https:\/\/schema.org\",\"@graph\":[{\"@type\":\"WebPage\",\"@id\":\"https:\/\/cultura.santjosep.org\/es\/agenda\/iii-setmana-de-lesport-sant-josep-en-forma\/\",\"url\":\"https:\/\/cultura.santjosep.org\/es\/agenda\/iii-setmana-de-lesport-sant-josep-en-forma\/\",\"name\":\"III Setmana de l'esport Sant Josep en Forma - Cultura a Sant Josep de sa Talaia\",\"isPartOf\":{\"@id\":\"https:\/\/cultura.santjosep.org\/es\/#website\"},\"primaryImageOfPage\":{\"@id\":\"https:\/\/cultura.santjosep.org\/es\/agenda\/iii-setmana-de-lesport-sant-josep-en-forma\/#primaryimage\"},\"image\":{\"@id\":\"https:\/\/cultura.santjosep.org\/es\/agenda\/iii-setmana-de-lesport-sant-josep-en-forma\/#primaryimage\"},\"thumbnailUrl\":\"https:\/\/cultura.santjosep.org\/wp-content\/uploads\/2022\/12\/ProgramaFestesNadal_page-0001.jpg\",\"datePublished\":\"2022-12-13T07:00:02+00:00\",\"dateModified\":\"2022-12-13T07:01:45+00:00\",\"breadcrumb\":{\"@id\":\"https:\/\/cultura.santjosep.org\/es\/agenda\/iii-setmana-de-lesport-sant-josep-en-forma\/#breadcrumb\"},\"inLanguage\":\"es\",\"potentialAction\":[{\"@type\":\"ReadAction\",\"target\":[\"https:\/\/cultura.santjosep.org\/es\/agenda\/iii-setmana-de-lesport-sant-josep-en-forma\/\"]}]},{\"@type\":\"ImageObject\",\"inLanguage\":\"es\",\"@id\":\"https:\/\/cultura.santjosep.org\/es\/agenda\/iii-setmana-de-lesport-sant-josep-en-forma\/#primaryimage\",\"url\":\"https:\/\/cultura.santjosep.org\/wp-content\/uploads\/2022\/12\/ProgramaFestesNadal_page-0001.jpg\",\"contentUrl\":\"https:\/\/cultura.santjosep.org\/wp-content\/uploads\/2022\/12\/ProgramaFestesNadal_page-0001.jpg\",\"width\":1063,\"height\":857},{\"@type\":\"BreadcrumbList\",\"@id\":\"https:\/\/cultura.santjosep.org\/es\/agenda\/iii-setmana-de-lesport-sant-josep-en-forma\/#breadcrumb\",\"itemListElement\":[{\"@type\":\"ListItem\",\"position\":1,\"name\":\"Portada\",\"item\":\"https:\/\/cultura.santjosep.org\/es\/\"},{\"@type\":\"ListItem\",\"position\":2,\"name\":\"Eventos\",\"item\":\"https:\/\/cultura.santjosep.org\/agenda\/\"},{\"@type\":\"ListItem\",\"position\":3,\"name\":\"III Setmana de l&#8217;esport Sant Josep en Forma\"}]},{\"@type\":\"WebSite\",\"@id\":\"https:\/\/cultura.santjosep.org\/es\/#website\",\"url\":\"https:\/\/cultura.santjosep.org\/es\/\",\"name\":\"Cultura a Sant Josep de sa Talaia\",\"description\":\"\",\"publisher\":{\"@id\":\"https:\/\/cultura.santjosep.org\/es\/#organization\"},\"potentialAction\":[{\"@type\":\"SearchAction\",\"target\":{\"@type\":\"EntryPoint\",\"urlTemplate\":\"https:\/\/cultura.santjosep.org\/es\/?s={search_term_string}\"},\"query-input\":{\"@type\":\"PropertyValueSpecification\",\"valueRequired\":true,\"valueName\":\"search_term_string\"}}],\"inLanguage\":\"es\"},{\"@type\":\"Organization\",\"@id\":\"https:\/\/cultura.santjosep.org\/es\/#organization\",\"name\":\"Ajuntament de Sant Josep de sa Talaia\",\"url\":\"https:\/\/cultura.santjosep.org\/es\/\",\"logo\":{\"@type\":\"ImageObject\",\"inLanguage\":\"es\",\"@id\":\"https:\/\/cultura.santjosep.org\/es\/#\/schema\/logo\/image\/\",\"url\":\"https:\/\/cultura.santjosep.org\/wp-content\/uploads\/2020\/10\/logocolor.jpg\",\"contentUrl\":\"https:\/\/cultura.santjosep.org\/wp-content\/uploads\/2020\/10\/logocolor.jpg\",\"width\":250,\"height\":98,\"caption\":\"Ajuntament de Sant Josep de sa Talaia\"},\"image\":{\"@id\":\"https:\/\/cultura.santjosep.org\/es\/#\/schema\/logo\/image\/\"},\"sameAs\":[\"https:\/\/www.facebook.com\/Ajuntament-de-Sant-Josep-de-sa-Talaia-197541666931354\/\",\"https:\/\/x.com\/DeTalaia\",\"https:\/\/www.instagram.com\/sant_josep_de_sa_talaia\/\"]}]}<\/script>\n<!-- \/ Yoast SEO plugin. -->","yoast_head_json":{"title":"III Setmana de l'esport Sant Josep en Forma - Cultura a Sant Josep de sa Talaia","robots":{"index":"index","follow":"follow","max-snippet":"max-snippet:-1","max-image-preview":"max-image-preview:large","max-video-preview":"max-video-preview:-1"},"canonical":"https:\/\/cultura.santjosep.org\/es\/agenda\/iii-setmana-de-lesport-sant-josep-en-forma\/","og_locale":"es_ES","og_type":"article","og_title":"III Setmana de l'esport Sant Josep en Forma - Cultura a Sant Josep de sa Talaia","og_description":"III Setmana de l&#8217;esport Sant Josep en Forma &#8211; Fins dimarts 13 de desembre \u00b7 I Concurs Fotogr\u00e0fic Sant Josep en Forma: Activitat F\u00edsica i Esport. Bases del concurs i &hellip; Seguir leyendo \u00abIII Setmana de l&#8217;esport Sant Josep en Forma\u00bb","og_url":"https:\/\/cultura.santjosep.org\/es\/agenda\/iii-setmana-de-lesport-sant-josep-en-forma\/","og_site_name":"Cultura a Sant Josep de sa Talaia","article_publisher":"https:\/\/www.facebook.com\/Ajuntament-de-Sant-Josep-de-sa-Talaia-197541666931354\/","article_modified_time":"2022-12-13T07:01:45+00:00","og_image":[{"width":1063,"height":857,"url":"https:\/\/cultura.santjosep.org\/wp-content\/uploads\/2022\/12\/ProgramaFestesNadal_page-0001.jpg","type":"image\/jpeg"}],"twitter_card":"summary_large_image","twitter_site":"@DeTalaia","twitter_misc":{"Tiempo de lectura":"1 minuto"},"schema":{"@context":"https:\/\/schema.org","@graph":[{"@type":"WebPage","@id":"https:\/\/cultura.santjosep.org\/es\/agenda\/iii-setmana-de-lesport-sant-josep-en-forma\/","url":"https:\/\/cultura.santjosep.org\/es\/agenda\/iii-setmana-de-lesport-sant-josep-en-forma\/","name":"III Setmana de l'esport Sant Josep en Forma - Cultura a Sant Josep de sa Talaia","isPartOf":{"@id":"https:\/\/cultura.santjosep.org\/es\/#website"},"primaryImageOfPage":{"@id":"https:\/\/cultura.santjosep.org\/es\/agenda\/iii-setmana-de-lesport-sant-josep-en-forma\/#primaryimage"},"image":{"@id":"https:\/\/cultura.santjosep.org\/es\/agenda\/iii-setmana-de-lesport-sant-josep-en-forma\/#primaryimage"},"thumbnailUrl":"https:\/\/cultura.santjosep.org\/wp-content\/uploads\/2022\/12\/ProgramaFestesNadal_page-0001.jpg","datePublished":"2022-12-13T07:00:02+00:00","dateModified":"2022-12-13T07:01:45+00:00","breadcrumb":{"@id":"https:\/\/cultura.santjosep.org\/es\/agenda\/iii-setmana-de-lesport-sant-josep-en-forma\/#breadcrumb"},"inLanguage":"es","potentialAction":[{"@type":"ReadAction","target":["https:\/\/cultura.santjosep.org\/es\/agenda\/iii-setmana-de-lesport-sant-josep-en-forma\/"]}]},{"@type":"ImageObject","inLanguage":"es","@id":"https:\/\/cultura.santjosep.org\/es\/agenda\/iii-setmana-de-lesport-sant-josep-en-forma\/#primaryimage","url":"https:\/\/cultura.santjosep.org\/wp-content\/uploads\/2022\/12\/ProgramaFestesNadal_page-0001.jpg","contentUrl":"https:\/\/cultura.santjosep.org\/wp-content\/uploads\/2022\/12\/ProgramaFestesNadal_page-0001.jpg","width":1063,"height":857},{"@type":"BreadcrumbList","@id":"https:\/\/cultura.santjosep.org\/es\/agenda\/iii-setmana-de-lesport-sant-josep-en-forma\/#breadcrumb","itemListElement":[{"@type":"ListItem","position":1,"name":"Portada","item":"https:\/\/cultura.santjosep.org\/es\/"},{"@type":"ListItem","position":2,"name":"Eventos","item":"https:\/\/cultura.santjosep.org\/agenda\/"},{"@type":"ListItem","position":3,"name":"III Setmana de l&#8217;esport Sant Josep en Forma"}]},{"@type":"WebSite","@id":"https:\/\/cultura.santjosep.org\/es\/#website","url":"https:\/\/cultura.santjosep.org\/es\/","name":"Cultura a Sant Josep de sa Talaia","description":"","publisher":{"@id":"https:\/\/cultura.santjosep.org\/es\/#organization"},"potentialAction":[{"@type":"SearchAction","target":{"@type":"EntryPoint","urlTemplate":"https:\/\/cultura.santjosep.org\/es\/?s={search_term_string}"},"query-input":{"@type":"PropertyValueSpecification","valueRequired":true,"valueName":"search_term_string"}}],"inLanguage":"es"},{"@type":"Organization","@id":"https:\/\/cultura.santjosep.org\/es\/#organization","name":"Ajuntament de Sant Josep de sa Talaia","url":"https:\/\/cultura.santjosep.org\/es\/","logo":{"@type":"ImageObject","inLanguage":"es","@id":"https:\/\/cultura.santjosep.org\/es\/#\/schema\/logo\/image\/","url":"https:\/\/cultura.santjosep.org\/wp-content\/uploads\/2020\/10\/logocolor.jpg","contentUrl":"https:\/\/cultura.santjosep.org\/wp-content\/uploads\/2020\/10\/logocolor.jpg","width":250,"height":98,"caption":"Ajuntament de Sant Josep de sa Talaia"},"image":{"@id":"https:\/\/cultura.santjosep.org\/es\/#\/schema\/logo\/image\/"},"sameAs":["https:\/\/www.facebook.com\/Ajuntament-de-Sant-Josep-de-sa-Talaia-197541666931354\/","https:\/\/x.com\/DeTalaia","https:\/\/www.instagram.com\/sant_josep_de_sa_talaia\/"]}]}},"_links":{"self":[{"href":"https:\/\/cultura.santjosep.org\/es\/wp-json\/wp\/v2\/tribe_events\/16291","targetHints":{"allow":["GET"]}}],"collection":[{"href":"https:\/\/cultura.santjosep.org\/es\/wp-json\/wp\/v2\/tribe_events"}],"about":[{"href":"https:\/\/cultura.santjosep.org\/es\/wp-json\/wp\/v2\/types\/tribe_events"}],"author":[{"embeddable":true,"href":"https:\/\/cultura.santjosep.org\/es\/wp-json\/wp\/v2\/users\/1"}],"version-history":[{"count":0,"href":"https:\/\/cultura.santjosep.org\/es\/wp-json\/wp\/v2\/tribe_events\/16291\/revisions"}],"wp:featuredmedia":[{"embeddable":true,"href":"https:\/\/cultura.santjosep.org\/es\/wp-json\/wp\/v2\/media\/15725"}],"wp:attachment":[{"href":"https:\/\/cultura.santjosep.org\/es\/wp-json\/wp\/v2\/media?parent=16291"}],"wp:term":[{"taxonomy":"post_tag","embeddable":true,"href":"https:\/\/cultura.santjosep.org\/es\/wp-json\/wp\/v2\/tags?post=16291"},{"taxonomy":"tribe_events_cat","embeddable":true,"href":"https:\/\/cultura.santjosep.org\/es\/wp-json\/wp\/v2\/tribe_events_cat?post=16291"}],"curies":[{"name":"wp","href":"https:\/\/api.w.org\/{rel}","templated":true}]}}