{"id":17159,"date":"2023-02-22T14:20:56","date_gmt":"2023-02-22T13:20:56","guid":{"rendered":"https:\/\/cultura.santjosep.org\/agenda\/lliurament-de-la-medalla-dor-a-la-sr-isabel-martinez-leon\/"},"modified":"2023-02-22T14:22:07","modified_gmt":"2023-02-22T13:22:07","slug":"lliurament-de-la-medalla-dor-a-la-sr-isabel-martinez-leon","status":"publish","type":"tribe_events","link":"https:\/\/cultura.santjosep.org\/es\/agenda\/lliurament-de-la-medalla-dor-a-la-sr-isabel-martinez-leon\/","title":{"rendered":"Lliurament de la Medalla d&#8217;Or a la Sr. Isabel Mart\u00ednez Le\u00f3n."},"content":{"rendered":"<p><strong>20:00 h | Lliurament de la Medalla d&#8217;Or<\/strong> de l&#8217; Ajuntament de\u00a0 Sant Josep de sa Talaia a la Sr. Isabel Mart\u00ednez Le\u00f3n.<\/p>\n<p>L\u2019Ajuntament de Sant Josep de sa Talaia entrega per primera vegada la distinci\u00f3 d\u2019honor de la <strong>Medalla d\u2019Or<\/strong>, que rebr\u00e0 l\u2019arquitecta <strong>Isabel Mart\u00ednez Le\u00f3n<\/strong> per la seva intervenci\u00f3 fonamental per evitar la urbanitzaci\u00f3 de tota la zona de l\u2019actual Parc Natural de ses Salines, als anys 70, en la defensa de la legalitat. Al voltant d\u2019aquest acte solemne, que tendr\u00e0 lloc el proper divendres, 24 de febrer, a l\u2019Auditori Cal\u00f3 de s\u2019Oli a partir de les 20 hores, s\u2019han organitzat dos esdeveniments paral\u00b7lels per situar en el temps aquella lluita pel territori front a l\u2019especulaci\u00f3 i la corrupci\u00f3 urban\u00edstica enquistada a les administracions durant l\u2019\u00faltima etapa de la dictadura i que varen marcar especialment la transici\u00f3 a la democr\u00e0cia a la nostra illa.<\/p>\n<p>Mart\u00ednez era l\u2019arquitecta municipal de Sant Josep i es va oposar junt amb qui llavors era l\u2019alcalde, Jos\u00e9 Tur Serra, \u2018Coques\u2019, al pla parcial promogut per construir m\u00e9s de 20.000 habitatges i places tur\u00edstiques a un paratge que llavors era verge. Per aquesta oposici\u00f3 tots dos varen patir repres\u00e0lies, l\u2019alcalde va ser destitu\u00eft de manera fulminant i l\u2019arquitecta va ser acomiadada despr\u00e9s de fortes presions que varen tenir conseq\u00fc\u00e8ncies fins i tot en la seva salut. Per\u00f2 per damunt de tot, els dos, especialment la s\u00f2lida argumentaci\u00f3 t\u00e8cnica de Mart\u00ednez, aconseguiren frenar i desactivar el macroprojecte que hauria representat aixecar una ciutat de milers de persones a un municipi que llavors tenia menys de 5.000 habitants, com es reconeix en la resoluci\u00f3 del plenari municipal de gener passat on es va acordar per \u00e0mplia majoria (amb l\u2019abstenci\u00f3 del PP) la concessi\u00f3 de la Medalla d\u2019Or.<\/p>\n<p><img loading=\"lazy\" decoding=\"async\" class=\"alignnone size-full wp-image-17149\" src=\"https:\/\/cultura.santjosep.org\/wp-content\/uploads\/2023\/02\/programa-medalla-oro-def1-scaled.jpg\" alt=\"\" width=\"2560\" height=\"1558\" srcset=\"https:\/\/cultura.santjosep.org\/wp-content\/uploads\/2023\/02\/programa-medalla-oro-def1-scaled.jpg 2560w, https:\/\/cultura.santjosep.org\/wp-content\/uploads\/2023\/02\/programa-medalla-oro-def1-300x183.jpg 300w, https:\/\/cultura.santjosep.org\/wp-content\/uploads\/2023\/02\/programa-medalla-oro-def1-1024x623.jpg 1024w, https:\/\/cultura.santjosep.org\/wp-content\/uploads\/2023\/02\/programa-medalla-oro-def1-768x467.jpg 768w, https:\/\/cultura.santjosep.org\/wp-content\/uploads\/2023\/02\/programa-medalla-oro-def1-1536x935.jpg 1536w, https:\/\/cultura.santjosep.org\/wp-content\/uploads\/2023\/02\/programa-medalla-oro-def1-2048x1247.jpg 2048w, https:\/\/cultura.santjosep.org\/wp-content\/uploads\/2023\/02\/programa-medalla-oro-def1-1568x954.jpg 1568w, https:\/\/cultura.santjosep.org\/wp-content\/uploads\/2023\/02\/programa-medalla-oro-def1-1320x803.jpg 1320w\" sizes=\"auto, (max-width: 2560px) 100vw, 2560px\" \/><\/p>\n","protected":false},"excerpt":{"rendered":"<p>20:00 h | Lliurament de la Medalla d&#8217;Or de l&#8217; Ajuntament de\u00a0 Sant Josep de sa Talaia a la Sr. Isabel Mart\u00ednez Le\u00f3n. L\u2019Ajuntament de Sant Josep de sa Talaia &hellip; <\/p>\n<p class=\"link-more\"><a href=\"https:\/\/cultura.santjosep.org\/es\/agenda\/lliurament-de-la-medalla-dor-a-la-sr-isabel-martinez-leon\/\" class=\"more-link\">Seguir leyendo<span class=\"screen-reader-text\"> \u00abLliurament de la Medalla d&#8217;Or a la Sr. Isabel Mart\u00ednez Le\u00f3n.\u00bb<\/span><\/a><\/p>\n","protected":false},"author":1,"featured_media":17157,"template":"","meta":{"_tribe_events_status":"","_tribe_events_status_reason":"","_tribe_events_is_hybrid":"","_tribe_events_is_virtual":"","_tribe_events_virtual_video_source":"","_tribe_events_virtual_embed_video":"","_tribe_events_virtual_linked_button_text":"","_tribe_events_virtual_linked_button":"","_tribe_events_virtual_show_embed_at":"","_tribe_events_virtual_show_embed_to":[],"_tribe_events_virtual_show_on_event":"","_tribe_events_virtual_show_on_views":"","_tribe_events_virtual_url":"","footnotes":""},"tags":[],"tribe_events_cat":[37],"class_list":["post-17159","tribe_events","type-tribe_events","status-publish","has-post-thumbnail","hentry","tribe_events_cat-charlas-presentaciones-y-conferencias","cat_charlas-presentaciones-y-conferencias","entry"],"yoast_head":"<!-- This site is optimized with the Yoast SEO plugin v26.6 - https:\/\/yoast.com\/wordpress\/plugins\/seo\/ -->\n<title>Lliurament de la Medalla d&#039;Or a la Sr. Isabel Mart\u00ednez Le\u00f3n. - Cultura a Sant Josep de sa Talaia<\/title>\n<meta name=\"robots\" content=\"index, follow, max-snippet:-1, max-image-preview:large, max-video-preview:-1\" \/>\n<link rel=\"canonical\" href=\"https:\/\/cultura.santjosep.org\/es\/agenda\/lliurament-de-la-medalla-dor-a-la-sr-isabel-martinez-leon\/\" \/>\n<meta property=\"og:locale\" content=\"es_ES\" \/>\n<meta property=\"og:type\" content=\"article\" \/>\n<meta property=\"og:title\" content=\"Lliurament de la Medalla d&#039;Or a la Sr. Isabel Mart\u00ednez Le\u00f3n. - Cultura a Sant Josep de sa Talaia\" \/>\n<meta property=\"og:description\" content=\"20:00 h | Lliurament de la Medalla d&#8217;Or de l&#8217; Ajuntament de\u00a0 Sant Josep de sa Talaia a la Sr. Isabel Mart\u00ednez Le\u00f3n. L\u2019Ajuntament de Sant Josep de sa Talaia &hellip; Seguir leyendo \u00abLliurament de la Medalla d&#8217;Or a la Sr. Isabel Mart\u00ednez Le\u00f3n.\u00bb\" \/>\n<meta property=\"og:url\" content=\"https:\/\/cultura.santjosep.org\/es\/agenda\/lliurament-de-la-medalla-dor-a-la-sr-isabel-martinez-leon\/\" \/>\n<meta property=\"og:site_name\" content=\"Cultura a Sant Josep de sa Talaia\" \/>\n<meta property=\"article:publisher\" content=\"https:\/\/www.facebook.com\/Ajuntament-de-Sant-Josep-de-sa-Talaia-197541666931354\/\" \/>\n<meta property=\"article:modified_time\" content=\"2023-02-22T13:22:07+00:00\" \/>\n<meta property=\"og:image\" content=\"https:\/\/cultura.santjosep.org\/wp-content\/uploads\/2023\/02\/isabelmartinezleon.jpg\" \/>\n\t<meta property=\"og:image:width\" content=\"568\" \/>\n\t<meta property=\"og:image:height\" content=\"545\" \/>\n\t<meta property=\"og:image:type\" content=\"image\/jpeg\" \/>\n<meta name=\"twitter:card\" content=\"summary_large_image\" \/>\n<meta name=\"twitter:site\" content=\"@DeTalaia\" \/>\n<meta name=\"twitter:label1\" content=\"Tiempo de lectura\" \/>\n\t<meta name=\"twitter:data1\" content=\"2 minutos\" \/>\n<script type=\"application\/ld+json\" class=\"yoast-schema-graph\">{\"@context\":\"https:\/\/schema.org\",\"@graph\":[{\"@type\":\"WebPage\",\"@id\":\"https:\/\/cultura.santjosep.org\/es\/agenda\/lliurament-de-la-medalla-dor-a-la-sr-isabel-martinez-leon\/\",\"url\":\"https:\/\/cultura.santjosep.org\/es\/agenda\/lliurament-de-la-medalla-dor-a-la-sr-isabel-martinez-leon\/\",\"name\":\"Lliurament de la Medalla d'Or a la Sr. Isabel Mart\u00ednez Le\u00f3n. - Cultura a Sant Josep de sa Talaia\",\"isPartOf\":{\"@id\":\"https:\/\/cultura.santjosep.org\/es\/#website\"},\"primaryImageOfPage\":{\"@id\":\"https:\/\/cultura.santjosep.org\/es\/agenda\/lliurament-de-la-medalla-dor-a-la-sr-isabel-martinez-leon\/#primaryimage\"},\"image\":{\"@id\":\"https:\/\/cultura.santjosep.org\/es\/agenda\/lliurament-de-la-medalla-dor-a-la-sr-isabel-martinez-leon\/#primaryimage\"},\"thumbnailUrl\":\"https:\/\/cultura.santjosep.org\/wp-content\/uploads\/2023\/02\/isabelmartinezleon.jpg\",\"datePublished\":\"2023-02-22T13:20:56+00:00\",\"dateModified\":\"2023-02-22T13:22:07+00:00\",\"breadcrumb\":{\"@id\":\"https:\/\/cultura.santjosep.org\/es\/agenda\/lliurament-de-la-medalla-dor-a-la-sr-isabel-martinez-leon\/#breadcrumb\"},\"inLanguage\":\"es\",\"potentialAction\":[{\"@type\":\"ReadAction\",\"target\":[\"https:\/\/cultura.santjosep.org\/es\/agenda\/lliurament-de-la-medalla-dor-a-la-sr-isabel-martinez-leon\/\"]}]},{\"@type\":\"ImageObject\",\"inLanguage\":\"es\",\"@id\":\"https:\/\/cultura.santjosep.org\/es\/agenda\/lliurament-de-la-medalla-dor-a-la-sr-isabel-martinez-leon\/#primaryimage\",\"url\":\"https:\/\/cultura.santjosep.org\/wp-content\/uploads\/2023\/02\/isabelmartinezleon.jpg\",\"contentUrl\":\"https:\/\/cultura.santjosep.org\/wp-content\/uploads\/2023\/02\/isabelmartinezleon.jpg\",\"width\":568,\"height\":545},{\"@type\":\"BreadcrumbList\",\"@id\":\"https:\/\/cultura.santjosep.org\/es\/agenda\/lliurament-de-la-medalla-dor-a-la-sr-isabel-martinez-leon\/#breadcrumb\",\"itemListElement\":[{\"@type\":\"ListItem\",\"position\":1,\"name\":\"Portada\",\"item\":\"https:\/\/cultura.santjosep.org\/es\/\"},{\"@type\":\"ListItem\",\"position\":2,\"name\":\"Eventos\",\"item\":\"https:\/\/cultura.santjosep.org\/agenda\/\"},{\"@type\":\"ListItem\",\"position\":3,\"name\":\"Lliurament de la Medalla d&#8217;Or a la Sr. Isabel Mart\u00ednez Le\u00f3n.\"}]},{\"@type\":\"WebSite\",\"@id\":\"https:\/\/cultura.santjosep.org\/es\/#website\",\"url\":\"https:\/\/cultura.santjosep.org\/es\/\",\"name\":\"Cultura a Sant Josep de sa Talaia\",\"description\":\"\",\"publisher\":{\"@id\":\"https:\/\/cultura.santjosep.org\/es\/#organization\"},\"potentialAction\":[{\"@type\":\"SearchAction\",\"target\":{\"@type\":\"EntryPoint\",\"urlTemplate\":\"https:\/\/cultura.santjosep.org\/es\/?s={search_term_string}\"},\"query-input\":{\"@type\":\"PropertyValueSpecification\",\"valueRequired\":true,\"valueName\":\"search_term_string\"}}],\"inLanguage\":\"es\"},{\"@type\":\"Organization\",\"@id\":\"https:\/\/cultura.santjosep.org\/es\/#organization\",\"name\":\"Ajuntament de Sant Josep de sa Talaia\",\"url\":\"https:\/\/cultura.santjosep.org\/es\/\",\"logo\":{\"@type\":\"ImageObject\",\"inLanguage\":\"es\",\"@id\":\"https:\/\/cultura.santjosep.org\/es\/#\/schema\/logo\/image\/\",\"url\":\"https:\/\/cultura.santjosep.org\/wp-content\/uploads\/2020\/10\/logocolor.jpg\",\"contentUrl\":\"https:\/\/cultura.santjosep.org\/wp-content\/uploads\/2020\/10\/logocolor.jpg\",\"width\":250,\"height\":98,\"caption\":\"Ajuntament de Sant Josep de sa Talaia\"},\"image\":{\"@id\":\"https:\/\/cultura.santjosep.org\/es\/#\/schema\/logo\/image\/\"},\"sameAs\":[\"https:\/\/www.facebook.com\/Ajuntament-de-Sant-Josep-de-sa-Talaia-197541666931354\/\",\"https:\/\/x.com\/DeTalaia\",\"https:\/\/www.instagram.com\/sant_josep_de_sa_talaia\/\"]}]}<\/script>\n<!-- \/ Yoast SEO plugin. -->","yoast_head_json":{"title":"Lliurament de la Medalla d'Or a la Sr. Isabel Mart\u00ednez Le\u00f3n. - Cultura a Sant Josep de sa Talaia","robots":{"index":"index","follow":"follow","max-snippet":"max-snippet:-1","max-image-preview":"max-image-preview:large","max-video-preview":"max-video-preview:-1"},"canonical":"https:\/\/cultura.santjosep.org\/es\/agenda\/lliurament-de-la-medalla-dor-a-la-sr-isabel-martinez-leon\/","og_locale":"es_ES","og_type":"article","og_title":"Lliurament de la Medalla d'Or a la Sr. Isabel Mart\u00ednez Le\u00f3n. - Cultura a Sant Josep de sa Talaia","og_description":"20:00 h | Lliurament de la Medalla d&#8217;Or de l&#8217; Ajuntament de\u00a0 Sant Josep de sa Talaia a la Sr. Isabel Mart\u00ednez Le\u00f3n. L\u2019Ajuntament de Sant Josep de sa Talaia &hellip; Seguir leyendo \u00abLliurament de la Medalla d&#8217;Or a la Sr. Isabel Mart\u00ednez Le\u00f3n.\u00bb","og_url":"https:\/\/cultura.santjosep.org\/es\/agenda\/lliurament-de-la-medalla-dor-a-la-sr-isabel-martinez-leon\/","og_site_name":"Cultura a Sant Josep de sa Talaia","article_publisher":"https:\/\/www.facebook.com\/Ajuntament-de-Sant-Josep-de-sa-Talaia-197541666931354\/","article_modified_time":"2023-02-22T13:22:07+00:00","og_image":[{"width":568,"height":545,"url":"https:\/\/cultura.santjosep.org\/wp-content\/uploads\/2023\/02\/isabelmartinezleon.jpg","type":"image\/jpeg"}],"twitter_card":"summary_large_image","twitter_site":"@DeTalaia","twitter_misc":{"Tiempo de lectura":"2 minutos"},"schema":{"@context":"https:\/\/schema.org","@graph":[{"@type":"WebPage","@id":"https:\/\/cultura.santjosep.org\/es\/agenda\/lliurament-de-la-medalla-dor-a-la-sr-isabel-martinez-leon\/","url":"https:\/\/cultura.santjosep.org\/es\/agenda\/lliurament-de-la-medalla-dor-a-la-sr-isabel-martinez-leon\/","name":"Lliurament de la Medalla d'Or a la Sr. Isabel Mart\u00ednez Le\u00f3n. - Cultura a Sant Josep de sa Talaia","isPartOf":{"@id":"https:\/\/cultura.santjosep.org\/es\/#website"},"primaryImageOfPage":{"@id":"https:\/\/cultura.santjosep.org\/es\/agenda\/lliurament-de-la-medalla-dor-a-la-sr-isabel-martinez-leon\/#primaryimage"},"image":{"@id":"https:\/\/cultura.santjosep.org\/es\/agenda\/lliurament-de-la-medalla-dor-a-la-sr-isabel-martinez-leon\/#primaryimage"},"thumbnailUrl":"https:\/\/cultura.santjosep.org\/wp-content\/uploads\/2023\/02\/isabelmartinezleon.jpg","datePublished":"2023-02-22T13:20:56+00:00","dateModified":"2023-02-22T13:22:07+00:00","breadcrumb":{"@id":"https:\/\/cultura.santjosep.org\/es\/agenda\/lliurament-de-la-medalla-dor-a-la-sr-isabel-martinez-leon\/#breadcrumb"},"inLanguage":"es","potentialAction":[{"@type":"ReadAction","target":["https:\/\/cultura.santjosep.org\/es\/agenda\/lliurament-de-la-medalla-dor-a-la-sr-isabel-martinez-leon\/"]}]},{"@type":"ImageObject","inLanguage":"es","@id":"https:\/\/cultura.santjosep.org\/es\/agenda\/lliurament-de-la-medalla-dor-a-la-sr-isabel-martinez-leon\/#primaryimage","url":"https:\/\/cultura.santjosep.org\/wp-content\/uploads\/2023\/02\/isabelmartinezleon.jpg","contentUrl":"https:\/\/cultura.santjosep.org\/wp-content\/uploads\/2023\/02\/isabelmartinezleon.jpg","width":568,"height":545},{"@type":"BreadcrumbList","@id":"https:\/\/cultura.santjosep.org\/es\/agenda\/lliurament-de-la-medalla-dor-a-la-sr-isabel-martinez-leon\/#breadcrumb","itemListElement":[{"@type":"ListItem","position":1,"name":"Portada","item":"https:\/\/cultura.santjosep.org\/es\/"},{"@type":"ListItem","position":2,"name":"Eventos","item":"https:\/\/cultura.santjosep.org\/agenda\/"},{"@type":"ListItem","position":3,"name":"Lliurament de la Medalla d&#8217;Or a la Sr. Isabel Mart\u00ednez Le\u00f3n."}]},{"@type":"WebSite","@id":"https:\/\/cultura.santjosep.org\/es\/#website","url":"https:\/\/cultura.santjosep.org\/es\/","name":"Cultura a Sant Josep de sa Talaia","description":"","publisher":{"@id":"https:\/\/cultura.santjosep.org\/es\/#organization"},"potentialAction":[{"@type":"SearchAction","target":{"@type":"EntryPoint","urlTemplate":"https:\/\/cultura.santjosep.org\/es\/?s={search_term_string}"},"query-input":{"@type":"PropertyValueSpecification","valueRequired":true,"valueName":"search_term_string"}}],"inLanguage":"es"},{"@type":"Organization","@id":"https:\/\/cultura.santjosep.org\/es\/#organization","name":"Ajuntament de Sant Josep de sa Talaia","url":"https:\/\/cultura.santjosep.org\/es\/","logo":{"@type":"ImageObject","inLanguage":"es","@id":"https:\/\/cultura.santjosep.org\/es\/#\/schema\/logo\/image\/","url":"https:\/\/cultura.santjosep.org\/wp-content\/uploads\/2020\/10\/logocolor.jpg","contentUrl":"https:\/\/cultura.santjosep.org\/wp-content\/uploads\/2020\/10\/logocolor.jpg","width":250,"height":98,"caption":"Ajuntament de Sant Josep de sa Talaia"},"image":{"@id":"https:\/\/cultura.santjosep.org\/es\/#\/schema\/logo\/image\/"},"sameAs":["https:\/\/www.facebook.com\/Ajuntament-de-Sant-Josep-de-sa-Talaia-197541666931354\/","https:\/\/x.com\/DeTalaia","https:\/\/www.instagram.com\/sant_josep_de_sa_talaia\/"]}]}},"_links":{"self":[{"href":"https:\/\/cultura.santjosep.org\/es\/wp-json\/wp\/v2\/tribe_events\/17159","targetHints":{"allow":["GET"]}}],"collection":[{"href":"https:\/\/cultura.santjosep.org\/es\/wp-json\/wp\/v2\/tribe_events"}],"about":[{"href":"https:\/\/cultura.santjosep.org\/es\/wp-json\/wp\/v2\/types\/tribe_events"}],"author":[{"embeddable":true,"href":"https:\/\/cultura.santjosep.org\/es\/wp-json\/wp\/v2\/users\/1"}],"version-history":[{"count":0,"href":"https:\/\/cultura.santjosep.org\/es\/wp-json\/wp\/v2\/tribe_events\/17159\/revisions"}],"wp:featuredmedia":[{"embeddable":true,"href":"https:\/\/cultura.santjosep.org\/es\/wp-json\/wp\/v2\/media\/17157"}],"wp:attachment":[{"href":"https:\/\/cultura.santjosep.org\/es\/wp-json\/wp\/v2\/media?parent=17159"}],"wp:term":[{"taxonomy":"post_tag","embeddable":true,"href":"https:\/\/cultura.santjosep.org\/es\/wp-json\/wp\/v2\/tags?post=17159"},{"taxonomy":"tribe_events_cat","embeddable":true,"href":"https:\/\/cultura.santjosep.org\/es\/wp-json\/wp\/v2\/tribe_events_cat?post=17159"}],"curies":[{"name":"wp","href":"https:\/\/api.w.org\/{rel}","templated":true}]}}