{"id":17166,"date":"2023-02-22T14:28:07","date_gmt":"2023-02-22T13:28:07","guid":{"rendered":"https:\/\/cultura.santjosep.org\/agenda\/estrena-del-documental-la-transicio-a-peu-de-carrer\/"},"modified":"2023-02-22T14:29:45","modified_gmt":"2023-02-22T13:29:45","slug":"estrena-del-documental-la-transicio-a-peu-de-carrer","status":"publish","type":"tribe_events","link":"https:\/\/cultura.santjosep.org\/es\/agenda\/estrena-del-documental-la-transicio-a-peu-de-carrer\/","title":{"rendered":"Estrena del documental &#8211; &#8216;La Transici\u00f3 a peu de carrer&#8217;"},"content":{"rendered":"<p><strong>19:00 h | Estrena del documental &#8211; &#8216;La Transici\u00f3 a peu de carrer&#8217;<\/strong>, una producci\u00f3 de Pauxa Films per al Consell d&#8217;Eivissa dirigida per Pablo Alc\u00e1ntara i Antonio Vi\u00f1ar\u00e1s que recull el testimoni de diverses personalitats destacades d\u2019aquella etapa a l\u2019illa. Ser\u00e0 a les 19 hores a l\u2019Auditori.<\/p>\n<p>Vi\u00f1ar\u00e1s, que tamb\u00e9 \u00e9s autor del gui\u00f3, ha explicat d\u2019aquest treball que es va completar el 2019, per\u00f2 per causa de la pand\u00e8mia \u00abno es va poder estrenar. Aix\u00ed, la primera projecci\u00f3 es far\u00e0 coincidint amb l\u2019entrega de la Medalla d\u2019Or de Sant Josep \u00aba una dona que es va enfrontar a l\u2019establishment de l\u2019\u00e8poca \u00ec sense la qual no hauria estat possible la movilitzaci\u00f3 social posterior per salvar ses Salines, que \u00e9s una de les fites de la transici\u00f3 a Eivissa, quan s\u2019agafa consci\u00e8ncia de la protecci\u00f3 del territori i es perd la por a sortir al carrer per reivindicar-la\u00bb.<\/p>\n<p>El documental, de 90 minuts de durada, repassa el per\u00edode entre el 20 de noviembre de 1975, quan mor el dictador Franco, i l\u20191 de gener de 1986, quan Espanya entra a la CEE, precursora de l\u2019actual Uni\u00f3 Europea. Espanya i Eivissa viuen entre aquestes dues dates un dels per\u00edodes m\u00e9s intensos i fruct\u00edfers de la seva hist\u00f2ria recent. A trav\u00e9s de la mirada i els records de personatges destacats de la vida pol\u00edtica i cultural insular de l\u2019\u00e8poca, amb el suport d\u2019imatges dels arxius de RTVE, el PCE i el Consell d\u2019Eivissa, es recorden algunes de les principals fites hist\u00f2riques del per\u00edode, com la legalitzaci\u00f3 del Partido Comunista de Espa\u00f1a, el cop d\u2019Estat del 23-F o els diferents procesos electorals, per\u00f2 tamb\u00e9 aquells altres de car\u00e0cter insular que marcaren l\u2019inici d\u2019una nova etapa, com la creaci\u00f3 de l\u2019Assemblea Democr\u00e0tica d\u2019Eivissa i Formentera, el primer tancament de treballadors de l\u2019hoteleria o la primera manifestaci\u00f3 de la democr\u00e0cia, que portava per lema \u2018Ses Salines, Parc Natural\u2019.<\/p>\n<p><img loading=\"lazy\" decoding=\"async\" class=\"alignnone size-full wp-image-17149\" src=\"https:\/\/cultura.santjosep.org\/wp-content\/uploads\/2023\/02\/programa-medalla-oro-def1-scaled.jpg\" alt=\"\" width=\"2560\" height=\"1558\" srcset=\"https:\/\/cultura.santjosep.org\/wp-content\/uploads\/2023\/02\/programa-medalla-oro-def1-scaled.jpg 2560w, https:\/\/cultura.santjosep.org\/wp-content\/uploads\/2023\/02\/programa-medalla-oro-def1-300x183.jpg 300w, https:\/\/cultura.santjosep.org\/wp-content\/uploads\/2023\/02\/programa-medalla-oro-def1-1024x623.jpg 1024w, https:\/\/cultura.santjosep.org\/wp-content\/uploads\/2023\/02\/programa-medalla-oro-def1-768x467.jpg 768w, https:\/\/cultura.santjosep.org\/wp-content\/uploads\/2023\/02\/programa-medalla-oro-def1-1536x935.jpg 1536w, https:\/\/cultura.santjosep.org\/wp-content\/uploads\/2023\/02\/programa-medalla-oro-def1-2048x1247.jpg 2048w, https:\/\/cultura.santjosep.org\/wp-content\/uploads\/2023\/02\/programa-medalla-oro-def1-1568x954.jpg 1568w, https:\/\/cultura.santjosep.org\/wp-content\/uploads\/2023\/02\/programa-medalla-oro-def1-1320x803.jpg 1320w\" sizes=\"auto, (max-width: 2560px) 100vw, 2560px\" \/><\/p>\n<p>&nbsp;<\/p>\n","protected":false},"excerpt":{"rendered":"<p>19:00 h | Estrena del documental &#8211; &#8216;La Transici\u00f3 a peu de carrer&#8217;, una producci\u00f3 de Pauxa Films per al Consell d&#8217;Eivissa dirigida per Pablo Alc\u00e1ntara i Antonio Vi\u00f1ar\u00e1s que &hellip; <\/p>\n<p class=\"link-more\"><a href=\"https:\/\/cultura.santjosep.org\/es\/agenda\/estrena-del-documental-la-transicio-a-peu-de-carrer\/\" class=\"more-link\">Seguir leyendo<span class=\"screen-reader-text\"> \u00abEstrena del documental &#8211; &#8216;La Transici\u00f3 a peu de carrer&#8217;\u00bb<\/span><\/a><\/p>\n","protected":false},"author":1,"featured_media":17164,"template":"","meta":{"_tribe_events_status":"","_tribe_events_status_reason":"","_tribe_events_is_hybrid":"","_tribe_events_is_virtual":"","_tribe_events_virtual_video_source":"","_tribe_events_virtual_embed_video":"","_tribe_events_virtual_linked_button_text":"","_tribe_events_virtual_linked_button":"","_tribe_events_virtual_show_embed_at":"","_tribe_events_virtual_show_embed_to":[],"_tribe_events_virtual_show_on_event":"","_tribe_events_virtual_show_on_views":"","_tribe_events_virtual_url":"","footnotes":""},"tags":[],"tribe_events_cat":[30],"class_list":["post-17166","tribe_events","type-tribe_events","status-publish","has-post-thumbnail","hentry","tribe_events_cat-cine","cat_cine","entry"],"yoast_head":"<!-- This site is optimized with the Yoast SEO plugin v26.6 - https:\/\/yoast.com\/wordpress\/plugins\/seo\/ -->\n<title>Estrena del documental - &#039;La Transici\u00f3 a peu de carrer&#039; - Cultura a Sant Josep de sa Talaia<\/title>\n<meta name=\"robots\" content=\"index, follow, max-snippet:-1, max-image-preview:large, max-video-preview:-1\" \/>\n<link rel=\"canonical\" href=\"https:\/\/cultura.santjosep.org\/es\/agenda\/estrena-del-documental-la-transicio-a-peu-de-carrer\/\" \/>\n<meta property=\"og:locale\" content=\"es_ES\" \/>\n<meta property=\"og:type\" content=\"article\" \/>\n<meta property=\"og:title\" content=\"Estrena del documental - &#039;La Transici\u00f3 a peu de carrer&#039; - Cultura a Sant Josep de sa Talaia\" \/>\n<meta property=\"og:description\" content=\"19:00 h | Estrena del documental &#8211; &#8216;La Transici\u00f3 a peu de carrer&#8217;, una producci\u00f3 de Pauxa Films per al Consell d&#8217;Eivissa dirigida per Pablo Alc\u00e1ntara i Antonio Vi\u00f1ar\u00e1s que &hellip; Seguir leyendo \u00abEstrena del documental &#8211; &#8216;La Transici\u00f3 a peu de carrer&#8217;\u00bb\" \/>\n<meta property=\"og:url\" content=\"https:\/\/cultura.santjosep.org\/es\/agenda\/estrena-del-documental-la-transicio-a-peu-de-carrer\/\" \/>\n<meta property=\"og:site_name\" content=\"Cultura a Sant Josep de sa Talaia\" \/>\n<meta property=\"article:publisher\" content=\"https:\/\/www.facebook.com\/Ajuntament-de-Sant-Josep-de-sa-Talaia-197541666931354\/\" \/>\n<meta property=\"article:modified_time\" content=\"2023-02-22T13:29:45+00:00\" \/>\n<meta property=\"og:image\" content=\"https:\/\/cultura.santjosep.org\/wp-content\/uploads\/2023\/02\/apeupelcarrer.jpeg\" \/>\n\t<meta property=\"og:image:width\" content=\"1500\" \/>\n\t<meta property=\"og:image:height\" content=\"964\" \/>\n\t<meta property=\"og:image:type\" content=\"image\/jpeg\" \/>\n<meta name=\"twitter:card\" content=\"summary_large_image\" \/>\n<meta name=\"twitter:site\" content=\"@DeTalaia\" \/>\n<meta name=\"twitter:label1\" content=\"Tiempo de lectura\" \/>\n\t<meta name=\"twitter:data1\" content=\"2 minutos\" \/>\n<script type=\"application\/ld+json\" class=\"yoast-schema-graph\">{\"@context\":\"https:\/\/schema.org\",\"@graph\":[{\"@type\":\"WebPage\",\"@id\":\"https:\/\/cultura.santjosep.org\/es\/agenda\/estrena-del-documental-la-transicio-a-peu-de-carrer\/\",\"url\":\"https:\/\/cultura.santjosep.org\/es\/agenda\/estrena-del-documental-la-transicio-a-peu-de-carrer\/\",\"name\":\"Estrena del documental - 'La Transici\u00f3 a peu de carrer' - Cultura a Sant Josep de sa Talaia\",\"isPartOf\":{\"@id\":\"https:\/\/cultura.santjosep.org\/es\/#website\"},\"primaryImageOfPage\":{\"@id\":\"https:\/\/cultura.santjosep.org\/es\/agenda\/estrena-del-documental-la-transicio-a-peu-de-carrer\/#primaryimage\"},\"image\":{\"@id\":\"https:\/\/cultura.santjosep.org\/es\/agenda\/estrena-del-documental-la-transicio-a-peu-de-carrer\/#primaryimage\"},\"thumbnailUrl\":\"https:\/\/cultura.santjosep.org\/wp-content\/uploads\/2023\/02\/apeupelcarrer.jpeg\",\"datePublished\":\"2023-02-22T13:28:07+00:00\",\"dateModified\":\"2023-02-22T13:29:45+00:00\",\"breadcrumb\":{\"@id\":\"https:\/\/cultura.santjosep.org\/es\/agenda\/estrena-del-documental-la-transicio-a-peu-de-carrer\/#breadcrumb\"},\"inLanguage\":\"es\",\"potentialAction\":[{\"@type\":\"ReadAction\",\"target\":[\"https:\/\/cultura.santjosep.org\/es\/agenda\/estrena-del-documental-la-transicio-a-peu-de-carrer\/\"]}]},{\"@type\":\"ImageObject\",\"inLanguage\":\"es\",\"@id\":\"https:\/\/cultura.santjosep.org\/es\/agenda\/estrena-del-documental-la-transicio-a-peu-de-carrer\/#primaryimage\",\"url\":\"https:\/\/cultura.santjosep.org\/wp-content\/uploads\/2023\/02\/apeupelcarrer.jpeg\",\"contentUrl\":\"https:\/\/cultura.santjosep.org\/wp-content\/uploads\/2023\/02\/apeupelcarrer.jpeg\",\"width\":1500,\"height\":964},{\"@type\":\"BreadcrumbList\",\"@id\":\"https:\/\/cultura.santjosep.org\/es\/agenda\/estrena-del-documental-la-transicio-a-peu-de-carrer\/#breadcrumb\",\"itemListElement\":[{\"@type\":\"ListItem\",\"position\":1,\"name\":\"Portada\",\"item\":\"https:\/\/cultura.santjosep.org\/es\/\"},{\"@type\":\"ListItem\",\"position\":2,\"name\":\"Eventos\",\"item\":\"https:\/\/cultura.santjosep.org\/agenda\/\"},{\"@type\":\"ListItem\",\"position\":3,\"name\":\"Estrena del documental &#8211; &#8216;La Transici\u00f3 a peu de carrer&#8217;\"}]},{\"@type\":\"WebSite\",\"@id\":\"https:\/\/cultura.santjosep.org\/es\/#website\",\"url\":\"https:\/\/cultura.santjosep.org\/es\/\",\"name\":\"Cultura a Sant Josep de sa Talaia\",\"description\":\"\",\"publisher\":{\"@id\":\"https:\/\/cultura.santjosep.org\/es\/#organization\"},\"potentialAction\":[{\"@type\":\"SearchAction\",\"target\":{\"@type\":\"EntryPoint\",\"urlTemplate\":\"https:\/\/cultura.santjosep.org\/es\/?s={search_term_string}\"},\"query-input\":{\"@type\":\"PropertyValueSpecification\",\"valueRequired\":true,\"valueName\":\"search_term_string\"}}],\"inLanguage\":\"es\"},{\"@type\":\"Organization\",\"@id\":\"https:\/\/cultura.santjosep.org\/es\/#organization\",\"name\":\"Ajuntament de Sant Josep de sa Talaia\",\"url\":\"https:\/\/cultura.santjosep.org\/es\/\",\"logo\":{\"@type\":\"ImageObject\",\"inLanguage\":\"es\",\"@id\":\"https:\/\/cultura.santjosep.org\/es\/#\/schema\/logo\/image\/\",\"url\":\"https:\/\/cultura.santjosep.org\/wp-content\/uploads\/2020\/10\/logocolor.jpg\",\"contentUrl\":\"https:\/\/cultura.santjosep.org\/wp-content\/uploads\/2020\/10\/logocolor.jpg\",\"width\":250,\"height\":98,\"caption\":\"Ajuntament de Sant Josep de sa Talaia\"},\"image\":{\"@id\":\"https:\/\/cultura.santjosep.org\/es\/#\/schema\/logo\/image\/\"},\"sameAs\":[\"https:\/\/www.facebook.com\/Ajuntament-de-Sant-Josep-de-sa-Talaia-197541666931354\/\",\"https:\/\/x.com\/DeTalaia\",\"https:\/\/www.instagram.com\/sant_josep_de_sa_talaia\/\"]}]}<\/script>\n<!-- \/ Yoast SEO plugin. -->","yoast_head_json":{"title":"Estrena del documental - 'La Transici\u00f3 a peu de carrer' - Cultura a Sant Josep de sa Talaia","robots":{"index":"index","follow":"follow","max-snippet":"max-snippet:-1","max-image-preview":"max-image-preview:large","max-video-preview":"max-video-preview:-1"},"canonical":"https:\/\/cultura.santjosep.org\/es\/agenda\/estrena-del-documental-la-transicio-a-peu-de-carrer\/","og_locale":"es_ES","og_type":"article","og_title":"Estrena del documental - 'La Transici\u00f3 a peu de carrer' - Cultura a Sant Josep de sa Talaia","og_description":"19:00 h | Estrena del documental &#8211; &#8216;La Transici\u00f3 a peu de carrer&#8217;, una producci\u00f3 de Pauxa Films per al Consell d&#8217;Eivissa dirigida per Pablo Alc\u00e1ntara i Antonio Vi\u00f1ar\u00e1s que &hellip; Seguir leyendo \u00abEstrena del documental &#8211; &#8216;La Transici\u00f3 a peu de carrer&#8217;\u00bb","og_url":"https:\/\/cultura.santjosep.org\/es\/agenda\/estrena-del-documental-la-transicio-a-peu-de-carrer\/","og_site_name":"Cultura a Sant Josep de sa Talaia","article_publisher":"https:\/\/www.facebook.com\/Ajuntament-de-Sant-Josep-de-sa-Talaia-197541666931354\/","article_modified_time":"2023-02-22T13:29:45+00:00","og_image":[{"width":1500,"height":964,"url":"https:\/\/cultura.santjosep.org\/wp-content\/uploads\/2023\/02\/apeupelcarrer.jpeg","type":"image\/jpeg"}],"twitter_card":"summary_large_image","twitter_site":"@DeTalaia","twitter_misc":{"Tiempo de lectura":"2 minutos"},"schema":{"@context":"https:\/\/schema.org","@graph":[{"@type":"WebPage","@id":"https:\/\/cultura.santjosep.org\/es\/agenda\/estrena-del-documental-la-transicio-a-peu-de-carrer\/","url":"https:\/\/cultura.santjosep.org\/es\/agenda\/estrena-del-documental-la-transicio-a-peu-de-carrer\/","name":"Estrena del documental - 'La Transici\u00f3 a peu de carrer' - Cultura a Sant Josep de sa Talaia","isPartOf":{"@id":"https:\/\/cultura.santjosep.org\/es\/#website"},"primaryImageOfPage":{"@id":"https:\/\/cultura.santjosep.org\/es\/agenda\/estrena-del-documental-la-transicio-a-peu-de-carrer\/#primaryimage"},"image":{"@id":"https:\/\/cultura.santjosep.org\/es\/agenda\/estrena-del-documental-la-transicio-a-peu-de-carrer\/#primaryimage"},"thumbnailUrl":"https:\/\/cultura.santjosep.org\/wp-content\/uploads\/2023\/02\/apeupelcarrer.jpeg","datePublished":"2023-02-22T13:28:07+00:00","dateModified":"2023-02-22T13:29:45+00:00","breadcrumb":{"@id":"https:\/\/cultura.santjosep.org\/es\/agenda\/estrena-del-documental-la-transicio-a-peu-de-carrer\/#breadcrumb"},"inLanguage":"es","potentialAction":[{"@type":"ReadAction","target":["https:\/\/cultura.santjosep.org\/es\/agenda\/estrena-del-documental-la-transicio-a-peu-de-carrer\/"]}]},{"@type":"ImageObject","inLanguage":"es","@id":"https:\/\/cultura.santjosep.org\/es\/agenda\/estrena-del-documental-la-transicio-a-peu-de-carrer\/#primaryimage","url":"https:\/\/cultura.santjosep.org\/wp-content\/uploads\/2023\/02\/apeupelcarrer.jpeg","contentUrl":"https:\/\/cultura.santjosep.org\/wp-content\/uploads\/2023\/02\/apeupelcarrer.jpeg","width":1500,"height":964},{"@type":"BreadcrumbList","@id":"https:\/\/cultura.santjosep.org\/es\/agenda\/estrena-del-documental-la-transicio-a-peu-de-carrer\/#breadcrumb","itemListElement":[{"@type":"ListItem","position":1,"name":"Portada","item":"https:\/\/cultura.santjosep.org\/es\/"},{"@type":"ListItem","position":2,"name":"Eventos","item":"https:\/\/cultura.santjosep.org\/agenda\/"},{"@type":"ListItem","position":3,"name":"Estrena del documental &#8211; &#8216;La Transici\u00f3 a peu de carrer&#8217;"}]},{"@type":"WebSite","@id":"https:\/\/cultura.santjosep.org\/es\/#website","url":"https:\/\/cultura.santjosep.org\/es\/","name":"Cultura a Sant Josep de sa Talaia","description":"","publisher":{"@id":"https:\/\/cultura.santjosep.org\/es\/#organization"},"potentialAction":[{"@type":"SearchAction","target":{"@type":"EntryPoint","urlTemplate":"https:\/\/cultura.santjosep.org\/es\/?s={search_term_string}"},"query-input":{"@type":"PropertyValueSpecification","valueRequired":true,"valueName":"search_term_string"}}],"inLanguage":"es"},{"@type":"Organization","@id":"https:\/\/cultura.santjosep.org\/es\/#organization","name":"Ajuntament de Sant Josep de sa Talaia","url":"https:\/\/cultura.santjosep.org\/es\/","logo":{"@type":"ImageObject","inLanguage":"es","@id":"https:\/\/cultura.santjosep.org\/es\/#\/schema\/logo\/image\/","url":"https:\/\/cultura.santjosep.org\/wp-content\/uploads\/2020\/10\/logocolor.jpg","contentUrl":"https:\/\/cultura.santjosep.org\/wp-content\/uploads\/2020\/10\/logocolor.jpg","width":250,"height":98,"caption":"Ajuntament de Sant Josep de sa Talaia"},"image":{"@id":"https:\/\/cultura.santjosep.org\/es\/#\/schema\/logo\/image\/"},"sameAs":["https:\/\/www.facebook.com\/Ajuntament-de-Sant-Josep-de-sa-Talaia-197541666931354\/","https:\/\/x.com\/DeTalaia","https:\/\/www.instagram.com\/sant_josep_de_sa_talaia\/"]}]}},"_links":{"self":[{"href":"https:\/\/cultura.santjosep.org\/es\/wp-json\/wp\/v2\/tribe_events\/17166","targetHints":{"allow":["GET"]}}],"collection":[{"href":"https:\/\/cultura.santjosep.org\/es\/wp-json\/wp\/v2\/tribe_events"}],"about":[{"href":"https:\/\/cultura.santjosep.org\/es\/wp-json\/wp\/v2\/types\/tribe_events"}],"author":[{"embeddable":true,"href":"https:\/\/cultura.santjosep.org\/es\/wp-json\/wp\/v2\/users\/1"}],"version-history":[{"count":0,"href":"https:\/\/cultura.santjosep.org\/es\/wp-json\/wp\/v2\/tribe_events\/17166\/revisions"}],"wp:featuredmedia":[{"embeddable":true,"href":"https:\/\/cultura.santjosep.org\/es\/wp-json\/wp\/v2\/media\/17164"}],"wp:attachment":[{"href":"https:\/\/cultura.santjosep.org\/es\/wp-json\/wp\/v2\/media?parent=17166"}],"wp:term":[{"taxonomy":"post_tag","embeddable":true,"href":"https:\/\/cultura.santjosep.org\/es\/wp-json\/wp\/v2\/tags?post=17166"},{"taxonomy":"tribe_events_cat","embeddable":true,"href":"https:\/\/cultura.santjosep.org\/es\/wp-json\/wp\/v2\/tribe_events_cat?post=17166"}],"curies":[{"name":"wp","href":"https:\/\/api.w.org\/{rel}","templated":true}]}}