{"id":17185,"date":"2023-02-23T12:16:44","date_gmt":"2023-02-23T11:16:44","guid":{"rendered":"https:\/\/cultura.santjosep.org\/agenda\/passejada-familiar-per-la-mar-vengueren\/"},"modified":"2023-03-02T16:03:13","modified_gmt":"2023-03-02T15:03:13","slug":"passejades-literaries-per-la-mar-vengueren","status":"publish","type":"tribe_events","link":"https:\/\/cultura.santjosep.org\/es\/agenda\/passejades-literaries-per-la-mar-vengueren\/","title":{"rendered":"Passejades liter\u00e0ries &#8211; &#8216;Per la mar vengueren&#8217;"},"content":{"rendered":"<p><strong>9:00 h | Passejada familiar &#8211; &#8216;Per la mar vengueren&#8217;<\/strong><\/p>\n<p>Durant la sortida del dia 25, titulada \u00abPer la mar vengueren\u00bb, les persones participants coneixeran de la m\u00e0 de l\u2019historiador i bibliotecari <strong>David Ribas i Ribas<\/strong> una mica m\u00e9s sobre l\u2019origen i la hist\u00f2ria de l\u2019assentament fenici de sa Caleta, que forma part de l\u2019\u00e0rea declarada Patrimoni Mundial per la UNESCO, aix\u00ed com altres dades d\u2019inter\u00e8s i curiositats sobre els diferents elements patrimonials i naturals de la zona al llarg d\u2019una senzilla ruta que tendr\u00e0 com a punt de trobada i d\u2019inici l\u2019aparcament de sa Caleta a les 9 h del mat\u00ed i que arribar\u00e0 fins a la punta des Jondal, tornant despr\u00e9s al lloc de sortida devers les 13,30 h.<\/p>\n<p>L\u2019activitat est\u00e0 enfocada a tot tipus de persones (infants a partir de 10 anys) interessades en con\u00e8ixer una mica m\u00e9s l\u2019illa d\u2019Eivissa a partir del que en diuen les autores i els autors que n\u2019han parlat i per poder participar-hi \u00e9s necess\u00e0ria la inscripci\u00f3 pr\u00e8via a la mateixa\u00a0 biblioteca, al tel\u00e8fon <span class=\"x193iq5w xeuugli x13faqbe x1vvkbs xlh3980 xvmahel x1n0sxbx x1lliihq x1s928wv xhkezso x1gmr53x x1cpjm7i x1fgarty x1943h6x xudqn12 x3x7a5m x6prxxf xvq8zen xo1l8bm xzsf02u\" dir=\"auto\"><span style=\"color: #800000;\"><strong>971 348 630<\/strong><\/span> o al email: <span style=\"color: #800000;\"><a style=\"color: #800000;\" href=\"mailto:biblioteca.caladebou@santjosep.org\" target=\"_blank\" rel=\"noopener\"><strong>biblioteca.caladebou@santjosep.org<\/strong><\/a><\/span><\/span> , facilitant el nom complet de les persones participants, l\u2019edat en el cas dels infants i un tel\u00e8fon de contacte.<\/p>\n<p>Fam\u00edlies amb infants a partir de 8 anys.<\/p>\n<p>Una passejada en fam\u00edli adesde Sa Caleta fins la Punta des Jondal.<\/p>\n<p><strong>Lloc de tobada:<\/strong><br \/>\nAparcament de Sa Caleta entre les 9:00 i les 9:15 h.<\/p>\n<p><img loading=\"lazy\" decoding=\"async\" class=\"alignnone size-full wp-image-17182\" src=\"https:\/\/cultura.santjosep.org\/wp-content\/uploads\/2023\/02\/Una-illa-de-llibres.png\" alt=\"\" width=\"1587\" height=\"2245\" srcset=\"https:\/\/cultura.santjosep.org\/wp-content\/uploads\/2023\/02\/Una-illa-de-llibres.png 1587w, https:\/\/cultura.santjosep.org\/wp-content\/uploads\/2023\/02\/Una-illa-de-llibres-212x300.png 212w, https:\/\/cultura.santjosep.org\/wp-content\/uploads\/2023\/02\/Una-illa-de-llibres-724x1024.png 724w, https:\/\/cultura.santjosep.org\/wp-content\/uploads\/2023\/02\/Una-illa-de-llibres-768x1086.png 768w, https:\/\/cultura.santjosep.org\/wp-content\/uploads\/2023\/02\/Una-illa-de-llibres-1086x1536.png 1086w, https:\/\/cultura.santjosep.org\/wp-content\/uploads\/2023\/02\/Una-illa-de-llibres-1448x2048.png 1448w, https:\/\/cultura.santjosep.org\/wp-content\/uploads\/2023\/02\/Una-illa-de-llibres-1568x2218.png 1568w, https:\/\/cultura.santjosep.org\/wp-content\/uploads\/2023\/02\/Una-illa-de-llibres-1320x1867.png 1320w\" sizes=\"auto, (max-width: 1587px) 100vw, 1587px\" \/><\/p>\n","protected":false},"excerpt":{"rendered":"<p>9:00 h | Passejada familiar &#8211; &#8216;Per la mar vengueren&#8217; Durant la sortida del dia 25, titulada \u00abPer la mar vengueren\u00bb, les persones participants coneixeran de la m\u00e0 de l\u2019historiador &hellip; <\/p>\n<p class=\"link-more\"><a href=\"https:\/\/cultura.santjosep.org\/es\/agenda\/passejades-literaries-per-la-mar-vengueren\/\" class=\"more-link\">Seguir leyendo<span class=\"screen-reader-text\"> \u00abPassejades liter\u00e0ries &#8211; &#8216;Per la mar vengueren&#8217;\u00bb<\/span><\/a><\/p>\n","protected":false},"author":1,"featured_media":16575,"template":"","meta":{"_tribe_events_status":"","_tribe_events_status_reason":"","_tribe_events_is_hybrid":"","_tribe_events_is_virtual":"","_tribe_events_virtual_video_source":"","_tribe_events_virtual_embed_video":"","_tribe_events_virtual_linked_button_text":"","_tribe_events_virtual_linked_button":"","_tribe_events_virtual_show_embed_at":"","_tribe_events_virtual_show_embed_to":[],"_tribe_events_virtual_show_on_event":"","_tribe_events_virtual_show_on_views":"","_tribe_events_virtual_url":"","footnotes":""},"tags":[],"tribe_events_cat":[102],"class_list":["post-17185","tribe_events","type-tribe_events","status-publish","has-post-thumbnail","hentry","tribe_events_cat-excursions-es","cat_excursions-es","entry"],"yoast_head":"<!-- This site is optimized with the Yoast SEO plugin v26.6 - https:\/\/yoast.com\/wordpress\/plugins\/seo\/ -->\n<title>Passejades liter\u00e0ries - &#039;Per la mar vengueren&#039; - Cultura a Sant Josep de sa Talaia<\/title>\n<meta name=\"robots\" content=\"index, follow, max-snippet:-1, max-image-preview:large, max-video-preview:-1\" \/>\n<link rel=\"canonical\" href=\"https:\/\/cultura.santjosep.org\/es\/agenda\/passejades-literaries-per-la-mar-vengueren\/\" \/>\n<meta property=\"og:locale\" content=\"es_ES\" \/>\n<meta property=\"og:type\" content=\"article\" \/>\n<meta property=\"og:title\" content=\"Passejades liter\u00e0ries - &#039;Per la mar vengueren&#039; - Cultura a Sant Josep de sa Talaia\" \/>\n<meta property=\"og:description\" content=\"9:00 h | Passejada familiar &#8211; &#8216;Per la mar vengueren&#8217; Durant la sortida del dia 25, titulada \u00abPer la mar vengueren\u00bb, les persones participants coneixeran de la m\u00e0 de l\u2019historiador &hellip; Seguir leyendo \u00abPassejades liter\u00e0ries &#8211; &#8216;Per la mar vengueren&#8217;\u00bb\" \/>\n<meta property=\"og:url\" content=\"https:\/\/cultura.santjosep.org\/es\/agenda\/passejades-literaries-per-la-mar-vengueren\/\" \/>\n<meta property=\"og:site_name\" content=\"Cultura a Sant Josep de sa Talaia\" \/>\n<meta property=\"article:publisher\" content=\"https:\/\/www.facebook.com\/Ajuntament-de-Sant-Josep-de-sa-Talaia-197541666931354\/\" \/>\n<meta property=\"article:modified_time\" content=\"2023-03-02T15:03:13+00:00\" \/>\n<meta property=\"og:image\" content=\"https:\/\/cultura.santjosep.org\/wp-content\/uploads\/2023\/01\/foto-sortida.jpg\" \/>\n\t<meta property=\"og:image:width\" content=\"2048\" \/>\n\t<meta property=\"og:image:height\" content=\"1518\" \/>\n\t<meta property=\"og:image:type\" content=\"image\/jpeg\" \/>\n<meta name=\"twitter:card\" content=\"summary_large_image\" \/>\n<meta name=\"twitter:site\" content=\"@DeTalaia\" \/>\n<meta name=\"twitter:label1\" content=\"Tiempo de lectura\" \/>\n\t<meta name=\"twitter:data1\" content=\"1 minuto\" \/>\n<script type=\"application\/ld+json\" class=\"yoast-schema-graph\">{\"@context\":\"https:\/\/schema.org\",\"@graph\":[{\"@type\":\"WebPage\",\"@id\":\"https:\/\/cultura.santjosep.org\/es\/agenda\/passejades-literaries-per-la-mar-vengueren\/\",\"url\":\"https:\/\/cultura.santjosep.org\/es\/agenda\/passejades-literaries-per-la-mar-vengueren\/\",\"name\":\"Passejades liter\u00e0ries - 'Per la mar vengueren' - Cultura a Sant Josep de sa Talaia\",\"isPartOf\":{\"@id\":\"https:\/\/cultura.santjosep.org\/es\/#website\"},\"primaryImageOfPage\":{\"@id\":\"https:\/\/cultura.santjosep.org\/es\/agenda\/passejades-literaries-per-la-mar-vengueren\/#primaryimage\"},\"image\":{\"@id\":\"https:\/\/cultura.santjosep.org\/es\/agenda\/passejades-literaries-per-la-mar-vengueren\/#primaryimage\"},\"thumbnailUrl\":\"https:\/\/cultura.santjosep.org\/wp-content\/uploads\/2023\/01\/foto-sortida.jpg\",\"datePublished\":\"2023-02-23T11:16:44+00:00\",\"dateModified\":\"2023-03-02T15:03:13+00:00\",\"breadcrumb\":{\"@id\":\"https:\/\/cultura.santjosep.org\/es\/agenda\/passejades-literaries-per-la-mar-vengueren\/#breadcrumb\"},\"inLanguage\":\"es\",\"potentialAction\":[{\"@type\":\"ReadAction\",\"target\":[\"https:\/\/cultura.santjosep.org\/es\/agenda\/passejades-literaries-per-la-mar-vengueren\/\"]}]},{\"@type\":\"ImageObject\",\"inLanguage\":\"es\",\"@id\":\"https:\/\/cultura.santjosep.org\/es\/agenda\/passejades-literaries-per-la-mar-vengueren\/#primaryimage\",\"url\":\"https:\/\/cultura.santjosep.org\/wp-content\/uploads\/2023\/01\/foto-sortida.jpg\",\"contentUrl\":\"https:\/\/cultura.santjosep.org\/wp-content\/uploads\/2023\/01\/foto-sortida.jpg\",\"width\":2048,\"height\":1518},{\"@type\":\"BreadcrumbList\",\"@id\":\"https:\/\/cultura.santjosep.org\/es\/agenda\/passejades-literaries-per-la-mar-vengueren\/#breadcrumb\",\"itemListElement\":[{\"@type\":\"ListItem\",\"position\":1,\"name\":\"Portada\",\"item\":\"https:\/\/cultura.santjosep.org\/es\/\"},{\"@type\":\"ListItem\",\"position\":2,\"name\":\"Eventos\",\"item\":\"https:\/\/cultura.santjosep.org\/agenda\/\"},{\"@type\":\"ListItem\",\"position\":3,\"name\":\"Passejades liter\u00e0ries &#8211; &#8216;Per la mar vengueren&#8217;\"}]},{\"@type\":\"WebSite\",\"@id\":\"https:\/\/cultura.santjosep.org\/es\/#website\",\"url\":\"https:\/\/cultura.santjosep.org\/es\/\",\"name\":\"Cultura a Sant Josep de sa Talaia\",\"description\":\"\",\"publisher\":{\"@id\":\"https:\/\/cultura.santjosep.org\/es\/#organization\"},\"potentialAction\":[{\"@type\":\"SearchAction\",\"target\":{\"@type\":\"EntryPoint\",\"urlTemplate\":\"https:\/\/cultura.santjosep.org\/es\/?s={search_term_string}\"},\"query-input\":{\"@type\":\"PropertyValueSpecification\",\"valueRequired\":true,\"valueName\":\"search_term_string\"}}],\"inLanguage\":\"es\"},{\"@type\":\"Organization\",\"@id\":\"https:\/\/cultura.santjosep.org\/es\/#organization\",\"name\":\"Ajuntament de Sant Josep de sa Talaia\",\"url\":\"https:\/\/cultura.santjosep.org\/es\/\",\"logo\":{\"@type\":\"ImageObject\",\"inLanguage\":\"es\",\"@id\":\"https:\/\/cultura.santjosep.org\/es\/#\/schema\/logo\/image\/\",\"url\":\"https:\/\/cultura.santjosep.org\/wp-content\/uploads\/2020\/10\/logocolor.jpg\",\"contentUrl\":\"https:\/\/cultura.santjosep.org\/wp-content\/uploads\/2020\/10\/logocolor.jpg\",\"width\":250,\"height\":98,\"caption\":\"Ajuntament de Sant Josep de sa Talaia\"},\"image\":{\"@id\":\"https:\/\/cultura.santjosep.org\/es\/#\/schema\/logo\/image\/\"},\"sameAs\":[\"https:\/\/www.facebook.com\/Ajuntament-de-Sant-Josep-de-sa-Talaia-197541666931354\/\",\"https:\/\/x.com\/DeTalaia\",\"https:\/\/www.instagram.com\/sant_josep_de_sa_talaia\/\"]}]}<\/script>\n<!-- \/ Yoast SEO plugin. -->","yoast_head_json":{"title":"Passejades liter\u00e0ries - 'Per la mar vengueren' - Cultura a Sant Josep de sa Talaia","robots":{"index":"index","follow":"follow","max-snippet":"max-snippet:-1","max-image-preview":"max-image-preview:large","max-video-preview":"max-video-preview:-1"},"canonical":"https:\/\/cultura.santjosep.org\/es\/agenda\/passejades-literaries-per-la-mar-vengueren\/","og_locale":"es_ES","og_type":"article","og_title":"Passejades liter\u00e0ries - 'Per la mar vengueren' - Cultura a Sant Josep de sa Talaia","og_description":"9:00 h | Passejada familiar &#8211; &#8216;Per la mar vengueren&#8217; Durant la sortida del dia 25, titulada \u00abPer la mar vengueren\u00bb, les persones participants coneixeran de la m\u00e0 de l\u2019historiador &hellip; Seguir leyendo \u00abPassejades liter\u00e0ries &#8211; &#8216;Per la mar vengueren&#8217;\u00bb","og_url":"https:\/\/cultura.santjosep.org\/es\/agenda\/passejades-literaries-per-la-mar-vengueren\/","og_site_name":"Cultura a Sant Josep de sa Talaia","article_publisher":"https:\/\/www.facebook.com\/Ajuntament-de-Sant-Josep-de-sa-Talaia-197541666931354\/","article_modified_time":"2023-03-02T15:03:13+00:00","og_image":[{"width":2048,"height":1518,"url":"https:\/\/cultura.santjosep.org\/wp-content\/uploads\/2023\/01\/foto-sortida.jpg","type":"image\/jpeg"}],"twitter_card":"summary_large_image","twitter_site":"@DeTalaia","twitter_misc":{"Tiempo de lectura":"1 minuto"},"schema":{"@context":"https:\/\/schema.org","@graph":[{"@type":"WebPage","@id":"https:\/\/cultura.santjosep.org\/es\/agenda\/passejades-literaries-per-la-mar-vengueren\/","url":"https:\/\/cultura.santjosep.org\/es\/agenda\/passejades-literaries-per-la-mar-vengueren\/","name":"Passejades liter\u00e0ries - 'Per la mar vengueren' - Cultura a Sant Josep de sa Talaia","isPartOf":{"@id":"https:\/\/cultura.santjosep.org\/es\/#website"},"primaryImageOfPage":{"@id":"https:\/\/cultura.santjosep.org\/es\/agenda\/passejades-literaries-per-la-mar-vengueren\/#primaryimage"},"image":{"@id":"https:\/\/cultura.santjosep.org\/es\/agenda\/passejades-literaries-per-la-mar-vengueren\/#primaryimage"},"thumbnailUrl":"https:\/\/cultura.santjosep.org\/wp-content\/uploads\/2023\/01\/foto-sortida.jpg","datePublished":"2023-02-23T11:16:44+00:00","dateModified":"2023-03-02T15:03:13+00:00","breadcrumb":{"@id":"https:\/\/cultura.santjosep.org\/es\/agenda\/passejades-literaries-per-la-mar-vengueren\/#breadcrumb"},"inLanguage":"es","potentialAction":[{"@type":"ReadAction","target":["https:\/\/cultura.santjosep.org\/es\/agenda\/passejades-literaries-per-la-mar-vengueren\/"]}]},{"@type":"ImageObject","inLanguage":"es","@id":"https:\/\/cultura.santjosep.org\/es\/agenda\/passejades-literaries-per-la-mar-vengueren\/#primaryimage","url":"https:\/\/cultura.santjosep.org\/wp-content\/uploads\/2023\/01\/foto-sortida.jpg","contentUrl":"https:\/\/cultura.santjosep.org\/wp-content\/uploads\/2023\/01\/foto-sortida.jpg","width":2048,"height":1518},{"@type":"BreadcrumbList","@id":"https:\/\/cultura.santjosep.org\/es\/agenda\/passejades-literaries-per-la-mar-vengueren\/#breadcrumb","itemListElement":[{"@type":"ListItem","position":1,"name":"Portada","item":"https:\/\/cultura.santjosep.org\/es\/"},{"@type":"ListItem","position":2,"name":"Eventos","item":"https:\/\/cultura.santjosep.org\/agenda\/"},{"@type":"ListItem","position":3,"name":"Passejades liter\u00e0ries &#8211; &#8216;Per la mar vengueren&#8217;"}]},{"@type":"WebSite","@id":"https:\/\/cultura.santjosep.org\/es\/#website","url":"https:\/\/cultura.santjosep.org\/es\/","name":"Cultura a Sant Josep de sa Talaia","description":"","publisher":{"@id":"https:\/\/cultura.santjosep.org\/es\/#organization"},"potentialAction":[{"@type":"SearchAction","target":{"@type":"EntryPoint","urlTemplate":"https:\/\/cultura.santjosep.org\/es\/?s={search_term_string}"},"query-input":{"@type":"PropertyValueSpecification","valueRequired":true,"valueName":"search_term_string"}}],"inLanguage":"es"},{"@type":"Organization","@id":"https:\/\/cultura.santjosep.org\/es\/#organization","name":"Ajuntament de Sant Josep de sa Talaia","url":"https:\/\/cultura.santjosep.org\/es\/","logo":{"@type":"ImageObject","inLanguage":"es","@id":"https:\/\/cultura.santjosep.org\/es\/#\/schema\/logo\/image\/","url":"https:\/\/cultura.santjosep.org\/wp-content\/uploads\/2020\/10\/logocolor.jpg","contentUrl":"https:\/\/cultura.santjosep.org\/wp-content\/uploads\/2020\/10\/logocolor.jpg","width":250,"height":98,"caption":"Ajuntament de Sant Josep de sa Talaia"},"image":{"@id":"https:\/\/cultura.santjosep.org\/es\/#\/schema\/logo\/image\/"},"sameAs":["https:\/\/www.facebook.com\/Ajuntament-de-Sant-Josep-de-sa-Talaia-197541666931354\/","https:\/\/x.com\/DeTalaia","https:\/\/www.instagram.com\/sant_josep_de_sa_talaia\/"]}]}},"_links":{"self":[{"href":"https:\/\/cultura.santjosep.org\/es\/wp-json\/wp\/v2\/tribe_events\/17185","targetHints":{"allow":["GET"]}}],"collection":[{"href":"https:\/\/cultura.santjosep.org\/es\/wp-json\/wp\/v2\/tribe_events"}],"about":[{"href":"https:\/\/cultura.santjosep.org\/es\/wp-json\/wp\/v2\/types\/tribe_events"}],"author":[{"embeddable":true,"href":"https:\/\/cultura.santjosep.org\/es\/wp-json\/wp\/v2\/users\/1"}],"version-history":[{"count":0,"href":"https:\/\/cultura.santjosep.org\/es\/wp-json\/wp\/v2\/tribe_events\/17185\/revisions"}],"wp:featuredmedia":[{"embeddable":true,"href":"https:\/\/cultura.santjosep.org\/es\/wp-json\/wp\/v2\/media\/16575"}],"wp:attachment":[{"href":"https:\/\/cultura.santjosep.org\/es\/wp-json\/wp\/v2\/media?parent=17185"}],"wp:term":[{"taxonomy":"post_tag","embeddable":true,"href":"https:\/\/cultura.santjosep.org\/es\/wp-json\/wp\/v2\/tags?post=17185"},{"taxonomy":"tribe_events_cat","embeddable":true,"href":"https:\/\/cultura.santjosep.org\/es\/wp-json\/wp\/v2\/tribe_events_cat?post=17185"}],"curies":[{"name":"wp","href":"https:\/\/api.w.org\/{rel}","templated":true}]}}