{"id":18058,"date":"2023-04-25T11:00:26","date_gmt":"2023-04-25T09:00:26","guid":{"rendered":"https:\/\/cultura.santjosep.org\/?post_type=tribe_events&#038;p=18058"},"modified":"2023-05-01T09:37:16","modified_gmt":"2023-05-01T07:37:16","slug":"magiclown-yo-mussolini-de-leo-bassi","status":"publish","type":"tribe_events","link":"https:\/\/cultura.santjosep.org\/es\/agenda\/magiclown-yo-mussolini-de-leo-bassi\/","title":{"rendered":"Magiclown &#8211; &#8216;Yo, Mussolini\u2019 de Leo Bassi"},"content":{"rendered":"<p><strong>Viernes 5 de mayo | 20.30h | Magiclown &#8211; &#8216;Yo, Mussolini\u2019 de Leo Bassi<\/strong><br \/>\n<strong>Lugar:<\/strong> Auditori Cal\u00f3 de s&#8217;Oli<br \/>\n<strong>Sinopsis<\/strong>: Leo Bassi vuelve a posicionarse frente a la extrema derecha con un espect\u00e1culo nacido del auge en todo el mundo de la vieja ideolog\u00eda fascista. Un desaf\u00edo directo a la gente que ha luchado desde siempre por una vida m\u00e1s solidaria y humanista. &#8216;Yo, Mussolini&#8217; es una pieza provocadora y divertida, pensada para generar optimismo y dar al p\u00fablico que sale del teatro ganas de resistir, o, mejor, \u201crisistir!\u201d con inteligencia a la intolerancia. Y es que el mensaje m\u00e1s importante de &#8216;Yo, Mussolini&#8217; es que el fascismo crece por el miedo que genera, y que el mejor ant\u00eddoto contra este miedo es el sentido del humor.<\/p>\n<p><strong><a href=\"https:\/\/www.festiclown.org\/es\/magiclown23\/#programaci%c3%b3n\" target=\"_blank\" rel=\"noopener\">\u2192 Programa <em>Magiclown<\/em> completo<\/a><\/strong><\/p>\n<h4><span style=\"color: #ff0000;\">Entradas agotadas<\/span><\/h4>\n<p>Para acceder al espect\u00e1culo sin entrada, aconsejamos que acudan al Auditorio con media hora de antelaci\u00f3n, porque suelen quedar butacas sin ocupar, y lo comuniquen al personal de recepci\u00f3n.<br \/>\nCuando falten 5 minutos para el comienzo, se otorgar\u00e1n por orden de llegada.<\/p>\n","protected":false},"excerpt":{"rendered":"<p>Viernes 5 de mayo | 20.30h | Magiclown &#8211; &#8216;Yo, Mussolini\u2019 de Leo Bassi Lugar: Auditori Cal\u00f3 de s&#8217;Oli Sinopsis: Leo Bassi vuelve a posicionarse frente a la extrema derecha &hellip; <\/p>\n<p class=\"link-more\"><a href=\"https:\/\/cultura.santjosep.org\/es\/agenda\/magiclown-yo-mussolini-de-leo-bassi\/\" class=\"more-link\">Seguir leyendo<span class=\"screen-reader-text\"> \u00abMagiclown &#8211; &#8216;Yo, Mussolini\u2019 de Leo Bassi\u00bb<\/span><\/a><\/p>\n","protected":false},"author":1,"featured_media":18227,"template":"","meta":{"_tribe_events_status":"","_tribe_events_status_reason":"","_tribe_events_is_hybrid":"","_tribe_events_is_virtual":"","_tribe_events_virtual_video_source":"","_tribe_events_virtual_embed_video":"","_tribe_events_virtual_linked_button_text":"","_tribe_events_virtual_linked_button":"","_tribe_events_virtual_show_embed_at":"","_tribe_events_virtual_show_embed_to":[],"_tribe_events_virtual_show_on_event":"","_tribe_events_virtual_show_on_views":"","_tribe_events_virtual_url":"","footnotes":""},"tags":[],"tribe_events_cat":[163],"class_list":["post-18058","tribe_events","type-tribe_events","status-publish","has-post-thumbnail","hentry","tribe_events_cat-magiclown-es","cat_magiclown-es","entry"],"yoast_head":"<!-- This site is optimized with the Yoast SEO plugin v26.6 - https:\/\/yoast.com\/wordpress\/plugins\/seo\/ -->\n<title>Magiclown - &#039;Yo, Mussolini\u2019 de Leo Bassi - Cultura a Sant Josep de sa Talaia<\/title>\n<meta name=\"robots\" content=\"index, follow, max-snippet:-1, max-image-preview:large, max-video-preview:-1\" \/>\n<link rel=\"canonical\" href=\"https:\/\/cultura.santjosep.org\/es\/agenda\/magiclown-yo-mussolini-de-leo-bassi\/\" \/>\n<meta property=\"og:locale\" content=\"es_ES\" \/>\n<meta property=\"og:type\" content=\"article\" \/>\n<meta property=\"og:title\" content=\"Magiclown - &#039;Yo, Mussolini\u2019 de Leo Bassi - Cultura a Sant Josep de sa Talaia\" \/>\n<meta property=\"og:description\" content=\"Viernes 5 de mayo | 20.30h | Magiclown &#8211; &#8216;Yo, Mussolini\u2019 de Leo Bassi Lugar: Auditori Cal\u00f3 de s&#8217;Oli Sinopsis: Leo Bassi vuelve a posicionarse frente a la extrema derecha &hellip; Seguir leyendo \u00abMagiclown &#8211; &#8216;Yo, Mussolini\u2019 de Leo Bassi\u00bb\" \/>\n<meta property=\"og:url\" content=\"https:\/\/cultura.santjosep.org\/es\/agenda\/magiclown-yo-mussolini-de-leo-bassi\/\" \/>\n<meta property=\"og:site_name\" content=\"Cultura a Sant Josep de sa Talaia\" \/>\n<meta property=\"article:publisher\" content=\"https:\/\/www.facebook.com\/Ajuntament-de-Sant-Josep-de-sa-Talaia-197541666931354\/\" \/>\n<meta property=\"article:modified_time\" content=\"2023-05-01T07:37:16+00:00\" \/>\n<meta property=\"og:image\" content=\"https:\/\/cultura.santjosep.org\/wp-content\/uploads\/2023\/04\/yomussolini.jpg\" \/>\n\t<meta property=\"og:image:width\" content=\"1964\" \/>\n\t<meta property=\"og:image:height\" content=\"1312\" \/>\n\t<meta property=\"og:image:type\" content=\"image\/jpeg\" \/>\n<meta name=\"twitter:card\" content=\"summary_large_image\" \/>\n<meta name=\"twitter:site\" content=\"@DeTalaia\" \/>\n<meta name=\"twitter:label1\" content=\"Tiempo de lectura\" \/>\n\t<meta name=\"twitter:data1\" content=\"1 minuto\" \/>\n<script type=\"application\/ld+json\" class=\"yoast-schema-graph\">{\"@context\":\"https:\/\/schema.org\",\"@graph\":[{\"@type\":\"WebPage\",\"@id\":\"https:\/\/cultura.santjosep.org\/es\/agenda\/magiclown-yo-mussolini-de-leo-bassi\/\",\"url\":\"https:\/\/cultura.santjosep.org\/es\/agenda\/magiclown-yo-mussolini-de-leo-bassi\/\",\"name\":\"Magiclown - 'Yo, Mussolini\u2019 de Leo Bassi - Cultura a Sant Josep de sa Talaia\",\"isPartOf\":{\"@id\":\"https:\/\/cultura.santjosep.org\/es\/#website\"},\"primaryImageOfPage\":{\"@id\":\"https:\/\/cultura.santjosep.org\/es\/agenda\/magiclown-yo-mussolini-de-leo-bassi\/#primaryimage\"},\"image\":{\"@id\":\"https:\/\/cultura.santjosep.org\/es\/agenda\/magiclown-yo-mussolini-de-leo-bassi\/#primaryimage\"},\"thumbnailUrl\":\"https:\/\/cultura.santjosep.org\/wp-content\/uploads\/2023\/04\/yomussolini.jpg\",\"datePublished\":\"2023-04-25T09:00:26+00:00\",\"dateModified\":\"2023-05-01T07:37:16+00:00\",\"breadcrumb\":{\"@id\":\"https:\/\/cultura.santjosep.org\/es\/agenda\/magiclown-yo-mussolini-de-leo-bassi\/#breadcrumb\"},\"inLanguage\":\"es\",\"potentialAction\":[{\"@type\":\"ReadAction\",\"target\":[\"https:\/\/cultura.santjosep.org\/es\/agenda\/magiclown-yo-mussolini-de-leo-bassi\/\"]}]},{\"@type\":\"ImageObject\",\"inLanguage\":\"es\",\"@id\":\"https:\/\/cultura.santjosep.org\/es\/agenda\/magiclown-yo-mussolini-de-leo-bassi\/#primaryimage\",\"url\":\"https:\/\/cultura.santjosep.org\/wp-content\/uploads\/2023\/04\/yomussolini.jpg\",\"contentUrl\":\"https:\/\/cultura.santjosep.org\/wp-content\/uploads\/2023\/04\/yomussolini.jpg\",\"width\":1964,\"height\":1312},{\"@type\":\"BreadcrumbList\",\"@id\":\"https:\/\/cultura.santjosep.org\/es\/agenda\/magiclown-yo-mussolini-de-leo-bassi\/#breadcrumb\",\"itemListElement\":[{\"@type\":\"ListItem\",\"position\":1,\"name\":\"Portada\",\"item\":\"https:\/\/cultura.santjosep.org\/es\/\"},{\"@type\":\"ListItem\",\"position\":2,\"name\":\"Eventos\",\"item\":\"https:\/\/cultura.santjosep.org\/agenda\/\"},{\"@type\":\"ListItem\",\"position\":3,\"name\":\"Magiclown &#8211; &#8216;Yo, Mussolini\u2019 de Leo Bassi\"}]},{\"@type\":\"WebSite\",\"@id\":\"https:\/\/cultura.santjosep.org\/es\/#website\",\"url\":\"https:\/\/cultura.santjosep.org\/es\/\",\"name\":\"Cultura a Sant Josep de sa Talaia\",\"description\":\"\",\"publisher\":{\"@id\":\"https:\/\/cultura.santjosep.org\/es\/#organization\"},\"potentialAction\":[{\"@type\":\"SearchAction\",\"target\":{\"@type\":\"EntryPoint\",\"urlTemplate\":\"https:\/\/cultura.santjosep.org\/es\/?s={search_term_string}\"},\"query-input\":{\"@type\":\"PropertyValueSpecification\",\"valueRequired\":true,\"valueName\":\"search_term_string\"}}],\"inLanguage\":\"es\"},{\"@type\":\"Organization\",\"@id\":\"https:\/\/cultura.santjosep.org\/es\/#organization\",\"name\":\"Ajuntament de Sant Josep de sa Talaia\",\"url\":\"https:\/\/cultura.santjosep.org\/es\/\",\"logo\":{\"@type\":\"ImageObject\",\"inLanguage\":\"es\",\"@id\":\"https:\/\/cultura.santjosep.org\/es\/#\/schema\/logo\/image\/\",\"url\":\"https:\/\/cultura.santjosep.org\/wp-content\/uploads\/2020\/10\/logocolor.jpg\",\"contentUrl\":\"https:\/\/cultura.santjosep.org\/wp-content\/uploads\/2020\/10\/logocolor.jpg\",\"width\":250,\"height\":98,\"caption\":\"Ajuntament de Sant Josep de sa Talaia\"},\"image\":{\"@id\":\"https:\/\/cultura.santjosep.org\/es\/#\/schema\/logo\/image\/\"},\"sameAs\":[\"https:\/\/www.facebook.com\/Ajuntament-de-Sant-Josep-de-sa-Talaia-197541666931354\/\",\"https:\/\/x.com\/DeTalaia\",\"https:\/\/www.instagram.com\/sant_josep_de_sa_talaia\/\"]}]}<\/script>\n<!-- \/ Yoast SEO plugin. -->","yoast_head_json":{"title":"Magiclown - 'Yo, Mussolini\u2019 de Leo Bassi - Cultura a Sant Josep de sa Talaia","robots":{"index":"index","follow":"follow","max-snippet":"max-snippet:-1","max-image-preview":"max-image-preview:large","max-video-preview":"max-video-preview:-1"},"canonical":"https:\/\/cultura.santjosep.org\/es\/agenda\/magiclown-yo-mussolini-de-leo-bassi\/","og_locale":"es_ES","og_type":"article","og_title":"Magiclown - 'Yo, Mussolini\u2019 de Leo Bassi - Cultura a Sant Josep de sa Talaia","og_description":"Viernes 5 de mayo | 20.30h | Magiclown &#8211; &#8216;Yo, Mussolini\u2019 de Leo Bassi Lugar: Auditori Cal\u00f3 de s&#8217;Oli Sinopsis: Leo Bassi vuelve a posicionarse frente a la extrema derecha &hellip; Seguir leyendo \u00abMagiclown &#8211; &#8216;Yo, Mussolini\u2019 de Leo Bassi\u00bb","og_url":"https:\/\/cultura.santjosep.org\/es\/agenda\/magiclown-yo-mussolini-de-leo-bassi\/","og_site_name":"Cultura a Sant Josep de sa Talaia","article_publisher":"https:\/\/www.facebook.com\/Ajuntament-de-Sant-Josep-de-sa-Talaia-197541666931354\/","article_modified_time":"2023-05-01T07:37:16+00:00","og_image":[{"width":1964,"height":1312,"url":"https:\/\/cultura.santjosep.org\/wp-content\/uploads\/2023\/04\/yomussolini.jpg","type":"image\/jpeg"}],"twitter_card":"summary_large_image","twitter_site":"@DeTalaia","twitter_misc":{"Tiempo de lectura":"1 minuto"},"schema":{"@context":"https:\/\/schema.org","@graph":[{"@type":"WebPage","@id":"https:\/\/cultura.santjosep.org\/es\/agenda\/magiclown-yo-mussolini-de-leo-bassi\/","url":"https:\/\/cultura.santjosep.org\/es\/agenda\/magiclown-yo-mussolini-de-leo-bassi\/","name":"Magiclown - 'Yo, Mussolini\u2019 de Leo Bassi - Cultura a Sant Josep de sa Talaia","isPartOf":{"@id":"https:\/\/cultura.santjosep.org\/es\/#website"},"primaryImageOfPage":{"@id":"https:\/\/cultura.santjosep.org\/es\/agenda\/magiclown-yo-mussolini-de-leo-bassi\/#primaryimage"},"image":{"@id":"https:\/\/cultura.santjosep.org\/es\/agenda\/magiclown-yo-mussolini-de-leo-bassi\/#primaryimage"},"thumbnailUrl":"https:\/\/cultura.santjosep.org\/wp-content\/uploads\/2023\/04\/yomussolini.jpg","datePublished":"2023-04-25T09:00:26+00:00","dateModified":"2023-05-01T07:37:16+00:00","breadcrumb":{"@id":"https:\/\/cultura.santjosep.org\/es\/agenda\/magiclown-yo-mussolini-de-leo-bassi\/#breadcrumb"},"inLanguage":"es","potentialAction":[{"@type":"ReadAction","target":["https:\/\/cultura.santjosep.org\/es\/agenda\/magiclown-yo-mussolini-de-leo-bassi\/"]}]},{"@type":"ImageObject","inLanguage":"es","@id":"https:\/\/cultura.santjosep.org\/es\/agenda\/magiclown-yo-mussolini-de-leo-bassi\/#primaryimage","url":"https:\/\/cultura.santjosep.org\/wp-content\/uploads\/2023\/04\/yomussolini.jpg","contentUrl":"https:\/\/cultura.santjosep.org\/wp-content\/uploads\/2023\/04\/yomussolini.jpg","width":1964,"height":1312},{"@type":"BreadcrumbList","@id":"https:\/\/cultura.santjosep.org\/es\/agenda\/magiclown-yo-mussolini-de-leo-bassi\/#breadcrumb","itemListElement":[{"@type":"ListItem","position":1,"name":"Portada","item":"https:\/\/cultura.santjosep.org\/es\/"},{"@type":"ListItem","position":2,"name":"Eventos","item":"https:\/\/cultura.santjosep.org\/agenda\/"},{"@type":"ListItem","position":3,"name":"Magiclown &#8211; &#8216;Yo, Mussolini\u2019 de Leo Bassi"}]},{"@type":"WebSite","@id":"https:\/\/cultura.santjosep.org\/es\/#website","url":"https:\/\/cultura.santjosep.org\/es\/","name":"Cultura a Sant Josep de sa Talaia","description":"","publisher":{"@id":"https:\/\/cultura.santjosep.org\/es\/#organization"},"potentialAction":[{"@type":"SearchAction","target":{"@type":"EntryPoint","urlTemplate":"https:\/\/cultura.santjosep.org\/es\/?s={search_term_string}"},"query-input":{"@type":"PropertyValueSpecification","valueRequired":true,"valueName":"search_term_string"}}],"inLanguage":"es"},{"@type":"Organization","@id":"https:\/\/cultura.santjosep.org\/es\/#organization","name":"Ajuntament de Sant Josep de sa Talaia","url":"https:\/\/cultura.santjosep.org\/es\/","logo":{"@type":"ImageObject","inLanguage":"es","@id":"https:\/\/cultura.santjosep.org\/es\/#\/schema\/logo\/image\/","url":"https:\/\/cultura.santjosep.org\/wp-content\/uploads\/2020\/10\/logocolor.jpg","contentUrl":"https:\/\/cultura.santjosep.org\/wp-content\/uploads\/2020\/10\/logocolor.jpg","width":250,"height":98,"caption":"Ajuntament de Sant Josep de sa Talaia"},"image":{"@id":"https:\/\/cultura.santjosep.org\/es\/#\/schema\/logo\/image\/"},"sameAs":["https:\/\/www.facebook.com\/Ajuntament-de-Sant-Josep-de-sa-Talaia-197541666931354\/","https:\/\/x.com\/DeTalaia","https:\/\/www.instagram.com\/sant_josep_de_sa_talaia\/"]}]}},"_links":{"self":[{"href":"https:\/\/cultura.santjosep.org\/es\/wp-json\/wp\/v2\/tribe_events\/18058","targetHints":{"allow":["GET"]}}],"collection":[{"href":"https:\/\/cultura.santjosep.org\/es\/wp-json\/wp\/v2\/tribe_events"}],"about":[{"href":"https:\/\/cultura.santjosep.org\/es\/wp-json\/wp\/v2\/types\/tribe_events"}],"author":[{"embeddable":true,"href":"https:\/\/cultura.santjosep.org\/es\/wp-json\/wp\/v2\/users\/1"}],"version-history":[{"count":0,"href":"https:\/\/cultura.santjosep.org\/es\/wp-json\/wp\/v2\/tribe_events\/18058\/revisions"}],"wp:featuredmedia":[{"embeddable":true,"href":"https:\/\/cultura.santjosep.org\/es\/wp-json\/wp\/v2\/media\/18227"}],"wp:attachment":[{"href":"https:\/\/cultura.santjosep.org\/es\/wp-json\/wp\/v2\/media?parent=18058"}],"wp:term":[{"taxonomy":"post_tag","embeddable":true,"href":"https:\/\/cultura.santjosep.org\/es\/wp-json\/wp\/v2\/tags?post=18058"},{"taxonomy":"tribe_events_cat","embeddable":true,"href":"https:\/\/cultura.santjosep.org\/es\/wp-json\/wp\/v2\/tribe_events_cat?post=18058"}],"curies":[{"name":"wp","href":"https:\/\/api.w.org\/{rel}","templated":true}]}}