{"id":18098,"date":"2023-04-25T11:00:25","date_gmt":"2023-04-25T09:00:25","guid":{"rendered":"https:\/\/cultura.santjosep.org\/?post_type=tribe_events&#038;p=18098"},"modified":"2023-04-24T16:37:12","modified_gmt":"2023-04-24T14:37:12","slug":"magiclown-curs-2-curs-magia-i-clown-ivan-prado-i-pablo-munoz","status":"publish","type":"tribe_events","link":"https:\/\/cultura.santjosep.org\/es\/agenda\/magiclown-curs-2-curs-magia-i-clown-ivan-prado-i-pablo-munoz\/","title":{"rendered":"Magiclown &#8211; Curso 2: Curso \u2018Magia y Clown\u2019. Iv\u00e1n Prado y Pablo Mu\u00f1oz"},"content":{"rendered":"<p><strong>Domingo 7 de mayo | 10.00h &#8211; 14.00h | Magiclown &#8211; Curso 2: Curso \u2018Magia y Clown\u2019. Iv\u00e1n Prado y Pablo Mu\u00f1oz<\/strong><br \/>\n<strong>Lugar: <\/strong>Auditori Cal\u00f3 de s\u2019Oli &#8211; hall<br \/>\n<strong>Precio:<\/strong> 80 \u20ac<\/p>\n<p>\u2018Magia &amp; Clown\u2019 no es una formaci\u00f3n al uso. Es un encuentro para descubrir en comunidad todas las herramientas que ya existen en nosotros mismas y aprender a utilizarlas desde la magia de la propia risa. Por eso, m\u00e1s all\u00e1 de tener o no experiencia previa, lo \u00fanico imprescindible para inscribirse son las ganas de descubrir el payaso que llevamos dentro y creer en el poder de la magia.<\/p>\n<p><strong>Inscripciones a <a href=\"mailto:info@culturactiva.org\">info@culturactiva.org<\/a><\/strong><\/p>\n<p><strong><a href=\"https:\/\/www.festiclown.org\/es\/magiclown23\/#programaci%c3%b3n\" target=\"_blank\" rel=\"noopener\">\u2192 Programa <em>Magiclown<\/em> completo<\/a><\/strong><\/p>\n<p><img loading=\"lazy\" decoding=\"async\" class=\"alignnone size-full wp-image-18088\" src=\"https:\/\/cultura.santjosep.org\/wp-content\/uploads\/2023\/04\/MagiclownCurso_IPPM_A3_V1.jpg\" alt=\"\" width=\"842\" height=\"1191\" srcset=\"https:\/\/cultura.santjosep.org\/wp-content\/uploads\/2023\/04\/MagiclownCurso_IPPM_A3_V1.jpg 842w, https:\/\/cultura.santjosep.org\/wp-content\/uploads\/2023\/04\/MagiclownCurso_IPPM_A3_V1-212x300.jpg 212w, https:\/\/cultura.santjosep.org\/wp-content\/uploads\/2023\/04\/MagiclownCurso_IPPM_A3_V1-724x1024.jpg 724w, https:\/\/cultura.santjosep.org\/wp-content\/uploads\/2023\/04\/MagiclownCurso_IPPM_A3_V1-768x1086.jpg 768w\" sizes=\"auto, (max-width: 842px) 100vw, 842px\" \/><\/p>\n","protected":false},"excerpt":{"rendered":"<p>Domingo 7 de mayo | 10.00h &#8211; 14.00h | Magiclown &#8211; Curso 2: Curso \u2018Magia y Clown\u2019. Iv\u00e1n Prado y Pablo Mu\u00f1oz Lugar: Auditori Cal\u00f3 de s\u2019Oli &#8211; hall Precio: &hellip; <\/p>\n<p class=\"link-more\"><a href=\"https:\/\/cultura.santjosep.org\/es\/agenda\/magiclown-curs-2-curs-magia-i-clown-ivan-prado-i-pablo-munoz\/\" class=\"more-link\">Seguir leyendo<span class=\"screen-reader-text\"> \u00abMagiclown &#8211; Curso 2: Curso \u2018Magia y Clown\u2019. Iv\u00e1n Prado y Pablo Mu\u00f1oz\u00bb<\/span><\/a><\/p>\n","protected":false},"author":1,"featured_media":18091,"template":"","meta":{"_tribe_events_status":"","_tribe_events_status_reason":"","_tribe_events_is_hybrid":"","_tribe_events_is_virtual":"","_tribe_events_virtual_video_source":"","_tribe_events_virtual_embed_video":"","_tribe_events_virtual_linked_button_text":"","_tribe_events_virtual_linked_button":"","_tribe_events_virtual_show_embed_at":"","_tribe_events_virtual_show_embed_to":[],"_tribe_events_virtual_show_on_event":"","_tribe_events_virtual_show_on_views":"","_tribe_events_virtual_url":"","footnotes":""},"tags":[],"tribe_events_cat":[163],"class_list":["post-18098","tribe_events","type-tribe_events","status-publish","has-post-thumbnail","hentry","tribe_events_cat-magiclown-es","cat_magiclown-es","entry"],"yoast_head":"<!-- This site is optimized with the Yoast SEO plugin v26.6 - https:\/\/yoast.com\/wordpress\/plugins\/seo\/ -->\n<title>Magiclown - Curso 2: Curso \u2018Magia y Clown\u2019. Iv\u00e1n Prado y Pablo Mu\u00f1oz - Cultura a Sant Josep de sa Talaia<\/title>\n<meta name=\"robots\" content=\"index, follow, max-snippet:-1, max-image-preview:large, max-video-preview:-1\" \/>\n<link rel=\"canonical\" href=\"https:\/\/cultura.santjosep.org\/?post_type=tribe_events&p=18083\" \/>\n<meta property=\"og:locale\" content=\"es_ES\" \/>\n<meta property=\"og:type\" content=\"article\" \/>\n<meta property=\"og:title\" content=\"Magiclown - Curso 2: Curso \u2018Magia y Clown\u2019. Iv\u00e1n Prado y Pablo Mu\u00f1oz - Cultura a Sant Josep de sa Talaia\" \/>\n<meta property=\"og:description\" content=\"Domingo 7 de mayo | 10.00h &#8211; 14.00h | Magiclown &#8211; Curso 2: Curso \u2018Magia y Clown\u2019. Iv\u00e1n Prado y Pablo Mu\u00f1oz Lugar: Auditori Cal\u00f3 de s\u2019Oli &#8211; hall Precio: &hellip; Seguir leyendo \u00abMagiclown &#8211; Curso 2: Curso \u2018Magia y Clown\u2019. Iv\u00e1n Prado y Pablo Mu\u00f1oz\u00bb\" \/>\n<meta property=\"og:url\" content=\"https:\/\/cultura.santjosep.org\/?post_type=tribe_events&amp;p=18083\" \/>\n<meta property=\"og:site_name\" content=\"Cultura a Sant Josep de sa Talaia\" \/>\n<meta property=\"article:publisher\" content=\"https:\/\/www.facebook.com\/Ajuntament-de-Sant-Josep-de-sa-Talaia-197541666931354\/\" \/>\n<meta property=\"og:image\" content=\"https:\/\/cultura.santjosep.org\/wp-content\/uploads\/2023\/04\/PabloMun\u0303oz_CoolDimitri_programa.jpg\" \/>\n\t<meta property=\"og:image:width\" content=\"1059\" \/>\n\t<meta property=\"og:image:height\" content=\"370\" \/>\n\t<meta property=\"og:image:type\" content=\"image\/jpeg\" \/>\n<meta name=\"twitter:card\" content=\"summary_large_image\" \/>\n<meta name=\"twitter:site\" content=\"@DeTalaia\" \/>\n<meta name=\"twitter:label1\" content=\"Tiempo de lectura\" \/>\n\t<meta name=\"twitter:data1\" content=\"1 minuto\" \/>\n<script type=\"application\/ld+json\" class=\"yoast-schema-graph\">{\"@context\":\"https:\/\/schema.org\",\"@graph\":[{\"@type\":\"WebPage\",\"@id\":\"https:\/\/cultura.santjosep.org\/?post_type=tribe_events&p=18083\",\"url\":\"https:\/\/cultura.santjosep.org\/?post_type=tribe_events&p=18083\",\"name\":\"Magiclown - Curso 2: Curso \u2018Magia y Clown\u2019. Iv\u00e1n Prado y Pablo Mu\u00f1oz - Cultura a Sant Josep de sa Talaia\",\"isPartOf\":{\"@id\":\"https:\/\/cultura.santjosep.org\/es\/#website\"},\"primaryImageOfPage\":{\"@id\":\"https:\/\/cultura.santjosep.org\/?post_type=tribe_events&p=18083#primaryimage\"},\"image\":{\"@id\":\"https:\/\/cultura.santjosep.org\/?post_type=tribe_events&p=18083#primaryimage\"},\"thumbnailUrl\":\"https:\/\/cultura.santjosep.org\/wp-content\/uploads\/2023\/04\/PabloMun\u0303oz_CoolDimitri_programa.jpg\",\"datePublished\":\"2023-04-25T09:00:25+00:00\",\"breadcrumb\":{\"@id\":\"https:\/\/cultura.santjosep.org\/?post_type=tribe_events&p=18083#breadcrumb\"},\"inLanguage\":\"es\",\"potentialAction\":[{\"@type\":\"ReadAction\",\"target\":[\"https:\/\/cultura.santjosep.org\/?post_type=tribe_events&p=18083\"]}]},{\"@type\":\"ImageObject\",\"inLanguage\":\"es\",\"@id\":\"https:\/\/cultura.santjosep.org\/?post_type=tribe_events&p=18083#primaryimage\",\"url\":\"https:\/\/cultura.santjosep.org\/wp-content\/uploads\/2023\/04\/PabloMun\u0303oz_CoolDimitri_programa.jpg\",\"contentUrl\":\"https:\/\/cultura.santjosep.org\/wp-content\/uploads\/2023\/04\/PabloMun\u0303oz_CoolDimitri_programa.jpg\",\"width\":1059,\"height\":370},{\"@type\":\"BreadcrumbList\",\"@id\":\"https:\/\/cultura.santjosep.org\/?post_type=tribe_events&p=18083#breadcrumb\",\"itemListElement\":[{\"@type\":\"ListItem\",\"position\":1,\"name\":\"Portada\",\"item\":\"https:\/\/cultura.santjosep.org\/es\/\"},{\"@type\":\"ListItem\",\"position\":2,\"name\":\"Eventos\",\"item\":\"https:\/\/cultura.santjosep.org\/agenda\/\"},{\"@type\":\"ListItem\",\"position\":3,\"name\":\"Magiclown &#8211; Curso 2: Curso \u2018Magia y Clown\u2019. Iv\u00e1n Prado y Pablo Mu\u00f1oz\"}]},{\"@type\":\"WebSite\",\"@id\":\"https:\/\/cultura.santjosep.org\/es\/#website\",\"url\":\"https:\/\/cultura.santjosep.org\/es\/\",\"name\":\"Cultura a Sant Josep de sa Talaia\",\"description\":\"\",\"publisher\":{\"@id\":\"https:\/\/cultura.santjosep.org\/es\/#organization\"},\"potentialAction\":[{\"@type\":\"SearchAction\",\"target\":{\"@type\":\"EntryPoint\",\"urlTemplate\":\"https:\/\/cultura.santjosep.org\/es\/?s={search_term_string}\"},\"query-input\":{\"@type\":\"PropertyValueSpecification\",\"valueRequired\":true,\"valueName\":\"search_term_string\"}}],\"inLanguage\":\"es\"},{\"@type\":\"Organization\",\"@id\":\"https:\/\/cultura.santjosep.org\/es\/#organization\",\"name\":\"Ajuntament de Sant Josep de sa Talaia\",\"url\":\"https:\/\/cultura.santjosep.org\/es\/\",\"logo\":{\"@type\":\"ImageObject\",\"inLanguage\":\"es\",\"@id\":\"https:\/\/cultura.santjosep.org\/es\/#\/schema\/logo\/image\/\",\"url\":\"https:\/\/cultura.santjosep.org\/wp-content\/uploads\/2020\/10\/logocolor.jpg\",\"contentUrl\":\"https:\/\/cultura.santjosep.org\/wp-content\/uploads\/2020\/10\/logocolor.jpg\",\"width\":250,\"height\":98,\"caption\":\"Ajuntament de Sant Josep de sa Talaia\"},\"image\":{\"@id\":\"https:\/\/cultura.santjosep.org\/es\/#\/schema\/logo\/image\/\"},\"sameAs\":[\"https:\/\/www.facebook.com\/Ajuntament-de-Sant-Josep-de-sa-Talaia-197541666931354\/\",\"https:\/\/x.com\/DeTalaia\",\"https:\/\/www.instagram.com\/sant_josep_de_sa_talaia\/\"]}]}<\/script>\n<!-- \/ Yoast SEO plugin. -->","yoast_head_json":{"title":"Magiclown - Curso 2: Curso \u2018Magia y Clown\u2019. Iv\u00e1n Prado y Pablo Mu\u00f1oz - Cultura a Sant Josep de sa Talaia","robots":{"index":"index","follow":"follow","max-snippet":"max-snippet:-1","max-image-preview":"max-image-preview:large","max-video-preview":"max-video-preview:-1"},"canonical":"https:\/\/cultura.santjosep.org\/?post_type=tribe_events&p=18083","og_locale":"es_ES","og_type":"article","og_title":"Magiclown - Curso 2: Curso \u2018Magia y Clown\u2019. Iv\u00e1n Prado y Pablo Mu\u00f1oz - Cultura a Sant Josep de sa Talaia","og_description":"Domingo 7 de mayo | 10.00h &#8211; 14.00h | Magiclown &#8211; Curso 2: Curso \u2018Magia y Clown\u2019. Iv\u00e1n Prado y Pablo Mu\u00f1oz Lugar: Auditori Cal\u00f3 de s\u2019Oli &#8211; hall Precio: &hellip; Seguir leyendo \u00abMagiclown &#8211; Curso 2: Curso \u2018Magia y Clown\u2019. Iv\u00e1n Prado y Pablo Mu\u00f1oz\u00bb","og_url":"https:\/\/cultura.santjosep.org\/?post_type=tribe_events&p=18083","og_site_name":"Cultura a Sant Josep de sa Talaia","article_publisher":"https:\/\/www.facebook.com\/Ajuntament-de-Sant-Josep-de-sa-Talaia-197541666931354\/","og_image":[{"width":1059,"height":370,"url":"https:\/\/cultura.santjosep.org\/wp-content\/uploads\/2023\/04\/PabloMun\u0303oz_CoolDimitri_programa.jpg","type":"image\/jpeg"}],"twitter_card":"summary_large_image","twitter_site":"@DeTalaia","twitter_misc":{"Tiempo de lectura":"1 minuto"},"schema":{"@context":"https:\/\/schema.org","@graph":[{"@type":"WebPage","@id":"https:\/\/cultura.santjosep.org\/?post_type=tribe_events&p=18083","url":"https:\/\/cultura.santjosep.org\/?post_type=tribe_events&p=18083","name":"Magiclown - Curso 2: Curso \u2018Magia y Clown\u2019. Iv\u00e1n Prado y Pablo Mu\u00f1oz - Cultura a Sant Josep de sa Talaia","isPartOf":{"@id":"https:\/\/cultura.santjosep.org\/es\/#website"},"primaryImageOfPage":{"@id":"https:\/\/cultura.santjosep.org\/?post_type=tribe_events&p=18083#primaryimage"},"image":{"@id":"https:\/\/cultura.santjosep.org\/?post_type=tribe_events&p=18083#primaryimage"},"thumbnailUrl":"https:\/\/cultura.santjosep.org\/wp-content\/uploads\/2023\/04\/PabloMun\u0303oz_CoolDimitri_programa.jpg","datePublished":"2023-04-25T09:00:25+00:00","breadcrumb":{"@id":"https:\/\/cultura.santjosep.org\/?post_type=tribe_events&p=18083#breadcrumb"},"inLanguage":"es","potentialAction":[{"@type":"ReadAction","target":["https:\/\/cultura.santjosep.org\/?post_type=tribe_events&p=18083"]}]},{"@type":"ImageObject","inLanguage":"es","@id":"https:\/\/cultura.santjosep.org\/?post_type=tribe_events&p=18083#primaryimage","url":"https:\/\/cultura.santjosep.org\/wp-content\/uploads\/2023\/04\/PabloMun\u0303oz_CoolDimitri_programa.jpg","contentUrl":"https:\/\/cultura.santjosep.org\/wp-content\/uploads\/2023\/04\/PabloMun\u0303oz_CoolDimitri_programa.jpg","width":1059,"height":370},{"@type":"BreadcrumbList","@id":"https:\/\/cultura.santjosep.org\/?post_type=tribe_events&p=18083#breadcrumb","itemListElement":[{"@type":"ListItem","position":1,"name":"Portada","item":"https:\/\/cultura.santjosep.org\/es\/"},{"@type":"ListItem","position":2,"name":"Eventos","item":"https:\/\/cultura.santjosep.org\/agenda\/"},{"@type":"ListItem","position":3,"name":"Magiclown &#8211; Curso 2: Curso \u2018Magia y Clown\u2019. Iv\u00e1n Prado y Pablo Mu\u00f1oz"}]},{"@type":"WebSite","@id":"https:\/\/cultura.santjosep.org\/es\/#website","url":"https:\/\/cultura.santjosep.org\/es\/","name":"Cultura a Sant Josep de sa Talaia","description":"","publisher":{"@id":"https:\/\/cultura.santjosep.org\/es\/#organization"},"potentialAction":[{"@type":"SearchAction","target":{"@type":"EntryPoint","urlTemplate":"https:\/\/cultura.santjosep.org\/es\/?s={search_term_string}"},"query-input":{"@type":"PropertyValueSpecification","valueRequired":true,"valueName":"search_term_string"}}],"inLanguage":"es"},{"@type":"Organization","@id":"https:\/\/cultura.santjosep.org\/es\/#organization","name":"Ajuntament de Sant Josep de sa Talaia","url":"https:\/\/cultura.santjosep.org\/es\/","logo":{"@type":"ImageObject","inLanguage":"es","@id":"https:\/\/cultura.santjosep.org\/es\/#\/schema\/logo\/image\/","url":"https:\/\/cultura.santjosep.org\/wp-content\/uploads\/2020\/10\/logocolor.jpg","contentUrl":"https:\/\/cultura.santjosep.org\/wp-content\/uploads\/2020\/10\/logocolor.jpg","width":250,"height":98,"caption":"Ajuntament de Sant Josep de sa Talaia"},"image":{"@id":"https:\/\/cultura.santjosep.org\/es\/#\/schema\/logo\/image\/"},"sameAs":["https:\/\/www.facebook.com\/Ajuntament-de-Sant-Josep-de-sa-Talaia-197541666931354\/","https:\/\/x.com\/DeTalaia","https:\/\/www.instagram.com\/sant_josep_de_sa_talaia\/"]}]}},"_links":{"self":[{"href":"https:\/\/cultura.santjosep.org\/es\/wp-json\/wp\/v2\/tribe_events\/18098","targetHints":{"allow":["GET"]}}],"collection":[{"href":"https:\/\/cultura.santjosep.org\/es\/wp-json\/wp\/v2\/tribe_events"}],"about":[{"href":"https:\/\/cultura.santjosep.org\/es\/wp-json\/wp\/v2\/types\/tribe_events"}],"author":[{"embeddable":true,"href":"https:\/\/cultura.santjosep.org\/es\/wp-json\/wp\/v2\/users\/1"}],"version-history":[{"count":0,"href":"https:\/\/cultura.santjosep.org\/es\/wp-json\/wp\/v2\/tribe_events\/18098\/revisions"}],"wp:featuredmedia":[{"embeddable":true,"href":"https:\/\/cultura.santjosep.org\/es\/wp-json\/wp\/v2\/media\/18091"}],"wp:attachment":[{"href":"https:\/\/cultura.santjosep.org\/es\/wp-json\/wp\/v2\/media?parent=18098"}],"wp:term":[{"taxonomy":"post_tag","embeddable":true,"href":"https:\/\/cultura.santjosep.org\/es\/wp-json\/wp\/v2\/tags?post=18098"},{"taxonomy":"tribe_events_cat","embeddable":true,"href":"https:\/\/cultura.santjosep.org\/es\/wp-json\/wp\/v2\/tribe_events_cat?post=18098"}],"curies":[{"name":"wp","href":"https:\/\/api.w.org\/{rel}","templated":true}]}}