{"id":18399,"date":"2023-05-04T11:19:16","date_gmt":"2023-05-04T09:19:16","guid":{"rendered":"https:\/\/cultura.santjosep.org\/agenda\/concert-dick-oatts-the-dam-jawn\/"},"modified":"2023-05-17T09:22:57","modified_gmt":"2023-05-17T07:22:57","slug":"concert-dick-oatts-the-dam-jawn","status":"publish","type":"tribe_events","link":"https:\/\/cultura.santjosep.org\/es\/agenda\/concert-dick-oatts-the-dam-jawn\/","title":{"rendered":"Concert &#8211; &#8216;Dick Oatts &#038; The Dam Jawn&#8217;"},"content":{"rendered":"<div class=\"wpb-content-wrapper\"><p>[vc_row][vc_column][vc_column_text]<strong>18 de maig | Concert &#8211; &#8216;Dick Oatts &amp; The Dam Jawn&#8217; | Auditori Cal\u00f3 de s&#8217;Oli<\/strong><\/p>\n<p>The Dam Jawn \u00e9s una banda formada per cinc joves m\u00fasics de l\u2019escena de Jazz holandesa. Tots ells es van formar com a grup a trav\u00e9s d\u2019una experi\u00e8ncia compartida als Estats Units. Havent viscut i estudiat junts a Filad\u00e8lfia durant mig any, van trobar la seva veu col\u00b7lectiva composant i arranjant la seva propia m\u00fasica original inspirada en la seva experi\u00e8ncia.<\/p>\n<p>Tot i que els cinc components de The Dam Jawn viuen i estan actius a Amsterdam, el Quintet \u00e9s molt internacional. Mart\u00edn D\u00edaz (saxo alt) i Joan Fort (guitarra) naixen a Catalunya, Espanya. Philip Lewin (contrabaixista) a Stuttgart (Alemanya) y Nitin Parree (bateria), aix\u00ed com Frank Groenendijk (saxo tenor) s\u00f3n dels Pa\u00efsos Baixos. El seu \u00e0lbum debut compta amb la col\u00b7laboraci\u00f3 del llegendari saxofonista alt Dick Oatts, afincat a Nova York i membre de formacions ic\u00f3niques de la hist\u00f2ria del jazz. The Dam Jawn s\u2019ha unit i ha format el seu propi so inspirat en l\u2019energia i el sentimient de l\u2019escena actual de Jazz de Filad\u00e8lfia, aix\u00ed com en el seu ric passat musical.<\/p>\n<p>Per aquesta ocasi\u00f3, i exclusivament per aquesta gira de presentaci\u00f3 del disc, conviden al mateix Dick Oatts des de Nova York per a realitzar aquest European Tour 2023 on presenten el seu \u00e0lbum debut \u201cMaster Street\u201d, gravat a Philadelphia a la primavera de 2022. Una ocasi\u00f3 \u00fanica que promet ser recordada.<\/p>\n<p><strong>Components:<\/strong><\/p>\n<ul>\n<li>Dick Oatts &#8211; saxo alt<\/li>\n<li>Martin Diaz &#8211; saxo alt<\/li>\n<li>Frank Groenendijk &#8211; saxo tenor<\/li>\n<li>Joan Fort &#8211; guitarra<\/li>\n<li>Philip Lewin &#8211; contrabaix<\/li>\n<li>Nitin Parree &#8211; bateria<\/li>\n<\/ul>\n<p><strong><span style=\"color: #ff0000;\">Entrada libre hasta completar aforo<\/span><\/strong>[\/vc_column_text][\/vc_column][\/vc_row][vc_row][vc_column][vc_single_image image=\u00bb18396&#8243; img_size=\u00bbfull\u00bb][\/vc_column][\/vc_row]<\/p>\n<\/div>","protected":false},"excerpt":{"rendered":"<p>[vc_row][vc_column][vc_column_text]18 de maig | Concert &#8211; &#8216;Dick Oatts &amp; The Dam Jawn&#8217; | Auditori Cal\u00f3 de s&#8217;Oli The Dam Jawn \u00e9s una banda formada per cinc joves m\u00fasics de l\u2019escena &hellip; <\/p>\n<p class=\"link-more\"><a href=\"https:\/\/cultura.santjosep.org\/es\/agenda\/concert-dick-oatts-the-dam-jawn\/\" class=\"more-link\">Seguir leyendo<span class=\"screen-reader-text\"> \u00abConcert &#8211; &#8216;Dick Oatts &#038; The Dam Jawn&#8217;\u00bb<\/span><\/a><\/p>\n","protected":false},"author":1,"featured_media":18395,"template":"","meta":{"_tribe_events_status":"","_tribe_events_status_reason":"","_tribe_events_is_hybrid":"","_tribe_events_is_virtual":"","_tribe_events_virtual_video_source":"","_tribe_events_virtual_embed_video":"","_tribe_events_virtual_linked_button_text":"","_tribe_events_virtual_linked_button":"","_tribe_events_virtual_show_embed_at":"","_tribe_events_virtual_show_embed_to":[],"_tribe_events_virtual_show_on_event":"","_tribe_events_virtual_show_on_views":"","_tribe_events_virtual_url":"","footnotes":""},"tags":[],"tribe_events_cat":[31],"class_list":["post-18399","tribe_events","type-tribe_events","status-publish","has-post-thumbnail","hentry","tribe_events_cat-conciertos","cat_conciertos","entry"],"yoast_head":"<!-- This site is optimized with the Yoast SEO plugin v26.6 - https:\/\/yoast.com\/wordpress\/plugins\/seo\/ -->\n<title>Concert - &#039;Dick Oatts &amp; The Dam Jawn&#039; - Cultura a Sant Josep de sa Talaia<\/title>\n<meta name=\"robots\" content=\"index, follow, max-snippet:-1, max-image-preview:large, max-video-preview:-1\" \/>\n<link rel=\"canonical\" href=\"https:\/\/cultura.santjosep.org\/es\/agenda\/concert-dick-oatts-the-dam-jawn\/\" \/>\n<meta property=\"og:locale\" content=\"es_ES\" \/>\n<meta property=\"og:type\" content=\"article\" \/>\n<meta property=\"og:title\" content=\"Concert - &#039;Dick Oatts &amp; The Dam Jawn&#039; - Cultura a Sant Josep de sa Talaia\" \/>\n<meta property=\"og:description\" content=\"[vc_row][vc_column][vc_column_text]18 de maig | Concert &#8211; &#8216;Dick Oatts &amp; The Dam Jawn&#8217; | Auditori Cal\u00f3 de s&#8217;Oli The Dam Jawn \u00e9s una banda formada per cinc joves m\u00fasics de l\u2019escena &hellip; Seguir leyendo \u00abConcert &#8211; &#8216;Dick Oatts &#038; The Dam Jawn&#8217;\u00bb\" \/>\n<meta property=\"og:url\" content=\"https:\/\/cultura.santjosep.org\/es\/agenda\/concert-dick-oatts-the-dam-jawn\/\" \/>\n<meta property=\"og:site_name\" content=\"Cultura a Sant Josep de sa Talaia\" \/>\n<meta property=\"article:publisher\" content=\"https:\/\/www.facebook.com\/Ajuntament-de-Sant-Josep-de-sa-Talaia-197541666931354\/\" \/>\n<meta property=\"article:modified_time\" content=\"2023-05-17T07:22:57+00:00\" \/>\n<meta property=\"og:image\" content=\"https:\/\/cultura.santjosep.org\/wp-content\/uploads\/2023\/05\/The-Dam-Jawn-1.jpg\" \/>\n\t<meta property=\"og:image:width\" content=\"1600\" \/>\n\t<meta property=\"og:image:height\" content=\"1067\" \/>\n\t<meta property=\"og:image:type\" content=\"image\/jpeg\" \/>\n<meta name=\"twitter:card\" content=\"summary_large_image\" \/>\n<meta name=\"twitter:site\" content=\"@DeTalaia\" \/>\n<meta name=\"twitter:label1\" content=\"Tiempo de lectura\" \/>\n\t<meta name=\"twitter:data1\" content=\"2 minutos\" \/>\n<script type=\"application\/ld+json\" class=\"yoast-schema-graph\">{\"@context\":\"https:\/\/schema.org\",\"@graph\":[{\"@type\":\"WebPage\",\"@id\":\"https:\/\/cultura.santjosep.org\/es\/agenda\/concert-dick-oatts-the-dam-jawn\/\",\"url\":\"https:\/\/cultura.santjosep.org\/es\/agenda\/concert-dick-oatts-the-dam-jawn\/\",\"name\":\"Concert - 'Dick Oatts & The Dam Jawn' - Cultura a Sant Josep de sa Talaia\",\"isPartOf\":{\"@id\":\"https:\/\/cultura.santjosep.org\/es\/#website\"},\"primaryImageOfPage\":{\"@id\":\"https:\/\/cultura.santjosep.org\/es\/agenda\/concert-dick-oatts-the-dam-jawn\/#primaryimage\"},\"image\":{\"@id\":\"https:\/\/cultura.santjosep.org\/es\/agenda\/concert-dick-oatts-the-dam-jawn\/#primaryimage\"},\"thumbnailUrl\":\"https:\/\/cultura.santjosep.org\/wp-content\/uploads\/2023\/05\/The-Dam-Jawn-1.jpg\",\"datePublished\":\"2023-05-04T09:19:16+00:00\",\"dateModified\":\"2023-05-17T07:22:57+00:00\",\"breadcrumb\":{\"@id\":\"https:\/\/cultura.santjosep.org\/es\/agenda\/concert-dick-oatts-the-dam-jawn\/#breadcrumb\"},\"inLanguage\":\"es\",\"potentialAction\":[{\"@type\":\"ReadAction\",\"target\":[\"https:\/\/cultura.santjosep.org\/es\/agenda\/concert-dick-oatts-the-dam-jawn\/\"]}]},{\"@type\":\"ImageObject\",\"inLanguage\":\"es\",\"@id\":\"https:\/\/cultura.santjosep.org\/es\/agenda\/concert-dick-oatts-the-dam-jawn\/#primaryimage\",\"url\":\"https:\/\/cultura.santjosep.org\/wp-content\/uploads\/2023\/05\/The-Dam-Jawn-1.jpg\",\"contentUrl\":\"https:\/\/cultura.santjosep.org\/wp-content\/uploads\/2023\/05\/The-Dam-Jawn-1.jpg\",\"width\":1600,\"height\":1067},{\"@type\":\"BreadcrumbList\",\"@id\":\"https:\/\/cultura.santjosep.org\/es\/agenda\/concert-dick-oatts-the-dam-jawn\/#breadcrumb\",\"itemListElement\":[{\"@type\":\"ListItem\",\"position\":1,\"name\":\"Portada\",\"item\":\"https:\/\/cultura.santjosep.org\/es\/\"},{\"@type\":\"ListItem\",\"position\":2,\"name\":\"Eventos\",\"item\":\"https:\/\/cultura.santjosep.org\/agenda\/\"},{\"@type\":\"ListItem\",\"position\":3,\"name\":\"Concert &#8211; &#8216;Dick Oatts &#038; The Dam Jawn&#8217;\"}]},{\"@type\":\"WebSite\",\"@id\":\"https:\/\/cultura.santjosep.org\/es\/#website\",\"url\":\"https:\/\/cultura.santjosep.org\/es\/\",\"name\":\"Cultura a Sant Josep de sa Talaia\",\"description\":\"\",\"publisher\":{\"@id\":\"https:\/\/cultura.santjosep.org\/es\/#organization\"},\"potentialAction\":[{\"@type\":\"SearchAction\",\"target\":{\"@type\":\"EntryPoint\",\"urlTemplate\":\"https:\/\/cultura.santjosep.org\/es\/?s={search_term_string}\"},\"query-input\":{\"@type\":\"PropertyValueSpecification\",\"valueRequired\":true,\"valueName\":\"search_term_string\"}}],\"inLanguage\":\"es\"},{\"@type\":\"Organization\",\"@id\":\"https:\/\/cultura.santjosep.org\/es\/#organization\",\"name\":\"Ajuntament de Sant Josep de sa Talaia\",\"url\":\"https:\/\/cultura.santjosep.org\/es\/\",\"logo\":{\"@type\":\"ImageObject\",\"inLanguage\":\"es\",\"@id\":\"https:\/\/cultura.santjosep.org\/es\/#\/schema\/logo\/image\/\",\"url\":\"https:\/\/cultura.santjosep.org\/wp-content\/uploads\/2020\/10\/logocolor.jpg\",\"contentUrl\":\"https:\/\/cultura.santjosep.org\/wp-content\/uploads\/2020\/10\/logocolor.jpg\",\"width\":250,\"height\":98,\"caption\":\"Ajuntament de Sant Josep de sa Talaia\"},\"image\":{\"@id\":\"https:\/\/cultura.santjosep.org\/es\/#\/schema\/logo\/image\/\"},\"sameAs\":[\"https:\/\/www.facebook.com\/Ajuntament-de-Sant-Josep-de-sa-Talaia-197541666931354\/\",\"https:\/\/x.com\/DeTalaia\",\"https:\/\/www.instagram.com\/sant_josep_de_sa_talaia\/\"]}]}<\/script>\n<!-- \/ Yoast SEO plugin. -->","yoast_head_json":{"title":"Concert - 'Dick Oatts & The Dam Jawn' - Cultura a Sant Josep de sa Talaia","robots":{"index":"index","follow":"follow","max-snippet":"max-snippet:-1","max-image-preview":"max-image-preview:large","max-video-preview":"max-video-preview:-1"},"canonical":"https:\/\/cultura.santjosep.org\/es\/agenda\/concert-dick-oatts-the-dam-jawn\/","og_locale":"es_ES","og_type":"article","og_title":"Concert - 'Dick Oatts & The Dam Jawn' - Cultura a Sant Josep de sa Talaia","og_description":"[vc_row][vc_column][vc_column_text]18 de maig | Concert &#8211; &#8216;Dick Oatts &amp; The Dam Jawn&#8217; | Auditori Cal\u00f3 de s&#8217;Oli The Dam Jawn \u00e9s una banda formada per cinc joves m\u00fasics de l\u2019escena &hellip; Seguir leyendo \u00abConcert &#8211; &#8216;Dick Oatts &#038; The Dam Jawn&#8217;\u00bb","og_url":"https:\/\/cultura.santjosep.org\/es\/agenda\/concert-dick-oatts-the-dam-jawn\/","og_site_name":"Cultura a Sant Josep de sa Talaia","article_publisher":"https:\/\/www.facebook.com\/Ajuntament-de-Sant-Josep-de-sa-Talaia-197541666931354\/","article_modified_time":"2023-05-17T07:22:57+00:00","og_image":[{"width":1600,"height":1067,"url":"https:\/\/cultura.santjosep.org\/wp-content\/uploads\/2023\/05\/The-Dam-Jawn-1.jpg","type":"image\/jpeg"}],"twitter_card":"summary_large_image","twitter_site":"@DeTalaia","twitter_misc":{"Tiempo de lectura":"2 minutos"},"schema":{"@context":"https:\/\/schema.org","@graph":[{"@type":"WebPage","@id":"https:\/\/cultura.santjosep.org\/es\/agenda\/concert-dick-oatts-the-dam-jawn\/","url":"https:\/\/cultura.santjosep.org\/es\/agenda\/concert-dick-oatts-the-dam-jawn\/","name":"Concert - 'Dick Oatts & The Dam Jawn' - Cultura a Sant Josep de sa Talaia","isPartOf":{"@id":"https:\/\/cultura.santjosep.org\/es\/#website"},"primaryImageOfPage":{"@id":"https:\/\/cultura.santjosep.org\/es\/agenda\/concert-dick-oatts-the-dam-jawn\/#primaryimage"},"image":{"@id":"https:\/\/cultura.santjosep.org\/es\/agenda\/concert-dick-oatts-the-dam-jawn\/#primaryimage"},"thumbnailUrl":"https:\/\/cultura.santjosep.org\/wp-content\/uploads\/2023\/05\/The-Dam-Jawn-1.jpg","datePublished":"2023-05-04T09:19:16+00:00","dateModified":"2023-05-17T07:22:57+00:00","breadcrumb":{"@id":"https:\/\/cultura.santjosep.org\/es\/agenda\/concert-dick-oatts-the-dam-jawn\/#breadcrumb"},"inLanguage":"es","potentialAction":[{"@type":"ReadAction","target":["https:\/\/cultura.santjosep.org\/es\/agenda\/concert-dick-oatts-the-dam-jawn\/"]}]},{"@type":"ImageObject","inLanguage":"es","@id":"https:\/\/cultura.santjosep.org\/es\/agenda\/concert-dick-oatts-the-dam-jawn\/#primaryimage","url":"https:\/\/cultura.santjosep.org\/wp-content\/uploads\/2023\/05\/The-Dam-Jawn-1.jpg","contentUrl":"https:\/\/cultura.santjosep.org\/wp-content\/uploads\/2023\/05\/The-Dam-Jawn-1.jpg","width":1600,"height":1067},{"@type":"BreadcrumbList","@id":"https:\/\/cultura.santjosep.org\/es\/agenda\/concert-dick-oatts-the-dam-jawn\/#breadcrumb","itemListElement":[{"@type":"ListItem","position":1,"name":"Portada","item":"https:\/\/cultura.santjosep.org\/es\/"},{"@type":"ListItem","position":2,"name":"Eventos","item":"https:\/\/cultura.santjosep.org\/agenda\/"},{"@type":"ListItem","position":3,"name":"Concert &#8211; &#8216;Dick Oatts &#038; The Dam Jawn&#8217;"}]},{"@type":"WebSite","@id":"https:\/\/cultura.santjosep.org\/es\/#website","url":"https:\/\/cultura.santjosep.org\/es\/","name":"Cultura a Sant Josep de sa Talaia","description":"","publisher":{"@id":"https:\/\/cultura.santjosep.org\/es\/#organization"},"potentialAction":[{"@type":"SearchAction","target":{"@type":"EntryPoint","urlTemplate":"https:\/\/cultura.santjosep.org\/es\/?s={search_term_string}"},"query-input":{"@type":"PropertyValueSpecification","valueRequired":true,"valueName":"search_term_string"}}],"inLanguage":"es"},{"@type":"Organization","@id":"https:\/\/cultura.santjosep.org\/es\/#organization","name":"Ajuntament de Sant Josep de sa Talaia","url":"https:\/\/cultura.santjosep.org\/es\/","logo":{"@type":"ImageObject","inLanguage":"es","@id":"https:\/\/cultura.santjosep.org\/es\/#\/schema\/logo\/image\/","url":"https:\/\/cultura.santjosep.org\/wp-content\/uploads\/2020\/10\/logocolor.jpg","contentUrl":"https:\/\/cultura.santjosep.org\/wp-content\/uploads\/2020\/10\/logocolor.jpg","width":250,"height":98,"caption":"Ajuntament de Sant Josep de sa Talaia"},"image":{"@id":"https:\/\/cultura.santjosep.org\/es\/#\/schema\/logo\/image\/"},"sameAs":["https:\/\/www.facebook.com\/Ajuntament-de-Sant-Josep-de-sa-Talaia-197541666931354\/","https:\/\/x.com\/DeTalaia","https:\/\/www.instagram.com\/sant_josep_de_sa_talaia\/"]}]}},"_links":{"self":[{"href":"https:\/\/cultura.santjosep.org\/es\/wp-json\/wp\/v2\/tribe_events\/18399","targetHints":{"allow":["GET"]}}],"collection":[{"href":"https:\/\/cultura.santjosep.org\/es\/wp-json\/wp\/v2\/tribe_events"}],"about":[{"href":"https:\/\/cultura.santjosep.org\/es\/wp-json\/wp\/v2\/types\/tribe_events"}],"author":[{"embeddable":true,"href":"https:\/\/cultura.santjosep.org\/es\/wp-json\/wp\/v2\/users\/1"}],"version-history":[{"count":0,"href":"https:\/\/cultura.santjosep.org\/es\/wp-json\/wp\/v2\/tribe_events\/18399\/revisions"}],"wp:featuredmedia":[{"embeddable":true,"href":"https:\/\/cultura.santjosep.org\/es\/wp-json\/wp\/v2\/media\/18395"}],"wp:attachment":[{"href":"https:\/\/cultura.santjosep.org\/es\/wp-json\/wp\/v2\/media?parent=18399"}],"wp:term":[{"taxonomy":"post_tag","embeddable":true,"href":"https:\/\/cultura.santjosep.org\/es\/wp-json\/wp\/v2\/tags?post=18399"},{"taxonomy":"tribe_events_cat","embeddable":true,"href":"https:\/\/cultura.santjosep.org\/es\/wp-json\/wp\/v2\/tribe_events_cat?post=18399"}],"curies":[{"name":"wp","href":"https:\/\/api.w.org\/{rel}","templated":true}]}}