{"id":18404,"date":"2023-05-04T11:27:45","date_gmt":"2023-05-04T09:27:45","guid":{"rendered":"https:\/\/cultura.santjosep.org\/agenda\/estreno-de-la-corriente-ibiza-blue\/"},"modified":"2023-05-15T12:53:42","modified_gmt":"2023-05-15T10:53:42","slug":"estreno-de-la-corriente-ibiza-blue","status":"publish","type":"tribe_events","link":"https:\/\/cultura.santjosep.org\/es\/agenda\/estreno-de-la-corriente-ibiza-blue\/","title":{"rendered":"Pre Estreno nacional de &#8216;La Corriente (Ibiza Blue)&#8217;"},"content":{"rendered":"<p><b>\u2018Pre Estreno La Corriente (Ibiza Blue)\u2019<\/b><\/p>\n<p><strong>HORARIO<\/strong><br \/>\n19:00 &#8211; Copa de bienvenida, alfombra roja y photocall.<br \/>\n20:00 &#8211; Proyecci\u00f3n de la pel\u00edcula y coloquio posterior con el equipo.<br \/>\n22:00 &#8211; Copa de vino y aperitivo con productos ibicencos<\/p>\n<p><b>Duraci\u00f3n:<\/b> 104 min. Espa\u00f1a<\/p>\n<p><b>Direcci\u00f3n: <\/b>Jesus Lloveras<\/p>\n<p><b>Sinopsis:\u00a0<\/b>Las vidas de tres j\u00f3venes profesionales se entrecruzan en la Ibiza pospand\u00e9mica, donde intentar\u00e1n superar sus tragedias personales, redescubrirse y seguir adelante.<\/p>\n<p><span style=\"color: #ff0000;\"><strong>La reserva de entradas gratuitas es obligatoria para acceder al evento<\/strong><\/span><\/p>\n<p><img loading=\"lazy\" decoding=\"async\" class=\"alignnone size-full wp-image-18367\" src=\"https:\/\/cultura.santjosep.org\/wp-content\/uploads\/2023\/05\/la_corriente-408056058-large.jpg\" alt=\"\" width=\"839\" height=\"1200\" srcset=\"https:\/\/cultura.santjosep.org\/wp-content\/uploads\/2023\/05\/la_corriente-408056058-large.jpg 839w, https:\/\/cultura.santjosep.org\/wp-content\/uploads\/2023\/05\/la_corriente-408056058-large-210x300.jpg 210w, https:\/\/cultura.santjosep.org\/wp-content\/uploads\/2023\/05\/la_corriente-408056058-large-716x1024.jpg 716w, https:\/\/cultura.santjosep.org\/wp-content\/uploads\/2023\/05\/la_corriente-408056058-large-768x1098.jpg 768w\" sizes=\"auto, (max-width: 839px) 100vw, 839px\" \/><\/p>\n","protected":false},"excerpt":{"rendered":"<p>\u2018Pre Estreno La Corriente (Ibiza Blue)\u2019 HORARIO 19:00 &#8211; Copa de bienvenida, alfombra roja y photocall. 20:00 &#8211; Proyecci\u00f3n de la pel\u00edcula y coloquio posterior con el equipo. 22:00 &#8211; &hellip; <\/p>\n<p class=\"link-more\"><a href=\"https:\/\/cultura.santjosep.org\/es\/agenda\/estreno-de-la-corriente-ibiza-blue\/\" class=\"more-link\">Seguir leyendo<span class=\"screen-reader-text\"> \u00abPre Estreno nacional de &#8216;La Corriente (Ibiza Blue)&#8217;\u00bb<\/span><\/a><\/p>\n","protected":false},"author":1,"featured_media":18376,"template":"","meta":{"_tribe_events_status":"","_tribe_events_status_reason":"","_tribe_events_is_hybrid":"","_tribe_events_is_virtual":"","_tribe_events_virtual_video_source":"","_tribe_events_virtual_embed_video":"","_tribe_events_virtual_linked_button_text":"","_tribe_events_virtual_linked_button":"","_tribe_events_virtual_show_embed_at":"","_tribe_events_virtual_show_embed_to":[],"_tribe_events_virtual_show_on_event":"","_tribe_events_virtual_show_on_views":"","_tribe_events_virtual_url":"","footnotes":""},"tags":[],"tribe_events_cat":[30],"class_list":["post-18404","tribe_events","type-tribe_events","status-publish","has-post-thumbnail","hentry","tribe_events_cat-cine","cat_cine","entry"],"yoast_head":"<!-- This site is optimized with the Yoast SEO plugin v26.6 - https:\/\/yoast.com\/wordpress\/plugins\/seo\/ -->\n<title>Pre Estreno nacional de &#039;La Corriente (Ibiza Blue)&#039; - Cultura a Sant Josep de sa Talaia<\/title>\n<meta name=\"robots\" content=\"index, follow, max-snippet:-1, max-image-preview:large, max-video-preview:-1\" \/>\n<link rel=\"canonical\" href=\"https:\/\/cultura.santjosep.org\/es\/agenda\/estreno-de-la-corriente-ibiza-blue\/\" \/>\n<meta property=\"og:locale\" content=\"es_ES\" \/>\n<meta property=\"og:type\" content=\"article\" \/>\n<meta property=\"og:title\" content=\"Pre Estreno nacional de &#039;La Corriente (Ibiza Blue)&#039; - Cultura a Sant Josep de sa Talaia\" \/>\n<meta property=\"og:description\" content=\"\u2018Pre Estreno La Corriente (Ibiza Blue)\u2019 HORARIO 19:00 &#8211; Copa de bienvenida, alfombra roja y photocall. 20:00 &#8211; Proyecci\u00f3n de la pel\u00edcula y coloquio posterior con el equipo. 22:00 &#8211; &hellip; Seguir leyendo \u00abPre Estreno nacional de &#8216;La Corriente (Ibiza Blue)&#8217;\u00bb\" \/>\n<meta property=\"og:url\" content=\"https:\/\/cultura.santjosep.org\/es\/agenda\/estreno-de-la-corriente-ibiza-blue\/\" \/>\n<meta property=\"og:site_name\" content=\"Cultura a Sant Josep de sa Talaia\" \/>\n<meta property=\"article:publisher\" content=\"https:\/\/www.facebook.com\/Ajuntament-de-Sant-Josep-de-sa-Talaia-197541666931354\/\" \/>\n<meta property=\"article:modified_time\" content=\"2023-05-15T10:53:42+00:00\" \/>\n<meta property=\"og:image\" content=\"https:\/\/cultura.santjosep.org\/wp-content\/uploads\/2023\/05\/lacorriente-scaled.jpg\" \/>\n\t<meta property=\"og:image:width\" content=\"2560\" \/>\n\t<meta property=\"og:image:height\" content=\"1280\" \/>\n\t<meta property=\"og:image:type\" content=\"image\/jpeg\" \/>\n<meta name=\"twitter:card\" content=\"summary_large_image\" \/>\n<meta name=\"twitter:site\" content=\"@DeTalaia\" \/>\n<script type=\"application\/ld+json\" class=\"yoast-schema-graph\">{\"@context\":\"https:\/\/schema.org\",\"@graph\":[{\"@type\":\"WebPage\",\"@id\":\"https:\/\/cultura.santjosep.org\/es\/agenda\/estreno-de-la-corriente-ibiza-blue\/\",\"url\":\"https:\/\/cultura.santjosep.org\/es\/agenda\/estreno-de-la-corriente-ibiza-blue\/\",\"name\":\"Pre Estreno nacional de 'La Corriente (Ibiza Blue)' - Cultura a Sant Josep de sa Talaia\",\"isPartOf\":{\"@id\":\"https:\/\/cultura.santjosep.org\/es\/#website\"},\"primaryImageOfPage\":{\"@id\":\"https:\/\/cultura.santjosep.org\/es\/agenda\/estreno-de-la-corriente-ibiza-blue\/#primaryimage\"},\"image\":{\"@id\":\"https:\/\/cultura.santjosep.org\/es\/agenda\/estreno-de-la-corriente-ibiza-blue\/#primaryimage\"},\"thumbnailUrl\":\"https:\/\/cultura.santjosep.org\/wp-content\/uploads\/2023\/05\/lacorriente-scaled.jpg\",\"datePublished\":\"2023-05-04T09:27:45+00:00\",\"dateModified\":\"2023-05-15T10:53:42+00:00\",\"breadcrumb\":{\"@id\":\"https:\/\/cultura.santjosep.org\/es\/agenda\/estreno-de-la-corriente-ibiza-blue\/#breadcrumb\"},\"inLanguage\":\"es\",\"potentialAction\":[{\"@type\":\"ReadAction\",\"target\":[\"https:\/\/cultura.santjosep.org\/es\/agenda\/estreno-de-la-corriente-ibiza-blue\/\"]}]},{\"@type\":\"ImageObject\",\"inLanguage\":\"es\",\"@id\":\"https:\/\/cultura.santjosep.org\/es\/agenda\/estreno-de-la-corriente-ibiza-blue\/#primaryimage\",\"url\":\"https:\/\/cultura.santjosep.org\/wp-content\/uploads\/2023\/05\/lacorriente-scaled.jpg\",\"contentUrl\":\"https:\/\/cultura.santjosep.org\/wp-content\/uploads\/2023\/05\/lacorriente-scaled.jpg\",\"width\":2560,\"height\":1280},{\"@type\":\"BreadcrumbList\",\"@id\":\"https:\/\/cultura.santjosep.org\/es\/agenda\/estreno-de-la-corriente-ibiza-blue\/#breadcrumb\",\"itemListElement\":[{\"@type\":\"ListItem\",\"position\":1,\"name\":\"Portada\",\"item\":\"https:\/\/cultura.santjosep.org\/es\/\"},{\"@type\":\"ListItem\",\"position\":2,\"name\":\"Eventos\",\"item\":\"https:\/\/cultura.santjosep.org\/agenda\/\"},{\"@type\":\"ListItem\",\"position\":3,\"name\":\"Pre Estreno nacional de &#8216;La Corriente (Ibiza Blue)&#8217;\"}]},{\"@type\":\"WebSite\",\"@id\":\"https:\/\/cultura.santjosep.org\/es\/#website\",\"url\":\"https:\/\/cultura.santjosep.org\/es\/\",\"name\":\"Cultura a Sant Josep de sa Talaia\",\"description\":\"\",\"publisher\":{\"@id\":\"https:\/\/cultura.santjosep.org\/es\/#organization\"},\"potentialAction\":[{\"@type\":\"SearchAction\",\"target\":{\"@type\":\"EntryPoint\",\"urlTemplate\":\"https:\/\/cultura.santjosep.org\/es\/?s={search_term_string}\"},\"query-input\":{\"@type\":\"PropertyValueSpecification\",\"valueRequired\":true,\"valueName\":\"search_term_string\"}}],\"inLanguage\":\"es\"},{\"@type\":\"Organization\",\"@id\":\"https:\/\/cultura.santjosep.org\/es\/#organization\",\"name\":\"Ajuntament de Sant Josep de sa Talaia\",\"url\":\"https:\/\/cultura.santjosep.org\/es\/\",\"logo\":{\"@type\":\"ImageObject\",\"inLanguage\":\"es\",\"@id\":\"https:\/\/cultura.santjosep.org\/es\/#\/schema\/logo\/image\/\",\"url\":\"https:\/\/cultura.santjosep.org\/wp-content\/uploads\/2020\/10\/logocolor.jpg\",\"contentUrl\":\"https:\/\/cultura.santjosep.org\/wp-content\/uploads\/2020\/10\/logocolor.jpg\",\"width\":250,\"height\":98,\"caption\":\"Ajuntament de Sant Josep de sa Talaia\"},\"image\":{\"@id\":\"https:\/\/cultura.santjosep.org\/es\/#\/schema\/logo\/image\/\"},\"sameAs\":[\"https:\/\/www.facebook.com\/Ajuntament-de-Sant-Josep-de-sa-Talaia-197541666931354\/\",\"https:\/\/x.com\/DeTalaia\",\"https:\/\/www.instagram.com\/sant_josep_de_sa_talaia\/\"]}]}<\/script>\n<!-- \/ Yoast SEO plugin. -->","yoast_head_json":{"title":"Pre Estreno nacional de 'La Corriente (Ibiza Blue)' - Cultura a Sant Josep de sa Talaia","robots":{"index":"index","follow":"follow","max-snippet":"max-snippet:-1","max-image-preview":"max-image-preview:large","max-video-preview":"max-video-preview:-1"},"canonical":"https:\/\/cultura.santjosep.org\/es\/agenda\/estreno-de-la-corriente-ibiza-blue\/","og_locale":"es_ES","og_type":"article","og_title":"Pre Estreno nacional de 'La Corriente (Ibiza Blue)' - Cultura a Sant Josep de sa Talaia","og_description":"\u2018Pre Estreno La Corriente (Ibiza Blue)\u2019 HORARIO 19:00 &#8211; Copa de bienvenida, alfombra roja y photocall. 20:00 &#8211; Proyecci\u00f3n de la pel\u00edcula y coloquio posterior con el equipo. 22:00 &#8211; &hellip; Seguir leyendo \u00abPre Estreno nacional de &#8216;La Corriente (Ibiza Blue)&#8217;\u00bb","og_url":"https:\/\/cultura.santjosep.org\/es\/agenda\/estreno-de-la-corriente-ibiza-blue\/","og_site_name":"Cultura a Sant Josep de sa Talaia","article_publisher":"https:\/\/www.facebook.com\/Ajuntament-de-Sant-Josep-de-sa-Talaia-197541666931354\/","article_modified_time":"2023-05-15T10:53:42+00:00","og_image":[{"width":2560,"height":1280,"url":"https:\/\/cultura.santjosep.org\/wp-content\/uploads\/2023\/05\/lacorriente-scaled.jpg","type":"image\/jpeg"}],"twitter_card":"summary_large_image","twitter_site":"@DeTalaia","schema":{"@context":"https:\/\/schema.org","@graph":[{"@type":"WebPage","@id":"https:\/\/cultura.santjosep.org\/es\/agenda\/estreno-de-la-corriente-ibiza-blue\/","url":"https:\/\/cultura.santjosep.org\/es\/agenda\/estreno-de-la-corriente-ibiza-blue\/","name":"Pre Estreno nacional de 'La Corriente (Ibiza Blue)' - Cultura a Sant Josep de sa Talaia","isPartOf":{"@id":"https:\/\/cultura.santjosep.org\/es\/#website"},"primaryImageOfPage":{"@id":"https:\/\/cultura.santjosep.org\/es\/agenda\/estreno-de-la-corriente-ibiza-blue\/#primaryimage"},"image":{"@id":"https:\/\/cultura.santjosep.org\/es\/agenda\/estreno-de-la-corriente-ibiza-blue\/#primaryimage"},"thumbnailUrl":"https:\/\/cultura.santjosep.org\/wp-content\/uploads\/2023\/05\/lacorriente-scaled.jpg","datePublished":"2023-05-04T09:27:45+00:00","dateModified":"2023-05-15T10:53:42+00:00","breadcrumb":{"@id":"https:\/\/cultura.santjosep.org\/es\/agenda\/estreno-de-la-corriente-ibiza-blue\/#breadcrumb"},"inLanguage":"es","potentialAction":[{"@type":"ReadAction","target":["https:\/\/cultura.santjosep.org\/es\/agenda\/estreno-de-la-corriente-ibiza-blue\/"]}]},{"@type":"ImageObject","inLanguage":"es","@id":"https:\/\/cultura.santjosep.org\/es\/agenda\/estreno-de-la-corriente-ibiza-blue\/#primaryimage","url":"https:\/\/cultura.santjosep.org\/wp-content\/uploads\/2023\/05\/lacorriente-scaled.jpg","contentUrl":"https:\/\/cultura.santjosep.org\/wp-content\/uploads\/2023\/05\/lacorriente-scaled.jpg","width":2560,"height":1280},{"@type":"BreadcrumbList","@id":"https:\/\/cultura.santjosep.org\/es\/agenda\/estreno-de-la-corriente-ibiza-blue\/#breadcrumb","itemListElement":[{"@type":"ListItem","position":1,"name":"Portada","item":"https:\/\/cultura.santjosep.org\/es\/"},{"@type":"ListItem","position":2,"name":"Eventos","item":"https:\/\/cultura.santjosep.org\/agenda\/"},{"@type":"ListItem","position":3,"name":"Pre Estreno nacional de &#8216;La Corriente (Ibiza Blue)&#8217;"}]},{"@type":"WebSite","@id":"https:\/\/cultura.santjosep.org\/es\/#website","url":"https:\/\/cultura.santjosep.org\/es\/","name":"Cultura a Sant Josep de sa Talaia","description":"","publisher":{"@id":"https:\/\/cultura.santjosep.org\/es\/#organization"},"potentialAction":[{"@type":"SearchAction","target":{"@type":"EntryPoint","urlTemplate":"https:\/\/cultura.santjosep.org\/es\/?s={search_term_string}"},"query-input":{"@type":"PropertyValueSpecification","valueRequired":true,"valueName":"search_term_string"}}],"inLanguage":"es"},{"@type":"Organization","@id":"https:\/\/cultura.santjosep.org\/es\/#organization","name":"Ajuntament de Sant Josep de sa Talaia","url":"https:\/\/cultura.santjosep.org\/es\/","logo":{"@type":"ImageObject","inLanguage":"es","@id":"https:\/\/cultura.santjosep.org\/es\/#\/schema\/logo\/image\/","url":"https:\/\/cultura.santjosep.org\/wp-content\/uploads\/2020\/10\/logocolor.jpg","contentUrl":"https:\/\/cultura.santjosep.org\/wp-content\/uploads\/2020\/10\/logocolor.jpg","width":250,"height":98,"caption":"Ajuntament de Sant Josep de sa Talaia"},"image":{"@id":"https:\/\/cultura.santjosep.org\/es\/#\/schema\/logo\/image\/"},"sameAs":["https:\/\/www.facebook.com\/Ajuntament-de-Sant-Josep-de-sa-Talaia-197541666931354\/","https:\/\/x.com\/DeTalaia","https:\/\/www.instagram.com\/sant_josep_de_sa_talaia\/"]}]}},"_links":{"self":[{"href":"https:\/\/cultura.santjosep.org\/es\/wp-json\/wp\/v2\/tribe_events\/18404","targetHints":{"allow":["GET"]}}],"collection":[{"href":"https:\/\/cultura.santjosep.org\/es\/wp-json\/wp\/v2\/tribe_events"}],"about":[{"href":"https:\/\/cultura.santjosep.org\/es\/wp-json\/wp\/v2\/types\/tribe_events"}],"author":[{"embeddable":true,"href":"https:\/\/cultura.santjosep.org\/es\/wp-json\/wp\/v2\/users\/1"}],"version-history":[{"count":0,"href":"https:\/\/cultura.santjosep.org\/es\/wp-json\/wp\/v2\/tribe_events\/18404\/revisions"}],"wp:featuredmedia":[{"embeddable":true,"href":"https:\/\/cultura.santjosep.org\/es\/wp-json\/wp\/v2\/media\/18376"}],"wp:attachment":[{"href":"https:\/\/cultura.santjosep.org\/es\/wp-json\/wp\/v2\/media?parent=18404"}],"wp:term":[{"taxonomy":"post_tag","embeddable":true,"href":"https:\/\/cultura.santjosep.org\/es\/wp-json\/wp\/v2\/tags?post=18404"},{"taxonomy":"tribe_events_cat","embeddable":true,"href":"https:\/\/cultura.santjosep.org\/es\/wp-json\/wp\/v2\/tribe_events_cat?post=18404"}],"curies":[{"name":"wp","href":"https:\/\/api.w.org\/{rel}","templated":true}]}}