{"id":18665,"date":"2023-05-30T14:31:27","date_gmt":"2023-05-30T12:31:27","guid":{"rendered":"https:\/\/cultura.santjosep.org\/agenda\/cine-africa-peau-de-colle-le-chant-des-mariees\/"},"modified":"2023-06-01T13:43:12","modified_gmt":"2023-06-01T11:43:12","slug":"cine-africa-peau-de-colle-le-chant-des-mariees","status":"publish","type":"tribe_events","link":"https:\/\/cultura.santjosep.org\/es\/agenda\/cine-africa-peau-de-colle-le-chant-des-mariees\/","title":{"rendered":"Cine Afric\u00e0 &#8211; \u2018Peau de colle&#8217; + &#8216;Le chant des Mari\u00e9es&#8217;"},"content":{"rendered":"<p><strong>IX Mostra de Cine Afric\u00e0 | 17 juny a les 20.30 h.<\/strong><\/p>\n<p>Els dies 16 i 17 de juny comptarem amb la pres\u00e8ncia de la <strong>directora del FCAT Mane Cisneros<\/strong>, que ens presentar\u00e0 i moderar\u00e0 els col\u00b7loquis en aquestes 2 jornades.<\/p>\n<p>&nbsp;<\/p>\n<p><strong>\u00b7 Curtmetratge \u2018Peau de colle\u2019 | VO \u00e0rab subt. espanyol | 2013<\/strong><\/p>\n<p><strong>Duraci\u00f3:<\/strong> 23min.<br \/>\n<strong>Pa\u00eds:<\/strong> Fran\u00e7a, Tun\u00edsia<br \/>\n<strong>Direcci\u00f3:<\/strong> Kaouther Ben Ania<br \/>\n<strong>G\u00e8nere:<\/strong> Ficci\u00f3<br \/>\n<strong>Sinopsi:<\/strong> A Amira, de cinc anys, no li agrada l&#8217;escola alcor\u00e0nica. Decidida a no anar, t\u00e9 una idea inesperada que la portar\u00e0 molt m\u00e9s all\u00e0.<\/p>\n<p><img loading=\"lazy\" decoding=\"async\" class=\"alignnone size-full wp-image-18658\" src=\"https:\/\/cultura.santjosep.org\/wp-content\/uploads\/2023\/05\/peau-de-colle.gif\" alt=\"\" width=\"500\" height=\"250\" \/><\/p>\n<p><strong>\u00b7 Pel\u00b7l\u00edcula \u2018Le chant des Mari\u00e9es\u2019 | VO \u00e0rab i franc\u00e9s subt. espanyol | 2008<\/strong><\/p>\n<p><strong>Duraci\u00f3:<\/strong> 100min.<br \/>\n<strong>Pa\u00eds: <\/strong>Fran\u00e7a, Tun\u00edsia<br \/>\n<strong>Direcci\u00f3:<\/strong> Karin Albou<br \/>\n<strong>G\u00e8nere:<\/strong> Ficci\u00f3<br \/>\n<strong>Sinopsi:<\/strong> Tun\u00edsia, 1942. Nour i Myriam s\u00f3n amigues des de sempre. Viuen en el mateix edifici situat en un barri modest on jueus i musulmans conviuen en perfecta harmonia. Cadascuna enveja la vida de l&#8217;altra. Nour sent no poder anar al col\u00b7legi com la seva amiga, per\u00f2 Myriam somia amb l&#8217;amor. Al novembre de 1942, l&#8217;ex\u00e8rcit alemany entra a Tun\u00edsia. Conseq\u00fcents amb la pol\u00edtica de Vichy, els nazis obliguen els jueus a pagar impostos exorbitants. Prohibeixen treballar a Tita, la mare de Myriam. Crivellada pels deutes, decideix casar a la seva filla amb un metge ric. Els somnis de Myriam s&#8217;esvaeixen.<\/p>\n<p><img loading=\"lazy\" decoding=\"async\" class=\"alignnone size-full wp-image-18660\" src=\"https:\/\/cultura.santjosep.org\/wp-content\/uploads\/2023\/05\/le_chant_des_mariees_karin_albou.jpg\" alt=\"\" width=\"500\" height=\"250\" srcset=\"https:\/\/cultura.santjosep.org\/wp-content\/uploads\/2023\/05\/le_chant_des_mariees_karin_albou.jpg 500w, https:\/\/cultura.santjosep.org\/wp-content\/uploads\/2023\/05\/le_chant_des_mariees_karin_albou-300x150.jpg 300w\" sizes=\"auto, (max-width: 500px) 100vw, 500px\" \/><\/p>\n<p><strong>Entrada gratu\u00efta fins a completar aforament<\/strong><\/p>\n<p>En col\u00b7laboraci\u00f3 amb el <a href=\"https:\/\/fcat.es\/\" target=\"_blank\" rel=\"noopener\">FCAT<\/a><\/p>\n","protected":false},"excerpt":{"rendered":"<p>IX Mostra de Cine Afric\u00e0 | 17 juny a les 20.30 h. Els dies 16 i 17 de juny comptarem amb la pres\u00e8ncia de la directora del FCAT Mane Cisneros, &hellip; <\/p>\n<p class=\"link-more\"><a href=\"https:\/\/cultura.santjosep.org\/es\/agenda\/cine-africa-peau-de-colle-le-chant-des-mariees\/\" class=\"more-link\">Seguir leyendo<span class=\"screen-reader-text\"> \u00abCine Afric\u00e0 &#8211; \u2018Peau de colle&#8217; + &#8216;Le chant des Mari\u00e9es&#8217;\u00bb<\/span><\/a><\/p>\n","protected":false},"author":1,"featured_media":18663,"template":"","meta":{"_tribe_events_status":"","_tribe_events_status_reason":"","_tribe_events_is_hybrid":"","_tribe_events_is_virtual":"","_tribe_events_virtual_video_source":"","_tribe_events_virtual_embed_video":"","_tribe_events_virtual_linked_button_text":"","_tribe_events_virtual_linked_button":"","_tribe_events_virtual_show_embed_at":"","_tribe_events_virtual_show_embed_to":[],"_tribe_events_virtual_show_on_event":"","_tribe_events_virtual_show_on_views":"","_tribe_events_virtual_url":"","footnotes":""},"tags":[],"tribe_events_cat":[129],"class_list":["post-18665","tribe_events","type-tribe_events","status-publish","has-post-thumbnail","hentry","tribe_events_cat-mostra-de-cine-africa-es","cat_mostra-de-cine-africa-es","entry"],"yoast_head":"<!-- This site is optimized with the Yoast SEO plugin v26.6 - https:\/\/yoast.com\/wordpress\/plugins\/seo\/ -->\n<title>Cine Afric\u00e0 - \u2018Peau de colle&#039; + &#039;Le chant des Mari\u00e9es&#039; - Cultura a Sant Josep de sa Talaia<\/title>\n<meta name=\"robots\" content=\"index, follow, max-snippet:-1, max-image-preview:large, max-video-preview:-1\" \/>\n<link rel=\"canonical\" href=\"https:\/\/cultura.santjosep.org\/es\/agenda\/cine-africa-peau-de-colle-le-chant-des-mariees\/\" \/>\n<meta property=\"og:locale\" content=\"es_ES\" \/>\n<meta property=\"og:type\" content=\"article\" \/>\n<meta property=\"og:title\" content=\"Cine Afric\u00e0 - \u2018Peau de colle&#039; + &#039;Le chant des Mari\u00e9es&#039; - Cultura a Sant Josep de sa Talaia\" \/>\n<meta property=\"og:description\" content=\"IX Mostra de Cine Afric\u00e0 | 17 juny a les 20.30 h. Els dies 16 i 17 de juny comptarem amb la pres\u00e8ncia de la directora del FCAT Mane Cisneros, &hellip; Seguir leyendo \u00abCine Afric\u00e0 &#8211; \u2018Peau de colle&#8217; + &#8216;Le chant des Mari\u00e9es&#8217;\u00bb\" \/>\n<meta property=\"og:url\" content=\"https:\/\/cultura.santjosep.org\/es\/agenda\/cine-africa-peau-de-colle-le-chant-des-mariees\/\" \/>\n<meta property=\"og:site_name\" content=\"Cultura a Sant Josep de sa Talaia\" \/>\n<meta property=\"article:publisher\" content=\"https:\/\/www.facebook.com\/Ajuntament-de-Sant-Josep-de-sa-Talaia-197541666931354\/\" \/>\n<meta property=\"article:modified_time\" content=\"2023-06-01T11:43:12+00:00\" \/>\n<meta property=\"og:image\" content=\"https:\/\/cultura.santjosep.org\/wp-content\/uploads\/2023\/05\/1281473.jpg-r_1280_720-f_jpg-q_x-xxyxx.jpg\" \/>\n\t<meta property=\"og:image:width\" content=\"1280\" \/>\n\t<meta property=\"og:image:height\" content=\"720\" \/>\n\t<meta property=\"og:image:type\" content=\"image\/jpeg\" \/>\n<meta name=\"twitter:card\" content=\"summary_large_image\" \/>\n<meta name=\"twitter:site\" content=\"@DeTalaia\" \/>\n<meta name=\"twitter:label1\" content=\"Tiempo de lectura\" \/>\n\t<meta name=\"twitter:data1\" content=\"1 minuto\" \/>\n<script type=\"application\/ld+json\" class=\"yoast-schema-graph\">{\"@context\":\"https:\/\/schema.org\",\"@graph\":[{\"@type\":\"WebPage\",\"@id\":\"https:\/\/cultura.santjosep.org\/es\/agenda\/cine-africa-peau-de-colle-le-chant-des-mariees\/\",\"url\":\"https:\/\/cultura.santjosep.org\/es\/agenda\/cine-africa-peau-de-colle-le-chant-des-mariees\/\",\"name\":\"Cine Afric\u00e0 - \u2018Peau de colle' + 'Le chant des Mari\u00e9es' - Cultura a Sant Josep de sa Talaia\",\"isPartOf\":{\"@id\":\"https:\/\/cultura.santjosep.org\/es\/#website\"},\"primaryImageOfPage\":{\"@id\":\"https:\/\/cultura.santjosep.org\/es\/agenda\/cine-africa-peau-de-colle-le-chant-des-mariees\/#primaryimage\"},\"image\":{\"@id\":\"https:\/\/cultura.santjosep.org\/es\/agenda\/cine-africa-peau-de-colle-le-chant-des-mariees\/#primaryimage\"},\"thumbnailUrl\":\"https:\/\/cultura.santjosep.org\/wp-content\/uploads\/2023\/05\/1281473.jpg-r_1280_720-f_jpg-q_x-xxyxx.jpg\",\"datePublished\":\"2023-05-30T12:31:27+00:00\",\"dateModified\":\"2023-06-01T11:43:12+00:00\",\"breadcrumb\":{\"@id\":\"https:\/\/cultura.santjosep.org\/es\/agenda\/cine-africa-peau-de-colle-le-chant-des-mariees\/#breadcrumb\"},\"inLanguage\":\"es\",\"potentialAction\":[{\"@type\":\"ReadAction\",\"target\":[\"https:\/\/cultura.santjosep.org\/es\/agenda\/cine-africa-peau-de-colle-le-chant-des-mariees\/\"]}]},{\"@type\":\"ImageObject\",\"inLanguage\":\"es\",\"@id\":\"https:\/\/cultura.santjosep.org\/es\/agenda\/cine-africa-peau-de-colle-le-chant-des-mariees\/#primaryimage\",\"url\":\"https:\/\/cultura.santjosep.org\/wp-content\/uploads\/2023\/05\/1281473.jpg-r_1280_720-f_jpg-q_x-xxyxx.jpg\",\"contentUrl\":\"https:\/\/cultura.santjosep.org\/wp-content\/uploads\/2023\/05\/1281473.jpg-r_1280_720-f_jpg-q_x-xxyxx.jpg\",\"width\":1280,\"height\":720},{\"@type\":\"BreadcrumbList\",\"@id\":\"https:\/\/cultura.santjosep.org\/es\/agenda\/cine-africa-peau-de-colle-le-chant-des-mariees\/#breadcrumb\",\"itemListElement\":[{\"@type\":\"ListItem\",\"position\":1,\"name\":\"Portada\",\"item\":\"https:\/\/cultura.santjosep.org\/es\/\"},{\"@type\":\"ListItem\",\"position\":2,\"name\":\"Eventos\",\"item\":\"https:\/\/cultura.santjosep.org\/agenda\/\"},{\"@type\":\"ListItem\",\"position\":3,\"name\":\"Cine Afric\u00e0 &#8211; \u2018Peau de colle&#8217; + &#8216;Le chant des Mari\u00e9es&#8217;\"}]},{\"@type\":\"WebSite\",\"@id\":\"https:\/\/cultura.santjosep.org\/es\/#website\",\"url\":\"https:\/\/cultura.santjosep.org\/es\/\",\"name\":\"Cultura a Sant Josep de sa Talaia\",\"description\":\"\",\"publisher\":{\"@id\":\"https:\/\/cultura.santjosep.org\/es\/#organization\"},\"potentialAction\":[{\"@type\":\"SearchAction\",\"target\":{\"@type\":\"EntryPoint\",\"urlTemplate\":\"https:\/\/cultura.santjosep.org\/es\/?s={search_term_string}\"},\"query-input\":{\"@type\":\"PropertyValueSpecification\",\"valueRequired\":true,\"valueName\":\"search_term_string\"}}],\"inLanguage\":\"es\"},{\"@type\":\"Organization\",\"@id\":\"https:\/\/cultura.santjosep.org\/es\/#organization\",\"name\":\"Ajuntament de Sant Josep de sa Talaia\",\"url\":\"https:\/\/cultura.santjosep.org\/es\/\",\"logo\":{\"@type\":\"ImageObject\",\"inLanguage\":\"es\",\"@id\":\"https:\/\/cultura.santjosep.org\/es\/#\/schema\/logo\/image\/\",\"url\":\"https:\/\/cultura.santjosep.org\/wp-content\/uploads\/2020\/10\/logocolor.jpg\",\"contentUrl\":\"https:\/\/cultura.santjosep.org\/wp-content\/uploads\/2020\/10\/logocolor.jpg\",\"width\":250,\"height\":98,\"caption\":\"Ajuntament de Sant Josep de sa Talaia\"},\"image\":{\"@id\":\"https:\/\/cultura.santjosep.org\/es\/#\/schema\/logo\/image\/\"},\"sameAs\":[\"https:\/\/www.facebook.com\/Ajuntament-de-Sant-Josep-de-sa-Talaia-197541666931354\/\",\"https:\/\/x.com\/DeTalaia\",\"https:\/\/www.instagram.com\/sant_josep_de_sa_talaia\/\"]}]}<\/script>\n<!-- \/ Yoast SEO plugin. -->","yoast_head_json":{"title":"Cine Afric\u00e0 - \u2018Peau de colle' + 'Le chant des Mari\u00e9es' - Cultura a Sant Josep de sa Talaia","robots":{"index":"index","follow":"follow","max-snippet":"max-snippet:-1","max-image-preview":"max-image-preview:large","max-video-preview":"max-video-preview:-1"},"canonical":"https:\/\/cultura.santjosep.org\/es\/agenda\/cine-africa-peau-de-colle-le-chant-des-mariees\/","og_locale":"es_ES","og_type":"article","og_title":"Cine Afric\u00e0 - \u2018Peau de colle' + 'Le chant des Mari\u00e9es' - Cultura a Sant Josep de sa Talaia","og_description":"IX Mostra de Cine Afric\u00e0 | 17 juny a les 20.30 h. Els dies 16 i 17 de juny comptarem amb la pres\u00e8ncia de la directora del FCAT Mane Cisneros, &hellip; Seguir leyendo \u00abCine Afric\u00e0 &#8211; \u2018Peau de colle&#8217; + &#8216;Le chant des Mari\u00e9es&#8217;\u00bb","og_url":"https:\/\/cultura.santjosep.org\/es\/agenda\/cine-africa-peau-de-colle-le-chant-des-mariees\/","og_site_name":"Cultura a Sant Josep de sa Talaia","article_publisher":"https:\/\/www.facebook.com\/Ajuntament-de-Sant-Josep-de-sa-Talaia-197541666931354\/","article_modified_time":"2023-06-01T11:43:12+00:00","og_image":[{"width":1280,"height":720,"url":"https:\/\/cultura.santjosep.org\/wp-content\/uploads\/2023\/05\/1281473.jpg-r_1280_720-f_jpg-q_x-xxyxx.jpg","type":"image\/jpeg"}],"twitter_card":"summary_large_image","twitter_site":"@DeTalaia","twitter_misc":{"Tiempo de lectura":"1 minuto"},"schema":{"@context":"https:\/\/schema.org","@graph":[{"@type":"WebPage","@id":"https:\/\/cultura.santjosep.org\/es\/agenda\/cine-africa-peau-de-colle-le-chant-des-mariees\/","url":"https:\/\/cultura.santjosep.org\/es\/agenda\/cine-africa-peau-de-colle-le-chant-des-mariees\/","name":"Cine Afric\u00e0 - \u2018Peau de colle' + 'Le chant des Mari\u00e9es' - Cultura a Sant Josep de sa Talaia","isPartOf":{"@id":"https:\/\/cultura.santjosep.org\/es\/#website"},"primaryImageOfPage":{"@id":"https:\/\/cultura.santjosep.org\/es\/agenda\/cine-africa-peau-de-colle-le-chant-des-mariees\/#primaryimage"},"image":{"@id":"https:\/\/cultura.santjosep.org\/es\/agenda\/cine-africa-peau-de-colle-le-chant-des-mariees\/#primaryimage"},"thumbnailUrl":"https:\/\/cultura.santjosep.org\/wp-content\/uploads\/2023\/05\/1281473.jpg-r_1280_720-f_jpg-q_x-xxyxx.jpg","datePublished":"2023-05-30T12:31:27+00:00","dateModified":"2023-06-01T11:43:12+00:00","breadcrumb":{"@id":"https:\/\/cultura.santjosep.org\/es\/agenda\/cine-africa-peau-de-colle-le-chant-des-mariees\/#breadcrumb"},"inLanguage":"es","potentialAction":[{"@type":"ReadAction","target":["https:\/\/cultura.santjosep.org\/es\/agenda\/cine-africa-peau-de-colle-le-chant-des-mariees\/"]}]},{"@type":"ImageObject","inLanguage":"es","@id":"https:\/\/cultura.santjosep.org\/es\/agenda\/cine-africa-peau-de-colle-le-chant-des-mariees\/#primaryimage","url":"https:\/\/cultura.santjosep.org\/wp-content\/uploads\/2023\/05\/1281473.jpg-r_1280_720-f_jpg-q_x-xxyxx.jpg","contentUrl":"https:\/\/cultura.santjosep.org\/wp-content\/uploads\/2023\/05\/1281473.jpg-r_1280_720-f_jpg-q_x-xxyxx.jpg","width":1280,"height":720},{"@type":"BreadcrumbList","@id":"https:\/\/cultura.santjosep.org\/es\/agenda\/cine-africa-peau-de-colle-le-chant-des-mariees\/#breadcrumb","itemListElement":[{"@type":"ListItem","position":1,"name":"Portada","item":"https:\/\/cultura.santjosep.org\/es\/"},{"@type":"ListItem","position":2,"name":"Eventos","item":"https:\/\/cultura.santjosep.org\/agenda\/"},{"@type":"ListItem","position":3,"name":"Cine Afric\u00e0 &#8211; \u2018Peau de colle&#8217; + &#8216;Le chant des Mari\u00e9es&#8217;"}]},{"@type":"WebSite","@id":"https:\/\/cultura.santjosep.org\/es\/#website","url":"https:\/\/cultura.santjosep.org\/es\/","name":"Cultura a Sant Josep de sa Talaia","description":"","publisher":{"@id":"https:\/\/cultura.santjosep.org\/es\/#organization"},"potentialAction":[{"@type":"SearchAction","target":{"@type":"EntryPoint","urlTemplate":"https:\/\/cultura.santjosep.org\/es\/?s={search_term_string}"},"query-input":{"@type":"PropertyValueSpecification","valueRequired":true,"valueName":"search_term_string"}}],"inLanguage":"es"},{"@type":"Organization","@id":"https:\/\/cultura.santjosep.org\/es\/#organization","name":"Ajuntament de Sant Josep de sa Talaia","url":"https:\/\/cultura.santjosep.org\/es\/","logo":{"@type":"ImageObject","inLanguage":"es","@id":"https:\/\/cultura.santjosep.org\/es\/#\/schema\/logo\/image\/","url":"https:\/\/cultura.santjosep.org\/wp-content\/uploads\/2020\/10\/logocolor.jpg","contentUrl":"https:\/\/cultura.santjosep.org\/wp-content\/uploads\/2020\/10\/logocolor.jpg","width":250,"height":98,"caption":"Ajuntament de Sant Josep de sa Talaia"},"image":{"@id":"https:\/\/cultura.santjosep.org\/es\/#\/schema\/logo\/image\/"},"sameAs":["https:\/\/www.facebook.com\/Ajuntament-de-Sant-Josep-de-sa-Talaia-197541666931354\/","https:\/\/x.com\/DeTalaia","https:\/\/www.instagram.com\/sant_josep_de_sa_talaia\/"]}]}},"_links":{"self":[{"href":"https:\/\/cultura.santjosep.org\/es\/wp-json\/wp\/v2\/tribe_events\/18665","targetHints":{"allow":["GET"]}}],"collection":[{"href":"https:\/\/cultura.santjosep.org\/es\/wp-json\/wp\/v2\/tribe_events"}],"about":[{"href":"https:\/\/cultura.santjosep.org\/es\/wp-json\/wp\/v2\/types\/tribe_events"}],"author":[{"embeddable":true,"href":"https:\/\/cultura.santjosep.org\/es\/wp-json\/wp\/v2\/users\/1"}],"version-history":[{"count":0,"href":"https:\/\/cultura.santjosep.org\/es\/wp-json\/wp\/v2\/tribe_events\/18665\/revisions"}],"wp:featuredmedia":[{"embeddable":true,"href":"https:\/\/cultura.santjosep.org\/es\/wp-json\/wp\/v2\/media\/18663"}],"wp:attachment":[{"href":"https:\/\/cultura.santjosep.org\/es\/wp-json\/wp\/v2\/media?parent=18665"}],"wp:term":[{"taxonomy":"post_tag","embeddable":true,"href":"https:\/\/cultura.santjosep.org\/es\/wp-json\/wp\/v2\/tags?post=18665"},{"taxonomy":"tribe_events_cat","embeddable":true,"href":"https:\/\/cultura.santjosep.org\/es\/wp-json\/wp\/v2\/tribe_events_cat?post=18665"}],"curies":[{"name":"wp","href":"https:\/\/api.w.org\/{rel}","templated":true}]}}