{"id":18741,"date":"2023-06-22T15:41:23","date_gmt":"2023-06-22T13:41:23","guid":{"rendered":"https:\/\/cultura.santjosep.org\/agenda\/festival-de-teatre-el-festin\/"},"modified":"2023-06-22T16:47:19","modified_gmt":"2023-06-22T14:47:19","slug":"festival-de-teatre-el-festin","status":"publish","type":"tribe_events","link":"https:\/\/cultura.santjosep.org\/es\/agenda\/festival-de-teatre-el-festin\/","title":{"rendered":"Festival de teatre &#8216;El Fest\u00edn&#8217;"},"content":{"rendered":"<h2><strong>Festival de teatre &#8216;El Fest\u00edn&#8217;- 23 de juny<\/strong><\/h2>\n<p><strong>\u00b7 18.00 h. Mag d\u2019Oz | LOS OLVIDADIZOS (Eivissa)<\/strong><br \/>\n<em>Teatre &#8211; 15 min &#8211; per a tots els p\u00fablics<\/em><\/p>\n<p>Sinopsi: La versi\u00f3 de <em>El Mag d\u2019Oz<\/em>, escur\u00e7ada. Una nena i la seua casa surten volant per un cicl\u00f3 i acaben a un m\u00f3n nou. Aqu\u00ed far\u00e0 nous amics que l\u2019ajudaran a tornar a ca seua.<\/p>\n<p><strong>\u00b7 19.00 h. S\u00d3 | CIA. XAMPATITO PATO (Gal\u00edcia)<\/strong><br \/>\n<em>Circ i teatre &#8211; 50 min &#8211; per a tots els p\u00fablics<\/em><\/p>\n<p>Sinopsi: Un personatge obsessiu, quadriculat i meticul\u00f3s. Un ser \u00fanic en la seua esp\u00e8cie envoltat d\u2019un sens fi de caixes que escapen al seu control i amb les quals juga per donar forma al seu m\u00f3n. Del caos sorgeix un univers delirant on inventa la rialla, creant una bogeria c\u00f2mica i transformant-se en un nou ser amb una nova figura.<\/p>\n<p><strong>\u00b7 20.30 h. Parade, el circo de los valientes | CIA. LA MAQUIN\u00c9 (Granada)<\/strong><br \/>\n<em>Espectacle multidisciplinar &#8211; 50 min &#8211; per a tots els p\u00fablics &#8211; Millor espectacle. XI Festival Internacional de Teatre de Fira de Saragossa 2021<\/em><\/p>\n<p>Sinopsi: Inspirat en el m\u00f3n del circ i la m\u00fasica de Pablo Picasso. L\u2019oncle Pepe i el pallasso Chochotte s\u00f3n una parella de comediants que arriben a la pla\u00e7a del poble i munten el seu petit envelat de circ per\u00f2 tots els artistes de la companyia han desaparegut. La seua \u00fanica atracci\u00f3 \u00e9s un elefantet anomenat Babar que vol ser artista per\u00f2 t\u00e9 por dels humans i no vol sortir a la pista. La parella d\u2019artistes hauran d\u2019improvisar perqu\u00e8 la funci\u00f3 continu\u00ef i conv\u00e8ncer l\u2019elefant perqu\u00e8 faci el gran n\u00famero i aix\u00ed guanyar-se unes monedes per menjar. L\u2019espectacle cont\u00e9 valors fonamentals com ara el respecte i la conviv\u00e8ncia amb els animals per viure en un m\u00f3n millor.<\/p>\n<p><strong>\u00b7 22.00 h. Los Polis | CIA. LAS POLIS (Fran\u00e7a\/Catalunya)<\/strong><br \/>\n<em>Teatre, c\u00f2mic, clown &#8211; 50 min &#8211; per a tots els p\u00fablics &#8211; Premi Internacional de Friburg com a Millor Espectacle de Carrer 201<\/em><\/p>\n<p>Sinopsi: Elles estan alerta! Elles defensen la llei! Susana i Vanesa: agents de policia. La seua missi\u00f3: protecci\u00f3 del ciutad\u00e0 i manteniment de l\u2019ordre. El seu lema: tot est\u00e0 sota control. L\u2019\u00fanica pregunta: qui les controla a elles?<br \/>\nLAS POLIS \u00e9s un espectacle de clown de carrer en qu\u00e8 dos dones policies apareixen d\u2019improv\u00eds en una pla\u00e7a. Encarregades de mantenir l\u2019ordre i la seguretat, despleguen totes les seues forces per tal d\u2019ensenyar a la poblaci\u00f3 que tot est\u00e0 sota control&#8230; o gaireb\u00e9 tot&#8230; o res. \u201c<\/p>\n<p><strong>ENTRADA GRATU\u00cfTA<\/strong><\/p>\n<p> <a href=\"https:\/\/cultura.santjosep.org\/wp-content\/uploads\/2023\/06\/PROGRAMA-EL-FESTIN-2023-ST-JOSEP-VS08-FINAL-final.pdf\"><span style=\"color: #b3291f;\"><strong> \u00b7 Descarrega el programa complet \u00b7<\/strong> <\/span><\/a><\/p>\n","protected":false},"excerpt":{"rendered":"<p>Festival de teatre &#8216;El Fest\u00edn&#8217;- 23 de juny \u00b7 18.00 h. Mag d\u2019Oz | LOS OLVIDADIZOS (Eivissa) Teatre &#8211; 15 min &#8211; per a tots els p\u00fablics Sinopsi: La versi\u00f3 &hellip; <\/p>\n<p class=\"link-more\"><a href=\"https:\/\/cultura.santjosep.org\/es\/agenda\/festival-de-teatre-el-festin\/\" class=\"more-link\">Seguir leyendo<span class=\"screen-reader-text\"> \u00abFestival de teatre &#8216;El Fest\u00edn&#8217;\u00bb<\/span><\/a><\/p>\n","protected":false},"author":1,"featured_media":18828,"template":"","meta":{"_tribe_events_status":"","_tribe_events_status_reason":"","_tribe_events_is_hybrid":"","_tribe_events_is_virtual":"","_tribe_events_virtual_video_source":"","_tribe_events_virtual_embed_video":"","_tribe_events_virtual_linked_button_text":"","_tribe_events_virtual_linked_button":"","_tribe_events_virtual_show_embed_at":"","_tribe_events_virtual_show_embed_to":[],"_tribe_events_virtual_show_on_event":"","_tribe_events_virtual_show_on_views":"","_tribe_events_virtual_url":"","footnotes":""},"tags":[],"tribe_events_cat":[131],"class_list":["post-18741","tribe_events","type-tribe_events","status-publish","has-post-thumbnail","hentry","tribe_events_cat-el-festin-festival-de-teatro-infantil","cat_el-festin-festival-de-teatro-infantil","entry"],"yoast_head":"<!-- This site is optimized with the Yoast SEO plugin v26.6 - https:\/\/yoast.com\/wordpress\/plugins\/seo\/ -->\n<title>Festival de teatre &#039;El Fest\u00edn&#039; - Cultura a Sant Josep de sa Talaia<\/title>\n<meta name=\"robots\" content=\"index, follow, max-snippet:-1, max-image-preview:large, max-video-preview:-1\" \/>\n<link rel=\"canonical\" href=\"https:\/\/cultura.santjosep.org\/es\/agenda\/festival-de-teatre-el-festin\/\" \/>\n<meta property=\"og:locale\" content=\"es_ES\" \/>\n<meta property=\"og:type\" content=\"article\" \/>\n<meta property=\"og:title\" content=\"Festival de teatre &#039;El Fest\u00edn&#039; - Cultura a Sant Josep de sa Talaia\" \/>\n<meta property=\"og:description\" content=\"Festival de teatre &#8216;El Fest\u00edn&#8217;- 23 de juny \u00b7 18.00 h. Mag d\u2019Oz | LOS OLVIDADIZOS (Eivissa) Teatre &#8211; 15 min &#8211; per a tots els p\u00fablics Sinopsi: La versi\u00f3 &hellip; Seguir leyendo \u00abFestival de teatre &#8216;El Fest\u00edn&#8217;\u00bb\" \/>\n<meta property=\"og:url\" content=\"https:\/\/cultura.santjosep.org\/es\/agenda\/festival-de-teatre-el-festin\/\" \/>\n<meta property=\"og:site_name\" content=\"Cultura a Sant Josep de sa Talaia\" \/>\n<meta property=\"article:publisher\" content=\"https:\/\/www.facebook.com\/Ajuntament-de-Sant-Josep-de-sa-Talaia-197541666931354\/\" \/>\n<meta property=\"article:modified_time\" content=\"2023-06-22T14:47:19+00:00\" \/>\n<meta property=\"og:image\" content=\"https:\/\/cultura.santjosep.org\/wp-content\/uploads\/2023\/06\/parade2.jpg\" \/>\n\t<meta property=\"og:image:width\" content=\"1124\" \/>\n\t<meta property=\"og:image:height\" content=\"749\" \/>\n\t<meta property=\"og:image:type\" content=\"image\/jpeg\" \/>\n<meta name=\"twitter:card\" content=\"summary_large_image\" \/>\n<meta name=\"twitter:site\" content=\"@DeTalaia\" \/>\n<meta name=\"twitter:label1\" content=\"Tiempo de lectura\" \/>\n\t<meta name=\"twitter:data1\" content=\"2 minutos\" \/>\n<script type=\"application\/ld+json\" class=\"yoast-schema-graph\">{\"@context\":\"https:\/\/schema.org\",\"@graph\":[{\"@type\":\"WebPage\",\"@id\":\"https:\/\/cultura.santjosep.org\/es\/agenda\/festival-de-teatre-el-festin\/\",\"url\":\"https:\/\/cultura.santjosep.org\/es\/agenda\/festival-de-teatre-el-festin\/\",\"name\":\"Festival de teatre 'El Fest\u00edn' - Cultura a Sant Josep de sa Talaia\",\"isPartOf\":{\"@id\":\"https:\/\/cultura.santjosep.org\/es\/#website\"},\"primaryImageOfPage\":{\"@id\":\"https:\/\/cultura.santjosep.org\/es\/agenda\/festival-de-teatre-el-festin\/#primaryimage\"},\"image\":{\"@id\":\"https:\/\/cultura.santjosep.org\/es\/agenda\/festival-de-teatre-el-festin\/#primaryimage\"},\"thumbnailUrl\":\"https:\/\/cultura.santjosep.org\/wp-content\/uploads\/2023\/06\/parade2.jpg\",\"datePublished\":\"2023-06-22T13:41:23+00:00\",\"dateModified\":\"2023-06-22T14:47:19+00:00\",\"breadcrumb\":{\"@id\":\"https:\/\/cultura.santjosep.org\/es\/agenda\/festival-de-teatre-el-festin\/#breadcrumb\"},\"inLanguage\":\"es\",\"potentialAction\":[{\"@type\":\"ReadAction\",\"target\":[\"https:\/\/cultura.santjosep.org\/es\/agenda\/festival-de-teatre-el-festin\/\"]}]},{\"@type\":\"ImageObject\",\"inLanguage\":\"es\",\"@id\":\"https:\/\/cultura.santjosep.org\/es\/agenda\/festival-de-teatre-el-festin\/#primaryimage\",\"url\":\"https:\/\/cultura.santjosep.org\/wp-content\/uploads\/2023\/06\/parade2.jpg\",\"contentUrl\":\"https:\/\/cultura.santjosep.org\/wp-content\/uploads\/2023\/06\/parade2.jpg\",\"width\":1124,\"height\":749},{\"@type\":\"BreadcrumbList\",\"@id\":\"https:\/\/cultura.santjosep.org\/es\/agenda\/festival-de-teatre-el-festin\/#breadcrumb\",\"itemListElement\":[{\"@type\":\"ListItem\",\"position\":1,\"name\":\"Portada\",\"item\":\"https:\/\/cultura.santjosep.org\/es\/\"},{\"@type\":\"ListItem\",\"position\":2,\"name\":\"Eventos\",\"item\":\"https:\/\/cultura.santjosep.org\/agenda\/\"},{\"@type\":\"ListItem\",\"position\":3,\"name\":\"Festival de teatre &#8216;El Fest\u00edn&#8217;\"}]},{\"@type\":\"WebSite\",\"@id\":\"https:\/\/cultura.santjosep.org\/es\/#website\",\"url\":\"https:\/\/cultura.santjosep.org\/es\/\",\"name\":\"Cultura a Sant Josep de sa Talaia\",\"description\":\"\",\"publisher\":{\"@id\":\"https:\/\/cultura.santjosep.org\/es\/#organization\"},\"potentialAction\":[{\"@type\":\"SearchAction\",\"target\":{\"@type\":\"EntryPoint\",\"urlTemplate\":\"https:\/\/cultura.santjosep.org\/es\/?s={search_term_string}\"},\"query-input\":{\"@type\":\"PropertyValueSpecification\",\"valueRequired\":true,\"valueName\":\"search_term_string\"}}],\"inLanguage\":\"es\"},{\"@type\":\"Organization\",\"@id\":\"https:\/\/cultura.santjosep.org\/es\/#organization\",\"name\":\"Ajuntament de Sant Josep de sa Talaia\",\"url\":\"https:\/\/cultura.santjosep.org\/es\/\",\"logo\":{\"@type\":\"ImageObject\",\"inLanguage\":\"es\",\"@id\":\"https:\/\/cultura.santjosep.org\/es\/#\/schema\/logo\/image\/\",\"url\":\"https:\/\/cultura.santjosep.org\/wp-content\/uploads\/2020\/10\/logocolor.jpg\",\"contentUrl\":\"https:\/\/cultura.santjosep.org\/wp-content\/uploads\/2020\/10\/logocolor.jpg\",\"width\":250,\"height\":98,\"caption\":\"Ajuntament de Sant Josep de sa Talaia\"},\"image\":{\"@id\":\"https:\/\/cultura.santjosep.org\/es\/#\/schema\/logo\/image\/\"},\"sameAs\":[\"https:\/\/www.facebook.com\/Ajuntament-de-Sant-Josep-de-sa-Talaia-197541666931354\/\",\"https:\/\/x.com\/DeTalaia\",\"https:\/\/www.instagram.com\/sant_josep_de_sa_talaia\/\"]}]}<\/script>\n<!-- \/ Yoast SEO plugin. -->","yoast_head_json":{"title":"Festival de teatre 'El Fest\u00edn' - Cultura a Sant Josep de sa Talaia","robots":{"index":"index","follow":"follow","max-snippet":"max-snippet:-1","max-image-preview":"max-image-preview:large","max-video-preview":"max-video-preview:-1"},"canonical":"https:\/\/cultura.santjosep.org\/es\/agenda\/festival-de-teatre-el-festin\/","og_locale":"es_ES","og_type":"article","og_title":"Festival de teatre 'El Fest\u00edn' - Cultura a Sant Josep de sa Talaia","og_description":"Festival de teatre &#8216;El Fest\u00edn&#8217;- 23 de juny \u00b7 18.00 h. Mag d\u2019Oz | LOS OLVIDADIZOS (Eivissa) Teatre &#8211; 15 min &#8211; per a tots els p\u00fablics Sinopsi: La versi\u00f3 &hellip; Seguir leyendo \u00abFestival de teatre &#8216;El Fest\u00edn&#8217;\u00bb","og_url":"https:\/\/cultura.santjosep.org\/es\/agenda\/festival-de-teatre-el-festin\/","og_site_name":"Cultura a Sant Josep de sa Talaia","article_publisher":"https:\/\/www.facebook.com\/Ajuntament-de-Sant-Josep-de-sa-Talaia-197541666931354\/","article_modified_time":"2023-06-22T14:47:19+00:00","og_image":[{"width":1124,"height":749,"url":"https:\/\/cultura.santjosep.org\/wp-content\/uploads\/2023\/06\/parade2.jpg","type":"image\/jpeg"}],"twitter_card":"summary_large_image","twitter_site":"@DeTalaia","twitter_misc":{"Tiempo de lectura":"2 minutos"},"schema":{"@context":"https:\/\/schema.org","@graph":[{"@type":"WebPage","@id":"https:\/\/cultura.santjosep.org\/es\/agenda\/festival-de-teatre-el-festin\/","url":"https:\/\/cultura.santjosep.org\/es\/agenda\/festival-de-teatre-el-festin\/","name":"Festival de teatre 'El Fest\u00edn' - Cultura a Sant Josep de sa Talaia","isPartOf":{"@id":"https:\/\/cultura.santjosep.org\/es\/#website"},"primaryImageOfPage":{"@id":"https:\/\/cultura.santjosep.org\/es\/agenda\/festival-de-teatre-el-festin\/#primaryimage"},"image":{"@id":"https:\/\/cultura.santjosep.org\/es\/agenda\/festival-de-teatre-el-festin\/#primaryimage"},"thumbnailUrl":"https:\/\/cultura.santjosep.org\/wp-content\/uploads\/2023\/06\/parade2.jpg","datePublished":"2023-06-22T13:41:23+00:00","dateModified":"2023-06-22T14:47:19+00:00","breadcrumb":{"@id":"https:\/\/cultura.santjosep.org\/es\/agenda\/festival-de-teatre-el-festin\/#breadcrumb"},"inLanguage":"es","potentialAction":[{"@type":"ReadAction","target":["https:\/\/cultura.santjosep.org\/es\/agenda\/festival-de-teatre-el-festin\/"]}]},{"@type":"ImageObject","inLanguage":"es","@id":"https:\/\/cultura.santjosep.org\/es\/agenda\/festival-de-teatre-el-festin\/#primaryimage","url":"https:\/\/cultura.santjosep.org\/wp-content\/uploads\/2023\/06\/parade2.jpg","contentUrl":"https:\/\/cultura.santjosep.org\/wp-content\/uploads\/2023\/06\/parade2.jpg","width":1124,"height":749},{"@type":"BreadcrumbList","@id":"https:\/\/cultura.santjosep.org\/es\/agenda\/festival-de-teatre-el-festin\/#breadcrumb","itemListElement":[{"@type":"ListItem","position":1,"name":"Portada","item":"https:\/\/cultura.santjosep.org\/es\/"},{"@type":"ListItem","position":2,"name":"Eventos","item":"https:\/\/cultura.santjosep.org\/agenda\/"},{"@type":"ListItem","position":3,"name":"Festival de teatre &#8216;El Fest\u00edn&#8217;"}]},{"@type":"WebSite","@id":"https:\/\/cultura.santjosep.org\/es\/#website","url":"https:\/\/cultura.santjosep.org\/es\/","name":"Cultura a Sant Josep de sa Talaia","description":"","publisher":{"@id":"https:\/\/cultura.santjosep.org\/es\/#organization"},"potentialAction":[{"@type":"SearchAction","target":{"@type":"EntryPoint","urlTemplate":"https:\/\/cultura.santjosep.org\/es\/?s={search_term_string}"},"query-input":{"@type":"PropertyValueSpecification","valueRequired":true,"valueName":"search_term_string"}}],"inLanguage":"es"},{"@type":"Organization","@id":"https:\/\/cultura.santjosep.org\/es\/#organization","name":"Ajuntament de Sant Josep de sa Talaia","url":"https:\/\/cultura.santjosep.org\/es\/","logo":{"@type":"ImageObject","inLanguage":"es","@id":"https:\/\/cultura.santjosep.org\/es\/#\/schema\/logo\/image\/","url":"https:\/\/cultura.santjosep.org\/wp-content\/uploads\/2020\/10\/logocolor.jpg","contentUrl":"https:\/\/cultura.santjosep.org\/wp-content\/uploads\/2020\/10\/logocolor.jpg","width":250,"height":98,"caption":"Ajuntament de Sant Josep de sa Talaia"},"image":{"@id":"https:\/\/cultura.santjosep.org\/es\/#\/schema\/logo\/image\/"},"sameAs":["https:\/\/www.facebook.com\/Ajuntament-de-Sant-Josep-de-sa-Talaia-197541666931354\/","https:\/\/x.com\/DeTalaia","https:\/\/www.instagram.com\/sant_josep_de_sa_talaia\/"]}]}},"_links":{"self":[{"href":"https:\/\/cultura.santjosep.org\/es\/wp-json\/wp\/v2\/tribe_events\/18741","targetHints":{"allow":["GET"]}}],"collection":[{"href":"https:\/\/cultura.santjosep.org\/es\/wp-json\/wp\/v2\/tribe_events"}],"about":[{"href":"https:\/\/cultura.santjosep.org\/es\/wp-json\/wp\/v2\/types\/tribe_events"}],"author":[{"embeddable":true,"href":"https:\/\/cultura.santjosep.org\/es\/wp-json\/wp\/v2\/users\/1"}],"version-history":[{"count":0,"href":"https:\/\/cultura.santjosep.org\/es\/wp-json\/wp\/v2\/tribe_events\/18741\/revisions"}],"wp:featuredmedia":[{"embeddable":true,"href":"https:\/\/cultura.santjosep.org\/es\/wp-json\/wp\/v2\/media\/18828"}],"wp:attachment":[{"href":"https:\/\/cultura.santjosep.org\/es\/wp-json\/wp\/v2\/media?parent=18741"}],"wp:term":[{"taxonomy":"post_tag","embeddable":true,"href":"https:\/\/cultura.santjosep.org\/es\/wp-json\/wp\/v2\/tags?post=18741"},{"taxonomy":"tribe_events_cat","embeddable":true,"href":"https:\/\/cultura.santjosep.org\/es\/wp-json\/wp\/v2\/tribe_events_cat?post=18741"}],"curies":[{"name":"wp","href":"https:\/\/api.w.org\/{rel}","templated":true}]}}