{"id":18775,"date":"2023-06-22T15:58:33","date_gmt":"2023-06-22T13:58:33","guid":{"rendered":"https:\/\/cultura.santjosep.org\/agenda\/jornades-flamenques-xerrades-flamenques-amb-faustino-nunez-i-david-pino\/"},"modified":"2023-06-22T17:20:43","modified_gmt":"2023-06-22T15:20:43","slug":"jornades-flamenques-xerrades-flamenques-amb-faustino-nunez-i-david-pino","status":"publish","type":"tribe_events","link":"https:\/\/cultura.santjosep.org\/es\/agenda\/jornades-flamenques-xerrades-flamenques-amb-faustino-nunez-i-david-pino\/","title":{"rendered":"Jornadas Flamencas \u2013 Charla flamenca &#8216;Los primeros estilos&#8217; con Faustino N\u00fa\u00f1ez y David Pino"},"content":{"rendered":"<p><strong>JJornadas Flamencas \u2013 Charla flamenca &#8216;Los primeros estilos&#8217; con Faustino N\u00fa\u00f1ez y David Pino<\/strong><\/p>\n<p><strong>S\u00e1bado, 1 de julio a las 19:30 h<\/strong><br \/>\nCuando surge el flamenco, mediado el siglo XIX, los primeros estilos son la serrana, liviana, ronde\u00f1a, seguiriyas, ca\u00f1a, polo, soleares, malague\u00f1as, canti\u00f1as, ton\u00e1s y romances.<\/p>\n<p>&nbsp;<\/p>\n<p><img loading=\"lazy\" decoding=\"async\" class=\"alignnone size-full wp-image-18722\" src=\"https:\/\/cultura.santjosep.org\/wp-content\/uploads\/2023\/06\/cartel-2023.-castellano-scaled.jpg\" alt=\"\" width=\"1810\" height=\"2560\" srcset=\"https:\/\/cultura.santjosep.org\/wp-content\/uploads\/2023\/06\/cartel-2023.-castellano-scaled.jpg 1810w, https:\/\/cultura.santjosep.org\/wp-content\/uploads\/2023\/06\/cartel-2023.-castellano-212x300.jpg 212w, https:\/\/cultura.santjosep.org\/wp-content\/uploads\/2023\/06\/cartel-2023.-castellano-724x1024.jpg 724w, https:\/\/cultura.santjosep.org\/wp-content\/uploads\/2023\/06\/cartel-2023.-castellano-768x1086.jpg 768w, https:\/\/cultura.santjosep.org\/wp-content\/uploads\/2023\/06\/cartel-2023.-castellano-1086x1536.jpg 1086w, https:\/\/cultura.santjosep.org\/wp-content\/uploads\/2023\/06\/cartel-2023.-castellano-1448x2048.jpg 1448w, https:\/\/cultura.santjosep.org\/wp-content\/uploads\/2023\/06\/cartel-2023.-castellano-1568x2217.jpg 1568w, https:\/\/cultura.santjosep.org\/wp-content\/uploads\/2023\/06\/cartel-2023.-castellano-1320x1867.jpg 1320w\" sizes=\"auto, (max-width: 1810px) 100vw, 1810px\" \/><\/p>\n","protected":false},"excerpt":{"rendered":"<p>JJornadas Flamencas \u2013 Charla flamenca &#8216;Los primeros estilos&#8217; con Faustino N\u00fa\u00f1ez y David Pino S\u00e1bado, 1 de julio a las 19:30 h Cuando surge el flamenco, mediado el siglo XIX, &hellip; <\/p>\n<p class=\"link-more\"><a href=\"https:\/\/cultura.santjosep.org\/es\/agenda\/jornades-flamenques-xerrades-flamenques-amb-faustino-nunez-i-david-pino\/\" class=\"more-link\">Seguir leyendo<span class=\"screen-reader-text\"> \u00abJornadas Flamencas \u2013 Charla flamenca &#8216;Los primeros estilos&#8217; con Faustino N\u00fa\u00f1ez y David Pino\u00bb<\/span><\/a><\/p>\n","protected":false},"author":1,"featured_media":18770,"template":"","meta":{"_tribe_events_status":"","_tribe_events_status_reason":"","_tribe_events_is_hybrid":"","_tribe_events_is_virtual":"","_tribe_events_virtual_video_source":"","_tribe_events_virtual_embed_video":"","_tribe_events_virtual_linked_button_text":"","_tribe_events_virtual_linked_button":"","_tribe_events_virtual_show_embed_at":"","_tribe_events_virtual_show_embed_to":[],"_tribe_events_virtual_show_on_event":"","_tribe_events_virtual_show_on_views":"","_tribe_events_virtual_url":"","footnotes":""},"tags":[],"tribe_events_cat":[132],"class_list":["post-18775","tribe_events","type-tribe_events","status-publish","has-post-thumbnail","hentry","tribe_events_cat-jornadas-flamencas","cat_jornadas-flamencas","entry"],"yoast_head":"<!-- This site is optimized with the Yoast SEO plugin v26.6 - https:\/\/yoast.com\/wordpress\/plugins\/seo\/ -->\n<title>Jornadas Flamencas \u2013 Charla flamenca &#039;Los primeros estilos&#039; con Faustino N\u00fa\u00f1ez y David Pino - Cultura a Sant Josep de sa Talaia<\/title>\n<meta name=\"robots\" content=\"index, follow, max-snippet:-1, max-image-preview:large, max-video-preview:-1\" \/>\n<link rel=\"canonical\" href=\"https:\/\/cultura.santjosep.org\/es\/agenda\/jornades-flamenques-xerrades-flamenques-amb-faustino-nunez-i-david-pino\/\" \/>\n<meta property=\"og:locale\" content=\"es_ES\" \/>\n<meta property=\"og:type\" content=\"article\" \/>\n<meta property=\"og:title\" content=\"Jornadas Flamencas \u2013 Charla flamenca &#039;Los primeros estilos&#039; con Faustino N\u00fa\u00f1ez y David Pino - Cultura a Sant Josep de sa Talaia\" \/>\n<meta property=\"og:description\" content=\"JJornadas Flamencas \u2013 Charla flamenca &#8216;Los primeros estilos&#8217; con Faustino N\u00fa\u00f1ez y David Pino S\u00e1bado, 1 de julio a las 19:30 h Cuando surge el flamenco, mediado el siglo XIX, &hellip; Seguir leyendo \u00abJornadas Flamencas \u2013 Charla flamenca &#8216;Los primeros estilos&#8217; con Faustino N\u00fa\u00f1ez y David Pino\u00bb\" \/>\n<meta property=\"og:url\" content=\"https:\/\/cultura.santjosep.org\/es\/agenda\/jornades-flamenques-xerrades-flamenques-amb-faustino-nunez-i-david-pino\/\" \/>\n<meta property=\"og:site_name\" content=\"Cultura a Sant Josep de sa Talaia\" \/>\n<meta property=\"article:publisher\" content=\"https:\/\/www.facebook.com\/Ajuntament-de-Sant-Josep-de-sa-Talaia-197541666931354\/\" \/>\n<meta property=\"article:modified_time\" content=\"2023-06-22T15:20:43+00:00\" \/>\n<meta property=\"og:image\" content=\"https:\/\/cultura.santjosep.org\/wp-content\/uploads\/2023\/06\/Untitled-22.jpg\" \/>\n\t<meta property=\"og:image:width\" content=\"1583\" \/>\n\t<meta property=\"og:image:height\" content=\"875\" \/>\n\t<meta property=\"og:image:type\" content=\"image\/jpeg\" \/>\n<meta name=\"twitter:card\" content=\"summary_large_image\" \/>\n<meta name=\"twitter:site\" content=\"@DeTalaia\" \/>\n<meta name=\"twitter:label1\" content=\"Tiempo de lectura\" \/>\n\t<meta name=\"twitter:data1\" content=\"1 minuto\" \/>\n<script type=\"application\/ld+json\" class=\"yoast-schema-graph\">{\"@context\":\"https:\/\/schema.org\",\"@graph\":[{\"@type\":\"WebPage\",\"@id\":\"https:\/\/cultura.santjosep.org\/es\/agenda\/jornades-flamenques-xerrades-flamenques-amb-faustino-nunez-i-david-pino\/\",\"url\":\"https:\/\/cultura.santjosep.org\/es\/agenda\/jornades-flamenques-xerrades-flamenques-amb-faustino-nunez-i-david-pino\/\",\"name\":\"Jornadas Flamencas \u2013 Charla flamenca 'Los primeros estilos' con Faustino N\u00fa\u00f1ez y David Pino - Cultura a Sant Josep de sa Talaia\",\"isPartOf\":{\"@id\":\"https:\/\/cultura.santjosep.org\/es\/#website\"},\"primaryImageOfPage\":{\"@id\":\"https:\/\/cultura.santjosep.org\/es\/agenda\/jornades-flamenques-xerrades-flamenques-amb-faustino-nunez-i-david-pino\/#primaryimage\"},\"image\":{\"@id\":\"https:\/\/cultura.santjosep.org\/es\/agenda\/jornades-flamenques-xerrades-flamenques-amb-faustino-nunez-i-david-pino\/#primaryimage\"},\"thumbnailUrl\":\"https:\/\/cultura.santjosep.org\/wp-content\/uploads\/2023\/06\/Untitled-22.jpg\",\"datePublished\":\"2023-06-22T13:58:33+00:00\",\"dateModified\":\"2023-06-22T15:20:43+00:00\",\"breadcrumb\":{\"@id\":\"https:\/\/cultura.santjosep.org\/es\/agenda\/jornades-flamenques-xerrades-flamenques-amb-faustino-nunez-i-david-pino\/#breadcrumb\"},\"inLanguage\":\"es\",\"potentialAction\":[{\"@type\":\"ReadAction\",\"target\":[\"https:\/\/cultura.santjosep.org\/es\/agenda\/jornades-flamenques-xerrades-flamenques-amb-faustino-nunez-i-david-pino\/\"]}]},{\"@type\":\"ImageObject\",\"inLanguage\":\"es\",\"@id\":\"https:\/\/cultura.santjosep.org\/es\/agenda\/jornades-flamenques-xerrades-flamenques-amb-faustino-nunez-i-david-pino\/#primaryimage\",\"url\":\"https:\/\/cultura.santjosep.org\/wp-content\/uploads\/2023\/06\/Untitled-22.jpg\",\"contentUrl\":\"https:\/\/cultura.santjosep.org\/wp-content\/uploads\/2023\/06\/Untitled-22.jpg\",\"width\":1583,\"height\":875},{\"@type\":\"BreadcrumbList\",\"@id\":\"https:\/\/cultura.santjosep.org\/es\/agenda\/jornades-flamenques-xerrades-flamenques-amb-faustino-nunez-i-david-pino\/#breadcrumb\",\"itemListElement\":[{\"@type\":\"ListItem\",\"position\":1,\"name\":\"Portada\",\"item\":\"https:\/\/cultura.santjosep.org\/es\/\"},{\"@type\":\"ListItem\",\"position\":2,\"name\":\"Eventos\",\"item\":\"https:\/\/cultura.santjosep.org\/agenda\/\"},{\"@type\":\"ListItem\",\"position\":3,\"name\":\"Jornadas Flamencas \u2013 Charla flamenca &#8216;Los primeros estilos&#8217; con Faustino N\u00fa\u00f1ez y David Pino\"}]},{\"@type\":\"WebSite\",\"@id\":\"https:\/\/cultura.santjosep.org\/es\/#website\",\"url\":\"https:\/\/cultura.santjosep.org\/es\/\",\"name\":\"Cultura a Sant Josep de sa Talaia\",\"description\":\"\",\"publisher\":{\"@id\":\"https:\/\/cultura.santjosep.org\/es\/#organization\"},\"potentialAction\":[{\"@type\":\"SearchAction\",\"target\":{\"@type\":\"EntryPoint\",\"urlTemplate\":\"https:\/\/cultura.santjosep.org\/es\/?s={search_term_string}\"},\"query-input\":{\"@type\":\"PropertyValueSpecification\",\"valueRequired\":true,\"valueName\":\"search_term_string\"}}],\"inLanguage\":\"es\"},{\"@type\":\"Organization\",\"@id\":\"https:\/\/cultura.santjosep.org\/es\/#organization\",\"name\":\"Ajuntament de Sant Josep de sa Talaia\",\"url\":\"https:\/\/cultura.santjosep.org\/es\/\",\"logo\":{\"@type\":\"ImageObject\",\"inLanguage\":\"es\",\"@id\":\"https:\/\/cultura.santjosep.org\/es\/#\/schema\/logo\/image\/\",\"url\":\"https:\/\/cultura.santjosep.org\/wp-content\/uploads\/2020\/10\/logocolor.jpg\",\"contentUrl\":\"https:\/\/cultura.santjosep.org\/wp-content\/uploads\/2020\/10\/logocolor.jpg\",\"width\":250,\"height\":98,\"caption\":\"Ajuntament de Sant Josep de sa Talaia\"},\"image\":{\"@id\":\"https:\/\/cultura.santjosep.org\/es\/#\/schema\/logo\/image\/\"},\"sameAs\":[\"https:\/\/www.facebook.com\/Ajuntament-de-Sant-Josep-de-sa-Talaia-197541666931354\/\",\"https:\/\/x.com\/DeTalaia\",\"https:\/\/www.instagram.com\/sant_josep_de_sa_talaia\/\"]}]}<\/script>\n<!-- \/ Yoast SEO plugin. -->","yoast_head_json":{"title":"Jornadas Flamencas \u2013 Charla flamenca 'Los primeros estilos' con Faustino N\u00fa\u00f1ez y David Pino - Cultura a Sant Josep de sa Talaia","robots":{"index":"index","follow":"follow","max-snippet":"max-snippet:-1","max-image-preview":"max-image-preview:large","max-video-preview":"max-video-preview:-1"},"canonical":"https:\/\/cultura.santjosep.org\/es\/agenda\/jornades-flamenques-xerrades-flamenques-amb-faustino-nunez-i-david-pino\/","og_locale":"es_ES","og_type":"article","og_title":"Jornadas Flamencas \u2013 Charla flamenca 'Los primeros estilos' con Faustino N\u00fa\u00f1ez y David Pino - Cultura a Sant Josep de sa Talaia","og_description":"JJornadas Flamencas \u2013 Charla flamenca &#8216;Los primeros estilos&#8217; con Faustino N\u00fa\u00f1ez y David Pino S\u00e1bado, 1 de julio a las 19:30 h Cuando surge el flamenco, mediado el siglo XIX, &hellip; Seguir leyendo \u00abJornadas Flamencas \u2013 Charla flamenca &#8216;Los primeros estilos&#8217; con Faustino N\u00fa\u00f1ez y David Pino\u00bb","og_url":"https:\/\/cultura.santjosep.org\/es\/agenda\/jornades-flamenques-xerrades-flamenques-amb-faustino-nunez-i-david-pino\/","og_site_name":"Cultura a Sant Josep de sa Talaia","article_publisher":"https:\/\/www.facebook.com\/Ajuntament-de-Sant-Josep-de-sa-Talaia-197541666931354\/","article_modified_time":"2023-06-22T15:20:43+00:00","og_image":[{"width":1583,"height":875,"url":"https:\/\/cultura.santjosep.org\/wp-content\/uploads\/2023\/06\/Untitled-22.jpg","type":"image\/jpeg"}],"twitter_card":"summary_large_image","twitter_site":"@DeTalaia","twitter_misc":{"Tiempo de lectura":"1 minuto"},"schema":{"@context":"https:\/\/schema.org","@graph":[{"@type":"WebPage","@id":"https:\/\/cultura.santjosep.org\/es\/agenda\/jornades-flamenques-xerrades-flamenques-amb-faustino-nunez-i-david-pino\/","url":"https:\/\/cultura.santjosep.org\/es\/agenda\/jornades-flamenques-xerrades-flamenques-amb-faustino-nunez-i-david-pino\/","name":"Jornadas Flamencas \u2013 Charla flamenca 'Los primeros estilos' con Faustino N\u00fa\u00f1ez y David Pino - Cultura a Sant Josep de sa Talaia","isPartOf":{"@id":"https:\/\/cultura.santjosep.org\/es\/#website"},"primaryImageOfPage":{"@id":"https:\/\/cultura.santjosep.org\/es\/agenda\/jornades-flamenques-xerrades-flamenques-amb-faustino-nunez-i-david-pino\/#primaryimage"},"image":{"@id":"https:\/\/cultura.santjosep.org\/es\/agenda\/jornades-flamenques-xerrades-flamenques-amb-faustino-nunez-i-david-pino\/#primaryimage"},"thumbnailUrl":"https:\/\/cultura.santjosep.org\/wp-content\/uploads\/2023\/06\/Untitled-22.jpg","datePublished":"2023-06-22T13:58:33+00:00","dateModified":"2023-06-22T15:20:43+00:00","breadcrumb":{"@id":"https:\/\/cultura.santjosep.org\/es\/agenda\/jornades-flamenques-xerrades-flamenques-amb-faustino-nunez-i-david-pino\/#breadcrumb"},"inLanguage":"es","potentialAction":[{"@type":"ReadAction","target":["https:\/\/cultura.santjosep.org\/es\/agenda\/jornades-flamenques-xerrades-flamenques-amb-faustino-nunez-i-david-pino\/"]}]},{"@type":"ImageObject","inLanguage":"es","@id":"https:\/\/cultura.santjosep.org\/es\/agenda\/jornades-flamenques-xerrades-flamenques-amb-faustino-nunez-i-david-pino\/#primaryimage","url":"https:\/\/cultura.santjosep.org\/wp-content\/uploads\/2023\/06\/Untitled-22.jpg","contentUrl":"https:\/\/cultura.santjosep.org\/wp-content\/uploads\/2023\/06\/Untitled-22.jpg","width":1583,"height":875},{"@type":"BreadcrumbList","@id":"https:\/\/cultura.santjosep.org\/es\/agenda\/jornades-flamenques-xerrades-flamenques-amb-faustino-nunez-i-david-pino\/#breadcrumb","itemListElement":[{"@type":"ListItem","position":1,"name":"Portada","item":"https:\/\/cultura.santjosep.org\/es\/"},{"@type":"ListItem","position":2,"name":"Eventos","item":"https:\/\/cultura.santjosep.org\/agenda\/"},{"@type":"ListItem","position":3,"name":"Jornadas Flamencas \u2013 Charla flamenca &#8216;Los primeros estilos&#8217; con Faustino N\u00fa\u00f1ez y David Pino"}]},{"@type":"WebSite","@id":"https:\/\/cultura.santjosep.org\/es\/#website","url":"https:\/\/cultura.santjosep.org\/es\/","name":"Cultura a Sant Josep de sa Talaia","description":"","publisher":{"@id":"https:\/\/cultura.santjosep.org\/es\/#organization"},"potentialAction":[{"@type":"SearchAction","target":{"@type":"EntryPoint","urlTemplate":"https:\/\/cultura.santjosep.org\/es\/?s={search_term_string}"},"query-input":{"@type":"PropertyValueSpecification","valueRequired":true,"valueName":"search_term_string"}}],"inLanguage":"es"},{"@type":"Organization","@id":"https:\/\/cultura.santjosep.org\/es\/#organization","name":"Ajuntament de Sant Josep de sa Talaia","url":"https:\/\/cultura.santjosep.org\/es\/","logo":{"@type":"ImageObject","inLanguage":"es","@id":"https:\/\/cultura.santjosep.org\/es\/#\/schema\/logo\/image\/","url":"https:\/\/cultura.santjosep.org\/wp-content\/uploads\/2020\/10\/logocolor.jpg","contentUrl":"https:\/\/cultura.santjosep.org\/wp-content\/uploads\/2020\/10\/logocolor.jpg","width":250,"height":98,"caption":"Ajuntament de Sant Josep de sa Talaia"},"image":{"@id":"https:\/\/cultura.santjosep.org\/es\/#\/schema\/logo\/image\/"},"sameAs":["https:\/\/www.facebook.com\/Ajuntament-de-Sant-Josep-de-sa-Talaia-197541666931354\/","https:\/\/x.com\/DeTalaia","https:\/\/www.instagram.com\/sant_josep_de_sa_talaia\/"]}]}},"_links":{"self":[{"href":"https:\/\/cultura.santjosep.org\/es\/wp-json\/wp\/v2\/tribe_events\/18775","targetHints":{"allow":["GET"]}}],"collection":[{"href":"https:\/\/cultura.santjosep.org\/es\/wp-json\/wp\/v2\/tribe_events"}],"about":[{"href":"https:\/\/cultura.santjosep.org\/es\/wp-json\/wp\/v2\/types\/tribe_events"}],"author":[{"embeddable":true,"href":"https:\/\/cultura.santjosep.org\/es\/wp-json\/wp\/v2\/users\/1"}],"version-history":[{"count":0,"href":"https:\/\/cultura.santjosep.org\/es\/wp-json\/wp\/v2\/tribe_events\/18775\/revisions"}],"wp:featuredmedia":[{"embeddable":true,"href":"https:\/\/cultura.santjosep.org\/es\/wp-json\/wp\/v2\/media\/18770"}],"wp:attachment":[{"href":"https:\/\/cultura.santjosep.org\/es\/wp-json\/wp\/v2\/media?parent=18775"}],"wp:term":[{"taxonomy":"post_tag","embeddable":true,"href":"https:\/\/cultura.santjosep.org\/es\/wp-json\/wp\/v2\/tags?post=18775"},{"taxonomy":"tribe_events_cat","embeddable":true,"href":"https:\/\/cultura.santjosep.org\/es\/wp-json\/wp\/v2\/tribe_events_cat?post=18775"}],"curies":[{"name":"wp","href":"https:\/\/api.w.org\/{rel}","templated":true}]}}