{"id":18782,"date":"2023-06-22T16:02:44","date_gmt":"2023-06-22T14:02:44","guid":{"rendered":"https:\/\/cultura.santjosep.org\/agenda\/festival-de-teatre-el-festin-2\/"},"modified":"2023-06-22T16:49:23","modified_gmt":"2023-06-22T14:49:23","slug":"festival-de-teatre-el-festin-2","status":"publish","type":"tribe_events","link":"https:\/\/cultura.santjosep.org\/es\/agenda\/festival-de-teatre-el-festin-2\/","title":{"rendered":"Festival de teatre &#8216;El Fest\u00edn&#8217;"},"content":{"rendered":"<h2><strong>Festival de teatre &#8216;El Fest\u00edn&#8217;- 24 de juny<\/strong><\/h2>\n<p><strong>\u00b7 19.30 h. El Gran Braulio | CIA. ADRI\u00c1N CONDE (Argentina)<\/strong><br \/>\n<em>Teatre c\u00f2mic &#8211; 55 min &#8211; per a tots els p\u00fablics<\/em><\/p>\n<p>Sinopsi:Braulio \u00e9s el millor mag del m\u00f3n, o almenys aix\u00f2 \u00e9s el que ell es creu, per\u00f2&#8230; qui som nosaltres per fer-li saber la veritat? Aix\u00ed \u00e9s molt m\u00e9s divertit, i si sab\u00e9s el rid\u00edcul que est\u00e0 fent, no es comportaria tal com \u00e9s.<\/p>\n<p><strong>\u00b7 21.00 h. Potted |  CIA. LA TR\u00d3COLA (Alacant)<\/strong><br \/>\n<em>Acrob\u00e0cia i malabars &#8211; 40 min &#8211; familiar<\/em><\/p>\n<p>Sinopsi: Potted parteix de la premissa de la innovaci\u00f3 art\u00edstica. Els quatre membres de la companyia s\u2019uneixen amb l\u2019inter\u00e8s de crear un espectacle \u00fanic i original, basat en la recerca de l\u2019espai, els objectes, les estructures i el ritme. La intenci\u00f3 \u00e9s posar en crisi el sentit de l\u2019objecte per a arribar a la seua ess\u00e8ncia, creant una comunicaci\u00f3 directa amb l\u2019espectador, carregada d\u2019energia i impacte visual.<\/p>\n<p><strong>\u00b7 22.00 h. Tranv\u00eda n\u00ba12 | CIA. LA FINESTRA (Val\u00e8ncia)<\/strong><br \/>\n<em>Teatre, circ &#8211; 60 min &#8211; familiar &#8211; Premi Millor Artista de Circ, Premis de les Arts Esc\u00e8niques Valencianes 2021<\/em><\/p>\n<p>Sinopsi: Cinc diferents personatges es reuneixen en una peculiar parada d\u2019un antic tramvia, estan nerviosos, desubicats, nom\u00e9s tenen una cosa en com\u00fa\u2026 esperen. Estan llestos per a anar-se\u2019n, viatjar, descobrir el que els ofereix el seu dest\u00ed\u2026 el tramvia \u00e9s all\u00ed esperant-los, per\u00f2 sempre hi ha un motiu pel qual mai surt. Aquesta emoci\u00f3 col\u00b7lectiva els provocar\u00e0 una forma inesperada de relacionar-se, de con\u00e8ixer-se, descobrint que tenen m\u00e9s en com\u00fa del que creien, molt de talent, la creativitat, el circ, el sentit de l\u2019humor davant la vida i la seua peculiar resili\u00e8ncia.<\/p>\n<p><strong>ENTRADA GRATU\u00cfTA<\/strong><\/p>\n<p> <a href=\"https:\/\/cultura.santjosep.org\/wp-content\/uploads\/2023\/06\/PROGRAMA-EL-FESTIN-2023-ST-JOSEP-VS08-FINAL-final.pdf\"><span style=\"color: #b3291f;\"><strong> \u00b7 Descarrega el programa complet \u00b7<\/strong> <\/span><\/a><\/p>\n","protected":false},"excerpt":{"rendered":"<p>Festival de teatre &#8216;El Fest\u00edn&#8217;- 24 de juny \u00b7 19.30 h. El Gran Braulio | CIA. ADRI\u00c1N CONDE (Argentina) Teatre c\u00f2mic &#8211; 55 min &#8211; per a tots els p\u00fablics &hellip; <\/p>\n<p class=\"link-more\"><a href=\"https:\/\/cultura.santjosep.org\/es\/agenda\/festival-de-teatre-el-festin-2\/\" class=\"more-link\">Seguir leyendo<span class=\"screen-reader-text\"> \u00abFestival de teatre &#8216;El Fest\u00edn&#8217;\u00bb<\/span><\/a><\/p>\n","protected":false},"author":1,"featured_media":18834,"template":"","meta":{"_tribe_events_status":"","_tribe_events_status_reason":"","_tribe_events_is_hybrid":"","_tribe_events_is_virtual":"","_tribe_events_virtual_video_source":"","_tribe_events_virtual_embed_video":"","_tribe_events_virtual_linked_button_text":"","_tribe_events_virtual_linked_button":"","_tribe_events_virtual_show_embed_at":"","_tribe_events_virtual_show_embed_to":[],"_tribe_events_virtual_show_on_event":"","_tribe_events_virtual_show_on_views":"","_tribe_events_virtual_url":"","footnotes":""},"tags":[],"tribe_events_cat":[131],"class_list":["post-18782","tribe_events","type-tribe_events","status-publish","has-post-thumbnail","hentry","tribe_events_cat-el-festin-festival-de-teatro-infantil","cat_el-festin-festival-de-teatro-infantil","entry"],"yoast_head":"<!-- This site is optimized with the Yoast SEO plugin v26.6 - https:\/\/yoast.com\/wordpress\/plugins\/seo\/ -->\n<title>Festival de teatre &#039;El Fest\u00edn&#039; - Cultura a Sant Josep de sa Talaia<\/title>\n<meta name=\"robots\" content=\"index, follow, max-snippet:-1, max-image-preview:large, max-video-preview:-1\" \/>\n<link rel=\"canonical\" href=\"https:\/\/cultura.santjosep.org\/es\/agenda\/festival-de-teatre-el-festin-2\/\" \/>\n<meta property=\"og:locale\" content=\"es_ES\" \/>\n<meta property=\"og:type\" content=\"article\" \/>\n<meta property=\"og:title\" content=\"Festival de teatre &#039;El Fest\u00edn&#039; - Cultura a Sant Josep de sa Talaia\" \/>\n<meta property=\"og:description\" content=\"Festival de teatre &#8216;El Fest\u00edn&#8217;- 24 de juny \u00b7 19.30 h. El Gran Braulio | CIA. ADRI\u00c1N CONDE (Argentina) Teatre c\u00f2mic &#8211; 55 min &#8211; per a tots els p\u00fablics &hellip; Seguir leyendo \u00abFestival de teatre &#8216;El Fest\u00edn&#8217;\u00bb\" \/>\n<meta property=\"og:url\" content=\"https:\/\/cultura.santjosep.org\/es\/agenda\/festival-de-teatre-el-festin-2\/\" \/>\n<meta property=\"og:site_name\" content=\"Cultura a Sant Josep de sa Talaia\" \/>\n<meta property=\"article:publisher\" content=\"https:\/\/www.facebook.com\/Ajuntament-de-Sant-Josep-de-sa-Talaia-197541666931354\/\" \/>\n<meta property=\"article:modified_time\" content=\"2023-06-22T14:49:23+00:00\" \/>\n<meta property=\"og:image\" content=\"https:\/\/cultura.santjosep.org\/wp-content\/uploads\/2023\/06\/bralio.jpg\" \/>\n\t<meta property=\"og:image:width\" content=\"1620\" \/>\n\t<meta property=\"og:image:height\" content=\"1080\" \/>\n\t<meta property=\"og:image:type\" content=\"image\/jpeg\" \/>\n<meta name=\"twitter:card\" content=\"summary_large_image\" \/>\n<meta name=\"twitter:site\" content=\"@DeTalaia\" \/>\n<meta name=\"twitter:label1\" content=\"Tiempo de lectura\" \/>\n\t<meta name=\"twitter:data1\" content=\"2 minutos\" \/>\n<script type=\"application\/ld+json\" class=\"yoast-schema-graph\">{\"@context\":\"https:\/\/schema.org\",\"@graph\":[{\"@type\":\"WebPage\",\"@id\":\"https:\/\/cultura.santjosep.org\/es\/agenda\/festival-de-teatre-el-festin-2\/\",\"url\":\"https:\/\/cultura.santjosep.org\/es\/agenda\/festival-de-teatre-el-festin-2\/\",\"name\":\"Festival de teatre 'El Fest\u00edn' - Cultura a Sant Josep de sa Talaia\",\"isPartOf\":{\"@id\":\"https:\/\/cultura.santjosep.org\/es\/#website\"},\"primaryImageOfPage\":{\"@id\":\"https:\/\/cultura.santjosep.org\/es\/agenda\/festival-de-teatre-el-festin-2\/#primaryimage\"},\"image\":{\"@id\":\"https:\/\/cultura.santjosep.org\/es\/agenda\/festival-de-teatre-el-festin-2\/#primaryimage\"},\"thumbnailUrl\":\"https:\/\/cultura.santjosep.org\/wp-content\/uploads\/2023\/06\/bralio.jpg\",\"datePublished\":\"2023-06-22T14:02:44+00:00\",\"dateModified\":\"2023-06-22T14:49:23+00:00\",\"breadcrumb\":{\"@id\":\"https:\/\/cultura.santjosep.org\/es\/agenda\/festival-de-teatre-el-festin-2\/#breadcrumb\"},\"inLanguage\":\"es\",\"potentialAction\":[{\"@type\":\"ReadAction\",\"target\":[\"https:\/\/cultura.santjosep.org\/es\/agenda\/festival-de-teatre-el-festin-2\/\"]}]},{\"@type\":\"ImageObject\",\"inLanguage\":\"es\",\"@id\":\"https:\/\/cultura.santjosep.org\/es\/agenda\/festival-de-teatre-el-festin-2\/#primaryimage\",\"url\":\"https:\/\/cultura.santjosep.org\/wp-content\/uploads\/2023\/06\/bralio.jpg\",\"contentUrl\":\"https:\/\/cultura.santjosep.org\/wp-content\/uploads\/2023\/06\/bralio.jpg\",\"width\":1620,\"height\":1080},{\"@type\":\"BreadcrumbList\",\"@id\":\"https:\/\/cultura.santjosep.org\/es\/agenda\/festival-de-teatre-el-festin-2\/#breadcrumb\",\"itemListElement\":[{\"@type\":\"ListItem\",\"position\":1,\"name\":\"Portada\",\"item\":\"https:\/\/cultura.santjosep.org\/es\/\"},{\"@type\":\"ListItem\",\"position\":2,\"name\":\"Eventos\",\"item\":\"https:\/\/cultura.santjosep.org\/agenda\/\"},{\"@type\":\"ListItem\",\"position\":3,\"name\":\"Festival de teatre &#8216;El Fest\u00edn&#8217;\"}]},{\"@type\":\"WebSite\",\"@id\":\"https:\/\/cultura.santjosep.org\/es\/#website\",\"url\":\"https:\/\/cultura.santjosep.org\/es\/\",\"name\":\"Cultura a Sant Josep de sa Talaia\",\"description\":\"\",\"publisher\":{\"@id\":\"https:\/\/cultura.santjosep.org\/es\/#organization\"},\"potentialAction\":[{\"@type\":\"SearchAction\",\"target\":{\"@type\":\"EntryPoint\",\"urlTemplate\":\"https:\/\/cultura.santjosep.org\/es\/?s={search_term_string}\"},\"query-input\":{\"@type\":\"PropertyValueSpecification\",\"valueRequired\":true,\"valueName\":\"search_term_string\"}}],\"inLanguage\":\"es\"},{\"@type\":\"Organization\",\"@id\":\"https:\/\/cultura.santjosep.org\/es\/#organization\",\"name\":\"Ajuntament de Sant Josep de sa Talaia\",\"url\":\"https:\/\/cultura.santjosep.org\/es\/\",\"logo\":{\"@type\":\"ImageObject\",\"inLanguage\":\"es\",\"@id\":\"https:\/\/cultura.santjosep.org\/es\/#\/schema\/logo\/image\/\",\"url\":\"https:\/\/cultura.santjosep.org\/wp-content\/uploads\/2020\/10\/logocolor.jpg\",\"contentUrl\":\"https:\/\/cultura.santjosep.org\/wp-content\/uploads\/2020\/10\/logocolor.jpg\",\"width\":250,\"height\":98,\"caption\":\"Ajuntament de Sant Josep de sa Talaia\"},\"image\":{\"@id\":\"https:\/\/cultura.santjosep.org\/es\/#\/schema\/logo\/image\/\"},\"sameAs\":[\"https:\/\/www.facebook.com\/Ajuntament-de-Sant-Josep-de-sa-Talaia-197541666931354\/\",\"https:\/\/x.com\/DeTalaia\",\"https:\/\/www.instagram.com\/sant_josep_de_sa_talaia\/\"]}]}<\/script>\n<!-- \/ Yoast SEO plugin. -->","yoast_head_json":{"title":"Festival de teatre 'El Fest\u00edn' - Cultura a Sant Josep de sa Talaia","robots":{"index":"index","follow":"follow","max-snippet":"max-snippet:-1","max-image-preview":"max-image-preview:large","max-video-preview":"max-video-preview:-1"},"canonical":"https:\/\/cultura.santjosep.org\/es\/agenda\/festival-de-teatre-el-festin-2\/","og_locale":"es_ES","og_type":"article","og_title":"Festival de teatre 'El Fest\u00edn' - Cultura a Sant Josep de sa Talaia","og_description":"Festival de teatre &#8216;El Fest\u00edn&#8217;- 24 de juny \u00b7 19.30 h. El Gran Braulio | CIA. ADRI\u00c1N CONDE (Argentina) Teatre c\u00f2mic &#8211; 55 min &#8211; per a tots els p\u00fablics &hellip; Seguir leyendo \u00abFestival de teatre &#8216;El Fest\u00edn&#8217;\u00bb","og_url":"https:\/\/cultura.santjosep.org\/es\/agenda\/festival-de-teatre-el-festin-2\/","og_site_name":"Cultura a Sant Josep de sa Talaia","article_publisher":"https:\/\/www.facebook.com\/Ajuntament-de-Sant-Josep-de-sa-Talaia-197541666931354\/","article_modified_time":"2023-06-22T14:49:23+00:00","og_image":[{"width":1620,"height":1080,"url":"https:\/\/cultura.santjosep.org\/wp-content\/uploads\/2023\/06\/bralio.jpg","type":"image\/jpeg"}],"twitter_card":"summary_large_image","twitter_site":"@DeTalaia","twitter_misc":{"Tiempo de lectura":"2 minutos"},"schema":{"@context":"https:\/\/schema.org","@graph":[{"@type":"WebPage","@id":"https:\/\/cultura.santjosep.org\/es\/agenda\/festival-de-teatre-el-festin-2\/","url":"https:\/\/cultura.santjosep.org\/es\/agenda\/festival-de-teatre-el-festin-2\/","name":"Festival de teatre 'El Fest\u00edn' - Cultura a Sant Josep de sa Talaia","isPartOf":{"@id":"https:\/\/cultura.santjosep.org\/es\/#website"},"primaryImageOfPage":{"@id":"https:\/\/cultura.santjosep.org\/es\/agenda\/festival-de-teatre-el-festin-2\/#primaryimage"},"image":{"@id":"https:\/\/cultura.santjosep.org\/es\/agenda\/festival-de-teatre-el-festin-2\/#primaryimage"},"thumbnailUrl":"https:\/\/cultura.santjosep.org\/wp-content\/uploads\/2023\/06\/bralio.jpg","datePublished":"2023-06-22T14:02:44+00:00","dateModified":"2023-06-22T14:49:23+00:00","breadcrumb":{"@id":"https:\/\/cultura.santjosep.org\/es\/agenda\/festival-de-teatre-el-festin-2\/#breadcrumb"},"inLanguage":"es","potentialAction":[{"@type":"ReadAction","target":["https:\/\/cultura.santjosep.org\/es\/agenda\/festival-de-teatre-el-festin-2\/"]}]},{"@type":"ImageObject","inLanguage":"es","@id":"https:\/\/cultura.santjosep.org\/es\/agenda\/festival-de-teatre-el-festin-2\/#primaryimage","url":"https:\/\/cultura.santjosep.org\/wp-content\/uploads\/2023\/06\/bralio.jpg","contentUrl":"https:\/\/cultura.santjosep.org\/wp-content\/uploads\/2023\/06\/bralio.jpg","width":1620,"height":1080},{"@type":"BreadcrumbList","@id":"https:\/\/cultura.santjosep.org\/es\/agenda\/festival-de-teatre-el-festin-2\/#breadcrumb","itemListElement":[{"@type":"ListItem","position":1,"name":"Portada","item":"https:\/\/cultura.santjosep.org\/es\/"},{"@type":"ListItem","position":2,"name":"Eventos","item":"https:\/\/cultura.santjosep.org\/agenda\/"},{"@type":"ListItem","position":3,"name":"Festival de teatre &#8216;El Fest\u00edn&#8217;"}]},{"@type":"WebSite","@id":"https:\/\/cultura.santjosep.org\/es\/#website","url":"https:\/\/cultura.santjosep.org\/es\/","name":"Cultura a Sant Josep de sa Talaia","description":"","publisher":{"@id":"https:\/\/cultura.santjosep.org\/es\/#organization"},"potentialAction":[{"@type":"SearchAction","target":{"@type":"EntryPoint","urlTemplate":"https:\/\/cultura.santjosep.org\/es\/?s={search_term_string}"},"query-input":{"@type":"PropertyValueSpecification","valueRequired":true,"valueName":"search_term_string"}}],"inLanguage":"es"},{"@type":"Organization","@id":"https:\/\/cultura.santjosep.org\/es\/#organization","name":"Ajuntament de Sant Josep de sa Talaia","url":"https:\/\/cultura.santjosep.org\/es\/","logo":{"@type":"ImageObject","inLanguage":"es","@id":"https:\/\/cultura.santjosep.org\/es\/#\/schema\/logo\/image\/","url":"https:\/\/cultura.santjosep.org\/wp-content\/uploads\/2020\/10\/logocolor.jpg","contentUrl":"https:\/\/cultura.santjosep.org\/wp-content\/uploads\/2020\/10\/logocolor.jpg","width":250,"height":98,"caption":"Ajuntament de Sant Josep de sa Talaia"},"image":{"@id":"https:\/\/cultura.santjosep.org\/es\/#\/schema\/logo\/image\/"},"sameAs":["https:\/\/www.facebook.com\/Ajuntament-de-Sant-Josep-de-sa-Talaia-197541666931354\/","https:\/\/x.com\/DeTalaia","https:\/\/www.instagram.com\/sant_josep_de_sa_talaia\/"]}]}},"_links":{"self":[{"href":"https:\/\/cultura.santjosep.org\/es\/wp-json\/wp\/v2\/tribe_events\/18782","targetHints":{"allow":["GET"]}}],"collection":[{"href":"https:\/\/cultura.santjosep.org\/es\/wp-json\/wp\/v2\/tribe_events"}],"about":[{"href":"https:\/\/cultura.santjosep.org\/es\/wp-json\/wp\/v2\/types\/tribe_events"}],"author":[{"embeddable":true,"href":"https:\/\/cultura.santjosep.org\/es\/wp-json\/wp\/v2\/users\/1"}],"version-history":[{"count":0,"href":"https:\/\/cultura.santjosep.org\/es\/wp-json\/wp\/v2\/tribe_events\/18782\/revisions"}],"wp:featuredmedia":[{"embeddable":true,"href":"https:\/\/cultura.santjosep.org\/es\/wp-json\/wp\/v2\/media\/18834"}],"wp:attachment":[{"href":"https:\/\/cultura.santjosep.org\/es\/wp-json\/wp\/v2\/media?parent=18782"}],"wp:term":[{"taxonomy":"post_tag","embeddable":true,"href":"https:\/\/cultura.santjosep.org\/es\/wp-json\/wp\/v2\/tags?post=18782"},{"taxonomy":"tribe_events_cat","embeddable":true,"href":"https:\/\/cultura.santjosep.org\/es\/wp-json\/wp\/v2\/tribe_events_cat?post=18782"}],"curies":[{"name":"wp","href":"https:\/\/api.w.org\/{rel}","templated":true}]}}