{"id":18809,"date":"2023-06-22T16:19:22","date_gmt":"2023-06-22T14:19:22","guid":{"rendered":"https:\/\/cultura.santjosep.org\/agenda\/festival-de-teatre-el-festin-4\/"},"modified":"2023-06-22T16:57:44","modified_gmt":"2023-06-22T14:57:44","slug":"festival-de-teatre-el-festin-4","status":"publish","type":"tribe_events","link":"https:\/\/cultura.santjosep.org\/es\/agenda\/festival-de-teatre-el-festin-4\/","title":{"rendered":"Festival de teatre &#8216;El Fest\u00edn&#8217;"},"content":{"rendered":"<h2><strong>Festival de teatre &#8216;El Fest\u00edn&#8217;- 30 de juny<\/strong><\/h2>\n<p><strong>\u00b7 19.00 h. No som ni Romeu ni Julieta | MUTIS TEATRE LLUB\u00cd (Mallorca)<\/strong><br \/>\n<em>Com\u00e8dia &#8211; 60 min &#8211; per a tots els p\u00fablics<\/em><\/p>\n<p>Sinopsi: Els joves Romeu i Julieta, fills de dos fam\u00edlies enfrontades en la Verona del segle XIV, s\u2019oposen a les regles de l\u2019odi i desafien el dest\u00ed. Shakespeare convert\u00ed aquest mite en la hist\u00f2ria d\u2019amor m\u00e9s coneguda de la literatura universal. Com seria aquesta hist\u00f2ria a Mallorca? I si sort\u00eds a un programa de televisi\u00f3?<\/p>\n<p><strong>\u00b7 20.30 h. Home |  CIA. CRIS-IS (Barcelona<\/strong><br \/>\n<em>Teatre c\u00f2mic gestual &#8211; 40 min &#8211; per a tots els p\u00fablics<\/em><\/p>\n<p>Sinopsi: En una casa miserable, una parella viu la seua rutina penosa. Drama al servei de la com\u00e8dia. Rialla de la bona, de la sonora, de la que guareix. Un espectacle trepidant, emocionant, hilarant. \u201cVivim en una \u00e8poca en qu\u00e8 ser dona i ser forta s\u00f3n sin\u00f2nims. I aqu\u00ed tenim na Cristina, tractant amb humor una realitat que ning\u00fa no s\u2019atreveix a mostrar.\u201d<\/p>\n<p><strong>\u00b7 22.00 h. Fuego Salvaje | WILBUR (Madrid)<\/strong><br \/>\n<em>Humor &#8211; acrob\u00e0cia &#8211; 60 min &#8211; per a tots els p\u00fablics<\/em><\/p>\n<p>Sinopsi: Alguna vegada t\u2019has preguntat qui ets? Aquesta pe\u00e7a \u00e9s una invitaci\u00f3 a mirar-nos al mirall del que \u00e9s pat\u00e8tic. A acceptar que no som ni tan guapos, ni tan prims, ni tan grossos, ni tan intel\u00b7ligents, ni tan normals. Wilbur ens obri el seu cor per presentar-nos una hist\u00f2ria real i captivadora. Un viatge inici\u00e0tic sobre la reconquesta del ser i del propi cos. Espectacle que combina magistralment l\u2019humor amb la performance acrob\u00e0tica.<\/p>\n<p><strong>ENTRADA GRATU\u00cfTA<\/strong><\/p>\n<p> <a href=\"https:\/\/cultura.santjosep.org\/wp-content\/uploads\/2023\/06\/PROGRAMA-EL-FESTIN-2023-ST-JOSEP-VS08-FINAL-final.pdf\"><span style=\"color: #b3291f;\"><strong> \u00b7 Descarrega el programa complet \u00b7<\/strong> <\/span><\/a><\/p>\n","protected":false},"excerpt":{"rendered":"<p>Festival de teatre &#8216;El Fest\u00edn&#8217;- 30 de juny \u00b7 19.00 h. No som ni Romeu ni Julieta | MUTIS TEATRE LLUB\u00cd (Mallorca) Com\u00e8dia &#8211; 60 min &#8211; per a tots &hellip; <\/p>\n<p class=\"link-more\"><a href=\"https:\/\/cultura.santjosep.org\/es\/agenda\/festival-de-teatre-el-festin-4\/\" class=\"more-link\">Seguir leyendo<span class=\"screen-reader-text\"> \u00abFestival de teatre &#8216;El Fest\u00edn&#8217;\u00bb<\/span><\/a><\/p>\n","protected":false},"author":1,"featured_media":18851,"template":"","meta":{"_tribe_events_status":"","_tribe_events_status_reason":"","_tribe_events_is_hybrid":"","_tribe_events_is_virtual":"","_tribe_events_virtual_video_source":"","_tribe_events_virtual_embed_video":"","_tribe_events_virtual_linked_button_text":"","_tribe_events_virtual_linked_button":"","_tribe_events_virtual_show_embed_at":"","_tribe_events_virtual_show_embed_to":[],"_tribe_events_virtual_show_on_event":"","_tribe_events_virtual_show_on_views":"","_tribe_events_virtual_url":"","footnotes":""},"tags":[],"tribe_events_cat":[131],"class_list":["post-18809","tribe_events","type-tribe_events","status-publish","has-post-thumbnail","hentry","tribe_events_cat-el-festin-festival-de-teatro-infantil","cat_el-festin-festival-de-teatro-infantil","entry"],"yoast_head":"<!-- This site is optimized with the Yoast SEO plugin v26.6 - https:\/\/yoast.com\/wordpress\/plugins\/seo\/ -->\n<title>Festival de teatre &#039;El Fest\u00edn&#039; - Cultura a Sant Josep de sa Talaia<\/title>\n<meta name=\"robots\" content=\"index, follow, max-snippet:-1, max-image-preview:large, max-video-preview:-1\" \/>\n<link rel=\"canonical\" href=\"https:\/\/cultura.santjosep.org\/es\/agenda\/festival-de-teatre-el-festin-4\/\" \/>\n<meta property=\"og:locale\" content=\"es_ES\" \/>\n<meta property=\"og:type\" content=\"article\" \/>\n<meta property=\"og:title\" content=\"Festival de teatre &#039;El Fest\u00edn&#039; - Cultura a Sant Josep de sa Talaia\" \/>\n<meta property=\"og:description\" content=\"Festival de teatre &#8216;El Fest\u00edn&#8217;- 30 de juny \u00b7 19.00 h. No som ni Romeu ni Julieta | MUTIS TEATRE LLUB\u00cd (Mallorca) Com\u00e8dia &#8211; 60 min &#8211; per a tots &hellip; Seguir leyendo \u00abFestival de teatre &#8216;El Fest\u00edn&#8217;\u00bb\" \/>\n<meta property=\"og:url\" content=\"https:\/\/cultura.santjosep.org\/es\/agenda\/festival-de-teatre-el-festin-4\/\" \/>\n<meta property=\"og:site_name\" content=\"Cultura a Sant Josep de sa Talaia\" \/>\n<meta property=\"article:publisher\" content=\"https:\/\/www.facebook.com\/Ajuntament-de-Sant-Josep-de-sa-Talaia-197541666931354\/\" \/>\n<meta property=\"article:modified_time\" content=\"2023-06-22T14:57:44+00:00\" \/>\n<meta property=\"og:image\" content=\"https:\/\/cultura.santjosep.org\/wp-content\/uploads\/2023\/06\/MG_4835-scaled.jpg\" \/>\n\t<meta property=\"og:image:width\" content=\"2560\" \/>\n\t<meta property=\"og:image:height\" content=\"2048\" \/>\n\t<meta property=\"og:image:type\" content=\"image\/jpeg\" \/>\n<meta name=\"twitter:card\" content=\"summary_large_image\" \/>\n<meta name=\"twitter:site\" content=\"@DeTalaia\" \/>\n<meta name=\"twitter:label1\" content=\"Tiempo de lectura\" \/>\n\t<meta name=\"twitter:data1\" content=\"1 minuto\" \/>\n<script type=\"application\/ld+json\" class=\"yoast-schema-graph\">{\"@context\":\"https:\/\/schema.org\",\"@graph\":[{\"@type\":\"WebPage\",\"@id\":\"https:\/\/cultura.santjosep.org\/es\/agenda\/festival-de-teatre-el-festin-4\/\",\"url\":\"https:\/\/cultura.santjosep.org\/es\/agenda\/festival-de-teatre-el-festin-4\/\",\"name\":\"Festival de teatre 'El Fest\u00edn' - Cultura a Sant Josep de sa Talaia\",\"isPartOf\":{\"@id\":\"https:\/\/cultura.santjosep.org\/es\/#website\"},\"primaryImageOfPage\":{\"@id\":\"https:\/\/cultura.santjosep.org\/es\/agenda\/festival-de-teatre-el-festin-4\/#primaryimage\"},\"image\":{\"@id\":\"https:\/\/cultura.santjosep.org\/es\/agenda\/festival-de-teatre-el-festin-4\/#primaryimage\"},\"thumbnailUrl\":\"https:\/\/cultura.santjosep.org\/wp-content\/uploads\/2023\/06\/MG_4835-scaled.jpg\",\"datePublished\":\"2023-06-22T14:19:22+00:00\",\"dateModified\":\"2023-06-22T14:57:44+00:00\",\"breadcrumb\":{\"@id\":\"https:\/\/cultura.santjosep.org\/es\/agenda\/festival-de-teatre-el-festin-4\/#breadcrumb\"},\"inLanguage\":\"es\",\"potentialAction\":[{\"@type\":\"ReadAction\",\"target\":[\"https:\/\/cultura.santjosep.org\/es\/agenda\/festival-de-teatre-el-festin-4\/\"]}]},{\"@type\":\"ImageObject\",\"inLanguage\":\"es\",\"@id\":\"https:\/\/cultura.santjosep.org\/es\/agenda\/festival-de-teatre-el-festin-4\/#primaryimage\",\"url\":\"https:\/\/cultura.santjosep.org\/wp-content\/uploads\/2023\/06\/MG_4835-scaled.jpg\",\"contentUrl\":\"https:\/\/cultura.santjosep.org\/wp-content\/uploads\/2023\/06\/MG_4835-scaled.jpg\",\"width\":2560,\"height\":2048},{\"@type\":\"BreadcrumbList\",\"@id\":\"https:\/\/cultura.santjosep.org\/es\/agenda\/festival-de-teatre-el-festin-4\/#breadcrumb\",\"itemListElement\":[{\"@type\":\"ListItem\",\"position\":1,\"name\":\"Portada\",\"item\":\"https:\/\/cultura.santjosep.org\/es\/\"},{\"@type\":\"ListItem\",\"position\":2,\"name\":\"Eventos\",\"item\":\"https:\/\/cultura.santjosep.org\/agenda\/\"},{\"@type\":\"ListItem\",\"position\":3,\"name\":\"Festival de teatre &#8216;El Fest\u00edn&#8217;\"}]},{\"@type\":\"WebSite\",\"@id\":\"https:\/\/cultura.santjosep.org\/es\/#website\",\"url\":\"https:\/\/cultura.santjosep.org\/es\/\",\"name\":\"Cultura a Sant Josep de sa Talaia\",\"description\":\"\",\"publisher\":{\"@id\":\"https:\/\/cultura.santjosep.org\/es\/#organization\"},\"potentialAction\":[{\"@type\":\"SearchAction\",\"target\":{\"@type\":\"EntryPoint\",\"urlTemplate\":\"https:\/\/cultura.santjosep.org\/es\/?s={search_term_string}\"},\"query-input\":{\"@type\":\"PropertyValueSpecification\",\"valueRequired\":true,\"valueName\":\"search_term_string\"}}],\"inLanguage\":\"es\"},{\"@type\":\"Organization\",\"@id\":\"https:\/\/cultura.santjosep.org\/es\/#organization\",\"name\":\"Ajuntament de Sant Josep de sa Talaia\",\"url\":\"https:\/\/cultura.santjosep.org\/es\/\",\"logo\":{\"@type\":\"ImageObject\",\"inLanguage\":\"es\",\"@id\":\"https:\/\/cultura.santjosep.org\/es\/#\/schema\/logo\/image\/\",\"url\":\"https:\/\/cultura.santjosep.org\/wp-content\/uploads\/2020\/10\/logocolor.jpg\",\"contentUrl\":\"https:\/\/cultura.santjosep.org\/wp-content\/uploads\/2020\/10\/logocolor.jpg\",\"width\":250,\"height\":98,\"caption\":\"Ajuntament de Sant Josep de sa Talaia\"},\"image\":{\"@id\":\"https:\/\/cultura.santjosep.org\/es\/#\/schema\/logo\/image\/\"},\"sameAs\":[\"https:\/\/www.facebook.com\/Ajuntament-de-Sant-Josep-de-sa-Talaia-197541666931354\/\",\"https:\/\/x.com\/DeTalaia\",\"https:\/\/www.instagram.com\/sant_josep_de_sa_talaia\/\"]}]}<\/script>\n<!-- \/ Yoast SEO plugin. -->","yoast_head_json":{"title":"Festival de teatre 'El Fest\u00edn' - Cultura a Sant Josep de sa Talaia","robots":{"index":"index","follow":"follow","max-snippet":"max-snippet:-1","max-image-preview":"max-image-preview:large","max-video-preview":"max-video-preview:-1"},"canonical":"https:\/\/cultura.santjosep.org\/es\/agenda\/festival-de-teatre-el-festin-4\/","og_locale":"es_ES","og_type":"article","og_title":"Festival de teatre 'El Fest\u00edn' - Cultura a Sant Josep de sa Talaia","og_description":"Festival de teatre &#8216;El Fest\u00edn&#8217;- 30 de juny \u00b7 19.00 h. No som ni Romeu ni Julieta | MUTIS TEATRE LLUB\u00cd (Mallorca) Com\u00e8dia &#8211; 60 min &#8211; per a tots &hellip; Seguir leyendo \u00abFestival de teatre &#8216;El Fest\u00edn&#8217;\u00bb","og_url":"https:\/\/cultura.santjosep.org\/es\/agenda\/festival-de-teatre-el-festin-4\/","og_site_name":"Cultura a Sant Josep de sa Talaia","article_publisher":"https:\/\/www.facebook.com\/Ajuntament-de-Sant-Josep-de-sa-Talaia-197541666931354\/","article_modified_time":"2023-06-22T14:57:44+00:00","og_image":[{"width":2560,"height":2048,"url":"https:\/\/cultura.santjosep.org\/wp-content\/uploads\/2023\/06\/MG_4835-scaled.jpg","type":"image\/jpeg"}],"twitter_card":"summary_large_image","twitter_site":"@DeTalaia","twitter_misc":{"Tiempo de lectura":"1 minuto"},"schema":{"@context":"https:\/\/schema.org","@graph":[{"@type":"WebPage","@id":"https:\/\/cultura.santjosep.org\/es\/agenda\/festival-de-teatre-el-festin-4\/","url":"https:\/\/cultura.santjosep.org\/es\/agenda\/festival-de-teatre-el-festin-4\/","name":"Festival de teatre 'El Fest\u00edn' - Cultura a Sant Josep de sa Talaia","isPartOf":{"@id":"https:\/\/cultura.santjosep.org\/es\/#website"},"primaryImageOfPage":{"@id":"https:\/\/cultura.santjosep.org\/es\/agenda\/festival-de-teatre-el-festin-4\/#primaryimage"},"image":{"@id":"https:\/\/cultura.santjosep.org\/es\/agenda\/festival-de-teatre-el-festin-4\/#primaryimage"},"thumbnailUrl":"https:\/\/cultura.santjosep.org\/wp-content\/uploads\/2023\/06\/MG_4835-scaled.jpg","datePublished":"2023-06-22T14:19:22+00:00","dateModified":"2023-06-22T14:57:44+00:00","breadcrumb":{"@id":"https:\/\/cultura.santjosep.org\/es\/agenda\/festival-de-teatre-el-festin-4\/#breadcrumb"},"inLanguage":"es","potentialAction":[{"@type":"ReadAction","target":["https:\/\/cultura.santjosep.org\/es\/agenda\/festival-de-teatre-el-festin-4\/"]}]},{"@type":"ImageObject","inLanguage":"es","@id":"https:\/\/cultura.santjosep.org\/es\/agenda\/festival-de-teatre-el-festin-4\/#primaryimage","url":"https:\/\/cultura.santjosep.org\/wp-content\/uploads\/2023\/06\/MG_4835-scaled.jpg","contentUrl":"https:\/\/cultura.santjosep.org\/wp-content\/uploads\/2023\/06\/MG_4835-scaled.jpg","width":2560,"height":2048},{"@type":"BreadcrumbList","@id":"https:\/\/cultura.santjosep.org\/es\/agenda\/festival-de-teatre-el-festin-4\/#breadcrumb","itemListElement":[{"@type":"ListItem","position":1,"name":"Portada","item":"https:\/\/cultura.santjosep.org\/es\/"},{"@type":"ListItem","position":2,"name":"Eventos","item":"https:\/\/cultura.santjosep.org\/agenda\/"},{"@type":"ListItem","position":3,"name":"Festival de teatre &#8216;El Fest\u00edn&#8217;"}]},{"@type":"WebSite","@id":"https:\/\/cultura.santjosep.org\/es\/#website","url":"https:\/\/cultura.santjosep.org\/es\/","name":"Cultura a Sant Josep de sa Talaia","description":"","publisher":{"@id":"https:\/\/cultura.santjosep.org\/es\/#organization"},"potentialAction":[{"@type":"SearchAction","target":{"@type":"EntryPoint","urlTemplate":"https:\/\/cultura.santjosep.org\/es\/?s={search_term_string}"},"query-input":{"@type":"PropertyValueSpecification","valueRequired":true,"valueName":"search_term_string"}}],"inLanguage":"es"},{"@type":"Organization","@id":"https:\/\/cultura.santjosep.org\/es\/#organization","name":"Ajuntament de Sant Josep de sa Talaia","url":"https:\/\/cultura.santjosep.org\/es\/","logo":{"@type":"ImageObject","inLanguage":"es","@id":"https:\/\/cultura.santjosep.org\/es\/#\/schema\/logo\/image\/","url":"https:\/\/cultura.santjosep.org\/wp-content\/uploads\/2020\/10\/logocolor.jpg","contentUrl":"https:\/\/cultura.santjosep.org\/wp-content\/uploads\/2020\/10\/logocolor.jpg","width":250,"height":98,"caption":"Ajuntament de Sant Josep de sa Talaia"},"image":{"@id":"https:\/\/cultura.santjosep.org\/es\/#\/schema\/logo\/image\/"},"sameAs":["https:\/\/www.facebook.com\/Ajuntament-de-Sant-Josep-de-sa-Talaia-197541666931354\/","https:\/\/x.com\/DeTalaia","https:\/\/www.instagram.com\/sant_josep_de_sa_talaia\/"]}]}},"_links":{"self":[{"href":"https:\/\/cultura.santjosep.org\/es\/wp-json\/wp\/v2\/tribe_events\/18809","targetHints":{"allow":["GET"]}}],"collection":[{"href":"https:\/\/cultura.santjosep.org\/es\/wp-json\/wp\/v2\/tribe_events"}],"about":[{"href":"https:\/\/cultura.santjosep.org\/es\/wp-json\/wp\/v2\/types\/tribe_events"}],"author":[{"embeddable":true,"href":"https:\/\/cultura.santjosep.org\/es\/wp-json\/wp\/v2\/users\/1"}],"version-history":[{"count":0,"href":"https:\/\/cultura.santjosep.org\/es\/wp-json\/wp\/v2\/tribe_events\/18809\/revisions"}],"wp:featuredmedia":[{"embeddable":true,"href":"https:\/\/cultura.santjosep.org\/es\/wp-json\/wp\/v2\/media\/18851"}],"wp:attachment":[{"href":"https:\/\/cultura.santjosep.org\/es\/wp-json\/wp\/v2\/media?parent=18809"}],"wp:term":[{"taxonomy":"post_tag","embeddable":true,"href":"https:\/\/cultura.santjosep.org\/es\/wp-json\/wp\/v2\/tags?post=18809"},{"taxonomy":"tribe_events_cat","embeddable":true,"href":"https:\/\/cultura.santjosep.org\/es\/wp-json\/wp\/v2\/tribe_events_cat?post=18809"}],"curies":[{"name":"wp","href":"https:\/\/api.w.org\/{rel}","templated":true}]}}