{"id":18810,"date":"2023-06-22T16:29:06","date_gmt":"2023-06-22T14:29:06","guid":{"rendered":"https:\/\/cultura.santjosep.org\/agenda\/festival-de-teatre-el-festin-5\/"},"modified":"2023-06-22T16:59:14","modified_gmt":"2023-06-22T14:59:14","slug":"festival-de-teatre-el-festin-5","status":"publish","type":"tribe_events","link":"https:\/\/cultura.santjosep.org\/es\/agenda\/festival-de-teatre-el-festin-5\/","title":{"rendered":"Festival de teatre &#8216;El Fest\u00edn&#8217;"},"content":{"rendered":"<h2><strong>Festival de teatre &#8216;El Fest\u00edn&#8217;- 1 de juliol<\/strong><\/h2>\n<p><strong>\u00b7 18.00 h. Hab\u00eda otra vez un circo | OMEGA CIRC (Sant Josep\/Sant Antoni)<\/strong><br \/>\n<em>Circ &#8211; 60 min &#8211; per a tots els p\u00fablics<\/em><\/p>\n<p>Sinopsi: Els grups de circ d\u2019Eivissa Omega es reuneixen per fer una mostra de les diferents disciplines. Tant petits com les m\u00e9s experimentadess&#8217;ajunten per compartir un moment de gaudi per a totes les fam\u00edlies<\/p>\n<p><strong>\u00b7 19.30 h. Al\u00edcia al Pa\u00eds de les Meravelles |  COL\u00b7LEGI SANT BONAVENTURA (Art\u00e0)<\/strong><br \/>\n<em>Teatre &#8211; 60 min &#8211; per a tots els p\u00fablics<\/em><\/p>\n<p>Sinopsi: Al\u00edcia \u00e9s una nena que veu un conill ben vestit que consulta un rellotge de butxaca i fa cara d\u2019anar molt atrafegat. Intrigada, el segueix i cau dins un forat. La caiguda la dur\u00e0 a un m\u00f3n fant\u00e0stic i estrany, en el qual res no desentona: hi troba un gat que apareix i desapareix, bolets i begudes amb efectes curios\u00edssims, una reina absolutament cruel&#8230; tota una rastellera de personatges estrafolaris per omplir un pa\u00eds de meravelles<\/p>\n<p><strong>\u00b7 21.00 h. Turista | CIA. POT-AU-FEU TH\u00c9\u00c2TRE (B\u00e8lgica)<\/strong><br \/>\n<em>Clown &#8211; 60 min &#8211; per a tots els p\u00fablics<\/em><\/p>\n<p>Sinopsi: Davant nostre, aquest home intentar\u00e0 l\u2019impossible: viatjar sol! Sense assist\u00e8ncia, sense ag\u00e8ncia, sense asseguran\u00e7a&#8230;! Per\u00f2 amb la passi\u00f3 plena i la tenda penjada sobre l\u2019espatlla. \u201cSense dir una paraula, tot en la m\u00e0gia del teatre visual, Rudy Goddin mant\u00e9 el p\u00fablic en suspens, suggereix atmosferes, transmet sensacions a trav\u00e9s del fabul\u00f3s joc corporal i la manipulaci\u00f3 precisa dels objectes\u201d.<\/p>\n<p><strong>\u00b7 22.00 h. The Power of the 80\u2019s | CIA. EDDY EIGTHY (Val\u00e8ncia)<\/strong><br \/>\n<em>Fum, equilibris, malabars &#8211; 50 min &#8211; familiar<\/em><\/p>\n<p>Sinopsi: \u201cS\u00f3lo tenemos que volver atr\u00e1s y escuchar lo que nos dijeron los 80.\u201d De padre domador de focas y madre costurera, Eddy Eighty se cri\u00f3 viajando y desde jovencito siempre tuvo un sue\u00f1o: llevar la m\u00fasica de los 80 al mundo del circo. A lo largo de esta entra\u00f1able historia nuestro protagonista, con t\u00e9cnicas como los equilibrios, malabares, verticales, danza&#8230; sorprender\u00e1 al p\u00fablico creando un ambiente de humor, amor y participaci\u00f3n <\/p>\n<p><strong>ENTRADA GRATU\u00cfTA<\/strong><\/p>\n<p> <a href=\"https:\/\/cultura.santjosep.org\/wp-content\/uploads\/2023\/06\/PROGRAMA-EL-FESTIN-2023-ST-JOSEP-VS08-FINAL-final.pdf\"><span style=\"color: #b3291f;\"><strong> \u00b7 Descarrega el programa complet \u00b7<\/strong> <\/span><\/a><\/p>\n","protected":false},"excerpt":{"rendered":"<p>Festival de teatre &#8216;El Fest\u00edn&#8217;- 1 de juliol \u00b7 18.00 h. Hab\u00eda otra vez un circo | OMEGA CIRC (Sant Josep\/Sant Antoni) Circ &#8211; 60 min &#8211; per a tots &hellip; <\/p>\n<p class=\"link-more\"><a href=\"https:\/\/cultura.santjosep.org\/es\/agenda\/festival-de-teatre-el-festin-5\/\" class=\"more-link\">Seguir leyendo<span class=\"screen-reader-text\"> \u00abFestival de teatre &#8216;El Fest\u00edn&#8217;\u00bb<\/span><\/a><\/p>\n","protected":false},"author":1,"featured_media":18854,"template":"","meta":{"_tribe_events_status":"","_tribe_events_status_reason":"","_tribe_events_is_hybrid":"","_tribe_events_is_virtual":"","_tribe_events_virtual_video_source":"","_tribe_events_virtual_embed_video":"","_tribe_events_virtual_linked_button_text":"","_tribe_events_virtual_linked_button":"","_tribe_events_virtual_show_embed_at":"","_tribe_events_virtual_show_embed_to":[],"_tribe_events_virtual_show_on_event":"","_tribe_events_virtual_show_on_views":"","_tribe_events_virtual_url":"","footnotes":""},"tags":[],"tribe_events_cat":[131],"class_list":["post-18810","tribe_events","type-tribe_events","status-publish","has-post-thumbnail","hentry","tribe_events_cat-el-festin-festival-de-teatro-infantil","cat_el-festin-festival-de-teatro-infantil","entry"],"yoast_head":"<!-- This site is optimized with the Yoast SEO plugin v26.6 - https:\/\/yoast.com\/wordpress\/plugins\/seo\/ -->\n<title>Festival de teatre &#039;El Fest\u00edn&#039; - Cultura a Sant Josep de sa Talaia<\/title>\n<meta name=\"robots\" content=\"index, follow, max-snippet:-1, max-image-preview:large, max-video-preview:-1\" \/>\n<link rel=\"canonical\" href=\"https:\/\/cultura.santjosep.org\/es\/agenda\/festival-de-teatre-el-festin-5\/\" \/>\n<meta property=\"og:locale\" content=\"es_ES\" \/>\n<meta property=\"og:type\" content=\"article\" \/>\n<meta property=\"og:title\" content=\"Festival de teatre &#039;El Fest\u00edn&#039; - Cultura a Sant Josep de sa Talaia\" \/>\n<meta property=\"og:description\" content=\"Festival de teatre &#8216;El Fest\u00edn&#8217;- 1 de juliol \u00b7 18.00 h. Hab\u00eda otra vez un circo | OMEGA CIRC (Sant Josep\/Sant Antoni) Circ &#8211; 60 min &#8211; per a tots &hellip; Seguir leyendo \u00abFestival de teatre &#8216;El Fest\u00edn&#8217;\u00bb\" \/>\n<meta property=\"og:url\" content=\"https:\/\/cultura.santjosep.org\/es\/agenda\/festival-de-teatre-el-festin-5\/\" \/>\n<meta property=\"og:site_name\" content=\"Cultura a Sant Josep de sa Talaia\" \/>\n<meta property=\"article:publisher\" content=\"https:\/\/www.facebook.com\/Ajuntament-de-Sant-Josep-de-sa-Talaia-197541666931354\/\" \/>\n<meta property=\"article:modified_time\" content=\"2023-06-22T14:59:14+00:00\" \/>\n<meta property=\"og:image\" content=\"https:\/\/cultura.santjosep.org\/wp-content\/uploads\/2023\/06\/img-gallery-org-22.jpg\" \/>\n\t<meta property=\"og:image:width\" content=\"800\" \/>\n\t<meta property=\"og:image:height\" content=\"480\" \/>\n\t<meta property=\"og:image:type\" content=\"image\/jpeg\" \/>\n<meta name=\"twitter:card\" content=\"summary_large_image\" \/>\n<meta name=\"twitter:site\" content=\"@DeTalaia\" \/>\n<meta name=\"twitter:label1\" content=\"Tiempo de lectura\" \/>\n\t<meta name=\"twitter:data1\" content=\"2 minutos\" \/>\n<script type=\"application\/ld+json\" class=\"yoast-schema-graph\">{\"@context\":\"https:\/\/schema.org\",\"@graph\":[{\"@type\":\"WebPage\",\"@id\":\"https:\/\/cultura.santjosep.org\/es\/agenda\/festival-de-teatre-el-festin-5\/\",\"url\":\"https:\/\/cultura.santjosep.org\/es\/agenda\/festival-de-teatre-el-festin-5\/\",\"name\":\"Festival de teatre 'El Fest\u00edn' - Cultura a Sant Josep de sa Talaia\",\"isPartOf\":{\"@id\":\"https:\/\/cultura.santjosep.org\/es\/#website\"},\"primaryImageOfPage\":{\"@id\":\"https:\/\/cultura.santjosep.org\/es\/agenda\/festival-de-teatre-el-festin-5\/#primaryimage\"},\"image\":{\"@id\":\"https:\/\/cultura.santjosep.org\/es\/agenda\/festival-de-teatre-el-festin-5\/#primaryimage\"},\"thumbnailUrl\":\"https:\/\/cultura.santjosep.org\/wp-content\/uploads\/2023\/06\/img-gallery-org-22.jpg\",\"datePublished\":\"2023-06-22T14:29:06+00:00\",\"dateModified\":\"2023-06-22T14:59:14+00:00\",\"breadcrumb\":{\"@id\":\"https:\/\/cultura.santjosep.org\/es\/agenda\/festival-de-teatre-el-festin-5\/#breadcrumb\"},\"inLanguage\":\"es\",\"potentialAction\":[{\"@type\":\"ReadAction\",\"target\":[\"https:\/\/cultura.santjosep.org\/es\/agenda\/festival-de-teatre-el-festin-5\/\"]}]},{\"@type\":\"ImageObject\",\"inLanguage\":\"es\",\"@id\":\"https:\/\/cultura.santjosep.org\/es\/agenda\/festival-de-teatre-el-festin-5\/#primaryimage\",\"url\":\"https:\/\/cultura.santjosep.org\/wp-content\/uploads\/2023\/06\/img-gallery-org-22.jpg\",\"contentUrl\":\"https:\/\/cultura.santjosep.org\/wp-content\/uploads\/2023\/06\/img-gallery-org-22.jpg\",\"width\":800,\"height\":480},{\"@type\":\"BreadcrumbList\",\"@id\":\"https:\/\/cultura.santjosep.org\/es\/agenda\/festival-de-teatre-el-festin-5\/#breadcrumb\",\"itemListElement\":[{\"@type\":\"ListItem\",\"position\":1,\"name\":\"Portada\",\"item\":\"https:\/\/cultura.santjosep.org\/es\/\"},{\"@type\":\"ListItem\",\"position\":2,\"name\":\"Eventos\",\"item\":\"https:\/\/cultura.santjosep.org\/agenda\/\"},{\"@type\":\"ListItem\",\"position\":3,\"name\":\"Festival de teatre &#8216;El Fest\u00edn&#8217;\"}]},{\"@type\":\"WebSite\",\"@id\":\"https:\/\/cultura.santjosep.org\/es\/#website\",\"url\":\"https:\/\/cultura.santjosep.org\/es\/\",\"name\":\"Cultura a Sant Josep de sa Talaia\",\"description\":\"\",\"publisher\":{\"@id\":\"https:\/\/cultura.santjosep.org\/es\/#organization\"},\"potentialAction\":[{\"@type\":\"SearchAction\",\"target\":{\"@type\":\"EntryPoint\",\"urlTemplate\":\"https:\/\/cultura.santjosep.org\/es\/?s={search_term_string}\"},\"query-input\":{\"@type\":\"PropertyValueSpecification\",\"valueRequired\":true,\"valueName\":\"search_term_string\"}}],\"inLanguage\":\"es\"},{\"@type\":\"Organization\",\"@id\":\"https:\/\/cultura.santjosep.org\/es\/#organization\",\"name\":\"Ajuntament de Sant Josep de sa Talaia\",\"url\":\"https:\/\/cultura.santjosep.org\/es\/\",\"logo\":{\"@type\":\"ImageObject\",\"inLanguage\":\"es\",\"@id\":\"https:\/\/cultura.santjosep.org\/es\/#\/schema\/logo\/image\/\",\"url\":\"https:\/\/cultura.santjosep.org\/wp-content\/uploads\/2020\/10\/logocolor.jpg\",\"contentUrl\":\"https:\/\/cultura.santjosep.org\/wp-content\/uploads\/2020\/10\/logocolor.jpg\",\"width\":250,\"height\":98,\"caption\":\"Ajuntament de Sant Josep de sa Talaia\"},\"image\":{\"@id\":\"https:\/\/cultura.santjosep.org\/es\/#\/schema\/logo\/image\/\"},\"sameAs\":[\"https:\/\/www.facebook.com\/Ajuntament-de-Sant-Josep-de-sa-Talaia-197541666931354\/\",\"https:\/\/x.com\/DeTalaia\",\"https:\/\/www.instagram.com\/sant_josep_de_sa_talaia\/\"]}]}<\/script>\n<!-- \/ Yoast SEO plugin. -->","yoast_head_json":{"title":"Festival de teatre 'El Fest\u00edn' - Cultura a Sant Josep de sa Talaia","robots":{"index":"index","follow":"follow","max-snippet":"max-snippet:-1","max-image-preview":"max-image-preview:large","max-video-preview":"max-video-preview:-1"},"canonical":"https:\/\/cultura.santjosep.org\/es\/agenda\/festival-de-teatre-el-festin-5\/","og_locale":"es_ES","og_type":"article","og_title":"Festival de teatre 'El Fest\u00edn' - Cultura a Sant Josep de sa Talaia","og_description":"Festival de teatre &#8216;El Fest\u00edn&#8217;- 1 de juliol \u00b7 18.00 h. Hab\u00eda otra vez un circo | OMEGA CIRC (Sant Josep\/Sant Antoni) Circ &#8211; 60 min &#8211; per a tots &hellip; Seguir leyendo \u00abFestival de teatre &#8216;El Fest\u00edn&#8217;\u00bb","og_url":"https:\/\/cultura.santjosep.org\/es\/agenda\/festival-de-teatre-el-festin-5\/","og_site_name":"Cultura a Sant Josep de sa Talaia","article_publisher":"https:\/\/www.facebook.com\/Ajuntament-de-Sant-Josep-de-sa-Talaia-197541666931354\/","article_modified_time":"2023-06-22T14:59:14+00:00","og_image":[{"width":800,"height":480,"url":"https:\/\/cultura.santjosep.org\/wp-content\/uploads\/2023\/06\/img-gallery-org-22.jpg","type":"image\/jpeg"}],"twitter_card":"summary_large_image","twitter_site":"@DeTalaia","twitter_misc":{"Tiempo de lectura":"2 minutos"},"schema":{"@context":"https:\/\/schema.org","@graph":[{"@type":"WebPage","@id":"https:\/\/cultura.santjosep.org\/es\/agenda\/festival-de-teatre-el-festin-5\/","url":"https:\/\/cultura.santjosep.org\/es\/agenda\/festival-de-teatre-el-festin-5\/","name":"Festival de teatre 'El Fest\u00edn' - Cultura a Sant Josep de sa Talaia","isPartOf":{"@id":"https:\/\/cultura.santjosep.org\/es\/#website"},"primaryImageOfPage":{"@id":"https:\/\/cultura.santjosep.org\/es\/agenda\/festival-de-teatre-el-festin-5\/#primaryimage"},"image":{"@id":"https:\/\/cultura.santjosep.org\/es\/agenda\/festival-de-teatre-el-festin-5\/#primaryimage"},"thumbnailUrl":"https:\/\/cultura.santjosep.org\/wp-content\/uploads\/2023\/06\/img-gallery-org-22.jpg","datePublished":"2023-06-22T14:29:06+00:00","dateModified":"2023-06-22T14:59:14+00:00","breadcrumb":{"@id":"https:\/\/cultura.santjosep.org\/es\/agenda\/festival-de-teatre-el-festin-5\/#breadcrumb"},"inLanguage":"es","potentialAction":[{"@type":"ReadAction","target":["https:\/\/cultura.santjosep.org\/es\/agenda\/festival-de-teatre-el-festin-5\/"]}]},{"@type":"ImageObject","inLanguage":"es","@id":"https:\/\/cultura.santjosep.org\/es\/agenda\/festival-de-teatre-el-festin-5\/#primaryimage","url":"https:\/\/cultura.santjosep.org\/wp-content\/uploads\/2023\/06\/img-gallery-org-22.jpg","contentUrl":"https:\/\/cultura.santjosep.org\/wp-content\/uploads\/2023\/06\/img-gallery-org-22.jpg","width":800,"height":480},{"@type":"BreadcrumbList","@id":"https:\/\/cultura.santjosep.org\/es\/agenda\/festival-de-teatre-el-festin-5\/#breadcrumb","itemListElement":[{"@type":"ListItem","position":1,"name":"Portada","item":"https:\/\/cultura.santjosep.org\/es\/"},{"@type":"ListItem","position":2,"name":"Eventos","item":"https:\/\/cultura.santjosep.org\/agenda\/"},{"@type":"ListItem","position":3,"name":"Festival de teatre &#8216;El Fest\u00edn&#8217;"}]},{"@type":"WebSite","@id":"https:\/\/cultura.santjosep.org\/es\/#website","url":"https:\/\/cultura.santjosep.org\/es\/","name":"Cultura a Sant Josep de sa Talaia","description":"","publisher":{"@id":"https:\/\/cultura.santjosep.org\/es\/#organization"},"potentialAction":[{"@type":"SearchAction","target":{"@type":"EntryPoint","urlTemplate":"https:\/\/cultura.santjosep.org\/es\/?s={search_term_string}"},"query-input":{"@type":"PropertyValueSpecification","valueRequired":true,"valueName":"search_term_string"}}],"inLanguage":"es"},{"@type":"Organization","@id":"https:\/\/cultura.santjosep.org\/es\/#organization","name":"Ajuntament de Sant Josep de sa Talaia","url":"https:\/\/cultura.santjosep.org\/es\/","logo":{"@type":"ImageObject","inLanguage":"es","@id":"https:\/\/cultura.santjosep.org\/es\/#\/schema\/logo\/image\/","url":"https:\/\/cultura.santjosep.org\/wp-content\/uploads\/2020\/10\/logocolor.jpg","contentUrl":"https:\/\/cultura.santjosep.org\/wp-content\/uploads\/2020\/10\/logocolor.jpg","width":250,"height":98,"caption":"Ajuntament de Sant Josep de sa Talaia"},"image":{"@id":"https:\/\/cultura.santjosep.org\/es\/#\/schema\/logo\/image\/"},"sameAs":["https:\/\/www.facebook.com\/Ajuntament-de-Sant-Josep-de-sa-Talaia-197541666931354\/","https:\/\/x.com\/DeTalaia","https:\/\/www.instagram.com\/sant_josep_de_sa_talaia\/"]}]}},"_links":{"self":[{"href":"https:\/\/cultura.santjosep.org\/es\/wp-json\/wp\/v2\/tribe_events\/18810","targetHints":{"allow":["GET"]}}],"collection":[{"href":"https:\/\/cultura.santjosep.org\/es\/wp-json\/wp\/v2\/tribe_events"}],"about":[{"href":"https:\/\/cultura.santjosep.org\/es\/wp-json\/wp\/v2\/types\/tribe_events"}],"author":[{"embeddable":true,"href":"https:\/\/cultura.santjosep.org\/es\/wp-json\/wp\/v2\/users\/1"}],"version-history":[{"count":0,"href":"https:\/\/cultura.santjosep.org\/es\/wp-json\/wp\/v2\/tribe_events\/18810\/revisions"}],"wp:featuredmedia":[{"embeddable":true,"href":"https:\/\/cultura.santjosep.org\/es\/wp-json\/wp\/v2\/media\/18854"}],"wp:attachment":[{"href":"https:\/\/cultura.santjosep.org\/es\/wp-json\/wp\/v2\/media?parent=18810"}],"wp:term":[{"taxonomy":"post_tag","embeddable":true,"href":"https:\/\/cultura.santjosep.org\/es\/wp-json\/wp\/v2\/tags?post=18810"},{"taxonomy":"tribe_events_cat","embeddable":true,"href":"https:\/\/cultura.santjosep.org\/es\/wp-json\/wp\/v2\/tribe_events_cat?post=18810"}],"curies":[{"name":"wp","href":"https:\/\/api.w.org\/{rel}","templated":true}]}}