{"id":18814,"date":"2023-06-22T16:36:47","date_gmt":"2023-06-22T14:36:47","guid":{"rendered":"https:\/\/cultura.santjosep.org\/agenda\/festival-de-teatre-el-festin-6\/"},"modified":"2023-06-22T17:01:01","modified_gmt":"2023-06-22T15:01:01","slug":"festival-de-teatre-el-festin-6","status":"publish","type":"tribe_events","link":"https:\/\/cultura.santjosep.org\/es\/agenda\/festival-de-teatre-el-festin-6\/","title":{"rendered":"Festival de teatre &#8216;El Fest\u00edn&#8217;"},"content":{"rendered":"<h2><strong>Festival de teatre &#8216;El Fest\u00edn&#8217;- 2 de juliol<\/strong><\/h2>\n<p><strong>\u00b7 19.00 h. L\u2019amo des vedell | GRUP DE TEATRE J\u00daNIOR DES CUBELLS (Sant Josep)<\/strong><br \/>\n<em>Teatre &#8211; 40 min &#8211; per a tots els p\u00fablics<\/em><\/p>\n<p>Sinopsi: \u00c9s l\u2019any 1955, en Mariano de cas Vedell t\u00e9 una vaca per vendre i fa negocis amb una carnissera de Sant Antoni. El que sembla un tr\u00e0mit senzill s\u2019acaba embolicant m\u00e9s del compte.<\/p>\n<p><strong>\u00b7 20.00 h. Yoav i Ahmed &#8211; |  CIA. CLOWNIDOSCOPIO (del m\u00f3n)<\/strong><br \/>\n<em>Contacontes &#8211; 50 min &#8211; recomanat des de 6 anys<\/em><\/p>\n<p>Sinopsi: Yoav i Ahmed son dos nens que viuen a cada un dels costats d\u2019un dels murs m\u00e9s conflictius del m\u00f3n: el que separa Israel i Palestina. La seua hist\u00f2ria d\u2019amistat haur\u00e0 d\u2019anar m\u00e9s enll\u00e0 de les fronteres, per\u00f2 no nom\u00e9s de les f\u00edsiques, sin\u00f3 d\u2019aquelles que constru\u00efm a la nostra ment. Un espectacle de David i Monma en qu\u00e8 el teatre, la m\u00fasica i les arts pl\u00e0stiques s\u2019ajunten per fer-nos reflexionar sobre els murs. Els que separen els territoris i tamb\u00e9 tots els petits murs que posam dia a dia per separar-nos d\u2019aquells diferents de nosaltres.<\/p>\n<p><strong>\u00b7 21.00 h. Comedia Visual | GROMIC (B\u00e8lgica)<\/strong><br \/>\n<em>Clown &#8211; 50 min &#8211; per a tots els p\u00fablics<\/em><\/p>\n<p>Sinopsi: Una nova era de m\u00e0gia ha comen\u00e7at! Un nou amo de la m\u00e0gia ha arribat a l\u2019escenari del m\u00f3n! Els seus maldestres poders s\u00f3n alhora fascinants i adorablement c\u00f2mics! A trav\u00e9s de l\u2019actuaci\u00f3 tendra i interactiva, Gromic revela els veritables poders m\u00e0gics amagats dins tots nosaltres!<\/p>\n<p><strong>\u00b7 22.00 h. El hombre que perd\u00eda los botones | CIA. CIRC PANIC (Barcelona<\/strong><br \/>\n<em>Circ, aeris &#8211; 40 min &#8211; per a tots els p\u00fablics<\/em><\/p>\n<p>Sinopsi: Sovent el centre de la vida ens pot arribar a semblar els voltants. Com quan una fornera ens pregunta si volem la barra de pa m\u00e9s feta o la menys torrada i responem: \u201cuna de cada\u201d. Jordi Panareda ens presenta un espectacle de superaci\u00f3 personal. De la consci\u00e8ncia de l\u2019home \u00fanic davant de l\u2019univers, el que s\u2019acosta amb les pors i els dolors, el que els afronta amb valentia, el que \u00e9s capa\u00e7 de donar-hi voltes (i de ser de vegades embolicat tamb\u00e9 o convertir-se en l\u2019eix de les voltes que les circumst\u00e0ncies ens donen). Es pot veure l\u2019home que porta el seu pes a sobre, l\u2019exist\u00e8ncia, els ressons del dia a dia, els errors, els accidents i la dignitat de cada<br \/>\npas nou. Qui navega a trav\u00e9s dels elements, perseguint el pal, veient-s\u2019hi capturat o atrapat, fins a arribar a seduir-lo o domar-lo, en un s\u00edmbol reflexiu de veure\u2019s un mateix tamb\u00e9 domat i educat per la vida. No falta un moment de retrobar el nen, la puresa buscada per l\u2019home que despr\u00e9s de mil naufragis i batalles ja reconeix el valu\u00f3s perfum de la innoc\u00e8ncia. I despr\u00e9s, finalment, un acostament a la companyia, a l\u2019absolut reconeixement que som<br \/>\nmolt poca cosa si no ens podem compartir.<\/p>\n<p><strong>ENTRADA GRATU\u00cfTA<\/strong><\/p>\n<p> <a href=\"https:\/\/cultura.santjosep.org\/wp-content\/uploads\/2023\/06\/PROGRAMA-EL-FESTIN-2023-ST-JOSEP-VS08-FINAL-final.pdf\"><span style=\"color: #b3291f;\"><strong> \u00b7 Descarrega el programa complet \u00b7<\/strong> <\/span><\/a><\/p>\n","protected":false},"excerpt":{"rendered":"<p>Festival de teatre &#8216;El Fest\u00edn&#8217;- 2 de juliol \u00b7 19.00 h. L\u2019amo des vedell | GRUP DE TEATRE J\u00daNIOR DES CUBELLS (Sant Josep) Teatre &#8211; 40 min &#8211; per a &hellip; <\/p>\n<p class=\"link-more\"><a href=\"https:\/\/cultura.santjosep.org\/es\/agenda\/festival-de-teatre-el-festin-6\/\" class=\"more-link\">Seguir leyendo<span class=\"screen-reader-text\"> \u00abFestival de teatre &#8216;El Fest\u00edn&#8217;\u00bb<\/span><\/a><\/p>\n","protected":false},"author":1,"featured_media":18857,"template":"","meta":{"_tribe_events_status":"","_tribe_events_status_reason":"","_tribe_events_is_hybrid":"","_tribe_events_is_virtual":"","_tribe_events_virtual_video_source":"","_tribe_events_virtual_embed_video":"","_tribe_events_virtual_linked_button_text":"","_tribe_events_virtual_linked_button":"","_tribe_events_virtual_show_embed_at":"","_tribe_events_virtual_show_embed_to":[],"_tribe_events_virtual_show_on_event":"","_tribe_events_virtual_show_on_views":"","_tribe_events_virtual_url":"","footnotes":""},"tags":[],"tribe_events_cat":[131],"class_list":["post-18814","tribe_events","type-tribe_events","status-publish","has-post-thumbnail","hentry","tribe_events_cat-el-festin-festival-de-teatro-infantil","cat_el-festin-festival-de-teatro-infantil","entry"],"yoast_head":"<!-- This site is optimized with the Yoast SEO plugin v26.6 - https:\/\/yoast.com\/wordpress\/plugins\/seo\/ -->\n<title>Festival de teatre &#039;El Fest\u00edn&#039; - Cultura a Sant Josep de sa Talaia<\/title>\n<meta name=\"robots\" content=\"index, follow, max-snippet:-1, max-image-preview:large, max-video-preview:-1\" \/>\n<link rel=\"canonical\" href=\"https:\/\/cultura.santjosep.org\/es\/agenda\/festival-de-teatre-el-festin-6\/\" \/>\n<meta property=\"og:locale\" content=\"es_ES\" \/>\n<meta property=\"og:type\" content=\"article\" \/>\n<meta property=\"og:title\" content=\"Festival de teatre &#039;El Fest\u00edn&#039; - Cultura a Sant Josep de sa Talaia\" \/>\n<meta property=\"og:description\" content=\"Festival de teatre &#8216;El Fest\u00edn&#8217;- 2 de juliol \u00b7 19.00 h. L\u2019amo des vedell | GRUP DE TEATRE J\u00daNIOR DES CUBELLS (Sant Josep) Teatre &#8211; 40 min &#8211; per a &hellip; Seguir leyendo \u00abFestival de teatre &#8216;El Fest\u00edn&#8217;\u00bb\" \/>\n<meta property=\"og:url\" content=\"https:\/\/cultura.santjosep.org\/es\/agenda\/festival-de-teatre-el-festin-6\/\" \/>\n<meta property=\"og:site_name\" content=\"Cultura a Sant Josep de sa Talaia\" \/>\n<meta property=\"article:publisher\" content=\"https:\/\/www.facebook.com\/Ajuntament-de-Sant-Josep-de-sa-Talaia-197541666931354\/\" \/>\n<meta property=\"article:modified_time\" content=\"2023-06-22T15:01:01+00:00\" \/>\n<meta property=\"og:image\" content=\"https:\/\/cultura.santjosep.org\/wp-content\/uploads\/2023\/06\/foto5-4.jpg\" \/>\n\t<meta property=\"og:image:width\" content=\"796\" \/>\n\t<meta property=\"og:image:height\" content=\"624\" \/>\n\t<meta property=\"og:image:type\" content=\"image\/jpeg\" \/>\n<meta name=\"twitter:card\" content=\"summary_large_image\" \/>\n<meta name=\"twitter:site\" content=\"@DeTalaia\" \/>\n<meta name=\"twitter:label1\" content=\"Tiempo de lectura\" \/>\n\t<meta name=\"twitter:data1\" content=\"3 minutos\" \/>\n<script type=\"application\/ld+json\" class=\"yoast-schema-graph\">{\"@context\":\"https:\/\/schema.org\",\"@graph\":[{\"@type\":\"WebPage\",\"@id\":\"https:\/\/cultura.santjosep.org\/es\/agenda\/festival-de-teatre-el-festin-6\/\",\"url\":\"https:\/\/cultura.santjosep.org\/es\/agenda\/festival-de-teatre-el-festin-6\/\",\"name\":\"Festival de teatre 'El Fest\u00edn' - Cultura a Sant Josep de sa Talaia\",\"isPartOf\":{\"@id\":\"https:\/\/cultura.santjosep.org\/es\/#website\"},\"primaryImageOfPage\":{\"@id\":\"https:\/\/cultura.santjosep.org\/es\/agenda\/festival-de-teatre-el-festin-6\/#primaryimage\"},\"image\":{\"@id\":\"https:\/\/cultura.santjosep.org\/es\/agenda\/festival-de-teatre-el-festin-6\/#primaryimage\"},\"thumbnailUrl\":\"https:\/\/cultura.santjosep.org\/wp-content\/uploads\/2023\/06\/foto5-4.jpg\",\"datePublished\":\"2023-06-22T14:36:47+00:00\",\"dateModified\":\"2023-06-22T15:01:01+00:00\",\"breadcrumb\":{\"@id\":\"https:\/\/cultura.santjosep.org\/es\/agenda\/festival-de-teatre-el-festin-6\/#breadcrumb\"},\"inLanguage\":\"es\",\"potentialAction\":[{\"@type\":\"ReadAction\",\"target\":[\"https:\/\/cultura.santjosep.org\/es\/agenda\/festival-de-teatre-el-festin-6\/\"]}]},{\"@type\":\"ImageObject\",\"inLanguage\":\"es\",\"@id\":\"https:\/\/cultura.santjosep.org\/es\/agenda\/festival-de-teatre-el-festin-6\/#primaryimage\",\"url\":\"https:\/\/cultura.santjosep.org\/wp-content\/uploads\/2023\/06\/foto5-4.jpg\",\"contentUrl\":\"https:\/\/cultura.santjosep.org\/wp-content\/uploads\/2023\/06\/foto5-4.jpg\",\"width\":796,\"height\":624},{\"@type\":\"BreadcrumbList\",\"@id\":\"https:\/\/cultura.santjosep.org\/es\/agenda\/festival-de-teatre-el-festin-6\/#breadcrumb\",\"itemListElement\":[{\"@type\":\"ListItem\",\"position\":1,\"name\":\"Portada\",\"item\":\"https:\/\/cultura.santjosep.org\/es\/\"},{\"@type\":\"ListItem\",\"position\":2,\"name\":\"Eventos\",\"item\":\"https:\/\/cultura.santjosep.org\/agenda\/\"},{\"@type\":\"ListItem\",\"position\":3,\"name\":\"Festival de teatre &#8216;El Fest\u00edn&#8217;\"}]},{\"@type\":\"WebSite\",\"@id\":\"https:\/\/cultura.santjosep.org\/es\/#website\",\"url\":\"https:\/\/cultura.santjosep.org\/es\/\",\"name\":\"Cultura a Sant Josep de sa Talaia\",\"description\":\"\",\"publisher\":{\"@id\":\"https:\/\/cultura.santjosep.org\/es\/#organization\"},\"potentialAction\":[{\"@type\":\"SearchAction\",\"target\":{\"@type\":\"EntryPoint\",\"urlTemplate\":\"https:\/\/cultura.santjosep.org\/es\/?s={search_term_string}\"},\"query-input\":{\"@type\":\"PropertyValueSpecification\",\"valueRequired\":true,\"valueName\":\"search_term_string\"}}],\"inLanguage\":\"es\"},{\"@type\":\"Organization\",\"@id\":\"https:\/\/cultura.santjosep.org\/es\/#organization\",\"name\":\"Ajuntament de Sant Josep de sa Talaia\",\"url\":\"https:\/\/cultura.santjosep.org\/es\/\",\"logo\":{\"@type\":\"ImageObject\",\"inLanguage\":\"es\",\"@id\":\"https:\/\/cultura.santjosep.org\/es\/#\/schema\/logo\/image\/\",\"url\":\"https:\/\/cultura.santjosep.org\/wp-content\/uploads\/2020\/10\/logocolor.jpg\",\"contentUrl\":\"https:\/\/cultura.santjosep.org\/wp-content\/uploads\/2020\/10\/logocolor.jpg\",\"width\":250,\"height\":98,\"caption\":\"Ajuntament de Sant Josep de sa Talaia\"},\"image\":{\"@id\":\"https:\/\/cultura.santjosep.org\/es\/#\/schema\/logo\/image\/\"},\"sameAs\":[\"https:\/\/www.facebook.com\/Ajuntament-de-Sant-Josep-de-sa-Talaia-197541666931354\/\",\"https:\/\/x.com\/DeTalaia\",\"https:\/\/www.instagram.com\/sant_josep_de_sa_talaia\/\"]}]}<\/script>\n<!-- \/ Yoast SEO plugin. -->","yoast_head_json":{"title":"Festival de teatre 'El Fest\u00edn' - Cultura a Sant Josep de sa Talaia","robots":{"index":"index","follow":"follow","max-snippet":"max-snippet:-1","max-image-preview":"max-image-preview:large","max-video-preview":"max-video-preview:-1"},"canonical":"https:\/\/cultura.santjosep.org\/es\/agenda\/festival-de-teatre-el-festin-6\/","og_locale":"es_ES","og_type":"article","og_title":"Festival de teatre 'El Fest\u00edn' - Cultura a Sant Josep de sa Talaia","og_description":"Festival de teatre &#8216;El Fest\u00edn&#8217;- 2 de juliol \u00b7 19.00 h. L\u2019amo des vedell | GRUP DE TEATRE J\u00daNIOR DES CUBELLS (Sant Josep) Teatre &#8211; 40 min &#8211; per a &hellip; Seguir leyendo \u00abFestival de teatre &#8216;El Fest\u00edn&#8217;\u00bb","og_url":"https:\/\/cultura.santjosep.org\/es\/agenda\/festival-de-teatre-el-festin-6\/","og_site_name":"Cultura a Sant Josep de sa Talaia","article_publisher":"https:\/\/www.facebook.com\/Ajuntament-de-Sant-Josep-de-sa-Talaia-197541666931354\/","article_modified_time":"2023-06-22T15:01:01+00:00","og_image":[{"width":796,"height":624,"url":"https:\/\/cultura.santjosep.org\/wp-content\/uploads\/2023\/06\/foto5-4.jpg","type":"image\/jpeg"}],"twitter_card":"summary_large_image","twitter_site":"@DeTalaia","twitter_misc":{"Tiempo de lectura":"3 minutos"},"schema":{"@context":"https:\/\/schema.org","@graph":[{"@type":"WebPage","@id":"https:\/\/cultura.santjosep.org\/es\/agenda\/festival-de-teatre-el-festin-6\/","url":"https:\/\/cultura.santjosep.org\/es\/agenda\/festival-de-teatre-el-festin-6\/","name":"Festival de teatre 'El Fest\u00edn' - Cultura a Sant Josep de sa Talaia","isPartOf":{"@id":"https:\/\/cultura.santjosep.org\/es\/#website"},"primaryImageOfPage":{"@id":"https:\/\/cultura.santjosep.org\/es\/agenda\/festival-de-teatre-el-festin-6\/#primaryimage"},"image":{"@id":"https:\/\/cultura.santjosep.org\/es\/agenda\/festival-de-teatre-el-festin-6\/#primaryimage"},"thumbnailUrl":"https:\/\/cultura.santjosep.org\/wp-content\/uploads\/2023\/06\/foto5-4.jpg","datePublished":"2023-06-22T14:36:47+00:00","dateModified":"2023-06-22T15:01:01+00:00","breadcrumb":{"@id":"https:\/\/cultura.santjosep.org\/es\/agenda\/festival-de-teatre-el-festin-6\/#breadcrumb"},"inLanguage":"es","potentialAction":[{"@type":"ReadAction","target":["https:\/\/cultura.santjosep.org\/es\/agenda\/festival-de-teatre-el-festin-6\/"]}]},{"@type":"ImageObject","inLanguage":"es","@id":"https:\/\/cultura.santjosep.org\/es\/agenda\/festival-de-teatre-el-festin-6\/#primaryimage","url":"https:\/\/cultura.santjosep.org\/wp-content\/uploads\/2023\/06\/foto5-4.jpg","contentUrl":"https:\/\/cultura.santjosep.org\/wp-content\/uploads\/2023\/06\/foto5-4.jpg","width":796,"height":624},{"@type":"BreadcrumbList","@id":"https:\/\/cultura.santjosep.org\/es\/agenda\/festival-de-teatre-el-festin-6\/#breadcrumb","itemListElement":[{"@type":"ListItem","position":1,"name":"Portada","item":"https:\/\/cultura.santjosep.org\/es\/"},{"@type":"ListItem","position":2,"name":"Eventos","item":"https:\/\/cultura.santjosep.org\/agenda\/"},{"@type":"ListItem","position":3,"name":"Festival de teatre &#8216;El Fest\u00edn&#8217;"}]},{"@type":"WebSite","@id":"https:\/\/cultura.santjosep.org\/es\/#website","url":"https:\/\/cultura.santjosep.org\/es\/","name":"Cultura a Sant Josep de sa Talaia","description":"","publisher":{"@id":"https:\/\/cultura.santjosep.org\/es\/#organization"},"potentialAction":[{"@type":"SearchAction","target":{"@type":"EntryPoint","urlTemplate":"https:\/\/cultura.santjosep.org\/es\/?s={search_term_string}"},"query-input":{"@type":"PropertyValueSpecification","valueRequired":true,"valueName":"search_term_string"}}],"inLanguage":"es"},{"@type":"Organization","@id":"https:\/\/cultura.santjosep.org\/es\/#organization","name":"Ajuntament de Sant Josep de sa Talaia","url":"https:\/\/cultura.santjosep.org\/es\/","logo":{"@type":"ImageObject","inLanguage":"es","@id":"https:\/\/cultura.santjosep.org\/es\/#\/schema\/logo\/image\/","url":"https:\/\/cultura.santjosep.org\/wp-content\/uploads\/2020\/10\/logocolor.jpg","contentUrl":"https:\/\/cultura.santjosep.org\/wp-content\/uploads\/2020\/10\/logocolor.jpg","width":250,"height":98,"caption":"Ajuntament de Sant Josep de sa Talaia"},"image":{"@id":"https:\/\/cultura.santjosep.org\/es\/#\/schema\/logo\/image\/"},"sameAs":["https:\/\/www.facebook.com\/Ajuntament-de-Sant-Josep-de-sa-Talaia-197541666931354\/","https:\/\/x.com\/DeTalaia","https:\/\/www.instagram.com\/sant_josep_de_sa_talaia\/"]}]}},"_links":{"self":[{"href":"https:\/\/cultura.santjosep.org\/es\/wp-json\/wp\/v2\/tribe_events\/18814","targetHints":{"allow":["GET"]}}],"collection":[{"href":"https:\/\/cultura.santjosep.org\/es\/wp-json\/wp\/v2\/tribe_events"}],"about":[{"href":"https:\/\/cultura.santjosep.org\/es\/wp-json\/wp\/v2\/types\/tribe_events"}],"author":[{"embeddable":true,"href":"https:\/\/cultura.santjosep.org\/es\/wp-json\/wp\/v2\/users\/1"}],"version-history":[{"count":0,"href":"https:\/\/cultura.santjosep.org\/es\/wp-json\/wp\/v2\/tribe_events\/18814\/revisions"}],"wp:featuredmedia":[{"embeddable":true,"href":"https:\/\/cultura.santjosep.org\/es\/wp-json\/wp\/v2\/media\/18857"}],"wp:attachment":[{"href":"https:\/\/cultura.santjosep.org\/es\/wp-json\/wp\/v2\/media?parent=18814"}],"wp:term":[{"taxonomy":"post_tag","embeddable":true,"href":"https:\/\/cultura.santjosep.org\/es\/wp-json\/wp\/v2\/tags?post=18814"},{"taxonomy":"tribe_events_cat","embeddable":true,"href":"https:\/\/cultura.santjosep.org\/es\/wp-json\/wp\/v2\/tribe_events_cat?post=18814"}],"curies":[{"name":"wp","href":"https:\/\/api.w.org\/{rel}","templated":true}]}}