{"id":18908,"date":"2023-07-05T12:04:49","date_gmt":"2023-07-05T10:04:49","guid":{"rendered":"https:\/\/cultura.santjosep.org\/agenda\/exposicio-origen-de-miguel-angel-garcia-lopez\/"},"modified":"2023-07-05T13:41:54","modified_gmt":"2023-07-05T11:41:54","slug":"exposicio-origen-de-miguel-angel-garcia-lopez","status":"publish","type":"tribe_events","link":"https:\/\/cultura.santjosep.org\/es\/agenda\/exposicio-origen-de-miguel-angel-garcia-lopez\/","title":{"rendered":"Exposici\u00f3 &#8211; &#8216;ORIGEN&#8217; de Miguel \u00c1ngel Garc\u00eda L\u00f3pez"},"content":{"rendered":"<p><strong>Exposici\u00f3 &#8211; &#8216;ORIGEN&#8217; de Miguel \u00c1ngel Garc\u00eda L\u00f3pez<\/strong><\/p>\n<p><strong>INAUGURACI\u00d3:<\/strong> dijous, 13 de juliol a les 20.00 h<br \/>\nDisponible del 13 al 30 de juliol<\/p>\n<p><strong>Horari:<\/strong> dijous, divendres, dissabte i diumenge de 19.00 h a 21.30 h<\/p>\n<p><span style=\"color: #b3291f;\"><strong><a style=\"color: #b3291f;\" href=\"https:\/\/cultura.santjosep.org\/wp-content\/uploads\/2023\/07\/TRIPTICO-140-X-250-M-ANGEL-GARCIA_FINAL_baja.pdf\" target=\"_blank\" rel=\"noopener\">Descarrega el dossier informatiu de l&#8217;exposici\u00f3<\/a><\/strong><\/span><\/p>\n<p><img loading=\"lazy\" decoding=\"async\" class=\"alignnone size-full wp-image-18909\" src=\"https:\/\/cultura.santjosep.org\/wp-content\/uploads\/2023\/07\/CARTEL-EXPOSICIO\u0301-definitivo-scaled.jpg\" alt=\"\" width=\"1310\" height=\"2560\" srcset=\"https:\/\/cultura.santjosep.org\/wp-content\/uploads\/2023\/07\/CARTEL-EXPOSICIO\u0301-definitivo-scaled.jpg 1310w, https:\/\/cultura.santjosep.org\/wp-content\/uploads\/2023\/07\/CARTEL-EXPOSICIO\u0301-definitivo-153x300.jpg 153w, https:\/\/cultura.santjosep.org\/wp-content\/uploads\/2023\/07\/CARTEL-EXPOSICIO\u0301-definitivo-524x1024.jpg 524w, https:\/\/cultura.santjosep.org\/wp-content\/uploads\/2023\/07\/CARTEL-EXPOSICIO\u0301-definitivo-768x1501.jpg 768w, https:\/\/cultura.santjosep.org\/wp-content\/uploads\/2023\/07\/CARTEL-EXPOSICIO\u0301-definitivo-786x1536.jpg 786w, https:\/\/cultura.santjosep.org\/wp-content\/uploads\/2023\/07\/CARTEL-EXPOSICIO\u0301-definitivo-1048x2048.jpg 1048w, https:\/\/cultura.santjosep.org\/wp-content\/uploads\/2023\/07\/CARTEL-EXPOSICIO\u0301-definitivo-1568x3065.jpg 1568w, https:\/\/cultura.santjosep.org\/wp-content\/uploads\/2023\/07\/CARTEL-EXPOSICIO\u0301-definitivo-1320x2580.jpg 1320w\" sizes=\"auto, (max-width: 1310px) 100vw, 1310px\" \/><\/p>\n","protected":false},"excerpt":{"rendered":"<p>Exposici\u00f3 &#8211; &#8216;ORIGEN&#8217; de Miguel \u00c1ngel Garc\u00eda L\u00f3pez INAUGURACI\u00d3: dijous, 13 de juliol a les 20.00 h Disponible del 13 al 30 de juliol Horari: dijous, divendres, dissabte i diumenge &hellip; <\/p>\n<p class=\"link-more\"><a href=\"https:\/\/cultura.santjosep.org\/es\/agenda\/exposicio-origen-de-miguel-angel-garcia-lopez\/\" class=\"more-link\">Seguir leyendo<span class=\"screen-reader-text\"> \u00abExposici\u00f3 &#8211; &#8216;ORIGEN&#8217; de Miguel \u00c1ngel Garc\u00eda L\u00f3pez\u00bb<\/span><\/a><\/p>\n","protected":false},"author":1,"featured_media":18900,"template":"","meta":{"_tribe_events_status":"","_tribe_events_status_reason":"","_tribe_events_is_hybrid":"","_tribe_events_is_virtual":"","_tribe_events_virtual_video_source":"","_tribe_events_virtual_embed_video":"","_tribe_events_virtual_linked_button_text":"","_tribe_events_virtual_linked_button":"","_tribe_events_virtual_show_embed_at":"","_tribe_events_virtual_show_embed_to":[],"_tribe_events_virtual_show_on_event":"","_tribe_events_virtual_show_on_views":"","_tribe_events_virtual_url":"","footnotes":""},"tags":[],"tribe_events_cat":[33],"class_list":["post-18908","tribe_events","type-tribe_events","status-publish","has-post-thumbnail","hentry","tribe_events_cat-exposiciones","cat_exposiciones","entry"],"yoast_head":"<!-- This site is optimized with the Yoast SEO plugin v26.6 - https:\/\/yoast.com\/wordpress\/plugins\/seo\/ -->\n<title>Exposici\u00f3 - &#039;ORIGEN&#039; de Miguel \u00c1ngel Garc\u00eda L\u00f3pez - Cultura a Sant Josep de sa Talaia<\/title>\n<meta name=\"robots\" content=\"index, follow, max-snippet:-1, max-image-preview:large, max-video-preview:-1\" \/>\n<link rel=\"canonical\" href=\"https:\/\/cultura.santjosep.org\/es\/agenda\/exposicio-origen-de-miguel-angel-garcia-lopez\/\" \/>\n<meta property=\"og:locale\" content=\"es_ES\" \/>\n<meta property=\"og:type\" content=\"article\" \/>\n<meta property=\"og:title\" content=\"Exposici\u00f3 - &#039;ORIGEN&#039; de Miguel \u00c1ngel Garc\u00eda L\u00f3pez - Cultura a Sant Josep de sa Talaia\" \/>\n<meta property=\"og:description\" content=\"Exposici\u00f3 &#8211; &#8216;ORIGEN&#8217; de Miguel \u00c1ngel Garc\u00eda L\u00f3pez INAUGURACI\u00d3: dijous, 13 de juliol a les 20.00 h Disponible del 13 al 30 de juliol Horari: dijous, divendres, dissabte i diumenge &hellip; Seguir leyendo \u00abExposici\u00f3 &#8211; &#8216;ORIGEN&#8217; de Miguel \u00c1ngel Garc\u00eda L\u00f3pez\u00bb\" \/>\n<meta property=\"og:url\" content=\"https:\/\/cultura.santjosep.org\/es\/agenda\/exposicio-origen-de-miguel-angel-garcia-lopez\/\" \/>\n<meta property=\"og:site_name\" content=\"Cultura a Sant Josep de sa Talaia\" \/>\n<meta property=\"article:publisher\" content=\"https:\/\/www.facebook.com\/Ajuntament-de-Sant-Josep-de-sa-Talaia-197541666931354\/\" \/>\n<meta property=\"article:modified_time\" content=\"2023-07-05T11:41:54+00:00\" \/>\n<meta property=\"og:image\" content=\"https:\/\/cultura.santjosep.org\/wp-content\/uploads\/2023\/07\/TRIPTICO-140-X-250-M-ANGEL-GARCIA-VS07-final.jpg\" \/>\n\t<meta property=\"og:image:width\" content=\"1115\" \/>\n\t<meta property=\"og:image:height\" content=\"822\" \/>\n\t<meta property=\"og:image:type\" content=\"image\/jpeg\" \/>\n<meta name=\"twitter:card\" content=\"summary_large_image\" \/>\n<meta name=\"twitter:site\" content=\"@DeTalaia\" \/>\n<meta name=\"twitter:label1\" content=\"Tiempo de lectura\" \/>\n\t<meta name=\"twitter:data1\" content=\"1 minuto\" \/>\n<script type=\"application\/ld+json\" class=\"yoast-schema-graph\">{\"@context\":\"https:\/\/schema.org\",\"@graph\":[{\"@type\":\"WebPage\",\"@id\":\"https:\/\/cultura.santjosep.org\/es\/agenda\/exposicio-origen-de-miguel-angel-garcia-lopez\/\",\"url\":\"https:\/\/cultura.santjosep.org\/es\/agenda\/exposicio-origen-de-miguel-angel-garcia-lopez\/\",\"name\":\"Exposici\u00f3 - 'ORIGEN' de Miguel \u00c1ngel Garc\u00eda L\u00f3pez - Cultura a Sant Josep de sa Talaia\",\"isPartOf\":{\"@id\":\"https:\/\/cultura.santjosep.org\/es\/#website\"},\"primaryImageOfPage\":{\"@id\":\"https:\/\/cultura.santjosep.org\/es\/agenda\/exposicio-origen-de-miguel-angel-garcia-lopez\/#primaryimage\"},\"image\":{\"@id\":\"https:\/\/cultura.santjosep.org\/es\/agenda\/exposicio-origen-de-miguel-angel-garcia-lopez\/#primaryimage\"},\"thumbnailUrl\":\"https:\/\/cultura.santjosep.org\/wp-content\/uploads\/2023\/07\/TRIPTICO-140-X-250-M-ANGEL-GARCIA-VS07-final.jpg\",\"datePublished\":\"2023-07-05T10:04:49+00:00\",\"dateModified\":\"2023-07-05T11:41:54+00:00\",\"breadcrumb\":{\"@id\":\"https:\/\/cultura.santjosep.org\/es\/agenda\/exposicio-origen-de-miguel-angel-garcia-lopez\/#breadcrumb\"},\"inLanguage\":\"es\",\"potentialAction\":[{\"@type\":\"ReadAction\",\"target\":[\"https:\/\/cultura.santjosep.org\/es\/agenda\/exposicio-origen-de-miguel-angel-garcia-lopez\/\"]}]},{\"@type\":\"ImageObject\",\"inLanguage\":\"es\",\"@id\":\"https:\/\/cultura.santjosep.org\/es\/agenda\/exposicio-origen-de-miguel-angel-garcia-lopez\/#primaryimage\",\"url\":\"https:\/\/cultura.santjosep.org\/wp-content\/uploads\/2023\/07\/TRIPTICO-140-X-250-M-ANGEL-GARCIA-VS07-final.jpg\",\"contentUrl\":\"https:\/\/cultura.santjosep.org\/wp-content\/uploads\/2023\/07\/TRIPTICO-140-X-250-M-ANGEL-GARCIA-VS07-final.jpg\",\"width\":1115,\"height\":822},{\"@type\":\"BreadcrumbList\",\"@id\":\"https:\/\/cultura.santjosep.org\/es\/agenda\/exposicio-origen-de-miguel-angel-garcia-lopez\/#breadcrumb\",\"itemListElement\":[{\"@type\":\"ListItem\",\"position\":1,\"name\":\"Portada\",\"item\":\"https:\/\/cultura.santjosep.org\/es\/\"},{\"@type\":\"ListItem\",\"position\":2,\"name\":\"Eventos\",\"item\":\"https:\/\/cultura.santjosep.org\/agenda\/\"},{\"@type\":\"ListItem\",\"position\":3,\"name\":\"Exposici\u00f3 &#8211; &#8216;ORIGEN&#8217; de Miguel \u00c1ngel Garc\u00eda L\u00f3pez\"}]},{\"@type\":\"WebSite\",\"@id\":\"https:\/\/cultura.santjosep.org\/es\/#website\",\"url\":\"https:\/\/cultura.santjosep.org\/es\/\",\"name\":\"Cultura a Sant Josep de sa Talaia\",\"description\":\"\",\"publisher\":{\"@id\":\"https:\/\/cultura.santjosep.org\/es\/#organization\"},\"potentialAction\":[{\"@type\":\"SearchAction\",\"target\":{\"@type\":\"EntryPoint\",\"urlTemplate\":\"https:\/\/cultura.santjosep.org\/es\/?s={search_term_string}\"},\"query-input\":{\"@type\":\"PropertyValueSpecification\",\"valueRequired\":true,\"valueName\":\"search_term_string\"}}],\"inLanguage\":\"es\"},{\"@type\":\"Organization\",\"@id\":\"https:\/\/cultura.santjosep.org\/es\/#organization\",\"name\":\"Ajuntament de Sant Josep de sa Talaia\",\"url\":\"https:\/\/cultura.santjosep.org\/es\/\",\"logo\":{\"@type\":\"ImageObject\",\"inLanguage\":\"es\",\"@id\":\"https:\/\/cultura.santjosep.org\/es\/#\/schema\/logo\/image\/\",\"url\":\"https:\/\/cultura.santjosep.org\/wp-content\/uploads\/2020\/10\/logocolor.jpg\",\"contentUrl\":\"https:\/\/cultura.santjosep.org\/wp-content\/uploads\/2020\/10\/logocolor.jpg\",\"width\":250,\"height\":98,\"caption\":\"Ajuntament de Sant Josep de sa Talaia\"},\"image\":{\"@id\":\"https:\/\/cultura.santjosep.org\/es\/#\/schema\/logo\/image\/\"},\"sameAs\":[\"https:\/\/www.facebook.com\/Ajuntament-de-Sant-Josep-de-sa-Talaia-197541666931354\/\",\"https:\/\/x.com\/DeTalaia\",\"https:\/\/www.instagram.com\/sant_josep_de_sa_talaia\/\"]}]}<\/script>\n<!-- \/ Yoast SEO plugin. -->","yoast_head_json":{"title":"Exposici\u00f3 - 'ORIGEN' de Miguel \u00c1ngel Garc\u00eda L\u00f3pez - Cultura a Sant Josep de sa Talaia","robots":{"index":"index","follow":"follow","max-snippet":"max-snippet:-1","max-image-preview":"max-image-preview:large","max-video-preview":"max-video-preview:-1"},"canonical":"https:\/\/cultura.santjosep.org\/es\/agenda\/exposicio-origen-de-miguel-angel-garcia-lopez\/","og_locale":"es_ES","og_type":"article","og_title":"Exposici\u00f3 - 'ORIGEN' de Miguel \u00c1ngel Garc\u00eda L\u00f3pez - Cultura a Sant Josep de sa Talaia","og_description":"Exposici\u00f3 &#8211; &#8216;ORIGEN&#8217; de Miguel \u00c1ngel Garc\u00eda L\u00f3pez INAUGURACI\u00d3: dijous, 13 de juliol a les 20.00 h Disponible del 13 al 30 de juliol Horari: dijous, divendres, dissabte i diumenge &hellip; Seguir leyendo \u00abExposici\u00f3 &#8211; &#8216;ORIGEN&#8217; de Miguel \u00c1ngel Garc\u00eda L\u00f3pez\u00bb","og_url":"https:\/\/cultura.santjosep.org\/es\/agenda\/exposicio-origen-de-miguel-angel-garcia-lopez\/","og_site_name":"Cultura a Sant Josep de sa Talaia","article_publisher":"https:\/\/www.facebook.com\/Ajuntament-de-Sant-Josep-de-sa-Talaia-197541666931354\/","article_modified_time":"2023-07-05T11:41:54+00:00","og_image":[{"width":1115,"height":822,"url":"https:\/\/cultura.santjosep.org\/wp-content\/uploads\/2023\/07\/TRIPTICO-140-X-250-M-ANGEL-GARCIA-VS07-final.jpg","type":"image\/jpeg"}],"twitter_card":"summary_large_image","twitter_site":"@DeTalaia","twitter_misc":{"Tiempo de lectura":"1 minuto"},"schema":{"@context":"https:\/\/schema.org","@graph":[{"@type":"WebPage","@id":"https:\/\/cultura.santjosep.org\/es\/agenda\/exposicio-origen-de-miguel-angel-garcia-lopez\/","url":"https:\/\/cultura.santjosep.org\/es\/agenda\/exposicio-origen-de-miguel-angel-garcia-lopez\/","name":"Exposici\u00f3 - 'ORIGEN' de Miguel \u00c1ngel Garc\u00eda L\u00f3pez - Cultura a Sant Josep de sa Talaia","isPartOf":{"@id":"https:\/\/cultura.santjosep.org\/es\/#website"},"primaryImageOfPage":{"@id":"https:\/\/cultura.santjosep.org\/es\/agenda\/exposicio-origen-de-miguel-angel-garcia-lopez\/#primaryimage"},"image":{"@id":"https:\/\/cultura.santjosep.org\/es\/agenda\/exposicio-origen-de-miguel-angel-garcia-lopez\/#primaryimage"},"thumbnailUrl":"https:\/\/cultura.santjosep.org\/wp-content\/uploads\/2023\/07\/TRIPTICO-140-X-250-M-ANGEL-GARCIA-VS07-final.jpg","datePublished":"2023-07-05T10:04:49+00:00","dateModified":"2023-07-05T11:41:54+00:00","breadcrumb":{"@id":"https:\/\/cultura.santjosep.org\/es\/agenda\/exposicio-origen-de-miguel-angel-garcia-lopez\/#breadcrumb"},"inLanguage":"es","potentialAction":[{"@type":"ReadAction","target":["https:\/\/cultura.santjosep.org\/es\/agenda\/exposicio-origen-de-miguel-angel-garcia-lopez\/"]}]},{"@type":"ImageObject","inLanguage":"es","@id":"https:\/\/cultura.santjosep.org\/es\/agenda\/exposicio-origen-de-miguel-angel-garcia-lopez\/#primaryimage","url":"https:\/\/cultura.santjosep.org\/wp-content\/uploads\/2023\/07\/TRIPTICO-140-X-250-M-ANGEL-GARCIA-VS07-final.jpg","contentUrl":"https:\/\/cultura.santjosep.org\/wp-content\/uploads\/2023\/07\/TRIPTICO-140-X-250-M-ANGEL-GARCIA-VS07-final.jpg","width":1115,"height":822},{"@type":"BreadcrumbList","@id":"https:\/\/cultura.santjosep.org\/es\/agenda\/exposicio-origen-de-miguel-angel-garcia-lopez\/#breadcrumb","itemListElement":[{"@type":"ListItem","position":1,"name":"Portada","item":"https:\/\/cultura.santjosep.org\/es\/"},{"@type":"ListItem","position":2,"name":"Eventos","item":"https:\/\/cultura.santjosep.org\/agenda\/"},{"@type":"ListItem","position":3,"name":"Exposici\u00f3 &#8211; &#8216;ORIGEN&#8217; de Miguel \u00c1ngel Garc\u00eda L\u00f3pez"}]},{"@type":"WebSite","@id":"https:\/\/cultura.santjosep.org\/es\/#website","url":"https:\/\/cultura.santjosep.org\/es\/","name":"Cultura a Sant Josep de sa Talaia","description":"","publisher":{"@id":"https:\/\/cultura.santjosep.org\/es\/#organization"},"potentialAction":[{"@type":"SearchAction","target":{"@type":"EntryPoint","urlTemplate":"https:\/\/cultura.santjosep.org\/es\/?s={search_term_string}"},"query-input":{"@type":"PropertyValueSpecification","valueRequired":true,"valueName":"search_term_string"}}],"inLanguage":"es"},{"@type":"Organization","@id":"https:\/\/cultura.santjosep.org\/es\/#organization","name":"Ajuntament de Sant Josep de sa Talaia","url":"https:\/\/cultura.santjosep.org\/es\/","logo":{"@type":"ImageObject","inLanguage":"es","@id":"https:\/\/cultura.santjosep.org\/es\/#\/schema\/logo\/image\/","url":"https:\/\/cultura.santjosep.org\/wp-content\/uploads\/2020\/10\/logocolor.jpg","contentUrl":"https:\/\/cultura.santjosep.org\/wp-content\/uploads\/2020\/10\/logocolor.jpg","width":250,"height":98,"caption":"Ajuntament de Sant Josep de sa Talaia"},"image":{"@id":"https:\/\/cultura.santjosep.org\/es\/#\/schema\/logo\/image\/"},"sameAs":["https:\/\/www.facebook.com\/Ajuntament-de-Sant-Josep-de-sa-Talaia-197541666931354\/","https:\/\/x.com\/DeTalaia","https:\/\/www.instagram.com\/sant_josep_de_sa_talaia\/"]}]}},"_links":{"self":[{"href":"https:\/\/cultura.santjosep.org\/es\/wp-json\/wp\/v2\/tribe_events\/18908","targetHints":{"allow":["GET"]}}],"collection":[{"href":"https:\/\/cultura.santjosep.org\/es\/wp-json\/wp\/v2\/tribe_events"}],"about":[{"href":"https:\/\/cultura.santjosep.org\/es\/wp-json\/wp\/v2\/types\/tribe_events"}],"author":[{"embeddable":true,"href":"https:\/\/cultura.santjosep.org\/es\/wp-json\/wp\/v2\/users\/1"}],"version-history":[{"count":0,"href":"https:\/\/cultura.santjosep.org\/es\/wp-json\/wp\/v2\/tribe_events\/18908\/revisions"}],"wp:featuredmedia":[{"embeddable":true,"href":"https:\/\/cultura.santjosep.org\/es\/wp-json\/wp\/v2\/media\/18900"}],"wp:attachment":[{"href":"https:\/\/cultura.santjosep.org\/es\/wp-json\/wp\/v2\/media?parent=18908"}],"wp:term":[{"taxonomy":"post_tag","embeddable":true,"href":"https:\/\/cultura.santjosep.org\/es\/wp-json\/wp\/v2\/tags?post=18908"},{"taxonomy":"tribe_events_cat","embeddable":true,"href":"https:\/\/cultura.santjosep.org\/es\/wp-json\/wp\/v2\/tribe_events_cat?post=18908"}],"curies":[{"name":"wp","href":"https:\/\/api.w.org\/{rel}","templated":true}]}}