{"id":19025,"date":"2023-07-11T09:53:39","date_gmt":"2023-07-11T07:53:39","guid":{"rendered":"https:\/\/cultura.santjosep.org\/agenda\/cine-a-la-fresca-a-sant-josep-eugenie-grandet\/"},"modified":"2023-07-11T09:55:04","modified_gmt":"2023-07-11T07:55:04","slug":"cine-a-la-fresca-a-sant-josep-eugenie-grandet","status":"publish","type":"tribe_events","link":"https:\/\/cultura.santjosep.org\/es\/agenda\/cine-a-la-fresca-a-sant-josep-eugenie-grandet\/","title":{"rendered":"Cine a la fresca a Sant Josep &#8211; &#8216;Eug\u00e9nie Grandet&#8217;"},"content":{"rendered":"<p><strong>Cine a la fresca a Sant Josep &#8211; &#8216;Eug\u00e9nie Grandet&#8217;| VOSE | 2021 |<\/strong><br \/>\n<strong>Fecha:<\/strong> Viernes 21 de julio 2023 a las 22 h.<br \/>\n<strong>Lugar:<\/strong> Escoles Velles<\/p>\n<p><strong>Duraci\u00f3n:<\/strong> 103 min. Francia<br \/>\n<strong>Direcci\u00f3n:<\/strong> Marc Dugain<br \/>\n<strong>Sinopsis:<\/strong> Felix Grandet reina supremo en su modesta casa en Saumur, donde su esposa y su hija Eugenie llevan una existencia libre de distracciones. Extremadamente codicioso, no ve con buenos ojos a los pretendientes que se apresuran a pedir la mano de su hija. Nada deber\u00eda da\u00f1ar la colosal fortuna que oculta a todos. La llegada repentina del sobrino de Grandet, un dandy parisino hu\u00e9rfano y arruinado, pone patas arriba la vida de la joven. El amor y la generosidad de Eugenie hacia su primo hundir\u00e1n al padre Grandet en una ira sin l\u00edmites. Frente a su hija, estar\u00e1 m\u00e1s dispuesto que nunca a sacrificarlo todo en el altar de las ganancias, incluso su propia familia.<\/p>\n<p><strong>Entrada libre hasta completar aforo.<\/strong><\/p>\n<p><img loading=\"lazy\" decoding=\"async\" class=\"alignnone size-full wp-image-19022\" src=\"https:\/\/cultura.santjosep.org\/wp-content\/uploads\/2023\/07\/eugenie_grandet-157623065-large.jpg\" alt=\"\" width=\"600\" height=\"900\" srcset=\"https:\/\/cultura.santjosep.org\/wp-content\/uploads\/2023\/07\/eugenie_grandet-157623065-large.jpg 600w, https:\/\/cultura.santjosep.org\/wp-content\/uploads\/2023\/07\/eugenie_grandet-157623065-large-200x300.jpg 200w\" sizes=\"auto, (max-width: 600px) 100vw, 600px\" \/><\/p>\n","protected":false},"excerpt":{"rendered":"<p>Cine a la fresca a Sant Josep &#8211; &#8216;Eug\u00e9nie Grandet&#8217;| VOSE | 2021 | Fecha: Viernes 21 de julio 2023 a las 22 h. Lugar: Escoles Velles Duraci\u00f3n: 103 min. &hellip; <\/p>\n<p class=\"link-more\"><a href=\"https:\/\/cultura.santjosep.org\/es\/agenda\/cine-a-la-fresca-a-sant-josep-eugenie-grandet\/\" class=\"more-link\">Seguir leyendo<span class=\"screen-reader-text\"> \u00abCine a la fresca a Sant Josep &#8211; &#8216;Eug\u00e9nie Grandet&#8217;\u00bb<\/span><\/a><\/p>\n","protected":false},"author":1,"featured_media":19021,"template":"","meta":{"_tribe_events_status":"","_tribe_events_status_reason":"","_tribe_events_is_hybrid":"","_tribe_events_is_virtual":"","_tribe_events_virtual_video_source":"","_tribe_events_virtual_embed_video":"","_tribe_events_virtual_linked_button_text":"","_tribe_events_virtual_linked_button":"","_tribe_events_virtual_show_embed_at":"","_tribe_events_virtual_show_embed_to":[],"_tribe_events_virtual_show_on_event":"","_tribe_events_virtual_show_on_views":"","_tribe_events_virtual_url":"","footnotes":""},"tags":[],"tribe_events_cat":[88],"class_list":["post-19025","tribe_events","type-tribe_events","status-publish","has-post-thumbnail","hentry","tribe_events_cat-cine-a-la-fresca-es","cat_cine-a-la-fresca-es","entry"],"yoast_head":"<!-- This site is optimized with the Yoast SEO plugin v26.6 - https:\/\/yoast.com\/wordpress\/plugins\/seo\/ -->\n<title>Cine a la fresca a Sant Josep - &#039;Eug\u00e9nie Grandet&#039; - Cultura a Sant Josep de sa Talaia<\/title>\n<meta name=\"robots\" content=\"index, follow, max-snippet:-1, max-image-preview:large, max-video-preview:-1\" \/>\n<link rel=\"canonical\" href=\"https:\/\/cultura.santjosep.org\/es\/agenda\/cine-a-la-fresca-a-sant-josep-eugenie-grandet\/\" \/>\n<meta property=\"og:locale\" content=\"es_ES\" \/>\n<meta property=\"og:type\" content=\"article\" \/>\n<meta property=\"og:title\" content=\"Cine a la fresca a Sant Josep - &#039;Eug\u00e9nie Grandet&#039; - Cultura a Sant Josep de sa Talaia\" \/>\n<meta property=\"og:description\" content=\"Cine a la fresca a Sant Josep &#8211; &#8216;Eug\u00e9nie Grandet&#8217;| VOSE | 2021 | Fecha: Viernes 21 de julio 2023 a las 22 h. Lugar: Escoles Velles Duraci\u00f3n: 103 min. &hellip; Seguir leyendo \u00abCine a la fresca a Sant Josep &#8211; &#8216;Eug\u00e9nie Grandet&#8217;\u00bb\" \/>\n<meta property=\"og:url\" content=\"https:\/\/cultura.santjosep.org\/es\/agenda\/cine-a-la-fresca-a-sant-josep-eugenie-grandet\/\" \/>\n<meta property=\"og:site_name\" content=\"Cultura a Sant Josep de sa Talaia\" \/>\n<meta property=\"article:publisher\" content=\"https:\/\/www.facebook.com\/Ajuntament-de-Sant-Josep-de-sa-Talaia-197541666931354\/\" \/>\n<meta property=\"article:modified_time\" content=\"2023-07-11T07:55:04+00:00\" \/>\n<meta property=\"og:image\" content=\"https:\/\/cultura.santjosep.org\/wp-content\/uploads\/2023\/07\/image001.jpg\" \/>\n\t<meta property=\"og:image:width\" content=\"1300\" \/>\n\t<meta property=\"og:image:height\" content=\"731\" \/>\n\t<meta property=\"og:image:type\" content=\"image\/jpeg\" \/>\n<meta name=\"twitter:card\" content=\"summary_large_image\" \/>\n<meta name=\"twitter:site\" content=\"@DeTalaia\" \/>\n<meta name=\"twitter:label1\" content=\"Tiempo de lectura\" \/>\n\t<meta name=\"twitter:data1\" content=\"1 minuto\" \/>\n<script type=\"application\/ld+json\" class=\"yoast-schema-graph\">{\"@context\":\"https:\/\/schema.org\",\"@graph\":[{\"@type\":\"WebPage\",\"@id\":\"https:\/\/cultura.santjosep.org\/es\/agenda\/cine-a-la-fresca-a-sant-josep-eugenie-grandet\/\",\"url\":\"https:\/\/cultura.santjosep.org\/es\/agenda\/cine-a-la-fresca-a-sant-josep-eugenie-grandet\/\",\"name\":\"Cine a la fresca a Sant Josep - 'Eug\u00e9nie Grandet' - Cultura a Sant Josep de sa Talaia\",\"isPartOf\":{\"@id\":\"https:\/\/cultura.santjosep.org\/es\/#website\"},\"primaryImageOfPage\":{\"@id\":\"https:\/\/cultura.santjosep.org\/es\/agenda\/cine-a-la-fresca-a-sant-josep-eugenie-grandet\/#primaryimage\"},\"image\":{\"@id\":\"https:\/\/cultura.santjosep.org\/es\/agenda\/cine-a-la-fresca-a-sant-josep-eugenie-grandet\/#primaryimage\"},\"thumbnailUrl\":\"https:\/\/cultura.santjosep.org\/wp-content\/uploads\/2023\/07\/image001.jpg\",\"datePublished\":\"2023-07-11T07:53:39+00:00\",\"dateModified\":\"2023-07-11T07:55:04+00:00\",\"breadcrumb\":{\"@id\":\"https:\/\/cultura.santjosep.org\/es\/agenda\/cine-a-la-fresca-a-sant-josep-eugenie-grandet\/#breadcrumb\"},\"inLanguage\":\"es\",\"potentialAction\":[{\"@type\":\"ReadAction\",\"target\":[\"https:\/\/cultura.santjosep.org\/es\/agenda\/cine-a-la-fresca-a-sant-josep-eugenie-grandet\/\"]}]},{\"@type\":\"ImageObject\",\"inLanguage\":\"es\",\"@id\":\"https:\/\/cultura.santjosep.org\/es\/agenda\/cine-a-la-fresca-a-sant-josep-eugenie-grandet\/#primaryimage\",\"url\":\"https:\/\/cultura.santjosep.org\/wp-content\/uploads\/2023\/07\/image001.jpg\",\"contentUrl\":\"https:\/\/cultura.santjosep.org\/wp-content\/uploads\/2023\/07\/image001.jpg\",\"width\":1300,\"height\":731},{\"@type\":\"BreadcrumbList\",\"@id\":\"https:\/\/cultura.santjosep.org\/es\/agenda\/cine-a-la-fresca-a-sant-josep-eugenie-grandet\/#breadcrumb\",\"itemListElement\":[{\"@type\":\"ListItem\",\"position\":1,\"name\":\"Portada\",\"item\":\"https:\/\/cultura.santjosep.org\/es\/\"},{\"@type\":\"ListItem\",\"position\":2,\"name\":\"Eventos\",\"item\":\"https:\/\/cultura.santjosep.org\/agenda\/\"},{\"@type\":\"ListItem\",\"position\":3,\"name\":\"Cine a la fresca a Sant Josep &#8211; &#8216;Eug\u00e9nie Grandet&#8217;\"}]},{\"@type\":\"WebSite\",\"@id\":\"https:\/\/cultura.santjosep.org\/es\/#website\",\"url\":\"https:\/\/cultura.santjosep.org\/es\/\",\"name\":\"Cultura a Sant Josep de sa Talaia\",\"description\":\"\",\"publisher\":{\"@id\":\"https:\/\/cultura.santjosep.org\/es\/#organization\"},\"potentialAction\":[{\"@type\":\"SearchAction\",\"target\":{\"@type\":\"EntryPoint\",\"urlTemplate\":\"https:\/\/cultura.santjosep.org\/es\/?s={search_term_string}\"},\"query-input\":{\"@type\":\"PropertyValueSpecification\",\"valueRequired\":true,\"valueName\":\"search_term_string\"}}],\"inLanguage\":\"es\"},{\"@type\":\"Organization\",\"@id\":\"https:\/\/cultura.santjosep.org\/es\/#organization\",\"name\":\"Ajuntament de Sant Josep de sa Talaia\",\"url\":\"https:\/\/cultura.santjosep.org\/es\/\",\"logo\":{\"@type\":\"ImageObject\",\"inLanguage\":\"es\",\"@id\":\"https:\/\/cultura.santjosep.org\/es\/#\/schema\/logo\/image\/\",\"url\":\"https:\/\/cultura.santjosep.org\/wp-content\/uploads\/2020\/10\/logocolor.jpg\",\"contentUrl\":\"https:\/\/cultura.santjosep.org\/wp-content\/uploads\/2020\/10\/logocolor.jpg\",\"width\":250,\"height\":98,\"caption\":\"Ajuntament de Sant Josep de sa Talaia\"},\"image\":{\"@id\":\"https:\/\/cultura.santjosep.org\/es\/#\/schema\/logo\/image\/\"},\"sameAs\":[\"https:\/\/www.facebook.com\/Ajuntament-de-Sant-Josep-de-sa-Talaia-197541666931354\/\",\"https:\/\/x.com\/DeTalaia\",\"https:\/\/www.instagram.com\/sant_josep_de_sa_talaia\/\"]}]}<\/script>\n<!-- \/ Yoast SEO plugin. -->","yoast_head_json":{"title":"Cine a la fresca a Sant Josep - 'Eug\u00e9nie Grandet' - Cultura a Sant Josep de sa Talaia","robots":{"index":"index","follow":"follow","max-snippet":"max-snippet:-1","max-image-preview":"max-image-preview:large","max-video-preview":"max-video-preview:-1"},"canonical":"https:\/\/cultura.santjosep.org\/es\/agenda\/cine-a-la-fresca-a-sant-josep-eugenie-grandet\/","og_locale":"es_ES","og_type":"article","og_title":"Cine a la fresca a Sant Josep - 'Eug\u00e9nie Grandet' - Cultura a Sant Josep de sa Talaia","og_description":"Cine a la fresca a Sant Josep &#8211; &#8216;Eug\u00e9nie Grandet&#8217;| VOSE | 2021 | Fecha: Viernes 21 de julio 2023 a las 22 h. Lugar: Escoles Velles Duraci\u00f3n: 103 min. &hellip; Seguir leyendo \u00abCine a la fresca a Sant Josep &#8211; &#8216;Eug\u00e9nie Grandet&#8217;\u00bb","og_url":"https:\/\/cultura.santjosep.org\/es\/agenda\/cine-a-la-fresca-a-sant-josep-eugenie-grandet\/","og_site_name":"Cultura a Sant Josep de sa Talaia","article_publisher":"https:\/\/www.facebook.com\/Ajuntament-de-Sant-Josep-de-sa-Talaia-197541666931354\/","article_modified_time":"2023-07-11T07:55:04+00:00","og_image":[{"width":1300,"height":731,"url":"https:\/\/cultura.santjosep.org\/wp-content\/uploads\/2023\/07\/image001.jpg","type":"image\/jpeg"}],"twitter_card":"summary_large_image","twitter_site":"@DeTalaia","twitter_misc":{"Tiempo de lectura":"1 minuto"},"schema":{"@context":"https:\/\/schema.org","@graph":[{"@type":"WebPage","@id":"https:\/\/cultura.santjosep.org\/es\/agenda\/cine-a-la-fresca-a-sant-josep-eugenie-grandet\/","url":"https:\/\/cultura.santjosep.org\/es\/agenda\/cine-a-la-fresca-a-sant-josep-eugenie-grandet\/","name":"Cine a la fresca a Sant Josep - 'Eug\u00e9nie Grandet' - Cultura a Sant Josep de sa Talaia","isPartOf":{"@id":"https:\/\/cultura.santjosep.org\/es\/#website"},"primaryImageOfPage":{"@id":"https:\/\/cultura.santjosep.org\/es\/agenda\/cine-a-la-fresca-a-sant-josep-eugenie-grandet\/#primaryimage"},"image":{"@id":"https:\/\/cultura.santjosep.org\/es\/agenda\/cine-a-la-fresca-a-sant-josep-eugenie-grandet\/#primaryimage"},"thumbnailUrl":"https:\/\/cultura.santjosep.org\/wp-content\/uploads\/2023\/07\/image001.jpg","datePublished":"2023-07-11T07:53:39+00:00","dateModified":"2023-07-11T07:55:04+00:00","breadcrumb":{"@id":"https:\/\/cultura.santjosep.org\/es\/agenda\/cine-a-la-fresca-a-sant-josep-eugenie-grandet\/#breadcrumb"},"inLanguage":"es","potentialAction":[{"@type":"ReadAction","target":["https:\/\/cultura.santjosep.org\/es\/agenda\/cine-a-la-fresca-a-sant-josep-eugenie-grandet\/"]}]},{"@type":"ImageObject","inLanguage":"es","@id":"https:\/\/cultura.santjosep.org\/es\/agenda\/cine-a-la-fresca-a-sant-josep-eugenie-grandet\/#primaryimage","url":"https:\/\/cultura.santjosep.org\/wp-content\/uploads\/2023\/07\/image001.jpg","contentUrl":"https:\/\/cultura.santjosep.org\/wp-content\/uploads\/2023\/07\/image001.jpg","width":1300,"height":731},{"@type":"BreadcrumbList","@id":"https:\/\/cultura.santjosep.org\/es\/agenda\/cine-a-la-fresca-a-sant-josep-eugenie-grandet\/#breadcrumb","itemListElement":[{"@type":"ListItem","position":1,"name":"Portada","item":"https:\/\/cultura.santjosep.org\/es\/"},{"@type":"ListItem","position":2,"name":"Eventos","item":"https:\/\/cultura.santjosep.org\/agenda\/"},{"@type":"ListItem","position":3,"name":"Cine a la fresca a Sant Josep &#8211; &#8216;Eug\u00e9nie Grandet&#8217;"}]},{"@type":"WebSite","@id":"https:\/\/cultura.santjosep.org\/es\/#website","url":"https:\/\/cultura.santjosep.org\/es\/","name":"Cultura a Sant Josep de sa Talaia","description":"","publisher":{"@id":"https:\/\/cultura.santjosep.org\/es\/#organization"},"potentialAction":[{"@type":"SearchAction","target":{"@type":"EntryPoint","urlTemplate":"https:\/\/cultura.santjosep.org\/es\/?s={search_term_string}"},"query-input":{"@type":"PropertyValueSpecification","valueRequired":true,"valueName":"search_term_string"}}],"inLanguage":"es"},{"@type":"Organization","@id":"https:\/\/cultura.santjosep.org\/es\/#organization","name":"Ajuntament de Sant Josep de sa Talaia","url":"https:\/\/cultura.santjosep.org\/es\/","logo":{"@type":"ImageObject","inLanguage":"es","@id":"https:\/\/cultura.santjosep.org\/es\/#\/schema\/logo\/image\/","url":"https:\/\/cultura.santjosep.org\/wp-content\/uploads\/2020\/10\/logocolor.jpg","contentUrl":"https:\/\/cultura.santjosep.org\/wp-content\/uploads\/2020\/10\/logocolor.jpg","width":250,"height":98,"caption":"Ajuntament de Sant Josep de sa Talaia"},"image":{"@id":"https:\/\/cultura.santjosep.org\/es\/#\/schema\/logo\/image\/"},"sameAs":["https:\/\/www.facebook.com\/Ajuntament-de-Sant-Josep-de-sa-Talaia-197541666931354\/","https:\/\/x.com\/DeTalaia","https:\/\/www.instagram.com\/sant_josep_de_sa_talaia\/"]}]}},"_links":{"self":[{"href":"https:\/\/cultura.santjosep.org\/es\/wp-json\/wp\/v2\/tribe_events\/19025","targetHints":{"allow":["GET"]}}],"collection":[{"href":"https:\/\/cultura.santjosep.org\/es\/wp-json\/wp\/v2\/tribe_events"}],"about":[{"href":"https:\/\/cultura.santjosep.org\/es\/wp-json\/wp\/v2\/types\/tribe_events"}],"author":[{"embeddable":true,"href":"https:\/\/cultura.santjosep.org\/es\/wp-json\/wp\/v2\/users\/1"}],"version-history":[{"count":0,"href":"https:\/\/cultura.santjosep.org\/es\/wp-json\/wp\/v2\/tribe_events\/19025\/revisions"}],"wp:featuredmedia":[{"embeddable":true,"href":"https:\/\/cultura.santjosep.org\/es\/wp-json\/wp\/v2\/media\/19021"}],"wp:attachment":[{"href":"https:\/\/cultura.santjosep.org\/es\/wp-json\/wp\/v2\/media?parent=19025"}],"wp:term":[{"taxonomy":"post_tag","embeddable":true,"href":"https:\/\/cultura.santjosep.org\/es\/wp-json\/wp\/v2\/tags?post=19025"},{"taxonomy":"tribe_events_cat","embeddable":true,"href":"https:\/\/cultura.santjosep.org\/es\/wp-json\/wp\/v2\/tribe_events_cat?post=19025"}],"curies":[{"name":"wp","href":"https:\/\/api.w.org\/{rel}","templated":true}]}}