{"id":19083,"date":"2023-07-11T10:24:15","date_gmt":"2023-07-11T08:24:15","guid":{"rendered":"https:\/\/cultura.santjosep.org\/agenda\/cine-a-la-fresca-a-sant-jordi-mamma-mia-cicle-meryl-streep\/"},"modified":"2023-07-11T10:25:21","modified_gmt":"2023-07-11T08:25:21","slug":"cine-a-la-fresca-a-sant-jordi-mamma-mia-cicle-meryl-streep","status":"publish","type":"tribe_events","link":"https:\/\/cultura.santjosep.org\/es\/agenda\/cine-a-la-fresca-a-sant-jordi-mamma-mia-cicle-meryl-streep\/","title":{"rendered":"Cine a la fresca a Sant Jordi &#8211; &#8216;Mamma Mia!&#8217; Cicle Meryl Streep"},"content":{"rendered":"<p><strong>Cine a la fresca a Sant Jordi &#8211; &#8216;Mamma Mia!&#8217; Cicle Meryl Streep | VOSE | 2008 |<\/strong><br \/>\n<strong>Fecha:<\/strong> S\u00e1bado 26 de agosto 2023 a las 21:30 h.<br \/>\n<strong>Lugar:<\/strong> Pla\u00e7a de l&#8217;esgl\u00e9sia de Sant Jordi<\/p>\n<p><strong>Duraci\u00f3n:<\/strong> 108 min. Regne Unit<br \/>\n<strong>Direcci\u00f3n:<\/strong> Phyllida Lloyd<br \/>\n<strong>Sinopsis:<\/strong> Versi\u00f3n cinematogr\u00e1fica del popular musical de ABBA. Una joven (Amanda Seyfried) que ha crecido en una peque\u00f1a isla griega, ha sido educada por una madre rebelde y poco convencional (Streep), que siempre se ha negado a revelarle la identidad de su padre. Cuando, por fin, parece que la joven est\u00e1 a punto de saberlo, aparecen tres posibles candidatos (Brosnan, Firth y Skarsgard).<\/p>\n<p><strong>Entrada libre hasta completar aforo.<\/strong><\/p>\n<p><img loading=\"lazy\" decoding=\"async\" class=\"alignnone size-full wp-image-19078\" src=\"https:\/\/cultura.santjosep.org\/wp-content\/uploads\/2023\/07\/mamma_mia-326443202-large.jpg\" alt=\"\" width=\"810\" height=\"1200\" srcset=\"https:\/\/cultura.santjosep.org\/wp-content\/uploads\/2023\/07\/mamma_mia-326443202-large.jpg 810w, https:\/\/cultura.santjosep.org\/wp-content\/uploads\/2023\/07\/mamma_mia-326443202-large-203x300.jpg 203w, https:\/\/cultura.santjosep.org\/wp-content\/uploads\/2023\/07\/mamma_mia-326443202-large-691x1024.jpg 691w, https:\/\/cultura.santjosep.org\/wp-content\/uploads\/2023\/07\/mamma_mia-326443202-large-768x1138.jpg 768w\" sizes=\"auto, (max-width: 810px) 100vw, 810px\" \/><\/p>\n","protected":false},"excerpt":{"rendered":"<p>Cine a la fresca a Sant Jordi &#8211; &#8216;Mamma Mia!&#8217; Cicle Meryl Streep | VOSE | 2008 | Fecha: S\u00e1bado 26 de agosto 2023 a las 21:30 h. Lugar: Pla\u00e7a &hellip; <\/p>\n<p class=\"link-more\"><a href=\"https:\/\/cultura.santjosep.org\/es\/agenda\/cine-a-la-fresca-a-sant-jordi-mamma-mia-cicle-meryl-streep\/\" class=\"more-link\">Seguir leyendo<span class=\"screen-reader-text\"> \u00abCine a la fresca a Sant Jordi &#8211; &#8216;Mamma Mia!&#8217; Cicle Meryl Streep\u00bb<\/span><\/a><\/p>\n","protected":false},"author":1,"featured_media":19081,"template":"","meta":{"_tribe_events_status":"","_tribe_events_status_reason":"","_tribe_events_is_hybrid":"","_tribe_events_is_virtual":"","_tribe_events_virtual_video_source":"","_tribe_events_virtual_embed_video":"","_tribe_events_virtual_linked_button_text":"","_tribe_events_virtual_linked_button":"","_tribe_events_virtual_show_embed_at":"","_tribe_events_virtual_show_embed_to":[],"_tribe_events_virtual_show_on_event":"","_tribe_events_virtual_show_on_views":"","_tribe_events_virtual_url":"","footnotes":""},"tags":[],"tribe_events_cat":[88],"class_list":["post-19083","tribe_events","type-tribe_events","status-publish","has-post-thumbnail","hentry","tribe_events_cat-cine-a-la-fresca-es","cat_cine-a-la-fresca-es","entry"],"yoast_head":"<!-- This site is optimized with the Yoast SEO plugin v26.6 - https:\/\/yoast.com\/wordpress\/plugins\/seo\/ -->\n<title>Cine a la fresca a Sant Jordi - &#039;Mamma Mia!&#039; Cicle Meryl Streep - Cultura a Sant Josep de sa Talaia<\/title>\n<meta name=\"robots\" content=\"index, follow, max-snippet:-1, max-image-preview:large, max-video-preview:-1\" \/>\n<link rel=\"canonical\" href=\"https:\/\/cultura.santjosep.org\/es\/agenda\/cine-a-la-fresca-a-sant-jordi-mamma-mia-cicle-meryl-streep\/\" \/>\n<meta property=\"og:locale\" content=\"es_ES\" \/>\n<meta property=\"og:type\" content=\"article\" \/>\n<meta property=\"og:title\" content=\"Cine a la fresca a Sant Jordi - &#039;Mamma Mia!&#039; Cicle Meryl Streep - Cultura a Sant Josep de sa Talaia\" \/>\n<meta property=\"og:description\" content=\"Cine a la fresca a Sant Jordi &#8211; &#8216;Mamma Mia!&#8217; Cicle Meryl Streep | VOSE | 2008 | Fecha: S\u00e1bado 26 de agosto 2023 a las 21:30 h. Lugar: Pla\u00e7a &hellip; Seguir leyendo \u00abCine a la fresca a Sant Jordi &#8211; &#8216;Mamma Mia!&#8217; Cicle Meryl Streep\u00bb\" \/>\n<meta property=\"og:url\" content=\"https:\/\/cultura.santjosep.org\/es\/agenda\/cine-a-la-fresca-a-sant-jordi-mamma-mia-cicle-meryl-streep\/\" \/>\n<meta property=\"og:site_name\" content=\"Cultura a Sant Josep de sa Talaia\" \/>\n<meta property=\"article:publisher\" content=\"https:\/\/www.facebook.com\/Ajuntament-de-Sant-Josep-de-sa-Talaia-197541666931354\/\" \/>\n<meta property=\"article:modified_time\" content=\"2023-07-11T08:25:21+00:00\" \/>\n<meta property=\"og:image\" content=\"https:\/\/cultura.santjosep.org\/wp-content\/uploads\/2023\/07\/1533368338-mamma-mia.jpg\" \/>\n\t<meta property=\"og:image:width\" content=\"1400\" \/>\n\t<meta property=\"og:image:height\" content=\"931\" \/>\n\t<meta property=\"og:image:type\" content=\"image\/jpeg\" \/>\n<meta name=\"twitter:card\" content=\"summary_large_image\" \/>\n<meta name=\"twitter:site\" content=\"@DeTalaia\" \/>\n<meta name=\"twitter:label1\" content=\"Tiempo de lectura\" \/>\n\t<meta name=\"twitter:data1\" content=\"1 minuto\" \/>\n<script type=\"application\/ld+json\" class=\"yoast-schema-graph\">{\"@context\":\"https:\/\/schema.org\",\"@graph\":[{\"@type\":\"WebPage\",\"@id\":\"https:\/\/cultura.santjosep.org\/es\/agenda\/cine-a-la-fresca-a-sant-jordi-mamma-mia-cicle-meryl-streep\/\",\"url\":\"https:\/\/cultura.santjosep.org\/es\/agenda\/cine-a-la-fresca-a-sant-jordi-mamma-mia-cicle-meryl-streep\/\",\"name\":\"Cine a la fresca a Sant Jordi - 'Mamma Mia!' Cicle Meryl Streep - Cultura a Sant Josep de sa Talaia\",\"isPartOf\":{\"@id\":\"https:\/\/cultura.santjosep.org\/es\/#website\"},\"primaryImageOfPage\":{\"@id\":\"https:\/\/cultura.santjosep.org\/es\/agenda\/cine-a-la-fresca-a-sant-jordi-mamma-mia-cicle-meryl-streep\/#primaryimage\"},\"image\":{\"@id\":\"https:\/\/cultura.santjosep.org\/es\/agenda\/cine-a-la-fresca-a-sant-jordi-mamma-mia-cicle-meryl-streep\/#primaryimage\"},\"thumbnailUrl\":\"https:\/\/cultura.santjosep.org\/wp-content\/uploads\/2023\/07\/1533368338-mamma-mia.jpg\",\"datePublished\":\"2023-07-11T08:24:15+00:00\",\"dateModified\":\"2023-07-11T08:25:21+00:00\",\"breadcrumb\":{\"@id\":\"https:\/\/cultura.santjosep.org\/es\/agenda\/cine-a-la-fresca-a-sant-jordi-mamma-mia-cicle-meryl-streep\/#breadcrumb\"},\"inLanguage\":\"es\",\"potentialAction\":[{\"@type\":\"ReadAction\",\"target\":[\"https:\/\/cultura.santjosep.org\/es\/agenda\/cine-a-la-fresca-a-sant-jordi-mamma-mia-cicle-meryl-streep\/\"]}]},{\"@type\":\"ImageObject\",\"inLanguage\":\"es\",\"@id\":\"https:\/\/cultura.santjosep.org\/es\/agenda\/cine-a-la-fresca-a-sant-jordi-mamma-mia-cicle-meryl-streep\/#primaryimage\",\"url\":\"https:\/\/cultura.santjosep.org\/wp-content\/uploads\/2023\/07\/1533368338-mamma-mia.jpg\",\"contentUrl\":\"https:\/\/cultura.santjosep.org\/wp-content\/uploads\/2023\/07\/1533368338-mamma-mia.jpg\",\"width\":1400,\"height\":931},{\"@type\":\"BreadcrumbList\",\"@id\":\"https:\/\/cultura.santjosep.org\/es\/agenda\/cine-a-la-fresca-a-sant-jordi-mamma-mia-cicle-meryl-streep\/#breadcrumb\",\"itemListElement\":[{\"@type\":\"ListItem\",\"position\":1,\"name\":\"Portada\",\"item\":\"https:\/\/cultura.santjosep.org\/es\/\"},{\"@type\":\"ListItem\",\"position\":2,\"name\":\"Eventos\",\"item\":\"https:\/\/cultura.santjosep.org\/agenda\/\"},{\"@type\":\"ListItem\",\"position\":3,\"name\":\"Cine a la fresca a Sant Jordi &#8211; &#8216;Mamma Mia!&#8217; Cicle Meryl Streep\"}]},{\"@type\":\"WebSite\",\"@id\":\"https:\/\/cultura.santjosep.org\/es\/#website\",\"url\":\"https:\/\/cultura.santjosep.org\/es\/\",\"name\":\"Cultura a Sant Josep de sa Talaia\",\"description\":\"\",\"publisher\":{\"@id\":\"https:\/\/cultura.santjosep.org\/es\/#organization\"},\"potentialAction\":[{\"@type\":\"SearchAction\",\"target\":{\"@type\":\"EntryPoint\",\"urlTemplate\":\"https:\/\/cultura.santjosep.org\/es\/?s={search_term_string}\"},\"query-input\":{\"@type\":\"PropertyValueSpecification\",\"valueRequired\":true,\"valueName\":\"search_term_string\"}}],\"inLanguage\":\"es\"},{\"@type\":\"Organization\",\"@id\":\"https:\/\/cultura.santjosep.org\/es\/#organization\",\"name\":\"Ajuntament de Sant Josep de sa Talaia\",\"url\":\"https:\/\/cultura.santjosep.org\/es\/\",\"logo\":{\"@type\":\"ImageObject\",\"inLanguage\":\"es\",\"@id\":\"https:\/\/cultura.santjosep.org\/es\/#\/schema\/logo\/image\/\",\"url\":\"https:\/\/cultura.santjosep.org\/wp-content\/uploads\/2020\/10\/logocolor.jpg\",\"contentUrl\":\"https:\/\/cultura.santjosep.org\/wp-content\/uploads\/2020\/10\/logocolor.jpg\",\"width\":250,\"height\":98,\"caption\":\"Ajuntament de Sant Josep de sa Talaia\"},\"image\":{\"@id\":\"https:\/\/cultura.santjosep.org\/es\/#\/schema\/logo\/image\/\"},\"sameAs\":[\"https:\/\/www.facebook.com\/Ajuntament-de-Sant-Josep-de-sa-Talaia-197541666931354\/\",\"https:\/\/x.com\/DeTalaia\",\"https:\/\/www.instagram.com\/sant_josep_de_sa_talaia\/\"]}]}<\/script>\n<!-- \/ Yoast SEO plugin. -->","yoast_head_json":{"title":"Cine a la fresca a Sant Jordi - 'Mamma Mia!' Cicle Meryl Streep - Cultura a Sant Josep de sa Talaia","robots":{"index":"index","follow":"follow","max-snippet":"max-snippet:-1","max-image-preview":"max-image-preview:large","max-video-preview":"max-video-preview:-1"},"canonical":"https:\/\/cultura.santjosep.org\/es\/agenda\/cine-a-la-fresca-a-sant-jordi-mamma-mia-cicle-meryl-streep\/","og_locale":"es_ES","og_type":"article","og_title":"Cine a la fresca a Sant Jordi - 'Mamma Mia!' Cicle Meryl Streep - Cultura a Sant Josep de sa Talaia","og_description":"Cine a la fresca a Sant Jordi &#8211; &#8216;Mamma Mia!&#8217; Cicle Meryl Streep | VOSE | 2008 | Fecha: S\u00e1bado 26 de agosto 2023 a las 21:30 h. Lugar: Pla\u00e7a &hellip; Seguir leyendo \u00abCine a la fresca a Sant Jordi &#8211; &#8216;Mamma Mia!&#8217; Cicle Meryl Streep\u00bb","og_url":"https:\/\/cultura.santjosep.org\/es\/agenda\/cine-a-la-fresca-a-sant-jordi-mamma-mia-cicle-meryl-streep\/","og_site_name":"Cultura a Sant Josep de sa Talaia","article_publisher":"https:\/\/www.facebook.com\/Ajuntament-de-Sant-Josep-de-sa-Talaia-197541666931354\/","article_modified_time":"2023-07-11T08:25:21+00:00","og_image":[{"width":1400,"height":931,"url":"https:\/\/cultura.santjosep.org\/wp-content\/uploads\/2023\/07\/1533368338-mamma-mia.jpg","type":"image\/jpeg"}],"twitter_card":"summary_large_image","twitter_site":"@DeTalaia","twitter_misc":{"Tiempo de lectura":"1 minuto"},"schema":{"@context":"https:\/\/schema.org","@graph":[{"@type":"WebPage","@id":"https:\/\/cultura.santjosep.org\/es\/agenda\/cine-a-la-fresca-a-sant-jordi-mamma-mia-cicle-meryl-streep\/","url":"https:\/\/cultura.santjosep.org\/es\/agenda\/cine-a-la-fresca-a-sant-jordi-mamma-mia-cicle-meryl-streep\/","name":"Cine a la fresca a Sant Jordi - 'Mamma Mia!' Cicle Meryl Streep - Cultura a Sant Josep de sa Talaia","isPartOf":{"@id":"https:\/\/cultura.santjosep.org\/es\/#website"},"primaryImageOfPage":{"@id":"https:\/\/cultura.santjosep.org\/es\/agenda\/cine-a-la-fresca-a-sant-jordi-mamma-mia-cicle-meryl-streep\/#primaryimage"},"image":{"@id":"https:\/\/cultura.santjosep.org\/es\/agenda\/cine-a-la-fresca-a-sant-jordi-mamma-mia-cicle-meryl-streep\/#primaryimage"},"thumbnailUrl":"https:\/\/cultura.santjosep.org\/wp-content\/uploads\/2023\/07\/1533368338-mamma-mia.jpg","datePublished":"2023-07-11T08:24:15+00:00","dateModified":"2023-07-11T08:25:21+00:00","breadcrumb":{"@id":"https:\/\/cultura.santjosep.org\/es\/agenda\/cine-a-la-fresca-a-sant-jordi-mamma-mia-cicle-meryl-streep\/#breadcrumb"},"inLanguage":"es","potentialAction":[{"@type":"ReadAction","target":["https:\/\/cultura.santjosep.org\/es\/agenda\/cine-a-la-fresca-a-sant-jordi-mamma-mia-cicle-meryl-streep\/"]}]},{"@type":"ImageObject","inLanguage":"es","@id":"https:\/\/cultura.santjosep.org\/es\/agenda\/cine-a-la-fresca-a-sant-jordi-mamma-mia-cicle-meryl-streep\/#primaryimage","url":"https:\/\/cultura.santjosep.org\/wp-content\/uploads\/2023\/07\/1533368338-mamma-mia.jpg","contentUrl":"https:\/\/cultura.santjosep.org\/wp-content\/uploads\/2023\/07\/1533368338-mamma-mia.jpg","width":1400,"height":931},{"@type":"BreadcrumbList","@id":"https:\/\/cultura.santjosep.org\/es\/agenda\/cine-a-la-fresca-a-sant-jordi-mamma-mia-cicle-meryl-streep\/#breadcrumb","itemListElement":[{"@type":"ListItem","position":1,"name":"Portada","item":"https:\/\/cultura.santjosep.org\/es\/"},{"@type":"ListItem","position":2,"name":"Eventos","item":"https:\/\/cultura.santjosep.org\/agenda\/"},{"@type":"ListItem","position":3,"name":"Cine a la fresca a Sant Jordi &#8211; &#8216;Mamma Mia!&#8217; Cicle Meryl Streep"}]},{"@type":"WebSite","@id":"https:\/\/cultura.santjosep.org\/es\/#website","url":"https:\/\/cultura.santjosep.org\/es\/","name":"Cultura a Sant Josep de sa Talaia","description":"","publisher":{"@id":"https:\/\/cultura.santjosep.org\/es\/#organization"},"potentialAction":[{"@type":"SearchAction","target":{"@type":"EntryPoint","urlTemplate":"https:\/\/cultura.santjosep.org\/es\/?s={search_term_string}"},"query-input":{"@type":"PropertyValueSpecification","valueRequired":true,"valueName":"search_term_string"}}],"inLanguage":"es"},{"@type":"Organization","@id":"https:\/\/cultura.santjosep.org\/es\/#organization","name":"Ajuntament de Sant Josep de sa Talaia","url":"https:\/\/cultura.santjosep.org\/es\/","logo":{"@type":"ImageObject","inLanguage":"es","@id":"https:\/\/cultura.santjosep.org\/es\/#\/schema\/logo\/image\/","url":"https:\/\/cultura.santjosep.org\/wp-content\/uploads\/2020\/10\/logocolor.jpg","contentUrl":"https:\/\/cultura.santjosep.org\/wp-content\/uploads\/2020\/10\/logocolor.jpg","width":250,"height":98,"caption":"Ajuntament de Sant Josep de sa Talaia"},"image":{"@id":"https:\/\/cultura.santjosep.org\/es\/#\/schema\/logo\/image\/"},"sameAs":["https:\/\/www.facebook.com\/Ajuntament-de-Sant-Josep-de-sa-Talaia-197541666931354\/","https:\/\/x.com\/DeTalaia","https:\/\/www.instagram.com\/sant_josep_de_sa_talaia\/"]}]}},"_links":{"self":[{"href":"https:\/\/cultura.santjosep.org\/es\/wp-json\/wp\/v2\/tribe_events\/19083","targetHints":{"allow":["GET"]}}],"collection":[{"href":"https:\/\/cultura.santjosep.org\/es\/wp-json\/wp\/v2\/tribe_events"}],"about":[{"href":"https:\/\/cultura.santjosep.org\/es\/wp-json\/wp\/v2\/types\/tribe_events"}],"author":[{"embeddable":true,"href":"https:\/\/cultura.santjosep.org\/es\/wp-json\/wp\/v2\/users\/1"}],"version-history":[{"count":0,"href":"https:\/\/cultura.santjosep.org\/es\/wp-json\/wp\/v2\/tribe_events\/19083\/revisions"}],"wp:featuredmedia":[{"embeddable":true,"href":"https:\/\/cultura.santjosep.org\/es\/wp-json\/wp\/v2\/media\/19081"}],"wp:attachment":[{"href":"https:\/\/cultura.santjosep.org\/es\/wp-json\/wp\/v2\/media?parent=19083"}],"wp:term":[{"taxonomy":"post_tag","embeddable":true,"href":"https:\/\/cultura.santjosep.org\/es\/wp-json\/wp\/v2\/tags?post=19083"},{"taxonomy":"tribe_events_cat","embeddable":true,"href":"https:\/\/cultura.santjosep.org\/es\/wp-json\/wp\/v2\/tribe_events_cat?post=19083"}],"curies":[{"name":"wp","href":"https:\/\/api.w.org\/{rel}","templated":true}]}}