{"id":19133,"date":"2023-07-11T10:42:28","date_gmt":"2023-07-11T08:42:28","guid":{"rendered":"https:\/\/cultura.santjosep.org\/agenda\/cine-a-la-fresca-a-sant-jordi-out-of-africa-cicle-meryl-streep\/"},"modified":"2023-07-11T10:49:06","modified_gmt":"2023-07-11T08:49:06","slug":"cine-a-la-fresca-a-sant-jordi-out-of-africa-ciclo-meryl-streep","status":"publish","type":"tribe_events","link":"https:\/\/cultura.santjosep.org\/es\/agenda\/cine-a-la-fresca-a-sant-jordi-out-of-africa-ciclo-meryl-streep\/","title":{"rendered":"Cine a la fresca a Sant Jordi &#8211; &#8216;Out of Africa&#8217; Ciclo Meryl Streep"},"content":{"rendered":"<p><strong>Cine a la fresca a Sant Jordi &#8211; &#8216;Out of Africa&#8217; (Memorias de \u00c1frica) | Ciclo Meryl Streep | VOSE | 1985<\/strong><\/p>\n<p><strong>Fecha<\/strong>: S\u00e1bado 29 de julio 2023 a las 22 h.<br \/>\n<strong>Lugar<\/strong>: Plaza de la iglesia de Sant Jordi<\/p>\n<p><strong>Duraci\u00f3n<\/strong>: 160 min. Estados Unidos<br \/>\n<strong>Direcci\u00f3n<\/strong>: Sydney Pollack<br \/>\n<strong>Sinopsis<\/strong>: Libremente inspirada en la obra hom\u00f3nima de la escritora danesa Isak Dinesen. A principios del siglo XX, Karen (Streep) contrae un matrimonio de conveniencia con el bar\u00f3n Blixen (Brandauer), un mujeriego empedernido. Ambos se establecen en Kenia con el prop\u00f3sito de explotar una plantaci\u00f3n de caf\u00e9. En Karen Blixen nace un apasionado amor por la tierra y por las gentes de Kenia. Pero tambi\u00e9n se enamora p\u00e9rdidamente de Denys Finch-Hatton (Redford), un personaje aventurero y rom\u00e1ntico a la antigua usanza, que ama la libertad por encima de todas las cosas. <\/p>\n<p><strong>Entrada libre hasta completar aforo.<\/strong><\/p>\n<p><img loading=\"lazy\" decoding=\"async\" src=\"https:\/\/cultura.santjosep.org\/wp-content\/uploads\/2023\/07\/out_of_africa.jpg\" alt=\"\" width=\"790\" height=\"1176\" class=\"alignnone size-full wp-image-19130\" srcset=\"https:\/\/cultura.santjosep.org\/wp-content\/uploads\/2023\/07\/out_of_africa.jpg 790w, https:\/\/cultura.santjosep.org\/wp-content\/uploads\/2023\/07\/out_of_africa-202x300.jpg 202w, https:\/\/cultura.santjosep.org\/wp-content\/uploads\/2023\/07\/out_of_africa-688x1024.jpg 688w, https:\/\/cultura.santjosep.org\/wp-content\/uploads\/2023\/07\/out_of_africa-768x1143.jpg 768w\" sizes=\"auto, (max-width: 790px) 100vw, 790px\" \/><\/p>\n","protected":false},"excerpt":{"rendered":"<p>Cine a la fresca a Sant Jordi &#8211; &#8216;Out of Africa&#8217; (Memorias de \u00c1frica) | Ciclo Meryl Streep | VOSE | 1985 Fecha: S\u00e1bado 29 de julio 2023 a las &hellip; <\/p>\n<p class=\"link-more\"><a href=\"https:\/\/cultura.santjosep.org\/es\/agenda\/cine-a-la-fresca-a-sant-jordi-out-of-africa-ciclo-meryl-streep\/\" class=\"more-link\">Seguir leyendo<span class=\"screen-reader-text\"> \u00abCine a la fresca a Sant Jordi &#8211; &#8216;Out of Africa&#8217; Ciclo Meryl Streep\u00bb<\/span><\/a><\/p>\n","protected":false},"author":1,"featured_media":19139,"template":"","meta":{"_tribe_events_status":"","_tribe_events_status_reason":"","_tribe_events_is_hybrid":"","_tribe_events_is_virtual":"","_tribe_events_virtual_video_source":"","_tribe_events_virtual_embed_video":"","_tribe_events_virtual_linked_button_text":"","_tribe_events_virtual_linked_button":"","_tribe_events_virtual_show_embed_at":"","_tribe_events_virtual_show_embed_to":[],"_tribe_events_virtual_show_on_event":"","_tribe_events_virtual_show_on_views":"","_tribe_events_virtual_url":"","footnotes":""},"tags":[],"tribe_events_cat":[88],"class_list":["post-19133","tribe_events","type-tribe_events","status-publish","has-post-thumbnail","hentry","tribe_events_cat-cine-a-la-fresca-es","cat_cine-a-la-fresca-es","entry"],"yoast_head":"<!-- This site is optimized with the Yoast SEO plugin v26.6 - https:\/\/yoast.com\/wordpress\/plugins\/seo\/ -->\n<title>Cine a la fresca a Sant Jordi - &#039;Out of Africa&#039; Ciclo Meryl Streep - Cultura a Sant Josep de sa Talaia<\/title>\n<meta name=\"robots\" content=\"index, follow, max-snippet:-1, max-image-preview:large, max-video-preview:-1\" \/>\n<link rel=\"canonical\" href=\"https:\/\/cultura.santjosep.org\/es\/agenda\/cine-a-la-fresca-a-sant-jordi-out-of-africa-ciclo-meryl-streep\/\" \/>\n<meta property=\"og:locale\" content=\"es_ES\" \/>\n<meta property=\"og:type\" content=\"article\" \/>\n<meta property=\"og:title\" content=\"Cine a la fresca a Sant Jordi - &#039;Out of Africa&#039; Ciclo Meryl Streep - Cultura a Sant Josep de sa Talaia\" \/>\n<meta property=\"og:description\" content=\"Cine a la fresca a Sant Jordi &#8211; &#8216;Out of Africa&#8217; (Memorias de \u00c1frica) | Ciclo Meryl Streep | VOSE | 1985 Fecha: S\u00e1bado 29 de julio 2023 a las &hellip; Seguir leyendo \u00abCine a la fresca a Sant Jordi &#8211; &#8216;Out of Africa&#8217; Ciclo Meryl Streep\u00bb\" \/>\n<meta property=\"og:url\" content=\"https:\/\/cultura.santjosep.org\/es\/agenda\/cine-a-la-fresca-a-sant-jordi-out-of-africa-ciclo-meryl-streep\/\" \/>\n<meta property=\"og:site_name\" content=\"Cultura a Sant Josep de sa Talaia\" \/>\n<meta property=\"article:publisher\" content=\"https:\/\/www.facebook.com\/Ajuntament-de-Sant-Josep-de-sa-Talaia-197541666931354\/\" \/>\n<meta property=\"article:modified_time\" content=\"2023-07-11T08:49:06+00:00\" \/>\n<meta property=\"og:image\" content=\"https:\/\/cultura.santjosep.org\/wp-content\/uploads\/2023\/07\/out_of_africa-659832727-large.jpg\" \/>\n\t<meta property=\"og:image:width\" content=\"1280\" \/>\n\t<meta property=\"og:image:height\" content=\"720\" \/>\n\t<meta property=\"og:image:type\" content=\"image\/jpeg\" \/>\n<meta name=\"twitter:card\" content=\"summary_large_image\" \/>\n<meta name=\"twitter:site\" content=\"@DeTalaia\" \/>\n<meta name=\"twitter:label1\" content=\"Tiempo de lectura\" \/>\n\t<meta name=\"twitter:data1\" content=\"1 minuto\" \/>\n<script type=\"application\/ld+json\" class=\"yoast-schema-graph\">{\"@context\":\"https:\/\/schema.org\",\"@graph\":[{\"@type\":\"WebPage\",\"@id\":\"https:\/\/cultura.santjosep.org\/es\/agenda\/cine-a-la-fresca-a-sant-jordi-out-of-africa-ciclo-meryl-streep\/\",\"url\":\"https:\/\/cultura.santjosep.org\/es\/agenda\/cine-a-la-fresca-a-sant-jordi-out-of-africa-ciclo-meryl-streep\/\",\"name\":\"Cine a la fresca a Sant Jordi - 'Out of Africa' Ciclo Meryl Streep - Cultura a Sant Josep de sa Talaia\",\"isPartOf\":{\"@id\":\"https:\/\/cultura.santjosep.org\/es\/#website\"},\"primaryImageOfPage\":{\"@id\":\"https:\/\/cultura.santjosep.org\/es\/agenda\/cine-a-la-fresca-a-sant-jordi-out-of-africa-ciclo-meryl-streep\/#primaryimage\"},\"image\":{\"@id\":\"https:\/\/cultura.santjosep.org\/es\/agenda\/cine-a-la-fresca-a-sant-jordi-out-of-africa-ciclo-meryl-streep\/#primaryimage\"},\"thumbnailUrl\":\"https:\/\/cultura.santjosep.org\/wp-content\/uploads\/2023\/07\/out_of_africa-659832727-large.jpg\",\"datePublished\":\"2023-07-11T08:42:28+00:00\",\"dateModified\":\"2023-07-11T08:49:06+00:00\",\"breadcrumb\":{\"@id\":\"https:\/\/cultura.santjosep.org\/es\/agenda\/cine-a-la-fresca-a-sant-jordi-out-of-africa-ciclo-meryl-streep\/#breadcrumb\"},\"inLanguage\":\"es\",\"potentialAction\":[{\"@type\":\"ReadAction\",\"target\":[\"https:\/\/cultura.santjosep.org\/es\/agenda\/cine-a-la-fresca-a-sant-jordi-out-of-africa-ciclo-meryl-streep\/\"]}]},{\"@type\":\"ImageObject\",\"inLanguage\":\"es\",\"@id\":\"https:\/\/cultura.santjosep.org\/es\/agenda\/cine-a-la-fresca-a-sant-jordi-out-of-africa-ciclo-meryl-streep\/#primaryimage\",\"url\":\"https:\/\/cultura.santjosep.org\/wp-content\/uploads\/2023\/07\/out_of_africa-659832727-large.jpg\",\"contentUrl\":\"https:\/\/cultura.santjosep.org\/wp-content\/uploads\/2023\/07\/out_of_africa-659832727-large.jpg\",\"width\":1280,\"height\":720},{\"@type\":\"BreadcrumbList\",\"@id\":\"https:\/\/cultura.santjosep.org\/es\/agenda\/cine-a-la-fresca-a-sant-jordi-out-of-africa-ciclo-meryl-streep\/#breadcrumb\",\"itemListElement\":[{\"@type\":\"ListItem\",\"position\":1,\"name\":\"Portada\",\"item\":\"https:\/\/cultura.santjosep.org\/es\/\"},{\"@type\":\"ListItem\",\"position\":2,\"name\":\"Eventos\",\"item\":\"https:\/\/cultura.santjosep.org\/agenda\/\"},{\"@type\":\"ListItem\",\"position\":3,\"name\":\"Cine a la fresca a Sant Jordi &#8211; &#8216;Out of Africa&#8217; Ciclo Meryl Streep\"}]},{\"@type\":\"WebSite\",\"@id\":\"https:\/\/cultura.santjosep.org\/es\/#website\",\"url\":\"https:\/\/cultura.santjosep.org\/es\/\",\"name\":\"Cultura a Sant Josep de sa Talaia\",\"description\":\"\",\"publisher\":{\"@id\":\"https:\/\/cultura.santjosep.org\/es\/#organization\"},\"potentialAction\":[{\"@type\":\"SearchAction\",\"target\":{\"@type\":\"EntryPoint\",\"urlTemplate\":\"https:\/\/cultura.santjosep.org\/es\/?s={search_term_string}\"},\"query-input\":{\"@type\":\"PropertyValueSpecification\",\"valueRequired\":true,\"valueName\":\"search_term_string\"}}],\"inLanguage\":\"es\"},{\"@type\":\"Organization\",\"@id\":\"https:\/\/cultura.santjosep.org\/es\/#organization\",\"name\":\"Ajuntament de Sant Josep de sa Talaia\",\"url\":\"https:\/\/cultura.santjosep.org\/es\/\",\"logo\":{\"@type\":\"ImageObject\",\"inLanguage\":\"es\",\"@id\":\"https:\/\/cultura.santjosep.org\/es\/#\/schema\/logo\/image\/\",\"url\":\"https:\/\/cultura.santjosep.org\/wp-content\/uploads\/2020\/10\/logocolor.jpg\",\"contentUrl\":\"https:\/\/cultura.santjosep.org\/wp-content\/uploads\/2020\/10\/logocolor.jpg\",\"width\":250,\"height\":98,\"caption\":\"Ajuntament de Sant Josep de sa Talaia\"},\"image\":{\"@id\":\"https:\/\/cultura.santjosep.org\/es\/#\/schema\/logo\/image\/\"},\"sameAs\":[\"https:\/\/www.facebook.com\/Ajuntament-de-Sant-Josep-de-sa-Talaia-197541666931354\/\",\"https:\/\/x.com\/DeTalaia\",\"https:\/\/www.instagram.com\/sant_josep_de_sa_talaia\/\"]}]}<\/script>\n<!-- \/ Yoast SEO plugin. -->","yoast_head_json":{"title":"Cine a la fresca a Sant Jordi - 'Out of Africa' Ciclo Meryl Streep - Cultura a Sant Josep de sa Talaia","robots":{"index":"index","follow":"follow","max-snippet":"max-snippet:-1","max-image-preview":"max-image-preview:large","max-video-preview":"max-video-preview:-1"},"canonical":"https:\/\/cultura.santjosep.org\/es\/agenda\/cine-a-la-fresca-a-sant-jordi-out-of-africa-ciclo-meryl-streep\/","og_locale":"es_ES","og_type":"article","og_title":"Cine a la fresca a Sant Jordi - 'Out of Africa' Ciclo Meryl Streep - Cultura a Sant Josep de sa Talaia","og_description":"Cine a la fresca a Sant Jordi &#8211; &#8216;Out of Africa&#8217; (Memorias de \u00c1frica) | Ciclo Meryl Streep | VOSE | 1985 Fecha: S\u00e1bado 29 de julio 2023 a las &hellip; Seguir leyendo \u00abCine a la fresca a Sant Jordi &#8211; &#8216;Out of Africa&#8217; Ciclo Meryl Streep\u00bb","og_url":"https:\/\/cultura.santjosep.org\/es\/agenda\/cine-a-la-fresca-a-sant-jordi-out-of-africa-ciclo-meryl-streep\/","og_site_name":"Cultura a Sant Josep de sa Talaia","article_publisher":"https:\/\/www.facebook.com\/Ajuntament-de-Sant-Josep-de-sa-Talaia-197541666931354\/","article_modified_time":"2023-07-11T08:49:06+00:00","og_image":[{"width":1280,"height":720,"url":"https:\/\/cultura.santjosep.org\/wp-content\/uploads\/2023\/07\/out_of_africa-659832727-large.jpg","type":"image\/jpeg"}],"twitter_card":"summary_large_image","twitter_site":"@DeTalaia","twitter_misc":{"Tiempo de lectura":"1 minuto"},"schema":{"@context":"https:\/\/schema.org","@graph":[{"@type":"WebPage","@id":"https:\/\/cultura.santjosep.org\/es\/agenda\/cine-a-la-fresca-a-sant-jordi-out-of-africa-ciclo-meryl-streep\/","url":"https:\/\/cultura.santjosep.org\/es\/agenda\/cine-a-la-fresca-a-sant-jordi-out-of-africa-ciclo-meryl-streep\/","name":"Cine a la fresca a Sant Jordi - 'Out of Africa' Ciclo Meryl Streep - Cultura a Sant Josep de sa Talaia","isPartOf":{"@id":"https:\/\/cultura.santjosep.org\/es\/#website"},"primaryImageOfPage":{"@id":"https:\/\/cultura.santjosep.org\/es\/agenda\/cine-a-la-fresca-a-sant-jordi-out-of-africa-ciclo-meryl-streep\/#primaryimage"},"image":{"@id":"https:\/\/cultura.santjosep.org\/es\/agenda\/cine-a-la-fresca-a-sant-jordi-out-of-africa-ciclo-meryl-streep\/#primaryimage"},"thumbnailUrl":"https:\/\/cultura.santjosep.org\/wp-content\/uploads\/2023\/07\/out_of_africa-659832727-large.jpg","datePublished":"2023-07-11T08:42:28+00:00","dateModified":"2023-07-11T08:49:06+00:00","breadcrumb":{"@id":"https:\/\/cultura.santjosep.org\/es\/agenda\/cine-a-la-fresca-a-sant-jordi-out-of-africa-ciclo-meryl-streep\/#breadcrumb"},"inLanguage":"es","potentialAction":[{"@type":"ReadAction","target":["https:\/\/cultura.santjosep.org\/es\/agenda\/cine-a-la-fresca-a-sant-jordi-out-of-africa-ciclo-meryl-streep\/"]}]},{"@type":"ImageObject","inLanguage":"es","@id":"https:\/\/cultura.santjosep.org\/es\/agenda\/cine-a-la-fresca-a-sant-jordi-out-of-africa-ciclo-meryl-streep\/#primaryimage","url":"https:\/\/cultura.santjosep.org\/wp-content\/uploads\/2023\/07\/out_of_africa-659832727-large.jpg","contentUrl":"https:\/\/cultura.santjosep.org\/wp-content\/uploads\/2023\/07\/out_of_africa-659832727-large.jpg","width":1280,"height":720},{"@type":"BreadcrumbList","@id":"https:\/\/cultura.santjosep.org\/es\/agenda\/cine-a-la-fresca-a-sant-jordi-out-of-africa-ciclo-meryl-streep\/#breadcrumb","itemListElement":[{"@type":"ListItem","position":1,"name":"Portada","item":"https:\/\/cultura.santjosep.org\/es\/"},{"@type":"ListItem","position":2,"name":"Eventos","item":"https:\/\/cultura.santjosep.org\/agenda\/"},{"@type":"ListItem","position":3,"name":"Cine a la fresca a Sant Jordi &#8211; &#8216;Out of Africa&#8217; Ciclo Meryl Streep"}]},{"@type":"WebSite","@id":"https:\/\/cultura.santjosep.org\/es\/#website","url":"https:\/\/cultura.santjosep.org\/es\/","name":"Cultura a Sant Josep de sa Talaia","description":"","publisher":{"@id":"https:\/\/cultura.santjosep.org\/es\/#organization"},"potentialAction":[{"@type":"SearchAction","target":{"@type":"EntryPoint","urlTemplate":"https:\/\/cultura.santjosep.org\/es\/?s={search_term_string}"},"query-input":{"@type":"PropertyValueSpecification","valueRequired":true,"valueName":"search_term_string"}}],"inLanguage":"es"},{"@type":"Organization","@id":"https:\/\/cultura.santjosep.org\/es\/#organization","name":"Ajuntament de Sant Josep de sa Talaia","url":"https:\/\/cultura.santjosep.org\/es\/","logo":{"@type":"ImageObject","inLanguage":"es","@id":"https:\/\/cultura.santjosep.org\/es\/#\/schema\/logo\/image\/","url":"https:\/\/cultura.santjosep.org\/wp-content\/uploads\/2020\/10\/logocolor.jpg","contentUrl":"https:\/\/cultura.santjosep.org\/wp-content\/uploads\/2020\/10\/logocolor.jpg","width":250,"height":98,"caption":"Ajuntament de Sant Josep de sa Talaia"},"image":{"@id":"https:\/\/cultura.santjosep.org\/es\/#\/schema\/logo\/image\/"},"sameAs":["https:\/\/www.facebook.com\/Ajuntament-de-Sant-Josep-de-sa-Talaia-197541666931354\/","https:\/\/x.com\/DeTalaia","https:\/\/www.instagram.com\/sant_josep_de_sa_talaia\/"]}]}},"_links":{"self":[{"href":"https:\/\/cultura.santjosep.org\/es\/wp-json\/wp\/v2\/tribe_events\/19133","targetHints":{"allow":["GET"]}}],"collection":[{"href":"https:\/\/cultura.santjosep.org\/es\/wp-json\/wp\/v2\/tribe_events"}],"about":[{"href":"https:\/\/cultura.santjosep.org\/es\/wp-json\/wp\/v2\/types\/tribe_events"}],"author":[{"embeddable":true,"href":"https:\/\/cultura.santjosep.org\/es\/wp-json\/wp\/v2\/users\/1"}],"version-history":[{"count":0,"href":"https:\/\/cultura.santjosep.org\/es\/wp-json\/wp\/v2\/tribe_events\/19133\/revisions"}],"wp:featuredmedia":[{"embeddable":true,"href":"https:\/\/cultura.santjosep.org\/es\/wp-json\/wp\/v2\/media\/19139"}],"wp:attachment":[{"href":"https:\/\/cultura.santjosep.org\/es\/wp-json\/wp\/v2\/media?parent=19133"}],"wp:term":[{"taxonomy":"post_tag","embeddable":true,"href":"https:\/\/cultura.santjosep.org\/es\/wp-json\/wp\/v2\/tags?post=19133"},{"taxonomy":"tribe_events_cat","embeddable":true,"href":"https:\/\/cultura.santjosep.org\/es\/wp-json\/wp\/v2\/tribe_events_cat?post=19133"}],"curies":[{"name":"wp","href":"https:\/\/api.w.org\/{rel}","templated":true}]}}