{"id":19168,"date":"2023-07-12T16:17:45","date_gmt":"2023-07-12T14:17:45","guid":{"rendered":"https:\/\/cultura.santjosep.org\/agenda\/sol-post-a-soli-fest-joachim-kuhn-trio-andres-coll\/"},"modified":"2023-07-13T09:39:49","modified_gmt":"2023-07-13T07:39:49","slug":"sol-post-a-soli-fest-joachim-kuhn-trio-andres-coll","status":"publish","type":"tribe_events","link":"https:\/\/cultura.santjosep.org\/es\/agenda\/sol-post-a-soli-fest-joachim-kuhn-trio-andres-coll\/","title":{"rendered":"Sol Post a s\u2019Oli Fest &#8211; Joachim K\u00fchn Tr\u00edo &#038; Andr\u00e9s Coll"},"content":{"rendered":"<p><strong>Sol Post a s\u2019Oli Fest &#8211; Joachim K\u00fchn Tr\u00edo &amp; Andr\u00e9s Coll<\/strong><br \/>\n<strong>Fecha:<\/strong> 22 julio a las 20:00 h<br \/>\n<strong>Lugar<\/strong> Auditori Cal\u00f3 de s&#8217;Oli<\/p>\n<p>El p\u00fablico asistente disfrutar\u00e1 en este segundo concierto de uno de los platos fuertes del programa, con la actuaci\u00f3n de uno de los m\u00fasicos de jazz m\u00e1s reputados del mundo:  el gran pianista i compositor alem\u00e1n Joachim K\u00fchn, al que acompa\u00f1ar\u00e1n el multiinstrumentista marroqu\u00ed Majid Bekkas y el bater\u00eda franc\u00e9s Ram\u00f3n L\u00f3pez. Se les sumar\u00e1 el joven vibracionista ibicenco Andr\u00e9s Coll, una aut\u00e9ntica promesa con la que K\u00fchn ya ha grabado algunos temas. Verlos ahora juntos, sobre el escenario, constituye un aut\u00e9ntico acontecimiento. Ofrecer\u00e1n un repertorio con composiciones del propio K\u00fchn, algunas de ellas creadas en Ibiza, junto a distintas adaptaciones del folklore tradicional de Marruecos.<\/p>\n<p>&nbsp;<\/p>\n<p><img loading=\"lazy\" decoding=\"async\" class=\"alignnone size-full wp-image-19165\" src=\"https:\/\/cultura.santjosep.org\/wp-content\/uploads\/2023\/07\/SOli-Fest_22.07-scaled.jpg\" alt=\"\" width=\"2048\" height=\"2560\" srcset=\"https:\/\/cultura.santjosep.org\/wp-content\/uploads\/2023\/07\/SOli-Fest_22.07-scaled.jpg 2048w, https:\/\/cultura.santjosep.org\/wp-content\/uploads\/2023\/07\/SOli-Fest_22.07-240x300.jpg 240w, https:\/\/cultura.santjosep.org\/wp-content\/uploads\/2023\/07\/SOli-Fest_22.07-819x1024.jpg 819w, https:\/\/cultura.santjosep.org\/wp-content\/uploads\/2023\/07\/SOli-Fest_22.07-768x960.jpg 768w, https:\/\/cultura.santjosep.org\/wp-content\/uploads\/2023\/07\/SOli-Fest_22.07-1229x1536.jpg 1229w, https:\/\/cultura.santjosep.org\/wp-content\/uploads\/2023\/07\/SOli-Fest_22.07-1638x2048.jpg 1638w, https:\/\/cultura.santjosep.org\/wp-content\/uploads\/2023\/07\/SOli-Fest_22.07-1568x1960.jpg 1568w, https:\/\/cultura.santjosep.org\/wp-content\/uploads\/2023\/07\/SOli-Fest_22.07-1320x1650.jpg 1320w\" sizes=\"auto, (max-width: 2048px) 100vw, 2048px\" \/><\/p>\n","protected":false},"excerpt":{"rendered":"<p>Sol Post a s\u2019Oli Fest &#8211; Joachim K\u00fchn Tr\u00edo &amp; Andr\u00e9s Coll Fecha: 22 julio a las 20:00 h Lugar Auditori Cal\u00f3 de s&#8217;Oli El p\u00fablico asistente disfrutar\u00e1 en este &hellip; <\/p>\n<p class=\"link-more\"><a href=\"https:\/\/cultura.santjosep.org\/es\/agenda\/sol-post-a-soli-fest-joachim-kuhn-trio-andres-coll\/\" class=\"more-link\">Seguir leyendo<span class=\"screen-reader-text\"> \u00abSol Post a s\u2019Oli Fest &#8211; Joachim K\u00fchn Tr\u00edo &#038; Andr\u00e9s Coll\u00bb<\/span><\/a><\/p>\n","protected":false},"author":1,"featured_media":19164,"template":"","meta":{"_tribe_events_status":"","_tribe_events_status_reason":"","_tribe_events_is_hybrid":"","_tribe_events_is_virtual":"","_tribe_events_virtual_video_source":"","_tribe_events_virtual_embed_video":"","_tribe_events_virtual_linked_button_text":"","_tribe_events_virtual_linked_button":"","_tribe_events_virtual_show_embed_at":"","_tribe_events_virtual_show_embed_to":[],"_tribe_events_virtual_show_on_event":"","_tribe_events_virtual_show_on_views":"","_tribe_events_virtual_url":"","footnotes":""},"tags":[],"tribe_events_cat":[31,165],"class_list":["post-19168","tribe_events","type-tribe_events","status-publish","has-post-thumbnail","hentry","tribe_events_cat-conciertos","tribe_events_cat-sol-post-a-soli-fest-es","cat_conciertos","cat_sol-post-a-soli-fest-es","entry"],"yoast_head":"<!-- This site is optimized with the Yoast SEO plugin v26.6 - https:\/\/yoast.com\/wordpress\/plugins\/seo\/ -->\n<title>Sol Post a s\u2019Oli Fest - Joachim K\u00fchn Tr\u00edo &amp; Andr\u00e9s Coll - Cultura a Sant Josep de sa Talaia<\/title>\n<meta name=\"robots\" content=\"index, follow, max-snippet:-1, max-image-preview:large, max-video-preview:-1\" \/>\n<link rel=\"canonical\" href=\"https:\/\/cultura.santjosep.org\/es\/agenda\/sol-post-a-soli-fest-joachim-kuhn-trio-andres-coll\/\" \/>\n<meta property=\"og:locale\" content=\"es_ES\" \/>\n<meta property=\"og:type\" content=\"article\" \/>\n<meta property=\"og:title\" content=\"Sol Post a s\u2019Oli Fest - Joachim K\u00fchn Tr\u00edo &amp; Andr\u00e9s Coll - Cultura a Sant Josep de sa Talaia\" \/>\n<meta property=\"og:description\" content=\"Sol Post a s\u2019Oli Fest &#8211; Joachim K\u00fchn Tr\u00edo &amp; Andr\u00e9s Coll Fecha: 22 julio a las 20:00 h Lugar Auditori Cal\u00f3 de s&#8217;Oli El p\u00fablico asistente disfrutar\u00e1 en este &hellip; Seguir leyendo \u00abSol Post a s\u2019Oli Fest &#8211; Joachim K\u00fchn Tr\u00edo &#038; Andr\u00e9s Coll\u00bb\" \/>\n<meta property=\"og:url\" content=\"https:\/\/cultura.santjosep.org\/es\/agenda\/sol-post-a-soli-fest-joachim-kuhn-trio-andres-coll\/\" \/>\n<meta property=\"og:site_name\" content=\"Cultura a Sant Josep de sa Talaia\" \/>\n<meta property=\"article:publisher\" content=\"https:\/\/www.facebook.com\/Ajuntament-de-Sant-Josep-de-sa-Talaia-197541666931354\/\" \/>\n<meta property=\"article:modified_time\" content=\"2023-07-13T07:39:49+00:00\" \/>\n<meta property=\"og:image\" content=\"https:\/\/cultura.santjosep.org\/wp-content\/uploads\/2023\/07\/IMG-0343rec.jpg\" \/>\n\t<meta property=\"og:image:width\" content=\"1400\" \/>\n\t<meta property=\"og:image:height\" content=\"933\" \/>\n\t<meta property=\"og:image:type\" content=\"image\/jpeg\" \/>\n<meta name=\"twitter:card\" content=\"summary_large_image\" \/>\n<meta name=\"twitter:site\" content=\"@DeTalaia\" \/>\n<meta name=\"twitter:label1\" content=\"Tiempo de lectura\" \/>\n\t<meta name=\"twitter:data1\" content=\"1 minuto\" \/>\n<script type=\"application\/ld+json\" class=\"yoast-schema-graph\">{\"@context\":\"https:\/\/schema.org\",\"@graph\":[{\"@type\":\"WebPage\",\"@id\":\"https:\/\/cultura.santjosep.org\/es\/agenda\/sol-post-a-soli-fest-joachim-kuhn-trio-andres-coll\/\",\"url\":\"https:\/\/cultura.santjosep.org\/es\/agenda\/sol-post-a-soli-fest-joachim-kuhn-trio-andres-coll\/\",\"name\":\"Sol Post a s\u2019Oli Fest - Joachim K\u00fchn Tr\u00edo & Andr\u00e9s Coll - Cultura a Sant Josep de sa Talaia\",\"isPartOf\":{\"@id\":\"https:\/\/cultura.santjosep.org\/es\/#website\"},\"primaryImageOfPage\":{\"@id\":\"https:\/\/cultura.santjosep.org\/es\/agenda\/sol-post-a-soli-fest-joachim-kuhn-trio-andres-coll\/#primaryimage\"},\"image\":{\"@id\":\"https:\/\/cultura.santjosep.org\/es\/agenda\/sol-post-a-soli-fest-joachim-kuhn-trio-andres-coll\/#primaryimage\"},\"thumbnailUrl\":\"https:\/\/cultura.santjosep.org\/wp-content\/uploads\/2023\/07\/IMG-0343rec.jpg\",\"datePublished\":\"2023-07-12T14:17:45+00:00\",\"dateModified\":\"2023-07-13T07:39:49+00:00\",\"breadcrumb\":{\"@id\":\"https:\/\/cultura.santjosep.org\/es\/agenda\/sol-post-a-soli-fest-joachim-kuhn-trio-andres-coll\/#breadcrumb\"},\"inLanguage\":\"es\",\"potentialAction\":[{\"@type\":\"ReadAction\",\"target\":[\"https:\/\/cultura.santjosep.org\/es\/agenda\/sol-post-a-soli-fest-joachim-kuhn-trio-andres-coll\/\"]}]},{\"@type\":\"ImageObject\",\"inLanguage\":\"es\",\"@id\":\"https:\/\/cultura.santjosep.org\/es\/agenda\/sol-post-a-soli-fest-joachim-kuhn-trio-andres-coll\/#primaryimage\",\"url\":\"https:\/\/cultura.santjosep.org\/wp-content\/uploads\/2023\/07\/IMG-0343rec.jpg\",\"contentUrl\":\"https:\/\/cultura.santjosep.org\/wp-content\/uploads\/2023\/07\/IMG-0343rec.jpg\",\"width\":1400,\"height\":933},{\"@type\":\"BreadcrumbList\",\"@id\":\"https:\/\/cultura.santjosep.org\/es\/agenda\/sol-post-a-soli-fest-joachim-kuhn-trio-andres-coll\/#breadcrumb\",\"itemListElement\":[{\"@type\":\"ListItem\",\"position\":1,\"name\":\"Portada\",\"item\":\"https:\/\/cultura.santjosep.org\/es\/\"},{\"@type\":\"ListItem\",\"position\":2,\"name\":\"Eventos\",\"item\":\"https:\/\/cultura.santjosep.org\/agenda\/\"},{\"@type\":\"ListItem\",\"position\":3,\"name\":\"Sol Post a s\u2019Oli Fest &#8211; Joachim K\u00fchn Tr\u00edo &#038; Andr\u00e9s Coll\"}]},{\"@type\":\"WebSite\",\"@id\":\"https:\/\/cultura.santjosep.org\/es\/#website\",\"url\":\"https:\/\/cultura.santjosep.org\/es\/\",\"name\":\"Cultura a Sant Josep de sa Talaia\",\"description\":\"\",\"publisher\":{\"@id\":\"https:\/\/cultura.santjosep.org\/es\/#organization\"},\"potentialAction\":[{\"@type\":\"SearchAction\",\"target\":{\"@type\":\"EntryPoint\",\"urlTemplate\":\"https:\/\/cultura.santjosep.org\/es\/?s={search_term_string}\"},\"query-input\":{\"@type\":\"PropertyValueSpecification\",\"valueRequired\":true,\"valueName\":\"search_term_string\"}}],\"inLanguage\":\"es\"},{\"@type\":\"Organization\",\"@id\":\"https:\/\/cultura.santjosep.org\/es\/#organization\",\"name\":\"Ajuntament de Sant Josep de sa Talaia\",\"url\":\"https:\/\/cultura.santjosep.org\/es\/\",\"logo\":{\"@type\":\"ImageObject\",\"inLanguage\":\"es\",\"@id\":\"https:\/\/cultura.santjosep.org\/es\/#\/schema\/logo\/image\/\",\"url\":\"https:\/\/cultura.santjosep.org\/wp-content\/uploads\/2020\/10\/logocolor.jpg\",\"contentUrl\":\"https:\/\/cultura.santjosep.org\/wp-content\/uploads\/2020\/10\/logocolor.jpg\",\"width\":250,\"height\":98,\"caption\":\"Ajuntament de Sant Josep de sa Talaia\"},\"image\":{\"@id\":\"https:\/\/cultura.santjosep.org\/es\/#\/schema\/logo\/image\/\"},\"sameAs\":[\"https:\/\/www.facebook.com\/Ajuntament-de-Sant-Josep-de-sa-Talaia-197541666931354\/\",\"https:\/\/x.com\/DeTalaia\",\"https:\/\/www.instagram.com\/sant_josep_de_sa_talaia\/\"]}]}<\/script>\n<!-- \/ Yoast SEO plugin. -->","yoast_head_json":{"title":"Sol Post a s\u2019Oli Fest - Joachim K\u00fchn Tr\u00edo & Andr\u00e9s Coll - Cultura a Sant Josep de sa Talaia","robots":{"index":"index","follow":"follow","max-snippet":"max-snippet:-1","max-image-preview":"max-image-preview:large","max-video-preview":"max-video-preview:-1"},"canonical":"https:\/\/cultura.santjosep.org\/es\/agenda\/sol-post-a-soli-fest-joachim-kuhn-trio-andres-coll\/","og_locale":"es_ES","og_type":"article","og_title":"Sol Post a s\u2019Oli Fest - Joachim K\u00fchn Tr\u00edo & Andr\u00e9s Coll - Cultura a Sant Josep de sa Talaia","og_description":"Sol Post a s\u2019Oli Fest &#8211; Joachim K\u00fchn Tr\u00edo &amp; Andr\u00e9s Coll Fecha: 22 julio a las 20:00 h Lugar Auditori Cal\u00f3 de s&#8217;Oli El p\u00fablico asistente disfrutar\u00e1 en este &hellip; Seguir leyendo \u00abSol Post a s\u2019Oli Fest &#8211; Joachim K\u00fchn Tr\u00edo &#038; Andr\u00e9s Coll\u00bb","og_url":"https:\/\/cultura.santjosep.org\/es\/agenda\/sol-post-a-soli-fest-joachim-kuhn-trio-andres-coll\/","og_site_name":"Cultura a Sant Josep de sa Talaia","article_publisher":"https:\/\/www.facebook.com\/Ajuntament-de-Sant-Josep-de-sa-Talaia-197541666931354\/","article_modified_time":"2023-07-13T07:39:49+00:00","og_image":[{"width":1400,"height":933,"url":"https:\/\/cultura.santjosep.org\/wp-content\/uploads\/2023\/07\/IMG-0343rec.jpg","type":"image\/jpeg"}],"twitter_card":"summary_large_image","twitter_site":"@DeTalaia","twitter_misc":{"Tiempo de lectura":"1 minuto"},"schema":{"@context":"https:\/\/schema.org","@graph":[{"@type":"WebPage","@id":"https:\/\/cultura.santjosep.org\/es\/agenda\/sol-post-a-soli-fest-joachim-kuhn-trio-andres-coll\/","url":"https:\/\/cultura.santjosep.org\/es\/agenda\/sol-post-a-soli-fest-joachim-kuhn-trio-andres-coll\/","name":"Sol Post a s\u2019Oli Fest - Joachim K\u00fchn Tr\u00edo & Andr\u00e9s Coll - Cultura a Sant Josep de sa Talaia","isPartOf":{"@id":"https:\/\/cultura.santjosep.org\/es\/#website"},"primaryImageOfPage":{"@id":"https:\/\/cultura.santjosep.org\/es\/agenda\/sol-post-a-soli-fest-joachim-kuhn-trio-andres-coll\/#primaryimage"},"image":{"@id":"https:\/\/cultura.santjosep.org\/es\/agenda\/sol-post-a-soli-fest-joachim-kuhn-trio-andres-coll\/#primaryimage"},"thumbnailUrl":"https:\/\/cultura.santjosep.org\/wp-content\/uploads\/2023\/07\/IMG-0343rec.jpg","datePublished":"2023-07-12T14:17:45+00:00","dateModified":"2023-07-13T07:39:49+00:00","breadcrumb":{"@id":"https:\/\/cultura.santjosep.org\/es\/agenda\/sol-post-a-soli-fest-joachim-kuhn-trio-andres-coll\/#breadcrumb"},"inLanguage":"es","potentialAction":[{"@type":"ReadAction","target":["https:\/\/cultura.santjosep.org\/es\/agenda\/sol-post-a-soli-fest-joachim-kuhn-trio-andres-coll\/"]}]},{"@type":"ImageObject","inLanguage":"es","@id":"https:\/\/cultura.santjosep.org\/es\/agenda\/sol-post-a-soli-fest-joachim-kuhn-trio-andres-coll\/#primaryimage","url":"https:\/\/cultura.santjosep.org\/wp-content\/uploads\/2023\/07\/IMG-0343rec.jpg","contentUrl":"https:\/\/cultura.santjosep.org\/wp-content\/uploads\/2023\/07\/IMG-0343rec.jpg","width":1400,"height":933},{"@type":"BreadcrumbList","@id":"https:\/\/cultura.santjosep.org\/es\/agenda\/sol-post-a-soli-fest-joachim-kuhn-trio-andres-coll\/#breadcrumb","itemListElement":[{"@type":"ListItem","position":1,"name":"Portada","item":"https:\/\/cultura.santjosep.org\/es\/"},{"@type":"ListItem","position":2,"name":"Eventos","item":"https:\/\/cultura.santjosep.org\/agenda\/"},{"@type":"ListItem","position":3,"name":"Sol Post a s\u2019Oli Fest &#8211; Joachim K\u00fchn Tr\u00edo &#038; Andr\u00e9s Coll"}]},{"@type":"WebSite","@id":"https:\/\/cultura.santjosep.org\/es\/#website","url":"https:\/\/cultura.santjosep.org\/es\/","name":"Cultura a Sant Josep de sa Talaia","description":"","publisher":{"@id":"https:\/\/cultura.santjosep.org\/es\/#organization"},"potentialAction":[{"@type":"SearchAction","target":{"@type":"EntryPoint","urlTemplate":"https:\/\/cultura.santjosep.org\/es\/?s={search_term_string}"},"query-input":{"@type":"PropertyValueSpecification","valueRequired":true,"valueName":"search_term_string"}}],"inLanguage":"es"},{"@type":"Organization","@id":"https:\/\/cultura.santjosep.org\/es\/#organization","name":"Ajuntament de Sant Josep de sa Talaia","url":"https:\/\/cultura.santjosep.org\/es\/","logo":{"@type":"ImageObject","inLanguage":"es","@id":"https:\/\/cultura.santjosep.org\/es\/#\/schema\/logo\/image\/","url":"https:\/\/cultura.santjosep.org\/wp-content\/uploads\/2020\/10\/logocolor.jpg","contentUrl":"https:\/\/cultura.santjosep.org\/wp-content\/uploads\/2020\/10\/logocolor.jpg","width":250,"height":98,"caption":"Ajuntament de Sant Josep de sa Talaia"},"image":{"@id":"https:\/\/cultura.santjosep.org\/es\/#\/schema\/logo\/image\/"},"sameAs":["https:\/\/www.facebook.com\/Ajuntament-de-Sant-Josep-de-sa-Talaia-197541666931354\/","https:\/\/x.com\/DeTalaia","https:\/\/www.instagram.com\/sant_josep_de_sa_talaia\/"]}]}},"_links":{"self":[{"href":"https:\/\/cultura.santjosep.org\/es\/wp-json\/wp\/v2\/tribe_events\/19168","targetHints":{"allow":["GET"]}}],"collection":[{"href":"https:\/\/cultura.santjosep.org\/es\/wp-json\/wp\/v2\/tribe_events"}],"about":[{"href":"https:\/\/cultura.santjosep.org\/es\/wp-json\/wp\/v2\/types\/tribe_events"}],"author":[{"embeddable":true,"href":"https:\/\/cultura.santjosep.org\/es\/wp-json\/wp\/v2\/users\/1"}],"version-history":[{"count":0,"href":"https:\/\/cultura.santjosep.org\/es\/wp-json\/wp\/v2\/tribe_events\/19168\/revisions"}],"wp:featuredmedia":[{"embeddable":true,"href":"https:\/\/cultura.santjosep.org\/es\/wp-json\/wp\/v2\/media\/19164"}],"wp:attachment":[{"href":"https:\/\/cultura.santjosep.org\/es\/wp-json\/wp\/v2\/media?parent=19168"}],"wp:term":[{"taxonomy":"post_tag","embeddable":true,"href":"https:\/\/cultura.santjosep.org\/es\/wp-json\/wp\/v2\/tags?post=19168"},{"taxonomy":"tribe_events_cat","embeddable":true,"href":"https:\/\/cultura.santjosep.org\/es\/wp-json\/wp\/v2\/tribe_events_cat?post=19168"}],"curies":[{"name":"wp","href":"https:\/\/api.w.org\/{rel}","templated":true}]}}