{"id":19192,"date":"2023-07-13T09:06:56","date_gmt":"2023-07-13T07:06:56","guid":{"rendered":"https:\/\/cultura.santjosep.org\/agenda\/sol-post-a-soli-fest-reina-roja\/"},"modified":"2023-07-13T09:44:38","modified_gmt":"2023-07-13T07:44:38","slug":"sol-post-a-soli-fest-reina-roja","status":"publish","type":"tribe_events","link":"https:\/\/cultura.santjosep.org\/es\/agenda\/sol-post-a-soli-fest-reina-roja\/","title":{"rendered":"Sol Post a s\u2019Oli Fest &#8211; Reina Roja"},"content":{"rendered":"<p><strong>Sol Post a s\u2019Oli Fest &#8211; Reina Rojaa<\/strong><br \/>\n<strong>Fecha:<\/strong> 5 agosto a las 20:00 h<br \/>\n<strong>Lugar:<\/strong> Auditori Cal\u00f3 de s&#8217;Oli<\/p>\n<p>Este concierto, que coincide con la festividad de Santa Mar\u00eda, lo protagoniza la formaci\u00f3n valenciana Reina Roja, creada y liderada por la cantante Mar\u00eda Briones y el productor y percusionista Rafa Villalba (Juan Manuel Can\u0303izares, Seguridad Social, New York Ska Jazz Ensemble\u2026). Combinan flamenco y copla con cualquier mu\u0301sica del mundo que les cautive, transgrediendo fronteras y etiquetas, sin olvidar sus rai\u0301ces mediterra\u0301neas.<\/p>\n<p><img loading=\"lazy\" decoding=\"async\" class=\"alignnone size-full wp-image-19187\" src=\"https:\/\/cultura.santjosep.org\/wp-content\/uploads\/2023\/07\/SOli-Fest_05.08-scaled.jpg\" alt=\"\" width=\"2048\" height=\"2560\" srcset=\"https:\/\/cultura.santjosep.org\/wp-content\/uploads\/2023\/07\/SOli-Fest_05.08-scaled.jpg 2048w, https:\/\/cultura.santjosep.org\/wp-content\/uploads\/2023\/07\/SOli-Fest_05.08-240x300.jpg 240w, https:\/\/cultura.santjosep.org\/wp-content\/uploads\/2023\/07\/SOli-Fest_05.08-819x1024.jpg 819w, https:\/\/cultura.santjosep.org\/wp-content\/uploads\/2023\/07\/SOli-Fest_05.08-768x960.jpg 768w, https:\/\/cultura.santjosep.org\/wp-content\/uploads\/2023\/07\/SOli-Fest_05.08-1229x1536.jpg 1229w, https:\/\/cultura.santjosep.org\/wp-content\/uploads\/2023\/07\/SOli-Fest_05.08-1638x2048.jpg 1638w, https:\/\/cultura.santjosep.org\/wp-content\/uploads\/2023\/07\/SOli-Fest_05.08-1568x1960.jpg 1568w, https:\/\/cultura.santjosep.org\/wp-content\/uploads\/2023\/07\/SOli-Fest_05.08-1320x1650.jpg 1320w\" sizes=\"auto, (max-width: 2048px) 100vw, 2048px\" \/><\/p>\n","protected":false},"excerpt":{"rendered":"<p>Sol Post a s\u2019Oli Fest &#8211; Reina Rojaa Fecha: 5 agosto a las 20:00 h Lugar: Auditori Cal\u00f3 de s&#8217;Oli Este concierto, que coincide con la festividad de Santa Mar\u00eda, &hellip; <\/p>\n<p class=\"link-more\"><a href=\"https:\/\/cultura.santjosep.org\/es\/agenda\/sol-post-a-soli-fest-reina-roja\/\" class=\"more-link\">Seguir leyendo<span class=\"screen-reader-text\"> \u00abSol Post a s\u2019Oli Fest &#8211; Reina Roja\u00bb<\/span><\/a><\/p>\n","protected":false},"author":1,"featured_media":19190,"template":"","meta":{"_tribe_events_status":"","_tribe_events_status_reason":"","_tribe_events_is_hybrid":"","_tribe_events_is_virtual":"","_tribe_events_virtual_video_source":"","_tribe_events_virtual_embed_video":"","_tribe_events_virtual_linked_button_text":"","_tribe_events_virtual_linked_button":"","_tribe_events_virtual_show_embed_at":"","_tribe_events_virtual_show_embed_to":[],"_tribe_events_virtual_show_on_event":"","_tribe_events_virtual_show_on_views":"","_tribe_events_virtual_url":"","footnotes":""},"tags":[],"tribe_events_cat":[31,165],"class_list":["post-19192","tribe_events","type-tribe_events","status-publish","has-post-thumbnail","hentry","tribe_events_cat-conciertos","tribe_events_cat-sol-post-a-soli-fest-es","cat_conciertos","cat_sol-post-a-soli-fest-es","entry"],"yoast_head":"<!-- This site is optimized with the Yoast SEO plugin v26.6 - https:\/\/yoast.com\/wordpress\/plugins\/seo\/ -->\n<title>Sol Post a s\u2019Oli Fest - Reina Roja - Cultura a Sant Josep de sa Talaia<\/title>\n<meta name=\"robots\" content=\"index, follow, max-snippet:-1, max-image-preview:large, max-video-preview:-1\" \/>\n<link rel=\"canonical\" href=\"https:\/\/cultura.santjosep.org\/es\/agenda\/sol-post-a-soli-fest-reina-roja\/\" \/>\n<meta property=\"og:locale\" content=\"es_ES\" \/>\n<meta property=\"og:type\" content=\"article\" \/>\n<meta property=\"og:title\" content=\"Sol Post a s\u2019Oli Fest - Reina Roja - Cultura a Sant Josep de sa Talaia\" \/>\n<meta property=\"og:description\" content=\"Sol Post a s\u2019Oli Fest &#8211; Reina Rojaa Fecha: 5 agosto a las 20:00 h Lugar: Auditori Cal\u00f3 de s&#8217;Oli Este concierto, que coincide con la festividad de Santa Mar\u00eda, &hellip; Seguir leyendo \u00abSol Post a s\u2019Oli Fest &#8211; Reina Roja\u00bb\" \/>\n<meta property=\"og:url\" content=\"https:\/\/cultura.santjosep.org\/es\/agenda\/sol-post-a-soli-fest-reina-roja\/\" \/>\n<meta property=\"og:site_name\" content=\"Cultura a Sant Josep de sa Talaia\" \/>\n<meta property=\"article:publisher\" content=\"https:\/\/www.facebook.com\/Ajuntament-de-Sant-Josep-de-sa-Talaia-197541666931354\/\" \/>\n<meta property=\"article:modified_time\" content=\"2023-07-13T07:44:38+00:00\" \/>\n<meta property=\"og:image\" content=\"https:\/\/cultura.santjosep.org\/wp-content\/uploads\/2023\/07\/Reina-Roja-2-rec.jpg\" \/>\n\t<meta property=\"og:image:width\" content=\"1400\" \/>\n\t<meta property=\"og:image:height\" content=\"933\" \/>\n\t<meta property=\"og:image:type\" content=\"image\/jpeg\" \/>\n<meta name=\"twitter:card\" content=\"summary_large_image\" \/>\n<meta name=\"twitter:site\" content=\"@DeTalaia\" \/>\n<meta name=\"twitter:label1\" content=\"Tiempo de lectura\" \/>\n\t<meta name=\"twitter:data1\" content=\"1 minuto\" \/>\n<script type=\"application\/ld+json\" class=\"yoast-schema-graph\">{\"@context\":\"https:\/\/schema.org\",\"@graph\":[{\"@type\":\"WebPage\",\"@id\":\"https:\/\/cultura.santjosep.org\/es\/agenda\/sol-post-a-soli-fest-reina-roja\/\",\"url\":\"https:\/\/cultura.santjosep.org\/es\/agenda\/sol-post-a-soli-fest-reina-roja\/\",\"name\":\"Sol Post a s\u2019Oli Fest - Reina Roja - Cultura a Sant Josep de sa Talaia\",\"isPartOf\":{\"@id\":\"https:\/\/cultura.santjosep.org\/es\/#website\"},\"primaryImageOfPage\":{\"@id\":\"https:\/\/cultura.santjosep.org\/es\/agenda\/sol-post-a-soli-fest-reina-roja\/#primaryimage\"},\"image\":{\"@id\":\"https:\/\/cultura.santjosep.org\/es\/agenda\/sol-post-a-soli-fest-reina-roja\/#primaryimage\"},\"thumbnailUrl\":\"https:\/\/cultura.santjosep.org\/wp-content\/uploads\/2023\/07\/Reina-Roja-2-rec.jpg\",\"datePublished\":\"2023-07-13T07:06:56+00:00\",\"dateModified\":\"2023-07-13T07:44:38+00:00\",\"breadcrumb\":{\"@id\":\"https:\/\/cultura.santjosep.org\/es\/agenda\/sol-post-a-soli-fest-reina-roja\/#breadcrumb\"},\"inLanguage\":\"es\",\"potentialAction\":[{\"@type\":\"ReadAction\",\"target\":[\"https:\/\/cultura.santjosep.org\/es\/agenda\/sol-post-a-soli-fest-reina-roja\/\"]}]},{\"@type\":\"ImageObject\",\"inLanguage\":\"es\",\"@id\":\"https:\/\/cultura.santjosep.org\/es\/agenda\/sol-post-a-soli-fest-reina-roja\/#primaryimage\",\"url\":\"https:\/\/cultura.santjosep.org\/wp-content\/uploads\/2023\/07\/Reina-Roja-2-rec.jpg\",\"contentUrl\":\"https:\/\/cultura.santjosep.org\/wp-content\/uploads\/2023\/07\/Reina-Roja-2-rec.jpg\",\"width\":1400,\"height\":933},{\"@type\":\"BreadcrumbList\",\"@id\":\"https:\/\/cultura.santjosep.org\/es\/agenda\/sol-post-a-soli-fest-reina-roja\/#breadcrumb\",\"itemListElement\":[{\"@type\":\"ListItem\",\"position\":1,\"name\":\"Portada\",\"item\":\"https:\/\/cultura.santjosep.org\/es\/\"},{\"@type\":\"ListItem\",\"position\":2,\"name\":\"Eventos\",\"item\":\"https:\/\/cultura.santjosep.org\/agenda\/\"},{\"@type\":\"ListItem\",\"position\":3,\"name\":\"Sol Post a s\u2019Oli Fest &#8211; Reina Roja\"}]},{\"@type\":\"WebSite\",\"@id\":\"https:\/\/cultura.santjosep.org\/es\/#website\",\"url\":\"https:\/\/cultura.santjosep.org\/es\/\",\"name\":\"Cultura a Sant Josep de sa Talaia\",\"description\":\"\",\"publisher\":{\"@id\":\"https:\/\/cultura.santjosep.org\/es\/#organization\"},\"potentialAction\":[{\"@type\":\"SearchAction\",\"target\":{\"@type\":\"EntryPoint\",\"urlTemplate\":\"https:\/\/cultura.santjosep.org\/es\/?s={search_term_string}\"},\"query-input\":{\"@type\":\"PropertyValueSpecification\",\"valueRequired\":true,\"valueName\":\"search_term_string\"}}],\"inLanguage\":\"es\"},{\"@type\":\"Organization\",\"@id\":\"https:\/\/cultura.santjosep.org\/es\/#organization\",\"name\":\"Ajuntament de Sant Josep de sa Talaia\",\"url\":\"https:\/\/cultura.santjosep.org\/es\/\",\"logo\":{\"@type\":\"ImageObject\",\"inLanguage\":\"es\",\"@id\":\"https:\/\/cultura.santjosep.org\/es\/#\/schema\/logo\/image\/\",\"url\":\"https:\/\/cultura.santjosep.org\/wp-content\/uploads\/2020\/10\/logocolor.jpg\",\"contentUrl\":\"https:\/\/cultura.santjosep.org\/wp-content\/uploads\/2020\/10\/logocolor.jpg\",\"width\":250,\"height\":98,\"caption\":\"Ajuntament de Sant Josep de sa Talaia\"},\"image\":{\"@id\":\"https:\/\/cultura.santjosep.org\/es\/#\/schema\/logo\/image\/\"},\"sameAs\":[\"https:\/\/www.facebook.com\/Ajuntament-de-Sant-Josep-de-sa-Talaia-197541666931354\/\",\"https:\/\/x.com\/DeTalaia\",\"https:\/\/www.instagram.com\/sant_josep_de_sa_talaia\/\"]}]}<\/script>\n<!-- \/ Yoast SEO plugin. -->","yoast_head_json":{"title":"Sol Post a s\u2019Oli Fest - Reina Roja - Cultura a Sant Josep de sa Talaia","robots":{"index":"index","follow":"follow","max-snippet":"max-snippet:-1","max-image-preview":"max-image-preview:large","max-video-preview":"max-video-preview:-1"},"canonical":"https:\/\/cultura.santjosep.org\/es\/agenda\/sol-post-a-soli-fest-reina-roja\/","og_locale":"es_ES","og_type":"article","og_title":"Sol Post a s\u2019Oli Fest - Reina Roja - Cultura a Sant Josep de sa Talaia","og_description":"Sol Post a s\u2019Oli Fest &#8211; Reina Rojaa Fecha: 5 agosto a las 20:00 h Lugar: Auditori Cal\u00f3 de s&#8217;Oli Este concierto, que coincide con la festividad de Santa Mar\u00eda, &hellip; Seguir leyendo \u00abSol Post a s\u2019Oli Fest &#8211; Reina Roja\u00bb","og_url":"https:\/\/cultura.santjosep.org\/es\/agenda\/sol-post-a-soli-fest-reina-roja\/","og_site_name":"Cultura a Sant Josep de sa Talaia","article_publisher":"https:\/\/www.facebook.com\/Ajuntament-de-Sant-Josep-de-sa-Talaia-197541666931354\/","article_modified_time":"2023-07-13T07:44:38+00:00","og_image":[{"width":1400,"height":933,"url":"https:\/\/cultura.santjosep.org\/wp-content\/uploads\/2023\/07\/Reina-Roja-2-rec.jpg","type":"image\/jpeg"}],"twitter_card":"summary_large_image","twitter_site":"@DeTalaia","twitter_misc":{"Tiempo de lectura":"1 minuto"},"schema":{"@context":"https:\/\/schema.org","@graph":[{"@type":"WebPage","@id":"https:\/\/cultura.santjosep.org\/es\/agenda\/sol-post-a-soli-fest-reina-roja\/","url":"https:\/\/cultura.santjosep.org\/es\/agenda\/sol-post-a-soli-fest-reina-roja\/","name":"Sol Post a s\u2019Oli Fest - Reina Roja - Cultura a Sant Josep de sa Talaia","isPartOf":{"@id":"https:\/\/cultura.santjosep.org\/es\/#website"},"primaryImageOfPage":{"@id":"https:\/\/cultura.santjosep.org\/es\/agenda\/sol-post-a-soli-fest-reina-roja\/#primaryimage"},"image":{"@id":"https:\/\/cultura.santjosep.org\/es\/agenda\/sol-post-a-soli-fest-reina-roja\/#primaryimage"},"thumbnailUrl":"https:\/\/cultura.santjosep.org\/wp-content\/uploads\/2023\/07\/Reina-Roja-2-rec.jpg","datePublished":"2023-07-13T07:06:56+00:00","dateModified":"2023-07-13T07:44:38+00:00","breadcrumb":{"@id":"https:\/\/cultura.santjosep.org\/es\/agenda\/sol-post-a-soli-fest-reina-roja\/#breadcrumb"},"inLanguage":"es","potentialAction":[{"@type":"ReadAction","target":["https:\/\/cultura.santjosep.org\/es\/agenda\/sol-post-a-soli-fest-reina-roja\/"]}]},{"@type":"ImageObject","inLanguage":"es","@id":"https:\/\/cultura.santjosep.org\/es\/agenda\/sol-post-a-soli-fest-reina-roja\/#primaryimage","url":"https:\/\/cultura.santjosep.org\/wp-content\/uploads\/2023\/07\/Reina-Roja-2-rec.jpg","contentUrl":"https:\/\/cultura.santjosep.org\/wp-content\/uploads\/2023\/07\/Reina-Roja-2-rec.jpg","width":1400,"height":933},{"@type":"BreadcrumbList","@id":"https:\/\/cultura.santjosep.org\/es\/agenda\/sol-post-a-soli-fest-reina-roja\/#breadcrumb","itemListElement":[{"@type":"ListItem","position":1,"name":"Portada","item":"https:\/\/cultura.santjosep.org\/es\/"},{"@type":"ListItem","position":2,"name":"Eventos","item":"https:\/\/cultura.santjosep.org\/agenda\/"},{"@type":"ListItem","position":3,"name":"Sol Post a s\u2019Oli Fest &#8211; Reina Roja"}]},{"@type":"WebSite","@id":"https:\/\/cultura.santjosep.org\/es\/#website","url":"https:\/\/cultura.santjosep.org\/es\/","name":"Cultura a Sant Josep de sa Talaia","description":"","publisher":{"@id":"https:\/\/cultura.santjosep.org\/es\/#organization"},"potentialAction":[{"@type":"SearchAction","target":{"@type":"EntryPoint","urlTemplate":"https:\/\/cultura.santjosep.org\/es\/?s={search_term_string}"},"query-input":{"@type":"PropertyValueSpecification","valueRequired":true,"valueName":"search_term_string"}}],"inLanguage":"es"},{"@type":"Organization","@id":"https:\/\/cultura.santjosep.org\/es\/#organization","name":"Ajuntament de Sant Josep de sa Talaia","url":"https:\/\/cultura.santjosep.org\/es\/","logo":{"@type":"ImageObject","inLanguage":"es","@id":"https:\/\/cultura.santjosep.org\/es\/#\/schema\/logo\/image\/","url":"https:\/\/cultura.santjosep.org\/wp-content\/uploads\/2020\/10\/logocolor.jpg","contentUrl":"https:\/\/cultura.santjosep.org\/wp-content\/uploads\/2020\/10\/logocolor.jpg","width":250,"height":98,"caption":"Ajuntament de Sant Josep de sa Talaia"},"image":{"@id":"https:\/\/cultura.santjosep.org\/es\/#\/schema\/logo\/image\/"},"sameAs":["https:\/\/www.facebook.com\/Ajuntament-de-Sant-Josep-de-sa-Talaia-197541666931354\/","https:\/\/x.com\/DeTalaia","https:\/\/www.instagram.com\/sant_josep_de_sa_talaia\/"]}]}},"_links":{"self":[{"href":"https:\/\/cultura.santjosep.org\/es\/wp-json\/wp\/v2\/tribe_events\/19192","targetHints":{"allow":["GET"]}}],"collection":[{"href":"https:\/\/cultura.santjosep.org\/es\/wp-json\/wp\/v2\/tribe_events"}],"about":[{"href":"https:\/\/cultura.santjosep.org\/es\/wp-json\/wp\/v2\/types\/tribe_events"}],"author":[{"embeddable":true,"href":"https:\/\/cultura.santjosep.org\/es\/wp-json\/wp\/v2\/users\/1"}],"version-history":[{"count":0,"href":"https:\/\/cultura.santjosep.org\/es\/wp-json\/wp\/v2\/tribe_events\/19192\/revisions"}],"wp:featuredmedia":[{"embeddable":true,"href":"https:\/\/cultura.santjosep.org\/es\/wp-json\/wp\/v2\/media\/19190"}],"wp:attachment":[{"href":"https:\/\/cultura.santjosep.org\/es\/wp-json\/wp\/v2\/media?parent=19192"}],"wp:term":[{"taxonomy":"post_tag","embeddable":true,"href":"https:\/\/cultura.santjosep.org\/es\/wp-json\/wp\/v2\/tags?post=19192"},{"taxonomy":"tribe_events_cat","embeddable":true,"href":"https:\/\/cultura.santjosep.org\/es\/wp-json\/wp\/v2\/tribe_events_cat?post=19192"}],"curies":[{"name":"wp","href":"https:\/\/api.w.org\/{rel}","templated":true}]}}