{"id":19234,"date":"2023-07-13T09:21:49","date_gmt":"2023-07-13T07:21:49","guid":{"rendered":"https:\/\/cultura.santjosep.org\/agenda\/sol-post-a-soli-fest-jorge-perez-patax-quartet\/"},"modified":"2023-07-13T09:36:42","modified_gmt":"2023-07-13T07:36:42","slug":"sol-post-a-soli-fest-jorge-perez-patax-quartet","status":"publish","type":"tribe_events","link":"https:\/\/cultura.santjosep.org\/es\/agenda\/sol-post-a-soli-fest-jorge-perez-patax-quartet\/","title":{"rendered":"Sol Post a s\u2019Oli Fest &#8211; Jorge P\u00e9rez Patax Quartet"},"content":{"rendered":"<p><strong>Sol Post a s\u2019Oli Fest &#8211; Jorge P\u00e9rez Patax Quartet<\/strong><br \/>\n<strong>Fecha:<\/strong> 9 septiembre a las 20:00 h<br \/>\n<strong>Lugar:<\/strong> Auditori Cal\u00f3 de s&#8217;Oli<\/p>\n<p>Para clausurar el festival la organizaci\u00f3n se ha reservado una de las actuaciones m\u00e1s sorprendentes del programa: Jorge P\u00e9rez Patax Quartet. El grupo Patax se fund\u00f3 en 2008 y ha llegado a tener once miembros, ofrece una ins\u00f3lita mezcla de flamenco, salsa, funk y jazz, con un espect\u00e1culo de infarto que ha puesto patas arriba el panorama de la m\u00fasica en directo en Espa\u00f1a. Siguiendo la trayectoria de grandes artistas de la fusi\u00f3n como Weather Report, Chick Corea Elektric Band, Frank Zappa, Herbie Hancock o Joe Zawinul, y ampar\u00e1ndose en la herencia del jazz cubano de Irakere y de Wayne Shorter, Miles Davis y Paco de Luc\u00eda, llevan la fusi\u00f3n a un nuevo nivel. Su m\u00fasica representa una comuni\u00f3n distinta entre el flamenco, el folklore latino, el funk, el soul e incluso el hiphop.<\/p>\n<p><img loading=\"lazy\" decoding=\"async\" class=\"alignnone size-full wp-image-19229\" src=\"https:\/\/cultura.santjosep.org\/wp-content\/uploads\/2023\/07\/SOli-Fest_09.09-scaled.jpg\" alt=\"\" width=\"2048\" height=\"2560\" srcset=\"https:\/\/cultura.santjosep.org\/wp-content\/uploads\/2023\/07\/SOli-Fest_09.09-scaled.jpg 2048w, https:\/\/cultura.santjosep.org\/wp-content\/uploads\/2023\/07\/SOli-Fest_09.09-240x300.jpg 240w, https:\/\/cultura.santjosep.org\/wp-content\/uploads\/2023\/07\/SOli-Fest_09.09-819x1024.jpg 819w, https:\/\/cultura.santjosep.org\/wp-content\/uploads\/2023\/07\/SOli-Fest_09.09-768x960.jpg 768w, https:\/\/cultura.santjosep.org\/wp-content\/uploads\/2023\/07\/SOli-Fest_09.09-1229x1536.jpg 1229w, https:\/\/cultura.santjosep.org\/wp-content\/uploads\/2023\/07\/SOli-Fest_09.09-1638x2048.jpg 1638w, https:\/\/cultura.santjosep.org\/wp-content\/uploads\/2023\/07\/SOli-Fest_09.09-1568x1960.jpg 1568w, https:\/\/cultura.santjosep.org\/wp-content\/uploads\/2023\/07\/SOli-Fest_09.09-1320x1650.jpg 1320w\" sizes=\"auto, (max-width: 2048px) 100vw, 2048px\" \/><\/p>\n","protected":false},"excerpt":{"rendered":"<p>Sol Post a s\u2019Oli Fest &#8211; Jorge P\u00e9rez Patax Quartet Fecha: 9 septiembre a las 20:00 h Lugar: Auditori Cal\u00f3 de s&#8217;Oli Para clausurar el festival la organizaci\u00f3n se ha &hellip; <\/p>\n<p class=\"link-more\"><a href=\"https:\/\/cultura.santjosep.org\/es\/agenda\/sol-post-a-soli-fest-jorge-perez-patax-quartet\/\" class=\"more-link\">Seguir leyendo<span class=\"screen-reader-text\"> \u00abSol Post a s\u2019Oli Fest &#8211; Jorge P\u00e9rez Patax Quartet\u00bb<\/span><\/a><\/p>\n","protected":false},"author":1,"featured_media":19232,"template":"","meta":{"_tribe_events_status":"","_tribe_events_status_reason":"","_tribe_events_is_hybrid":"","_tribe_events_is_virtual":"","_tribe_events_virtual_video_source":"","_tribe_events_virtual_embed_video":"","_tribe_events_virtual_linked_button_text":"","_tribe_events_virtual_linked_button":"","_tribe_events_virtual_show_embed_at":"","_tribe_events_virtual_show_embed_to":[],"_tribe_events_virtual_show_on_event":"","_tribe_events_virtual_show_on_views":"","_tribe_events_virtual_url":"","footnotes":""},"tags":[],"tribe_events_cat":[31,165],"class_list":["post-19234","tribe_events","type-tribe_events","status-publish","has-post-thumbnail","hentry","tribe_events_cat-conciertos","tribe_events_cat-sol-post-a-soli-fest-es","cat_conciertos","cat_sol-post-a-soli-fest-es","entry"],"yoast_head":"<!-- This site is optimized with the Yoast SEO plugin v26.6 - https:\/\/yoast.com\/wordpress\/plugins\/seo\/ -->\n<title>Sol Post a s\u2019Oli Fest - Jorge P\u00e9rez Patax Quartet - Cultura a Sant Josep de sa Talaia<\/title>\n<meta name=\"robots\" content=\"index, follow, max-snippet:-1, max-image-preview:large, max-video-preview:-1\" \/>\n<link rel=\"canonical\" href=\"https:\/\/cultura.santjosep.org\/es\/agenda\/sol-post-a-soli-fest-jorge-perez-patax-quartet\/\" \/>\n<meta property=\"og:locale\" content=\"es_ES\" \/>\n<meta property=\"og:type\" content=\"article\" \/>\n<meta property=\"og:title\" content=\"Sol Post a s\u2019Oli Fest - Jorge P\u00e9rez Patax Quartet - Cultura a Sant Josep de sa Talaia\" \/>\n<meta property=\"og:description\" content=\"Sol Post a s\u2019Oli Fest &#8211; Jorge P\u00e9rez Patax Quartet Fecha: 9 septiembre a las 20:00 h Lugar: Auditori Cal\u00f3 de s&#8217;Oli Para clausurar el festival la organizaci\u00f3n se ha &hellip; Seguir leyendo \u00abSol Post a s\u2019Oli Fest &#8211; Jorge P\u00e9rez Patax Quartet\u00bb\" \/>\n<meta property=\"og:url\" content=\"https:\/\/cultura.santjosep.org\/es\/agenda\/sol-post-a-soli-fest-jorge-perez-patax-quartet\/\" \/>\n<meta property=\"og:site_name\" content=\"Cultura a Sant Josep de sa Talaia\" \/>\n<meta property=\"article:publisher\" content=\"https:\/\/www.facebook.com\/Ajuntament-de-Sant-Josep-de-sa-Talaia-197541666931354\/\" \/>\n<meta property=\"article:modified_time\" content=\"2023-07-13T07:36:42+00:00\" \/>\n<meta property=\"og:image\" content=\"https:\/\/cultura.santjosep.org\/wp-content\/uploads\/2023\/07\/Patax-2-rec.jpg\" \/>\n\t<meta property=\"og:image:width\" content=\"1400\" \/>\n\t<meta property=\"og:image:height\" content=\"933\" \/>\n\t<meta property=\"og:image:type\" content=\"image\/jpeg\" \/>\n<meta name=\"twitter:card\" content=\"summary_large_image\" \/>\n<meta name=\"twitter:site\" content=\"@DeTalaia\" \/>\n<meta name=\"twitter:label1\" content=\"Tiempo de lectura\" \/>\n\t<meta name=\"twitter:data1\" content=\"1 minuto\" \/>\n<script type=\"application\/ld+json\" class=\"yoast-schema-graph\">{\"@context\":\"https:\/\/schema.org\",\"@graph\":[{\"@type\":\"WebPage\",\"@id\":\"https:\/\/cultura.santjosep.org\/es\/agenda\/sol-post-a-soli-fest-jorge-perez-patax-quartet\/\",\"url\":\"https:\/\/cultura.santjosep.org\/es\/agenda\/sol-post-a-soli-fest-jorge-perez-patax-quartet\/\",\"name\":\"Sol Post a s\u2019Oli Fest - Jorge P\u00e9rez Patax Quartet - Cultura a Sant Josep de sa Talaia\",\"isPartOf\":{\"@id\":\"https:\/\/cultura.santjosep.org\/es\/#website\"},\"primaryImageOfPage\":{\"@id\":\"https:\/\/cultura.santjosep.org\/es\/agenda\/sol-post-a-soli-fest-jorge-perez-patax-quartet\/#primaryimage\"},\"image\":{\"@id\":\"https:\/\/cultura.santjosep.org\/es\/agenda\/sol-post-a-soli-fest-jorge-perez-patax-quartet\/#primaryimage\"},\"thumbnailUrl\":\"https:\/\/cultura.santjosep.org\/wp-content\/uploads\/2023\/07\/Patax-2-rec.jpg\",\"datePublished\":\"2023-07-13T07:21:49+00:00\",\"dateModified\":\"2023-07-13T07:36:42+00:00\",\"breadcrumb\":{\"@id\":\"https:\/\/cultura.santjosep.org\/es\/agenda\/sol-post-a-soli-fest-jorge-perez-patax-quartet\/#breadcrumb\"},\"inLanguage\":\"es\",\"potentialAction\":[{\"@type\":\"ReadAction\",\"target\":[\"https:\/\/cultura.santjosep.org\/es\/agenda\/sol-post-a-soli-fest-jorge-perez-patax-quartet\/\"]}]},{\"@type\":\"ImageObject\",\"inLanguage\":\"es\",\"@id\":\"https:\/\/cultura.santjosep.org\/es\/agenda\/sol-post-a-soli-fest-jorge-perez-patax-quartet\/#primaryimage\",\"url\":\"https:\/\/cultura.santjosep.org\/wp-content\/uploads\/2023\/07\/Patax-2-rec.jpg\",\"contentUrl\":\"https:\/\/cultura.santjosep.org\/wp-content\/uploads\/2023\/07\/Patax-2-rec.jpg\",\"width\":1400,\"height\":933},{\"@type\":\"BreadcrumbList\",\"@id\":\"https:\/\/cultura.santjosep.org\/es\/agenda\/sol-post-a-soli-fest-jorge-perez-patax-quartet\/#breadcrumb\",\"itemListElement\":[{\"@type\":\"ListItem\",\"position\":1,\"name\":\"Portada\",\"item\":\"https:\/\/cultura.santjosep.org\/es\/\"},{\"@type\":\"ListItem\",\"position\":2,\"name\":\"Eventos\",\"item\":\"https:\/\/cultura.santjosep.org\/agenda\/\"},{\"@type\":\"ListItem\",\"position\":3,\"name\":\"Sol Post a s\u2019Oli Fest &#8211; Jorge P\u00e9rez Patax Quartet\"}]},{\"@type\":\"WebSite\",\"@id\":\"https:\/\/cultura.santjosep.org\/es\/#website\",\"url\":\"https:\/\/cultura.santjosep.org\/es\/\",\"name\":\"Cultura a Sant Josep de sa Talaia\",\"description\":\"\",\"publisher\":{\"@id\":\"https:\/\/cultura.santjosep.org\/es\/#organization\"},\"potentialAction\":[{\"@type\":\"SearchAction\",\"target\":{\"@type\":\"EntryPoint\",\"urlTemplate\":\"https:\/\/cultura.santjosep.org\/es\/?s={search_term_string}\"},\"query-input\":{\"@type\":\"PropertyValueSpecification\",\"valueRequired\":true,\"valueName\":\"search_term_string\"}}],\"inLanguage\":\"es\"},{\"@type\":\"Organization\",\"@id\":\"https:\/\/cultura.santjosep.org\/es\/#organization\",\"name\":\"Ajuntament de Sant Josep de sa Talaia\",\"url\":\"https:\/\/cultura.santjosep.org\/es\/\",\"logo\":{\"@type\":\"ImageObject\",\"inLanguage\":\"es\",\"@id\":\"https:\/\/cultura.santjosep.org\/es\/#\/schema\/logo\/image\/\",\"url\":\"https:\/\/cultura.santjosep.org\/wp-content\/uploads\/2020\/10\/logocolor.jpg\",\"contentUrl\":\"https:\/\/cultura.santjosep.org\/wp-content\/uploads\/2020\/10\/logocolor.jpg\",\"width\":250,\"height\":98,\"caption\":\"Ajuntament de Sant Josep de sa Talaia\"},\"image\":{\"@id\":\"https:\/\/cultura.santjosep.org\/es\/#\/schema\/logo\/image\/\"},\"sameAs\":[\"https:\/\/www.facebook.com\/Ajuntament-de-Sant-Josep-de-sa-Talaia-197541666931354\/\",\"https:\/\/x.com\/DeTalaia\",\"https:\/\/www.instagram.com\/sant_josep_de_sa_talaia\/\"]}]}<\/script>\n<!-- \/ Yoast SEO plugin. -->","yoast_head_json":{"title":"Sol Post a s\u2019Oli Fest - Jorge P\u00e9rez Patax Quartet - Cultura a Sant Josep de sa Talaia","robots":{"index":"index","follow":"follow","max-snippet":"max-snippet:-1","max-image-preview":"max-image-preview:large","max-video-preview":"max-video-preview:-1"},"canonical":"https:\/\/cultura.santjosep.org\/es\/agenda\/sol-post-a-soli-fest-jorge-perez-patax-quartet\/","og_locale":"es_ES","og_type":"article","og_title":"Sol Post a s\u2019Oli Fest - Jorge P\u00e9rez Patax Quartet - Cultura a Sant Josep de sa Talaia","og_description":"Sol Post a s\u2019Oli Fest &#8211; Jorge P\u00e9rez Patax Quartet Fecha: 9 septiembre a las 20:00 h Lugar: Auditori Cal\u00f3 de s&#8217;Oli Para clausurar el festival la organizaci\u00f3n se ha &hellip; Seguir leyendo \u00abSol Post a s\u2019Oli Fest &#8211; Jorge P\u00e9rez Patax Quartet\u00bb","og_url":"https:\/\/cultura.santjosep.org\/es\/agenda\/sol-post-a-soli-fest-jorge-perez-patax-quartet\/","og_site_name":"Cultura a Sant Josep de sa Talaia","article_publisher":"https:\/\/www.facebook.com\/Ajuntament-de-Sant-Josep-de-sa-Talaia-197541666931354\/","article_modified_time":"2023-07-13T07:36:42+00:00","og_image":[{"width":1400,"height":933,"url":"https:\/\/cultura.santjosep.org\/wp-content\/uploads\/2023\/07\/Patax-2-rec.jpg","type":"image\/jpeg"}],"twitter_card":"summary_large_image","twitter_site":"@DeTalaia","twitter_misc":{"Tiempo de lectura":"1 minuto"},"schema":{"@context":"https:\/\/schema.org","@graph":[{"@type":"WebPage","@id":"https:\/\/cultura.santjosep.org\/es\/agenda\/sol-post-a-soli-fest-jorge-perez-patax-quartet\/","url":"https:\/\/cultura.santjosep.org\/es\/agenda\/sol-post-a-soli-fest-jorge-perez-patax-quartet\/","name":"Sol Post a s\u2019Oli Fest - Jorge P\u00e9rez Patax Quartet - Cultura a Sant Josep de sa Talaia","isPartOf":{"@id":"https:\/\/cultura.santjosep.org\/es\/#website"},"primaryImageOfPage":{"@id":"https:\/\/cultura.santjosep.org\/es\/agenda\/sol-post-a-soli-fest-jorge-perez-patax-quartet\/#primaryimage"},"image":{"@id":"https:\/\/cultura.santjosep.org\/es\/agenda\/sol-post-a-soli-fest-jorge-perez-patax-quartet\/#primaryimage"},"thumbnailUrl":"https:\/\/cultura.santjosep.org\/wp-content\/uploads\/2023\/07\/Patax-2-rec.jpg","datePublished":"2023-07-13T07:21:49+00:00","dateModified":"2023-07-13T07:36:42+00:00","breadcrumb":{"@id":"https:\/\/cultura.santjosep.org\/es\/agenda\/sol-post-a-soli-fest-jorge-perez-patax-quartet\/#breadcrumb"},"inLanguage":"es","potentialAction":[{"@type":"ReadAction","target":["https:\/\/cultura.santjosep.org\/es\/agenda\/sol-post-a-soli-fest-jorge-perez-patax-quartet\/"]}]},{"@type":"ImageObject","inLanguage":"es","@id":"https:\/\/cultura.santjosep.org\/es\/agenda\/sol-post-a-soli-fest-jorge-perez-patax-quartet\/#primaryimage","url":"https:\/\/cultura.santjosep.org\/wp-content\/uploads\/2023\/07\/Patax-2-rec.jpg","contentUrl":"https:\/\/cultura.santjosep.org\/wp-content\/uploads\/2023\/07\/Patax-2-rec.jpg","width":1400,"height":933},{"@type":"BreadcrumbList","@id":"https:\/\/cultura.santjosep.org\/es\/agenda\/sol-post-a-soli-fest-jorge-perez-patax-quartet\/#breadcrumb","itemListElement":[{"@type":"ListItem","position":1,"name":"Portada","item":"https:\/\/cultura.santjosep.org\/es\/"},{"@type":"ListItem","position":2,"name":"Eventos","item":"https:\/\/cultura.santjosep.org\/agenda\/"},{"@type":"ListItem","position":3,"name":"Sol Post a s\u2019Oli Fest &#8211; Jorge P\u00e9rez Patax Quartet"}]},{"@type":"WebSite","@id":"https:\/\/cultura.santjosep.org\/es\/#website","url":"https:\/\/cultura.santjosep.org\/es\/","name":"Cultura a Sant Josep de sa Talaia","description":"","publisher":{"@id":"https:\/\/cultura.santjosep.org\/es\/#organization"},"potentialAction":[{"@type":"SearchAction","target":{"@type":"EntryPoint","urlTemplate":"https:\/\/cultura.santjosep.org\/es\/?s={search_term_string}"},"query-input":{"@type":"PropertyValueSpecification","valueRequired":true,"valueName":"search_term_string"}}],"inLanguage":"es"},{"@type":"Organization","@id":"https:\/\/cultura.santjosep.org\/es\/#organization","name":"Ajuntament de Sant Josep de sa Talaia","url":"https:\/\/cultura.santjosep.org\/es\/","logo":{"@type":"ImageObject","inLanguage":"es","@id":"https:\/\/cultura.santjosep.org\/es\/#\/schema\/logo\/image\/","url":"https:\/\/cultura.santjosep.org\/wp-content\/uploads\/2020\/10\/logocolor.jpg","contentUrl":"https:\/\/cultura.santjosep.org\/wp-content\/uploads\/2020\/10\/logocolor.jpg","width":250,"height":98,"caption":"Ajuntament de Sant Josep de sa Talaia"},"image":{"@id":"https:\/\/cultura.santjosep.org\/es\/#\/schema\/logo\/image\/"},"sameAs":["https:\/\/www.facebook.com\/Ajuntament-de-Sant-Josep-de-sa-Talaia-197541666931354\/","https:\/\/x.com\/DeTalaia","https:\/\/www.instagram.com\/sant_josep_de_sa_talaia\/"]}]}},"_links":{"self":[{"href":"https:\/\/cultura.santjosep.org\/es\/wp-json\/wp\/v2\/tribe_events\/19234","targetHints":{"allow":["GET"]}}],"collection":[{"href":"https:\/\/cultura.santjosep.org\/es\/wp-json\/wp\/v2\/tribe_events"}],"about":[{"href":"https:\/\/cultura.santjosep.org\/es\/wp-json\/wp\/v2\/types\/tribe_events"}],"author":[{"embeddable":true,"href":"https:\/\/cultura.santjosep.org\/es\/wp-json\/wp\/v2\/users\/1"}],"version-history":[{"count":0,"href":"https:\/\/cultura.santjosep.org\/es\/wp-json\/wp\/v2\/tribe_events\/19234\/revisions"}],"wp:featuredmedia":[{"embeddable":true,"href":"https:\/\/cultura.santjosep.org\/es\/wp-json\/wp\/v2\/media\/19232"}],"wp:attachment":[{"href":"https:\/\/cultura.santjosep.org\/es\/wp-json\/wp\/v2\/media?parent=19234"}],"wp:term":[{"taxonomy":"post_tag","embeddable":true,"href":"https:\/\/cultura.santjosep.org\/es\/wp-json\/wp\/v2\/tags?post=19234"},{"taxonomy":"tribe_events_cat","embeddable":true,"href":"https:\/\/cultura.santjosep.org\/es\/wp-json\/wp\/v2\/tribe_events_cat?post=19234"}],"curies":[{"name":"wp","href":"https:\/\/api.w.org\/{rel}","templated":true}]}}