{"id":19496,"date":"2023-09-21T15:16:25","date_gmt":"2023-09-21T13:16:25","guid":{"rendered":"https:\/\/cultura.santjosep.org\/agenda\/marxa-nordica-cala-de-bou\/"},"modified":"2023-09-21T15:16:25","modified_gmt":"2023-09-21T13:16:25","slug":"marxa-nordica-cala-de-bou","status":"publish","type":"tribe_events","link":"https:\/\/cultura.santjosep.org\/es\/agenda\/marxa-nordica-cala-de-bou\/","title":{"rendered":"Marxa N\u00f2rdica &#8211; Cala de Bou"},"content":{"rendered":"<p><strong>10:00 h. | 17.12.2023 &#8211; Marxa N\u00f2rdica Cala de Bou<\/strong><br \/>\n<strong>Sortida:<\/strong> Oficina municipal de Cala de Bou<br \/>\n<strong>Dificultat:<\/strong> Mitjana<\/p>\n<p><strong>INFORMACI\u00d3:<\/strong><br \/>\nEs quedar\u00e0 30 minuts abans de la sortida.<br \/>\nEls bastons de marxa n\u00f2rdica seran d&#8217;\u00fas obligatori.<br \/>\nPer als qui no en disposin, l&#8217;organitzaci\u00f3 en repartir\u00e0 abans de sortir.<br \/>\nL&#8217;assist\u00e8ncia de cans no \u00e9s permesa.<\/p>\n<p><img loading=\"lazy\" decoding=\"async\" class=\"alignnone size-full wp-image-19477\" src=\"https:\/\/cultura.santjosep.org\/wp-content\/uploads\/2023\/09\/AJUNTAMNET-SANT-JOSEP-poster-marxa-nordica_page-0001.jpg\" alt=\"\" width=\"1754\" height=\"2481\" srcset=\"https:\/\/cultura.santjosep.org\/wp-content\/uploads\/2023\/09\/AJUNTAMNET-SANT-JOSEP-poster-marxa-nordica_page-0001.jpg 1754w, https:\/\/cultura.santjosep.org\/wp-content\/uploads\/2023\/09\/AJUNTAMNET-SANT-JOSEP-poster-marxa-nordica_page-0001-212x300.jpg 212w, https:\/\/cultura.santjosep.org\/wp-content\/uploads\/2023\/09\/AJUNTAMNET-SANT-JOSEP-poster-marxa-nordica_page-0001-724x1024.jpg 724w, https:\/\/cultura.santjosep.org\/wp-content\/uploads\/2023\/09\/AJUNTAMNET-SANT-JOSEP-poster-marxa-nordica_page-0001-768x1086.jpg 768w, https:\/\/cultura.santjosep.org\/wp-content\/uploads\/2023\/09\/AJUNTAMNET-SANT-JOSEP-poster-marxa-nordica_page-0001-1086x1536.jpg 1086w, https:\/\/cultura.santjosep.org\/wp-content\/uploads\/2023\/09\/AJUNTAMNET-SANT-JOSEP-poster-marxa-nordica_page-0001-1448x2048.jpg 1448w, https:\/\/cultura.santjosep.org\/wp-content\/uploads\/2023\/09\/AJUNTAMNET-SANT-JOSEP-poster-marxa-nordica_page-0001-1568x2218.jpg 1568w, https:\/\/cultura.santjosep.org\/wp-content\/uploads\/2023\/09\/AJUNTAMNET-SANT-JOSEP-poster-marxa-nordica_page-0001-1320x1867.jpg 1320w\" sizes=\"auto, (max-width: 1754px) 100vw, 1754px\" \/><\/p>\n","protected":false},"excerpt":{"rendered":"<p>10:00 h. | 17.12.2023 &#8211; Marxa N\u00f2rdica Cala de Bou Sortida: Oficina municipal de Cala de Bou Dificultat: Mitjana INFORMACI\u00d3: Es quedar\u00e0 30 minuts abans de la sortida. Els bastons &hellip; <\/p>\n<p class=\"link-more\"><a href=\"https:\/\/cultura.santjosep.org\/es\/agenda\/marxa-nordica-cala-de-bou\/\" class=\"more-link\">Seguir leyendo<span class=\"screen-reader-text\"> \u00abMarxa N\u00f2rdica &#8211; Cala de Bou\u00bb<\/span><\/a><\/p>\n","protected":false},"author":1,"featured_media":19483,"template":"","meta":{"_tribe_events_status":"","_tribe_events_status_reason":"","_tribe_events_is_hybrid":"","_tribe_events_is_virtual":"","_tribe_events_virtual_video_source":"","_tribe_events_virtual_embed_video":"","_tribe_events_virtual_linked_button_text":"","_tribe_events_virtual_linked_button":"","_tribe_events_virtual_show_embed_at":"","_tribe_events_virtual_show_embed_to":[],"_tribe_events_virtual_show_on_event":"","_tribe_events_virtual_show_on_views":"","_tribe_events_virtual_url":"","footnotes":""},"tags":[],"tribe_events_cat":[102],"class_list":["post-19496","tribe_events","type-tribe_events","status-publish","has-post-thumbnail","hentry","tribe_events_cat-excursions-es","cat_excursions-es","entry"],"yoast_head":"<!-- This site is optimized with the Yoast SEO plugin v26.6 - https:\/\/yoast.com\/wordpress\/plugins\/seo\/ -->\n<title>Marxa N\u00f2rdica - Cala de Bou - Cultura a Sant Josep de sa Talaia<\/title>\n<meta name=\"robots\" content=\"index, follow, max-snippet:-1, max-image-preview:large, max-video-preview:-1\" \/>\n<link rel=\"canonical\" href=\"https:\/\/cultura.santjosep.org\/es\/agenda\/marxa-nordica-cala-de-bou\/\" \/>\n<meta property=\"og:locale\" content=\"es_ES\" \/>\n<meta property=\"og:type\" content=\"article\" \/>\n<meta property=\"og:title\" content=\"Marxa N\u00f2rdica - Cala de Bou - Cultura a Sant Josep de sa Talaia\" \/>\n<meta property=\"og:description\" content=\"10:00 h. | 17.12.2023 &#8211; Marxa N\u00f2rdica Cala de Bou Sortida: Oficina municipal de Cala de Bou Dificultat: Mitjana INFORMACI\u00d3: Es quedar\u00e0 30 minuts abans de la sortida. Els bastons &hellip; Seguir leyendo \u00abMarxa N\u00f2rdica &#8211; Cala de Bou\u00bb\" \/>\n<meta property=\"og:url\" content=\"https:\/\/cultura.santjosep.org\/es\/agenda\/marxa-nordica-cala-de-bou\/\" \/>\n<meta property=\"og:site_name\" content=\"Cultura a Sant Josep de sa Talaia\" \/>\n<meta property=\"article:publisher\" content=\"https:\/\/www.facebook.com\/Ajuntament-de-Sant-Josep-de-sa-Talaia-197541666931354\/\" \/>\n<meta property=\"og:image\" content=\"https:\/\/cultura.santjosep.org\/wp-content\/uploads\/2023\/09\/AJUNTAMNET-SANT-JOSEP-poster-marxa-nordica_page-0001.jpg\" \/>\n<meta name=\"twitter:card\" content=\"summary_large_image\" \/>\n<meta name=\"twitter:site\" content=\"@DeTalaia\" \/>\n<script type=\"application\/ld+json\" class=\"yoast-schema-graph\">{\"@context\":\"https:\/\/schema.org\",\"@graph\":[{\"@type\":\"WebPage\",\"@id\":\"https:\/\/cultura.santjosep.org\/es\/agenda\/marxa-nordica-cala-de-bou\/\",\"url\":\"https:\/\/cultura.santjosep.org\/es\/agenda\/marxa-nordica-cala-de-bou\/\",\"name\":\"Marxa N\u00f2rdica - Cala de Bou - Cultura a Sant Josep de sa Talaia\",\"isPartOf\":{\"@id\":\"https:\/\/cultura.santjosep.org\/es\/#website\"},\"primaryImageOfPage\":{\"@id\":\"https:\/\/cultura.santjosep.org\/es\/agenda\/marxa-nordica-cala-de-bou\/#primaryimage\"},\"image\":{\"@id\":\"https:\/\/cultura.santjosep.org\/es\/agenda\/marxa-nordica-cala-de-bou\/#primaryimage\"},\"thumbnailUrl\":\"https:\/\/cultura.santjosep.org\/wp-content\/uploads\/2023\/09\/nordicwalking.jpg\",\"datePublished\":\"2023-09-21T13:16:25+00:00\",\"breadcrumb\":{\"@id\":\"https:\/\/cultura.santjosep.org\/es\/agenda\/marxa-nordica-cala-de-bou\/#breadcrumb\"},\"inLanguage\":\"es\",\"potentialAction\":[{\"@type\":\"ReadAction\",\"target\":[\"https:\/\/cultura.santjosep.org\/es\/agenda\/marxa-nordica-cala-de-bou\/\"]}]},{\"@type\":\"ImageObject\",\"inLanguage\":\"es\",\"@id\":\"https:\/\/cultura.santjosep.org\/es\/agenda\/marxa-nordica-cala-de-bou\/#primaryimage\",\"url\":\"https:\/\/cultura.santjosep.org\/wp-content\/uploads\/2023\/09\/nordicwalking.jpg\",\"contentUrl\":\"https:\/\/cultura.santjosep.org\/wp-content\/uploads\/2023\/09\/nordicwalking.jpg\",\"width\":2000,\"height\":1500},{\"@type\":\"BreadcrumbList\",\"@id\":\"https:\/\/cultura.santjosep.org\/es\/agenda\/marxa-nordica-cala-de-bou\/#breadcrumb\",\"itemListElement\":[{\"@type\":\"ListItem\",\"position\":1,\"name\":\"Portada\",\"item\":\"https:\/\/cultura.santjosep.org\/es\/\"},{\"@type\":\"ListItem\",\"position\":2,\"name\":\"Eventos\",\"item\":\"https:\/\/cultura.santjosep.org\/agenda\/\"},{\"@type\":\"ListItem\",\"position\":3,\"name\":\"Marxa N\u00f2rdica &#8211; Cala de Bou\"}]},{\"@type\":\"WebSite\",\"@id\":\"https:\/\/cultura.santjosep.org\/es\/#website\",\"url\":\"https:\/\/cultura.santjosep.org\/es\/\",\"name\":\"Cultura a Sant Josep de sa Talaia\",\"description\":\"\",\"publisher\":{\"@id\":\"https:\/\/cultura.santjosep.org\/es\/#organization\"},\"potentialAction\":[{\"@type\":\"SearchAction\",\"target\":{\"@type\":\"EntryPoint\",\"urlTemplate\":\"https:\/\/cultura.santjosep.org\/es\/?s={search_term_string}\"},\"query-input\":{\"@type\":\"PropertyValueSpecification\",\"valueRequired\":true,\"valueName\":\"search_term_string\"}}],\"inLanguage\":\"es\"},{\"@type\":\"Organization\",\"@id\":\"https:\/\/cultura.santjosep.org\/es\/#organization\",\"name\":\"Ajuntament de Sant Josep de sa Talaia\",\"url\":\"https:\/\/cultura.santjosep.org\/es\/\",\"logo\":{\"@type\":\"ImageObject\",\"inLanguage\":\"es\",\"@id\":\"https:\/\/cultura.santjosep.org\/es\/#\/schema\/logo\/image\/\",\"url\":\"https:\/\/cultura.santjosep.org\/wp-content\/uploads\/2020\/10\/logocolor.jpg\",\"contentUrl\":\"https:\/\/cultura.santjosep.org\/wp-content\/uploads\/2020\/10\/logocolor.jpg\",\"width\":250,\"height\":98,\"caption\":\"Ajuntament de Sant Josep de sa Talaia\"},\"image\":{\"@id\":\"https:\/\/cultura.santjosep.org\/es\/#\/schema\/logo\/image\/\"},\"sameAs\":[\"https:\/\/www.facebook.com\/Ajuntament-de-Sant-Josep-de-sa-Talaia-197541666931354\/\",\"https:\/\/x.com\/DeTalaia\",\"https:\/\/www.instagram.com\/sant_josep_de_sa_talaia\/\"]}]}<\/script>\n<!-- \/ Yoast SEO plugin. -->","yoast_head_json":{"title":"Marxa N\u00f2rdica - Cala de Bou - Cultura a Sant Josep de sa Talaia","robots":{"index":"index","follow":"follow","max-snippet":"max-snippet:-1","max-image-preview":"max-image-preview:large","max-video-preview":"max-video-preview:-1"},"canonical":"https:\/\/cultura.santjosep.org\/es\/agenda\/marxa-nordica-cala-de-bou\/","og_locale":"es_ES","og_type":"article","og_title":"Marxa N\u00f2rdica - Cala de Bou - Cultura a Sant Josep de sa Talaia","og_description":"10:00 h. | 17.12.2023 &#8211; Marxa N\u00f2rdica Cala de Bou Sortida: Oficina municipal de Cala de Bou Dificultat: Mitjana INFORMACI\u00d3: Es quedar\u00e0 30 minuts abans de la sortida. Els bastons &hellip; Seguir leyendo \u00abMarxa N\u00f2rdica &#8211; Cala de Bou\u00bb","og_url":"https:\/\/cultura.santjosep.org\/es\/agenda\/marxa-nordica-cala-de-bou\/","og_site_name":"Cultura a Sant Josep de sa Talaia","article_publisher":"https:\/\/www.facebook.com\/Ajuntament-de-Sant-Josep-de-sa-Talaia-197541666931354\/","og_image":[{"url":"https:\/\/cultura.santjosep.org\/wp-content\/uploads\/2023\/09\/AJUNTAMNET-SANT-JOSEP-poster-marxa-nordica_page-0001.jpg","type":"","width":"","height":""}],"twitter_card":"summary_large_image","twitter_site":"@DeTalaia","schema":{"@context":"https:\/\/schema.org","@graph":[{"@type":"WebPage","@id":"https:\/\/cultura.santjosep.org\/es\/agenda\/marxa-nordica-cala-de-bou\/","url":"https:\/\/cultura.santjosep.org\/es\/agenda\/marxa-nordica-cala-de-bou\/","name":"Marxa N\u00f2rdica - Cala de Bou - Cultura a Sant Josep de sa Talaia","isPartOf":{"@id":"https:\/\/cultura.santjosep.org\/es\/#website"},"primaryImageOfPage":{"@id":"https:\/\/cultura.santjosep.org\/es\/agenda\/marxa-nordica-cala-de-bou\/#primaryimage"},"image":{"@id":"https:\/\/cultura.santjosep.org\/es\/agenda\/marxa-nordica-cala-de-bou\/#primaryimage"},"thumbnailUrl":"https:\/\/cultura.santjosep.org\/wp-content\/uploads\/2023\/09\/nordicwalking.jpg","datePublished":"2023-09-21T13:16:25+00:00","breadcrumb":{"@id":"https:\/\/cultura.santjosep.org\/es\/agenda\/marxa-nordica-cala-de-bou\/#breadcrumb"},"inLanguage":"es","potentialAction":[{"@type":"ReadAction","target":["https:\/\/cultura.santjosep.org\/es\/agenda\/marxa-nordica-cala-de-bou\/"]}]},{"@type":"ImageObject","inLanguage":"es","@id":"https:\/\/cultura.santjosep.org\/es\/agenda\/marxa-nordica-cala-de-bou\/#primaryimage","url":"https:\/\/cultura.santjosep.org\/wp-content\/uploads\/2023\/09\/nordicwalking.jpg","contentUrl":"https:\/\/cultura.santjosep.org\/wp-content\/uploads\/2023\/09\/nordicwalking.jpg","width":2000,"height":1500},{"@type":"BreadcrumbList","@id":"https:\/\/cultura.santjosep.org\/es\/agenda\/marxa-nordica-cala-de-bou\/#breadcrumb","itemListElement":[{"@type":"ListItem","position":1,"name":"Portada","item":"https:\/\/cultura.santjosep.org\/es\/"},{"@type":"ListItem","position":2,"name":"Eventos","item":"https:\/\/cultura.santjosep.org\/agenda\/"},{"@type":"ListItem","position":3,"name":"Marxa N\u00f2rdica &#8211; Cala de Bou"}]},{"@type":"WebSite","@id":"https:\/\/cultura.santjosep.org\/es\/#website","url":"https:\/\/cultura.santjosep.org\/es\/","name":"Cultura a Sant Josep de sa Talaia","description":"","publisher":{"@id":"https:\/\/cultura.santjosep.org\/es\/#organization"},"potentialAction":[{"@type":"SearchAction","target":{"@type":"EntryPoint","urlTemplate":"https:\/\/cultura.santjosep.org\/es\/?s={search_term_string}"},"query-input":{"@type":"PropertyValueSpecification","valueRequired":true,"valueName":"search_term_string"}}],"inLanguage":"es"},{"@type":"Organization","@id":"https:\/\/cultura.santjosep.org\/es\/#organization","name":"Ajuntament de Sant Josep de sa Talaia","url":"https:\/\/cultura.santjosep.org\/es\/","logo":{"@type":"ImageObject","inLanguage":"es","@id":"https:\/\/cultura.santjosep.org\/es\/#\/schema\/logo\/image\/","url":"https:\/\/cultura.santjosep.org\/wp-content\/uploads\/2020\/10\/logocolor.jpg","contentUrl":"https:\/\/cultura.santjosep.org\/wp-content\/uploads\/2020\/10\/logocolor.jpg","width":250,"height":98,"caption":"Ajuntament de Sant Josep de sa Talaia"},"image":{"@id":"https:\/\/cultura.santjosep.org\/es\/#\/schema\/logo\/image\/"},"sameAs":["https:\/\/www.facebook.com\/Ajuntament-de-Sant-Josep-de-sa-Talaia-197541666931354\/","https:\/\/x.com\/DeTalaia","https:\/\/www.instagram.com\/sant_josep_de_sa_talaia\/"]}]}},"_links":{"self":[{"href":"https:\/\/cultura.santjosep.org\/es\/wp-json\/wp\/v2\/tribe_events\/19496","targetHints":{"allow":["GET"]}}],"collection":[{"href":"https:\/\/cultura.santjosep.org\/es\/wp-json\/wp\/v2\/tribe_events"}],"about":[{"href":"https:\/\/cultura.santjosep.org\/es\/wp-json\/wp\/v2\/types\/tribe_events"}],"author":[{"embeddable":true,"href":"https:\/\/cultura.santjosep.org\/es\/wp-json\/wp\/v2\/users\/1"}],"version-history":[{"count":0,"href":"https:\/\/cultura.santjosep.org\/es\/wp-json\/wp\/v2\/tribe_events\/19496\/revisions"}],"wp:featuredmedia":[{"embeddable":true,"href":"https:\/\/cultura.santjosep.org\/es\/wp-json\/wp\/v2\/media\/19483"}],"wp:attachment":[{"href":"https:\/\/cultura.santjosep.org\/es\/wp-json\/wp\/v2\/media?parent=19496"}],"wp:term":[{"taxonomy":"post_tag","embeddable":true,"href":"https:\/\/cultura.santjosep.org\/es\/wp-json\/wp\/v2\/tags?post=19496"},{"taxonomy":"tribe_events_cat","embeddable":true,"href":"https:\/\/cultura.santjosep.org\/es\/wp-json\/wp\/v2\/tribe_events_cat?post=19496"}],"curies":[{"name":"wp","href":"https:\/\/api.w.org\/{rel}","templated":true}]}}