{"id":19932,"date":"2023-10-18T15:33:23","date_gmt":"2023-10-18T13:33:23","guid":{"rendered":"https:\/\/cultura.santjosep.org\/agenda\/fira-de-la-sal-2023\/"},"modified":"2023-10-18T16:46:20","modified_gmt":"2023-10-18T14:46:20","slug":"fira-de-la-sal-2023","status":"publish","type":"tribe_events","link":"https:\/\/cultura.santjosep.org\/es\/agenda\/fira-de-la-sal-2023\/","title":{"rendered":"Fira de la Sal 2023"},"content":{"rendered":"<div class=\"wpb-content-wrapper\"><p>[vc_row][vc_column][vc_column_text]<\/p>\n<h4>S\u00e1bado 21 de octubre<\/h4>\n<h3>SANT JORDI DE SES SALINES<\/h3>\n<p><strong>10\u201418 h<\/strong><\/p>\n<p><strong>Mercado artesanal<\/strong><\/p>\n<p>Plaza de Sant Jordi<\/p>\n<p><strong>10:30\u201417:30 h<\/strong><\/p>\n<p><strong>Taller:<\/strong> Aromatiza tus recetas con sal de Ibiza, a cargo de Irene Apolo.<\/p>\n<p>Plaza de Sant Jordi<\/p>\n<p><strong>10:30\u201412 h<\/strong><\/p>\n<p><strong>Taller infantil<\/strong> de acuarela con sal a cargo de Clara Cervi\u00f1o. Cada 30 minutos inicio de un taller.<\/p>\n<p>Plaza de Sant Jordi<\/p>\n<p><strong>11\u201412 h<\/strong><\/p>\n<p><strong>Animaci\u00f3n infantil:<\/strong> El zancudo y la bailarina a cargo de Del Blanco Producciones.<\/p>\n<p>Plaza de Sant Jordi<\/p>\n<p><strong>11\u201417 h<\/strong><\/p>\n<p><strong>Mesa de concientizaci\u00f3n ambiental:<\/strong> La reposici\u00f3n de la Posidonia. Organizado<\/p>\n<p>por el Departamento de Medio Ambiente de Sant Josep de Sa Talaia.<\/p>\n<p>Plaza de Sant Jordi<\/p>\n<p><strong>12\u201414 h<\/strong><\/p>\n<p><strong>Photocall Salineros 360\u00ba:<\/strong> Ll\u00e9vate tu recuerdo m\u00e1s salado. Retratos en 360\u00ba a cargo de Ibiza is Calling.<\/p>\n<p>Plaza de Sant Jordi<\/p>\n<p><strong>12:30 h<\/strong><\/p>\n<p><strong>Entrega de premios<\/strong> para los ganadores del concurso art\u00edstico de dibujo Salipinta.<\/p>\n<p>Los dibujos premiados quedar\u00e1n expuestos durante toda la Feria de la Sal en el porche de la iglesia de Sant Jordi.<\/p>\n<p><strong>13 h<\/strong><\/p>\n<p><strong>Taller gastron\u00f3mico:<\/strong> salado tradicional de aceitunas, pescado y huesos. A cargo de Esperan\u00e7a Mar\u00ed, Pep Cardona Pujolet y Vicent Mar\u00ed Palermet. Con la colaboraci\u00f3n de Sabors d&#8217;Eivissa.<\/p>\n<p>Plaza de Sant Jordi<\/p>\n<p><strong>13:30 h<\/strong><\/p>\n<p><strong>Show cooking:<\/strong> elaboraci\u00f3n del garum, la salsa fermentada de pescado m\u00e1s importante de la \u00e9poca de los romanos a cargo de Toni Manonelles. Con la colaboraci\u00f3n de Sabors d&#8217;Eivissa.<\/p>\n<p>Plaza de Sant Jordi<\/p>\n<p><strong>14 h<\/strong><\/p>\n<p><strong>Degustaci\u00f3n<\/strong> del plato tradicional ossos amb col. Elaborado por el Catering s\u2019Olivera.<\/p>\n<p>Plaza de Sant Jordi<\/p>\n<p><strong>14\u201416 h<\/strong><\/p>\n<p><strong>Amenizaci\u00f3n musical<\/strong> a cargo de Maya Alexander Quartet.<\/p>\n<p>Plaza de Sant Jordi<\/p>\n<p><strong>19:30 h<\/strong><\/p>\n<p><strong>La salpassa. <\/strong>El p\u00e1rroco Javier Alonso Betancurt oficiar\u00e1 una peque\u00f1a liturgia de la antigua bendici\u00f3n de la casas con sal.<\/p>\n<p>Iglesia de Sant Jordi<\/p>\n<p><strong>20 h\u00a0<\/strong><\/p>\n<p><strong>Misa solemne<\/strong><br \/>\nIglesia de Sant Jordi de Ses Salines.<\/p>\n<p><strong>20:45 h<\/strong><\/p>\n<p>Proyecci\u00f3n de im\u00e1genes sobre la fachada de la Iglesia de Sant Jordi, d&#8217;on venim. Una mirada de nuestra gente, el trabajo en las salinas y las tradiciones. Im\u00e1genes cedidas por Salinera Espa\u00f1ola, Arxiu Hist\u00f2ric d&#8217;Eivissa i Formentera y Arxiu d&#8217;Imatge i So Municipal d&#8217;Eivissa. Recordamos de d\u00f3nde venimos y qui\u00e9nes somos. Acompa\u00f1ado por el d\u00fao musical ibicenco Heklos formado por Carlos Vesperinas y H\u00e9ctor Koa. Una fusi\u00f3n de m\u00fasica cl\u00e1sica y electr\u00f3nica.<\/p>\n<p>Iglesia de Sant Jordi[\/vc_column_text][\/vc_column][\/vc_row][vc_row][vc_column][vc_column_text]<\/p>\n<h3><a href=\"https:\/\/www.santjosep.net\/wp-content\/uploads\/2023\/10\/Programa-Fira-de-la-Sal-2023.pdf\">VER PROGRAMA<\/a><\/h3>\n<p>[\/vc_column_text][\/vc_column][\/vc_row][vc_row][vc_column][vc_single_image image=\u00bb19938&#8243; img_size=\u00bblarge\u00bb][\/vc_column][\/vc_row]<\/p>\n<\/div>","protected":false},"excerpt":{"rendered":"<p>El proper cap de setmana, 21 i 22 d\u2019octubre es celebra, a les salines d\u2019Eivissa, la Fira de la Sal, un esdeveniment tur\u00edstic i cultural enfocat a difondre el patrimoni i la cultura.<\/p>\n","protected":false},"author":1,"featured_media":19920,"template":"","meta":{"_tribe_events_status":"","_tribe_events_status_reason":"","_tribe_events_is_hybrid":"","_tribe_events_is_virtual":"","_tribe_events_virtual_video_source":"","_tribe_events_virtual_embed_video":"","_tribe_events_virtual_linked_button_text":"","_tribe_events_virtual_linked_button":"","_tribe_events_virtual_show_embed_at":"","_tribe_events_virtual_show_embed_to":[],"_tribe_events_virtual_show_on_event":"","_tribe_events_virtual_show_on_views":"","_tribe_events_virtual_url":"","footnotes":""},"tags":[],"tribe_events_cat":[151],"class_list":["post-19932","tribe_events","type-tribe_events","status-publish","has-post-thumbnail","hentry","tribe_events_cat-fira-de-la-sal-es","cat_fira-de-la-sal-es","entry"],"yoast_head":"<!-- This site is optimized with the Yoast SEO plugin v26.6 - https:\/\/yoast.com\/wordpress\/plugins\/seo\/ -->\n<title>Fira de la Sal 2023 - Cultura a Sant Josep de sa Talaia<\/title>\n<meta name=\"robots\" content=\"index, follow, max-snippet:-1, max-image-preview:large, max-video-preview:-1\" \/>\n<link rel=\"canonical\" href=\"https:\/\/cultura.santjosep.org\/es\/agenda\/fira-de-la-sal-2023\/\" \/>\n<meta property=\"og:locale\" content=\"es_ES\" \/>\n<meta property=\"og:type\" content=\"article\" \/>\n<meta property=\"og:title\" content=\"Fira de la Sal 2023 - Cultura a Sant Josep de sa Talaia\" \/>\n<meta property=\"og:description\" content=\"El proper cap de setmana, 21 i 22 d\u2019octubre es celebra, a les salines d\u2019Eivissa, la Fira de la Sal, un esdeveniment tur\u00edstic i cultural enfocat a difondre el patrimoni i la cultura.\" \/>\n<meta property=\"og:url\" content=\"https:\/\/cultura.santjosep.org\/es\/agenda\/fira-de-la-sal-2023\/\" \/>\n<meta property=\"og:site_name\" content=\"Cultura a Sant Josep de sa Talaia\" \/>\n<meta property=\"article:publisher\" content=\"https:\/\/www.facebook.com\/Ajuntament-de-Sant-Josep-de-sa-Talaia-197541666931354\/\" \/>\n<meta property=\"article:modified_time\" content=\"2023-10-18T14:46:20+00:00\" \/>\n<meta property=\"og:image\" content=\"https:\/\/cultura.santjosep.org\/wp-content\/uploads\/2023\/10\/Mercado-artesanalDSC07024.jpg\" \/>\n\t<meta property=\"og:image:width\" content=\"2048\" \/>\n\t<meta property=\"og:image:height\" content=\"1365\" \/>\n\t<meta property=\"og:image:type\" content=\"image\/jpeg\" \/>\n<meta name=\"twitter:card\" content=\"summary_large_image\" \/>\n<meta name=\"twitter:site\" content=\"@DeTalaia\" \/>\n<meta name=\"twitter:label1\" content=\"Tiempo de lectura\" \/>\n\t<meta name=\"twitter:data1\" content=\"2 minutos\" \/>\n<script type=\"application\/ld+json\" class=\"yoast-schema-graph\">{\"@context\":\"https:\/\/schema.org\",\"@graph\":[{\"@type\":\"WebPage\",\"@id\":\"https:\/\/cultura.santjosep.org\/es\/agenda\/fira-de-la-sal-2023\/\",\"url\":\"https:\/\/cultura.santjosep.org\/es\/agenda\/fira-de-la-sal-2023\/\",\"name\":\"Fira de la Sal 2023 - Cultura a Sant Josep de sa Talaia\",\"isPartOf\":{\"@id\":\"https:\/\/cultura.santjosep.org\/es\/#website\"},\"primaryImageOfPage\":{\"@id\":\"https:\/\/cultura.santjosep.org\/es\/agenda\/fira-de-la-sal-2023\/#primaryimage\"},\"image\":{\"@id\":\"https:\/\/cultura.santjosep.org\/es\/agenda\/fira-de-la-sal-2023\/#primaryimage\"},\"thumbnailUrl\":\"https:\/\/cultura.santjosep.org\/wp-content\/uploads\/2023\/10\/Mercado-artesanalDSC07024.jpg\",\"datePublished\":\"2023-10-18T13:33:23+00:00\",\"dateModified\":\"2023-10-18T14:46:20+00:00\",\"breadcrumb\":{\"@id\":\"https:\/\/cultura.santjosep.org\/es\/agenda\/fira-de-la-sal-2023\/#breadcrumb\"},\"inLanguage\":\"es\",\"potentialAction\":[{\"@type\":\"ReadAction\",\"target\":[\"https:\/\/cultura.santjosep.org\/es\/agenda\/fira-de-la-sal-2023\/\"]}]},{\"@type\":\"ImageObject\",\"inLanguage\":\"es\",\"@id\":\"https:\/\/cultura.santjosep.org\/es\/agenda\/fira-de-la-sal-2023\/#primaryimage\",\"url\":\"https:\/\/cultura.santjosep.org\/wp-content\/uploads\/2023\/10\/Mercado-artesanalDSC07024.jpg\",\"contentUrl\":\"https:\/\/cultura.santjosep.org\/wp-content\/uploads\/2023\/10\/Mercado-artesanalDSC07024.jpg\",\"width\":2048,\"height\":1365},{\"@type\":\"BreadcrumbList\",\"@id\":\"https:\/\/cultura.santjosep.org\/es\/agenda\/fira-de-la-sal-2023\/#breadcrumb\",\"itemListElement\":[{\"@type\":\"ListItem\",\"position\":1,\"name\":\"Portada\",\"item\":\"https:\/\/cultura.santjosep.org\/es\/\"},{\"@type\":\"ListItem\",\"position\":2,\"name\":\"Eventos\",\"item\":\"https:\/\/cultura.santjosep.org\/agenda\/\"},{\"@type\":\"ListItem\",\"position\":3,\"name\":\"Fira de la Sal 2023\"}]},{\"@type\":\"WebSite\",\"@id\":\"https:\/\/cultura.santjosep.org\/es\/#website\",\"url\":\"https:\/\/cultura.santjosep.org\/es\/\",\"name\":\"Cultura a Sant Josep de sa Talaia\",\"description\":\"\",\"publisher\":{\"@id\":\"https:\/\/cultura.santjosep.org\/es\/#organization\"},\"potentialAction\":[{\"@type\":\"SearchAction\",\"target\":{\"@type\":\"EntryPoint\",\"urlTemplate\":\"https:\/\/cultura.santjosep.org\/es\/?s={search_term_string}\"},\"query-input\":{\"@type\":\"PropertyValueSpecification\",\"valueRequired\":true,\"valueName\":\"search_term_string\"}}],\"inLanguage\":\"es\"},{\"@type\":\"Organization\",\"@id\":\"https:\/\/cultura.santjosep.org\/es\/#organization\",\"name\":\"Ajuntament de Sant Josep de sa Talaia\",\"url\":\"https:\/\/cultura.santjosep.org\/es\/\",\"logo\":{\"@type\":\"ImageObject\",\"inLanguage\":\"es\",\"@id\":\"https:\/\/cultura.santjosep.org\/es\/#\/schema\/logo\/image\/\",\"url\":\"https:\/\/cultura.santjosep.org\/wp-content\/uploads\/2020\/10\/logocolor.jpg\",\"contentUrl\":\"https:\/\/cultura.santjosep.org\/wp-content\/uploads\/2020\/10\/logocolor.jpg\",\"width\":250,\"height\":98,\"caption\":\"Ajuntament de Sant Josep de sa Talaia\"},\"image\":{\"@id\":\"https:\/\/cultura.santjosep.org\/es\/#\/schema\/logo\/image\/\"},\"sameAs\":[\"https:\/\/www.facebook.com\/Ajuntament-de-Sant-Josep-de-sa-Talaia-197541666931354\/\",\"https:\/\/x.com\/DeTalaia\",\"https:\/\/www.instagram.com\/sant_josep_de_sa_talaia\/\"]}]}<\/script>\n<!-- \/ Yoast SEO plugin. -->","yoast_head_json":{"title":"Fira de la Sal 2023 - Cultura a Sant Josep de sa Talaia","robots":{"index":"index","follow":"follow","max-snippet":"max-snippet:-1","max-image-preview":"max-image-preview:large","max-video-preview":"max-video-preview:-1"},"canonical":"https:\/\/cultura.santjosep.org\/es\/agenda\/fira-de-la-sal-2023\/","og_locale":"es_ES","og_type":"article","og_title":"Fira de la Sal 2023 - Cultura a Sant Josep de sa Talaia","og_description":"El proper cap de setmana, 21 i 22 d\u2019octubre es celebra, a les salines d\u2019Eivissa, la Fira de la Sal, un esdeveniment tur\u00edstic i cultural enfocat a difondre el patrimoni i la cultura.","og_url":"https:\/\/cultura.santjosep.org\/es\/agenda\/fira-de-la-sal-2023\/","og_site_name":"Cultura a Sant Josep de sa Talaia","article_publisher":"https:\/\/www.facebook.com\/Ajuntament-de-Sant-Josep-de-sa-Talaia-197541666931354\/","article_modified_time":"2023-10-18T14:46:20+00:00","og_image":[{"width":2048,"height":1365,"url":"https:\/\/cultura.santjosep.org\/wp-content\/uploads\/2023\/10\/Mercado-artesanalDSC07024.jpg","type":"image\/jpeg"}],"twitter_card":"summary_large_image","twitter_site":"@DeTalaia","twitter_misc":{"Tiempo de lectura":"2 minutos"},"schema":{"@context":"https:\/\/schema.org","@graph":[{"@type":"WebPage","@id":"https:\/\/cultura.santjosep.org\/es\/agenda\/fira-de-la-sal-2023\/","url":"https:\/\/cultura.santjosep.org\/es\/agenda\/fira-de-la-sal-2023\/","name":"Fira de la Sal 2023 - Cultura a Sant Josep de sa Talaia","isPartOf":{"@id":"https:\/\/cultura.santjosep.org\/es\/#website"},"primaryImageOfPage":{"@id":"https:\/\/cultura.santjosep.org\/es\/agenda\/fira-de-la-sal-2023\/#primaryimage"},"image":{"@id":"https:\/\/cultura.santjosep.org\/es\/agenda\/fira-de-la-sal-2023\/#primaryimage"},"thumbnailUrl":"https:\/\/cultura.santjosep.org\/wp-content\/uploads\/2023\/10\/Mercado-artesanalDSC07024.jpg","datePublished":"2023-10-18T13:33:23+00:00","dateModified":"2023-10-18T14:46:20+00:00","breadcrumb":{"@id":"https:\/\/cultura.santjosep.org\/es\/agenda\/fira-de-la-sal-2023\/#breadcrumb"},"inLanguage":"es","potentialAction":[{"@type":"ReadAction","target":["https:\/\/cultura.santjosep.org\/es\/agenda\/fira-de-la-sal-2023\/"]}]},{"@type":"ImageObject","inLanguage":"es","@id":"https:\/\/cultura.santjosep.org\/es\/agenda\/fira-de-la-sal-2023\/#primaryimage","url":"https:\/\/cultura.santjosep.org\/wp-content\/uploads\/2023\/10\/Mercado-artesanalDSC07024.jpg","contentUrl":"https:\/\/cultura.santjosep.org\/wp-content\/uploads\/2023\/10\/Mercado-artesanalDSC07024.jpg","width":2048,"height":1365},{"@type":"BreadcrumbList","@id":"https:\/\/cultura.santjosep.org\/es\/agenda\/fira-de-la-sal-2023\/#breadcrumb","itemListElement":[{"@type":"ListItem","position":1,"name":"Portada","item":"https:\/\/cultura.santjosep.org\/es\/"},{"@type":"ListItem","position":2,"name":"Eventos","item":"https:\/\/cultura.santjosep.org\/agenda\/"},{"@type":"ListItem","position":3,"name":"Fira de la Sal 2023"}]},{"@type":"WebSite","@id":"https:\/\/cultura.santjosep.org\/es\/#website","url":"https:\/\/cultura.santjosep.org\/es\/","name":"Cultura a Sant Josep de sa Talaia","description":"","publisher":{"@id":"https:\/\/cultura.santjosep.org\/es\/#organization"},"potentialAction":[{"@type":"SearchAction","target":{"@type":"EntryPoint","urlTemplate":"https:\/\/cultura.santjosep.org\/es\/?s={search_term_string}"},"query-input":{"@type":"PropertyValueSpecification","valueRequired":true,"valueName":"search_term_string"}}],"inLanguage":"es"},{"@type":"Organization","@id":"https:\/\/cultura.santjosep.org\/es\/#organization","name":"Ajuntament de Sant Josep de sa Talaia","url":"https:\/\/cultura.santjosep.org\/es\/","logo":{"@type":"ImageObject","inLanguage":"es","@id":"https:\/\/cultura.santjosep.org\/es\/#\/schema\/logo\/image\/","url":"https:\/\/cultura.santjosep.org\/wp-content\/uploads\/2020\/10\/logocolor.jpg","contentUrl":"https:\/\/cultura.santjosep.org\/wp-content\/uploads\/2020\/10\/logocolor.jpg","width":250,"height":98,"caption":"Ajuntament de Sant Josep de sa Talaia"},"image":{"@id":"https:\/\/cultura.santjosep.org\/es\/#\/schema\/logo\/image\/"},"sameAs":["https:\/\/www.facebook.com\/Ajuntament-de-Sant-Josep-de-sa-Talaia-197541666931354\/","https:\/\/x.com\/DeTalaia","https:\/\/www.instagram.com\/sant_josep_de_sa_talaia\/"]}]}},"_links":{"self":[{"href":"https:\/\/cultura.santjosep.org\/es\/wp-json\/wp\/v2\/tribe_events\/19932","targetHints":{"allow":["GET"]}}],"collection":[{"href":"https:\/\/cultura.santjosep.org\/es\/wp-json\/wp\/v2\/tribe_events"}],"about":[{"href":"https:\/\/cultura.santjosep.org\/es\/wp-json\/wp\/v2\/types\/tribe_events"}],"author":[{"embeddable":true,"href":"https:\/\/cultura.santjosep.org\/es\/wp-json\/wp\/v2\/users\/1"}],"version-history":[{"count":0,"href":"https:\/\/cultura.santjosep.org\/es\/wp-json\/wp\/v2\/tribe_events\/19932\/revisions"}],"wp:featuredmedia":[{"embeddable":true,"href":"https:\/\/cultura.santjosep.org\/es\/wp-json\/wp\/v2\/media\/19920"}],"wp:attachment":[{"href":"https:\/\/cultura.santjosep.org\/es\/wp-json\/wp\/v2\/media?parent=19932"}],"wp:term":[{"taxonomy":"post_tag","embeddable":true,"href":"https:\/\/cultura.santjosep.org\/es\/wp-json\/wp\/v2\/tags?post=19932"},{"taxonomy":"tribe_events_cat","embeddable":true,"href":"https:\/\/cultura.santjosep.org\/es\/wp-json\/wp\/v2\/tribe_events_cat?post=19932"}],"curies":[{"name":"wp","href":"https:\/\/api.w.org\/{rel}","templated":true}]}}